{"id":2,"date":"2016-02-21T11:05:46","date_gmt":"2016-02-21T11:05:46","guid":{"rendered":"http:\/\/iriediary.net\/?page_id=2"},"modified":"2024-10-20T18:17:32","modified_gmt":"2024-10-20T18:17:32","slug":"events","status":"publish","type":"page","link":"https:\/\/iriediary.net\/en\/events","title":{"rendered":"agenda"},"content":{"rendered":"<div class=\"wp-block-uagb-container uagb-block-3837e343 alignfull uagb-is-root-container\"><\/div><h2 class=\"wp-block-heading has-text-align-center\">Agenda CH &amp; DE<\/h2><p>This calendar is based on our Songkick account, following over 800 Reggae Artists and a lot of cities in Switzerland and Germany. <\/p>\n<section class=\"ics-calendar layout-month stickymonths\" id=\"r6a97dccace13c5d\" style=\"opacity: 0;\">\n\n\t\n\t<select class=\"ics-calendar-select\" style=\"display: none;\" autocomplete=\"off\" data-this-month=\"202609\">\n\t\t\t\t\t\t<option value=\"202606\">June 2026<\/option>\n\t\t\t\t\t\t\t\t<option value=\"202607\">July 2026<\/option>\n\t\t\t\t\t\t\t\t<option value=\"202608\">August 2026<\/option>\n\t\t\t\t\t\t\t\t<option value=\"202609\" selected=\"selected\">September 2026<\/option>\n\t\t\t\t\t\t\t\t<option value=\"202610\">October 2026<\/option>\n\t\t\t\t\t\t\t\t<option value=\"202611\">November 2026<\/option>\n\t\t\t\t\t\t\t\t<option value=\"202612\">December 2026<\/option>\n\t\t\t\t\t\t\t\t<option value=\"202701\">January 2027<\/option>\n\t\t\t\t\t\t\t\t<option value=\"202702\">February 2027<\/option>\n\t\t\t\t\t\t\t\t<option value=\"202703\">March 2027<\/option>\n\t\t\t\t\t\t\t\t<option value=\"202704\">April 2027<\/option>\n\t\t\t\t\t\t\t\t<option value=\"202705\">May 2027<\/option>\n\t\t\t\t\t\t\t\t<option value=\"202706\">June 2027<\/option>\n\t\t\t\t\t\t\t\t<option value=\"202707\">July 2027<\/option>\n\t\t\t\t\t\t\t\t<option value=\"202708\">August 2027<\/option>\n\t\t\t\t\t<\/select>\n\n\t<!-- Toggle show\/hide past events on mobile -->\n\t<p class=\"ics-calendar-past-events-toggle phone_only inline_block\" aria-hidden=\"true\"><a href=\"#\" data-ics-calendar-action=\"show-past-events\">Show past events<\/a><\/p>\n\t\n\t\t\t\t<article class=\"ics-calendar-month-wrapper past\" style=\"display: none;\" data-year-month=\"202606\" data-is-this-month=\"0\">\n\n\t\t\t\t\t\t\t\t\t<h3 class=\"ics-calendar-label\" id=\"r6a97dccace13c5d-202606\">June 2026<\/h3>\n\t\t\t\t\t\t\t\t\t\n\t\t\t\t<table class=\"ics-calendar-month-grid\" aria-labelledby=\"r6a97dccace13c5d-202606\">\n\t\t\t\t\t<thead>\n\t\t\t\t\t\t<tr>\n\t\t\t\t\t\t\t\t\t\t\t\t\t\t\t<th data-dow=\"1\">Monday<\/th>\n\t\t\t\t\t\t\t\t\t\t\t\t\t\t\t\t<th data-dow=\"2\">Tuesday<\/th>\n\t\t\t\t\t\t\t\t\t\t\t\t\t\t\t\t<th data-dow=\"3\">Wednesday<\/th>\n\t\t\t\t\t\t\t\t\t\t\t\t\t\t\t\t<th data-dow=\"4\">Thursday<\/th>\n\t\t\t\t\t\t\t\t\t\t\t\t\t\t\t\t<th data-dow=\"5\">Friday<\/th>\n\t\t\t\t\t\t\t\t\t\t\t\t\t\t\t\t<th data-dow=\"6\">Saturday<\/th>\n\t\t\t\t\t\t\t\t\t\t\t\t\t\t\t\t<th data-dow=\"0\">Sunday<\/th>\n\t\t\t\t\t\t\t\t\t\t\t\t\t\t<\/tr>\n\t\t\t\t\t<\/thead>\n\n\t\t\t\t\t<tbody>\n\t\t\t\t\t\t<tr>\n\t\t\t\t\t\t\t\t\t\t\t\t\t\t\t<td data-dow=\"1\" data-events-count=\"0\" data-feed-keys=\"\" class=\"past empty d_01 dow_1\">\n\t\t\t\t\t\t\t\t\t<div class=\"day\">\n\t\t\t\t\t\t\t\t\t\t\t\t\t\t\t\t\t\t\t\t\t<span class=\"phone_only\" id=\"r6a97dccace13c5d-20260601\"><span data-date-format=\"l\">Monday<\/span> <span data-date-format=\"F\">June<\/span> <span data-date-format=\"j\">1<\/span><\/span>\n\t\t\t\t\t\t\t\t\t\t\t<span class=\"no_phone\" aria-hidden=\"true\">1<\/span>\n\t\t\t\t\t\t\t\t\t\t\t\t\t\t\t\t\t\t\t\t<\/div>\n\t\t\t\t\t\t\t\t\t\t\t\t\t\t\t\t\t<\/td>\n\t\t\t\t\t\t\t\t\t\t\t\t\t\t\t\t<td data-dow=\"2\" data-events-count=\"0\" data-feed-keys=\"\" class=\"past empty d_02 dow_2\">\n\t\t\t\t\t\t\t\t\t<div class=\"day\">\n\t\t\t\t\t\t\t\t\t\t\t\t\t\t\t\t\t\t\t\t\t<span class=\"phone_only\" id=\"r6a97dccace13c5d-20260602\"><span data-date-format=\"l\">Tuesday<\/span> <span data-date-format=\"F\">June<\/span> <span data-date-format=\"j\">2<\/span><\/span>\n\t\t\t\t\t\t\t\t\t\t\t<span class=\"no_phone\" aria-hidden=\"true\">2<\/span>\n\t\t\t\t\t\t\t\t\t\t\t\t\t\t\t\t\t\t\t\t<\/div>\n\t\t\t\t\t\t\t\t\t\t\t\t\t\t\t\t\t<\/td>\n\t\t\t\t\t\t\t\t\t\t\t\t\t\t\t\t<td data-dow=\"3\" data-events-count=\"0\" data-feed-keys=\"\" class=\"past empty d_03 dow_3\">\n\t\t\t\t\t\t\t\t\t<div class=\"day\">\n\t\t\t\t\t\t\t\t\t\t\t\t\t\t\t\t\t\t\t\t\t<span class=\"phone_only\" id=\"r6a97dccace13c5d-20260603\"><span data-date-format=\"l\">Wednesday<\/span> <span data-date-format=\"F\">June<\/span> <span data-date-format=\"j\">3<\/span><\/span>\n\t\t\t\t\t\t\t\t\t\t\t<span class=\"no_phone\" aria-hidden=\"true\">3<\/span>\n\t\t\t\t\t\t\t\t\t\t\t\t\t\t\t\t\t\t\t\t<\/div>\n\t\t\t\t\t\t\t\t\t\t\t\t\t\t\t\t\t<\/td>\n\t\t\t\t\t\t\t\t\t\t\t\t\t\t\t\t<td data-dow=\"4\" data-events-count=\"0\" data-feed-keys=\"\" class=\"past empty d_04 dow_4\">\n\t\t\t\t\t\t\t\t\t<div class=\"day\">\n\t\t\t\t\t\t\t\t\t\t\t\t\t\t\t\t\t\t\t\t\t<span class=\"phone_only\" id=\"r6a97dccace13c5d-20260604\"><span data-date-format=\"l\">Thursday<\/span> <span data-date-format=\"F\">June<\/span> <span data-date-format=\"j\">4<\/span><\/span>\n\t\t\t\t\t\t\t\t\t\t\t<span class=\"no_phone\" aria-hidden=\"true\">4<\/span>\n\t\t\t\t\t\t\t\t\t\t\t\t\t\t\t\t\t\t\t\t<\/div>\n\t\t\t\t\t\t\t\t\t\t\t\t\t\t\t\t\t<\/td>\n\t\t\t\t\t\t\t\t\t\t\t\t\t\t\t\t<td data-dow=\"5\" data-events-count=\"0\" data-feed-keys=\"\" class=\"past empty d_05 dow_5\">\n\t\t\t\t\t\t\t\t\t<div class=\"day\">\n\t\t\t\t\t\t\t\t\t\t\t\t\t\t\t\t\t\t\t\t\t<span class=\"phone_only\" id=\"r6a97dccace13c5d-20260605\"><span data-date-format=\"l\">Friday<\/span> <span data-date-format=\"F\">June<\/span> <span data-date-format=\"j\">5<\/span><\/span>\n\t\t\t\t\t\t\t\t\t\t\t<span class=\"no_phone\" aria-hidden=\"true\">5<\/span>\n\t\t\t\t\t\t\t\t\t\t\t\t\t\t\t\t\t\t\t\t<\/div>\n\t\t\t\t\t\t\t\t\t\t\t\t\t\t\t\t\t<\/td>\n\t\t\t\t\t\t\t\t\t\t\t\t\t\t\t\t<td data-dow=\"6\" data-events-count=\"0\" data-feed-keys=\"\" class=\"past empty d_06 dow_6\">\n\t\t\t\t\t\t\t\t\t<div class=\"day\">\n\t\t\t\t\t\t\t\t\t\t\t\t\t\t\t\t\t\t\t\t\t<span class=\"phone_only\" id=\"r6a97dccace13c5d-20260606\"><span data-date-format=\"l\">Saturday<\/span> <span data-date-format=\"F\">June<\/span> <span data-date-format=\"j\">6<\/span><\/span>\n\t\t\t\t\t\t\t\t\t\t\t<span class=\"no_phone\" aria-hidden=\"true\">6<\/span>\n\t\t\t\t\t\t\t\t\t\t\t\t\t\t\t\t\t\t\t\t<\/div>\n\t\t\t\t\t\t\t\t\t\t\t\t\t\t\t\t\t<\/td>\n\t\t\t\t\t\t\t\t\t\t\t\t\t\t\t\t<td data-dow=\"0\" data-events-count=\"0\" data-feed-keys=\"\" class=\"past empty d_07 dow_0\">\n\t\t\t\t\t\t\t\t\t<div class=\"day\">\n\t\t\t\t\t\t\t\t\t\t\t\t\t\t\t\t\t\t\t\t\t<span class=\"phone_only\" id=\"r6a97dccace13c5d-20260607\"><span data-date-format=\"l\">Sunday<\/span> <span data-date-format=\"F\">June<\/span> <span data-date-format=\"j\">7<\/span><\/span>\n\t\t\t\t\t\t\t\t\t\t\t<span class=\"no_phone\" aria-hidden=\"true\">7<\/span>\n\t\t\t\t\t\t\t\t\t\t\t\t\t\t\t\t\t\t\t\t<\/div>\n\t\t\t\t\t\t\t\t\t\t\t\t\t\t\t\t\t<\/td>\n\t\t\t\t\t\t\t\t<\/tr><tr>\t\t\t\t\t\t\t\t<td data-dow=\"1\" data-events-count=\"0\" data-feed-keys=\"\" class=\"past empty d_08 dow_1\">\n\t\t\t\t\t\t\t\t\t<div class=\"day\">\n\t\t\t\t\t\t\t\t\t\t\t\t\t\t\t\t\t\t\t\t\t<span class=\"phone_only\" id=\"r6a97dccace13c5d-20260608\"><span data-date-format=\"l\">Monday<\/span> <span data-date-format=\"F\">June<\/span> <span data-date-format=\"j\">8<\/span><\/span>\n\t\t\t\t\t\t\t\t\t\t\t<span class=\"no_phone\" aria-hidden=\"true\">8<\/span>\n\t\t\t\t\t\t\t\t\t\t\t\t\t\t\t\t\t\t\t\t<\/div>\n\t\t\t\t\t\t\t\t\t\t\t\t\t\t\t\t\t<\/td>\n\t\t\t\t\t\t\t\t\t\t\t\t\t\t\t\t<td data-dow=\"2\" data-events-count=\"0\" data-feed-keys=\"\" class=\"past empty d_09 dow_2\">\n\t\t\t\t\t\t\t\t\t<div class=\"day\">\n\t\t\t\t\t\t\t\t\t\t\t\t\t\t\t\t\t\t\t\t\t<span class=\"phone_only\" id=\"r6a97dccace13c5d-20260609\"><span data-date-format=\"l\">Tuesday<\/span> <span data-date-format=\"F\">June<\/span> <span data-date-format=\"j\">9<\/span><\/span>\n\t\t\t\t\t\t\t\t\t\t\t<span class=\"no_phone\" aria-hidden=\"true\">9<\/span>\n\t\t\t\t\t\t\t\t\t\t\t\t\t\t\t\t\t\t\t\t<\/div>\n\t\t\t\t\t\t\t\t\t\t\t\t\t\t\t\t\t<\/td>\n\t\t\t\t\t\t\t\t\t\t\t\t\t\t\t\t<td data-dow=\"3\" data-events-count=\"0\" data-feed-keys=\"\" class=\"past empty d_10 dow_3\">\n\t\t\t\t\t\t\t\t\t<div class=\"day\">\n\t\t\t\t\t\t\t\t\t\t\t\t\t\t\t\t\t\t\t\t\t<span class=\"phone_only\" id=\"r6a97dccace13c5d-20260610\"><span data-date-format=\"l\">Wednesday<\/span> <span data-date-format=\"F\">June<\/span> <span data-date-format=\"j\">10<\/span><\/span>\n\t\t\t\t\t\t\t\t\t\t\t<span class=\"no_phone\" aria-hidden=\"true\">10<\/span>\n\t\t\t\t\t\t\t\t\t\t\t\t\t\t\t\t\t\t\t\t<\/div>\n\t\t\t\t\t\t\t\t\t\t\t\t\t\t\t\t\t<\/td>\n\t\t\t\t\t\t\t\t\t\t\t\t\t\t\t\t<td data-dow=\"4\" data-events-count=\"0\" data-feed-keys=\"\" class=\"past empty d_11 dow_4\">\n\t\t\t\t\t\t\t\t\t<div class=\"day\">\n\t\t\t\t\t\t\t\t\t\t\t\t\t\t\t\t\t\t\t\t\t<span class=\"phone_only\" id=\"r6a97dccace13c5d-20260611\"><span data-date-format=\"l\">Thursday<\/span> <span data-date-format=\"F\">June<\/span> <span data-date-format=\"j\">11<\/span><\/span>\n\t\t\t\t\t\t\t\t\t\t\t<span class=\"no_phone\" aria-hidden=\"true\">11<\/span>\n\t\t\t\t\t\t\t\t\t\t\t\t\t\t\t\t\t\t\t\t<\/div>\n\t\t\t\t\t\t\t\t\t\t\t\t\t\t\t\t\t<\/td>\n\t\t\t\t\t\t\t\t\t\t\t\t\t\t\t\t<td data-dow=\"5\" data-events-count=\"0\" data-feed-keys=\"\" class=\"past empty d_12 dow_5\">\n\t\t\t\t\t\t\t\t\t<div class=\"day\">\n\t\t\t\t\t\t\t\t\t\t\t\t\t\t\t\t\t\t\t\t\t<span class=\"phone_only\" id=\"r6a97dccace13c5d-20260612\"><span data-date-format=\"l\">Friday<\/span> <span data-date-format=\"F\">June<\/span> <span data-date-format=\"j\">12<\/span><\/span>\n\t\t\t\t\t\t\t\t\t\t\t<span class=\"no_phone\" aria-hidden=\"true\">12<\/span>\n\t\t\t\t\t\t\t\t\t\t\t\t\t\t\t\t\t\t\t\t<\/div>\n\t\t\t\t\t\t\t\t\t\t\t\t\t\t\t\t\t<\/td>\n\t\t\t\t\t\t\t\t\t\t\t\t\t\t\t\t<td data-dow=\"6\" data-events-count=\"0\" data-feed-keys=\"\" class=\"past empty d_13 dow_6\">\n\t\t\t\t\t\t\t\t\t<div class=\"day\">\n\t\t\t\t\t\t\t\t\t\t\t\t\t\t\t\t\t\t\t\t\t<span class=\"phone_only\" id=\"r6a97dccace13c5d-20260613\"><span data-date-format=\"l\">Saturday<\/span> <span data-date-format=\"F\">June<\/span> <span data-date-format=\"j\">13<\/span><\/span>\n\t\t\t\t\t\t\t\t\t\t\t<span class=\"no_phone\" aria-hidden=\"true\">13<\/span>\n\t\t\t\t\t\t\t\t\t\t\t\t\t\t\t\t\t\t\t\t<\/div>\n\t\t\t\t\t\t\t\t\t\t\t\t\t\t\t\t\t<\/td>\n\t\t\t\t\t\t\t\t\t\t\t\t\t\t\t\t<td data-dow=\"0\" data-events-count=\"0\" data-feed-keys=\"\" class=\"past empty d_14 dow_0\">\n\t\t\t\t\t\t\t\t\t<div class=\"day\">\n\t\t\t\t\t\t\t\t\t\t\t\t\t\t\t\t\t\t\t\t\t<span class=\"phone_only\" id=\"r6a97dccace13c5d-20260614\"><span data-date-format=\"l\">Sunday<\/span> <span data-date-format=\"F\">June<\/span> <span data-date-format=\"j\">14<\/span><\/span>\n\t\t\t\t\t\t\t\t\t\t\t<span class=\"no_phone\" aria-hidden=\"true\">14<\/span>\n\t\t\t\t\t\t\t\t\t\t\t\t\t\t\t\t\t\t\t\t<\/div>\n\t\t\t\t\t\t\t\t\t\t\t\t\t\t\t\t\t<\/td>\n\t\t\t\t\t\t\t\t<\/tr><tr>\t\t\t\t\t\t\t\t<td data-dow=\"1\" data-events-count=\"0\" data-feed-keys=\"\" class=\"past empty d_15 dow_1\">\n\t\t\t\t\t\t\t\t\t<div class=\"day\">\n\t\t\t\t\t\t\t\t\t\t\t\t\t\t\t\t\t\t\t\t\t<span class=\"phone_only\" id=\"r6a97dccace13c5d-20260615\"><span data-date-format=\"l\">Monday<\/span> <span data-date-format=\"F\">June<\/span> <span data-date-format=\"j\">15<\/span><\/span>\n\t\t\t\t\t\t\t\t\t\t\t<span class=\"no_phone\" aria-hidden=\"true\">15<\/span>\n\t\t\t\t\t\t\t\t\t\t\t\t\t\t\t\t\t\t\t\t<\/div>\n\t\t\t\t\t\t\t\t\t\t\t\t\t\t\t\t\t<\/td>\n\t\t\t\t\t\t\t\t\t\t\t\t\t\t\t\t<td data-dow=\"2\" data-events-count=\"0\" data-feed-keys=\"\" class=\"past empty d_16 dow_2\">\n\t\t\t\t\t\t\t\t\t<div class=\"day\">\n\t\t\t\t\t\t\t\t\t\t\t\t\t\t\t\t\t\t\t\t\t<span class=\"phone_only\" id=\"r6a97dccace13c5d-20260616\"><span data-date-format=\"l\">Tuesday<\/span> <span data-date-format=\"F\">June<\/span> <span data-date-format=\"j\">16<\/span><\/span>\n\t\t\t\t\t\t\t\t\t\t\t<span class=\"no_phone\" aria-hidden=\"true\">16<\/span>\n\t\t\t\t\t\t\t\t\t\t\t\t\t\t\t\t\t\t\t\t<\/div>\n\t\t\t\t\t\t\t\t\t\t\t\t\t\t\t\t\t<\/td>\n\t\t\t\t\t\t\t\t\t\t\t\t\t\t\t\t<td data-dow=\"3\" data-events-count=\"0\" data-feed-keys=\"\" class=\"past empty d_17 dow_3\">\n\t\t\t\t\t\t\t\t\t<div class=\"day\">\n\t\t\t\t\t\t\t\t\t\t\t\t\t\t\t\t\t\t\t\t\t<span class=\"phone_only\" id=\"r6a97dccace13c5d-20260617\"><span data-date-format=\"l\">Wednesday<\/span> <span data-date-format=\"F\">June<\/span> <span data-date-format=\"j\">17<\/span><\/span>\n\t\t\t\t\t\t\t\t\t\t\t<span class=\"no_phone\" aria-hidden=\"true\">17<\/span>\n\t\t\t\t\t\t\t\t\t\t\t\t\t\t\t\t\t\t\t\t<\/div>\n\t\t\t\t\t\t\t\t\t\t\t\t\t\t\t\t\t<\/td>\n\t\t\t\t\t\t\t\t\t\t\t\t\t\t\t\t<td data-dow=\"4\" data-events-count=\"0\" data-feed-keys=\"\" class=\"past empty d_18 dow_4\">\n\t\t\t\t\t\t\t\t\t<div class=\"day\">\n\t\t\t\t\t\t\t\t\t\t\t\t\t\t\t\t\t\t\t\t\t<span class=\"phone_only\" id=\"r6a97dccace13c5d-20260618\"><span data-date-format=\"l\">Thursday<\/span> <span data-date-format=\"F\">June<\/span> <span data-date-format=\"j\">18<\/span><\/span>\n\t\t\t\t\t\t\t\t\t\t\t<span class=\"no_phone\" aria-hidden=\"true\">18<\/span>\n\t\t\t\t\t\t\t\t\t\t\t\t\t\t\t\t\t\t\t\t<\/div>\n\t\t\t\t\t\t\t\t\t\t\t\t\t\t\t\t\t<\/td>\n\t\t\t\t\t\t\t\t\t\t\t\t\t\t\t\t<td data-dow=\"5\" data-events-count=\"0\" data-feed-keys=\"\" class=\"past empty d_19 dow_5\">\n\t\t\t\t\t\t\t\t\t<div class=\"day\">\n\t\t\t\t\t\t\t\t\t\t\t\t\t\t\t\t\t\t\t\t\t<span class=\"phone_only\" id=\"r6a97dccace13c5d-20260619\"><span data-date-format=\"l\">Friday<\/span> <span data-date-format=\"F\">June<\/span> <span data-date-format=\"j\">19<\/span><\/span>\n\t\t\t\t\t\t\t\t\t\t\t<span class=\"no_phone\" aria-hidden=\"true\">19<\/span>\n\t\t\t\t\t\t\t\t\t\t\t\t\t\t\t\t\t\t\t\t<\/div>\n\t\t\t\t\t\t\t\t\t\t\t\t\t\t\t\t\t<\/td>\n\t\t\t\t\t\t\t\t\t\t\t\t\t\t\t\t<td data-dow=\"6\" data-events-count=\"0\" data-feed-keys=\"\" class=\"past empty d_20 dow_6\">\n\t\t\t\t\t\t\t\t\t<div class=\"day\">\n\t\t\t\t\t\t\t\t\t\t\t\t\t\t\t\t\t\t\t\t\t<span class=\"phone_only\" id=\"r6a97dccace13c5d-20260620\"><span data-date-format=\"l\">Saturday<\/span> <span data-date-format=\"F\">June<\/span> <span data-date-format=\"j\">20<\/span><\/span>\n\t\t\t\t\t\t\t\t\t\t\t<span class=\"no_phone\" aria-hidden=\"true\">20<\/span>\n\t\t\t\t\t\t\t\t\t\t\t\t\t\t\t\t\t\t\t\t<\/div>\n\t\t\t\t\t\t\t\t\t\t\t\t\t\t\t\t\t<\/td>\n\t\t\t\t\t\t\t\t\t\t\t\t\t\t\t\t<td data-dow=\"0\" data-events-count=\"0\" data-feed-keys=\"\" class=\"past empty d_21 dow_0\">\n\t\t\t\t\t\t\t\t\t<div class=\"day\">\n\t\t\t\t\t\t\t\t\t\t\t\t\t\t\t\t\t\t\t\t\t<span class=\"phone_only\" id=\"r6a97dccace13c5d-20260621\"><span data-date-format=\"l\">Sunday<\/span> <span data-date-format=\"F\">June<\/span> <span data-date-format=\"j\">21<\/span><\/span>\n\t\t\t\t\t\t\t\t\t\t\t<span class=\"no_phone\" aria-hidden=\"true\">21<\/span>\n\t\t\t\t\t\t\t\t\t\t\t\t\t\t\t\t\t\t\t\t<\/div>\n\t\t\t\t\t\t\t\t\t\t\t\t\t\t\t\t\t<\/td>\n\t\t\t\t\t\t\t\t<\/tr><tr>\t\t\t\t\t\t\t\t<td data-dow=\"1\" data-events-count=\"0\" data-feed-keys=\"\" class=\"past empty d_22 dow_1\">\n\t\t\t\t\t\t\t\t\t<div class=\"day\">\n\t\t\t\t\t\t\t\t\t\t\t\t\t\t\t\t\t\t\t\t\t<span class=\"phone_only\" id=\"r6a97dccace13c5d-20260622\"><span data-date-format=\"l\">Monday<\/span> <span data-date-format=\"F\">June<\/span> <span data-date-format=\"j\">22<\/span><\/span>\n\t\t\t\t\t\t\t\t\t\t\t<span class=\"no_phone\" aria-hidden=\"true\">22<\/span>\n\t\t\t\t\t\t\t\t\t\t\t\t\t\t\t\t\t\t\t\t<\/div>\n\t\t\t\t\t\t\t\t\t\t\t\t\t\t\t\t\t<\/td>\n\t\t\t\t\t\t\t\t\t\t\t\t\t\t\t\t<td data-dow=\"2\" data-events-count=\"0\" data-feed-keys=\"\" class=\"past empty d_23 dow_2\">\n\t\t\t\t\t\t\t\t\t<div class=\"day\">\n\t\t\t\t\t\t\t\t\t\t\t\t\t\t\t\t\t\t\t\t\t<span class=\"phone_only\" id=\"r6a97dccace13c5d-20260623\"><span data-date-format=\"l\">Tuesday<\/span> <span data-date-format=\"F\">June<\/span> <span data-date-format=\"j\">23<\/span><\/span>\n\t\t\t\t\t\t\t\t\t\t\t<span class=\"no_phone\" aria-hidden=\"true\">23<\/span>\n\t\t\t\t\t\t\t\t\t\t\t\t\t\t\t\t\t\t\t\t<\/div>\n\t\t\t\t\t\t\t\t\t\t\t\t\t\t\t\t\t<\/td>\n\t\t\t\t\t\t\t\t\t\t\t\t\t\t\t\t<td data-dow=\"3\" data-events-count=\"0\" data-feed-keys=\"\" class=\"past empty d_24 dow_3\">\n\t\t\t\t\t\t\t\t\t<div class=\"day\">\n\t\t\t\t\t\t\t\t\t\t\t\t\t\t\t\t\t\t\t\t\t<span class=\"phone_only\" id=\"r6a97dccace13c5d-20260624\"><span data-date-format=\"l\">Wednesday<\/span> <span data-date-format=\"F\">June<\/span> <span data-date-format=\"j\">24<\/span><\/span>\n\t\t\t\t\t\t\t\t\t\t\t<span class=\"no_phone\" aria-hidden=\"true\">24<\/span>\n\t\t\t\t\t\t\t\t\t\t\t\t\t\t\t\t\t\t\t\t<\/div>\n\t\t\t\t\t\t\t\t\t\t\t\t\t\t\t\t\t<\/td>\n\t\t\t\t\t\t\t\t\t\t\t\t\t\t\t\t<td data-dow=\"4\" data-events-count=\"0\" data-feed-keys=\"\" class=\"past empty d_25 dow_4\">\n\t\t\t\t\t\t\t\t\t<div class=\"day\">\n\t\t\t\t\t\t\t\t\t\t\t\t\t\t\t\t\t\t\t\t\t<span class=\"phone_only\" id=\"r6a97dccace13c5d-20260625\"><span data-date-format=\"l\">Thursday<\/span> <span data-date-format=\"F\">June<\/span> <span data-date-format=\"j\">25<\/span><\/span>\n\t\t\t\t\t\t\t\t\t\t\t<span class=\"no_phone\" aria-hidden=\"true\">25<\/span>\n\t\t\t\t\t\t\t\t\t\t\t\t\t\t\t\t\t\t\t\t<\/div>\n\t\t\t\t\t\t\t\t\t\t\t\t\t\t\t\t\t<\/td>\n\t\t\t\t\t\t\t\t\t\t\t\t\t\t\t\t<td data-dow=\"5\" data-events-count=\"0\" data-feed-keys=\"\" class=\"past empty d_26 dow_5\">\n\t\t\t\t\t\t\t\t\t<div class=\"day\">\n\t\t\t\t\t\t\t\t\t\t\t\t\t\t\t\t\t\t\t\t\t<span class=\"phone_only\" id=\"r6a97dccace13c5d-20260626\"><span data-date-format=\"l\">Friday<\/span> <span data-date-format=\"F\">June<\/span> <span data-date-format=\"j\">26<\/span><\/span>\n\t\t\t\t\t\t\t\t\t\t\t<span class=\"no_phone\" aria-hidden=\"true\">26<\/span>\n\t\t\t\t\t\t\t\t\t\t\t\t\t\t\t\t\t\t\t\t<\/div>\n\t\t\t\t\t\t\t\t\t\t\t\t\t\t\t\t\t<\/td>\n\t\t\t\t\t\t\t\t\t\t\t\t\t\t\t\t<td data-dow=\"6\" data-events-count=\"0\" data-feed-keys=\"\" class=\"past empty d_27 dow_6\">\n\t\t\t\t\t\t\t\t\t<div class=\"day\">\n\t\t\t\t\t\t\t\t\t\t\t\t\t\t\t\t\t\t\t\t\t<span class=\"phone_only\" id=\"r6a97dccace13c5d-20260627\"><span data-date-format=\"l\">Saturday<\/span> <span data-date-format=\"F\">June<\/span> <span data-date-format=\"j\">27<\/span><\/span>\n\t\t\t\t\t\t\t\t\t\t\t<span class=\"no_phone\" aria-hidden=\"true\">27<\/span>\n\t\t\t\t\t\t\t\t\t\t\t\t\t\t\t\t\t\t\t\t<\/div>\n\t\t\t\t\t\t\t\t\t\t\t\t\t\t\t\t\t<\/td>\n\t\t\t\t\t\t\t\t\t\t\t\t\t\t\t\t<td data-dow=\"0\" data-events-count=\"0\" data-feed-keys=\"\" class=\"past empty d_28 dow_0\">\n\t\t\t\t\t\t\t\t\t<div class=\"day\">\n\t\t\t\t\t\t\t\t\t\t\t\t\t\t\t\t\t\t\t\t\t<span class=\"phone_only\" id=\"r6a97dccace13c5d-20260628\"><span data-date-format=\"l\">Sunday<\/span> <span data-date-format=\"F\">June<\/span> <span data-date-format=\"j\">28<\/span><\/span>\n\t\t\t\t\t\t\t\t\t\t\t<span class=\"no_phone\" aria-hidden=\"true\">28<\/span>\n\t\t\t\t\t\t\t\t\t\t\t\t\t\t\t\t\t\t\t\t<\/div>\n\t\t\t\t\t\t\t\t\t\t\t\t\t\t\t\t\t<\/td>\n\t\t\t\t\t\t\t\t<\/tr><tr>\t\t\t\t\t\t\t\t<td data-dow=\"1\" data-events-count=\"0\" data-feed-keys=\"\" class=\"past empty d_29 dow_1\">\n\t\t\t\t\t\t\t\t\t<div class=\"day\">\n\t\t\t\t\t\t\t\t\t\t\t\t\t\t\t\t\t\t\t\t\t<span class=\"phone_only\" id=\"r6a97dccace13c5d-20260629\"><span data-date-format=\"l\">Monday<\/span> <span data-date-format=\"F\">June<\/span> <span data-date-format=\"j\">29<\/span><\/span>\n\t\t\t\t\t\t\t\t\t\t\t<span class=\"no_phone\" aria-hidden=\"true\">29<\/span>\n\t\t\t\t\t\t\t\t\t\t\t\t\t\t\t\t\t\t\t\t<\/div>\n\t\t\t\t\t\t\t\t\t\t\t\t\t\t\t\t\t<\/td>\n\t\t\t\t\t\t\t\t\t\t\t\t\t\t\t\t<td data-dow=\"2\" data-events-count=\"0\" data-feed-keys=\"\" class=\"past empty d_30 dow_2\">\n\t\t\t\t\t\t\t\t\t<div class=\"day\">\n\t\t\t\t\t\t\t\t\t\t\t\t\t\t\t\t\t\t\t\t\t<span class=\"phone_only\" id=\"r6a97dccace13c5d-20260630\"><span data-date-format=\"l\">Tuesday<\/span> <span data-date-format=\"F\">June<\/span> <span data-date-format=\"j\">30<\/span><\/span>\n\t\t\t\t\t\t\t\t\t\t\t<span class=\"no_phone\" aria-hidden=\"true\">30<\/span>\n\t\t\t\t\t\t\t\t\t\t\t\t\t\t\t\t\t\t\t\t<\/div>\n\t\t\t\t\t\t\t\t\t\t\t\t\t\t\t\t\t<\/td>\n\t\t\t\t\t\t\t\t\t\t\t\t\t\t\t\t<td class=\"off\" data-dow=\"3\"><\/td>\n\t\t\t\t\t\t\t\t\t\t\t\t\t\t\t\t<td class=\"off\" data-dow=\"4\"><\/td>\n\t\t\t\t\t\t\t\t\t\t\t\t\t\t\t\t<td class=\"off\" data-dow=\"5\"><\/td>\n\t\t\t\t\t\t\t\t\t\t\t\t\t\t\t\t<td class=\"off\" data-dow=\"6\"><\/td>\n\t\t\t\t\t\t\t\t\t\t\t\t\t\t\t\t<td class=\"off\" data-dow=\"0\"><\/td>\n\t\t\t\t\t\t\t\t\t\t\t\t\t\t<\/tr>\n\t\t\t\t\t<\/tbody>\n\t\t\t\t<\/table>\n\n\t\t\t\t\t\t\t\t\t<p class=\"phone_only no_events\">\n\t\t\t\t\t\tNo events.\t\t\t\t\t<\/p>\n\t\t\t\t\t\n\t\t\t<\/article>\n\t\t\t\t\t\t<article class=\"ics-calendar-month-wrapper past\" style=\"display: none;\" data-year-month=\"202607\" data-is-this-month=\"0\">\n\n\t\t\t\t\t\t\t\t\t<h3 class=\"ics-calendar-label\" id=\"r6a97dccace13c5d-202607\">July 2026<\/h3>\n\t\t\t\t\t\t\t\t\t\n\t\t\t\t<table class=\"ics-calendar-month-grid\" aria-labelledby=\"r6a97dccace13c5d-202607\">\n\t\t\t\t\t<thead>\n\t\t\t\t\t\t<tr>\n\t\t\t\t\t\t\t\t\t\t\t\t\t\t\t<th data-dow=\"1\">Monday<\/th>\n\t\t\t\t\t\t\t\t\t\t\t\t\t\t\t\t<th data-dow=\"2\">Tuesday<\/th>\n\t\t\t\t\t\t\t\t\t\t\t\t\t\t\t\t<th data-dow=\"3\">Wednesday<\/th>\n\t\t\t\t\t\t\t\t\t\t\t\t\t\t\t\t<th data-dow=\"4\">Thursday<\/th>\n\t\t\t\t\t\t\t\t\t\t\t\t\t\t\t\t<th data-dow=\"5\">Friday<\/th>\n\t\t\t\t\t\t\t\t\t\t\t\t\t\t\t\t<th data-dow=\"6\">Saturday<\/th>\n\t\t\t\t\t\t\t\t\t\t\t\t\t\t\t\t<th data-dow=\"0\">Sunday<\/th>\n\t\t\t\t\t\t\t\t\t\t\t\t\t\t<\/tr>\n\t\t\t\t\t<\/thead>\n\n\t\t\t\t\t<tbody>\n\t\t\t\t\t\t<tr>\n\t\t\t\t\t\t\t\t\t\t\t\t\t\t\t<td class=\"off\" data-dow=\"1\"><\/td>\n\t\t\t\t\t\t\t\t\t\t\t\t\t\t\t\t<td class=\"off\" data-dow=\"2\"><\/td>\n\t\t\t\t\t\t\t\t\t\t\t\t\t\t\t\t<td data-dow=\"3\" data-events-count=\"0\" data-feed-keys=\"\" class=\"past empty d_01 dow_3\">\n\t\t\t\t\t\t\t\t\t<div class=\"day\">\n\t\t\t\t\t\t\t\t\t\t\t\t\t\t\t\t\t\t\t\t\t<span class=\"phone_only\" id=\"r6a97dccace13c5d-20260701\"><span data-date-format=\"l\">Wednesday<\/span> <span data-date-format=\"F\">July<\/span> <span data-date-format=\"j\">1<\/span><\/span>\n\t\t\t\t\t\t\t\t\t\t\t<span class=\"no_phone\" aria-hidden=\"true\">1<\/span>\n\t\t\t\t\t\t\t\t\t\t\t\t\t\t\t\t\t\t\t\t<\/div>\n\t\t\t\t\t\t\t\t\t\t\t\t\t\t\t\t\t<\/td>\n\t\t\t\t\t\t\t\t\t\t\t\t\t\t\t\t<td data-dow=\"4\" data-events-count=\"0\" data-feed-keys=\"\" class=\"past empty d_02 dow_4\">\n\t\t\t\t\t\t\t\t\t<div class=\"day\">\n\t\t\t\t\t\t\t\t\t\t\t\t\t\t\t\t\t\t\t\t\t<span class=\"phone_only\" id=\"r6a97dccace13c5d-20260702\"><span data-date-format=\"l\">Thursday<\/span> <span data-date-format=\"F\">July<\/span> <span data-date-format=\"j\">2<\/span><\/span>\n\t\t\t\t\t\t\t\t\t\t\t<span class=\"no_phone\" aria-hidden=\"true\">2<\/span>\n\t\t\t\t\t\t\t\t\t\t\t\t\t\t\t\t\t\t\t\t<\/div>\n\t\t\t\t\t\t\t\t\t\t\t\t\t\t\t\t\t<\/td>\n\t\t\t\t\t\t\t\t\t\t\t\t\t\t\t\t<td data-dow=\"5\" data-events-count=\"0\" data-feed-keys=\"\" class=\"past empty d_03 dow_5\">\n\t\t\t\t\t\t\t\t\t<div class=\"day\">\n\t\t\t\t\t\t\t\t\t\t\t\t\t\t\t\t\t\t\t\t\t<span class=\"phone_only\" id=\"r6a97dccace13c5d-20260703\"><span data-date-format=\"l\">Friday<\/span> <span data-date-format=\"F\">July<\/span> <span data-date-format=\"j\">3<\/span><\/span>\n\t\t\t\t\t\t\t\t\t\t\t<span class=\"no_phone\" aria-hidden=\"true\">3<\/span>\n\t\t\t\t\t\t\t\t\t\t\t\t\t\t\t\t\t\t\t\t<\/div>\n\t\t\t\t\t\t\t\t\t\t\t\t\t\t\t\t\t<\/td>\n\t\t\t\t\t\t\t\t\t\t\t\t\t\t\t\t<td data-dow=\"6\" data-events-count=\"0\" data-feed-keys=\"\" class=\"past empty d_04 dow_6\">\n\t\t\t\t\t\t\t\t\t<div class=\"day\">\n\t\t\t\t\t\t\t\t\t\t\t\t\t\t\t\t\t\t\t\t\t<span class=\"phone_only\" id=\"r6a97dccace13c5d-20260704\"><span data-date-format=\"l\">Saturday<\/span> <span data-date-format=\"F\">July<\/span> <span data-date-format=\"j\">4<\/span><\/span>\n\t\t\t\t\t\t\t\t\t\t\t<span class=\"no_phone\" aria-hidden=\"true\">4<\/span>\n\t\t\t\t\t\t\t\t\t\t\t\t\t\t\t\t\t\t\t\t<\/div>\n\t\t\t\t\t\t\t\t\t\t\t\t\t\t\t\t\t<\/td>\n\t\t\t\t\t\t\t\t\t\t\t\t\t\t\t\t<td data-dow=\"0\" data-events-count=\"0\" data-feed-keys=\"\" class=\"past empty d_05 dow_0\">\n\t\t\t\t\t\t\t\t\t<div class=\"day\">\n\t\t\t\t\t\t\t\t\t\t\t\t\t\t\t\t\t\t\t\t\t<span class=\"phone_only\" id=\"r6a97dccace13c5d-20260705\"><span data-date-format=\"l\">Sunday<\/span> <span data-date-format=\"F\">July<\/span> <span data-date-format=\"j\">5<\/span><\/span>\n\t\t\t\t\t\t\t\t\t\t\t<span class=\"no_phone\" aria-hidden=\"true\">5<\/span>\n\t\t\t\t\t\t\t\t\t\t\t\t\t\t\t\t\t\t\t\t<\/div>\n\t\t\t\t\t\t\t\t\t\t\t\t\t\t\t\t\t<\/td>\n\t\t\t\t\t\t\t\t<\/tr><tr>\t\t\t\t\t\t\t\t<td data-dow=\"1\" data-events-count=\"0\" data-feed-keys=\"\" class=\"past empty d_06 dow_1\">\n\t\t\t\t\t\t\t\t\t<div class=\"day\">\n\t\t\t\t\t\t\t\t\t\t\t\t\t\t\t\t\t\t\t\t\t<span class=\"phone_only\" id=\"r6a97dccace13c5d-20260706\"><span data-date-format=\"l\">Monday<\/span> <span data-date-format=\"F\">July<\/span> <span data-date-format=\"j\">6<\/span><\/span>\n\t\t\t\t\t\t\t\t\t\t\t<span class=\"no_phone\" aria-hidden=\"true\">6<\/span>\n\t\t\t\t\t\t\t\t\t\t\t\t\t\t\t\t\t\t\t\t<\/div>\n\t\t\t\t\t\t\t\t\t\t\t\t\t\t\t\t\t<\/td>\n\t\t\t\t\t\t\t\t\t\t\t\t\t\t\t\t<td data-dow=\"2\" data-events-count=\"0\" data-feed-keys=\"\" class=\"past empty d_07 dow_2\">\n\t\t\t\t\t\t\t\t\t<div class=\"day\">\n\t\t\t\t\t\t\t\t\t\t\t\t\t\t\t\t\t\t\t\t\t<span class=\"phone_only\" id=\"r6a97dccace13c5d-20260707\"><span data-date-format=\"l\">Tuesday<\/span> <span data-date-format=\"F\">July<\/span> <span data-date-format=\"j\">7<\/span><\/span>\n\t\t\t\t\t\t\t\t\t\t\t<span class=\"no_phone\" aria-hidden=\"true\">7<\/span>\n\t\t\t\t\t\t\t\t\t\t\t\t\t\t\t\t\t\t\t\t<\/div>\n\t\t\t\t\t\t\t\t\t\t\t\t\t\t\t\t\t<\/td>\n\t\t\t\t\t\t\t\t\t\t\t\t\t\t\t\t<td data-dow=\"3\" data-events-count=\"0\" data-feed-keys=\"\" class=\"past empty d_08 dow_3\">\n\t\t\t\t\t\t\t\t\t<div class=\"day\">\n\t\t\t\t\t\t\t\t\t\t\t\t\t\t\t\t\t\t\t\t\t<span class=\"phone_only\" id=\"r6a97dccace13c5d-20260708\"><span data-date-format=\"l\">Wednesday<\/span> <span data-date-format=\"F\">July<\/span> <span data-date-format=\"j\">8<\/span><\/span>\n\t\t\t\t\t\t\t\t\t\t\t<span class=\"no_phone\" aria-hidden=\"true\">8<\/span>\n\t\t\t\t\t\t\t\t\t\t\t\t\t\t\t\t\t\t\t\t<\/div>\n\t\t\t\t\t\t\t\t\t\t\t\t\t\t\t\t\t<\/td>\n\t\t\t\t\t\t\t\t\t\t\t\t\t\t\t\t<td data-dow=\"4\" data-events-count=\"0\" data-feed-keys=\"\" class=\"past empty d_09 dow_4\">\n\t\t\t\t\t\t\t\t\t<div class=\"day\">\n\t\t\t\t\t\t\t\t\t\t\t\t\t\t\t\t\t\t\t\t\t<span class=\"phone_only\" id=\"r6a97dccace13c5d-20260709\"><span data-date-format=\"l\">Thursday<\/span> <span data-date-format=\"F\">July<\/span> <span data-date-format=\"j\">9<\/span><\/span>\n\t\t\t\t\t\t\t\t\t\t\t<span class=\"no_phone\" aria-hidden=\"true\">9<\/span>\n\t\t\t\t\t\t\t\t\t\t\t\t\t\t\t\t\t\t\t\t<\/div>\n\t\t\t\t\t\t\t\t\t\t\t\t\t\t\t\t\t<\/td>\n\t\t\t\t\t\t\t\t\t\t\t\t\t\t\t\t<td data-dow=\"5\" data-events-count=\"0\" data-feed-keys=\"\" class=\"past empty d_10 dow_5\">\n\t\t\t\t\t\t\t\t\t<div class=\"day\">\n\t\t\t\t\t\t\t\t\t\t\t\t\t\t\t\t\t\t\t\t\t<span class=\"phone_only\" id=\"r6a97dccace13c5d-20260710\"><span data-date-format=\"l\">Friday<\/span> <span data-date-format=\"F\">July<\/span> <span data-date-format=\"j\">10<\/span><\/span>\n\t\t\t\t\t\t\t\t\t\t\t<span class=\"no_phone\" aria-hidden=\"true\">10<\/span>\n\t\t\t\t\t\t\t\t\t\t\t\t\t\t\t\t\t\t\t\t<\/div>\n\t\t\t\t\t\t\t\t\t\t\t\t\t\t\t\t\t<\/td>\n\t\t\t\t\t\t\t\t\t\t\t\t\t\t\t\t<td data-dow=\"6\" data-events-count=\"0\" data-feed-keys=\"\" class=\"past empty d_11 dow_6\">\n\t\t\t\t\t\t\t\t\t<div class=\"day\">\n\t\t\t\t\t\t\t\t\t\t\t\t\t\t\t\t\t\t\t\t\t<span class=\"phone_only\" id=\"r6a97dccace13c5d-20260711\"><span data-date-format=\"l\">Saturday<\/span> <span data-date-format=\"F\">July<\/span> <span data-date-format=\"j\">11<\/span><\/span>\n\t\t\t\t\t\t\t\t\t\t\t<span class=\"no_phone\" aria-hidden=\"true\">11<\/span>\n\t\t\t\t\t\t\t\t\t\t\t\t\t\t\t\t\t\t\t\t<\/div>\n\t\t\t\t\t\t\t\t\t\t\t\t\t\t\t\t\t<\/td>\n\t\t\t\t\t\t\t\t\t\t\t\t\t\t\t\t<td data-dow=\"0\" data-events-count=\"0\" data-feed-keys=\"\" class=\"past empty d_12 dow_0\">\n\t\t\t\t\t\t\t\t\t<div class=\"day\">\n\t\t\t\t\t\t\t\t\t\t\t\t\t\t\t\t\t\t\t\t\t<span class=\"phone_only\" id=\"r6a97dccace13c5d-20260712\"><span data-date-format=\"l\">Sunday<\/span> <span data-date-format=\"F\">July<\/span> <span data-date-format=\"j\">12<\/span><\/span>\n\t\t\t\t\t\t\t\t\t\t\t<span class=\"no_phone\" aria-hidden=\"true\">12<\/span>\n\t\t\t\t\t\t\t\t\t\t\t\t\t\t\t\t\t\t\t\t<\/div>\n\t\t\t\t\t\t\t\t\t\t\t\t\t\t\t\t\t<\/td>\n\t\t\t\t\t\t\t\t<\/tr><tr>\t\t\t\t\t\t\t\t<td data-dow=\"1\" data-events-count=\"0\" data-feed-keys=\"\" class=\"past empty d_13 dow_1\">\n\t\t\t\t\t\t\t\t\t<div class=\"day\">\n\t\t\t\t\t\t\t\t\t\t\t\t\t\t\t\t\t\t\t\t\t<span class=\"phone_only\" id=\"r6a97dccace13c5d-20260713\"><span data-date-format=\"l\">Monday<\/span> <span data-date-format=\"F\">July<\/span> <span data-date-format=\"j\">13<\/span><\/span>\n\t\t\t\t\t\t\t\t\t\t\t<span class=\"no_phone\" aria-hidden=\"true\">13<\/span>\n\t\t\t\t\t\t\t\t\t\t\t\t\t\t\t\t\t\t\t\t<\/div>\n\t\t\t\t\t\t\t\t\t\t\t\t\t\t\t\t\t<\/td>\n\t\t\t\t\t\t\t\t\t\t\t\t\t\t\t\t<td data-dow=\"2\" data-events-count=\"0\" data-feed-keys=\"\" class=\"past empty d_14 dow_2\">\n\t\t\t\t\t\t\t\t\t<div class=\"day\">\n\t\t\t\t\t\t\t\t\t\t\t\t\t\t\t\t\t\t\t\t\t<span class=\"phone_only\" id=\"r6a97dccace13c5d-20260714\"><span data-date-format=\"l\">Tuesday<\/span> <span data-date-format=\"F\">July<\/span> <span data-date-format=\"j\">14<\/span><\/span>\n\t\t\t\t\t\t\t\t\t\t\t<span class=\"no_phone\" aria-hidden=\"true\">14<\/span>\n\t\t\t\t\t\t\t\t\t\t\t\t\t\t\t\t\t\t\t\t<\/div>\n\t\t\t\t\t\t\t\t\t\t\t\t\t\t\t\t\t<\/td>\n\t\t\t\t\t\t\t\t\t\t\t\t\t\t\t\t<td data-dow=\"3\" data-events-count=\"0\" data-feed-keys=\"\" class=\"past empty d_15 dow_3\">\n\t\t\t\t\t\t\t\t\t<div class=\"day\">\n\t\t\t\t\t\t\t\t\t\t\t\t\t\t\t\t\t\t\t\t\t<span class=\"phone_only\" id=\"r6a97dccace13c5d-20260715\"><span data-date-format=\"l\">Wednesday<\/span> <span data-date-format=\"F\">July<\/span> <span data-date-format=\"j\">15<\/span><\/span>\n\t\t\t\t\t\t\t\t\t\t\t<span class=\"no_phone\" aria-hidden=\"true\">15<\/span>\n\t\t\t\t\t\t\t\t\t\t\t\t\t\t\t\t\t\t\t\t<\/div>\n\t\t\t\t\t\t\t\t\t\t\t\t\t\t\t\t\t<\/td>\n\t\t\t\t\t\t\t\t\t\t\t\t\t\t\t\t<td data-dow=\"4\" data-events-count=\"0\" data-feed-keys=\"\" class=\"past empty d_16 dow_4\">\n\t\t\t\t\t\t\t\t\t<div class=\"day\">\n\t\t\t\t\t\t\t\t\t\t\t\t\t\t\t\t\t\t\t\t\t<span class=\"phone_only\" id=\"r6a97dccace13c5d-20260716\"><span data-date-format=\"l\">Thursday<\/span> <span data-date-format=\"F\">July<\/span> <span data-date-format=\"j\">16<\/span><\/span>\n\t\t\t\t\t\t\t\t\t\t\t<span class=\"no_phone\" aria-hidden=\"true\">16<\/span>\n\t\t\t\t\t\t\t\t\t\t\t\t\t\t\t\t\t\t\t\t<\/div>\n\t\t\t\t\t\t\t\t\t\t\t\t\t\t\t\t\t<\/td>\n\t\t\t\t\t\t\t\t\t\t\t\t\t\t\t\t<td data-dow=\"5\" data-events-count=\"0\" data-feed-keys=\"\" class=\"past empty d_17 dow_5\">\n\t\t\t\t\t\t\t\t\t<div class=\"day\">\n\t\t\t\t\t\t\t\t\t\t\t\t\t\t\t\t\t\t\t\t\t<span class=\"phone_only\" id=\"r6a97dccace13c5d-20260717\"><span data-date-format=\"l\">Friday<\/span> <span data-date-format=\"F\">July<\/span> <span data-date-format=\"j\">17<\/span><\/span>\n\t\t\t\t\t\t\t\t\t\t\t<span class=\"no_phone\" aria-hidden=\"true\">17<\/span>\n\t\t\t\t\t\t\t\t\t\t\t\t\t\t\t\t\t\t\t\t<\/div>\n\t\t\t\t\t\t\t\t\t\t\t\t\t\t\t\t\t<\/td>\n\t\t\t\t\t\t\t\t\t\t\t\t\t\t\t\t<td data-dow=\"6\" data-events-count=\"0\" data-feed-keys=\"\" class=\"past empty d_18 dow_6\">\n\t\t\t\t\t\t\t\t\t<div class=\"day\">\n\t\t\t\t\t\t\t\t\t\t\t\t\t\t\t\t\t\t\t\t\t<span class=\"phone_only\" id=\"r6a97dccace13c5d-20260718\"><span data-date-format=\"l\">Saturday<\/span> <span data-date-format=\"F\">July<\/span> <span data-date-format=\"j\">18<\/span><\/span>\n\t\t\t\t\t\t\t\t\t\t\t<span class=\"no_phone\" aria-hidden=\"true\">18<\/span>\n\t\t\t\t\t\t\t\t\t\t\t\t\t\t\t\t\t\t\t\t<\/div>\n\t\t\t\t\t\t\t\t\t\t\t\t\t\t\t\t\t<\/td>\n\t\t\t\t\t\t\t\t\t\t\t\t\t\t\t\t<td data-dow=\"0\" data-events-count=\"0\" data-feed-keys=\"\" class=\"past empty d_19 dow_0\">\n\t\t\t\t\t\t\t\t\t<div class=\"day\">\n\t\t\t\t\t\t\t\t\t\t\t\t\t\t\t\t\t\t\t\t\t<span class=\"phone_only\" id=\"r6a97dccace13c5d-20260719\"><span data-date-format=\"l\">Sunday<\/span> <span data-date-format=\"F\">July<\/span> <span data-date-format=\"j\">19<\/span><\/span>\n\t\t\t\t\t\t\t\t\t\t\t<span class=\"no_phone\" aria-hidden=\"true\">19<\/span>\n\t\t\t\t\t\t\t\t\t\t\t\t\t\t\t\t\t\t\t\t<\/div>\n\t\t\t\t\t\t\t\t\t\t\t\t\t\t\t\t\t<\/td>\n\t\t\t\t\t\t\t\t<\/tr><tr>\t\t\t\t\t\t\t\t<td data-dow=\"1\" data-events-count=\"0\" data-feed-keys=\"\" class=\"past empty d_20 dow_1\">\n\t\t\t\t\t\t\t\t\t<div class=\"day\">\n\t\t\t\t\t\t\t\t\t\t\t\t\t\t\t\t\t\t\t\t\t<span class=\"phone_only\" id=\"r6a97dccace13c5d-20260720\"><span data-date-format=\"l\">Monday<\/span> <span data-date-format=\"F\">July<\/span> <span data-date-format=\"j\">20<\/span><\/span>\n\t\t\t\t\t\t\t\t\t\t\t<span class=\"no_phone\" aria-hidden=\"true\">20<\/span>\n\t\t\t\t\t\t\t\t\t\t\t\t\t\t\t\t\t\t\t\t<\/div>\n\t\t\t\t\t\t\t\t\t\t\t\t\t\t\t\t\t<\/td>\n\t\t\t\t\t\t\t\t\t\t\t\t\t\t\t\t<td data-dow=\"2\" data-events-count=\"0\" data-feed-keys=\"\" class=\"past empty d_21 dow_2\">\n\t\t\t\t\t\t\t\t\t<div class=\"day\">\n\t\t\t\t\t\t\t\t\t\t\t\t\t\t\t\t\t\t\t\t\t<span class=\"phone_only\" id=\"r6a97dccace13c5d-20260721\"><span data-date-format=\"l\">Tuesday<\/span> <span data-date-format=\"F\">July<\/span> <span data-date-format=\"j\">21<\/span><\/span>\n\t\t\t\t\t\t\t\t\t\t\t<span class=\"no_phone\" aria-hidden=\"true\">21<\/span>\n\t\t\t\t\t\t\t\t\t\t\t\t\t\t\t\t\t\t\t\t<\/div>\n\t\t\t\t\t\t\t\t\t\t\t\t\t\t\t\t\t<\/td>\n\t\t\t\t\t\t\t\t\t\t\t\t\t\t\t\t<td data-dow=\"3\" data-events-count=\"0\" data-feed-keys=\"\" class=\"past empty d_22 dow_3\">\n\t\t\t\t\t\t\t\t\t<div class=\"day\">\n\t\t\t\t\t\t\t\t\t\t\t\t\t\t\t\t\t\t\t\t\t<span class=\"phone_only\" id=\"r6a97dccace13c5d-20260722\"><span data-date-format=\"l\">Wednesday<\/span> <span data-date-format=\"F\">July<\/span> <span data-date-format=\"j\">22<\/span><\/span>\n\t\t\t\t\t\t\t\t\t\t\t<span class=\"no_phone\" aria-hidden=\"true\">22<\/span>\n\t\t\t\t\t\t\t\t\t\t\t\t\t\t\t\t\t\t\t\t<\/div>\n\t\t\t\t\t\t\t\t\t\t\t\t\t\t\t\t\t<\/td>\n\t\t\t\t\t\t\t\t\t\t\t\t\t\t\t\t<td data-dow=\"4\" data-events-count=\"0\" data-feed-keys=\"\" class=\"past empty d_23 dow_4\">\n\t\t\t\t\t\t\t\t\t<div class=\"day\">\n\t\t\t\t\t\t\t\t\t\t\t\t\t\t\t\t\t\t\t\t\t<span class=\"phone_only\" id=\"r6a97dccace13c5d-20260723\"><span data-date-format=\"l\">Thursday<\/span> <span data-date-format=\"F\">July<\/span> <span data-date-format=\"j\">23<\/span><\/span>\n\t\t\t\t\t\t\t\t\t\t\t<span class=\"no_phone\" aria-hidden=\"true\">23<\/span>\n\t\t\t\t\t\t\t\t\t\t\t\t\t\t\t\t\t\t\t\t<\/div>\n\t\t\t\t\t\t\t\t\t\t\t\t\t\t\t\t\t<\/td>\n\t\t\t\t\t\t\t\t\t\t\t\t\t\t\t\t<td data-dow=\"5\" data-events-count=\"0\" data-feed-keys=\"\" class=\"past empty d_24 dow_5\">\n\t\t\t\t\t\t\t\t\t<div class=\"day\">\n\t\t\t\t\t\t\t\t\t\t\t\t\t\t\t\t\t\t\t\t\t<span class=\"phone_only\" id=\"r6a97dccace13c5d-20260724\"><span data-date-format=\"l\">Friday<\/span> <span data-date-format=\"F\">July<\/span> <span data-date-format=\"j\">24<\/span><\/span>\n\t\t\t\t\t\t\t\t\t\t\t<span class=\"no_phone\" aria-hidden=\"true\">24<\/span>\n\t\t\t\t\t\t\t\t\t\t\t\t\t\t\t\t\t\t\t\t<\/div>\n\t\t\t\t\t\t\t\t\t\t\t\t\t\t\t\t\t<\/td>\n\t\t\t\t\t\t\t\t\t\t\t\t\t\t\t\t<td data-dow=\"6\" data-events-count=\"0\" data-feed-keys=\"\" class=\"past empty d_25 dow_6\">\n\t\t\t\t\t\t\t\t\t<div class=\"day\">\n\t\t\t\t\t\t\t\t\t\t\t\t\t\t\t\t\t\t\t\t\t<span class=\"phone_only\" id=\"r6a97dccace13c5d-20260725\"><span data-date-format=\"l\">Saturday<\/span> <span data-date-format=\"F\">July<\/span> <span data-date-format=\"j\">25<\/span><\/span>\n\t\t\t\t\t\t\t\t\t\t\t<span class=\"no_phone\" aria-hidden=\"true\">25<\/span>\n\t\t\t\t\t\t\t\t\t\t\t\t\t\t\t\t\t\t\t\t<\/div>\n\t\t\t\t\t\t\t\t\t\t\t\t\t\t\t\t\t<\/td>\n\t\t\t\t\t\t\t\t\t\t\t\t\t\t\t\t<td data-dow=\"0\" data-events-count=\"0\" data-feed-keys=\"\" class=\"past empty d_26 dow_0\">\n\t\t\t\t\t\t\t\t\t<div class=\"day\">\n\t\t\t\t\t\t\t\t\t\t\t\t\t\t\t\t\t\t\t\t\t<span class=\"phone_only\" id=\"r6a97dccace13c5d-20260726\"><span data-date-format=\"l\">Sunday<\/span> <span data-date-format=\"F\">July<\/span> <span data-date-format=\"j\">26<\/span><\/span>\n\t\t\t\t\t\t\t\t\t\t\t<span class=\"no_phone\" aria-hidden=\"true\">26<\/span>\n\t\t\t\t\t\t\t\t\t\t\t\t\t\t\t\t\t\t\t\t<\/div>\n\t\t\t\t\t\t\t\t\t\t\t\t\t\t\t\t\t<\/td>\n\t\t\t\t\t\t\t\t<\/tr><tr>\t\t\t\t\t\t\t\t<td data-dow=\"1\" data-events-count=\"0\" data-feed-keys=\"\" class=\"past empty d_27 dow_1\">\n\t\t\t\t\t\t\t\t\t<div class=\"day\">\n\t\t\t\t\t\t\t\t\t\t\t\t\t\t\t\t\t\t\t\t\t<span class=\"phone_only\" id=\"r6a97dccace13c5d-20260727\"><span data-date-format=\"l\">Monday<\/span> <span data-date-format=\"F\">July<\/span> <span data-date-format=\"j\">27<\/span><\/span>\n\t\t\t\t\t\t\t\t\t\t\t<span class=\"no_phone\" aria-hidden=\"true\">27<\/span>\n\t\t\t\t\t\t\t\t\t\t\t\t\t\t\t\t\t\t\t\t<\/div>\n\t\t\t\t\t\t\t\t\t\t\t\t\t\t\t\t\t<\/td>\n\t\t\t\t\t\t\t\t\t\t\t\t\t\t\t\t<td data-dow=\"2\" data-events-count=\"0\" data-feed-keys=\"\" class=\"past empty d_28 dow_2\">\n\t\t\t\t\t\t\t\t\t<div class=\"day\">\n\t\t\t\t\t\t\t\t\t\t\t\t\t\t\t\t\t\t\t\t\t<span class=\"phone_only\" id=\"r6a97dccace13c5d-20260728\"><span data-date-format=\"l\">Tuesday<\/span> <span data-date-format=\"F\">July<\/span> <span data-date-format=\"j\">28<\/span><\/span>\n\t\t\t\t\t\t\t\t\t\t\t<span class=\"no_phone\" aria-hidden=\"true\">28<\/span>\n\t\t\t\t\t\t\t\t\t\t\t\t\t\t\t\t\t\t\t\t<\/div>\n\t\t\t\t\t\t\t\t\t\t\t\t\t\t\t\t\t<\/td>\n\t\t\t\t\t\t\t\t\t\t\t\t\t\t\t\t<td data-dow=\"3\" data-events-count=\"0\" data-feed-keys=\"\" class=\"past empty d_29 dow_3\">\n\t\t\t\t\t\t\t\t\t<div class=\"day\">\n\t\t\t\t\t\t\t\t\t\t\t\t\t\t\t\t\t\t\t\t\t<span class=\"phone_only\" id=\"r6a97dccace13c5d-20260729\"><span data-date-format=\"l\">Wednesday<\/span> <span data-date-format=\"F\">July<\/span> <span data-date-format=\"j\">29<\/span><\/span>\n\t\t\t\t\t\t\t\t\t\t\t<span class=\"no_phone\" aria-hidden=\"true\">29<\/span>\n\t\t\t\t\t\t\t\t\t\t\t\t\t\t\t\t\t\t\t\t<\/div>\n\t\t\t\t\t\t\t\t\t\t\t\t\t\t\t\t\t<\/td>\n\t\t\t\t\t\t\t\t\t\t\t\t\t\t\t\t<td data-dow=\"4\" data-events-count=\"0\" data-feed-keys=\"\" class=\"past empty d_30 dow_4\">\n\t\t\t\t\t\t\t\t\t<div class=\"day\">\n\t\t\t\t\t\t\t\t\t\t\t\t\t\t\t\t\t\t\t\t\t<span class=\"phone_only\" id=\"r6a97dccace13c5d-20260730\"><span data-date-format=\"l\">Thursday<\/span> <span data-date-format=\"F\">July<\/span> <span data-date-format=\"j\">30<\/span><\/span>\n\t\t\t\t\t\t\t\t\t\t\t<span class=\"no_phone\" aria-hidden=\"true\">30<\/span>\n\t\t\t\t\t\t\t\t\t\t\t\t\t\t\t\t\t\t\t\t<\/div>\n\t\t\t\t\t\t\t\t\t\t\t\t\t\t\t\t\t<\/td>\n\t\t\t\t\t\t\t\t\t\t\t\t\t\t\t\t<td data-dow=\"5\" data-events-count=\"0\" data-feed-keys=\"\" class=\"past empty d_31 dow_5\">\n\t\t\t\t\t\t\t\t\t<div class=\"day\">\n\t\t\t\t\t\t\t\t\t\t\t\t\t\t\t\t\t\t\t\t\t<span class=\"phone_only\" id=\"r6a97dccace13c5d-20260731\"><span data-date-format=\"l\">Friday<\/span> <span data-date-format=\"F\">July<\/span> <span data-date-format=\"j\">31<\/span><\/span>\n\t\t\t\t\t\t\t\t\t\t\t<span class=\"no_phone\" aria-hidden=\"true\">31<\/span>\n\t\t\t\t\t\t\t\t\t\t\t\t\t\t\t\t\t\t\t\t<\/div>\n\t\t\t\t\t\t\t\t\t\t\t\t\t\t\t\t\t<\/td>\n\t\t\t\t\t\t\t\t\t\t\t\t\t\t\t\t<td class=\"off\" data-dow=\"6\"><\/td>\n\t\t\t\t\t\t\t\t\t\t\t\t\t\t\t\t<td class=\"off\" data-dow=\"0\"><\/td>\n\t\t\t\t\t\t\t\t\t\t\t\t\t\t<\/tr>\n\t\t\t\t\t<\/tbody>\n\t\t\t\t<\/table>\n\n\t\t\t\t\t\t\t\t\t<p class=\"phone_only no_events\">\n\t\t\t\t\t\tNo events.\t\t\t\t\t<\/p>\n\t\t\t\t\t\n\t\t\t<\/article>\n\t\t\t\t\t\t<article class=\"ics-calendar-month-wrapper past\" style=\"display: none;\" data-year-month=\"202608\" data-is-this-month=\"0\">\n\n\t\t\t\t\t\t\t\t\t<h3 class=\"ics-calendar-label\" id=\"r6a97dccace13c5d-202608\">August 2026<\/h3>\n\t\t\t\t\t\t\t\t\t\n\t\t\t\t<table class=\"ics-calendar-month-grid\" aria-labelledby=\"r6a97dccace13c5d-202608\">\n\t\t\t\t\t<thead>\n\t\t\t\t\t\t<tr>\n\t\t\t\t\t\t\t\t\t\t\t\t\t\t\t<th data-dow=\"1\">Monday<\/th>\n\t\t\t\t\t\t\t\t\t\t\t\t\t\t\t\t<th data-dow=\"2\">Tuesday<\/th>\n\t\t\t\t\t\t\t\t\t\t\t\t\t\t\t\t<th data-dow=\"3\">Wednesday<\/th>\n\t\t\t\t\t\t\t\t\t\t\t\t\t\t\t\t<th data-dow=\"4\">Thursday<\/th>\n\t\t\t\t\t\t\t\t\t\t\t\t\t\t\t\t<th data-dow=\"5\">Friday<\/th>\n\t\t\t\t\t\t\t\t\t\t\t\t\t\t\t\t<th data-dow=\"6\">Saturday<\/th>\n\t\t\t\t\t\t\t\t\t\t\t\t\t\t\t\t<th data-dow=\"0\">Sunday<\/th>\n\t\t\t\t\t\t\t\t\t\t\t\t\t\t<\/tr>\n\t\t\t\t\t<\/thead>\n\n\t\t\t\t\t<tbody>\n\t\t\t\t\t\t<tr>\n\t\t\t\t\t\t\t\t\t\t\t\t\t\t\t<td class=\"off\" data-dow=\"1\"><\/td>\n\t\t\t\t\t\t\t\t\t\t\t\t\t\t\t\t<td class=\"off\" data-dow=\"2\"><\/td>\n\t\t\t\t\t\t\t\t\t\t\t\t\t\t\t\t<td class=\"off\" data-dow=\"3\"><\/td>\n\t\t\t\t\t\t\t\t\t\t\t\t\t\t\t\t<td class=\"off\" data-dow=\"4\"><\/td>\n\t\t\t\t\t\t\t\t\t\t\t\t\t\t\t\t<td class=\"off\" data-dow=\"5\"><\/td>\n\t\t\t\t\t\t\t\t\t\t\t\t\t\t\t\t<td data-dow=\"6\" data-events-count=\"0\" data-feed-keys=\"\" class=\"past empty d_01 dow_6\">\n\t\t\t\t\t\t\t\t\t<div class=\"day\">\n\t\t\t\t\t\t\t\t\t\t\t\t\t\t\t\t\t\t\t\t\t<span class=\"phone_only\" id=\"r6a97dccace13c5d-20260801\"><span data-date-format=\"l\">Saturday<\/span> <span data-date-format=\"F\">August<\/span> <span data-date-format=\"j\">1<\/span><\/span>\n\t\t\t\t\t\t\t\t\t\t\t<span class=\"no_phone\" aria-hidden=\"true\">1<\/span>\n\t\t\t\t\t\t\t\t\t\t\t\t\t\t\t\t\t\t\t\t<\/div>\n\t\t\t\t\t\t\t\t\t\t\t\t\t\t\t\t\t<\/td>\n\t\t\t\t\t\t\t\t\t\t\t\t\t\t\t\t<td data-dow=\"0\" data-events-count=\"0\" data-feed-keys=\"\" class=\"past empty d_02 dow_0\">\n\t\t\t\t\t\t\t\t\t<div class=\"day\">\n\t\t\t\t\t\t\t\t\t\t\t\t\t\t\t\t\t\t\t\t\t<span class=\"phone_only\" id=\"r6a97dccace13c5d-20260802\"><span data-date-format=\"l\">Sunday<\/span> <span data-date-format=\"F\">August<\/span> <span data-date-format=\"j\">2<\/span><\/span>\n\t\t\t\t\t\t\t\t\t\t\t<span class=\"no_phone\" aria-hidden=\"true\">2<\/span>\n\t\t\t\t\t\t\t\t\t\t\t\t\t\t\t\t\t\t\t\t<\/div>\n\t\t\t\t\t\t\t\t\t\t\t\t\t\t\t\t\t<\/td>\n\t\t\t\t\t\t\t\t<\/tr><tr>\t\t\t\t\t\t\t\t<td data-dow=\"1\" data-events-count=\"0\" data-feed-keys=\"\" class=\"past empty d_03 dow_1\">\n\t\t\t\t\t\t\t\t\t<div class=\"day\">\n\t\t\t\t\t\t\t\t\t\t\t\t\t\t\t\t\t\t\t\t\t<span class=\"phone_only\" id=\"r6a97dccace13c5d-20260803\"><span data-date-format=\"l\">Monday<\/span> <span data-date-format=\"F\">August<\/span> <span data-date-format=\"j\">3<\/span><\/span>\n\t\t\t\t\t\t\t\t\t\t\t<span class=\"no_phone\" aria-hidden=\"true\">3<\/span>\n\t\t\t\t\t\t\t\t\t\t\t\t\t\t\t\t\t\t\t\t<\/div>\n\t\t\t\t\t\t\t\t\t\t\t\t\t\t\t\t\t<\/td>\n\t\t\t\t\t\t\t\t\t\t\t\t\t\t\t\t<td data-dow=\"2\" data-events-count=\"0\" data-feed-keys=\"\" class=\"past empty d_04 dow_2\">\n\t\t\t\t\t\t\t\t\t<div class=\"day\">\n\t\t\t\t\t\t\t\t\t\t\t\t\t\t\t\t\t\t\t\t\t<span class=\"phone_only\" id=\"r6a97dccace13c5d-20260804\"><span data-date-format=\"l\">Tuesday<\/span> <span data-date-format=\"F\">August<\/span> <span data-date-format=\"j\">4<\/span><\/span>\n\t\t\t\t\t\t\t\t\t\t\t<span class=\"no_phone\" aria-hidden=\"true\">4<\/span>\n\t\t\t\t\t\t\t\t\t\t\t\t\t\t\t\t\t\t\t\t<\/div>\n\t\t\t\t\t\t\t\t\t\t\t\t\t\t\t\t\t<\/td>\n\t\t\t\t\t\t\t\t\t\t\t\t\t\t\t\t<td data-dow=\"3\" data-events-count=\"0\" data-feed-keys=\"\" class=\"past empty d_05 dow_3\">\n\t\t\t\t\t\t\t\t\t<div class=\"day\">\n\t\t\t\t\t\t\t\t\t\t\t\t\t\t\t\t\t\t\t\t\t<span class=\"phone_only\" id=\"r6a97dccace13c5d-20260805\"><span data-date-format=\"l\">Wednesday<\/span> <span data-date-format=\"F\">August<\/span> <span data-date-format=\"j\">5<\/span><\/span>\n\t\t\t\t\t\t\t\t\t\t\t<span class=\"no_phone\" aria-hidden=\"true\">5<\/span>\n\t\t\t\t\t\t\t\t\t\t\t\t\t\t\t\t\t\t\t\t<\/div>\n\t\t\t\t\t\t\t\t\t\t\t\t\t\t\t\t\t<\/td>\n\t\t\t\t\t\t\t\t\t\t\t\t\t\t\t\t<td data-dow=\"4\" data-events-count=\"0\" data-feed-keys=\"\" class=\"past empty d_06 dow_4\">\n\t\t\t\t\t\t\t\t\t<div class=\"day\">\n\t\t\t\t\t\t\t\t\t\t\t\t\t\t\t\t\t\t\t\t\t<span class=\"phone_only\" id=\"r6a97dccace13c5d-20260806\"><span data-date-format=\"l\">Thursday<\/span> <span data-date-format=\"F\">August<\/span> <span data-date-format=\"j\">6<\/span><\/span>\n\t\t\t\t\t\t\t\t\t\t\t<span class=\"no_phone\" aria-hidden=\"true\">6<\/span>\n\t\t\t\t\t\t\t\t\t\t\t\t\t\t\t\t\t\t\t\t<\/div>\n\t\t\t\t\t\t\t\t\t\t\t\t\t\t\t\t\t<\/td>\n\t\t\t\t\t\t\t\t\t\t\t\t\t\t\t\t<td data-dow=\"5\" data-events-count=\"0\" data-feed-keys=\"\" class=\"past empty d_07 dow_5\">\n\t\t\t\t\t\t\t\t\t<div class=\"day\">\n\t\t\t\t\t\t\t\t\t\t\t\t\t\t\t\t\t\t\t\t\t<span class=\"phone_only\" id=\"r6a97dccace13c5d-20260807\"><span data-date-format=\"l\">Friday<\/span> <span data-date-format=\"F\">August<\/span> <span data-date-format=\"j\">7<\/span><\/span>\n\t\t\t\t\t\t\t\t\t\t\t<span class=\"no_phone\" aria-hidden=\"true\">7<\/span>\n\t\t\t\t\t\t\t\t\t\t\t\t\t\t\t\t\t\t\t\t<\/div>\n\t\t\t\t\t\t\t\t\t\t\t\t\t\t\t\t\t<\/td>\n\t\t\t\t\t\t\t\t\t\t\t\t\t\t\t\t<td data-dow=\"6\" data-events-count=\"0\" data-feed-keys=\"\" class=\"past empty d_08 dow_6\">\n\t\t\t\t\t\t\t\t\t<div class=\"day\">\n\t\t\t\t\t\t\t\t\t\t\t\t\t\t\t\t\t\t\t\t\t<span class=\"phone_only\" id=\"r6a97dccace13c5d-20260808\"><span data-date-format=\"l\">Saturday<\/span> <span data-date-format=\"F\">August<\/span> <span data-date-format=\"j\">8<\/span><\/span>\n\t\t\t\t\t\t\t\t\t\t\t<span class=\"no_phone\" aria-hidden=\"true\">8<\/span>\n\t\t\t\t\t\t\t\t\t\t\t\t\t\t\t\t\t\t\t\t<\/div>\n\t\t\t\t\t\t\t\t\t\t\t\t\t\t\t\t\t<\/td>\n\t\t\t\t\t\t\t\t\t\t\t\t\t\t\t\t<td data-dow=\"0\" data-events-count=\"0\" data-feed-keys=\"\" class=\"past empty d_09 dow_0\">\n\t\t\t\t\t\t\t\t\t<div class=\"day\">\n\t\t\t\t\t\t\t\t\t\t\t\t\t\t\t\t\t\t\t\t\t<span class=\"phone_only\" id=\"r6a97dccace13c5d-20260809\"><span data-date-format=\"l\">Sunday<\/span> <span data-date-format=\"F\">August<\/span> <span data-date-format=\"j\">9<\/span><\/span>\n\t\t\t\t\t\t\t\t\t\t\t<span class=\"no_phone\" aria-hidden=\"true\">9<\/span>\n\t\t\t\t\t\t\t\t\t\t\t\t\t\t\t\t\t\t\t\t<\/div>\n\t\t\t\t\t\t\t\t\t\t\t\t\t\t\t\t\t<\/td>\n\t\t\t\t\t\t\t\t<\/tr><tr>\t\t\t\t\t\t\t\t<td data-dow=\"1\" data-events-count=\"0\" data-feed-keys=\"\" class=\"past empty d_10 dow_1\">\n\t\t\t\t\t\t\t\t\t<div class=\"day\">\n\t\t\t\t\t\t\t\t\t\t\t\t\t\t\t\t\t\t\t\t\t<span class=\"phone_only\" id=\"r6a97dccace13c5d-20260810\"><span data-date-format=\"l\">Monday<\/span> <span data-date-format=\"F\">August<\/span> <span data-date-format=\"j\">10<\/span><\/span>\n\t\t\t\t\t\t\t\t\t\t\t<span class=\"no_phone\" aria-hidden=\"true\">10<\/span>\n\t\t\t\t\t\t\t\t\t\t\t\t\t\t\t\t\t\t\t\t<\/div>\n\t\t\t\t\t\t\t\t\t\t\t\t\t\t\t\t\t<\/td>\n\t\t\t\t\t\t\t\t\t\t\t\t\t\t\t\t<td data-dow=\"2\" data-events-count=\"0\" data-feed-keys=\"\" class=\"past empty d_11 dow_2\">\n\t\t\t\t\t\t\t\t\t<div class=\"day\">\n\t\t\t\t\t\t\t\t\t\t\t\t\t\t\t\t\t\t\t\t\t<span class=\"phone_only\" id=\"r6a97dccace13c5d-20260811\"><span data-date-format=\"l\">Tuesday<\/span> <span data-date-format=\"F\">August<\/span> <span data-date-format=\"j\">11<\/span><\/span>\n\t\t\t\t\t\t\t\t\t\t\t<span class=\"no_phone\" aria-hidden=\"true\">11<\/span>\n\t\t\t\t\t\t\t\t\t\t\t\t\t\t\t\t\t\t\t\t<\/div>\n\t\t\t\t\t\t\t\t\t\t\t\t\t\t\t\t\t<\/td>\n\t\t\t\t\t\t\t\t\t\t\t\t\t\t\t\t<td data-dow=\"3\" data-events-count=\"0\" data-feed-keys=\"\" class=\"past empty d_12 dow_3\">\n\t\t\t\t\t\t\t\t\t<div class=\"day\">\n\t\t\t\t\t\t\t\t\t\t\t\t\t\t\t\t\t\t\t\t\t<span class=\"phone_only\" id=\"r6a97dccace13c5d-20260812\"><span data-date-format=\"l\">Wednesday<\/span> <span data-date-format=\"F\">August<\/span> <span data-date-format=\"j\">12<\/span><\/span>\n\t\t\t\t\t\t\t\t\t\t\t<span class=\"no_phone\" aria-hidden=\"true\">12<\/span>\n\t\t\t\t\t\t\t\t\t\t\t\t\t\t\t\t\t\t\t\t<\/div>\n\t\t\t\t\t\t\t\t\t\t\t\t\t\t\t\t\t<\/td>\n\t\t\t\t\t\t\t\t\t\t\t\t\t\t\t\t<td data-dow=\"4\" data-events-count=\"0\" data-feed-keys=\"\" class=\"past empty d_13 dow_4\">\n\t\t\t\t\t\t\t\t\t<div class=\"day\">\n\t\t\t\t\t\t\t\t\t\t\t\t\t\t\t\t\t\t\t\t\t<span class=\"phone_only\" id=\"r6a97dccace13c5d-20260813\"><span data-date-format=\"l\">Thursday<\/span> <span data-date-format=\"F\">August<\/span> <span data-date-format=\"j\">13<\/span><\/span>\n\t\t\t\t\t\t\t\t\t\t\t<span class=\"no_phone\" aria-hidden=\"true\">13<\/span>\n\t\t\t\t\t\t\t\t\t\t\t\t\t\t\t\t\t\t\t\t<\/div>\n\t\t\t\t\t\t\t\t\t\t\t\t\t\t\t\t\t<\/td>\n\t\t\t\t\t\t\t\t\t\t\t\t\t\t\t\t<td data-dow=\"5\" data-events-count=\"0\" data-feed-keys=\"\" class=\"past empty d_14 dow_5\">\n\t\t\t\t\t\t\t\t\t<div class=\"day\">\n\t\t\t\t\t\t\t\t\t\t\t\t\t\t\t\t\t\t\t\t\t<span class=\"phone_only\" id=\"r6a97dccace13c5d-20260814\"><span data-date-format=\"l\">Friday<\/span> <span data-date-format=\"F\">August<\/span> <span data-date-format=\"j\">14<\/span><\/span>\n\t\t\t\t\t\t\t\t\t\t\t<span class=\"no_phone\" aria-hidden=\"true\">14<\/span>\n\t\t\t\t\t\t\t\t\t\t\t\t\t\t\t\t\t\t\t\t<\/div>\n\t\t\t\t\t\t\t\t\t\t\t\t\t\t\t\t\t<\/td>\n\t\t\t\t\t\t\t\t\t\t\t\t\t\t\t\t<td data-dow=\"6\" data-events-count=\"0\" data-feed-keys=\"\" class=\"past empty d_15 dow_6\">\n\t\t\t\t\t\t\t\t\t<div class=\"day\">\n\t\t\t\t\t\t\t\t\t\t\t\t\t\t\t\t\t\t\t\t\t<span class=\"phone_only\" id=\"r6a97dccace13c5d-20260815\"><span data-date-format=\"l\">Saturday<\/span> <span data-date-format=\"F\">August<\/span> <span data-date-format=\"j\">15<\/span><\/span>\n\t\t\t\t\t\t\t\t\t\t\t<span class=\"no_phone\" aria-hidden=\"true\">15<\/span>\n\t\t\t\t\t\t\t\t\t\t\t\t\t\t\t\t\t\t\t\t<\/div>\n\t\t\t\t\t\t\t\t\t\t\t\t\t\t\t\t\t<\/td>\n\t\t\t\t\t\t\t\t\t\t\t\t\t\t\t\t<td data-dow=\"0\" data-events-count=\"0\" data-feed-keys=\"\" class=\"past empty d_16 dow_0\">\n\t\t\t\t\t\t\t\t\t<div class=\"day\">\n\t\t\t\t\t\t\t\t\t\t\t\t\t\t\t\t\t\t\t\t\t<span class=\"phone_only\" id=\"r6a97dccace13c5d-20260816\"><span data-date-format=\"l\">Sunday<\/span> <span data-date-format=\"F\">August<\/span> <span data-date-format=\"j\">16<\/span><\/span>\n\t\t\t\t\t\t\t\t\t\t\t<span class=\"no_phone\" aria-hidden=\"true\">16<\/span>\n\t\t\t\t\t\t\t\t\t\t\t\t\t\t\t\t\t\t\t\t<\/div>\n\t\t\t\t\t\t\t\t\t\t\t\t\t\t\t\t\t<\/td>\n\t\t\t\t\t\t\t\t<\/tr><tr>\t\t\t\t\t\t\t\t<td data-dow=\"1\" data-events-count=\"0\" data-feed-keys=\"\" class=\"past empty d_17 dow_1\">\n\t\t\t\t\t\t\t\t\t<div class=\"day\">\n\t\t\t\t\t\t\t\t\t\t\t\t\t\t\t\t\t\t\t\t\t<span class=\"phone_only\" id=\"r6a97dccace13c5d-20260817\"><span data-date-format=\"l\">Monday<\/span> <span data-date-format=\"F\">August<\/span> <span data-date-format=\"j\">17<\/span><\/span>\n\t\t\t\t\t\t\t\t\t\t\t<span class=\"no_phone\" aria-hidden=\"true\">17<\/span>\n\t\t\t\t\t\t\t\t\t\t\t\t\t\t\t\t\t\t\t\t<\/div>\n\t\t\t\t\t\t\t\t\t\t\t\t\t\t\t\t\t<\/td>\n\t\t\t\t\t\t\t\t\t\t\t\t\t\t\t\t<td data-dow=\"2\" data-events-count=\"0\" data-feed-keys=\"\" class=\"past empty d_18 dow_2\">\n\t\t\t\t\t\t\t\t\t<div class=\"day\">\n\t\t\t\t\t\t\t\t\t\t\t\t\t\t\t\t\t\t\t\t\t<span class=\"phone_only\" id=\"r6a97dccace13c5d-20260818\"><span data-date-format=\"l\">Tuesday<\/span> <span data-date-format=\"F\">August<\/span> <span data-date-format=\"j\">18<\/span><\/span>\n\t\t\t\t\t\t\t\t\t\t\t<span class=\"no_phone\" aria-hidden=\"true\">18<\/span>\n\t\t\t\t\t\t\t\t\t\t\t\t\t\t\t\t\t\t\t\t<\/div>\n\t\t\t\t\t\t\t\t\t\t\t\t\t\t\t\t\t<\/td>\n\t\t\t\t\t\t\t\t\t\t\t\t\t\t\t\t<td data-dow=\"3\" data-events-count=\"0\" data-feed-keys=\"\" class=\"past empty d_19 dow_3\">\n\t\t\t\t\t\t\t\t\t<div class=\"day\">\n\t\t\t\t\t\t\t\t\t\t\t\t\t\t\t\t\t\t\t\t\t<span class=\"phone_only\" id=\"r6a97dccace13c5d-20260819\"><span data-date-format=\"l\">Wednesday<\/span> <span data-date-format=\"F\">August<\/span> <span data-date-format=\"j\">19<\/span><\/span>\n\t\t\t\t\t\t\t\t\t\t\t<span class=\"no_phone\" aria-hidden=\"true\">19<\/span>\n\t\t\t\t\t\t\t\t\t\t\t\t\t\t\t\t\t\t\t\t<\/div>\n\t\t\t\t\t\t\t\t\t\t\t\t\t\t\t\t\t<\/td>\n\t\t\t\t\t\t\t\t\t\t\t\t\t\t\t\t<td data-dow=\"4\" data-events-count=\"0\" data-feed-keys=\"\" class=\"past empty d_20 dow_4\">\n\t\t\t\t\t\t\t\t\t<div class=\"day\">\n\t\t\t\t\t\t\t\t\t\t\t\t\t\t\t\t\t\t\t\t\t<span class=\"phone_only\" id=\"r6a97dccace13c5d-20260820\"><span data-date-format=\"l\">Thursday<\/span> <span data-date-format=\"F\">August<\/span> <span data-date-format=\"j\">20<\/span><\/span>\n\t\t\t\t\t\t\t\t\t\t\t<span class=\"no_phone\" aria-hidden=\"true\">20<\/span>\n\t\t\t\t\t\t\t\t\t\t\t\t\t\t\t\t\t\t\t\t<\/div>\n\t\t\t\t\t\t\t\t\t\t\t\t\t\t\t\t\t<\/td>\n\t\t\t\t\t\t\t\t\t\t\t\t\t\t\t\t<td data-dow=\"5\" data-events-count=\"0\" data-feed-keys=\"\" class=\"past empty d_21 dow_5\">\n\t\t\t\t\t\t\t\t\t<div class=\"day\">\n\t\t\t\t\t\t\t\t\t\t\t\t\t\t\t\t\t\t\t\t\t<span class=\"phone_only\" id=\"r6a97dccace13c5d-20260821\"><span data-date-format=\"l\">Friday<\/span> <span data-date-format=\"F\">August<\/span> <span data-date-format=\"j\">21<\/span><\/span>\n\t\t\t\t\t\t\t\t\t\t\t<span class=\"no_phone\" aria-hidden=\"true\">21<\/span>\n\t\t\t\t\t\t\t\t\t\t\t\t\t\t\t\t\t\t\t\t<\/div>\n\t\t\t\t\t\t\t\t\t\t\t\t\t\t\t\t\t<\/td>\n\t\t\t\t\t\t\t\t\t\t\t\t\t\t\t\t<td data-dow=\"6\" data-events-count=\"0\" data-feed-keys=\"\" class=\"past empty d_22 dow_6\">\n\t\t\t\t\t\t\t\t\t<div class=\"day\">\n\t\t\t\t\t\t\t\t\t\t\t\t\t\t\t\t\t\t\t\t\t<span class=\"phone_only\" id=\"r6a97dccace13c5d-20260822\"><span data-date-format=\"l\">Saturday<\/span> <span data-date-format=\"F\">August<\/span> <span data-date-format=\"j\">22<\/span><\/span>\n\t\t\t\t\t\t\t\t\t\t\t<span class=\"no_phone\" aria-hidden=\"true\">22<\/span>\n\t\t\t\t\t\t\t\t\t\t\t\t\t\t\t\t\t\t\t\t<\/div>\n\t\t\t\t\t\t\t\t\t\t\t\t\t\t\t\t\t<\/td>\n\t\t\t\t\t\t\t\t\t\t\t\t\t\t\t\t<td data-dow=\"0\" data-events-count=\"0\" data-feed-keys=\"\" class=\"past empty d_23 dow_0\">\n\t\t\t\t\t\t\t\t\t<div class=\"day\">\n\t\t\t\t\t\t\t\t\t\t\t\t\t\t\t\t\t\t\t\t\t<span class=\"phone_only\" id=\"r6a97dccace13c5d-20260823\"><span data-date-format=\"l\">Sunday<\/span> <span data-date-format=\"F\">August<\/span> <span data-date-format=\"j\">23<\/span><\/span>\n\t\t\t\t\t\t\t\t\t\t\t<span class=\"no_phone\" aria-hidden=\"true\">23<\/span>\n\t\t\t\t\t\t\t\t\t\t\t\t\t\t\t\t\t\t\t\t<\/div>\n\t\t\t\t\t\t\t\t\t\t\t\t\t\t\t\t\t<\/td>\n\t\t\t\t\t\t\t\t<\/tr><tr>\t\t\t\t\t\t\t\t<td data-dow=\"1\" data-events-count=\"0\" data-feed-keys=\"\" class=\"past empty d_24 dow_1\">\n\t\t\t\t\t\t\t\t\t<div class=\"day\">\n\t\t\t\t\t\t\t\t\t\t\t\t\t\t\t\t\t\t\t\t\t<span class=\"phone_only\" id=\"r6a97dccace13c5d-20260824\"><span data-date-format=\"l\">Monday<\/span> <span data-date-format=\"F\">August<\/span> <span data-date-format=\"j\">24<\/span><\/span>\n\t\t\t\t\t\t\t\t\t\t\t<span class=\"no_phone\" aria-hidden=\"true\">24<\/span>\n\t\t\t\t\t\t\t\t\t\t\t\t\t\t\t\t\t\t\t\t<\/div>\n\t\t\t\t\t\t\t\t\t\t\t\t\t\t\t\t\t<\/td>\n\t\t\t\t\t\t\t\t\t\t\t\t\t\t\t\t<td data-dow=\"2\" data-events-count=\"0\" data-feed-keys=\"\" class=\"past empty d_25 dow_2\">\n\t\t\t\t\t\t\t\t\t<div class=\"day\">\n\t\t\t\t\t\t\t\t\t\t\t\t\t\t\t\t\t\t\t\t\t<span class=\"phone_only\" id=\"r6a97dccace13c5d-20260825\"><span data-date-format=\"l\">Tuesday<\/span> <span data-date-format=\"F\">August<\/span> <span data-date-format=\"j\">25<\/span><\/span>\n\t\t\t\t\t\t\t\t\t\t\t<span class=\"no_phone\" aria-hidden=\"true\">25<\/span>\n\t\t\t\t\t\t\t\t\t\t\t\t\t\t\t\t\t\t\t\t<\/div>\n\t\t\t\t\t\t\t\t\t\t\t\t\t\t\t\t\t<\/td>\n\t\t\t\t\t\t\t\t\t\t\t\t\t\t\t\t<td data-dow=\"3\" data-events-count=\"0\" data-feed-keys=\"\" class=\"past empty d_26 dow_3\">\n\t\t\t\t\t\t\t\t\t<div class=\"day\">\n\t\t\t\t\t\t\t\t\t\t\t\t\t\t\t\t\t\t\t\t\t<span class=\"phone_only\" id=\"r6a97dccace13c5d-20260826\"><span data-date-format=\"l\">Wednesday<\/span> <span data-date-format=\"F\">August<\/span> <span data-date-format=\"j\">26<\/span><\/span>\n\t\t\t\t\t\t\t\t\t\t\t<span class=\"no_phone\" aria-hidden=\"true\">26<\/span>\n\t\t\t\t\t\t\t\t\t\t\t\t\t\t\t\t\t\t\t\t<\/div>\n\t\t\t\t\t\t\t\t\t\t\t\t\t\t\t\t\t<\/td>\n\t\t\t\t\t\t\t\t\t\t\t\t\t\t\t\t<td data-dow=\"4\" data-events-count=\"0\" data-feed-keys=\"\" class=\"past empty d_27 dow_4\">\n\t\t\t\t\t\t\t\t\t<div class=\"day\">\n\t\t\t\t\t\t\t\t\t\t\t\t\t\t\t\t\t\t\t\t\t<span class=\"phone_only\" id=\"r6a97dccace13c5d-20260827\"><span data-date-format=\"l\">Thursday<\/span> <span data-date-format=\"F\">August<\/span> <span data-date-format=\"j\">27<\/span><\/span>\n\t\t\t\t\t\t\t\t\t\t\t<span class=\"no_phone\" aria-hidden=\"true\">27<\/span>\n\t\t\t\t\t\t\t\t\t\t\t\t\t\t\t\t\t\t\t\t<\/div>\n\t\t\t\t\t\t\t\t\t\t\t\t\t\t\t\t\t<\/td>\n\t\t\t\t\t\t\t\t\t\t\t\t\t\t\t\t<td data-dow=\"5\" data-events-count=\"0\" data-feed-keys=\"\" class=\"past empty d_28 dow_5\">\n\t\t\t\t\t\t\t\t\t<div class=\"day\">\n\t\t\t\t\t\t\t\t\t\t\t\t\t\t\t\t\t\t\t\t\t<span class=\"phone_only\" id=\"r6a97dccace13c5d-20260828\"><span data-date-format=\"l\">Friday<\/span> <span data-date-format=\"F\">August<\/span> <span data-date-format=\"j\">28<\/span><\/span>\n\t\t\t\t\t\t\t\t\t\t\t<span class=\"no_phone\" aria-hidden=\"true\">28<\/span>\n\t\t\t\t\t\t\t\t\t\t\t\t\t\t\t\t\t\t\t\t<\/div>\n\t\t\t\t\t\t\t\t\t\t\t\t\t\t\t\t\t<\/td>\n\t\t\t\t\t\t\t\t\t\t\t\t\t\t\t\t<td data-dow=\"6\" data-events-count=\"0\" data-feed-keys=\"\" class=\"past empty d_29 dow_6\">\n\t\t\t\t\t\t\t\t\t<div class=\"day\">\n\t\t\t\t\t\t\t\t\t\t\t\t\t\t\t\t\t\t\t\t\t<span class=\"phone_only\" id=\"r6a97dccace13c5d-20260829\"><span data-date-format=\"l\">Saturday<\/span> <span data-date-format=\"F\">August<\/span> <span data-date-format=\"j\">29<\/span><\/span>\n\t\t\t\t\t\t\t\t\t\t\t<span class=\"no_phone\" aria-hidden=\"true\">29<\/span>\n\t\t\t\t\t\t\t\t\t\t\t\t\t\t\t\t\t\t\t\t<\/div>\n\t\t\t\t\t\t\t\t\t\t\t\t\t\t\t\t\t<\/td>\n\t\t\t\t\t\t\t\t\t\t\t\t\t\t\t\t<td data-dow=\"0\" data-events-count=\"0\" data-feed-keys=\"\" class=\"past empty d_30 dow_0\">\n\t\t\t\t\t\t\t\t\t<div class=\"day\">\n\t\t\t\t\t\t\t\t\t\t\t\t\t\t\t\t\t\t\t\t\t<span class=\"phone_only\" id=\"r6a97dccace13c5d-20260830\"><span data-date-format=\"l\">Sunday<\/span> <span data-date-format=\"F\">August<\/span> <span data-date-format=\"j\">30<\/span><\/span>\n\t\t\t\t\t\t\t\t\t\t\t<span class=\"no_phone\" aria-hidden=\"true\">30<\/span>\n\t\t\t\t\t\t\t\t\t\t\t\t\t\t\t\t\t\t\t\t<\/div>\n\t\t\t\t\t\t\t\t\t\t\t\t\t\t\t\t\t<\/td>\n\t\t\t\t\t\t\t\t<\/tr><tr>\t\t\t\t\t\t\t\t<td data-dow=\"1\" data-events-count=\"0\" data-feed-keys=\"\" class=\"past empty d_31 dow_1\">\n\t\t\t\t\t\t\t\t\t<div class=\"day\">\n\t\t\t\t\t\t\t\t\t\t\t\t\t\t\t\t\t\t\t\t\t<span class=\"phone_only\" id=\"r6a97dccace13c5d-20260831\"><span data-date-format=\"l\">Monday<\/span> <span data-date-format=\"F\">August<\/span> <span data-date-format=\"j\">31<\/span><\/span>\n\t\t\t\t\t\t\t\t\t\t\t<span class=\"no_phone\" aria-hidden=\"true\">31<\/span>\n\t\t\t\t\t\t\t\t\t\t\t\t\t\t\t\t\t\t\t\t<\/div>\n\t\t\t\t\t\t\t\t\t\t\t\t\t\t\t\t\t<\/td>\n\t\t\t\t\t\t\t\t\t\t\t\t\t\t\t\t<td class=\"off\" data-dow=\"2\"><\/td>\n\t\t\t\t\t\t\t\t\t\t\t\t\t\t\t\t<td class=\"off\" data-dow=\"3\"><\/td>\n\t\t\t\t\t\t\t\t\t\t\t\t\t\t\t\t<td class=\"off\" data-dow=\"4\"><\/td>\n\t\t\t\t\t\t\t\t\t\t\t\t\t\t\t\t<td class=\"off\" data-dow=\"5\"><\/td>\n\t\t\t\t\t\t\t\t\t\t\t\t\t\t\t\t<td class=\"off\" data-dow=\"6\"><\/td>\n\t\t\t\t\t\t\t\t\t\t\t\t\t\t\t\t<td class=\"off\" data-dow=\"0\"><\/td>\n\t\t\t\t\t\t\t\t\t\t\t\t\t\t<\/tr>\n\t\t\t\t\t<\/tbody>\n\t\t\t\t<\/table>\n\n\t\t\t\t\t\t\t\t\t<p class=\"phone_only no_events\">\n\t\t\t\t\t\tNo events.\t\t\t\t\t<\/p>\n\t\t\t\t\t\n\t\t\t<\/article>\n\t\t\t\t\t\t<article class=\"ics-calendar-month-wrapper\" style=\"display: none;\" data-year-month=\"202609\" data-is-this-month=\"1\">\n\n\t\t\t\t\t\t\t\t\t<h3 class=\"ics-calendar-label\" id=\"r6a97dccace13c5d-202609\">September 2026<\/h3>\n\t\t\t\t\t\t\t\t\t\n\t\t\t\t<table class=\"ics-calendar-month-grid\" aria-labelledby=\"r6a97dccace13c5d-202609\">\n\t\t\t\t\t<thead>\n\t\t\t\t\t\t<tr>\n\t\t\t\t\t\t\t\t\t\t\t\t\t\t\t<th data-dow=\"1\">Monday<\/th>\n\t\t\t\t\t\t\t\t\t\t\t\t\t\t\t\t<th data-dow=\"2\">Tuesday<\/th>\n\t\t\t\t\t\t\t\t\t\t\t\t\t\t\t\t<th data-dow=\"3\">Wednesday<\/th>\n\t\t\t\t\t\t\t\t\t\t\t\t\t\t\t\t<th data-dow=\"4\">Thursday<\/th>\n\t\t\t\t\t\t\t\t\t\t\t\t\t\t\t\t<th data-dow=\"5\">Friday<\/th>\n\t\t\t\t\t\t\t\t\t\t\t\t\t\t\t\t<th data-dow=\"6\">Saturday<\/th>\n\t\t\t\t\t\t\t\t\t\t\t\t\t\t\t\t<th data-dow=\"0\">Sunday<\/th>\n\t\t\t\t\t\t\t\t\t\t\t\t\t\t<\/tr>\n\t\t\t\t\t<\/thead>\n\n\t\t\t\t\t<tbody>\n\t\t\t\t\t\t<tr>\n\t\t\t\t\t\t\t\t\t\t\t\t\t\t\t<td class=\"off\" data-dow=\"1\"><\/td>\n\t\t\t\t\t\t\t\t\t\t\t\t\t\t\t\t<td data-dow=\"2\" data-events-count=\"0\" data-feed-keys=\"\" class=\"past empty d_01 dow_2\">\n\t\t\t\t\t\t\t\t\t<div class=\"day\">\n\t\t\t\t\t\t\t\t\t\t\t\t\t\t\t\t\t\t\t\t\t<span class=\"phone_only\" id=\"r6a97dccace13c5d-20260901\"><span data-date-format=\"l\">Tuesday<\/span> <span data-date-format=\"F\">September<\/span> <span data-date-format=\"j\">1<\/span><\/span>\n\t\t\t\t\t\t\t\t\t\t\t<span class=\"no_phone\" aria-hidden=\"true\">1<\/span>\n\t\t\t\t\t\t\t\t\t\t\t\t\t\t\t\t\t\t\t\t<\/div>\n\t\t\t\t\t\t\t\t\t\t\t\t\t\t\t\t\t<\/td>\n\t\t\t\t\t\t\t\t\t\t\t\t\t\t\t\t<td data-dow=\"3\" data-events-count=\"1\" data-feed-keys=\"0\" class=\"today has_events d_02 dow_3\">\n\t\t\t\t\t\t\t\t\t<div class=\"day\">\n\t\t\t\t\t\t\t\t\t\t\t\t\t\t\t\t\t\t\t\t\t<span class=\"phone_only\" id=\"r6a97dccace13c5d-20260902\"><span data-date-format=\"l\">Wednesday<\/span> <span data-date-format=\"F\">September<\/span> <span data-date-format=\"j\">2<\/span><\/span>\n\t\t\t\t\t\t\t\t\t\t\t<span class=\"no_phone\" aria-hidden=\"true\">2<\/span>\n\t\t\t\t\t\t\t\t\t\t\t\t\t\t\t\t\t\t\t\t<\/div>\n\t\t\t\t\t\t\t\t\t\t\t\t\t\t\t\t\t\t\t<ul class=\"events\" aria-labelledby=\"r6a97dccace13c5d-20260902\">\n\t\t\t\t\t\t\t\t\t\t\t\t\t\t\t\t\t\t\t\t\t\t\t\t\t<li class=\"event all-day\" data-feed-key=\"0\">\n\t\t\t\t\t\t\t\t\t\t\t\t\t\t\t\t\t\t\t\t\t\t\t\t\t\t\t\t\t\t\t<span class=\"all-day-indicator\">All Day<\/span>\n\t\t\t\t\t\t\t\t\t\t\t\t\t\t\t\t<span class=\"title has_desc confirmed\">The Gardener &amp; The Tree at Musikzentrum Hannover (02 Sep 26)<\/span><div class=\"descloc hover_block\"><div class=\"title_in_hover_block\"><span class=\"title confirmed\">The Gardener &amp; The Tree at Musikzentrum Hannover (02 Sep 26)<\/span><\/div><div class=\"location\">Musikzentrum Hannover, Emil-Meyer-Str. 26-28, 30165, Hannover, Germany<\/div><div class=\"eventdesc\"><p><a href=\"https:\/\/www.songkick.com\/concerts\/43060431-gardener-and-the-tree-at-musikzentrum-hannover?utm_campaign=tracked_artist&#038;utm_content=ZD0yNDYxMjg2JnU9MTM3MjI4MTU5&#038;utm_medium=feed&#038;utm_source=ical\" rel=\"nofollow\">https:\/\/www.songkick.com\/concerts\/43060431-gardener-and-the-tree-at-musikzentrum-hannover?utm_campaign=tracked_artist&#038;utm_content=ZD0yNDYxMjg2JnU9MTM3MjI4MTU5&#038;utm_medium=feed&#038;utm_source=ical<\/a><\/p><\/div><\/div>\t\t\t\t\t\t\t\t\t\t\t\t\t\t<\/li>\n\t\t\t\t\t\t\t\t\t\t\t\t\t\t\t\t\t\t\t\t\t\t\t\t<\/ul>\n\t\t\t\t\t\t\t\t\t\t\t\t\t\t\t\t\t\t<\/td>\n\t\t\t\t\t\t\t\t\t\t\t\t\t\t\t\t<td data-dow=\"4\" data-events-count=\"1\" data-feed-keys=\"0\" class=\"future has_events d_03 dow_4\">\n\t\t\t\t\t\t\t\t\t<div class=\"day\">\n\t\t\t\t\t\t\t\t\t\t\t\t\t\t\t\t\t\t\t\t\t<span class=\"phone_only\" id=\"r6a97dccace13c5d-20260903\"><span data-date-format=\"l\">Thursday<\/span> <span data-date-format=\"F\">September<\/span> <span data-date-format=\"j\">3<\/span><\/span>\n\t\t\t\t\t\t\t\t\t\t\t<span class=\"no_phone\" aria-hidden=\"true\">3<\/span>\n\t\t\t\t\t\t\t\t\t\t\t\t\t\t\t\t\t\t\t\t<\/div>\n\t\t\t\t\t\t\t\t\t\t\t\t\t\t\t\t\t\t\t<ul class=\"events\" aria-labelledby=\"r6a97dccace13c5d-20260903\">\n\t\t\t\t\t\t\t\t\t\t\t\t\t\t\t\t\t\t\t\t\t\t\t\t\t<li class=\"event all-day\" data-feed-key=\"0\">\n\t\t\t\t\t\t\t\t\t\t\t\t\t\t\t\t\t\t\t\t\t\t\t\t\t\t\t\t\t\t\t<span class=\"all-day-indicator\">All Day<\/span>\n\t\t\t\t\t\t\t\t\t\t\t\t\t\t\t\t<span class=\"title has_desc confirmed\">The Gardener &amp; The Tree at Fabrik (03 Sep 26)<\/span><div class=\"descloc hover_block\"><div class=\"title_in_hover_block\"><span class=\"title confirmed\">The Gardener &amp; The Tree at Fabrik (03 Sep 26)<\/span><\/div><div class=\"location\">Fabrik, Barnerstr. 36, 22765, Hamburg, Germany<\/div><div class=\"eventdesc\"><p><a href=\"https:\/\/www.songkick.com\/concerts\/43060432-gardener-and-the-tree-at-fabrik?utm_campaign=tracked_artist&#038;utm_content=ZD0yNDYxMjg2JnU9MTM3MjI4MTU5&#038;utm_medium=feed&#038;utm_source=ical\" rel=\"nofollow\">https:\/\/www.songkick.com\/concerts\/43060432-gardener-and-the-tree-at-fabrik?utm_campaign=tracked_artist&#038;utm_content=ZD0yNDYxMjg2JnU9MTM3MjI4MTU5&#038;utm_medium=feed&#038;utm_source=ical<\/a><\/p><\/div><\/div>\t\t\t\t\t\t\t\t\t\t\t\t\t\t<\/li>\n\t\t\t\t\t\t\t\t\t\t\t\t\t\t\t\t\t\t\t\t\t\t\t\t<\/ul>\n\t\t\t\t\t\t\t\t\t\t\t\t\t\t\t\t\t\t<\/td>\n\t\t\t\t\t\t\t\t\t\t\t\t\t\t\t\t<td data-dow=\"5\" data-events-count=\"3\" data-feed-keys=\"0\" class=\"future has_events d_04 dow_5\">\n\t\t\t\t\t\t\t\t\t<div class=\"day\">\n\t\t\t\t\t\t\t\t\t\t\t\t\t\t\t\t\t\t\t\t\t<span class=\"phone_only\" id=\"r6a97dccace13c5d-20260904\"><span data-date-format=\"l\">Friday<\/span> <span data-date-format=\"F\">September<\/span> <span data-date-format=\"j\">4<\/span><\/span>\n\t\t\t\t\t\t\t\t\t\t\t<span class=\"no_phone\" aria-hidden=\"true\">4<\/span>\n\t\t\t\t\t\t\t\t\t\t\t\t\t\t\t\t\t\t\t\t<\/div>\n\t\t\t\t\t\t\t\t\t\t\t\t\t\t\t\t\t\t\t<ul class=\"events\" aria-labelledby=\"r6a97dccace13c5d-20260904\">\n\t\t\t\t\t\t\t\t\t\t\t\t\t\t\t\t\t\t\t\t\t\t\t\t\t<li class=\"event all-day\" data-feed-key=\"0\">\n\t\t\t\t\t\t\t\t\t\t\t\t\t\t\t\t\t\t\t\t\t\t\t\t\t\t\t\t\t\t\t<span class=\"all-day-indicator\">All Day<\/span>\n\t\t\t\t\t\t\t\t\t\t\t\t\t\t\t\t<span class=\"title has_desc confirmed\">Fischer-Z at Coliseu dos Recreios (04 Sep 26)<\/span><div class=\"descloc hover_block\"><div class=\"title_in_hover_block\"><span class=\"title confirmed\">Fischer-Z at Coliseu dos Recreios (04 Sep 26)<\/span><\/div><div class=\"location\">Coliseu dos Recreios, Rua das Portas de Santo Ant\u00e3o, 96, 1150-269, Lisbon, Portugal<\/div><div class=\"eventdesc\"><p><a href=\"https:\/\/www.songkick.com\/concerts\/43064913-fischerz-at-coliseu-dos-recreios?utm_campaign=tracked_artist&#038;utm_content=ZD0yNDYxMjg2JnU9MTM3MjI4MTU5&#038;utm_medium=feed&#038;utm_source=ical\" rel=\"nofollow\">https:\/\/www.songkick.com\/concerts\/43064913-fischerz-at-coliseu-dos-recreios?utm_campaign=tracked_artist&#038;utm_content=ZD0yNDYxMjg2JnU9MTM3MjI4MTU5&#038;utm_medium=feed&#038;utm_source=ical<\/a><\/p><\/div><\/div>\t\t\t\t\t\t\t\t\t\t\t\t\t\t<\/li>\n\t\t\t\t\t\t\t\t\t\t\t\t\t\t\t\t\t\t\t\t\t\t\t\t\t\t\t\t<li class=\"event all-day\" data-feed-key=\"0\">\n\t\t\t\t\t\t\t\t\t\t\t\t\t\t\t<span class=\"title has_desc confirmed\">Jan Delay at Festplatz am Sportforum (04 Sep 26) with Disko No.1<\/span><div class=\"descloc hover_block\"><div class=\"title_in_hover_block\"><span class=\"title confirmed\">Jan Delay at Festplatz am Sportforum (04 Sep 26) with Disko No.1<\/span><\/div><div class=\"location\">Festplatz am Sportforum, Friedenstra\u00dfe, 26386, Wilhelmshaven, Germany<\/div><div class=\"eventdesc\"><p><a href=\"https:\/\/www.songkick.com\/concerts\/42880056-jan-delay-at-festplatz-am-sportforum?utm_campaign=tracked_artist&#038;utm_content=ZD0yNDYxMjg2JnU9MTM3MjI4MTU5&#038;utm_medium=feed&#038;utm_source=ical\" rel=\"nofollow\">https:\/\/www.songkick.com\/concerts\/42880056-jan-delay-at-festplatz-am-sportforum?utm_campaign=tracked_artist&#038;utm_content=ZD0yNDYxMjg2JnU9MTM3MjI4MTU5&#038;utm_medium=feed&#038;utm_source=ical<\/a><\/p><\/div><\/div>\t\t\t\t\t\t\t\t\t\t\t\t\t\t<\/li>\n\t\t\t\t\t\t\t\t\t\t\t\t\t\t\t\t\t\t\t\t\t\t\t\t\t\t\t\t<li class=\"event all-day\" data-feed-key=\"0\">\n\t\t\t\t\t\t\t\t\t\t\t\t\t\t\t<span class=\"title has_desc confirmed\">The Gardener &amp; The Tree at Batschkapp Sommergarten (04 Sep 26)<\/span><div class=\"descloc hover_block\"><div class=\"title_in_hover_block\"><span class=\"title confirmed\">The Gardener &amp; The Tree at Batschkapp Sommergarten (04 Sep 26)<\/span><\/div><div class=\"location\">Batschkapp Sommergarten, Gwinnerstra\u00dfe 5, 60388, Frankfurt, Germany<\/div><div class=\"eventdesc\"><p><a href=\"https:\/\/www.songkick.com\/concerts\/43060422-gardener-and-the-tree-at-batschkapp-sommergarten?utm_campaign=tracked_artist&#038;utm_content=ZD0yNDYxMjg2JnU9MTM3MjI4MTU5&#038;utm_medium=feed&#038;utm_source=ical\" rel=\"nofollow\">https:\/\/www.songkick.com\/concerts\/43060422-gardener-and-the-tree-at-batschkapp-sommergarten?utm_campaign=tracked_artist&#038;utm_content=ZD0yNDYxMjg2JnU9MTM3MjI4MTU5&#038;utm_medium=feed&#038;utm_source=ical<\/a><\/p><\/div><\/div>\t\t\t\t\t\t\t\t\t\t\t\t\t\t<\/li>\n\t\t\t\t\t\t\t\t\t\t\t\t\t\t\t\t\t\t\t\t\t\t\t\t<\/ul>\n\t\t\t\t\t\t\t\t\t\t\t\t\t\t\t\t\t\t<\/td>\n\t\t\t\t\t\t\t\t\t\t\t\t\t\t\t\t<td data-dow=\"6\" data-events-count=\"4\" data-feed-keys=\"0\" class=\"future has_events d_05 dow_6\">\n\t\t\t\t\t\t\t\t\t<div class=\"day\">\n\t\t\t\t\t\t\t\t\t\t\t\t\t\t\t\t\t\t\t\t\t<span class=\"phone_only\" id=\"r6a97dccace13c5d-20260905\"><span data-date-format=\"l\">Saturday<\/span> <span data-date-format=\"F\">September<\/span> <span data-date-format=\"j\">5<\/span><\/span>\n\t\t\t\t\t\t\t\t\t\t\t<span class=\"no_phone\" aria-hidden=\"true\">5<\/span>\n\t\t\t\t\t\t\t\t\t\t\t\t\t\t\t\t\t\t\t\t<\/div>\n\t\t\t\t\t\t\t\t\t\t\t\t\t\t\t\t\t\t\t<ul class=\"events\" aria-labelledby=\"r6a97dccace13c5d-20260905\">\n\t\t\t\t\t\t\t\t\t\t\t\t\t\t\t\t\t\t\t\t\t\t\t\t\t<li class=\"event all-day multiday_first\" data-feed-key=\"0\">\n\t\t\t\t\t\t\t\t\t\t\t\t\t\t\t\t\t\t\t\t\t\t\t\t\t\t\t\t\t\t\t<span class=\"all-day-indicator\">All Day<\/span>\n\t\t\t\t\t\t\t\t\t\t\t\t\t\t\t\t<span class=\"title has_desc confirmed\">Rock In Rio 2026<\/span><div class=\"descloc hover_block\"><div class=\"date_in_hover_block\"><span class=\"multiday-start\"><span data-date-format=\"l\">Saturday<\/span> <span data-date-format=\"F\">September<\/span> <span data-date-format=\"j\">5<\/span><\/span><span class=\"multiday-sep\"> &#8211; <\/span><span class=\"multiday-end\"><span data-date-format=\"l\">Sunday<\/span> <span data-date-format=\"F\">September<\/span> <span data-date-format=\"j\">13<\/span><\/span><\/div><div class=\"title_in_hover_block\"><span class=\"title confirmed\">Rock In Rio 2026<\/span><\/div><div class=\"location\">Barra Olympic Park \/ Parque Ol\u00edmpico da Barra, Av. Embaixador Abelardo Bueno, 3401 - Barra da Tijuca, 22775-039, Rio de Janeiro, Brazil<\/div><div class=\"eventdesc\"><p><a href=\"https:\/\/www.songkick.com\/festivals\/1325-rock-in-rio\/id\/42907787-rock-in-rio-2026?utm_campaign=tracked_artist&#038;utm_content=ZD0yNDYxMjg2JnU9MTM3MjI4MTU5&#038;utm_medium=feed&#038;utm_source=ical\" rel=\"nofollow\">https:\/\/www.songkick.com\/festivals\/1325-rock-in-rio\/id\/42907787-rock-in-rio-2026?utm_campaign=tracked_artist&#038;utm_content=ZD0yNDYxMjg2JnU9MTM3MjI4MTU5&#038;utm_medium=feed&#038;utm_source=ical<\/a><\/p><\/div><\/div>\t\t\t\t\t\t\t\t\t\t\t\t\t\t<\/li>\n\t\t\t\t\t\t\t\t\t\t\t\t\t\t\t\t\t\t\t\t\t\t\t\t\t\t\t\t<li class=\"event all-day\" data-feed-key=\"0\">\n\t\t\t\t\t\t\t\t\t\t\t\t\t\t\t<span class=\"title has_desc confirmed\">Fischer-Z at Casa Da M\u00fasica (05 Sep 26)<\/span><div class=\"descloc hover_block\"><div class=\"title_in_hover_block\"><span class=\"title confirmed\">Fischer-Z at Casa Da M\u00fasica (05 Sep 26)<\/span><\/div><div class=\"location\">Casa Da M\u00fasica, Av. da Boavista, 604, 4149-071, Porto, Portugal<\/div><div class=\"eventdesc\"><p><a href=\"https:\/\/www.songkick.com\/concerts\/43064915-fischerz-at-casa-da-musica?utm_campaign=tracked_artist&#038;utm_content=ZD0yNDYxMjg2JnU9MTM3MjI4MTU5&#038;utm_medium=feed&#038;utm_source=ical\" rel=\"nofollow\">https:\/\/www.songkick.com\/concerts\/43064915-fischerz-at-casa-da-musica?utm_campaign=tracked_artist&#038;utm_content=ZD0yNDYxMjg2JnU9MTM3MjI4MTU5&#038;utm_medium=feed&#038;utm_source=ical<\/a><\/p><\/div><\/div>\t\t\t\t\t\t\t\t\t\t\t\t\t\t<\/li>\n\t\t\t\t\t\t\t\t\t\t\t\t\t\t\t\t\t\t\t\t\t\t\t\t\t\t\t\t<li class=\"event all-day\" data-feed-key=\"0\">\n\t\t\t\t\t\t\t\t\t\t\t\t\t\t\t<span class=\"title has_desc confirmed\">Omar Perry at Village Underground Lisboa (05 Sep 26)<\/span><div class=\"descloc hover_block\"><div class=\"title_in_hover_block\"><span class=\"title confirmed\">Omar Perry at Village Underground Lisboa (05 Sep 26)<\/span><\/div><div class=\"location\">Village Underground Lisboa, Lisbon, Portugal<\/div><div class=\"eventdesc\"><p><a href=\"https:\/\/www.songkick.com\/concerts\/43362272-omar-perry-at-village-underground-lisboa?utm_campaign=tracked_artist&#038;utm_content=ZD0yNDYxMjg2JnU9MTM3MjI4MTU5&#038;utm_medium=feed&#038;utm_source=ical\" rel=\"nofollow\">https:\/\/www.songkick.com\/concerts\/43362272-omar-perry-at-village-underground-lisboa?utm_campaign=tracked_artist&#038;utm_content=ZD0yNDYxMjg2JnU9MTM3MjI4MTU5&#038;utm_medium=feed&#038;utm_source=ical<\/a><\/p><\/div><\/div>\t\t\t\t\t\t\t\t\t\t\t\t\t\t<\/li>\n\t\t\t\t\t\t\t\t\t\t\t\t\t\t\t\t\t\t\t\t\t\t\t\t\t\t\t\t<li class=\"event all-day\" data-feed-key=\"0\">\n\t\t\t\t\t\t\t\t\t\t\t\t\t\t\t<span class=\"title has_desc confirmed\">The Gardener &amp; The Tree at Halle, Im Wizemann (05 Sep 26)<\/span><div class=\"descloc hover_block\"><div class=\"title_in_hover_block\"><span class=\"title confirmed\">The Gardener &amp; The Tree at Halle, Im Wizemann (05 Sep 26)<\/span><\/div><div class=\"location\">Halle, Im Wizemann, Quellenstr. 7, 70376, Stuttgart, Germany<\/div><div class=\"eventdesc\"><p><a href=\"https:\/\/www.songkick.com\/concerts\/43060433-gardener-and-the-tree-at-halle-im-wizemann?utm_campaign=tracked_artist&#038;utm_content=ZD0yNDYxMjg2JnU9MTM3MjI4MTU5&#038;utm_medium=feed&#038;utm_source=ical\" rel=\"nofollow\">https:\/\/www.songkick.com\/concerts\/43060433-gardener-and-the-tree-at-halle-im-wizemann?utm_campaign=tracked_artist&#038;utm_content=ZD0yNDYxMjg2JnU9MTM3MjI4MTU5&#038;utm_medium=feed&#038;utm_source=ical<\/a><\/p><\/div><\/div>\t\t\t\t\t\t\t\t\t\t\t\t\t\t<\/li>\n\t\t\t\t\t\t\t\t\t\t\t\t\t\t\t\t\t\t\t\t\t\t\t\t<\/ul>\n\t\t\t\t\t\t\t\t\t\t\t\t\t\t\t\t\t\t<\/td>\n\t\t\t\t\t\t\t\t\t\t\t\t\t\t\t\t<td data-dow=\"0\" data-events-count=\"1\" data-feed-keys=\"0\" class=\"future has_events d_06 dow_0\">\n\t\t\t\t\t\t\t\t\t<div class=\"day\">\n\t\t\t\t\t\t\t\t\t\t\t\t\t\t\t\t\t\t\t\t\t<span class=\"phone_only\" id=\"r6a97dccace13c5d-20260906\"><span data-date-format=\"l\">Sunday<\/span> <span data-date-format=\"F\">September<\/span> <span data-date-format=\"j\">6<\/span><\/span>\n\t\t\t\t\t\t\t\t\t\t\t<span class=\"no_phone\" aria-hidden=\"true\">6<\/span>\n\t\t\t\t\t\t\t\t\t\t\t\t\t\t\t\t\t\t\t\t<\/div>\n\t\t\t\t\t\t\t\t\t\t\t\t\t\t\t\t\t\t\t<ul class=\"events\" aria-labelledby=\"r6a97dccace13c5d-20260906\">\n\t\t\t\t\t\t\t\t\t\t\t\t\t\t\t\t\t\t\t\t\t\t\t\t\t<li class=\"event all-day multiday_middle\" data-feed-key=\"0\">\n\t\t\t\t\t\t\t\t\t\t\t\t\t\t\t\t\t\t\t\t\t\t\t\t\t\t\t\t\t\t\t<span class=\"all-day-indicator\">All Day<\/span>\n\t\t\t\t\t\t\t\t\t\t\t\t\t\t\t\t<span class=\"title has_desc confirmed\">Rock In Rio 2026<\/span><div class=\"descloc hover_block\"><div class=\"date_in_hover_block\"><span class=\"multiday-start\"><span data-date-format=\"l\">Saturday<\/span> <span data-date-format=\"F\">September<\/span> <span data-date-format=\"j\">5<\/span><\/span><span class=\"multiday-sep\"> &#8211; <\/span><span class=\"multiday-end\"><span data-date-format=\"l\">Sunday<\/span> <span data-date-format=\"F\">September<\/span> <span data-date-format=\"j\">13<\/span><\/span><\/div><div class=\"title_in_hover_block\"><span class=\"title confirmed\">Rock In Rio 2026<\/span><\/div><div class=\"location\">Barra Olympic Park \/ Parque Ol\u00edmpico da Barra, Av. Embaixador Abelardo Bueno, 3401 - Barra da Tijuca, 22775-039, Rio de Janeiro, Brazil<\/div><div class=\"eventdesc\"><p><a href=\"https:\/\/www.songkick.com\/festivals\/1325-rock-in-rio\/id\/42907787-rock-in-rio-2026?utm_campaign=tracked_artist&#038;utm_content=ZD0yNDYxMjg2JnU9MTM3MjI4MTU5&#038;utm_medium=feed&#038;utm_source=ical\" rel=\"nofollow\">https:\/\/www.songkick.com\/festivals\/1325-rock-in-rio\/id\/42907787-rock-in-rio-2026?utm_campaign=tracked_artist&#038;utm_content=ZD0yNDYxMjg2JnU9MTM3MjI4MTU5&#038;utm_medium=feed&#038;utm_source=ical<\/a><\/p><\/div><\/div>\t\t\t\t\t\t\t\t\t\t\t\t\t\t<\/li>\n\t\t\t\t\t\t\t\t\t\t\t\t\t\t\t\t\t\t\t\t\t\t\t\t<\/ul>\n\t\t\t\t\t\t\t\t\t\t\t\t\t\t\t\t\t\t<\/td>\n\t\t\t\t\t\t\t\t<\/tr><tr>\t\t\t\t\t\t\t\t<td data-dow=\"1\" data-events-count=\"2\" data-feed-keys=\"0\" class=\"future has_events d_07 dow_1\">\n\t\t\t\t\t\t\t\t\t<div class=\"day\">\n\t\t\t\t\t\t\t\t\t\t\t\t\t\t\t\t\t\t\t\t\t<span class=\"phone_only\" id=\"r6a97dccace13c5d-20260907\"><span data-date-format=\"l\">Monday<\/span> <span data-date-format=\"F\">September<\/span> <span data-date-format=\"j\">7<\/span><\/span>\n\t\t\t\t\t\t\t\t\t\t\t<span class=\"no_phone\" aria-hidden=\"true\">7<\/span>\n\t\t\t\t\t\t\t\t\t\t\t\t\t\t\t\t\t\t\t\t<\/div>\n\t\t\t\t\t\t\t\t\t\t\t\t\t\t\t\t\t\t\t<ul class=\"events\" aria-labelledby=\"r6a97dccace13c5d-20260907\">\n\t\t\t\t\t\t\t\t\t\t\t\t\t\t\t\t\t\t\t\t\t\t\t\t\t<li class=\"event all-day multiday_middle\" data-feed-key=\"0\">\n\t\t\t\t\t\t\t\t\t\t\t\t\t\t\t\t\t\t\t\t\t\t\t\t\t\t\t\t\t\t\t<span class=\"all-day-indicator\">All Day<\/span>\n\t\t\t\t\t\t\t\t\t\t\t\t\t\t\t\t<span class=\"title has_desc confirmed\">Rock In Rio 2026<\/span><div class=\"descloc hover_block\"><div class=\"date_in_hover_block\"><span class=\"multiday-start\"><span data-date-format=\"l\">Saturday<\/span> <span data-date-format=\"F\">September<\/span> <span data-date-format=\"j\">5<\/span><\/span><span class=\"multiday-sep\"> &#8211; <\/span><span class=\"multiday-end\"><span data-date-format=\"l\">Sunday<\/span> <span data-date-format=\"F\">September<\/span> <span data-date-format=\"j\">13<\/span><\/span><\/div><div class=\"title_in_hover_block\"><span class=\"title confirmed\">Rock In Rio 2026<\/span><\/div><div class=\"location\">Barra Olympic Park \/ Parque Ol\u00edmpico da Barra, Av. Embaixador Abelardo Bueno, 3401 - Barra da Tijuca, 22775-039, Rio de Janeiro, Brazil<\/div><div class=\"eventdesc\"><p><a href=\"https:\/\/www.songkick.com\/festivals\/1325-rock-in-rio\/id\/42907787-rock-in-rio-2026?utm_campaign=tracked_artist&#038;utm_content=ZD0yNDYxMjg2JnU9MTM3MjI4MTU5&#038;utm_medium=feed&#038;utm_source=ical\" rel=\"nofollow\">https:\/\/www.songkick.com\/festivals\/1325-rock-in-rio\/id\/42907787-rock-in-rio-2026?utm_campaign=tracked_artist&#038;utm_content=ZD0yNDYxMjg2JnU9MTM3MjI4MTU5&#038;utm_medium=feed&#038;utm_source=ical<\/a><\/p><\/div><\/div>\t\t\t\t\t\t\t\t\t\t\t\t\t\t<\/li>\n\t\t\t\t\t\t\t\t\t\t\t\t\t\t\t\t\t\t\t\t\t\t\t\t\t\t\t\t<li class=\"event all-day\" data-feed-key=\"0\">\n\t\t\t\t\t\t\t\t\t\t\t\t\t\t\t<span class=\"title has_desc confirmed\">The Gardener &amp; The Tree at Ampere \/ Muffatwerk (07 Sep 26)<\/span><div class=\"descloc hover_block\"><div class=\"title_in_hover_block\"><span class=\"title confirmed\">The Gardener &amp; The Tree at Ampere \/ Muffatwerk (07 Sep 26)<\/span><\/div><div class=\"location\">Ampere \/ Muffatwerk, Zellstr. 4, 81667, Munich, Germany<\/div><div class=\"eventdesc\"><p><a href=\"https:\/\/www.songkick.com\/concerts\/43060434-gardener-and-the-tree-at-ampere-muffatwerk?utm_campaign=tracked_artist&#038;utm_content=ZD0yNDYxMjg2JnU9MTM3MjI4MTU5&#038;utm_medium=feed&#038;utm_source=ical\" rel=\"nofollow\">https:\/\/www.songkick.com\/concerts\/43060434-gardener-and-the-tree-at-ampere-muffatwerk?utm_campaign=tracked_artist&#038;utm_content=ZD0yNDYxMjg2JnU9MTM3MjI4MTU5&#038;utm_medium=feed&#038;utm_source=ical<\/a><\/p><\/div><\/div>\t\t\t\t\t\t\t\t\t\t\t\t\t\t<\/li>\n\t\t\t\t\t\t\t\t\t\t\t\t\t\t\t\t\t\t\t\t\t\t\t\t<\/ul>\n\t\t\t\t\t\t\t\t\t\t\t\t\t\t\t\t\t\t<\/td>\n\t\t\t\t\t\t\t\t\t\t\t\t\t\t\t\t<td data-dow=\"2\" data-events-count=\"1\" data-feed-keys=\"0\" class=\"future has_events d_08 dow_2\">\n\t\t\t\t\t\t\t\t\t<div class=\"day\">\n\t\t\t\t\t\t\t\t\t\t\t\t\t\t\t\t\t\t\t\t\t<span class=\"phone_only\" id=\"r6a97dccace13c5d-20260908\"><span data-date-format=\"l\">Tuesday<\/span> <span data-date-format=\"F\">September<\/span> <span data-date-format=\"j\">8<\/span><\/span>\n\t\t\t\t\t\t\t\t\t\t\t<span class=\"no_phone\" aria-hidden=\"true\">8<\/span>\n\t\t\t\t\t\t\t\t\t\t\t\t\t\t\t\t\t\t\t\t<\/div>\n\t\t\t\t\t\t\t\t\t\t\t\t\t\t\t\t\t\t\t<ul class=\"events\" aria-labelledby=\"r6a97dccace13c5d-20260908\">\n\t\t\t\t\t\t\t\t\t\t\t\t\t\t\t\t\t\t\t\t\t\t\t\t\t<li class=\"event all-day multiday_middle\" data-feed-key=\"0\">\n\t\t\t\t\t\t\t\t\t\t\t\t\t\t\t\t\t\t\t\t\t\t\t\t\t\t\t\t\t\t\t<span class=\"all-day-indicator\">All Day<\/span>\n\t\t\t\t\t\t\t\t\t\t\t\t\t\t\t\t<span class=\"title has_desc confirmed\">Rock In Rio 2026<\/span><div class=\"descloc hover_block\"><div class=\"date_in_hover_block\"><span class=\"multiday-start\"><span data-date-format=\"l\">Saturday<\/span> <span data-date-format=\"F\">September<\/span> <span data-date-format=\"j\">5<\/span><\/span><span class=\"multiday-sep\"> &#8211; <\/span><span class=\"multiday-end\"><span data-date-format=\"l\">Sunday<\/span> <span data-date-format=\"F\">September<\/span> <span data-date-format=\"j\">13<\/span><\/span><\/div><div class=\"title_in_hover_block\"><span class=\"title confirmed\">Rock In Rio 2026<\/span><\/div><div class=\"location\">Barra Olympic Park \/ Parque Ol\u00edmpico da Barra, Av. Embaixador Abelardo Bueno, 3401 - Barra da Tijuca, 22775-039, Rio de Janeiro, Brazil<\/div><div class=\"eventdesc\"><p><a href=\"https:\/\/www.songkick.com\/festivals\/1325-rock-in-rio\/id\/42907787-rock-in-rio-2026?utm_campaign=tracked_artist&#038;utm_content=ZD0yNDYxMjg2JnU9MTM3MjI4MTU5&#038;utm_medium=feed&#038;utm_source=ical\" rel=\"nofollow\">https:\/\/www.songkick.com\/festivals\/1325-rock-in-rio\/id\/42907787-rock-in-rio-2026?utm_campaign=tracked_artist&#038;utm_content=ZD0yNDYxMjg2JnU9MTM3MjI4MTU5&#038;utm_medium=feed&#038;utm_source=ical<\/a><\/p><\/div><\/div>\t\t\t\t\t\t\t\t\t\t\t\t\t\t<\/li>\n\t\t\t\t\t\t\t\t\t\t\t\t\t\t\t\t\t\t\t\t\t\t\t\t<\/ul>\n\t\t\t\t\t\t\t\t\t\t\t\t\t\t\t\t\t\t<\/td>\n\t\t\t\t\t\t\t\t\t\t\t\t\t\t\t\t<td data-dow=\"3\" data-events-count=\"2\" data-feed-keys=\"0\" class=\"future has_events d_09 dow_3\">\n\t\t\t\t\t\t\t\t\t<div class=\"day\">\n\t\t\t\t\t\t\t\t\t\t\t\t\t\t\t\t\t\t\t\t\t<span class=\"phone_only\" id=\"r6a97dccace13c5d-20260909\"><span data-date-format=\"l\">Wednesday<\/span> <span data-date-format=\"F\">September<\/span> <span data-date-format=\"j\">9<\/span><\/span>\n\t\t\t\t\t\t\t\t\t\t\t<span class=\"no_phone\" aria-hidden=\"true\">9<\/span>\n\t\t\t\t\t\t\t\t\t\t\t\t\t\t\t\t\t\t\t\t<\/div>\n\t\t\t\t\t\t\t\t\t\t\t\t\t\t\t\t\t\t\t<ul class=\"events\" aria-labelledby=\"r6a97dccace13c5d-20260909\">\n\t\t\t\t\t\t\t\t\t\t\t\t\t\t\t\t\t\t\t\t\t\t\t\t\t<li class=\"event all-day multiday_middle\" data-feed-key=\"0\">\n\t\t\t\t\t\t\t\t\t\t\t\t\t\t\t\t\t\t\t\t\t\t\t\t\t\t\t\t\t\t\t<span class=\"all-day-indicator\">All Day<\/span>\n\t\t\t\t\t\t\t\t\t\t\t\t\t\t\t\t<span class=\"title has_desc confirmed\">Rock In Rio 2026<\/span><div class=\"descloc hover_block\"><div class=\"date_in_hover_block\"><span class=\"multiday-start\"><span data-date-format=\"l\">Saturday<\/span> <span data-date-format=\"F\">September<\/span> <span data-date-format=\"j\">5<\/span><\/span><span class=\"multiday-sep\"> &#8211; <\/span><span class=\"multiday-end\"><span data-date-format=\"l\">Sunday<\/span> <span data-date-format=\"F\">September<\/span> <span data-date-format=\"j\">13<\/span><\/span><\/div><div class=\"title_in_hover_block\"><span class=\"title confirmed\">Rock In Rio 2026<\/span><\/div><div class=\"location\">Barra Olympic Park \/ Parque Ol\u00edmpico da Barra, Av. Embaixador Abelardo Bueno, 3401 - Barra da Tijuca, 22775-039, Rio de Janeiro, Brazil<\/div><div class=\"eventdesc\"><p><a href=\"https:\/\/www.songkick.com\/festivals\/1325-rock-in-rio\/id\/42907787-rock-in-rio-2026?utm_campaign=tracked_artist&#038;utm_content=ZD0yNDYxMjg2JnU9MTM3MjI4MTU5&#038;utm_medium=feed&#038;utm_source=ical\" rel=\"nofollow\">https:\/\/www.songkick.com\/festivals\/1325-rock-in-rio\/id\/42907787-rock-in-rio-2026?utm_campaign=tracked_artist&#038;utm_content=ZD0yNDYxMjg2JnU9MTM3MjI4MTU5&#038;utm_medium=feed&#038;utm_source=ical<\/a><\/p><\/div><\/div>\t\t\t\t\t\t\t\t\t\t\t\t\t\t<\/li>\n\t\t\t\t\t\t\t\t\t\t\t\t\t\t\t\t\t\t\t\t\t\t\t\t\t\t\t\t<li class=\"event all-day\" data-feed-key=\"0\">\n\t\t\t\t\t\t\t\t\t\t\t\t\t\t\t<span class=\"title has_desc confirmed\">The Gardener &amp; The Tree at Club Stereo (09 Sep 26)<\/span><div class=\"descloc hover_block\"><div class=\"title_in_hover_block\"><span class=\"title confirmed\">The Gardener &amp; The Tree at Club Stereo (09 Sep 26)<\/span><\/div><div class=\"location\">Club Stereo, Klaragasse 8, 90402, Nuremberg, Germany<\/div><div class=\"eventdesc\"><p><a href=\"https:\/\/www.songkick.com\/concerts\/43060436-gardener-and-the-tree-at-club-stereo?utm_campaign=tracked_artist&#038;utm_content=ZD0yNDYxMjg2JnU9MTM3MjI4MTU5&#038;utm_medium=feed&#038;utm_source=ical\" rel=\"nofollow\">https:\/\/www.songkick.com\/concerts\/43060436-gardener-and-the-tree-at-club-stereo?utm_campaign=tracked_artist&#038;utm_content=ZD0yNDYxMjg2JnU9MTM3MjI4MTU5&#038;utm_medium=feed&#038;utm_source=ical<\/a><\/p><\/div><\/div>\t\t\t\t\t\t\t\t\t\t\t\t\t\t<\/li>\n\t\t\t\t\t\t\t\t\t\t\t\t\t\t\t\t\t\t\t\t\t\t\t\t<\/ul>\n\t\t\t\t\t\t\t\t\t\t\t\t\t\t\t\t\t\t<\/td>\n\t\t\t\t\t\t\t\t\t\t\t\t\t\t\t\t<td data-dow=\"4\" data-events-count=\"5\" data-feed-keys=\"0\" class=\"future has_events d_10 dow_4\">\n\t\t\t\t\t\t\t\t\t<div class=\"day\">\n\t\t\t\t\t\t\t\t\t\t\t\t\t\t\t\t\t\t\t\t\t<span class=\"phone_only\" id=\"r6a97dccace13c5d-20260910\"><span data-date-format=\"l\">Thursday<\/span> <span data-date-format=\"F\">September<\/span> <span data-date-format=\"j\">10<\/span><\/span>\n\t\t\t\t\t\t\t\t\t\t\t<span class=\"no_phone\" aria-hidden=\"true\">10<\/span>\n\t\t\t\t\t\t\t\t\t\t\t\t\t\t\t\t\t\t\t\t<\/div>\n\t\t\t\t\t\t\t\t\t\t\t\t\t\t\t\t\t\t\t<ul class=\"events\" aria-labelledby=\"r6a97dccace13c5d-20260910\">\n\t\t\t\t\t\t\t\t\t\t\t\t\t\t\t\t\t\t\t\t\t\t\t\t\t<li class=\"event all-day multiday_middle\" data-feed-key=\"0\">\n\t\t\t\t\t\t\t\t\t\t\t\t\t\t\t\t\t\t\t\t\t\t\t\t\t\t\t\t\t\t\t<span class=\"all-day-indicator\">All Day<\/span>\n\t\t\t\t\t\t\t\t\t\t\t\t\t\t\t\t<span class=\"title has_desc confirmed\">Rock In Rio 2026<\/span><div class=\"descloc hover_block\"><div class=\"date_in_hover_block\"><span class=\"multiday-start\"><span data-date-format=\"l\">Saturday<\/span> <span data-date-format=\"F\">September<\/span> <span data-date-format=\"j\">5<\/span><\/span><span class=\"multiday-sep\"> &#8211; <\/span><span class=\"multiday-end\"><span data-date-format=\"l\">Sunday<\/span> <span data-date-format=\"F\">September<\/span> <span data-date-format=\"j\">13<\/span><\/span><\/div><div class=\"title_in_hover_block\"><span class=\"title confirmed\">Rock In Rio 2026<\/span><\/div><div class=\"location\">Barra Olympic Park \/ Parque Ol\u00edmpico da Barra, Av. Embaixador Abelardo Bueno, 3401 - Barra da Tijuca, 22775-039, Rio de Janeiro, Brazil<\/div><div class=\"eventdesc\"><p><a href=\"https:\/\/www.songkick.com\/festivals\/1325-rock-in-rio\/id\/42907787-rock-in-rio-2026?utm_campaign=tracked_artist&#038;utm_content=ZD0yNDYxMjg2JnU9MTM3MjI4MTU5&#038;utm_medium=feed&#038;utm_source=ical\" rel=\"nofollow\">https:\/\/www.songkick.com\/festivals\/1325-rock-in-rio\/id\/42907787-rock-in-rio-2026?utm_campaign=tracked_artist&#038;utm_content=ZD0yNDYxMjg2JnU9MTM3MjI4MTU5&#038;utm_medium=feed&#038;utm_source=ical<\/a><\/p><\/div><\/div>\t\t\t\t\t\t\t\t\t\t\t\t\t\t<\/li>\n\t\t\t\t\t\t\t\t\t\t\t\t\t\t\t\t\t\t\t\t\t\t\t\t\t\t\t\t<li class=\"event all-day\" data-feed-key=\"0\">\n\t\t\t\t\t\t\t\t\t\t\t\t\t\t\t<span class=\"title has_desc confirmed\">Dub Spencer &amp; Trance Hill at Bahnhof Langendreer (10 Sep 26)<\/span><div class=\"descloc hover_block\"><div class=\"title_in_hover_block\"><span class=\"title confirmed\">Dub Spencer &amp; Trance Hill at Bahnhof Langendreer (10 Sep 26)<\/span><\/div><div class=\"location\">Bahnhof Langendreer, Wallbaumweg 108, 44894, Bochum, Germany<\/div><div class=\"eventdesc\"><p><a href=\"https:\/\/www.songkick.com\/concerts\/43017485-dub-spencer-and-trance-hill-at-bahnhof-langendreer?utm_campaign=tracked_artist&#038;utm_content=ZD0yNDYxMjg2JnU9MTM3MjI4MTU5&#038;utm_medium=feed&#038;utm_source=ical\" rel=\"nofollow\">https:\/\/www.songkick.com\/concerts\/43017485-dub-spencer-and-trance-hill-at-bahnhof-langendreer?utm_campaign=tracked_artist&#038;utm_content=ZD0yNDYxMjg2JnU9MTM3MjI4MTU5&#038;utm_medium=feed&#038;utm_source=ical<\/a><\/p><\/div><\/div>\t\t\t\t\t\t\t\t\t\t\t\t\t\t<\/li>\n\t\t\t\t\t\t\t\t\t\t\t\t\t\t\t\t\t\t\t\t\t\t\t\t\t\t\t\t<li class=\"event all-day\" data-feed-key=\"0\">\n\t\t\t\t\t\t\t\t\t\t\t\t\t\t\t<span class=\"title has_desc confirmed\">Jacob Collier and Sam Amidon at Admiralspalast (10 Sep 26)<\/span><div class=\"descloc hover_block\"><div class=\"title_in_hover_block\"><span class=\"title confirmed\">Jacob Collier and Sam Amidon at Admiralspalast (10 Sep 26)<\/span><\/div><div class=\"location\">Admiralspalast, Friedrichstrasse 101, 10117, Berlin, Germany<\/div><div class=\"eventdesc\"><p><a href=\"https:\/\/www.songkick.com\/concerts\/43099284-jacob-collier-at-admiralspalast?utm_campaign=tracked_artist&#038;utm_content=ZD0yNDYxMjg2JnU9MTM3MjI4MTU5&#038;utm_medium=feed&#038;utm_source=ical\" rel=\"nofollow\">https:\/\/www.songkick.com\/concerts\/43099284-jacob-collier-at-admiralspalast?utm_campaign=tracked_artist&#038;utm_content=ZD0yNDYxMjg2JnU9MTM3MjI4MTU5&#038;utm_medium=feed&#038;utm_source=ical<\/a><\/p><\/div><\/div>\t\t\t\t\t\t\t\t\t\t\t\t\t\t<\/li>\n\t\t\t\t\t\t\t\t\t\t\t\t\t\t\t\t\t\t\t\t\t\t\t\t\t\t\t\t<li class=\"event all-day\" data-feed-key=\"0\">\n\t\t\t\t\t\t\t\t\t\t\t\t\t\t\t<span class=\"title has_desc confirmed\">Maroon 5 at Casa de Apostas Arena Fonte Nova (10 Sep 26) with Lagum<\/span><div class=\"descloc hover_block\"><div class=\"title_in_hover_block\"><span class=\"title confirmed\">Maroon 5 at Casa de Apostas Arena Fonte Nova (10 Sep 26) with Lagum<\/span><\/div><div class=\"location\">Casa de Apostas Arena Fonte Nova, R. Lions Club (Ld. Fnt. das Pedras), 40050-568, Salvador, Brazil<\/div><div class=\"eventdesc\"><p><a href=\"https:\/\/www.songkick.com\/concerts\/43251608-maroon-5-at-casa-de-apostas-arena-fonte-nova?utm_campaign=tracked_artist&#038;utm_content=ZD0yNDYxMjg2JnU9MTM3MjI4MTU5&#038;utm_medium=feed&#038;utm_source=ical\" rel=\"nofollow\">https:\/\/www.songkick.com\/concerts\/43251608-maroon-5-at-casa-de-apostas-arena-fonte-nova?utm_campaign=tracked_artist&#038;utm_content=ZD0yNDYxMjg2JnU9MTM3MjI4MTU5&#038;utm_medium=feed&#038;utm_source=ical<\/a><\/p><\/div><\/div>\t\t\t\t\t\t\t\t\t\t\t\t\t\t<\/li>\n\t\t\t\t\t\t\t\t\t\t\t\t\t\t\t\t\t\t\t\t\t\t\t\t\t\t\t\t<li class=\"event all-day\" data-feed-key=\"0\">\n\t\t\t\t\t\t\t\t\t\t\t\t\t\t\t<span class=\"title has_desc confirmed\">Satsang at Beben (10 Sep 26)<\/span><div class=\"descloc hover_block\"><div class=\"title_in_hover_block\"><span class=\"title confirmed\">Satsang at Beben (10 Sep 26)<\/span><\/div><div class=\"location\">Beben, Hintere Bleiche 8, 55116, Mainz, Germany<\/div><div class=\"eventdesc\"><p><a href=\"https:\/\/www.songkick.com\/concerts\/43029314-satsang-at-beben?utm_campaign=tracked_artist&#038;utm_content=ZD0yNDYxMjg2JnU9MTM3MjI4MTU5&#038;utm_medium=feed&#038;utm_source=ical\" rel=\"nofollow\">https:\/\/www.songkick.com\/concerts\/43029314-satsang-at-beben?utm_campaign=tracked_artist&#038;utm_content=ZD0yNDYxMjg2JnU9MTM3MjI4MTU5&#038;utm_medium=feed&#038;utm_source=ical<\/a><\/p><\/div><\/div>\t\t\t\t\t\t\t\t\t\t\t\t\t\t<\/li>\n\t\t\t\t\t\t\t\t\t\t\t\t\t\t\t\t\t\t\t\t\t\t\t\t<\/ul>\n\t\t\t\t\t\t\t\t\t\t\t\t\t\t\t\t\t\t<\/td>\n\t\t\t\t\t\t\t\t\t\t\t\t\t\t\t\t<td data-dow=\"5\" data-events-count=\"6\" data-feed-keys=\"0\" class=\"future has_events d_11 dow_5\">\n\t\t\t\t\t\t\t\t\t<div class=\"day\">\n\t\t\t\t\t\t\t\t\t\t\t\t\t\t\t\t\t\t\t\t\t<span class=\"phone_only\" id=\"r6a97dccace13c5d-20260911\"><span data-date-format=\"l\">Friday<\/span> <span data-date-format=\"F\">September<\/span> <span data-date-format=\"j\">11<\/span><\/span>\n\t\t\t\t\t\t\t\t\t\t\t<span class=\"no_phone\" aria-hidden=\"true\">11<\/span>\n\t\t\t\t\t\t\t\t\t\t\t\t\t\t\t\t\t\t\t\t<\/div>\n\t\t\t\t\t\t\t\t\t\t\t\t\t\t\t\t\t\t\t<ul class=\"events\" aria-labelledby=\"r6a97dccace13c5d-20260911\">\n\t\t\t\t\t\t\t\t\t\t\t\t\t\t\t\t\t\t\t\t\t\t\t\t\t<li class=\"event all-day multiday_middle\" data-feed-key=\"0\">\n\t\t\t\t\t\t\t\t\t\t\t\t\t\t\t\t\t\t\t\t\t\t\t\t\t\t\t\t\t\t\t<span class=\"all-day-indicator\">All Day<\/span>\n\t\t\t\t\t\t\t\t\t\t\t\t\t\t\t\t<span class=\"title has_desc confirmed\">Rock In Rio 2026<\/span><div class=\"descloc hover_block\"><div class=\"date_in_hover_block\"><span class=\"multiday-start\"><span data-date-format=\"l\">Saturday<\/span> <span data-date-format=\"F\">September<\/span> <span data-date-format=\"j\">5<\/span><\/span><span class=\"multiday-sep\"> &#8211; <\/span><span class=\"multiday-end\"><span data-date-format=\"l\">Sunday<\/span> <span data-date-format=\"F\">September<\/span> <span data-date-format=\"j\">13<\/span><\/span><\/div><div class=\"title_in_hover_block\"><span class=\"title confirmed\">Rock In Rio 2026<\/span><\/div><div class=\"location\">Barra Olympic Park \/ Parque Ol\u00edmpico da Barra, Av. Embaixador Abelardo Bueno, 3401 - Barra da Tijuca, 22775-039, Rio de Janeiro, Brazil<\/div><div class=\"eventdesc\"><p><a href=\"https:\/\/www.songkick.com\/festivals\/1325-rock-in-rio\/id\/42907787-rock-in-rio-2026?utm_campaign=tracked_artist&#038;utm_content=ZD0yNDYxMjg2JnU9MTM3MjI4MTU5&#038;utm_medium=feed&#038;utm_source=ical\" rel=\"nofollow\">https:\/\/www.songkick.com\/festivals\/1325-rock-in-rio\/id\/42907787-rock-in-rio-2026?utm_campaign=tracked_artist&#038;utm_content=ZD0yNDYxMjg2JnU9MTM3MjI4MTU5&#038;utm_medium=feed&#038;utm_source=ical<\/a><\/p><\/div><\/div>\t\t\t\t\t\t\t\t\t\t\t\t\t\t<\/li>\n\t\t\t\t\t\t\t\t\t\t\t\t\t\t\t\t\t\t\t\t\t\t\t\t\t\t\t\t<li class=\"event all-day\" data-feed-key=\"0\">\n\t\t\t\t\t\t\t\t\t\t\t\t\t\t\t<span class=\"title has_desc confirmed\">CANCELED: Palma at Unknown venue (11 Sep 26)<\/span><div class=\"descloc hover_block\"><div class=\"title_in_hover_block\"><span class=\"title confirmed\">CANCELED: Palma at Unknown venue (11 Sep 26)<\/span><\/div><div class=\"location\">Rheine, Germany<\/div><div class=\"eventdesc\"><p><a href=\"https:\/\/www.songkick.com\/concerts\/43306552-palma-at-unknown-venue?utm_campaign=tracked_artist&#038;utm_content=ZD0yNDYxMjg2JnU9MTM3MjI4MTU5&#038;utm_medium=feed&#038;utm_source=ical\" rel=\"nofollow\">https:\/\/www.songkick.com\/concerts\/43306552-palma-at-unknown-venue?utm_campaign=tracked_artist&#038;utm_content=ZD0yNDYxMjg2JnU9MTM3MjI4MTU5&#038;utm_medium=feed&#038;utm_source=ical<\/a><\/p><\/div><\/div>\t\t\t\t\t\t\t\t\t\t\t\t\t\t<\/li>\n\t\t\t\t\t\t\t\t\t\t\t\t\t\t\t\t\t\t\t\t\t\t\t\t\t\t\t\t<li class=\"event all-day\" data-feed-key=\"0\">\n\t\t\t\t\t\t\t\t\t\t\t\t\t\t\t<span class=\"title has_desc confirmed\">Dub Spencer &amp; Trance Hill at Lux (11 Sep 26)<\/span><div class=\"descloc hover_block\"><div class=\"title_in_hover_block\"><span class=\"title confirmed\">Dub Spencer &amp; Trance Hill at Lux (11 Sep 26)<\/span><\/div><div class=\"location\">Lux, Schwarzer B\u00e4r 2, 30449, Hannover, Germany<\/div><div class=\"eventdesc\"><p><a href=\"https:\/\/www.songkick.com\/concerts\/43384459-dub-spencer-and-trance-hill-at-lux?utm_campaign=tracked_artist&#038;utm_content=ZD0yNDYxMjg2JnU9MTM3MjI4MTU5&#038;utm_medium=feed&#038;utm_source=ical\" rel=\"nofollow\">https:\/\/www.songkick.com\/concerts\/43384459-dub-spencer-and-trance-hill-at-lux?utm_campaign=tracked_artist&#038;utm_content=ZD0yNDYxMjg2JnU9MTM3MjI4MTU5&#038;utm_medium=feed&#038;utm_source=ical<\/a><\/p><\/div><\/div>\t\t\t\t\t\t\t\t\t\t\t\t\t\t<\/li>\n\t\t\t\t\t\t\t\t\t\t\t\t\t\t\t\t\t\t\t\t\t\t\t\t\t\t\t\t<li class=\"event all-day\" data-feed-key=\"0\">\n\t\t\t\t\t\t\t\t\t\t\t\t\t\t\t<span class=\"title has_desc confirmed\">Jan Delay at Musik-Arena (11 Sep 26)<\/span><div class=\"descloc hover_block\"><div class=\"title_in_hover_block\"><span class=\"title confirmed\">Jan Delay at Musik-Arena (11 Sep 26)<\/span><\/div><div class=\"location\">Musik-Arena, Kurpromenade 7, 23669, Timmendorfer Strand, Germany<\/div><div class=\"eventdesc\"><p><a href=\"https:\/\/www.songkick.com\/concerts\/42880057-jan-delay-at-musikarena?utm_campaign=tracked_artist&#038;utm_content=ZD0yNDYxMjg2JnU9MTM3MjI4MTU5&#038;utm_medium=feed&#038;utm_source=ical\" rel=\"nofollow\">https:\/\/www.songkick.com\/concerts\/42880057-jan-delay-at-musikarena?utm_campaign=tracked_artist&#038;utm_content=ZD0yNDYxMjg2JnU9MTM3MjI4MTU5&#038;utm_medium=feed&#038;utm_source=ical<\/a><\/p><\/div><\/div>\t\t\t\t\t\t\t\t\t\t\t\t\t\t<\/li>\n\t\t\t\t\t\t\t\t\t\t\t\t\t\t\t\t\t\t\t\t\t\t\t\t\t\t\t\t<li class=\"event all-day\" data-feed-key=\"0\">\n\t\t\t\t\t\t\t\t\t\t\t\t\t\t\t<span class=\"title has_desc confirmed\">Palma at Musikinitiative Rheine (11 Sep 26)<\/span><div class=\"descloc hover_block\"><div class=\"title_in_hover_block\"><span class=\"title confirmed\">Palma at Musikinitiative Rheine (11 Sep 26)<\/span><\/div><div class=\"location\">Musikinitiative Rheine, Rheine, Germany<\/div><div class=\"eventdesc\"><p><a href=\"https:\/\/www.songkick.com\/concerts\/43350027-palma-at-musikinitiative-rheine?utm_campaign=tracked_artist&#038;utm_content=ZD0yNDYxMjg2JnU9MTM3MjI4MTU5&#038;utm_medium=feed&#038;utm_source=ical\" rel=\"nofollow\">https:\/\/www.songkick.com\/concerts\/43350027-palma-at-musikinitiative-rheine?utm_campaign=tracked_artist&#038;utm_content=ZD0yNDYxMjg2JnU9MTM3MjI4MTU5&#038;utm_medium=feed&#038;utm_source=ical<\/a><\/p><\/div><\/div>\t\t\t\t\t\t\t\t\t\t\t\t\t\t<\/li>\n\t\t\t\t\t\t\t\t\t\t\t\t\t\t\t\t\t\t\t\t\t\t\t\t\t\t\t\t<li class=\"event all-day\" data-feed-key=\"0\">\n\t\t\t\t\t\t\t\t\t\t\t\t\t\t\t<span class=\"title has_desc confirmed\">The Gardener &amp; The Tree at Beatpol (11 Sep 26)<\/span><div class=\"descloc hover_block\"><div class=\"title_in_hover_block\"><span class=\"title confirmed\">The Gardener &amp; The Tree at Beatpol (11 Sep 26)<\/span><\/div><div class=\"location\">Beatpol, Altbriesnitz 2A, 01157, Dresden, Germany<\/div><div class=\"eventdesc\"><p><a href=\"https:\/\/www.songkick.com\/concerts\/43055873-gardener-and-the-tree-at-beatpol?utm_campaign=tracked_artist&#038;utm_content=ZD0yNDYxMjg2JnU9MTM3MjI4MTU5&#038;utm_medium=feed&#038;utm_source=ical\" rel=\"nofollow\">https:\/\/www.songkick.com\/concerts\/43055873-gardener-and-the-tree-at-beatpol?utm_campaign=tracked_artist&#038;utm_content=ZD0yNDYxMjg2JnU9MTM3MjI4MTU5&#038;utm_medium=feed&#038;utm_source=ical<\/a><\/p><\/div><\/div>\t\t\t\t\t\t\t\t\t\t\t\t\t\t<\/li>\n\t\t\t\t\t\t\t\t\t\t\t\t\t\t\t\t\t\t\t\t\t\t\t\t<\/ul>\n\t\t\t\t\t\t\t\t\t\t\t\t\t\t\t\t\t\t<\/td>\n\t\t\t\t\t\t\t\t\t\t\t\t\t\t\t\t<td data-dow=\"6\" data-events-count=\"4\" data-feed-keys=\"0\" class=\"future has_events d_12 dow_6\">\n\t\t\t\t\t\t\t\t\t<div class=\"day\">\n\t\t\t\t\t\t\t\t\t\t\t\t\t\t\t\t\t\t\t\t\t<span class=\"phone_only\" id=\"r6a97dccace13c5d-20260912\"><span data-date-format=\"l\">Saturday<\/span> <span data-date-format=\"F\">September<\/span> <span data-date-format=\"j\">12<\/span><\/span>\n\t\t\t\t\t\t\t\t\t\t\t<span class=\"no_phone\" aria-hidden=\"true\">12<\/span>\n\t\t\t\t\t\t\t\t\t\t\t\t\t\t\t\t\t\t\t\t<\/div>\n\t\t\t\t\t\t\t\t\t\t\t\t\t\t\t\t\t\t\t<ul class=\"events\" aria-labelledby=\"r6a97dccace13c5d-20260912\">\n\t\t\t\t\t\t\t\t\t\t\t\t\t\t\t\t\t\t\t\t\t\t\t\t\t<li class=\"event all-day multiday_middle\" data-feed-key=\"0\">\n\t\t\t\t\t\t\t\t\t\t\t\t\t\t\t\t\t\t\t\t\t\t\t\t\t\t\t\t\t\t\t<span class=\"all-day-indicator\">All Day<\/span>\n\t\t\t\t\t\t\t\t\t\t\t\t\t\t\t\t<span class=\"title has_desc confirmed\">Rock In Rio 2026<\/span><div class=\"descloc hover_block\"><div class=\"date_in_hover_block\"><span class=\"multiday-start\"><span data-date-format=\"l\">Saturday<\/span> <span data-date-format=\"F\">September<\/span> <span data-date-format=\"j\">5<\/span><\/span><span class=\"multiday-sep\"> &#8211; <\/span><span class=\"multiday-end\"><span data-date-format=\"l\">Sunday<\/span> <span data-date-format=\"F\">September<\/span> <span data-date-format=\"j\">13<\/span><\/span><\/div><div class=\"title_in_hover_block\"><span class=\"title confirmed\">Rock In Rio 2026<\/span><\/div><div class=\"location\">Barra Olympic Park \/ Parque Ol\u00edmpico da Barra, Av. Embaixador Abelardo Bueno, 3401 - Barra da Tijuca, 22775-039, Rio de Janeiro, Brazil<\/div><div class=\"eventdesc\"><p><a href=\"https:\/\/www.songkick.com\/festivals\/1325-rock-in-rio\/id\/42907787-rock-in-rio-2026?utm_campaign=tracked_artist&#038;utm_content=ZD0yNDYxMjg2JnU9MTM3MjI4MTU5&#038;utm_medium=feed&#038;utm_source=ical\" rel=\"nofollow\">https:\/\/www.songkick.com\/festivals\/1325-rock-in-rio\/id\/42907787-rock-in-rio-2026?utm_campaign=tracked_artist&#038;utm_content=ZD0yNDYxMjg2JnU9MTM3MjI4MTU5&#038;utm_medium=feed&#038;utm_source=ical<\/a><\/p><\/div><\/div>\t\t\t\t\t\t\t\t\t\t\t\t\t\t<\/li>\n\t\t\t\t\t\t\t\t\t\t\t\t\t\t\t\t\t\t\t\t\t\t\t\t\t\t\t\t<li class=\"event all-day\" data-feed-key=\"0\">\n\t\t\t\t\t\t\t\t\t\t\t\t\t\t\t<span class=\"title has_desc confirmed\">Ashanti Selah at Salzhaus (12 Sep 26)<\/span><div class=\"descloc hover_block\"><div class=\"title_in_hover_block\"><span class=\"title confirmed\">Ashanti Selah at Salzhaus (12 Sep 26)<\/span><\/div><div class=\"location\">Salzhaus, Untere Vogelsangstrasse 6, 8400, Winterthur, Switzerland<\/div><div class=\"eventdesc\"><p><a href=\"https:\/\/www.songkick.com\/concerts\/43357615-ashanti-selah-at-salzhaus?utm_campaign=tracked_artist&#038;utm_content=ZD0yNDYxMjg2JnU9MTM3MjI4MTU5&#038;utm_medium=feed&#038;utm_source=ical\" rel=\"nofollow\">https:\/\/www.songkick.com\/concerts\/43357615-ashanti-selah-at-salzhaus?utm_campaign=tracked_artist&#038;utm_content=ZD0yNDYxMjg2JnU9MTM3MjI4MTU5&#038;utm_medium=feed&#038;utm_source=ical<\/a><\/p><\/div><\/div>\t\t\t\t\t\t\t\t\t\t\t\t\t\t<\/li>\n\t\t\t\t\t\t\t\t\t\t\t\t\t\t\t\t\t\t\t\t\t\t\t\t\t\t\t\t<li class=\"event all-day\" data-feed-key=\"0\">\n\t\t\t\t\t\t\t\t\t\t\t\t\t\t\t<span class=\"title has_desc confirmed\">Flox at Dissen Skurril (12 Sep 26)<\/span><div class=\"descloc hover_block\"><div class=\"title_in_hover_block\"><span class=\"title confirmed\">Flox at Dissen Skurril (12 Sep 26)<\/span><\/div><div class=\"location\">Dissen Skurril, Dissen, Germany<\/div><div class=\"eventdesc\"><p><a href=\"https:\/\/www.songkick.com\/concerts\/43378541-flox-at-dissen-skurril?utm_campaign=tracked_artist&#038;utm_content=ZD0yNDYxMjg2JnU9MTM3MjI4MTU5&#038;utm_medium=feed&#038;utm_source=ical\" rel=\"nofollow\">https:\/\/www.songkick.com\/concerts\/43378541-flox-at-dissen-skurril?utm_campaign=tracked_artist&#038;utm_content=ZD0yNDYxMjg2JnU9MTM3MjI4MTU5&#038;utm_medium=feed&#038;utm_source=ical<\/a><\/p><\/div><\/div>\t\t\t\t\t\t\t\t\t\t\t\t\t\t<\/li>\n\t\t\t\t\t\t\t\t\t\t\t\t\t\t\t\t\t\t\t\t\t\t\t\t\t\t\t\t<li class=\"event all-day\" data-feed-key=\"0\">\n\t\t\t\t\t\t\t\t\t\t\t\t\t\t\t<span class=\"title has_desc confirmed\">The Gardener &amp; The Tree at Die Kantine (12 Sep 26)<\/span><div class=\"descloc hover_block\"><div class=\"title_in_hover_block\"><span class=\"title confirmed\">The Gardener &amp; The Tree at Die Kantine (12 Sep 26)<\/span><\/div><div class=\"location\">Die Kantine, Neusser Landstr. 2, 50735, Cologne, Germany<\/div><div class=\"eventdesc\"><p><a href=\"https:\/\/www.songkick.com\/concerts\/43060437-gardener-and-the-tree-at-die-kantine?utm_campaign=tracked_artist&#038;utm_content=ZD0yNDYxMjg2JnU9MTM3MjI4MTU5&#038;utm_medium=feed&#038;utm_source=ical\" rel=\"nofollow\">https:\/\/www.songkick.com\/concerts\/43060437-gardener-and-the-tree-at-die-kantine?utm_campaign=tracked_artist&#038;utm_content=ZD0yNDYxMjg2JnU9MTM3MjI4MTU5&#038;utm_medium=feed&#038;utm_source=ical<\/a><\/p><\/div><\/div>\t\t\t\t\t\t\t\t\t\t\t\t\t\t<\/li>\n\t\t\t\t\t\t\t\t\t\t\t\t\t\t\t\t\t\t\t\t\t\t\t\t<\/ul>\n\t\t\t\t\t\t\t\t\t\t\t\t\t\t\t\t\t\t<\/td>\n\t\t\t\t\t\t\t\t\t\t\t\t\t\t\t\t<td data-dow=\"0\" data-events-count=\"2\" data-feed-keys=\"0\" class=\"future has_events d_13 dow_0\">\n\t\t\t\t\t\t\t\t\t<div class=\"day\">\n\t\t\t\t\t\t\t\t\t\t\t\t\t\t\t\t\t\t\t\t\t<span class=\"phone_only\" id=\"r6a97dccace13c5d-20260913\"><span data-date-format=\"l\">Sunday<\/span> <span data-date-format=\"F\">September<\/span> <span data-date-format=\"j\">13<\/span><\/span>\n\t\t\t\t\t\t\t\t\t\t\t<span class=\"no_phone\" aria-hidden=\"true\">13<\/span>\n\t\t\t\t\t\t\t\t\t\t\t\t\t\t\t\t\t\t\t\t<\/div>\n\t\t\t\t\t\t\t\t\t\t\t\t\t\t\t\t\t\t\t<ul class=\"events\" aria-labelledby=\"r6a97dccace13c5d-20260913\">\n\t\t\t\t\t\t\t\t\t\t\t\t\t\t\t\t\t\t\t\t\t\t\t\t\t<li class=\"event all-day multiday_last\" data-feed-key=\"0\">\n\t\t\t\t\t\t\t\t\t\t\t\t\t\t\t\t\t\t\t\t\t\t\t\t\t\t\t\t\t\t\t<span class=\"all-day-indicator\">All Day<\/span>\n\t\t\t\t\t\t\t\t\t\t\t\t\t\t\t\t<span class=\"title has_desc confirmed\">Rock In Rio 2026<\/span><div class=\"descloc hover_block\"><div class=\"date_in_hover_block\"><span class=\"multiday-start\"><span data-date-format=\"l\">Saturday<\/span> <span data-date-format=\"F\">September<\/span> <span data-date-format=\"j\">5<\/span><\/span><span class=\"multiday-sep\"> &#8211; <\/span><span class=\"multiday-end\"><span data-date-format=\"l\">Sunday<\/span> <span data-date-format=\"F\">September<\/span> <span data-date-format=\"j\">13<\/span><\/span><\/div><div class=\"title_in_hover_block\"><span class=\"title confirmed\">Rock In Rio 2026<\/span><\/div><div class=\"location\">Barra Olympic Park \/ Parque Ol\u00edmpico da Barra, Av. Embaixador Abelardo Bueno, 3401 - Barra da Tijuca, 22775-039, Rio de Janeiro, Brazil<\/div><div class=\"eventdesc\"><p><a href=\"https:\/\/www.songkick.com\/festivals\/1325-rock-in-rio\/id\/42907787-rock-in-rio-2026?utm_campaign=tracked_artist&#038;utm_content=ZD0yNDYxMjg2JnU9MTM3MjI4MTU5&#038;utm_medium=feed&#038;utm_source=ical\" rel=\"nofollow\">https:\/\/www.songkick.com\/festivals\/1325-rock-in-rio\/id\/42907787-rock-in-rio-2026?utm_campaign=tracked_artist&#038;utm_content=ZD0yNDYxMjg2JnU9MTM3MjI4MTU5&#038;utm_medium=feed&#038;utm_source=ical<\/a><\/p><\/div><\/div>\t\t\t\t\t\t\t\t\t\t\t\t\t\t<\/li>\n\t\t\t\t\t\t\t\t\t\t\t\t\t\t\t\t\t\t\t\t\t\t\t\t\t\t\t\t<li class=\"event all-day\" data-feed-key=\"0\">\n\t\t\t\t\t\t\t\t\t\t\t\t\t\t\t<span class=\"title has_desc confirmed\">The Gardener &amp; The Tree at Festsaal Kreuzberg (13 Sep 26)<\/span><div class=\"descloc hover_block\"><div class=\"title_in_hover_block\"><span class=\"title confirmed\">The Gardener &amp; The Tree at Festsaal Kreuzberg (13 Sep 26)<\/span><\/div><div class=\"location\">Festsaal Kreuzberg, Am Flutgraben 2, 12435, Berlin, Germany<\/div><div class=\"eventdesc\"><p><a href=\"https:\/\/www.songkick.com\/concerts\/43060438-gardener-and-the-tree-at-festsaal-kreuzberg?utm_campaign=tracked_artist&#038;utm_content=ZD0yNDYxMjg2JnU9MTM3MjI4MTU5&#038;utm_medium=feed&#038;utm_source=ical\" rel=\"nofollow\">https:\/\/www.songkick.com\/concerts\/43060438-gardener-and-the-tree-at-festsaal-kreuzberg?utm_campaign=tracked_artist&#038;utm_content=ZD0yNDYxMjg2JnU9MTM3MjI4MTU5&#038;utm_medium=feed&#038;utm_source=ical<\/a><\/p><\/div><\/div>\t\t\t\t\t\t\t\t\t\t\t\t\t\t<\/li>\n\t\t\t\t\t\t\t\t\t\t\t\t\t\t\t\t\t\t\t\t\t\t\t\t<\/ul>\n\t\t\t\t\t\t\t\t\t\t\t\t\t\t\t\t\t\t<\/td>\n\t\t\t\t\t\t\t\t<\/tr><tr>\t\t\t\t\t\t\t\t<td data-dow=\"1\" data-events-count=\"0\" data-feed-keys=\"\" class=\"future empty d_14 dow_1\">\n\t\t\t\t\t\t\t\t\t<div class=\"day\">\n\t\t\t\t\t\t\t\t\t\t\t\t\t\t\t\t\t\t\t\t\t<span class=\"phone_only\" id=\"r6a97dccace13c5d-20260914\"><span data-date-format=\"l\">Monday<\/span> <span data-date-format=\"F\">September<\/span> <span data-date-format=\"j\">14<\/span><\/span>\n\t\t\t\t\t\t\t\t\t\t\t<span class=\"no_phone\" aria-hidden=\"true\">14<\/span>\n\t\t\t\t\t\t\t\t\t\t\t\t\t\t\t\t\t\t\t\t<\/div>\n\t\t\t\t\t\t\t\t\t\t\t\t\t\t\t\t\t<\/td>\n\t\t\t\t\t\t\t\t\t\t\t\t\t\t\t\t<td data-dow=\"2\" data-events-count=\"0\" data-feed-keys=\"\" class=\"future empty d_15 dow_2\">\n\t\t\t\t\t\t\t\t\t<div class=\"day\">\n\t\t\t\t\t\t\t\t\t\t\t\t\t\t\t\t\t\t\t\t\t<span class=\"phone_only\" id=\"r6a97dccace13c5d-20260915\"><span data-date-format=\"l\">Tuesday<\/span> <span data-date-format=\"F\">September<\/span> <span data-date-format=\"j\">15<\/span><\/span>\n\t\t\t\t\t\t\t\t\t\t\t<span class=\"no_phone\" aria-hidden=\"true\">15<\/span>\n\t\t\t\t\t\t\t\t\t\t\t\t\t\t\t\t\t\t\t\t<\/div>\n\t\t\t\t\t\t\t\t\t\t\t\t\t\t\t\t\t<\/td>\n\t\t\t\t\t\t\t\t\t\t\t\t\t\t\t\t<td data-dow=\"3\" data-events-count=\"0\" data-feed-keys=\"\" class=\"future empty d_16 dow_3\">\n\t\t\t\t\t\t\t\t\t<div class=\"day\">\n\t\t\t\t\t\t\t\t\t\t\t\t\t\t\t\t\t\t\t\t\t<span class=\"phone_only\" id=\"r6a97dccace13c5d-20260916\"><span data-date-format=\"l\">Wednesday<\/span> <span data-date-format=\"F\">September<\/span> <span data-date-format=\"j\">16<\/span><\/span>\n\t\t\t\t\t\t\t\t\t\t\t<span class=\"no_phone\" aria-hidden=\"true\">16<\/span>\n\t\t\t\t\t\t\t\t\t\t\t\t\t\t\t\t\t\t\t\t<\/div>\n\t\t\t\t\t\t\t\t\t\t\t\t\t\t\t\t\t<\/td>\n\t\t\t\t\t\t\t\t\t\t\t\t\t\t\t\t<td data-dow=\"4\" data-events-count=\"0\" data-feed-keys=\"\" class=\"future empty d_17 dow_4\">\n\t\t\t\t\t\t\t\t\t<div class=\"day\">\n\t\t\t\t\t\t\t\t\t\t\t\t\t\t\t\t\t\t\t\t\t<span class=\"phone_only\" id=\"r6a97dccace13c5d-20260917\"><span data-date-format=\"l\">Thursday<\/span> <span data-date-format=\"F\">September<\/span> <span data-date-format=\"j\">17<\/span><\/span>\n\t\t\t\t\t\t\t\t\t\t\t<span class=\"no_phone\" aria-hidden=\"true\">17<\/span>\n\t\t\t\t\t\t\t\t\t\t\t\t\t\t\t\t\t\t\t\t<\/div>\n\t\t\t\t\t\t\t\t\t\t\t\t\t\t\t\t\t<\/td>\n\t\t\t\t\t\t\t\t\t\t\t\t\t\t\t\t<td data-dow=\"5\" data-events-count=\"1\" data-feed-keys=\"0\" class=\"future has_events d_18 dow_5\">\n\t\t\t\t\t\t\t\t\t<div class=\"day\">\n\t\t\t\t\t\t\t\t\t\t\t\t\t\t\t\t\t\t\t\t\t<span class=\"phone_only\" id=\"r6a97dccace13c5d-20260918\"><span data-date-format=\"l\">Friday<\/span> <span data-date-format=\"F\">September<\/span> <span data-date-format=\"j\">18<\/span><\/span>\n\t\t\t\t\t\t\t\t\t\t\t<span class=\"no_phone\" aria-hidden=\"true\">18<\/span>\n\t\t\t\t\t\t\t\t\t\t\t\t\t\t\t\t\t\t\t\t<\/div>\n\t\t\t\t\t\t\t\t\t\t\t\t\t\t\t\t\t\t\t<ul class=\"events\" aria-labelledby=\"r6a97dccace13c5d-20260918\">\n\t\t\t\t\t\t\t\t\t\t\t\t\t\t\t\t\t\t\t\t\t\t\t\t\t<li class=\"event all-day\" data-feed-key=\"0\">\n\t\t\t\t\t\t\t\t\t\t\t\t\t\t\t\t\t\t\t\t\t\t\t\t\t\t\t\t\t\t\t<span class=\"all-day-indicator\">All Day<\/span>\n\t\t\t\t\t\t\t\t\t\t\t\t\t\t\t\t<span class=\"title has_desc confirmed\">Palma at Gerber 3 (18 Sep 26)<\/span><div class=\"descloc hover_block\"><div class=\"title_in_hover_block\"><span class=\"title confirmed\">Palma at Gerber 3 (18 Sep 26)<\/span><\/div><div class=\"location\">Gerber 3, Gerberstra\u00dfe 3, 99423, Weimar, Germany<\/div><div class=\"eventdesc\"><p><a href=\"https:\/\/www.songkick.com\/concerts\/43291417-palma-at-gerber-3?utm_campaign=tracked_artist&#038;utm_content=ZD0yNDYxMjg2JnU9MTM3MjI4MTU5&#038;utm_medium=feed&#038;utm_source=ical\" rel=\"nofollow\">https:\/\/www.songkick.com\/concerts\/43291417-palma-at-gerber-3?utm_campaign=tracked_artist&#038;utm_content=ZD0yNDYxMjg2JnU9MTM3MjI4MTU5&#038;utm_medium=feed&#038;utm_source=ical<\/a><\/p><\/div><\/div>\t\t\t\t\t\t\t\t\t\t\t\t\t\t<\/li>\n\t\t\t\t\t\t\t\t\t\t\t\t\t\t\t\t\t\t\t\t\t\t\t\t<\/ul>\n\t\t\t\t\t\t\t\t\t\t\t\t\t\t\t\t\t\t<\/td>\n\t\t\t\t\t\t\t\t\t\t\t\t\t\t\t\t<td data-dow=\"6\" data-events-count=\"2\" data-feed-keys=\"0\" class=\"future has_events d_19 dow_6\">\n\t\t\t\t\t\t\t\t\t<div class=\"day\">\n\t\t\t\t\t\t\t\t\t\t\t\t\t\t\t\t\t\t\t\t\t<span class=\"phone_only\" id=\"r6a97dccace13c5d-20260919\"><span data-date-format=\"l\">Saturday<\/span> <span data-date-format=\"F\">September<\/span> <span data-date-format=\"j\">19<\/span><\/span>\n\t\t\t\t\t\t\t\t\t\t\t<span class=\"no_phone\" aria-hidden=\"true\">19<\/span>\n\t\t\t\t\t\t\t\t\t\t\t\t\t\t\t\t\t\t\t\t<\/div>\n\t\t\t\t\t\t\t\t\t\t\t\t\t\t\t\t\t\t\t<ul class=\"events\" aria-labelledby=\"r6a97dccace13c5d-20260919\">\n\t\t\t\t\t\t\t\t\t\t\t\t\t\t\t\t\t\t\t\t\t\t\t\t\t<li class=\"event all-day\" data-feed-key=\"0\">\n\t\t\t\t\t\t\t\t\t\t\t\t\t\t\t\t\t\t\t\t\t\t\t\t\t\t\t\t\t\t\t<span class=\"all-day-indicator\">All Day<\/span>\n\t\t\t\t\t\t\t\t\t\t\t\t\t\t\t\t<span class=\"title has_desc confirmed\">CANCELED: Campus 2026<\/span><div class=\"descloc hover_block\"><div class=\"title_in_hover_block\"><span class=\"title confirmed\">CANCELED: Campus 2026<\/span><\/div><div class=\"location\">Halle Gartlage, Schlachthofstra\u00dfe 48, 49074, Osnabr\u00fcck, Germany<\/div><div class=\"eventdesc\"><p><a href=\"https:\/\/www.songkick.com\/festivals\/134736-campus\/id\/42801622-campus-2026?utm_campaign=tracked_artist&#038;utm_content=ZD0yNDYxMjg2JnU9MTM3MjI4MTU5&#038;utm_medium=feed&#038;utm_source=ical\" rel=\"nofollow\">https:\/\/www.songkick.com\/festivals\/134736-campus\/id\/42801622-campus-2026?utm_campaign=tracked_artist&#038;utm_content=ZD0yNDYxMjg2JnU9MTM3MjI4MTU5&#038;utm_medium=feed&#038;utm_source=ical<\/a><\/p><\/div><\/div>\t\t\t\t\t\t\t\t\t\t\t\t\t\t<\/li>\n\t\t\t\t\t\t\t\t\t\t\t\t\t\t\t\t\t\t\t\t\t\t\t\t\t\t\t\t<li class=\"event all-day\" data-feed-key=\"0\">\n\t\t\t\t\t\t\t\t\t\t\t\t\t\t\t<span class=\"title has_desc confirmed\">Rebel Forst Festival 2026<\/span><div class=\"descloc hover_block\"><div class=\"title_in_hover_block\"><span class=\"title confirmed\">Rebel Forst Festival 2026<\/span><\/div><div class=\"location\">Jugendhof Bessunger Forst, Aschaffenburger Str. 183, 64287, Darmstadt, Germany<\/div><div class=\"eventdesc\"><p><a href=\"https:\/\/www.songkick.com\/festivals\/3802589-rebel-forst\/id\/43385230-rebel-forst-festival-2026?utm_campaign=tracked_artist&#038;utm_content=ZD0yNDYxMjg2JnU9MTM3MjI4MTU5&#038;utm_medium=feed&#038;utm_source=ical\" rel=\"nofollow\">https:\/\/www.songkick.com\/festivals\/3802589-rebel-forst\/id\/43385230-rebel-forst-festival-2026?utm_campaign=tracked_artist&#038;utm_content=ZD0yNDYxMjg2JnU9MTM3MjI4MTU5&#038;utm_medium=feed&#038;utm_source=ical<\/a><\/p><\/div><\/div>\t\t\t\t\t\t\t\t\t\t\t\t\t\t<\/li>\n\t\t\t\t\t\t\t\t\t\t\t\t\t\t\t\t\t\t\t\t\t\t\t\t<\/ul>\n\t\t\t\t\t\t\t\t\t\t\t\t\t\t\t\t\t\t<\/td>\n\t\t\t\t\t\t\t\t\t\t\t\t\t\t\t\t<td data-dow=\"0\" data-events-count=\"0\" data-feed-keys=\"\" class=\"future empty d_20 dow_0\">\n\t\t\t\t\t\t\t\t\t<div class=\"day\">\n\t\t\t\t\t\t\t\t\t\t\t\t\t\t\t\t\t\t\t\t\t<span class=\"phone_only\" id=\"r6a97dccace13c5d-20260920\"><span data-date-format=\"l\">Sunday<\/span> <span data-date-format=\"F\">September<\/span> <span data-date-format=\"j\">20<\/span><\/span>\n\t\t\t\t\t\t\t\t\t\t\t<span class=\"no_phone\" aria-hidden=\"true\">20<\/span>\n\t\t\t\t\t\t\t\t\t\t\t\t\t\t\t\t\t\t\t\t<\/div>\n\t\t\t\t\t\t\t\t\t\t\t\t\t\t\t\t\t<\/td>\n\t\t\t\t\t\t\t\t<\/tr><tr>\t\t\t\t\t\t\t\t<td data-dow=\"1\" data-events-count=\"2\" data-feed-keys=\"0\" class=\"future has_events d_21 dow_1\">\n\t\t\t\t\t\t\t\t\t<div class=\"day\">\n\t\t\t\t\t\t\t\t\t\t\t\t\t\t\t\t\t\t\t\t\t<span class=\"phone_only\" id=\"r6a97dccace13c5d-20260921\"><span data-date-format=\"l\">Monday<\/span> <span data-date-format=\"F\">September<\/span> <span data-date-format=\"j\">21<\/span><\/span>\n\t\t\t\t\t\t\t\t\t\t\t<span class=\"no_phone\" aria-hidden=\"true\">21<\/span>\n\t\t\t\t\t\t\t\t\t\t\t\t\t\t\t\t\t\t\t\t<\/div>\n\t\t\t\t\t\t\t\t\t\t\t\t\t\t\t\t\t\t\t<ul class=\"events\" aria-labelledby=\"r6a97dccace13c5d-20260921\">\n\t\t\t\t\t\t\t\t\t\t\t\t\t\t\t\t\t\t\t\t\t\t\t\t\t<li class=\"event all-day\" data-feed-key=\"0\">\n\t\t\t\t\t\t\t\t\t\t\t\t\t\t\t\t\t\t\t\t\t\t\t\t\t\t\t\t\t\t\t<span class=\"all-day-indicator\">All Day<\/span>\n\t\t\t\t\t\t\t\t\t\t\t\t\t\t\t\t<span class=\"title has_desc confirmed\">Ang\u00e9lique Kidjo at Bierh\u00fcbeli (21 Sep 26)<\/span><div class=\"descloc hover_block\"><div class=\"title_in_hover_block\"><span class=\"title confirmed\">Ang\u00e9lique Kidjo at Bierh\u00fcbeli (21 Sep 26)<\/span><\/div><div class=\"location\">Bierh\u00fcbeli, Neubr\u00fcckstrasse 43, 3012, Bern, Switzerland<\/div><div class=\"eventdesc\"><p><a href=\"https:\/\/www.songkick.com\/concerts\/43086999-angelique-kidjo-at-bierhubeli?utm_campaign=tracked_artist&#038;utm_content=ZD0yNDYxMjg2JnU9MTM3MjI4MTU5&#038;utm_medium=feed&#038;utm_source=ical\" rel=\"nofollow\">https:\/\/www.songkick.com\/concerts\/43086999-angelique-kidjo-at-bierhubeli?utm_campaign=tracked_artist&#038;utm_content=ZD0yNDYxMjg2JnU9MTM3MjI4MTU5&#038;utm_medium=feed&#038;utm_source=ical<\/a><\/p><\/div><\/div>\t\t\t\t\t\t\t\t\t\t\t\t\t\t<\/li>\n\t\t\t\t\t\t\t\t\t\t\t\t\t\t\t\t\t\t\t\t\t\t\t\t\t\t\t\t<li class=\"event all-day\" data-feed-key=\"0\">\n\t\t\t\t\t\t\t\t\t\t\t\t\t\t\t<span class=\"title has_desc confirmed\">Les Yeux D'La T\u00eate at Kulturladen (21 Sep 26)<\/span><div class=\"descloc hover_block\"><div class=\"title_in_hover_block\"><span class=\"title confirmed\">Les Yeux D'La T\u00eate at Kulturladen (21 Sep 26)<\/span><\/div><div class=\"location\">Kulturladen, Joseph Belli Weg 9, 78467, Konstanz, Germany<\/div><div class=\"eventdesc\"><p><a href=\"https:\/\/www.songkick.com\/concerts\/43228915-les-yeux-dla-tete-at-kulturladen?utm_campaign=tracked_artist&#038;utm_content=ZD0yNDYxMjg2JnU9MTM3MjI4MTU5&#038;utm_medium=feed&#038;utm_source=ical\" rel=\"nofollow\">https:\/\/www.songkick.com\/concerts\/43228915-les-yeux-dla-tete-at-kulturladen?utm_campaign=tracked_artist&#038;utm_content=ZD0yNDYxMjg2JnU9MTM3MjI4MTU5&#038;utm_medium=feed&#038;utm_source=ical<\/a><\/p><\/div><\/div>\t\t\t\t\t\t\t\t\t\t\t\t\t\t<\/li>\n\t\t\t\t\t\t\t\t\t\t\t\t\t\t\t\t\t\t\t\t\t\t\t\t<\/ul>\n\t\t\t\t\t\t\t\t\t\t\t\t\t\t\t\t\t\t<\/td>\n\t\t\t\t\t\t\t\t\t\t\t\t\t\t\t\t<td data-dow=\"2\" data-events-count=\"1\" data-feed-keys=\"0\" class=\"future has_events d_22 dow_2\">\n\t\t\t\t\t\t\t\t\t<div class=\"day\">\n\t\t\t\t\t\t\t\t\t\t\t\t\t\t\t\t\t\t\t\t\t<span class=\"phone_only\" id=\"r6a97dccace13c5d-20260922\"><span data-date-format=\"l\">Tuesday<\/span> <span data-date-format=\"F\">September<\/span> <span data-date-format=\"j\">22<\/span><\/span>\n\t\t\t\t\t\t\t\t\t\t\t<span class=\"no_phone\" aria-hidden=\"true\">22<\/span>\n\t\t\t\t\t\t\t\t\t\t\t\t\t\t\t\t\t\t\t\t<\/div>\n\t\t\t\t\t\t\t\t\t\t\t\t\t\t\t\t\t\t\t<ul class=\"events\" aria-labelledby=\"r6a97dccace13c5d-20260922\">\n\t\t\t\t\t\t\t\t\t\t\t\t\t\t\t\t\t\t\t\t\t\t\t\t\t<li class=\"event all-day\" data-feed-key=\"0\">\n\t\t\t\t\t\t\t\t\t\t\t\t\t\t\t\t\t\t\t\t\t\t\t\t\t\t\t\t\t\t\t<span class=\"all-day-indicator\">All Day<\/span>\n\t\t\t\t\t\t\t\t\t\t\t\t\t\t\t\t<span class=\"title has_desc confirmed\">Ang\u00e9lique Kidjo at Alhambra (22 Sep 26)<\/span><div class=\"descloc hover_block\"><div class=\"title_in_hover_block\"><span class=\"title confirmed\">Ang\u00e9lique Kidjo at Alhambra (22 Sep 26)<\/span><\/div><div class=\"location\">Alhambra, 10, rue de la R\u00f4tisserie, 1204, Geneva, Switzerland<\/div><div class=\"eventdesc\"><p><a href=\"https:\/\/www.songkick.com\/concerts\/43087001-angelique-kidjo-at-alhambra?utm_campaign=tracked_artist&#038;utm_content=ZD0yNDYxMjg2JnU9MTM3MjI4MTU5&#038;utm_medium=feed&#038;utm_source=ical\" rel=\"nofollow\">https:\/\/www.songkick.com\/concerts\/43087001-angelique-kidjo-at-alhambra?utm_campaign=tracked_artist&#038;utm_content=ZD0yNDYxMjg2JnU9MTM3MjI4MTU5&#038;utm_medium=feed&#038;utm_source=ical<\/a><\/p><\/div><\/div>\t\t\t\t\t\t\t\t\t\t\t\t\t\t<\/li>\n\t\t\t\t\t\t\t\t\t\t\t\t\t\t\t\t\t\t\t\t\t\t\t\t<\/ul>\n\t\t\t\t\t\t\t\t\t\t\t\t\t\t\t\t\t\t<\/td>\n\t\t\t\t\t\t\t\t\t\t\t\t\t\t\t\t<td data-dow=\"3\" data-events-count=\"1\" data-feed-keys=\"0\" class=\"future has_events d_23 dow_3\">\n\t\t\t\t\t\t\t\t\t<div class=\"day\">\n\t\t\t\t\t\t\t\t\t\t\t\t\t\t\t\t\t\t\t\t\t<span class=\"phone_only\" id=\"r6a97dccace13c5d-20260923\"><span data-date-format=\"l\">Wednesday<\/span> <span data-date-format=\"F\">September<\/span> <span data-date-format=\"j\">23<\/span><\/span>\n\t\t\t\t\t\t\t\t\t\t\t<span class=\"no_phone\" aria-hidden=\"true\">23<\/span>\n\t\t\t\t\t\t\t\t\t\t\t\t\t\t\t\t\t\t\t\t<\/div>\n\t\t\t\t\t\t\t\t\t\t\t\t\t\t\t\t\t\t\t<ul class=\"events\" aria-labelledby=\"r6a97dccace13c5d-20260923\">\n\t\t\t\t\t\t\t\t\t\t\t\t\t\t\t\t\t\t\t\t\t\t\t\t\t<li class=\"event all-day\" data-feed-key=\"0\">\n\t\t\t\t\t\t\t\t\t\t\t\t\t\t\t\t\t\t\t\t\t\t\t\t\t\t\t\t\t\t\t<span class=\"all-day-indicator\">All Day<\/span>\n\t\t\t\t\t\t\t\t\t\t\t\t\t\t\t\t<span class=\"title has_desc confirmed\">Les Yeux D'La T\u00eate at Kulturzentrum (KuZ) Kreuz (23 Sep 26)<\/span><div class=\"descloc hover_block\"><div class=\"title_in_hover_block\"><span class=\"title confirmed\">Les Yeux D'La T\u00eate at Kulturzentrum (KuZ) Kreuz (23 Sep 26)<\/span><\/div><div class=\"location\">Kulturzentrum (KuZ) Kreuz, Schlitzerstra\u00dfe 81, 36037, Fulda, Germany<\/div><div class=\"eventdesc\"><p><a href=\"https:\/\/www.songkick.com\/concerts\/43073686-les-yeux-dla-tete-at-kulturzentrum-kreuz?utm_campaign=tracked_artist&#038;utm_content=ZD0yNDYxMjg2JnU9MTM3MjI4MTU5&#038;utm_medium=feed&#038;utm_source=ical\" rel=\"nofollow\">https:\/\/www.songkick.com\/concerts\/43073686-les-yeux-dla-tete-at-kulturzentrum-kreuz?utm_campaign=tracked_artist&#038;utm_content=ZD0yNDYxMjg2JnU9MTM3MjI4MTU5&#038;utm_medium=feed&#038;utm_source=ical<\/a><\/p><\/div><\/div>\t\t\t\t\t\t\t\t\t\t\t\t\t\t<\/li>\n\t\t\t\t\t\t\t\t\t\t\t\t\t\t\t\t\t\t\t\t\t\t\t\t<\/ul>\n\t\t\t\t\t\t\t\t\t\t\t\t\t\t\t\t\t\t<\/td>\n\t\t\t\t\t\t\t\t\t\t\t\t\t\t\t\t<td data-dow=\"4\" data-events-count=\"2\" data-feed-keys=\"0\" class=\"future has_events d_24 dow_4\">\n\t\t\t\t\t\t\t\t\t<div class=\"day\">\n\t\t\t\t\t\t\t\t\t\t\t\t\t\t\t\t\t\t\t\t\t<span class=\"phone_only\" id=\"r6a97dccace13c5d-20260924\"><span data-date-format=\"l\">Thursday<\/span> <span data-date-format=\"F\">September<\/span> <span data-date-format=\"j\">24<\/span><\/span>\n\t\t\t\t\t\t\t\t\t\t\t<span class=\"no_phone\" aria-hidden=\"true\">24<\/span>\n\t\t\t\t\t\t\t\t\t\t\t\t\t\t\t\t\t\t\t\t<\/div>\n\t\t\t\t\t\t\t\t\t\t\t\t\t\t\t\t\t\t\t<ul class=\"events\" aria-labelledby=\"r6a97dccace13c5d-20260924\">\n\t\t\t\t\t\t\t\t\t\t\t\t\t\t\t\t\t\t\t\t\t\t\t\t\t<li class=\"event all-day\" data-feed-key=\"0\">\n\t\t\t\t\t\t\t\t\t\t\t\t\t\t\t\t\t\t\t\t\t\t\t\t\t\t\t\t\t\t\t<span class=\"all-day-indicator\">All Day<\/span>\n\t\t\t\t\t\t\t\t\t\t\t\t\t\t\t\t<span class=\"title has_desc confirmed\">Dekker at Listening Room (24 Sep 26)<\/span><div class=\"descloc hover_block\"><div class=\"title_in_hover_block\"><span class=\"title confirmed\">Dekker at Listening Room (24 Sep 26)<\/span><\/div><div class=\"location\">Listening Room, Berlin, Germany<\/div><div class=\"eventdesc\"><p><a href=\"https:\/\/www.songkick.com\/concerts\/43360682-dekker-at-listening-room?utm_campaign=tracked_artist&#038;utm_content=ZD0yNDYxMjg2JnU9MTM3MjI4MTU5&#038;utm_medium=feed&#038;utm_source=ical\" rel=\"nofollow\">https:\/\/www.songkick.com\/concerts\/43360682-dekker-at-listening-room?utm_campaign=tracked_artist&#038;utm_content=ZD0yNDYxMjg2JnU9MTM3MjI4MTU5&#038;utm_medium=feed&#038;utm_source=ical<\/a><\/p><\/div><\/div>\t\t\t\t\t\t\t\t\t\t\t\t\t\t<\/li>\n\t\t\t\t\t\t\t\t\t\t\t\t\t\t\t\t\t\t\t\t\t\t\t\t\t\t\t\t<li class=\"event all-day\" data-feed-key=\"0\">\n\t\t\t\t\t\t\t\t\t\t\t\t\t\t\t<span class=\"title has_desc confirmed\">El Flecha Negra at Seeb\u00fchne Kronach (24 Sep 26)<\/span><div class=\"descloc hover_block\"><div class=\"title_in_hover_block\"><span class=\"title confirmed\">El Flecha Negra at Seeb\u00fchne Kronach (24 Sep 26)<\/span><\/div><div class=\"location\">Seeb\u00fchne Kronach, im Landesgartenschaupark, 96317, Kronach, Germany<\/div><div class=\"eventdesc\"><p><a href=\"https:\/\/www.songkick.com\/concerts\/43346392-el-flecha-negra-at-seebuhne-kronach?utm_campaign=tracked_artist&#038;utm_content=ZD0yNDYxMjg2JnU9MTM3MjI4MTU5&#038;utm_medium=feed&#038;utm_source=ical\" rel=\"nofollow\">https:\/\/www.songkick.com\/concerts\/43346392-el-flecha-negra-at-seebuhne-kronach?utm_campaign=tracked_artist&#038;utm_content=ZD0yNDYxMjg2JnU9MTM3MjI4MTU5&#038;utm_medium=feed&#038;utm_source=ical<\/a><\/p><\/div><\/div>\t\t\t\t\t\t\t\t\t\t\t\t\t\t<\/li>\n\t\t\t\t\t\t\t\t\t\t\t\t\t\t\t\t\t\t\t\t\t\t\t\t<\/ul>\n\t\t\t\t\t\t\t\t\t\t\t\t\t\t\t\t\t\t<\/td>\n\t\t\t\t\t\t\t\t\t\t\t\t\t\t\t\t<td data-dow=\"5\" data-events-count=\"4\" data-feed-keys=\"0\" class=\"future has_events d_25 dow_5\">\n\t\t\t\t\t\t\t\t\t<div class=\"day\">\n\t\t\t\t\t\t\t\t\t\t\t\t\t\t\t\t\t\t\t\t\t<span class=\"phone_only\" id=\"r6a97dccace13c5d-20260925\"><span data-date-format=\"l\">Friday<\/span> <span data-date-format=\"F\">September<\/span> <span data-date-format=\"j\">25<\/span><\/span>\n\t\t\t\t\t\t\t\t\t\t\t<span class=\"no_phone\" aria-hidden=\"true\">25<\/span>\n\t\t\t\t\t\t\t\t\t\t\t\t\t\t\t\t\t\t\t\t<\/div>\n\t\t\t\t\t\t\t\t\t\t\t\t\t\t\t\t\t\t\t<ul class=\"events\" aria-labelledby=\"r6a97dccace13c5d-20260925\">\n\t\t\t\t\t\t\t\t\t\t\t\t\t\t\t\t\t\t\t\t\t\t\t\t\t<li class=\"event all-day multiday_first\" data-feed-key=\"0\">\n\t\t\t\t\t\t\t\t\t\t\t\t\t\t\t\t\t\t\t\t\t\t\t\t\t\t\t\t\t\t\t<span class=\"all-day-indicator\">All Day<\/span>\n\t\t\t\t\t\t\t\t\t\t\t\t\t\t\t\t<span class=\"title has_desc confirmed\">STUDIO am See Festival 2026<\/span><div class=\"descloc hover_block\"><div class=\"date_in_hover_block\"><span class=\"multiday-start\"><span data-date-format=\"l\">Friday<\/span> <span data-date-format=\"F\">September<\/span> <span data-date-format=\"j\">25<\/span><\/span><span class=\"multiday-sep\"> &#8211; <\/span><span class=\"multiday-end\"><span data-date-format=\"l\">Saturday<\/span> <span data-date-format=\"F\">September<\/span> <span data-date-format=\"j\">26<\/span><\/span><\/div><div class=\"title_in_hover_block\"><span class=\"title confirmed\">STUDIO am See Festival 2026<\/span><\/div><div class=\"location\">Neubrandenburg, Germany<\/div><div class=\"eventdesc\"><p><a href=\"https:\/\/www.songkick.com\/festivals\/3387112-studio-am-see\/id\/43298362-studio-am-see-festival-2026?utm_campaign=tracked_artist&#038;utm_content=ZD0yNDYxMjg2JnU9MTM3MjI4MTU5&#038;utm_medium=feed&#038;utm_source=ical\" rel=\"nofollow\">https:\/\/www.songkick.com\/festivals\/3387112-studio-am-see\/id\/43298362-studio-am-see-festival-2026?utm_campaign=tracked_artist&#038;utm_content=ZD0yNDYxMjg2JnU9MTM3MjI4MTU5&#038;utm_medium=feed&#038;utm_source=ical<\/a><\/p><\/div><\/div>\t\t\t\t\t\t\t\t\t\t\t\t\t\t<\/li>\n\t\t\t\t\t\t\t\t\t\t\t\t\t\t\t\t\t\t\t\t\t\t\t\t\t\t\t\t<li class=\"event all-day\" data-feed-key=\"0\">\n\t\t\t\t\t\t\t\t\t\t\t\t\t\t\t<span class=\"title has_desc confirmed\">Dekker at Listening Room (25 Sep 26)<\/span><div class=\"descloc hover_block\"><div class=\"title_in_hover_block\"><span class=\"title confirmed\">Dekker at Listening Room (25 Sep 26)<\/span><\/div><div class=\"location\">Listening Room, Hamburg, Germany<\/div><div class=\"eventdesc\"><p><a href=\"https:\/\/www.songkick.com\/concerts\/43360683-dekker-at-listening-room?utm_campaign=tracked_artist&#038;utm_content=ZD0yNDYxMjg2JnU9MTM3MjI4MTU5&#038;utm_medium=feed&#038;utm_source=ical\" rel=\"nofollow\">https:\/\/www.songkick.com\/concerts\/43360683-dekker-at-listening-room?utm_campaign=tracked_artist&#038;utm_content=ZD0yNDYxMjg2JnU9MTM3MjI4MTU5&#038;utm_medium=feed&#038;utm_source=ical<\/a><\/p><\/div><\/div>\t\t\t\t\t\t\t\t\t\t\t\t\t\t<\/li>\n\t\t\t\t\t\t\t\t\t\t\t\t\t\t\t\t\t\t\t\t\t\t\t\t\t\t\t\t<li class=\"event all-day\" data-feed-key=\"0\">\n\t\t\t\t\t\t\t\t\t\t\t\t\t\t\t<span class=\"title has_desc confirmed\">El Flecha Negra at Colos-Saal (25 Sep 26) with Fuego<\/span><div class=\"descloc hover_block\"><div class=\"title_in_hover_block\"><span class=\"title confirmed\">El Flecha Negra at Colos-Saal (25 Sep 26) with Fuego<\/span><\/div><div class=\"location\">Colos-Saal, Ro\u00dfmarkt 19, 63739, Aschaffenburg, Germany<\/div><div class=\"eventdesc\"><p><a href=\"https:\/\/www.songkick.com\/concerts\/42811365-el-flecha-negra-at-colossaal?utm_campaign=tracked_artist&#038;utm_content=ZD0yNDYxMjg2JnU9MTM3MjI4MTU5&#038;utm_medium=feed&#038;utm_source=ical\" rel=\"nofollow\">https:\/\/www.songkick.com\/concerts\/42811365-el-flecha-negra-at-colossaal?utm_campaign=tracked_artist&#038;utm_content=ZD0yNDYxMjg2JnU9MTM3MjI4MTU5&#038;utm_medium=feed&#038;utm_source=ical<\/a><\/p><\/div><\/div>\t\t\t\t\t\t\t\t\t\t\t\t\t\t<\/li>\n\t\t\t\t\t\t\t\t\t\t\t\t\t\t\t\t\t\t\t\t\t\t\t\t\t\t\t\t<li class=\"event all-day\" data-feed-key=\"0\">\n\t\t\t\t\t\t\t\t\t\t\t\t\t\t\t<span class=\"title has_desc confirmed\">Les Yeux D'La T\u00eate at Festival Kulturimzelt (25 Sep 26)<\/span><div class=\"descloc hover_block\"><div class=\"title_in_hover_block\"><span class=\"title confirmed\">Les Yeux D'La T\u00eate at Festival Kulturimzelt (25 Sep 26)<\/span><\/div><div class=\"location\">Festival Kulturimzelt, B\u00fcrgerpark Braunschweig (neben der VW-Halle), 38100, Brunswick, Germany<\/div><div class=\"eventdesc\"><p><a href=\"https:\/\/www.songkick.com\/concerts\/43305406-les-yeux-dla-tete-at-festival-kulturimzelt?utm_campaign=tracked_artist&#038;utm_content=ZD0yNDYxMjg2JnU9MTM3MjI4MTU5&#038;utm_medium=feed&#038;utm_source=ical\" rel=\"nofollow\">https:\/\/www.songkick.com\/concerts\/43305406-les-yeux-dla-tete-at-festival-kulturimzelt?utm_campaign=tracked_artist&#038;utm_content=ZD0yNDYxMjg2JnU9MTM3MjI4MTU5&#038;utm_medium=feed&#038;utm_source=ical<\/a><\/p><\/div><\/div>\t\t\t\t\t\t\t\t\t\t\t\t\t\t<\/li>\n\t\t\t\t\t\t\t\t\t\t\t\t\t\t\t\t\t\t\t\t\t\t\t\t<\/ul>\n\t\t\t\t\t\t\t\t\t\t\t\t\t\t\t\t\t\t<\/td>\n\t\t\t\t\t\t\t\t\t\t\t\t\t\t\t\t<td data-dow=\"6\" data-events-count=\"3\" data-feed-keys=\"0\" class=\"future has_events d_26 dow_6\">\n\t\t\t\t\t\t\t\t\t<div class=\"day\">\n\t\t\t\t\t\t\t\t\t\t\t\t\t\t\t\t\t\t\t\t\t<span class=\"phone_only\" id=\"r6a97dccace13c5d-20260926\"><span data-date-format=\"l\">Saturday<\/span> <span data-date-format=\"F\">September<\/span> <span data-date-format=\"j\">26<\/span><\/span>\n\t\t\t\t\t\t\t\t\t\t\t<span class=\"no_phone\" aria-hidden=\"true\">26<\/span>\n\t\t\t\t\t\t\t\t\t\t\t\t\t\t\t\t\t\t\t\t<\/div>\n\t\t\t\t\t\t\t\t\t\t\t\t\t\t\t\t\t\t\t<ul class=\"events\" aria-labelledby=\"r6a97dccace13c5d-20260926\">\n\t\t\t\t\t\t\t\t\t\t\t\t\t\t\t\t\t\t\t\t\t\t\t\t\t<li class=\"event all-day multiday_last\" data-feed-key=\"0\">\n\t\t\t\t\t\t\t\t\t\t\t\t\t\t\t\t\t\t\t\t\t\t\t\t\t\t\t\t\t\t\t<span class=\"all-day-indicator\">All Day<\/span>\n\t\t\t\t\t\t\t\t\t\t\t\t\t\t\t\t<span class=\"title has_desc confirmed\">STUDIO am See Festival 2026<\/span><div class=\"descloc hover_block\"><div class=\"date_in_hover_block\"><span class=\"multiday-start\"><span data-date-format=\"l\">Friday<\/span> <span data-date-format=\"F\">September<\/span> <span data-date-format=\"j\">25<\/span><\/span><span class=\"multiday-sep\"> &#8211; <\/span><span class=\"multiday-end\"><span data-date-format=\"l\">Saturday<\/span> <span data-date-format=\"F\">September<\/span> <span data-date-format=\"j\">26<\/span><\/span><\/div><div class=\"title_in_hover_block\"><span class=\"title confirmed\">STUDIO am See Festival 2026<\/span><\/div><div class=\"location\">Neubrandenburg, Germany<\/div><div class=\"eventdesc\"><p><a href=\"https:\/\/www.songkick.com\/festivals\/3387112-studio-am-see\/id\/43298362-studio-am-see-festival-2026?utm_campaign=tracked_artist&#038;utm_content=ZD0yNDYxMjg2JnU9MTM3MjI4MTU5&#038;utm_medium=feed&#038;utm_source=ical\" rel=\"nofollow\">https:\/\/www.songkick.com\/festivals\/3387112-studio-am-see\/id\/43298362-studio-am-see-festival-2026?utm_campaign=tracked_artist&#038;utm_content=ZD0yNDYxMjg2JnU9MTM3MjI4MTU5&#038;utm_medium=feed&#038;utm_source=ical<\/a><\/p><\/div><\/div>\t\t\t\t\t\t\t\t\t\t\t\t\t\t<\/li>\n\t\t\t\t\t\t\t\t\t\t\t\t\t\t\t\t\t\t\t\t\t\t\t\t\t\t\t\t<li class=\"event all-day\" data-feed-key=\"0\">\n\t\t\t\t\t\t\t\t\t\t\t\t\t\t\t<span class=\"title has_desc confirmed\">El Flecha Negra at Kulturzentrum franz.K (26 Sep 26)<\/span><div class=\"descloc hover_block\"><div class=\"title_in_hover_block\"><span class=\"title confirmed\">El Flecha Negra at Kulturzentrum franz.K (26 Sep 26)<\/span><\/div><div class=\"location\">Kulturzentrum franz.K, Unter den Linden 23, 72762, Reutlingen, Germany<\/div><div class=\"eventdesc\"><p><a href=\"https:\/\/www.songkick.com\/concerts\/42946839-el-flecha-negra-at-kulturzentrum-franzk?utm_campaign=tracked_artist&#038;utm_content=ZD0yNDYxMjg2JnU9MTM3MjI4MTU5&#038;utm_medium=feed&#038;utm_source=ical\" rel=\"nofollow\">https:\/\/www.songkick.com\/concerts\/42946839-el-flecha-negra-at-kulturzentrum-franzk?utm_campaign=tracked_artist&#038;utm_content=ZD0yNDYxMjg2JnU9MTM3MjI4MTU5&#038;utm_medium=feed&#038;utm_source=ical<\/a><\/p><\/div><\/div>\t\t\t\t\t\t\t\t\t\t\t\t\t\t<\/li>\n\t\t\t\t\t\t\t\t\t\t\t\t\t\t\t\t\t\t\t\t\t\t\t\t\t\t\t\t<li class=\"event all-day\" data-feed-key=\"0\">\n\t\t\t\t\t\t\t\t\t\t\t\t\t\t\t<span class=\"title has_desc confirmed\">Les Yeux D'La T\u00eate at ZOOM (26 Sep 26)<\/span><div class=\"descloc hover_block\"><div class=\"title_in_hover_block\"><span class=\"title confirmed\">Les Yeux D'La T\u00eate at ZOOM (26 Sep 26)<\/span><\/div><div class=\"location\">ZOOM, 21 Carl-Benz-Stra\u00dfe, 60386, Frankfurt, Germany<\/div><div class=\"eventdesc\"><p><a href=\"https:\/\/www.songkick.com\/concerts\/43073664-les-yeux-dla-tete-at-zoom?utm_campaign=tracked_artist&#038;utm_content=ZD0yNDYxMjg2JnU9MTM3MjI4MTU5&#038;utm_medium=feed&#038;utm_source=ical\" rel=\"nofollow\">https:\/\/www.songkick.com\/concerts\/43073664-les-yeux-dla-tete-at-zoom?utm_campaign=tracked_artist&#038;utm_content=ZD0yNDYxMjg2JnU9MTM3MjI4MTU5&#038;utm_medium=feed&#038;utm_source=ical<\/a><\/p><\/div><\/div>\t\t\t\t\t\t\t\t\t\t\t\t\t\t<\/li>\n\t\t\t\t\t\t\t\t\t\t\t\t\t\t\t\t\t\t\t\t\t\t\t\t<\/ul>\n\t\t\t\t\t\t\t\t\t\t\t\t\t\t\t\t\t\t<\/td>\n\t\t\t\t\t\t\t\t\t\t\t\t\t\t\t\t<td data-dow=\"0\" data-events-count=\"1\" data-feed-keys=\"0\" class=\"future has_events d_27 dow_0\">\n\t\t\t\t\t\t\t\t\t<div class=\"day\">\n\t\t\t\t\t\t\t\t\t\t\t\t\t\t\t\t\t\t\t\t\t<span class=\"phone_only\" id=\"r6a97dccace13c5d-20260927\"><span data-date-format=\"l\">Sunday<\/span> <span data-date-format=\"F\">September<\/span> <span data-date-format=\"j\">27<\/span><\/span>\n\t\t\t\t\t\t\t\t\t\t\t<span class=\"no_phone\" aria-hidden=\"true\">27<\/span>\n\t\t\t\t\t\t\t\t\t\t\t\t\t\t\t\t\t\t\t\t<\/div>\n\t\t\t\t\t\t\t\t\t\t\t\t\t\t\t\t\t\t\t<ul class=\"events\" aria-labelledby=\"r6a97dccace13c5d-20260927\">\n\t\t\t\t\t\t\t\t\t\t\t\t\t\t\t\t\t\t\t\t\t\t\t\t\t<li class=\"event all-day\" data-feed-key=\"0\">\n\t\t\t\t\t\t\t\t\t\t\t\t\t\t\t\t\t\t\t\t\t\t\t\t\t\t\t\t\t\t\t<span class=\"all-day-indicator\">All Day<\/span>\n\t\t\t\t\t\t\t\t\t\t\t\t\t\t\t\t<span class=\"title has_desc confirmed\">Eivind Aarset at Musikbunker Aachen (27 Sep 26)<\/span><div class=\"descloc hover_block\"><div class=\"title_in_hover_block\"><span class=\"title confirmed\">Eivind Aarset at Musikbunker Aachen (27 Sep 26)<\/span><\/div><div class=\"location\">Musikbunker Aachen, Rehmannstr. 26, 52066, Aachen, Germany<\/div><div class=\"eventdesc\"><p><a href=\"https:\/\/www.songkick.com\/concerts\/43147348-eivind-aarset-at-musikbunker-aachen?utm_campaign=tracked_artist&#038;utm_content=ZD0yNDYxMjg2JnU9MTM3MjI4MTU5&#038;utm_medium=feed&#038;utm_source=ical\" rel=\"nofollow\">https:\/\/www.songkick.com\/concerts\/43147348-eivind-aarset-at-musikbunker-aachen?utm_campaign=tracked_artist&#038;utm_content=ZD0yNDYxMjg2JnU9MTM3MjI4MTU5&#038;utm_medium=feed&#038;utm_source=ical<\/a><\/p><\/div><\/div>\t\t\t\t\t\t\t\t\t\t\t\t\t\t<\/li>\n\t\t\t\t\t\t\t\t\t\t\t\t\t\t\t\t\t\t\t\t\t\t\t\t<\/ul>\n\t\t\t\t\t\t\t\t\t\t\t\t\t\t\t\t\t\t<\/td>\n\t\t\t\t\t\t\t\t<\/tr><tr>\t\t\t\t\t\t\t\t<td data-dow=\"1\" data-events-count=\"0\" data-feed-keys=\"\" class=\"future empty d_28 dow_1\">\n\t\t\t\t\t\t\t\t\t<div class=\"day\">\n\t\t\t\t\t\t\t\t\t\t\t\t\t\t\t\t\t\t\t\t\t<span class=\"phone_only\" id=\"r6a97dccace13c5d-20260928\"><span data-date-format=\"l\">Monday<\/span> <span data-date-format=\"F\">September<\/span> <span data-date-format=\"j\">28<\/span><\/span>\n\t\t\t\t\t\t\t\t\t\t\t<span class=\"no_phone\" aria-hidden=\"true\">28<\/span>\n\t\t\t\t\t\t\t\t\t\t\t\t\t\t\t\t\t\t\t\t<\/div>\n\t\t\t\t\t\t\t\t\t\t\t\t\t\t\t\t\t<\/td>\n\t\t\t\t\t\t\t\t\t\t\t\t\t\t\t\t<td data-dow=\"2\" data-events-count=\"0\" data-feed-keys=\"\" class=\"future empty d_29 dow_2\">\n\t\t\t\t\t\t\t\t\t<div class=\"day\">\n\t\t\t\t\t\t\t\t\t\t\t\t\t\t\t\t\t\t\t\t\t<span class=\"phone_only\" id=\"r6a97dccace13c5d-20260929\"><span data-date-format=\"l\">Tuesday<\/span> <span data-date-format=\"F\">September<\/span> <span data-date-format=\"j\">29<\/span><\/span>\n\t\t\t\t\t\t\t\t\t\t\t<span class=\"no_phone\" aria-hidden=\"true\">29<\/span>\n\t\t\t\t\t\t\t\t\t\t\t\t\t\t\t\t\t\t\t\t<\/div>\n\t\t\t\t\t\t\t\t\t\t\t\t\t\t\t\t\t<\/td>\n\t\t\t\t\t\t\t\t\t\t\t\t\t\t\t\t<td data-dow=\"3\" data-events-count=\"1\" data-feed-keys=\"0\" class=\"future has_events d_30 dow_3\">\n\t\t\t\t\t\t\t\t\t<div class=\"day\">\n\t\t\t\t\t\t\t\t\t\t\t\t\t\t\t\t\t\t\t\t\t<span class=\"phone_only\" id=\"r6a97dccace13c5d-20260930\"><span data-date-format=\"l\">Wednesday<\/span> <span data-date-format=\"F\">September<\/span> <span data-date-format=\"j\">30<\/span><\/span>\n\t\t\t\t\t\t\t\t\t\t\t<span class=\"no_phone\" aria-hidden=\"true\">30<\/span>\n\t\t\t\t\t\t\t\t\t\t\t\t\t\t\t\t\t\t\t\t<\/div>\n\t\t\t\t\t\t\t\t\t\t\t\t\t\t\t\t\t\t\t<ul class=\"events\" aria-labelledby=\"r6a97dccace13c5d-20260930\">\n\t\t\t\t\t\t\t\t\t\t\t\t\t\t\t\t\t\t\t\t\t\t\t\t\t<li class=\"event all-day\" data-feed-key=\"0\">\n\t\t\t\t\t\t\t\t\t\t\t\t\t\t\t\t\t\t\t\t\t\t\t\t\t\t\t\t\t\t\t<span class=\"all-day-indicator\">All Day<\/span>\n\t\t\t\t\t\t\t\t\t\t\t\t\t\t\t\t<span class=\"title has_desc confirmed\">El Flecha Negra at Musikzentrale N\u00fcrnberg (MUZ) (30 Sep 26)<\/span><div class=\"descloc hover_block\"><div class=\"title_in_hover_block\"><span class=\"title confirmed\">El Flecha Negra at Musikzentrale N\u00fcrnberg (MUZ) (30 Sep 26)<\/span><\/div><div class=\"location\">Musikzentrale N\u00fcrnberg (MUZ), F\u00fcrther Stra\u00dfe 63, 90429, Nuremberg, Germany<\/div><div class=\"eventdesc\"><p><a href=\"https:\/\/www.songkick.com\/concerts\/43103828-el-flecha-negra-at-musikzentrale-nurnberg?utm_campaign=tracked_artist&#038;utm_content=ZD0yNDYxMjg2JnU9MTM3MjI4MTU5&#038;utm_medium=feed&#038;utm_source=ical\" rel=\"nofollow\">https:\/\/www.songkick.com\/concerts\/43103828-el-flecha-negra-at-musikzentrale-nurnberg?utm_campaign=tracked_artist&#038;utm_content=ZD0yNDYxMjg2JnU9MTM3MjI4MTU5&#038;utm_medium=feed&#038;utm_source=ical<\/a><\/p><\/div><\/div>\t\t\t\t\t\t\t\t\t\t\t\t\t\t<\/li>\n\t\t\t\t\t\t\t\t\t\t\t\t\t\t\t\t\t\t\t\t\t\t\t\t<\/ul>\n\t\t\t\t\t\t\t\t\t\t\t\t\t\t\t\t\t\t<\/td>\n\t\t\t\t\t\t\t\t\t\t\t\t\t\t\t\t<td class=\"off\" data-dow=\"4\"><\/td>\n\t\t\t\t\t\t\t\t\t\t\t\t\t\t\t\t<td class=\"off\" data-dow=\"5\"><\/td>\n\t\t\t\t\t\t\t\t\t\t\t\t\t\t\t\t<td class=\"off\" data-dow=\"6\"><\/td>\n\t\t\t\t\t\t\t\t\t\t\t\t\t\t\t\t<td class=\"off\" data-dow=\"0\"><\/td>\n\t\t\t\t\t\t\t\t\t\t\t\t\t\t<\/tr>\n\t\t\t\t\t<\/tbody>\n\t\t\t\t<\/table>\n\n\t\t\t\t\n\t\t\t<\/article>\n\t\t\t\t\t\t<article class=\"ics-calendar-month-wrapper\" style=\"display: none;\" data-year-month=\"202610\" data-is-this-month=\"0\">\n\n\t\t\t\t\t\t\t\t\t<h3 class=\"ics-calendar-label\" id=\"r6a97dccace13c5d-202610\">October 2026<\/h3>\n\t\t\t\t\t\t\t\t\t\n\t\t\t\t<table class=\"ics-calendar-month-grid\" aria-labelledby=\"r6a97dccace13c5d-202610\">\n\t\t\t\t\t<thead>\n\t\t\t\t\t\t<tr>\n\t\t\t\t\t\t\t\t\t\t\t\t\t\t\t<th data-dow=\"1\">Monday<\/th>\n\t\t\t\t\t\t\t\t\t\t\t\t\t\t\t\t<th data-dow=\"2\">Tuesday<\/th>\n\t\t\t\t\t\t\t\t\t\t\t\t\t\t\t\t<th data-dow=\"3\">Wednesday<\/th>\n\t\t\t\t\t\t\t\t\t\t\t\t\t\t\t\t<th data-dow=\"4\">Thursday<\/th>\n\t\t\t\t\t\t\t\t\t\t\t\t\t\t\t\t<th data-dow=\"5\">Friday<\/th>\n\t\t\t\t\t\t\t\t\t\t\t\t\t\t\t\t<th data-dow=\"6\">Saturday<\/th>\n\t\t\t\t\t\t\t\t\t\t\t\t\t\t\t\t<th data-dow=\"0\">Sunday<\/th>\n\t\t\t\t\t\t\t\t\t\t\t\t\t\t<\/tr>\n\t\t\t\t\t<\/thead>\n\n\t\t\t\t\t<tbody>\n\t\t\t\t\t\t<tr>\n\t\t\t\t\t\t\t\t\t\t\t\t\t\t\t<td class=\"off\" data-dow=\"1\"><\/td>\n\t\t\t\t\t\t\t\t\t\t\t\t\t\t\t\t<td class=\"off\" data-dow=\"2\"><\/td>\n\t\t\t\t\t\t\t\t\t\t\t\t\t\t\t\t<td class=\"off\" data-dow=\"3\"><\/td>\n\t\t\t\t\t\t\t\t\t\t\t\t\t\t\t\t<td data-dow=\"4\" data-events-count=\"2\" data-feed-keys=\"0\" class=\"future has_events d_01 dow_4\">\n\t\t\t\t\t\t\t\t\t<div class=\"day\">\n\t\t\t\t\t\t\t\t\t\t\t\t\t\t\t\t\t\t\t\t\t<span class=\"phone_only\" id=\"r6a97dccace13c5d-20261001\"><span data-date-format=\"l\">Thursday<\/span> <span data-date-format=\"F\">October<\/span> <span data-date-format=\"j\">1<\/span><\/span>\n\t\t\t\t\t\t\t\t\t\t\t<span class=\"no_phone\" aria-hidden=\"true\">1<\/span>\n\t\t\t\t\t\t\t\t\t\t\t\t\t\t\t\t\t\t\t\t<\/div>\n\t\t\t\t\t\t\t\t\t\t\t\t\t\t\t\t\t\t\t<ul class=\"events\" aria-labelledby=\"r6a97dccace13c5d-20261001\">\n\t\t\t\t\t\t\t\t\t\t\t\t\t\t\t\t\t\t\t\t\t\t\t\t\t<li class=\"event all-day\" data-feed-key=\"0\">\n\t\t\t\t\t\t\t\t\t\t\t\t\t\t\t\t\t\t\t\t\t\t\t\t\t\t\t\t\t\t\t<span class=\"all-day-indicator\">All Day<\/span>\n\t\t\t\t\t\t\t\t\t\t\t\t\t\t\t\t<span class=\"title has_desc confirmed\">El Flecha Negra at Musa E. V. (01 Oct 26)<\/span><div class=\"descloc hover_block\"><div class=\"title_in_hover_block\"><span class=\"title confirmed\">El Flecha Negra at Musa E. V. (01 Oct 26)<\/span><\/div><div class=\"location\">Musa E. V., Hagenweg 2A, 37081, G\u00f6ttingen, Germany<\/div><div class=\"eventdesc\"><p><a href=\"https:\/\/www.songkick.com\/concerts\/43080831-el-flecha-negra-at-musa-e-v?utm_campaign=tracked_artist&#038;utm_content=ZD0yNDYxMjg2JnU9MTM3MjI4MTU5&#038;utm_medium=feed&#038;utm_source=ical\" rel=\"nofollow\">https:\/\/www.songkick.com\/concerts\/43080831-el-flecha-negra-at-musa-e-v?utm_campaign=tracked_artist&#038;utm_content=ZD0yNDYxMjg2JnU9MTM3MjI4MTU5&#038;utm_medium=feed&#038;utm_source=ical<\/a><\/p><\/div><\/div>\t\t\t\t\t\t\t\t\t\t\t\t\t\t<\/li>\n\t\t\t\t\t\t\t\t\t\t\t\t\t\t\t\t\t\t\t\t\t\t\t\t\t\t\t\t<li class=\"event all-day\" data-feed-key=\"0\">\n\t\t\t\t\t\t\t\t\t\t\t\t\t\t\t<span class=\"title has_desc confirmed\">Folkshilfe at Die Stadtmitte (01 Oct 26)<\/span><div class=\"descloc hover_block\"><div class=\"title_in_hover_block\"><span class=\"title confirmed\">Folkshilfe at Die Stadtmitte (01 Oct 26)<\/span><\/div><div class=\"location\">Die Stadtmitte, Baumeisterstrasse 3, 76137, Karlsruhe, Germany<\/div><div class=\"eventdesc\"><p><a href=\"https:\/\/www.songkick.com\/concerts\/42901706-folkshilfe-at-die-stadtmitte?utm_campaign=tracked_artist&#038;utm_content=ZD0yNDYxMjg2JnU9MTM3MjI4MTU5&#038;utm_medium=feed&#038;utm_source=ical\" rel=\"nofollow\">https:\/\/www.songkick.com\/concerts\/42901706-folkshilfe-at-die-stadtmitte?utm_campaign=tracked_artist&#038;utm_content=ZD0yNDYxMjg2JnU9MTM3MjI4MTU5&#038;utm_medium=feed&#038;utm_source=ical<\/a><\/p><\/div><\/div>\t\t\t\t\t\t\t\t\t\t\t\t\t\t<\/li>\n\t\t\t\t\t\t\t\t\t\t\t\t\t\t\t\t\t\t\t\t\t\t\t\t<\/ul>\n\t\t\t\t\t\t\t\t\t\t\t\t\t\t\t\t\t\t<\/td>\n\t\t\t\t\t\t\t\t\t\t\t\t\t\t\t\t<td data-dow=\"5\" data-events-count=\"9\" data-feed-keys=\"0\" class=\"future has_events d_02 dow_5\">\n\t\t\t\t\t\t\t\t\t<div class=\"day\">\n\t\t\t\t\t\t\t\t\t\t\t\t\t\t\t\t\t\t\t\t\t<span class=\"phone_only\" id=\"r6a97dccace13c5d-20261002\"><span data-date-format=\"l\">Friday<\/span> <span data-date-format=\"F\">October<\/span> <span data-date-format=\"j\">2<\/span><\/span>\n\t\t\t\t\t\t\t\t\t\t\t<span class=\"no_phone\" aria-hidden=\"true\">2<\/span>\n\t\t\t\t\t\t\t\t\t\t\t\t\t\t\t\t\t\t\t\t<\/div>\n\t\t\t\t\t\t\t\t\t\t\t\t\t\t\t\t\t\t\t<ul class=\"events\" aria-labelledby=\"r6a97dccace13c5d-20261002\">\n\t\t\t\t\t\t\t\t\t\t\t\t\t\t\t\t\t\t\t\t\t\t\t\t\t<li class=\"event all-day multiday_first\" data-feed-key=\"0\">\n\t\t\t\t\t\t\t\t\t\t\t\t\t\t\t\t\t\t\t\t\t\t\t\t\t\t\t\t\t\t\t<span class=\"all-day-indicator\">All Day<\/span>\n\t\t\t\t\t\t\t\t\t\t\t\t\t\t\t\t<span class=\"title has_desc confirmed\">Up In Smoke 2026<\/span><div class=\"descloc hover_block\"><div class=\"date_in_hover_block\"><span class=\"multiday-start\"><span data-date-format=\"l\">Friday<\/span> <span data-date-format=\"F\">October<\/span> <span data-date-format=\"j\">2<\/span><\/span><span class=\"multiday-sep\"> &#8211; <\/span><span class=\"multiday-end\"><span data-date-format=\"l\">Sunday<\/span> <span data-date-format=\"F\">October<\/span> <span data-date-format=\"j\">4<\/span><\/span><\/div><div class=\"title_in_hover_block\"><span class=\"title confirmed\">Up In Smoke 2026<\/span><\/div><div class=\"location\">Z7 Konzertfabrik, KRAFTWERKSTRASSE 7, 4133, Pratteln, Switzerland<\/div><div class=\"eventdesc\"><p><a href=\"https:\/\/www.songkick.com\/festivals\/686474-up-in-smoke\/id\/42970012-up-in-smoke-2026?utm_campaign=tracked_artist&#038;utm_content=ZD0yNDYxMjg2JnU9MTM3MjI4MTU5&#038;utm_medium=feed&#038;utm_source=ical\" rel=\"nofollow\">https:\/\/www.songkick.com\/festivals\/686474-up-in-smoke\/id\/42970012-up-in-smoke-2026?utm_campaign=tracked_artist&#038;utm_content=ZD0yNDYxMjg2JnU9MTM3MjI4MTU5&#038;utm_medium=feed&#038;utm_source=ical<\/a><\/p><\/div><\/div>\t\t\t\t\t\t\t\t\t\t\t\t\t\t<\/li>\n\t\t\t\t\t\t\t\t\t\t\t\t\t\t\t\t\t\t\t\t\t\t\t\t\t\t\t\t<li class=\"event all-day\" data-feed-key=\"0\">\n\t\t\t\t\t\t\t\t\t\t\t\t\t\t\t<span class=\"title has_desc confirmed\">Ballyhoo! at Motorco Music Hall (02 Oct 26)<\/span><div class=\"descloc hover_block\"><div class=\"title_in_hover_block\"><span class=\"title confirmed\">Ballyhoo! at Motorco Music Hall (02 Oct 26)<\/span><\/div><div class=\"location\">Motorco Music Hall, 723 Rigsbee Ave., 27701, Durham, NC, US<\/div><div class=\"eventdesc\"><p><a href=\"https:\/\/www.songkick.com\/concerts\/43312503-ballyhoo-at-motorco-music-hall?utm_campaign=tracked_artist&#038;utm_content=ZD0yNDYxMjg2JnU9MTM3MjI4MTU5&#038;utm_medium=feed&#038;utm_source=ical\" rel=\"nofollow\">https:\/\/www.songkick.com\/concerts\/43312503-ballyhoo-at-motorco-music-hall?utm_campaign=tracked_artist&#038;utm_content=ZD0yNDYxMjg2JnU9MTM3MjI4MTU5&#038;utm_medium=feed&#038;utm_source=ical<\/a><\/p><\/div><\/div>\t\t\t\t\t\t\t\t\t\t\t\t\t\t<\/li>\n\t\t\t\t\t\t\t\t\t\t\t\t\t\t\t\t\t\t\t\t\t\t\t\t\t\t\t\t<li class=\"event all-day\" data-feed-key=\"0\">\n\t\t\t\t\t\t\t\t\t\t\t\t\t\t\t<span class=\"title has_desc confirmed\">El Flecha Negra at Kunstkantine (02 Oct 26)<\/span><div class=\"descloc hover_block\"><div class=\"title_in_hover_block\"><span class=\"title confirmed\">El Flecha Negra at Kunstkantine (02 Oct 26)<\/span><\/div><div class=\"location\">Kunstkantine, Karl-Schmidt-Str. 42, 39104, Magdeburg, Germany<\/div><div class=\"eventdesc\"><p><a href=\"https:\/\/www.songkick.com\/concerts\/43103832-el-flecha-negra-at-kunstkantine?utm_campaign=tracked_artist&#038;utm_content=ZD0yNDYxMjg2JnU9MTM3MjI4MTU5&#038;utm_medium=feed&#038;utm_source=ical\" rel=\"nofollow\">https:\/\/www.songkick.com\/concerts\/43103832-el-flecha-negra-at-kunstkantine?utm_campaign=tracked_artist&#038;utm_content=ZD0yNDYxMjg2JnU9MTM3MjI4MTU5&#038;utm_medium=feed&#038;utm_source=ical<\/a><\/p><\/div><\/div>\t\t\t\t\t\t\t\t\t\t\t\t\t\t<\/li>\n\t\t\t\t\t\t\t\t\t\t\t\t\t\t\t\t\t\t\t\t\t\t\t\t\t\t\t\t<li class=\"event all-day\" data-feed-key=\"0\">\n\t\t\t\t\t\t\t\t\t\t\t\t\t\t\t<span class=\"title has_desc confirmed\">Flavia Coelho at Le Moloco (02 Oct 26)<\/span><div class=\"descloc hover_block\"><div class=\"title_in_hover_block\"><span class=\"title confirmed\">Flavia Coelho at Le Moloco (02 Oct 26)<\/span><\/div><div class=\"location\">Le Moloco, 21, rue de Seloncourt, 25400, Audincourt, France<\/div><div class=\"eventdesc\"><p><a href=\"https:\/\/www.songkick.com\/concerts\/43212782-flavia-coelho-at-le-moloco?utm_campaign=tracked_artist&#038;utm_content=ZD0yNDYxMjg2JnU9MTM3MjI4MTU5&#038;utm_medium=feed&#038;utm_source=ical\" rel=\"nofollow\">https:\/\/www.songkick.com\/concerts\/43212782-flavia-coelho-at-le-moloco?utm_campaign=tracked_artist&#038;utm_content=ZD0yNDYxMjg2JnU9MTM3MjI4MTU5&#038;utm_medium=feed&#038;utm_source=ical<\/a><\/p><\/div><\/div>\t\t\t\t\t\t\t\t\t\t\t\t\t\t<\/li>\n\t\t\t\t\t\t\t\t\t\t\t\t\t\t\t\t\t\t\t\t\t\t\t\t\t\t\t\t<li class=\"event all-day\" data-feed-key=\"0\">\n\t\t\t\t\t\t\t\t\t\t\t\t\t\t\t<span class=\"title has_desc confirmed\">Folkshilfe at Club Stereo (02 Oct 26)<\/span><div class=\"descloc hover_block\"><div class=\"title_in_hover_block\"><span class=\"title confirmed\">Folkshilfe at Club Stereo (02 Oct 26)<\/span><\/div><div class=\"location\">Club Stereo, Klaragasse 8, 90402, Nuremberg, Germany<\/div><div class=\"eventdesc\"><p><a href=\"https:\/\/www.songkick.com\/concerts\/42901707-folkshilfe-at-club-stereo?utm_campaign=tracked_artist&#038;utm_content=ZD0yNDYxMjg2JnU9MTM3MjI4MTU5&#038;utm_medium=feed&#038;utm_source=ical\" rel=\"nofollow\">https:\/\/www.songkick.com\/concerts\/42901707-folkshilfe-at-club-stereo?utm_campaign=tracked_artist&#038;utm_content=ZD0yNDYxMjg2JnU9MTM3MjI4MTU5&#038;utm_medium=feed&#038;utm_source=ical<\/a><\/p><\/div><\/div>\t\t\t\t\t\t\t\t\t\t\t\t\t\t<\/li>\n\t\t\t\t\t\t\t\t\t\t\t\t\t\t\t\t\t\t\t\t\t\t\t\t\t\t\t\t<li class=\"event all-day\" data-feed-key=\"0\">\n\t\t\t\t\t\t\t\t\t\t\t\t\t\t\t<span class=\"title has_desc confirmed\">Jamaram and Samy Danger at Colos-Saal (02 Oct 26)<\/span><div class=\"descloc hover_block\"><div class=\"title_in_hover_block\"><span class=\"title confirmed\">Jamaram and Samy Danger at Colos-Saal (02 Oct 26)<\/span><\/div><div class=\"location\">Colos-Saal, Ro\u00dfmarkt 19, 63739, Aschaffenburg, Germany<\/div><div class=\"eventdesc\"><p><a href=\"https:\/\/www.songkick.com\/concerts\/42976206-jamaram-at-colossaal?utm_campaign=tracked_artist&#038;utm_content=ZD0yNDYxMjg2JnU9MTM3MjI4MTU5&#038;utm_medium=feed&#038;utm_source=ical\" rel=\"nofollow\">https:\/\/www.songkick.com\/concerts\/42976206-jamaram-at-colossaal?utm_campaign=tracked_artist&#038;utm_content=ZD0yNDYxMjg2JnU9MTM3MjI4MTU5&#038;utm_medium=feed&#038;utm_source=ical<\/a><\/p><\/div><\/div>\t\t\t\t\t\t\t\t\t\t\t\t\t\t<\/li>\n\t\t\t\t\t\t\t\t\t\t\t\t\t\t\t\t\t\t\t\t\t\t\t\t\t\t\t\t<li class=\"event all-day\" data-feed-key=\"0\">\n\t\t\t\t\t\t\t\t\t\t\t\t\t\t\t<span class=\"title has_desc confirmed\">Mar Malade at Schlachthof Wiesbaden (02 Oct 26)<\/span><div class=\"descloc hover_block\"><div class=\"title_in_hover_block\"><span class=\"title confirmed\">Mar Malade at Schlachthof Wiesbaden (02 Oct 26)<\/span><\/div><div class=\"location\">Schlachthof Wiesbaden, Murnaustra\u00dfe 1, 65189, Wiesbaden, Germany<\/div><div class=\"eventdesc\"><p><a href=\"https:\/\/www.songkick.com\/concerts\/43071751-mar-malade-at-schlachthof-wiesbaden?utm_campaign=tracked_artist&#038;utm_content=ZD0yNDYxMjg2JnU9MTM3MjI4MTU5&#038;utm_medium=feed&#038;utm_source=ical\" rel=\"nofollow\">https:\/\/www.songkick.com\/concerts\/43071751-mar-malade-at-schlachthof-wiesbaden?utm_campaign=tracked_artist&#038;utm_content=ZD0yNDYxMjg2JnU9MTM3MjI4MTU5&#038;utm_medium=feed&#038;utm_source=ical<\/a><\/p><\/div><\/div>\t\t\t\t\t\t\t\t\t\t\t\t\t\t<\/li>\n\t\t\t\t\t\t\t\t\t\t\t\t\t\t\t\t\t\t\t\t\t\t\t\t\t\t\t\t<li class=\"event all-day\" data-feed-key=\"0\">\n\t\t\t\t\t\t\t\t\t\t\t\t\t\t\t<span class=\"title has_desc confirmed\">S\u00f6hne Mannheims at Volkshaus (02 Oct 26)<\/span><div class=\"descloc hover_block\"><div class=\"title_in_hover_block\"><span class=\"title confirmed\">S\u00f6hne Mannheims at Volkshaus (02 Oct 26)<\/span><\/div><div class=\"location\">Volkshaus, Stauffacherstrasse 60, 8004, Z\u00fcrich, Switzerland<\/div><div class=\"eventdesc\"><p><a href=\"https:\/\/www.songkick.com\/concerts\/42959946-sohne-mannheims-at-volkshaus?utm_campaign=tracked_artist&#038;utm_content=ZD0yNDYxMjg2JnU9MTM3MjI4MTU5&#038;utm_medium=feed&#038;utm_source=ical\" rel=\"nofollow\">https:\/\/www.songkick.com\/concerts\/42959946-sohne-mannheims-at-volkshaus?utm_campaign=tracked_artist&#038;utm_content=ZD0yNDYxMjg2JnU9MTM3MjI4MTU5&#038;utm_medium=feed&#038;utm_source=ical<\/a><\/p><\/div><\/div>\t\t\t\t\t\t\t\t\t\t\t\t\t\t<\/li>\n\t\t\t\t\t\t\t\t\t\t\t\t\t\t\t\t\t\t\t\t\t\t\t\t\t\t\t\t<li class=\"event all-day\" data-feed-key=\"0\">\n\t\t\t\t\t\t\t\t\t\t\t\t\t\t\t<span class=\"title has_desc confirmed\">ZENTONE, Zenzile, and High Tone at La Case \u00e0 Chocs (02 Oct 26)<\/span><div class=\"descloc hover_block\"><div class=\"title_in_hover_block\"><span class=\"title confirmed\">ZENTONE, Zenzile, and High Tone at La Case \u00e0 Chocs (02 Oct 26)<\/span><\/div><div class=\"location\">La Case \u00e0 Chocs, Quai Philippe Godet 20, 2000, Neuchatel, Switzerland<\/div><div class=\"eventdesc\"><p><a href=\"https:\/\/www.songkick.com\/concerts\/43100665-zentone-at-la-case-a-chocs?utm_campaign=tracked_artist&#038;utm_content=ZD0yNDYxMjg2JnU9MTM3MjI4MTU5&#038;utm_medium=feed&#038;utm_source=ical\" rel=\"nofollow\">https:\/\/www.songkick.com\/concerts\/43100665-zentone-at-la-case-a-chocs?utm_campaign=tracked_artist&#038;utm_content=ZD0yNDYxMjg2JnU9MTM3MjI4MTU5&#038;utm_medium=feed&#038;utm_source=ical<\/a><\/p><\/div><\/div>\t\t\t\t\t\t\t\t\t\t\t\t\t\t<\/li>\n\t\t\t\t\t\t\t\t\t\t\t\t\t\t\t\t\t\t\t\t\t\t\t\t<\/ul>\n\t\t\t\t\t\t\t\t\t\t\t\t\t\t\t\t\t\t<\/td>\n\t\t\t\t\t\t\t\t\t\t\t\t\t\t\t\t<td data-dow=\"6\" data-events-count=\"3\" data-feed-keys=\"0\" class=\"future has_events d_03 dow_6\">\n\t\t\t\t\t\t\t\t\t<div class=\"day\">\n\t\t\t\t\t\t\t\t\t\t\t\t\t\t\t\t\t\t\t\t\t<span class=\"phone_only\" id=\"r6a97dccace13c5d-20261003\"><span data-date-format=\"l\">Saturday<\/span> <span data-date-format=\"F\">October<\/span> <span data-date-format=\"j\">3<\/span><\/span>\n\t\t\t\t\t\t\t\t\t\t\t<span class=\"no_phone\" aria-hidden=\"true\">3<\/span>\n\t\t\t\t\t\t\t\t\t\t\t\t\t\t\t\t\t\t\t\t<\/div>\n\t\t\t\t\t\t\t\t\t\t\t\t\t\t\t\t\t\t\t<ul class=\"events\" aria-labelledby=\"r6a97dccace13c5d-20261003\">\n\t\t\t\t\t\t\t\t\t\t\t\t\t\t\t\t\t\t\t\t\t\t\t\t\t<li class=\"event all-day multiday_middle\" data-feed-key=\"0\">\n\t\t\t\t\t\t\t\t\t\t\t\t\t\t\t\t\t\t\t\t\t\t\t\t\t\t\t\t\t\t\t<span class=\"all-day-indicator\">All Day<\/span>\n\t\t\t\t\t\t\t\t\t\t\t\t\t\t\t\t<span class=\"title has_desc confirmed\">Up In Smoke 2026<\/span><div class=\"descloc hover_block\"><div class=\"date_in_hover_block\"><span class=\"multiday-start\"><span data-date-format=\"l\">Friday<\/span> <span data-date-format=\"F\">October<\/span> <span data-date-format=\"j\">2<\/span><\/span><span class=\"multiday-sep\"> &#8211; <\/span><span class=\"multiday-end\"><span data-date-format=\"l\">Sunday<\/span> <span data-date-format=\"F\">October<\/span> <span data-date-format=\"j\">4<\/span><\/span><\/div><div class=\"title_in_hover_block\"><span class=\"title confirmed\">Up In Smoke 2026<\/span><\/div><div class=\"location\">Z7 Konzertfabrik, KRAFTWERKSTRASSE 7, 4133, Pratteln, Switzerland<\/div><div class=\"eventdesc\"><p><a href=\"https:\/\/www.songkick.com\/festivals\/686474-up-in-smoke\/id\/42970012-up-in-smoke-2026?utm_campaign=tracked_artist&#038;utm_content=ZD0yNDYxMjg2JnU9MTM3MjI4MTU5&#038;utm_medium=feed&#038;utm_source=ical\" rel=\"nofollow\">https:\/\/www.songkick.com\/festivals\/686474-up-in-smoke\/id\/42970012-up-in-smoke-2026?utm_campaign=tracked_artist&#038;utm_content=ZD0yNDYxMjg2JnU9MTM3MjI4MTU5&#038;utm_medium=feed&#038;utm_source=ical<\/a><\/p><\/div><\/div>\t\t\t\t\t\t\t\t\t\t\t\t\t\t<\/li>\n\t\t\t\t\t\t\t\t\t\t\t\t\t\t\t\t\t\t\t\t\t\t\t\t\t\t\t\t<li class=\"event all-day\" data-feed-key=\"0\">\n\t\t\t\t\t\t\t\t\t\t\t\t\t\t\t<span class=\"title has_desc confirmed\">El Flecha Negra at Treibsand (03 Oct 26)<\/span><div class=\"descloc hover_block\"><div class=\"title_in_hover_block\"><span class=\"title confirmed\">El Flecha Negra at Treibsand (03 Oct 26)<\/span><\/div><div class=\"location\">Treibsand, Willy-Brandt-Allee 9, 23554, L\u00fcbeck, Germany<\/div><div class=\"eventdesc\"><p><a href=\"https:\/\/www.songkick.com\/concerts\/43103834-el-flecha-negra-at-treibsand?utm_campaign=tracked_artist&#038;utm_content=ZD0yNDYxMjg2JnU9MTM3MjI4MTU5&#038;utm_medium=feed&#038;utm_source=ical\" rel=\"nofollow\">https:\/\/www.songkick.com\/concerts\/43103834-el-flecha-negra-at-treibsand?utm_campaign=tracked_artist&#038;utm_content=ZD0yNDYxMjg2JnU9MTM3MjI4MTU5&#038;utm_medium=feed&#038;utm_source=ical<\/a><\/p><\/div><\/div>\t\t\t\t\t\t\t\t\t\t\t\t\t\t<\/li>\n\t\t\t\t\t\t\t\t\t\t\t\t\t\t\t\t\t\t\t\t\t\t\t\t\t\t\t\t<li class=\"event all-day\" data-feed-key=\"0\">\n\t\t\t\t\t\t\t\t\t\t\t\t\t\t\t<span class=\"title has_desc confirmed\">Jamaram and Samy Danger at Faust - 60er Jahre Halle (03 Oct 26)<\/span><div class=\"descloc hover_block\"><div class=\"title_in_hover_block\"><span class=\"title confirmed\">Jamaram and Samy Danger at Faust - 60er Jahre Halle (03 Oct 26)<\/span><\/div><div class=\"location\">Faust - 60er Jahre Halle, Zur Bettfedernfabrik 3, 30451, Hannover, Germany<\/div><div class=\"eventdesc\"><p><a href=\"https:\/\/www.songkick.com\/concerts\/42942272-jamaram-at-faust-60er-jahre-halle?utm_campaign=tracked_artist&#038;utm_content=ZD0yNDYxMjg2JnU9MTM3MjI4MTU5&#038;utm_medium=feed&#038;utm_source=ical\" rel=\"nofollow\">https:\/\/www.songkick.com\/concerts\/42942272-jamaram-at-faust-60er-jahre-halle?utm_campaign=tracked_artist&#038;utm_content=ZD0yNDYxMjg2JnU9MTM3MjI4MTU5&#038;utm_medium=feed&#038;utm_source=ical<\/a><\/p><\/div><\/div>\t\t\t\t\t\t\t\t\t\t\t\t\t\t<\/li>\n\t\t\t\t\t\t\t\t\t\t\t\t\t\t\t\t\t\t\t\t\t\t\t\t<\/ul>\n\t\t\t\t\t\t\t\t\t\t\t\t\t\t\t\t\t\t<\/td>\n\t\t\t\t\t\t\t\t\t\t\t\t\t\t\t\t<td data-dow=\"0\" data-events-count=\"3\" data-feed-keys=\"0\" class=\"future has_events d_04 dow_0\">\n\t\t\t\t\t\t\t\t\t<div class=\"day\">\n\t\t\t\t\t\t\t\t\t\t\t\t\t\t\t\t\t\t\t\t\t<span class=\"phone_only\" id=\"r6a97dccace13c5d-20261004\"><span data-date-format=\"l\">Sunday<\/span> <span data-date-format=\"F\">October<\/span> <span data-date-format=\"j\">4<\/span><\/span>\n\t\t\t\t\t\t\t\t\t\t\t<span class=\"no_phone\" aria-hidden=\"true\">4<\/span>\n\t\t\t\t\t\t\t\t\t\t\t\t\t\t\t\t\t\t\t\t<\/div>\n\t\t\t\t\t\t\t\t\t\t\t\t\t\t\t\t\t\t\t<ul class=\"events\" aria-labelledby=\"r6a97dccace13c5d-20261004\">\n\t\t\t\t\t\t\t\t\t\t\t\t\t\t\t\t\t\t\t\t\t\t\t\t\t<li class=\"event all-day multiday_last\" data-feed-key=\"0\">\n\t\t\t\t\t\t\t\t\t\t\t\t\t\t\t\t\t\t\t\t\t\t\t\t\t\t\t\t\t\t\t<span class=\"all-day-indicator\">All Day<\/span>\n\t\t\t\t\t\t\t\t\t\t\t\t\t\t\t\t<span class=\"title has_desc confirmed\">Up In Smoke 2026<\/span><div class=\"descloc hover_block\"><div class=\"date_in_hover_block\"><span class=\"multiday-start\"><span data-date-format=\"l\">Friday<\/span> <span data-date-format=\"F\">October<\/span> <span data-date-format=\"j\">2<\/span><\/span><span class=\"multiday-sep\"> &#8211; <\/span><span class=\"multiday-end\"><span data-date-format=\"l\">Sunday<\/span> <span data-date-format=\"F\">October<\/span> <span data-date-format=\"j\">4<\/span><\/span><\/div><div class=\"title_in_hover_block\"><span class=\"title confirmed\">Up In Smoke 2026<\/span><\/div><div class=\"location\">Z7 Konzertfabrik, KRAFTWERKSTRASSE 7, 4133, Pratteln, Switzerland<\/div><div class=\"eventdesc\"><p><a href=\"https:\/\/www.songkick.com\/festivals\/686474-up-in-smoke\/id\/42970012-up-in-smoke-2026?utm_campaign=tracked_artist&#038;utm_content=ZD0yNDYxMjg2JnU9MTM3MjI4MTU5&#038;utm_medium=feed&#038;utm_source=ical\" rel=\"nofollow\">https:\/\/www.songkick.com\/festivals\/686474-up-in-smoke\/id\/42970012-up-in-smoke-2026?utm_campaign=tracked_artist&#038;utm_content=ZD0yNDYxMjg2JnU9MTM3MjI4MTU5&#038;utm_medium=feed&#038;utm_source=ical<\/a><\/p><\/div><\/div>\t\t\t\t\t\t\t\t\t\t\t\t\t\t<\/li>\n\t\t\t\t\t\t\t\t\t\t\t\t\t\t\t\t\t\t\t\t\t\t\t\t\t\t\t\t<li class=\"event all-day\" data-feed-key=\"0\">\n\t\t\t\t\t\t\t\t\t\t\t\t\t\t\t<span class=\"title has_desc confirmed\">El Flecha Negra at Badehaus Raw-gel\u00e4nde \/ Eingang Simon-dach-str. (04 Oct 26)<\/span><div class=\"descloc hover_block\"><div class=\"title_in_hover_block\"><span class=\"title confirmed\">El Flecha Negra at Badehaus Raw-gel\u00e4nde \/ Eingang Simon-dach-str. (04 Oct 26)<\/span><\/div><div class=\"location\">Badehaus Raw-gel\u00e4nde \/ Eingang Simon-dach-str., Revaler Str. 99, Berlin, Berlin, Germany<\/div><div class=\"eventdesc\"><p><a href=\"https:\/\/www.songkick.com\/concerts\/43103836-el-flecha-negra-at-badehaus-rawgelande-eingang-simondachstr?utm_campaign=tracked_artist&#038;utm_content=ZD0yNDYxMjg2JnU9MTM3MjI4MTU5&#038;utm_medium=feed&#038;utm_source=ical\" rel=\"nofollow\">https:\/\/www.songkick.com\/concerts\/43103836-el-flecha-negra-at-badehaus-rawgelande-eingang-simondachstr?utm_campaign=tracked_artist&#038;utm_content=ZD0yNDYxMjg2JnU9MTM3MjI4MTU5&#038;utm_medium=feed&#038;utm_source=ical<\/a><\/p><\/div><\/div>\t\t\t\t\t\t\t\t\t\t\t\t\t\t<\/li>\n\t\t\t\t\t\t\t\t\t\t\t\t\t\t\t\t\t\t\t\t\t\t\t\t\t\t\t\t<li class=\"event all-day\" data-feed-key=\"0\">\n\t\t\t\t\t\t\t\t\t\t\t\t\t\t\t<span class=\"title has_desc confirmed\">Mar Malade at Papiersaal (04 Oct 26)<\/span><div class=\"descloc hover_block\"><div class=\"title_in_hover_block\"><span class=\"title confirmed\">Mar Malade at Papiersaal (04 Oct 26)<\/span><\/div><div class=\"location\">Papiersaal, Kalanderplatz 1, 8045, Z\u00fcrich, Switzerland<\/div><div class=\"eventdesc\"><p><a href=\"https:\/\/www.songkick.com\/concerts\/43071858-mar-malade-at-papiersaal?utm_campaign=tracked_artist&#038;utm_content=ZD0yNDYxMjg2JnU9MTM3MjI4MTU5&#038;utm_medium=feed&#038;utm_source=ical\" rel=\"nofollow\">https:\/\/www.songkick.com\/concerts\/43071858-mar-malade-at-papiersaal?utm_campaign=tracked_artist&#038;utm_content=ZD0yNDYxMjg2JnU9MTM3MjI4MTU5&#038;utm_medium=feed&#038;utm_source=ical<\/a><\/p><\/div><\/div>\t\t\t\t\t\t\t\t\t\t\t\t\t\t<\/li>\n\t\t\t\t\t\t\t\t\t\t\t\t\t\t\t\t\t\t\t\t\t\t\t\t<\/ul>\n\t\t\t\t\t\t\t\t\t\t\t\t\t\t\t\t\t\t<\/td>\n\t\t\t\t\t\t\t\t<\/tr><tr>\t\t\t\t\t\t\t\t<td data-dow=\"1\" data-events-count=\"0\" data-feed-keys=\"\" class=\"future empty d_05 dow_1\">\n\t\t\t\t\t\t\t\t\t<div class=\"day\">\n\t\t\t\t\t\t\t\t\t\t\t\t\t\t\t\t\t\t\t\t\t<span class=\"phone_only\" id=\"r6a97dccace13c5d-20261005\"><span data-date-format=\"l\">Monday<\/span> <span data-date-format=\"F\">October<\/span> <span data-date-format=\"j\">5<\/span><\/span>\n\t\t\t\t\t\t\t\t\t\t\t<span class=\"no_phone\" aria-hidden=\"true\">5<\/span>\n\t\t\t\t\t\t\t\t\t\t\t\t\t\t\t\t\t\t\t\t<\/div>\n\t\t\t\t\t\t\t\t\t\t\t\t\t\t\t\t\t<\/td>\n\t\t\t\t\t\t\t\t\t\t\t\t\t\t\t\t<td data-dow=\"2\" data-events-count=\"1\" data-feed-keys=\"0\" class=\"future has_events d_06 dow_2\">\n\t\t\t\t\t\t\t\t\t<div class=\"day\">\n\t\t\t\t\t\t\t\t\t\t\t\t\t\t\t\t\t\t\t\t\t<span class=\"phone_only\" id=\"r6a97dccace13c5d-20261006\"><span data-date-format=\"l\">Tuesday<\/span> <span data-date-format=\"F\">October<\/span> <span data-date-format=\"j\">6<\/span><\/span>\n\t\t\t\t\t\t\t\t\t\t\t<span class=\"no_phone\" aria-hidden=\"true\">6<\/span>\n\t\t\t\t\t\t\t\t\t\t\t\t\t\t\t\t\t\t\t\t<\/div>\n\t\t\t\t\t\t\t\t\t\t\t\t\t\t\t\t\t\t\t<ul class=\"events\" aria-labelledby=\"r6a97dccace13c5d-20261006\">\n\t\t\t\t\t\t\t\t\t\t\t\t\t\t\t\t\t\t\t\t\t\t\t\t\t<li class=\"event all-day\" data-feed-key=\"0\">\n\t\t\t\t\t\t\t\t\t\t\t\t\t\t\t\t\t\t\t\t\t\t\t\t\t\t\t\t\t\t\t<span class=\"all-day-indicator\">All Day<\/span>\n\t\t\t\t\t\t\t\t\t\t\t\t\t\t\t\t<span class=\"title has_desc confirmed\">El Flecha Negra at B\u00fchne Blechwerk (06 Oct 26)<\/span><div class=\"descloc hover_block\"><div class=\"title_in_hover_block\"><span class=\"title confirmed\">El Flecha Negra at B\u00fchne Blechwerk (06 Oct 26)<\/span><\/div><div class=\"location\">B\u00fchne Blechwerk, Lindenstr. 142, 18435, Stralsund, Germany<\/div><div class=\"eventdesc\"><p><a href=\"https:\/\/www.songkick.com\/concerts\/43110486-el-flecha-negra-at-buhne-blechwerk?utm_campaign=tracked_artist&#038;utm_content=ZD0yNDYxMjg2JnU9MTM3MjI4MTU5&#038;utm_medium=feed&#038;utm_source=ical\" rel=\"nofollow\">https:\/\/www.songkick.com\/concerts\/43110486-el-flecha-negra-at-buhne-blechwerk?utm_campaign=tracked_artist&#038;utm_content=ZD0yNDYxMjg2JnU9MTM3MjI4MTU5&#038;utm_medium=feed&#038;utm_source=ical<\/a><\/p><\/div><\/div>\t\t\t\t\t\t\t\t\t\t\t\t\t\t<\/li>\n\t\t\t\t\t\t\t\t\t\t\t\t\t\t\t\t\t\t\t\t\t\t\t\t<\/ul>\n\t\t\t\t\t\t\t\t\t\t\t\t\t\t\t\t\t\t<\/td>\n\t\t\t\t\t\t\t\t\t\t\t\t\t\t\t\t<td data-dow=\"3\" data-events-count=\"2\" data-feed-keys=\"0\" class=\"future has_events d_07 dow_3\">\n\t\t\t\t\t\t\t\t\t<div class=\"day\">\n\t\t\t\t\t\t\t\t\t\t\t\t\t\t\t\t\t\t\t\t\t<span class=\"phone_only\" id=\"r6a97dccace13c5d-20261007\"><span data-date-format=\"l\">Wednesday<\/span> <span data-date-format=\"F\">October<\/span> <span data-date-format=\"j\">7<\/span><\/span>\n\t\t\t\t\t\t\t\t\t\t\t<span class=\"no_phone\" aria-hidden=\"true\">7<\/span>\n\t\t\t\t\t\t\t\t\t\t\t\t\t\t\t\t\t\t\t\t<\/div>\n\t\t\t\t\t\t\t\t\t\t\t\t\t\t\t\t\t\t\t<ul class=\"events\" aria-labelledby=\"r6a97dccace13c5d-20261007\">\n\t\t\t\t\t\t\t\t\t\t\t\t\t\t\t\t\t\t\t\t\t\t\t\t\t<li class=\"event all-day\" data-feed-key=\"0\">\n\t\t\t\t\t\t\t\t\t\t\t\t\t\t\t\t\t\t\t\t\t\t\t\t\t\t\t\t\t\t\t<span class=\"all-day-indicator\">All Day<\/span>\n\t\t\t\t\t\t\t\t\t\t\t\t\t\t\t\t<span class=\"title has_desc confirmed\">El Flecha Negra at Nochtspeicher (07 Oct 26)<\/span><div class=\"descloc hover_block\"><div class=\"title_in_hover_block\"><span class=\"title confirmed\">El Flecha Negra at Nochtspeicher (07 Oct 26)<\/span><\/div><div class=\"location\">Nochtspeicher, Bernhard-Nocht-Stra\u00dfe 69a, 20359, Hamburg, Germany<\/div><div class=\"eventdesc\"><p><a href=\"https:\/\/www.songkick.com\/concerts\/43071644-el-flecha-negra-at-nochtspeicher?utm_campaign=tracked_artist&#038;utm_content=ZD0yNDYxMjg2JnU9MTM3MjI4MTU5&#038;utm_medium=feed&#038;utm_source=ical\" rel=\"nofollow\">https:\/\/www.songkick.com\/concerts\/43071644-el-flecha-negra-at-nochtspeicher?utm_campaign=tracked_artist&#038;utm_content=ZD0yNDYxMjg2JnU9MTM3MjI4MTU5&#038;utm_medium=feed&#038;utm_source=ical<\/a><\/p><\/div><\/div>\t\t\t\t\t\t\t\t\t\t\t\t\t\t<\/li>\n\t\t\t\t\t\t\t\t\t\t\t\t\t\t\t\t\t\t\t\t\t\t\t\t\t\t\t\t<li class=\"event all-day\" data-feed-key=\"0\">\n\t\t\t\t\t\t\t\t\t\t\t\t\t\t\t<span class=\"title has_desc confirmed\">Mar Malade at Club Bahnhof Ehrenfeld (07 Oct 26)<\/span><div class=\"descloc hover_block\"><div class=\"title_in_hover_block\"><span class=\"title confirmed\">Mar Malade at Club Bahnhof Ehrenfeld (07 Oct 26)<\/span><\/div><div class=\"location\">Club Bahnhof Ehrenfeld, Bartholom\u00e4us-Schink-Stra\u00dfe 65, 50825, Cologne, Germany<\/div><div class=\"eventdesc\"><p><a href=\"https:\/\/www.songkick.com\/concerts\/43071752-mar-malade-at-club-bahnhof-ehrenfeld?utm_campaign=tracked_artist&#038;utm_content=ZD0yNDYxMjg2JnU9MTM3MjI4MTU5&#038;utm_medium=feed&#038;utm_source=ical\" rel=\"nofollow\">https:\/\/www.songkick.com\/concerts\/43071752-mar-malade-at-club-bahnhof-ehrenfeld?utm_campaign=tracked_artist&#038;utm_content=ZD0yNDYxMjg2JnU9MTM3MjI4MTU5&#038;utm_medium=feed&#038;utm_source=ical<\/a><\/p><\/div><\/div>\t\t\t\t\t\t\t\t\t\t\t\t\t\t<\/li>\n\t\t\t\t\t\t\t\t\t\t\t\t\t\t\t\t\t\t\t\t\t\t\t\t<\/ul>\n\t\t\t\t\t\t\t\t\t\t\t\t\t\t\t\t\t\t<\/td>\n\t\t\t\t\t\t\t\t\t\t\t\t\t\t\t\t<td data-dow=\"4\" data-events-count=\"3\" data-feed-keys=\"0\" class=\"future has_events d_08 dow_4\">\n\t\t\t\t\t\t\t\t\t<div class=\"day\">\n\t\t\t\t\t\t\t\t\t\t\t\t\t\t\t\t\t\t\t\t\t<span class=\"phone_only\" id=\"r6a97dccace13c5d-20261008\"><span data-date-format=\"l\">Thursday<\/span> <span data-date-format=\"F\">October<\/span> <span data-date-format=\"j\">8<\/span><\/span>\n\t\t\t\t\t\t\t\t\t\t\t<span class=\"no_phone\" aria-hidden=\"true\">8<\/span>\n\t\t\t\t\t\t\t\t\t\t\t\t\t\t\t\t\t\t\t\t<\/div>\n\t\t\t\t\t\t\t\t\t\t\t\t\t\t\t\t\t\t\t<ul class=\"events\" aria-labelledby=\"r6a97dccace13c5d-20261008\">\n\t\t\t\t\t\t\t\t\t\t\t\t\t\t\t\t\t\t\t\t\t\t\t\t\t<li class=\"event all-day\" data-feed-key=\"0\">\n\t\t\t\t\t\t\t\t\t\t\t\t\t\t\t\t\t\t\t\t\t\t\t\t\t\t\t\t\t\t\t<span class=\"all-day-indicator\">All Day<\/span>\n\t\t\t\t\t\t\t\t\t\t\t\t\t\t\t\t<span class=\"title has_desc confirmed\">Folkshilfe at HIRSCH (08 Oct 26)<\/span><div class=\"descloc hover_block\"><div class=\"title_in_hover_block\"><span class=\"title confirmed\">Folkshilfe at HIRSCH (08 Oct 26)<\/span><\/div><div class=\"location\">HIRSCH, Vogelweiherstra\u00dfe 66, 90441, Nuremberg, Germany<\/div><div class=\"eventdesc\"><p><a href=\"https:\/\/www.songkick.com\/concerts\/43058844-folkshilfe-at-hirsch?utm_campaign=tracked_artist&#038;utm_content=ZD0yNDYxMjg2JnU9MTM3MjI4MTU5&#038;utm_medium=feed&#038;utm_source=ical\" rel=\"nofollow\">https:\/\/www.songkick.com\/concerts\/43058844-folkshilfe-at-hirsch?utm_campaign=tracked_artist&#038;utm_content=ZD0yNDYxMjg2JnU9MTM3MjI4MTU5&#038;utm_medium=feed&#038;utm_source=ical<\/a><\/p><\/div><\/div>\t\t\t\t\t\t\t\t\t\t\t\t\t\t<\/li>\n\t\t\t\t\t\t\t\t\t\t\t\t\t\t\t\t\t\t\t\t\t\t\t\t\t\t\t\t<li class=\"event all-day\" data-feed-key=\"0\">\n\t\t\t\t\t\t\t\t\t\t\t\t\t\t\t<span class=\"title has_desc confirmed\">Sylvan Esso and Meshell Ndegeocello at Durham Performing Arts Center (DPAC) (08 Oct 26)<\/span><div class=\"descloc hover_block\"><div class=\"title_in_hover_block\"><span class=\"title confirmed\">Sylvan Esso and Meshell Ndegeocello at Durham Performing Arts Center (DPAC) (08 Oct 26)<\/span><\/div><div class=\"location\">Durham Performing Arts Center (DPAC), 123 Vivian St., 27701, Durham, NC, US<\/div><div class=\"eventdesc\"><p><a href=\"https:\/\/www.songkick.com\/concerts\/43222420-sylvan-esso-at-durham-performing-arts-center?utm_campaign=tracked_artist&#038;utm_content=ZD0yNDYxMjg2JnU9MTM3MjI4MTU5&#038;utm_medium=feed&#038;utm_source=ical\" rel=\"nofollow\">https:\/\/www.songkick.com\/concerts\/43222420-sylvan-esso-at-durham-performing-arts-center?utm_campaign=tracked_artist&#038;utm_content=ZD0yNDYxMjg2JnU9MTM3MjI4MTU5&#038;utm_medium=feed&#038;utm_source=ical<\/a><\/p><\/div><\/div>\t\t\t\t\t\t\t\t\t\t\t\t\t\t<\/li>\n\t\t\t\t\t\t\t\t\t\t\t\t\t\t\t\t\t\t\t\t\t\t\t\t\t\t\t\t<li class=\"event all-day\" data-feed-key=\"0\">\n\t\t\t\t\t\t\t\t\t\t\t\t\t\t\t<span class=\"title has_desc confirmed\">S\u00f6hne Mannheims at B\u00fcrgerhaus Anr\u00f6chte (08 Oct 26)<\/span><div class=\"descloc hover_block\"><div class=\"title_in_hover_block\"><span class=\"title confirmed\">S\u00f6hne Mannheims at B\u00fcrgerhaus Anr\u00f6chte (08 Oct 26)<\/span><\/div><div class=\"location\">B\u00fcrgerhaus Anr\u00f6chte, Zum Sch\u00fctzenplatz, 59609, Anr\u00f6chte, Germany<\/div><div class=\"eventdesc\"><p><a href=\"https:\/\/www.songkick.com\/concerts\/43097248-sohne-mannheims-at-burgerhaus-anrochte?utm_campaign=tracked_artist&#038;utm_content=ZD0yNDYxMjg2JnU9MTM3MjI4MTU5&#038;utm_medium=feed&#038;utm_source=ical\" rel=\"nofollow\">https:\/\/www.songkick.com\/concerts\/43097248-sohne-mannheims-at-burgerhaus-anrochte?utm_campaign=tracked_artist&#038;utm_content=ZD0yNDYxMjg2JnU9MTM3MjI4MTU5&#038;utm_medium=feed&#038;utm_source=ical<\/a><\/p><\/div><\/div>\t\t\t\t\t\t\t\t\t\t\t\t\t\t<\/li>\n\t\t\t\t\t\t\t\t\t\t\t\t\t\t\t\t\t\t\t\t\t\t\t\t<\/ul>\n\t\t\t\t\t\t\t\t\t\t\t\t\t\t\t\t\t\t<\/td>\n\t\t\t\t\t\t\t\t\t\t\t\t\t\t\t\t<td data-dow=\"5\" data-events-count=\"5\" data-feed-keys=\"0\" class=\"future has_events d_09 dow_5\">\n\t\t\t\t\t\t\t\t\t<div class=\"day\">\n\t\t\t\t\t\t\t\t\t\t\t\t\t\t\t\t\t\t\t\t\t<span class=\"phone_only\" id=\"r6a97dccace13c5d-20261009\"><span data-date-format=\"l\">Friday<\/span> <span data-date-format=\"F\">October<\/span> <span data-date-format=\"j\">9<\/span><\/span>\n\t\t\t\t\t\t\t\t\t\t\t<span class=\"no_phone\" aria-hidden=\"true\">9<\/span>\n\t\t\t\t\t\t\t\t\t\t\t\t\t\t\t\t\t\t\t\t<\/div>\n\t\t\t\t\t\t\t\t\t\t\t\t\t\t\t\t\t\t\t<ul class=\"events\" aria-labelledby=\"r6a97dccace13c5d-20261009\">\n\t\t\t\t\t\t\t\t\t\t\t\t\t\t\t\t\t\t\t\t\t\t\t\t\t<li class=\"event all-day\" data-feed-key=\"0\">\n\t\t\t\t\t\t\t\t\t\t\t\t\t\t\t\t\t\t\t\t\t\t\t\t\t\t\t\t\t\t\t<span class=\"all-day-indicator\">All Day<\/span>\n\t\t\t\t\t\t\t\t\t\t\t\t\t\t\t\t<span class=\"title has_desc confirmed\">AMI Warning at Stadthalle Weilheim (09 Oct 26)<\/span><div class=\"descloc hover_block\"><div class=\"title_in_hover_block\"><span class=\"title confirmed\">AMI Warning at Stadthalle Weilheim (09 Oct 26)<\/span><\/div><div class=\"location\">Stadthalle Weilheim, Wessobrunner Str. 8, 82362, Weilheim in Oberbayern, Germany<\/div><div class=\"eventdesc\"><p><a href=\"https:\/\/www.songkick.com\/concerts\/42928886-ami-warning-at-stadthalle-weilheim?utm_campaign=tracked_artist&#038;utm_content=ZD0yNDYxMjg2JnU9MTM3MjI4MTU5&#038;utm_medium=feed&#038;utm_source=ical\" rel=\"nofollow\">https:\/\/www.songkick.com\/concerts\/42928886-ami-warning-at-stadthalle-weilheim?utm_campaign=tracked_artist&#038;utm_content=ZD0yNDYxMjg2JnU9MTM3MjI4MTU5&#038;utm_medium=feed&#038;utm_source=ical<\/a><\/p><\/div><\/div>\t\t\t\t\t\t\t\t\t\t\t\t\t\t<\/li>\n\t\t\t\t\t\t\t\t\t\t\t\t\t\t\t\t\t\t\t\t\t\t\t\t\t\t\t\t<li class=\"event all-day\" data-feed-key=\"0\">\n\t\t\t\t\t\t\t\t\t\t\t\t\t\t\t<span class=\"title has_desc confirmed\">El Flecha Negra at Jaki (09 Oct 26)<\/span><div class=\"descloc hover_block\"><div class=\"title_in_hover_block\"><span class=\"title confirmed\">El Flecha Negra at Jaki (09 Oct 26)<\/span><\/div><div class=\"location\">Jaki, Venloer Str. 40, 50672, Cologne, Germany<\/div><div class=\"eventdesc\"><p><a href=\"https:\/\/www.songkick.com\/concerts\/43069373-el-flecha-negra-at-jaki?utm_campaign=tracked_artist&#038;utm_content=ZD0yNDYxMjg2JnU9MTM3MjI4MTU5&#038;utm_medium=feed&#038;utm_source=ical\" rel=\"nofollow\">https:\/\/www.songkick.com\/concerts\/43069373-el-flecha-negra-at-jaki?utm_campaign=tracked_artist&#038;utm_content=ZD0yNDYxMjg2JnU9MTM3MjI4MTU5&#038;utm_medium=feed&#038;utm_source=ical<\/a><\/p><\/div><\/div>\t\t\t\t\t\t\t\t\t\t\t\t\t\t<\/li>\n\t\t\t\t\t\t\t\t\t\t\t\t\t\t\t\t\t\t\t\t\t\t\t\t\t\t\t\t<li class=\"event all-day\" data-feed-key=\"0\">\n\t\t\t\t\t\t\t\t\t\t\t\t\t\t\t<span class=\"title has_desc confirmed\">Folkshilfe at Jugendkulturhaus Cairo (09 Oct 26)<\/span><div class=\"descloc hover_block\"><div class=\"title_in_hover_block\"><span class=\"title confirmed\">Folkshilfe at Jugendkulturhaus Cairo (09 Oct 26)<\/span><\/div><div class=\"location\">Jugendkulturhaus Cairo, Fred-Joseph-Platz. 3, 97082, W\u00fcrzburg, Germany<\/div><div class=\"eventdesc\"><p><a href=\"https:\/\/www.songkick.com\/concerts\/42901708-folkshilfe-at-jugendkulturhaus-cairo?utm_campaign=tracked_artist&#038;utm_content=ZD0yNDYxMjg2JnU9MTM3MjI4MTU5&#038;utm_medium=feed&#038;utm_source=ical\" rel=\"nofollow\">https:\/\/www.songkick.com\/concerts\/42901708-folkshilfe-at-jugendkulturhaus-cairo?utm_campaign=tracked_artist&#038;utm_content=ZD0yNDYxMjg2JnU9MTM3MjI4MTU5&#038;utm_medium=feed&#038;utm_source=ical<\/a><\/p><\/div><\/div>\t\t\t\t\t\t\t\t\t\t\t\t\t\t<\/li>\n\t\t\t\t\t\t\t\t\t\t\t\t\t\t\t\t\t\t\t\t\t\t\t\t\t\t\t\t<li class=\"event all-day\" data-feed-key=\"0\">\n\t\t\t\t\t\t\t\t\t\t\t\t\t\t\t<span class=\"title has_desc confirmed\">Jamaram and Samy Danger at Festhalle (09 Oct 26)<\/span><div class=\"descloc hover_block\"><div class=\"title_in_hover_block\"><span class=\"title confirmed\">Jamaram and Samy Danger at Festhalle (09 Oct 26)<\/span><\/div><div class=\"location\">Festhalle, Neuffener Stra\u00dfe 6, 72574, Bad Urach, Germany<\/div><div class=\"eventdesc\"><p><a href=\"https:\/\/www.songkick.com\/concerts\/43246361-jamaram-at-festhalle?utm_campaign=tracked_artist&#038;utm_content=ZD0yNDYxMjg2JnU9MTM3MjI4MTU5&#038;utm_medium=feed&#038;utm_source=ical\" rel=\"nofollow\">https:\/\/www.songkick.com\/concerts\/43246361-jamaram-at-festhalle?utm_campaign=tracked_artist&#038;utm_content=ZD0yNDYxMjg2JnU9MTM3MjI4MTU5&#038;utm_medium=feed&#038;utm_source=ical<\/a><\/p><\/div><\/div>\t\t\t\t\t\t\t\t\t\t\t\t\t\t<\/li>\n\t\t\t\t\t\t\t\t\t\t\t\t\t\t\t\t\t\t\t\t\t\t\t\t\t\t\t\t<li class=\"event all-day\" data-feed-key=\"0\">\n\t\t\t\t\t\t\t\t\t\t\t\t\t\t\t<span class=\"title has_desc confirmed\">Keller Steff at Gasthof Klement Isen (09 Oct 26) with Weiherer<\/span><div class=\"descloc hover_block\"><div class=\"title_in_hover_block\"><span class=\"title confirmed\">Keller Steff at Gasthof Klement Isen (09 Oct 26) with Weiherer<\/span><\/div><div class=\"location\">Gasthof Klement Isen, Erding, Germany<\/div><div class=\"eventdesc\"><p><a href=\"https:\/\/www.songkick.com\/concerts\/43146410-keller-steff-at-gasthof-klement-isen?utm_campaign=tracked_artist&#038;utm_content=ZD0yNDYxMjg2JnU9MTM3MjI4MTU5&#038;utm_medium=feed&#038;utm_source=ical\" rel=\"nofollow\">https:\/\/www.songkick.com\/concerts\/43146410-keller-steff-at-gasthof-klement-isen?utm_campaign=tracked_artist&#038;utm_content=ZD0yNDYxMjg2JnU9MTM3MjI4MTU5&#038;utm_medium=feed&#038;utm_source=ical<\/a><\/p><\/div><\/div>\t\t\t\t\t\t\t\t\t\t\t\t\t\t<\/li>\n\t\t\t\t\t\t\t\t\t\t\t\t\t\t\t\t\t\t\t\t\t\t\t\t<\/ul>\n\t\t\t\t\t\t\t\t\t\t\t\t\t\t\t\t\t\t<\/td>\n\t\t\t\t\t\t\t\t\t\t\t\t\t\t\t\t<td data-dow=\"6\" data-events-count=\"6\" data-feed-keys=\"0\" class=\"future has_events d_10 dow_6\">\n\t\t\t\t\t\t\t\t\t<div class=\"day\">\n\t\t\t\t\t\t\t\t\t\t\t\t\t\t\t\t\t\t\t\t\t<span class=\"phone_only\" id=\"r6a97dccace13c5d-20261010\"><span data-date-format=\"l\">Saturday<\/span> <span data-date-format=\"F\">October<\/span> <span data-date-format=\"j\">10<\/span><\/span>\n\t\t\t\t\t\t\t\t\t\t\t<span class=\"no_phone\" aria-hidden=\"true\">10<\/span>\n\t\t\t\t\t\t\t\t\t\t\t\t\t\t\t\t\t\t\t\t<\/div>\n\t\t\t\t\t\t\t\t\t\t\t\t\t\t\t\t\t\t\t<ul class=\"events\" aria-labelledby=\"r6a97dccace13c5d-20261010\">\n\t\t\t\t\t\t\t\t\t\t\t\t\t\t\t\t\t\t\t\t\t\t\t\t\t<li class=\"event all-day\" data-feed-key=\"0\">\n\t\t\t\t\t\t\t\t\t\t\t\t\t\t\t\t\t\t\t\t\t\t\t\t\t\t\t\t\t\t\t<span class=\"all-day-indicator\">All Day<\/span>\n\t\t\t\t\t\t\t\t\t\t\t\t\t\t\t\t<span class=\"title has_desc confirmed\">El Flecha Negra at halle02 (10 Oct 26)<\/span><div class=\"descloc hover_block\"><div class=\"title_in_hover_block\"><span class=\"title confirmed\">El Flecha Negra at halle02 (10 Oct 26)<\/span><\/div><div class=\"location\">halle02, Zollhofgarten 2, 69115, Heidelberg, Germany<\/div><div class=\"eventdesc\"><p><a href=\"https:\/\/www.songkick.com\/concerts\/43325993-el-flecha-negra-at-halle02?utm_campaign=tracked_artist&#038;utm_content=ZD0yNDYxMjg2JnU9MTM3MjI4MTU5&#038;utm_medium=feed&#038;utm_source=ical\" rel=\"nofollow\">https:\/\/www.songkick.com\/concerts\/43325993-el-flecha-negra-at-halle02?utm_campaign=tracked_artist&#038;utm_content=ZD0yNDYxMjg2JnU9MTM3MjI4MTU5&#038;utm_medium=feed&#038;utm_source=ical<\/a><\/p><\/div><\/div>\t\t\t\t\t\t\t\t\t\t\t\t\t\t<\/li>\n\t\t\t\t\t\t\t\t\t\t\t\t\t\t\t\t\t\t\t\t\t\t\t\t\t\t\t\t<li class=\"event all-day\" data-feed-key=\"0\">\n\t\t\t\t\t\t\t\t\t\t\t\t\t\t\t<span class=\"title has_desc confirmed\">Famara at Atlantis (10 Oct 26)<\/span><div class=\"descloc hover_block\"><div class=\"title_in_hover_block\"><span class=\"title confirmed\">Famara at Atlantis (10 Oct 26)<\/span><\/div><div class=\"location\">Atlantis, Klosterberg 13, 4051, Basel, Switzerland<\/div><div class=\"eventdesc\"><p><a href=\"https:\/\/www.songkick.com\/concerts\/43306568-famara-at-atlantis?utm_campaign=tracked_artist&#038;utm_content=ZD0yNDYxMjg2JnU9MTM3MjI4MTU5&#038;utm_medium=feed&#038;utm_source=ical\" rel=\"nofollow\">https:\/\/www.songkick.com\/concerts\/43306568-famara-at-atlantis?utm_campaign=tracked_artist&#038;utm_content=ZD0yNDYxMjg2JnU9MTM3MjI4MTU5&#038;utm_medium=feed&#038;utm_source=ical<\/a><\/p><\/div><\/div>\t\t\t\t\t\t\t\t\t\t\t\t\t\t<\/li>\n\t\t\t\t\t\t\t\t\t\t\t\t\t\t\t\t\t\t\t\t\t\t\t\t\t\t\t\t<li class=\"event all-day\" data-feed-key=\"0\">\n\t\t\t\t\t\t\t\t\t\t\t\t\t\t\t<span class=\"title has_desc confirmed\">Folkshilfe at Museumskeller Erfurt (10 Oct 26)<\/span><div class=\"descloc hover_block\"><div class=\"title_in_hover_block\"><span class=\"title confirmed\">Folkshilfe at Museumskeller Erfurt (10 Oct 26)<\/span><\/div><div class=\"location\">Museumskeller Erfurt, Juri-Gagarin-Ring 140A, 99084, Erfurt, Germany<\/div><div class=\"eventdesc\"><p><a href=\"https:\/\/www.songkick.com\/concerts\/42901709-folkshilfe-at-museumskeller-erfurt?utm_campaign=tracked_artist&#038;utm_content=ZD0yNDYxMjg2JnU9MTM3MjI4MTU5&#038;utm_medium=feed&#038;utm_source=ical\" rel=\"nofollow\">https:\/\/www.songkick.com\/concerts\/42901709-folkshilfe-at-museumskeller-erfurt?utm_campaign=tracked_artist&#038;utm_content=ZD0yNDYxMjg2JnU9MTM3MjI4MTU5&#038;utm_medium=feed&#038;utm_source=ical<\/a><\/p><\/div><\/div>\t\t\t\t\t\t\t\t\t\t\t\t\t\t<\/li>\n\t\t\t\t\t\t\t\t\t\t\t\t\t\t\t\t\t\t\t\t\t\t\t\t\t\t\t\t<li class=\"event all-day\" data-feed-key=\"0\">\n\t\t\t\t\t\t\t\t\t\t\t\t\t\t\t<span class=\"title has_desc confirmed\">Mar Malade at Kantine (10 Oct 26)<\/span><div class=\"descloc hover_block\"><div class=\"title_in_hover_block\"><span class=\"title confirmed\">Mar Malade at Kantine (10 Oct 26)<\/span><\/div><div class=\"location\">Kantine, Halderstr. 1-5 \/ K\u00f6nigsplatz, 86150, Augsburg, Germany<\/div><div class=\"eventdesc\"><p><a href=\"https:\/\/www.songkick.com\/concerts\/43071754-mar-malade-at-kantine?utm_campaign=tracked_artist&#038;utm_content=ZD0yNDYxMjg2JnU9MTM3MjI4MTU5&#038;utm_medium=feed&#038;utm_source=ical\" rel=\"nofollow\">https:\/\/www.songkick.com\/concerts\/43071754-mar-malade-at-kantine?utm_campaign=tracked_artist&#038;utm_content=ZD0yNDYxMjg2JnU9MTM3MjI4MTU5&#038;utm_medium=feed&#038;utm_source=ical<\/a><\/p><\/div><\/div>\t\t\t\t\t\t\t\t\t\t\t\t\t\t<\/li>\n\t\t\t\t\t\t\t\t\t\t\t\t\t\t\t\t\t\t\t\t\t\t\t\t\t\t\t\t<li class=\"event all-day\" data-feed-key=\"0\">\n\t\t\t\t\t\t\t\t\t\t\t\t\t\t\t<span class=\"title has_desc confirmed\">S\u00f6hne Mannheims at Stadthalle Gersthofen (10 Oct 26)<\/span><div class=\"descloc hover_block\"><div class=\"title_in_hover_block\"><span class=\"title confirmed\">S\u00f6hne Mannheims at Stadthalle Gersthofen (10 Oct 26)<\/span><\/div><div class=\"location\">Stadthalle Gersthofen, Rathausplatz 1, 86368, Gersthofen, Germany<\/div><div class=\"eventdesc\"><p><a href=\"https:\/\/www.songkick.com\/concerts\/42901727-sohne-mannheims-at-stadthalle-gersthofen?utm_campaign=tracked_artist&#038;utm_content=ZD0yNDYxMjg2JnU9MTM3MjI4MTU5&#038;utm_medium=feed&#038;utm_source=ical\" rel=\"nofollow\">https:\/\/www.songkick.com\/concerts\/42901727-sohne-mannheims-at-stadthalle-gersthofen?utm_campaign=tracked_artist&#038;utm_content=ZD0yNDYxMjg2JnU9MTM3MjI4MTU5&#038;utm_medium=feed&#038;utm_source=ical<\/a><\/p><\/div><\/div>\t\t\t\t\t\t\t\t\t\t\t\t\t\t<\/li>\n\t\t\t\t\t\t\t\t\t\t\t\t\t\t\t\t\t\t\t\t\t\t\t\t\t\t\t\t<li class=\"event all-day\" data-feed-key=\"0\">\n\t\t\t\t\t\t\t\t\t\t\t\t\t\t\t<span class=\"title has_desc confirmed\">The Beat Featuring Ranking Jnr at Stadthalle Gotha (10 Oct 26)<\/span><div class=\"descloc hover_block\"><div class=\"title_in_hover_block\"><span class=\"title confirmed\">The Beat Featuring Ranking Jnr at Stadthalle Gotha (10 Oct 26)<\/span><\/div><div class=\"location\">Stadthalle Gotha, Goldbacher Stra\u00dfe 35, 99867, Gotha, Germany<\/div><div class=\"eventdesc\"><p><a href=\"https:\/\/www.songkick.com\/concerts\/43296844-beat-featuring-ranking-jnr-at-stadthalle-gotha?utm_campaign=tracked_artist&#038;utm_content=ZD0yNDYxMjg2JnU9MTM3MjI4MTU5&#038;utm_medium=feed&#038;utm_source=ical\" rel=\"nofollow\">https:\/\/www.songkick.com\/concerts\/43296844-beat-featuring-ranking-jnr-at-stadthalle-gotha?utm_campaign=tracked_artist&#038;utm_content=ZD0yNDYxMjg2JnU9MTM3MjI4MTU5&#038;utm_medium=feed&#038;utm_source=ical<\/a><\/p><\/div><\/div>\t\t\t\t\t\t\t\t\t\t\t\t\t\t<\/li>\n\t\t\t\t\t\t\t\t\t\t\t\t\t\t\t\t\t\t\t\t\t\t\t\t<\/ul>\n\t\t\t\t\t\t\t\t\t\t\t\t\t\t\t\t\t\t<\/td>\n\t\t\t\t\t\t\t\t\t\t\t\t\t\t\t\t<td data-dow=\"0\" data-events-count=\"2\" data-feed-keys=\"0\" class=\"future has_events d_11 dow_0\">\n\t\t\t\t\t\t\t\t\t<div class=\"day\">\n\t\t\t\t\t\t\t\t\t\t\t\t\t\t\t\t\t\t\t\t\t<span class=\"phone_only\" id=\"r6a97dccace13c5d-20261011\"><span data-date-format=\"l\">Sunday<\/span> <span data-date-format=\"F\">October<\/span> <span data-date-format=\"j\">11<\/span><\/span>\n\t\t\t\t\t\t\t\t\t\t\t<span class=\"no_phone\" aria-hidden=\"true\">11<\/span>\n\t\t\t\t\t\t\t\t\t\t\t\t\t\t\t\t\t\t\t\t<\/div>\n\t\t\t\t\t\t\t\t\t\t\t\t\t\t\t\t\t\t\t<ul class=\"events\" aria-labelledby=\"r6a97dccace13c5d-20261011\">\n\t\t\t\t\t\t\t\t\t\t\t\t\t\t\t\t\t\t\t\t\t\t\t\t\t<li class=\"event all-day\" data-feed-key=\"0\">\n\t\t\t\t\t\t\t\t\t\t\t\t\t\t\t\t\t\t\t\t\t\t\t\t\t\t\t\t\t\t\t<span class=\"all-day-indicator\">All Day<\/span>\n\t\t\t\t\t\t\t\t\t\t\t\t\t\t\t\t<span class=\"title has_desc confirmed\">Annemary at H42 (11 Oct 26) with Gentleman and The Gentlemen<\/span><div class=\"descloc hover_block\"><div class=\"title_in_hover_block\"><span class=\"title confirmed\">Annemary at H42 (11 Oct 26) with Gentleman and The Gentlemen<\/span><\/div><div class=\"location\">H42, Magdeburger Stra\u00dfe 58 Haus R2, 01067, Dresden, Germany<\/div><div class=\"eventdesc\"><p><a href=\"https:\/\/www.songkick.com\/concerts\/43287048-annemary-at-h42?utm_campaign=tracked_artist&#038;utm_content=ZD0yNDYxMjg2JnU9MTM3MjI4MTU5&#038;utm_medium=feed&#038;utm_source=ical\" rel=\"nofollow\">https:\/\/www.songkick.com\/concerts\/43287048-annemary-at-h42?utm_campaign=tracked_artist&#038;utm_content=ZD0yNDYxMjg2JnU9MTM3MjI4MTU5&#038;utm_medium=feed&#038;utm_source=ical<\/a><\/p><\/div><\/div>\t\t\t\t\t\t\t\t\t\t\t\t\t\t<\/li>\n\t\t\t\t\t\t\t\t\t\t\t\t\t\t\t\t\t\t\t\t\t\t\t\t\t\t\t\t<li class=\"event all-day\" data-feed-key=\"0\">\n\t\t\t\t\t\t\t\t\t\t\t\t\t\t\t<span class=\"title has_desc confirmed\">Mar Malade at Ampere \/ Muffatwerk (11 Oct 26)<\/span><div class=\"descloc hover_block\"><div class=\"title_in_hover_block\"><span class=\"title confirmed\">Mar Malade at Ampere \/ Muffatwerk (11 Oct 26)<\/span><\/div><div class=\"location\">Ampere \/ Muffatwerk, Zellstr. 4, 81667, Munich, Germany<\/div><div class=\"eventdesc\"><p><a href=\"https:\/\/www.songkick.com\/concerts\/43071755-mar-malade-at-ampere-muffatwerk?utm_campaign=tracked_artist&#038;utm_content=ZD0yNDYxMjg2JnU9MTM3MjI4MTU5&#038;utm_medium=feed&#038;utm_source=ical\" rel=\"nofollow\">https:\/\/www.songkick.com\/concerts\/43071755-mar-malade-at-ampere-muffatwerk?utm_campaign=tracked_artist&#038;utm_content=ZD0yNDYxMjg2JnU9MTM3MjI4MTU5&#038;utm_medium=feed&#038;utm_source=ical<\/a><\/p><\/div><\/div>\t\t\t\t\t\t\t\t\t\t\t\t\t\t<\/li>\n\t\t\t\t\t\t\t\t\t\t\t\t\t\t\t\t\t\t\t\t\t\t\t\t<\/ul>\n\t\t\t\t\t\t\t\t\t\t\t\t\t\t\t\t\t\t<\/td>\n\t\t\t\t\t\t\t\t<\/tr><tr>\t\t\t\t\t\t\t\t<td data-dow=\"1\" data-events-count=\"0\" data-feed-keys=\"\" class=\"future empty d_12 dow_1\">\n\t\t\t\t\t\t\t\t\t<div class=\"day\">\n\t\t\t\t\t\t\t\t\t\t\t\t\t\t\t\t\t\t\t\t\t<span class=\"phone_only\" id=\"r6a97dccace13c5d-20261012\"><span data-date-format=\"l\">Monday<\/span> <span data-date-format=\"F\">October<\/span> <span data-date-format=\"j\">12<\/span><\/span>\n\t\t\t\t\t\t\t\t\t\t\t<span class=\"no_phone\" aria-hidden=\"true\">12<\/span>\n\t\t\t\t\t\t\t\t\t\t\t\t\t\t\t\t\t\t\t\t<\/div>\n\t\t\t\t\t\t\t\t\t\t\t\t\t\t\t\t\t<\/td>\n\t\t\t\t\t\t\t\t\t\t\t\t\t\t\t\t<td data-dow=\"2\" data-events-count=\"0\" data-feed-keys=\"\" class=\"future empty d_13 dow_2\">\n\t\t\t\t\t\t\t\t\t<div class=\"day\">\n\t\t\t\t\t\t\t\t\t\t\t\t\t\t\t\t\t\t\t\t\t<span class=\"phone_only\" id=\"r6a97dccace13c5d-20261013\"><span data-date-format=\"l\">Tuesday<\/span> <span data-date-format=\"F\">October<\/span> <span data-date-format=\"j\">13<\/span><\/span>\n\t\t\t\t\t\t\t\t\t\t\t<span class=\"no_phone\" aria-hidden=\"true\">13<\/span>\n\t\t\t\t\t\t\t\t\t\t\t\t\t\t\t\t\t\t\t\t<\/div>\n\t\t\t\t\t\t\t\t\t\t\t\t\t\t\t\t\t<\/td>\n\t\t\t\t\t\t\t\t\t\t\t\t\t\t\t\t<td data-dow=\"3\" data-events-count=\"2\" data-feed-keys=\"0\" class=\"future has_events d_14 dow_3\">\n\t\t\t\t\t\t\t\t\t<div class=\"day\">\n\t\t\t\t\t\t\t\t\t\t\t\t\t\t\t\t\t\t\t\t\t<span class=\"phone_only\" id=\"r6a97dccace13c5d-20261014\"><span data-date-format=\"l\">Wednesday<\/span> <span data-date-format=\"F\">October<\/span> <span data-date-format=\"j\">14<\/span><\/span>\n\t\t\t\t\t\t\t\t\t\t\t<span class=\"no_phone\" aria-hidden=\"true\">14<\/span>\n\t\t\t\t\t\t\t\t\t\t\t\t\t\t\t\t\t\t\t\t<\/div>\n\t\t\t\t\t\t\t\t\t\t\t\t\t\t\t\t\t\t\t<ul class=\"events\" aria-labelledby=\"r6a97dccace13c5d-20261014\">\n\t\t\t\t\t\t\t\t\t\t\t\t\t\t\t\t\t\t\t\t\t\t\t\t\t<li class=\"event all-day\" data-feed-key=\"0\">\n\t\t\t\t\t\t\t\t\t\t\t\t\t\t\t\t\t\t\t\t\t\t\t\t\t\t\t\t\t\t\t<span class=\"all-day-indicator\">All Day<\/span>\n\t\t\t\t\t\t\t\t\t\t\t\t\t\t\t\t<span class=\"title has_desc confirmed\">Fischer-Z at Theater am Tanzbrunnen (14 Oct 26)<\/span><div class=\"descloc hover_block\"><div class=\"title_in_hover_block\"><span class=\"title confirmed\">Fischer-Z at Theater am Tanzbrunnen (14 Oct 26)<\/span><\/div><div class=\"location\">Theater am Tanzbrunnen, Rheinparkweg 1, 50679, Cologne, Germany<\/div><div class=\"eventdesc\"><p><a href=\"https:\/\/www.songkick.com\/concerts\/42792053-fischerz-at-theater-am-tanzbrunnen?utm_campaign=tracked_artist&#038;utm_content=ZD0yNDYxMjg2JnU9MTM3MjI4MTU5&#038;utm_medium=feed&#038;utm_source=ical\" rel=\"nofollow\">https:\/\/www.songkick.com\/concerts\/42792053-fischerz-at-theater-am-tanzbrunnen?utm_campaign=tracked_artist&#038;utm_content=ZD0yNDYxMjg2JnU9MTM3MjI4MTU5&#038;utm_medium=feed&#038;utm_source=ical<\/a><\/p><\/div><\/div>\t\t\t\t\t\t\t\t\t\t\t\t\t\t<\/li>\n\t\t\t\t\t\t\t\t\t\t\t\t\t\t\t\t\t\t\t\t\t\t\t\t\t\t\t\t<li class=\"event all-day\" data-feed-key=\"0\">\n\t\t\t\t\t\t\t\t\t\t\t\t\t\t\t<span class=\"title has_desc confirmed\">Mar Malade at Columbia Theater (14 Oct 26)<\/span><div class=\"descloc hover_block\"><div class=\"title_in_hover_block\"><span class=\"title confirmed\">Mar Malade at Columbia Theater (14 Oct 26)<\/span><\/div><div class=\"location\">Columbia Theater, Columbiadamm 9-11, 10965, Berlin, Germany<\/div><div class=\"eventdesc\"><p><a href=\"https:\/\/www.songkick.com\/concerts\/43071756-mar-malade-at-columbia-theater?utm_campaign=tracked_artist&#038;utm_content=ZD0yNDYxMjg2JnU9MTM3MjI4MTU5&#038;utm_medium=feed&#038;utm_source=ical\" rel=\"nofollow\">https:\/\/www.songkick.com\/concerts\/43071756-mar-malade-at-columbia-theater?utm_campaign=tracked_artist&#038;utm_content=ZD0yNDYxMjg2JnU9MTM3MjI4MTU5&#038;utm_medium=feed&#038;utm_source=ical<\/a><\/p><\/div><\/div>\t\t\t\t\t\t\t\t\t\t\t\t\t\t<\/li>\n\t\t\t\t\t\t\t\t\t\t\t\t\t\t\t\t\t\t\t\t\t\t\t\t<\/ul>\n\t\t\t\t\t\t\t\t\t\t\t\t\t\t\t\t\t\t<\/td>\n\t\t\t\t\t\t\t\t\t\t\t\t\t\t\t\t<td data-dow=\"4\" data-events-count=\"3\" data-feed-keys=\"0\" class=\"future has_events d_15 dow_4\">\n\t\t\t\t\t\t\t\t\t<div class=\"day\">\n\t\t\t\t\t\t\t\t\t\t\t\t\t\t\t\t\t\t\t\t\t<span class=\"phone_only\" id=\"r6a97dccace13c5d-20261015\"><span data-date-format=\"l\">Thursday<\/span> <span data-date-format=\"F\">October<\/span> <span data-date-format=\"j\">15<\/span><\/span>\n\t\t\t\t\t\t\t\t\t\t\t<span class=\"no_phone\" aria-hidden=\"true\">15<\/span>\n\t\t\t\t\t\t\t\t\t\t\t\t\t\t\t\t\t\t\t\t<\/div>\n\t\t\t\t\t\t\t\t\t\t\t\t\t\t\t\t\t\t\t<ul class=\"events\" aria-labelledby=\"r6a97dccace13c5d-20261015\">\n\t\t\t\t\t\t\t\t\t\t\t\t\t\t\t\t\t\t\t\t\t\t\t\t\t<li class=\"event all-day\" data-feed-key=\"0\">\n\t\t\t\t\t\t\t\t\t\t\t\t\t\t\t\t\t\t\t\t\t\t\t\t\t\t\t\t\t\t\t<span class=\"all-day-indicator\">All Day<\/span>\n\t\t\t\t\t\t\t\t\t\t\t\t\t\t\t\t<span class=\"title has_desc confirmed\">Fischer-Z at Neue Gebl\u00e4sehalle (15 Oct 26)<\/span><div class=\"descloc hover_block\"><div class=\"title_in_hover_block\"><span class=\"title confirmed\">Fischer-Z at Neue Gebl\u00e4sehalle (15 Oct 26)<\/span><\/div><div class=\"location\">Neue Gebl\u00e4sehalle, An den Hoch\u00f6fen 1, 66538, Neunkirchen, Germany<\/div><div class=\"eventdesc\"><p><a href=\"https:\/\/www.songkick.com\/concerts\/42792054-fischerz-at-neue-geblasehalle?utm_campaign=tracked_artist&#038;utm_content=ZD0yNDYxMjg2JnU9MTM3MjI4MTU5&#038;utm_medium=feed&#038;utm_source=ical\" rel=\"nofollow\">https:\/\/www.songkick.com\/concerts\/42792054-fischerz-at-neue-geblasehalle?utm_campaign=tracked_artist&#038;utm_content=ZD0yNDYxMjg2JnU9MTM3MjI4MTU5&#038;utm_medium=feed&#038;utm_source=ical<\/a><\/p><\/div><\/div>\t\t\t\t\t\t\t\t\t\t\t\t\t\t<\/li>\n\t\t\t\t\t\t\t\t\t\t\t\t\t\t\t\t\t\t\t\t\t\t\t\t\t\t\t\t<li class=\"event all-day\" data-feed-key=\"0\">\n\t\t\t\t\t\t\t\t\t\t\t\t\t\t\t<span class=\"title has_desc confirmed\">Mar Malade at Mojo Club (15 Oct 26)<\/span><div class=\"descloc hover_block\"><div class=\"title_in_hover_block\"><span class=\"title confirmed\">Mar Malade at Mojo Club (15 Oct 26)<\/span><\/div><div class=\"location\">Mojo Club, Reeperbahn 1, 20359, Hamburg, Germany<\/div><div class=\"eventdesc\"><p><a href=\"https:\/\/www.songkick.com\/concerts\/43071911-mar-malade-at-mojo-club?utm_campaign=tracked_artist&#038;utm_content=ZD0yNDYxMjg2JnU9MTM3MjI4MTU5&#038;utm_medium=feed&#038;utm_source=ical\" rel=\"nofollow\">https:\/\/www.songkick.com\/concerts\/43071911-mar-malade-at-mojo-club?utm_campaign=tracked_artist&#038;utm_content=ZD0yNDYxMjg2JnU9MTM3MjI4MTU5&#038;utm_medium=feed&#038;utm_source=ical<\/a><\/p><\/div><\/div>\t\t\t\t\t\t\t\t\t\t\t\t\t\t<\/li>\n\t\t\t\t\t\t\t\t\t\t\t\t\t\t\t\t\t\t\t\t\t\t\t\t\t\t\t\t<li class=\"event all-day\" data-feed-key=\"0\">\n\t\t\t\t\t\t\t\t\t\t\t\t\t\t\t<span class=\"title has_desc confirmed\">Nneka at Kaufleuten (15 Oct 26)<\/span><div class=\"descloc hover_block\"><div class=\"title_in_hover_block\"><span class=\"title confirmed\">Nneka at Kaufleuten (15 Oct 26)<\/span><\/div><div class=\"location\">Kaufleuten, Pelikanplatz, 8001, Z\u00fcrich, Switzerland<\/div><div class=\"eventdesc\"><p><a href=\"https:\/\/www.songkick.com\/concerts\/43151368-nneka-at-kaufleuten?utm_campaign=tracked_artist&#038;utm_content=ZD0yNDYxMjg2JnU9MTM3MjI4MTU5&#038;utm_medium=feed&#038;utm_source=ical\" rel=\"nofollow\">https:\/\/www.songkick.com\/concerts\/43151368-nneka-at-kaufleuten?utm_campaign=tracked_artist&#038;utm_content=ZD0yNDYxMjg2JnU9MTM3MjI4MTU5&#038;utm_medium=feed&#038;utm_source=ical<\/a><\/p><\/div><\/div>\t\t\t\t\t\t\t\t\t\t\t\t\t\t<\/li>\n\t\t\t\t\t\t\t\t\t\t\t\t\t\t\t\t\t\t\t\t\t\t\t\t<\/ul>\n\t\t\t\t\t\t\t\t\t\t\t\t\t\t\t\t\t\t<\/td>\n\t\t\t\t\t\t\t\t\t\t\t\t\t\t\t\t<td data-dow=\"5\" data-events-count=\"5\" data-feed-keys=\"0\" class=\"future has_events d_16 dow_5\">\n\t\t\t\t\t\t\t\t\t<div class=\"day\">\n\t\t\t\t\t\t\t\t\t\t\t\t\t\t\t\t\t\t\t\t\t<span class=\"phone_only\" id=\"r6a97dccace13c5d-20261016\"><span data-date-format=\"l\">Friday<\/span> <span data-date-format=\"F\">October<\/span> <span data-date-format=\"j\">16<\/span><\/span>\n\t\t\t\t\t\t\t\t\t\t\t<span class=\"no_phone\" aria-hidden=\"true\">16<\/span>\n\t\t\t\t\t\t\t\t\t\t\t\t\t\t\t\t\t\t\t\t<\/div>\n\t\t\t\t\t\t\t\t\t\t\t\t\t\t\t\t\t\t\t<ul class=\"events\" aria-labelledby=\"r6a97dccace13c5d-20261016\">\n\t\t\t\t\t\t\t\t\t\t\t\t\t\t\t\t\t\t\t\t\t\t\t\t\t<li class=\"event all-day\" data-feed-key=\"0\">\n\t\t\t\t\t\t\t\t\t\t\t\t\t\t\t\t\t\t\t\t\t\t\t\t\t\t\t\t\t\t\t<span class=\"all-day-indicator\">All Day<\/span>\n\t\t\t\t\t\t\t\t\t\t\t\t\t\t\t\t<span class=\"title has_desc confirmed\">Dub Spencer &amp; Trance Hill at Gro\u00dfer Saal, Sudhaus (16 Oct 26)<\/span><div class=\"descloc hover_block\"><div class=\"title_in_hover_block\"><span class=\"title confirmed\">Dub Spencer &amp; Trance Hill at Gro\u00dfer Saal, Sudhaus (16 Oct 26)<\/span><\/div><div class=\"location\">Gro\u00dfer Saal, Sudhaus, Hechinger Stra\u00dfe 203, 72072, T\u00fcbingen, Germany<\/div><div class=\"eventdesc\"><p><a href=\"https:\/\/www.songkick.com\/concerts\/43099897-dub-spencer-and-trance-hill-at-grosser-saal-sudhaus?utm_campaign=tracked_artist&#038;utm_content=ZD0yNDYxMjg2JnU9MTM3MjI4MTU5&#038;utm_medium=feed&#038;utm_source=ical\" rel=\"nofollow\">https:\/\/www.songkick.com\/concerts\/43099897-dub-spencer-and-trance-hill-at-grosser-saal-sudhaus?utm_campaign=tracked_artist&#038;utm_content=ZD0yNDYxMjg2JnU9MTM3MjI4MTU5&#038;utm_medium=feed&#038;utm_source=ical<\/a><\/p><\/div><\/div>\t\t\t\t\t\t\t\t\t\t\t\t\t\t<\/li>\n\t\t\t\t\t\t\t\t\t\t\t\t\t\t\t\t\t\t\t\t\t\t\t\t\t\t\t\t<li class=\"event all-day\" data-feed-key=\"0\">\n\t\t\t\t\t\t\t\t\t\t\t\t\t\t\t<span class=\"title has_desc confirmed\">El Flecha Negra at Kammgarn\/haberhaus\/taptab (16 Oct 26)<\/span><div class=\"descloc hover_block\"><div class=\"title_in_hover_block\"><span class=\"title confirmed\">El Flecha Negra at Kammgarn\/haberhaus\/taptab (16 Oct 26)<\/span><\/div><div class=\"location\">Kammgarn\/haberhaus\/taptab, 8200, Schaffhausen, Switzerland<\/div><div class=\"eventdesc\"><p><a href=\"https:\/\/www.songkick.com\/concerts\/43237919-el-flecha-negra-at-kammgarnhaberhaustaptab?utm_campaign=tracked_artist&#038;utm_content=ZD0yNDYxMjg2JnU9MTM3MjI4MTU5&#038;utm_medium=feed&#038;utm_source=ical\" rel=\"nofollow\">https:\/\/www.songkick.com\/concerts\/43237919-el-flecha-negra-at-kammgarnhaberhaustaptab?utm_campaign=tracked_artist&#038;utm_content=ZD0yNDYxMjg2JnU9MTM3MjI4MTU5&#038;utm_medium=feed&#038;utm_source=ical<\/a><\/p><\/div><\/div>\t\t\t\t\t\t\t\t\t\t\t\t\t\t<\/li>\n\t\t\t\t\t\t\t\t\t\t\t\t\t\t\t\t\t\t\t\t\t\t\t\t\t\t\t\t<li class=\"event all-day\" data-feed-key=\"0\">\n\t\t\t\t\t\t\t\t\t\t\t\t\t\t\t<span class=\"title has_desc confirmed\">Fischer-Z at Mozart-Saal, Liederhalle (16 Oct 26)<\/span><div class=\"descloc hover_block\"><div class=\"title_in_hover_block\"><span class=\"title confirmed\">Fischer-Z at Mozart-Saal, Liederhalle (16 Oct 26)<\/span><\/div><div class=\"location\">Mozart-Saal, Liederhalle, Berliner Platz 1-3, 70174, Stuttgart, Germany<\/div><div class=\"eventdesc\"><p><a href=\"https:\/\/www.songkick.com\/concerts\/42792055-fischerz-at-mozartsaal-liederhalle?utm_campaign=tracked_artist&#038;utm_content=ZD0yNDYxMjg2JnU9MTM3MjI4MTU5&#038;utm_medium=feed&#038;utm_source=ical\" rel=\"nofollow\">https:\/\/www.songkick.com\/concerts\/42792055-fischerz-at-mozartsaal-liederhalle?utm_campaign=tracked_artist&#038;utm_content=ZD0yNDYxMjg2JnU9MTM3MjI4MTU5&#038;utm_medium=feed&#038;utm_source=ical<\/a><\/p><\/div><\/div>\t\t\t\t\t\t\t\t\t\t\t\t\t\t<\/li>\n\t\t\t\t\t\t\t\t\t\t\t\t\t\t\t\t\t\t\t\t\t\t\t\t\t\t\t\t<li class=\"event all-day\" data-feed-key=\"0\">\n\t\t\t\t\t\t\t\t\t\t\t\t\t\t\t<span class=\"title has_desc confirmed\">Sting at Hard Rock Live - Rockford (16 Oct 26)<\/span><div class=\"descloc hover_block\"><div class=\"title_in_hover_block\"><span class=\"title confirmed\">Sting at Hard Rock Live - Rockford (16 Oct 26)<\/span><\/div><div class=\"location\">Hard Rock Live - Rockford, 610 N. Bell School Rd., 61108, Rockford, IL, US<\/div><div class=\"eventdesc\"><p><a href=\"https:\/\/www.songkick.com\/concerts\/43079347-sting-at-hard-rock-live-rockford?utm_campaign=tracked_artist&#038;utm_content=ZD0yNDYxMjg2JnU9MTM3MjI4MTU5&#038;utm_medium=feed&#038;utm_source=ical\" rel=\"nofollow\">https:\/\/www.songkick.com\/concerts\/43079347-sting-at-hard-rock-live-rockford?utm_campaign=tracked_artist&#038;utm_content=ZD0yNDYxMjg2JnU9MTM3MjI4MTU5&#038;utm_medium=feed&#038;utm_source=ical<\/a><\/p><\/div><\/div>\t\t\t\t\t\t\t\t\t\t\t\t\t\t<\/li>\n\t\t\t\t\t\t\t\t\t\t\t\t\t\t\t\t\t\t\t\t\t\t\t\t\t\t\t\t<li class=\"event all-day\" data-feed-key=\"0\">\n\t\t\t\t\t\t\t\t\t\t\t\t\t\t\t<span class=\"title has_desc confirmed\">Weiherer at Scharfrichterhaus (16 Oct 26)<\/span><div class=\"descloc hover_block\"><div class=\"title_in_hover_block\"><span class=\"title confirmed\">Weiherer at Scharfrichterhaus (16 Oct 26)<\/span><\/div><div class=\"location\">Scharfrichterhaus, Milchgasse 2, 94032, Passau, Germany<\/div><div class=\"eventdesc\"><p><a href=\"https:\/\/www.songkick.com\/concerts\/42857233-weiherer-at-scharfrichterhaus?utm_campaign=tracked_artist&#038;utm_content=ZD0yNDYxMjg2JnU9MTM3MjI4MTU5&#038;utm_medium=feed&#038;utm_source=ical\" rel=\"nofollow\">https:\/\/www.songkick.com\/concerts\/42857233-weiherer-at-scharfrichterhaus?utm_campaign=tracked_artist&#038;utm_content=ZD0yNDYxMjg2JnU9MTM3MjI4MTU5&#038;utm_medium=feed&#038;utm_source=ical<\/a><\/p><\/div><\/div>\t\t\t\t\t\t\t\t\t\t\t\t\t\t<\/li>\n\t\t\t\t\t\t\t\t\t\t\t\t\t\t\t\t\t\t\t\t\t\t\t\t<\/ul>\n\t\t\t\t\t\t\t\t\t\t\t\t\t\t\t\t\t\t<\/td>\n\t\t\t\t\t\t\t\t\t\t\t\t\t\t\t\t<td data-dow=\"6\" data-events-count=\"3\" data-feed-keys=\"0\" class=\"future has_events d_17 dow_6\">\n\t\t\t\t\t\t\t\t\t<div class=\"day\">\n\t\t\t\t\t\t\t\t\t\t\t\t\t\t\t\t\t\t\t\t\t<span class=\"phone_only\" id=\"r6a97dccace13c5d-20261017\"><span data-date-format=\"l\">Saturday<\/span> <span data-date-format=\"F\">October<\/span> <span data-date-format=\"j\">17<\/span><\/span>\n\t\t\t\t\t\t\t\t\t\t\t<span class=\"no_phone\" aria-hidden=\"true\">17<\/span>\n\t\t\t\t\t\t\t\t\t\t\t\t\t\t\t\t\t\t\t\t<\/div>\n\t\t\t\t\t\t\t\t\t\t\t\t\t\t\t\t\t\t\t<ul class=\"events\" aria-labelledby=\"r6a97dccace13c5d-20261017\">\n\t\t\t\t\t\t\t\t\t\t\t\t\t\t\t\t\t\t\t\t\t\t\t\t\t<li class=\"event all-day\" data-feed-key=\"0\">\n\t\t\t\t\t\t\t\t\t\t\t\t\t\t\t\t\t\t\t\t\t\t\t\t\t\t\t\t\t\t\t<span class=\"all-day-indicator\">All Day<\/span>\n\t\t\t\t\t\t\t\t\t\t\t\t\t\t\t\t<span class=\"title has_desc confirmed\">El Flecha Negra at Unknown venue (17 Oct 26)<\/span><div class=\"descloc hover_block\"><div class=\"title_in_hover_block\"><span class=\"title confirmed\">El Flecha Negra at Unknown venue (17 Oct 26)<\/span><\/div><div class=\"location\">Wohlen, Switzerland<\/div><div class=\"eventdesc\"><p><a href=\"https:\/\/www.songkick.com\/concerts\/43325981-el-flecha-negra-at-unknown-venue?utm_campaign=tracked_artist&#038;utm_content=ZD0yNDYxMjg2JnU9MTM3MjI4MTU5&#038;utm_medium=feed&#038;utm_source=ical\" rel=\"nofollow\">https:\/\/www.songkick.com\/concerts\/43325981-el-flecha-negra-at-unknown-venue?utm_campaign=tracked_artist&#038;utm_content=ZD0yNDYxMjg2JnU9MTM3MjI4MTU5&#038;utm_medium=feed&#038;utm_source=ical<\/a><\/p><\/div><\/div>\t\t\t\t\t\t\t\t\t\t\t\t\t\t<\/li>\n\t\t\t\t\t\t\t\t\t\t\t\t\t\t\t\t\t\t\t\t\t\t\t\t\t\t\t\t<li class=\"event all-day\" data-feed-key=\"0\">\n\t\t\t\t\t\t\t\t\t\t\t\t\t\t\t<span class=\"title has_desc confirmed\">Fischer-Z at Konzertfabrik Z7 (17 Oct 26)<\/span><div class=\"descloc hover_block\"><div class=\"title_in_hover_block\"><span class=\"title confirmed\">Fischer-Z at Konzertfabrik Z7 (17 Oct 26)<\/span><\/div><div class=\"location\">Konzertfabrik Z7, Pratteln, Switzerland<\/div><div class=\"eventdesc\"><p><a href=\"https:\/\/www.songkick.com\/concerts\/42807797-fischerz-at-konzertfabrik-z7?utm_campaign=tracked_artist&#038;utm_content=ZD0yNDYxMjg2JnU9MTM3MjI4MTU5&#038;utm_medium=feed&#038;utm_source=ical\" rel=\"nofollow\">https:\/\/www.songkick.com\/concerts\/42807797-fischerz-at-konzertfabrik-z7?utm_campaign=tracked_artist&#038;utm_content=ZD0yNDYxMjg2JnU9MTM3MjI4MTU5&#038;utm_medium=feed&#038;utm_source=ical<\/a><\/p><\/div><\/div>\t\t\t\t\t\t\t\t\t\t\t\t\t\t<\/li>\n\t\t\t\t\t\t\t\t\t\t\t\t\t\t\t\t\t\t\t\t\t\t\t\t\t\t\t\t<li class=\"event all-day\" data-feed-key=\"0\">\n\t\t\t\t\t\t\t\t\t\t\t\t\t\t\t<span class=\"title has_desc confirmed\">Les Yeux D'La T\u00eate at Le Moloco (17 Oct 26)<\/span><div class=\"descloc hover_block\"><div class=\"title_in_hover_block\"><span class=\"title confirmed\">Les Yeux D'La T\u00eate at Le Moloco (17 Oct 26)<\/span><\/div><div class=\"location\">Le Moloco, 21, rue de Seloncourt, 25400, Audincourt, France<\/div><div class=\"eventdesc\"><p><a href=\"https:\/\/www.songkick.com\/concerts\/43311765-les-yeux-dla-tete-at-le-moloco?utm_campaign=tracked_artist&#038;utm_content=ZD0yNDYxMjg2JnU9MTM3MjI4MTU5&#038;utm_medium=feed&#038;utm_source=ical\" rel=\"nofollow\">https:\/\/www.songkick.com\/concerts\/43311765-les-yeux-dla-tete-at-le-moloco?utm_campaign=tracked_artist&#038;utm_content=ZD0yNDYxMjg2JnU9MTM3MjI4MTU5&#038;utm_medium=feed&#038;utm_source=ical<\/a><\/p><\/div><\/div>\t\t\t\t\t\t\t\t\t\t\t\t\t\t<\/li>\n\t\t\t\t\t\t\t\t\t\t\t\t\t\t\t\t\t\t\t\t\t\t\t\t<\/ul>\n\t\t\t\t\t\t\t\t\t\t\t\t\t\t\t\t\t\t<\/td>\n\t\t\t\t\t\t\t\t\t\t\t\t\t\t\t\t<td data-dow=\"0\" data-events-count=\"0\" data-feed-keys=\"\" class=\"future empty d_18 dow_0\">\n\t\t\t\t\t\t\t\t\t<div class=\"day\">\n\t\t\t\t\t\t\t\t\t\t\t\t\t\t\t\t\t\t\t\t\t<span class=\"phone_only\" id=\"r6a97dccace13c5d-20261018\"><span data-date-format=\"l\">Sunday<\/span> <span data-date-format=\"F\">October<\/span> <span data-date-format=\"j\">18<\/span><\/span>\n\t\t\t\t\t\t\t\t\t\t\t<span class=\"no_phone\" aria-hidden=\"true\">18<\/span>\n\t\t\t\t\t\t\t\t\t\t\t\t\t\t\t\t\t\t\t\t<\/div>\n\t\t\t\t\t\t\t\t\t\t\t\t\t\t\t\t\t<\/td>\n\t\t\t\t\t\t\t\t<\/tr><tr>\t\t\t\t\t\t\t\t<td data-dow=\"1\" data-events-count=\"1\" data-feed-keys=\"0\" class=\"future has_events d_19 dow_1\">\n\t\t\t\t\t\t\t\t\t<div class=\"day\">\n\t\t\t\t\t\t\t\t\t\t\t\t\t\t\t\t\t\t\t\t\t<span class=\"phone_only\" id=\"r6a97dccace13c5d-20261019\"><span data-date-format=\"l\">Monday<\/span> <span data-date-format=\"F\">October<\/span> <span data-date-format=\"j\">19<\/span><\/span>\n\t\t\t\t\t\t\t\t\t\t\t<span class=\"no_phone\" aria-hidden=\"true\">19<\/span>\n\t\t\t\t\t\t\t\t\t\t\t\t\t\t\t\t\t\t\t\t<\/div>\n\t\t\t\t\t\t\t\t\t\t\t\t\t\t\t\t\t\t\t<ul class=\"events\" aria-labelledby=\"r6a97dccace13c5d-20261019\">\n\t\t\t\t\t\t\t\t\t\t\t\t\t\t\t\t\t\t\t\t\t\t\t\t\t<li class=\"event all-day\" data-feed-key=\"0\">\n\t\t\t\t\t\t\t\t\t\t\t\t\t\t\t\t\t\t\t\t\t\t\t\t\t\t\t\t\t\t\t<span class=\"all-day-indicator\">All Day<\/span>\n\t\t\t\t\t\t\t\t\t\t\t\t\t\t\t\t<span class=\"title has_desc confirmed\">Fischer-Z at Capitol Mannheim (19 Oct 26)<\/span><div class=\"descloc hover_block\"><div class=\"title_in_hover_block\"><span class=\"title confirmed\">Fischer-Z at Capitol Mannheim (19 Oct 26)<\/span><\/div><div class=\"location\">Capitol Mannheim, Waldhofstra\u00dfe 2a, 68169, Mannheim, Germany<\/div><div class=\"eventdesc\"><p><a href=\"https:\/\/www.songkick.com\/concerts\/42792056-fischerz-at-capitol-mannheim?utm_campaign=tracked_artist&#038;utm_content=ZD0yNDYxMjg2JnU9MTM3MjI4MTU5&#038;utm_medium=feed&#038;utm_source=ical\" rel=\"nofollow\">https:\/\/www.songkick.com\/concerts\/42792056-fischerz-at-capitol-mannheim?utm_campaign=tracked_artist&#038;utm_content=ZD0yNDYxMjg2JnU9MTM3MjI4MTU5&#038;utm_medium=feed&#038;utm_source=ical<\/a><\/p><\/div><\/div>\t\t\t\t\t\t\t\t\t\t\t\t\t\t<\/li>\n\t\t\t\t\t\t\t\t\t\t\t\t\t\t\t\t\t\t\t\t\t\t\t\t<\/ul>\n\t\t\t\t\t\t\t\t\t\t\t\t\t\t\t\t\t\t<\/td>\n\t\t\t\t\t\t\t\t\t\t\t\t\t\t\t\t<td data-dow=\"2\" data-events-count=\"1\" data-feed-keys=\"0\" class=\"future has_events d_20 dow_2\">\n\t\t\t\t\t\t\t\t\t<div class=\"day\">\n\t\t\t\t\t\t\t\t\t\t\t\t\t\t\t\t\t\t\t\t\t<span class=\"phone_only\" id=\"r6a97dccace13c5d-20261020\"><span data-date-format=\"l\">Tuesday<\/span> <span data-date-format=\"F\">October<\/span> <span data-date-format=\"j\">20<\/span><\/span>\n\t\t\t\t\t\t\t\t\t\t\t<span class=\"no_phone\" aria-hidden=\"true\">20<\/span>\n\t\t\t\t\t\t\t\t\t\t\t\t\t\t\t\t\t\t\t\t<\/div>\n\t\t\t\t\t\t\t\t\t\t\t\t\t\t\t\t\t\t\t<ul class=\"events\" aria-labelledby=\"r6a97dccace13c5d-20261020\">\n\t\t\t\t\t\t\t\t\t\t\t\t\t\t\t\t\t\t\t\t\t\t\t\t\t<li class=\"event all-day\" data-feed-key=\"0\">\n\t\t\t\t\t\t\t\t\t\t\t\t\t\t\t\t\t\t\t\t\t\t\t\t\t\t\t\t\t\t\t<span class=\"all-day-indicator\">All Day<\/span>\n\t\t\t\t\t\t\t\t\t\t\t\t\t\t\t\t<span class=\"title has_desc confirmed\">Fischer-Z at Alte Kongresshalle (20 Oct 26)<\/span><div class=\"descloc hover_block\"><div class=\"title_in_hover_block\"><span class=\"title confirmed\">Fischer-Z at Alte Kongresshalle (20 Oct 26)<\/span><\/div><div class=\"location\">Alte Kongresshalle, Theresienh\u00f6he 15, 80339, Munich, Germany<\/div><div class=\"eventdesc\"><p><a href=\"https:\/\/www.songkick.com\/concerts\/42792057-fischerz-at-alte-kongresshalle?utm_campaign=tracked_artist&#038;utm_content=ZD0yNDYxMjg2JnU9MTM3MjI4MTU5&#038;utm_medium=feed&#038;utm_source=ical\" rel=\"nofollow\">https:\/\/www.songkick.com\/concerts\/42792057-fischerz-at-alte-kongresshalle?utm_campaign=tracked_artist&#038;utm_content=ZD0yNDYxMjg2JnU9MTM3MjI4MTU5&#038;utm_medium=feed&#038;utm_source=ical<\/a><\/p><\/div><\/div>\t\t\t\t\t\t\t\t\t\t\t\t\t\t<\/li>\n\t\t\t\t\t\t\t\t\t\t\t\t\t\t\t\t\t\t\t\t\t\t\t\t<\/ul>\n\t\t\t\t\t\t\t\t\t\t\t\t\t\t\t\t\t\t<\/td>\n\t\t\t\t\t\t\t\t\t\t\t\t\t\t\t\t<td data-dow=\"3\" data-events-count=\"2\" data-feed-keys=\"0\" class=\"future has_events d_21 dow_3\">\n\t\t\t\t\t\t\t\t\t<div class=\"day\">\n\t\t\t\t\t\t\t\t\t\t\t\t\t\t\t\t\t\t\t\t\t<span class=\"phone_only\" id=\"r6a97dccace13c5d-20261021\"><span data-date-format=\"l\">Wednesday<\/span> <span data-date-format=\"F\">October<\/span> <span data-date-format=\"j\">21<\/span><\/span>\n\t\t\t\t\t\t\t\t\t\t\t<span class=\"no_phone\" aria-hidden=\"true\">21<\/span>\n\t\t\t\t\t\t\t\t\t\t\t\t\t\t\t\t\t\t\t\t<\/div>\n\t\t\t\t\t\t\t\t\t\t\t\t\t\t\t\t\t\t\t<ul class=\"events\" aria-labelledby=\"r6a97dccace13c5d-20261021\">\n\t\t\t\t\t\t\t\t\t\t\t\t\t\t\t\t\t\t\t\t\t\t\t\t\t<li class=\"event all-day\" data-feed-key=\"0\">\n\t\t\t\t\t\t\t\t\t\t\t\t\t\t\t\t\t\t\t\t\t\t\t\t\t\t\t\t\t\t\t<span class=\"all-day-indicator\">All Day<\/span>\n\t\t\t\t\t\t\t\t\t\t\t\t\t\t\t\t<span class=\"title has_desc confirmed\">Fischer-Z at Graf-Zeppelin-Haus (21 Oct 26)<\/span><div class=\"descloc hover_block\"><div class=\"title_in_hover_block\"><span class=\"title confirmed\">Fischer-Z at Graf-Zeppelin-Haus (21 Oct 26)<\/span><\/div><div class=\"location\">Graf-Zeppelin-Haus, Olgastr. 20, 88045, Friedrichshafen, Germany<\/div><div class=\"eventdesc\"><p><a href=\"https:\/\/www.songkick.com\/concerts\/42792058-fischerz-at-grafzeppelinhaus?utm_campaign=tracked_artist&#038;utm_content=ZD0yNDYxMjg2JnU9MTM3MjI4MTU5&#038;utm_medium=feed&#038;utm_source=ical\" rel=\"nofollow\">https:\/\/www.songkick.com\/concerts\/42792058-fischerz-at-grafzeppelinhaus?utm_campaign=tracked_artist&#038;utm_content=ZD0yNDYxMjg2JnU9MTM3MjI4MTU5&#038;utm_medium=feed&#038;utm_source=ical<\/a><\/p><\/div><\/div>\t\t\t\t\t\t\t\t\t\t\t\t\t\t<\/li>\n\t\t\t\t\t\t\t\t\t\t\t\t\t\t\t\t\t\t\t\t\t\t\t\t\t\t\t\t<li class=\"event all-day\" data-feed-key=\"0\">\n\t\t\t\t\t\t\t\t\t\t\t\t\t\t\t<span class=\"title has_desc confirmed\">Jacob Collier at Durham Performing Arts Center (DPAC) (21 Oct 26)<\/span><div class=\"descloc hover_block\"><div class=\"title_in_hover_block\"><span class=\"title confirmed\">Jacob Collier at Durham Performing Arts Center (DPAC) (21 Oct 26)<\/span><\/div><div class=\"location\">Durham Performing Arts Center (DPAC), 123 Vivian St., 27701, Durham, NC, US<\/div><div class=\"eventdesc\"><p><a href=\"https:\/\/www.songkick.com\/concerts\/43351082-jacob-collier-at-durham-performing-arts-center?utm_campaign=tracked_artist&#038;utm_content=ZD0yNDYxMjg2JnU9MTM3MjI4MTU5&#038;utm_medium=feed&#038;utm_source=ical\" rel=\"nofollow\">https:\/\/www.songkick.com\/concerts\/43351082-jacob-collier-at-durham-performing-arts-center?utm_campaign=tracked_artist&#038;utm_content=ZD0yNDYxMjg2JnU9MTM3MjI4MTU5&#038;utm_medium=feed&#038;utm_source=ical<\/a><\/p><\/div><\/div>\t\t\t\t\t\t\t\t\t\t\t\t\t\t<\/li>\n\t\t\t\t\t\t\t\t\t\t\t\t\t\t\t\t\t\t\t\t\t\t\t\t<\/ul>\n\t\t\t\t\t\t\t\t\t\t\t\t\t\t\t\t\t\t<\/td>\n\t\t\t\t\t\t\t\t\t\t\t\t\t\t\t\t<td data-dow=\"4\" data-events-count=\"2\" data-feed-keys=\"0\" class=\"future has_events d_22 dow_4\">\n\t\t\t\t\t\t\t\t\t<div class=\"day\">\n\t\t\t\t\t\t\t\t\t\t\t\t\t\t\t\t\t\t\t\t\t<span class=\"phone_only\" id=\"r6a97dccace13c5d-20261022\"><span data-date-format=\"l\">Thursday<\/span> <span data-date-format=\"F\">October<\/span> <span data-date-format=\"j\">22<\/span><\/span>\n\t\t\t\t\t\t\t\t\t\t\t<span class=\"no_phone\" aria-hidden=\"true\">22<\/span>\n\t\t\t\t\t\t\t\t\t\t\t\t\t\t\t\t\t\t\t\t<\/div>\n\t\t\t\t\t\t\t\t\t\t\t\t\t\t\t\t\t\t\t<ul class=\"events\" aria-labelledby=\"r6a97dccace13c5d-20261022\">\n\t\t\t\t\t\t\t\t\t\t\t\t\t\t\t\t\t\t\t\t\t\t\t\t\t<li class=\"event all-day\" data-feed-key=\"0\">\n\t\t\t\t\t\t\t\t\t\t\t\t\t\t\t\t\t\t\t\t\t\t\t\t\t\t\t\t\t\t\t<span class=\"all-day-indicator\">All Day<\/span>\n\t\t\t\t\t\t\t\t\t\t\t\t\t\t\t\t<span class=\"title has_desc confirmed\">El Flecha Negra at Kulturzentrum Kfz (22 Oct 26)<\/span><div class=\"descloc hover_block\"><div class=\"title_in_hover_block\"><span class=\"title confirmed\">El Flecha Negra at Kulturzentrum Kfz (22 Oct 26)<\/span><\/div><div class=\"location\">Kulturzentrum Kfz, Biegenstra\u00dfe 13, 35037, Marburg, Germany<\/div><div class=\"eventdesc\"><p><a href=\"https:\/\/www.songkick.com\/concerts\/43305566-el-flecha-negra-at-kulturzentrum-kfz?utm_campaign=tracked_artist&#038;utm_content=ZD0yNDYxMjg2JnU9MTM3MjI4MTU5&#038;utm_medium=feed&#038;utm_source=ical\" rel=\"nofollow\">https:\/\/www.songkick.com\/concerts\/43305566-el-flecha-negra-at-kulturzentrum-kfz?utm_campaign=tracked_artist&#038;utm_content=ZD0yNDYxMjg2JnU9MTM3MjI4MTU5&#038;utm_medium=feed&#038;utm_source=ical<\/a><\/p><\/div><\/div>\t\t\t\t\t\t\t\t\t\t\t\t\t\t<\/li>\n\t\t\t\t\t\t\t\t\t\t\t\t\t\t\t\t\t\t\t\t\t\t\t\t\t\t\t\t<li class=\"event all-day\" data-feed-key=\"0\">\n\t\t\t\t\t\t\t\t\t\t\t\t\t\t\t<span class=\"title has_desc confirmed\">Fischer-Z at Konzerthaus Freiburg (22 Oct 26)<\/span><div class=\"descloc hover_block\"><div class=\"title_in_hover_block\"><span class=\"title confirmed\">Fischer-Z at Konzerthaus Freiburg (22 Oct 26)<\/span><\/div><div class=\"location\">Konzerthaus Freiburg, Konrad-Adenauer-Platz 1, 79098, Freiburg, Germany<\/div><div class=\"eventdesc\"><p><a href=\"https:\/\/www.songkick.com\/concerts\/42792059-fischerz-at-konzerthaus-freiburg?utm_campaign=tracked_artist&#038;utm_content=ZD0yNDYxMjg2JnU9MTM3MjI4MTU5&#038;utm_medium=feed&#038;utm_source=ical\" rel=\"nofollow\">https:\/\/www.songkick.com\/concerts\/42792059-fischerz-at-konzerthaus-freiburg?utm_campaign=tracked_artist&#038;utm_content=ZD0yNDYxMjg2JnU9MTM3MjI4MTU5&#038;utm_medium=feed&#038;utm_source=ical<\/a><\/p><\/div><\/div>\t\t\t\t\t\t\t\t\t\t\t\t\t\t<\/li>\n\t\t\t\t\t\t\t\t\t\t\t\t\t\t\t\t\t\t\t\t\t\t\t\t<\/ul>\n\t\t\t\t\t\t\t\t\t\t\t\t\t\t\t\t\t\t<\/td>\n\t\t\t\t\t\t\t\t\t\t\t\t\t\t\t\t<td data-dow=\"5\" data-events-count=\"3\" data-feed-keys=\"0\" class=\"future has_events d_23 dow_5\">\n\t\t\t\t\t\t\t\t\t<div class=\"day\">\n\t\t\t\t\t\t\t\t\t\t\t\t\t\t\t\t\t\t\t\t\t<span class=\"phone_only\" id=\"r6a97dccace13c5d-20261023\"><span data-date-format=\"l\">Friday<\/span> <span data-date-format=\"F\">October<\/span> <span data-date-format=\"j\">23<\/span><\/span>\n\t\t\t\t\t\t\t\t\t\t\t<span class=\"no_phone\" aria-hidden=\"true\">23<\/span>\n\t\t\t\t\t\t\t\t\t\t\t\t\t\t\t\t\t\t\t\t<\/div>\n\t\t\t\t\t\t\t\t\t\t\t\t\t\t\t\t\t\t\t<ul class=\"events\" aria-labelledby=\"r6a97dccace13c5d-20261023\">\n\t\t\t\t\t\t\t\t\t\t\t\t\t\t\t\t\t\t\t\t\t\t\t\t\t<li class=\"event all-day\" data-feed-key=\"0\">\n\t\t\t\t\t\t\t\t\t\t\t\t\t\t\t\t\t\t\t\t\t\t\t\t\t\t\t\t\t\t\t<span class=\"all-day-indicator\">All Day<\/span>\n\t\t\t\t\t\t\t\t\t\t\t\t\t\t\t\t<span class=\"title has_desc confirmed\">El Flecha Negra at Kulturkeller Fulda (23 Oct 26)<\/span><div class=\"descloc hover_block\"><div class=\"title_in_hover_block\"><span class=\"title confirmed\">El Flecha Negra at Kulturkeller Fulda (23 Oct 26)<\/span><\/div><div class=\"location\">Kulturkeller Fulda, Jesuitenplatz 2, 36037, Fulda, Germany<\/div><div class=\"eventdesc\"><p><a href=\"https:\/\/www.songkick.com\/concerts\/43040308-el-flecha-negra-at-kulturkeller-fulda?utm_campaign=tracked_artist&#038;utm_content=ZD0yNDYxMjg2JnU9MTM3MjI4MTU5&#038;utm_medium=feed&#038;utm_source=ical\" rel=\"nofollow\">https:\/\/www.songkick.com\/concerts\/43040308-el-flecha-negra-at-kulturkeller-fulda?utm_campaign=tracked_artist&#038;utm_content=ZD0yNDYxMjg2JnU9MTM3MjI4MTU5&#038;utm_medium=feed&#038;utm_source=ical<\/a><\/p><\/div><\/div>\t\t\t\t\t\t\t\t\t\t\t\t\t\t<\/li>\n\t\t\t\t\t\t\t\t\t\t\t\t\t\t\t\t\t\t\t\t\t\t\t\t\t\t\t\t<li class=\"event all-day\" data-feed-key=\"0\">\n\t\t\t\t\t\t\t\t\t\t\t\t\t\t\t<span class=\"title has_desc confirmed\">Mellow Mark at Krachgarten (23 Oct 26)<\/span><div class=\"descloc hover_block\"><div class=\"title_in_hover_block\"><span class=\"title confirmed\">Mellow Mark at Krachgarten (23 Oct 26)<\/span><\/div><div class=\"location\">Krachgarten, Delogstr. 30, 46483, Wesel, Germany<\/div><div class=\"eventdesc\"><p><a href=\"https:\/\/www.songkick.com\/concerts\/43156907-mellow-mark-at-krachgarten?utm_campaign=tracked_artist&#038;utm_content=ZD0yNDYxMjg2JnU9MTM3MjI4MTU5&#038;utm_medium=feed&#038;utm_source=ical\" rel=\"nofollow\">https:\/\/www.songkick.com\/concerts\/43156907-mellow-mark-at-krachgarten?utm_campaign=tracked_artist&#038;utm_content=ZD0yNDYxMjg2JnU9MTM3MjI4MTU5&#038;utm_medium=feed&#038;utm_source=ical<\/a><\/p><\/div><\/div>\t\t\t\t\t\t\t\t\t\t\t\t\t\t<\/li>\n\t\t\t\t\t\t\t\t\t\t\t\t\t\t\t\t\t\t\t\t\t\t\t\t\t\t\t\t<li class=\"event all-day\" data-feed-key=\"0\">\n\t\t\t\t\t\t\t\t\t\t\t\t\t\t\t<span class=\"title has_desc confirmed\">Pepper at Theaterhaus - T4 (23 Oct 26) with Salt<\/span><div class=\"descloc hover_block\"><div class=\"title_in_hover_block\"><span class=\"title confirmed\">Pepper at Theaterhaus - T4 (23 Oct 26) with Salt<\/span><\/div><div class=\"location\">Theaterhaus - T4, Siemensstr. 11, 70469, Stuttgart, Germany<\/div><div class=\"eventdesc\"><p><a href=\"https:\/\/www.songkick.com\/concerts\/43335430-pepper-at-theaterhaus-t4?utm_campaign=tracked_artist&#038;utm_content=ZD0yNDYxMjg2JnU9MTM3MjI4MTU5&#038;utm_medium=feed&#038;utm_source=ical\" rel=\"nofollow\">https:\/\/www.songkick.com\/concerts\/43335430-pepper-at-theaterhaus-t4?utm_campaign=tracked_artist&#038;utm_content=ZD0yNDYxMjg2JnU9MTM3MjI4MTU5&#038;utm_medium=feed&#038;utm_source=ical<\/a><\/p><\/div><\/div>\t\t\t\t\t\t\t\t\t\t\t\t\t\t<\/li>\n\t\t\t\t\t\t\t\t\t\t\t\t\t\t\t\t\t\t\t\t\t\t\t\t<\/ul>\n\t\t\t\t\t\t\t\t\t\t\t\t\t\t\t\t\t\t<\/td>\n\t\t\t\t\t\t\t\t\t\t\t\t\t\t\t\t<td data-dow=\"6\" data-events-count=\"3\" data-feed-keys=\"0\" class=\"future has_events d_24 dow_6\">\n\t\t\t\t\t\t\t\t\t<div class=\"day\">\n\t\t\t\t\t\t\t\t\t\t\t\t\t\t\t\t\t\t\t\t\t<span class=\"phone_only\" id=\"r6a97dccace13c5d-20261024\"><span data-date-format=\"l\">Saturday<\/span> <span data-date-format=\"F\">October<\/span> <span data-date-format=\"j\">24<\/span><\/span>\n\t\t\t\t\t\t\t\t\t\t\t<span class=\"no_phone\" aria-hidden=\"true\">24<\/span>\n\t\t\t\t\t\t\t\t\t\t\t\t\t\t\t\t\t\t\t\t<\/div>\n\t\t\t\t\t\t\t\t\t\t\t\t\t\t\t\t\t\t\t<ul class=\"events\" aria-labelledby=\"r6a97dccace13c5d-20261024\">\n\t\t\t\t\t\t\t\t\t\t\t\t\t\t\t\t\t\t\t\t\t\t\t\t\t<li class=\"event all-day\" data-feed-key=\"0\">\n\t\t\t\t\t\t\t\t\t\t\t\t\t\t\t\t\t\t\t\t\t\t\t\t\t\t\t\t\t\t\t<span class=\"all-day-indicator\">All Day<\/span>\n\t\t\t\t\t\t\t\t\t\t\t\t\t\t\t\t<span class=\"title has_desc confirmed\">Hundling at Brausst\u00fcberl Maisach (24 Oct 26)<\/span><div class=\"descloc hover_block\"><div class=\"title_in_hover_block\"><span class=\"title confirmed\">Hundling at Brausst\u00fcberl Maisach (24 Oct 26)<\/span><\/div><div class=\"location\">Brausst\u00fcberl Maisach, Hauptstr. 24, 82216 Maisach, Maisach, Germany<\/div><div class=\"eventdesc\"><p><a href=\"https:\/\/www.songkick.com\/concerts\/43092590-hundling-at-brausstuberl-maisach?utm_campaign=tracked_artist&#038;utm_content=ZD0yNDYxMjg2JnU9MTM3MjI4MTU5&#038;utm_medium=feed&#038;utm_source=ical\" rel=\"nofollow\">https:\/\/www.songkick.com\/concerts\/43092590-hundling-at-brausstuberl-maisach?utm_campaign=tracked_artist&#038;utm_content=ZD0yNDYxMjg2JnU9MTM3MjI4MTU5&#038;utm_medium=feed&#038;utm_source=ical<\/a><\/p><\/div><\/div>\t\t\t\t\t\t\t\t\t\t\t\t\t\t<\/li>\n\t\t\t\t\t\t\t\t\t\t\t\t\t\t\t\t\t\t\t\t\t\t\t\t\t\t\t\t<li class=\"event all-day\" data-feed-key=\"0\">\n\t\t\t\t\t\t\t\t\t\t\t\t\t\t\t<span class=\"title has_desc confirmed\">Kabaka Pyramid at Rote Fabrik Aktionshalle (24 Oct 26)<\/span><div class=\"descloc hover_block\"><div class=\"title_in_hover_block\"><span class=\"title confirmed\">Kabaka Pyramid at Rote Fabrik Aktionshalle (24 Oct 26)<\/span><\/div><div class=\"location\">Rote Fabrik Aktionshalle, Seestrasse 395, 8038, Z\u00fcrich, Switzerland<\/div><div class=\"eventdesc\"><p><a href=\"https:\/\/www.songkick.com\/concerts\/43108463-kabaka-pyramid-at-rote-fabrik-aktionshalle?utm_campaign=tracked_artist&#038;utm_content=ZD0yNDYxMjg2JnU9MTM3MjI4MTU5&#038;utm_medium=feed&#038;utm_source=ical\" rel=\"nofollow\">https:\/\/www.songkick.com\/concerts\/43108463-kabaka-pyramid-at-rote-fabrik-aktionshalle?utm_campaign=tracked_artist&#038;utm_content=ZD0yNDYxMjg2JnU9MTM3MjI4MTU5&#038;utm_medium=feed&#038;utm_source=ical<\/a><\/p><\/div><\/div>\t\t\t\t\t\t\t\t\t\t\t\t\t\t<\/li>\n\t\t\t\t\t\t\t\t\t\t\t\t\t\t\t\t\t\t\t\t\t\t\t\t\t\t\t\t<li class=\"event all-day\" data-feed-key=\"0\">\n\t\t\t\t\t\t\t\t\t\t\t\t\t\t\t<span class=\"title has_desc confirmed\">Weiherer at Postsaal (24 Oct 26)<\/span><div class=\"descloc hover_block\"><div class=\"title_in_hover_block\"><span class=\"title confirmed\">Weiherer at Postsaal (24 Oct 26)<\/span><\/div><div class=\"location\">Postsaal, Marktm\u00fclleranger 1, 83308, Trostberg, Germany<\/div><div class=\"eventdesc\"><p><a href=\"https:\/\/www.songkick.com\/concerts\/42709889-weiherer-at-postsaal?utm_campaign=tracked_artist&#038;utm_content=ZD0yNDYxMjg2JnU9MTM3MjI4MTU5&#038;utm_medium=feed&#038;utm_source=ical\" rel=\"nofollow\">https:\/\/www.songkick.com\/concerts\/42709889-weiherer-at-postsaal?utm_campaign=tracked_artist&#038;utm_content=ZD0yNDYxMjg2JnU9MTM3MjI4MTU5&#038;utm_medium=feed&#038;utm_source=ical<\/a><\/p><\/div><\/div>\t\t\t\t\t\t\t\t\t\t\t\t\t\t<\/li>\n\t\t\t\t\t\t\t\t\t\t\t\t\t\t\t\t\t\t\t\t\t\t\t\t<\/ul>\n\t\t\t\t\t\t\t\t\t\t\t\t\t\t\t\t\t\t<\/td>\n\t\t\t\t\t\t\t\t\t\t\t\t\t\t\t\t<td data-dow=\"0\" data-events-count=\"0\" data-feed-keys=\"\" class=\"future empty d_25 dow_0\">\n\t\t\t\t\t\t\t\t\t<div class=\"day\">\n\t\t\t\t\t\t\t\t\t\t\t\t\t\t\t\t\t\t\t\t\t<span class=\"phone_only\" id=\"r6a97dccace13c5d-20261025\"><span data-date-format=\"l\">Sunday<\/span> <span data-date-format=\"F\">October<\/span> <span data-date-format=\"j\">25<\/span><\/span>\n\t\t\t\t\t\t\t\t\t\t\t<span class=\"no_phone\" aria-hidden=\"true\">25<\/span>\n\t\t\t\t\t\t\t\t\t\t\t\t\t\t\t\t\t\t\t\t<\/div>\n\t\t\t\t\t\t\t\t\t\t\t\t\t\t\t\t\t<\/td>\n\t\t\t\t\t\t\t\t<\/tr><tr>\t\t\t\t\t\t\t\t<td data-dow=\"1\" data-events-count=\"1\" data-feed-keys=\"0\" class=\"future has_events d_26 dow_1\">\n\t\t\t\t\t\t\t\t\t<div class=\"day\">\n\t\t\t\t\t\t\t\t\t\t\t\t\t\t\t\t\t\t\t\t\t<span class=\"phone_only\" id=\"r6a97dccace13c5d-20261026\"><span data-date-format=\"l\">Monday<\/span> <span data-date-format=\"F\">October<\/span> <span data-date-format=\"j\">26<\/span><\/span>\n\t\t\t\t\t\t\t\t\t\t\t<span class=\"no_phone\" aria-hidden=\"true\">26<\/span>\n\t\t\t\t\t\t\t\t\t\t\t\t\t\t\t\t\t\t\t\t<\/div>\n\t\t\t\t\t\t\t\t\t\t\t\t\t\t\t\t\t\t\t<ul class=\"events\" aria-labelledby=\"r6a97dccace13c5d-20261026\">\n\t\t\t\t\t\t\t\t\t\t\t\t\t\t\t\t\t\t\t\t\t\t\t\t\t<li class=\"event all-day\" data-feed-key=\"0\">\n\t\t\t\t\t\t\t\t\t\t\t\t\t\t\t\t\t\t\t\t\t\t\t\t\t\t\t\t\t\t\t<span class=\"all-day-indicator\">All Day<\/span>\n\t\t\t\t\t\t\t\t\t\t\t\t\t\t\t\t<span class=\"title has_desc confirmed\">Fischer-Z at Gro\u00dfer Saal, Laeiszhalle (26 Oct 26)<\/span><div class=\"descloc hover_block\"><div class=\"title_in_hover_block\"><span class=\"title confirmed\">Fischer-Z at Gro\u00dfer Saal, Laeiszhalle (26 Oct 26)<\/span><\/div><div class=\"location\">Gro\u00dfer Saal, Laeiszhalle, Johannes-Brahms-Platz, 20355, Hamburg, Germany<\/div><div class=\"eventdesc\"><p><a href=\"https:\/\/www.songkick.com\/concerts\/42937076-fischerz-at-grosser-saal-laeiszhalle?utm_campaign=tracked_artist&#038;utm_content=ZD0yNDYxMjg2JnU9MTM3MjI4MTU5&#038;utm_medium=feed&#038;utm_source=ical\" rel=\"nofollow\">https:\/\/www.songkick.com\/concerts\/42937076-fischerz-at-grosser-saal-laeiszhalle?utm_campaign=tracked_artist&#038;utm_content=ZD0yNDYxMjg2JnU9MTM3MjI4MTU5&#038;utm_medium=feed&#038;utm_source=ical<\/a><\/p><\/div><\/div>\t\t\t\t\t\t\t\t\t\t\t\t\t\t<\/li>\n\t\t\t\t\t\t\t\t\t\t\t\t\t\t\t\t\t\t\t\t\t\t\t\t<\/ul>\n\t\t\t\t\t\t\t\t\t\t\t\t\t\t\t\t\t\t<\/td>\n\t\t\t\t\t\t\t\t\t\t\t\t\t\t\t\t<td data-dow=\"2\" data-events-count=\"1\" data-feed-keys=\"0\" class=\"future has_events d_27 dow_2\">\n\t\t\t\t\t\t\t\t\t<div class=\"day\">\n\t\t\t\t\t\t\t\t\t\t\t\t\t\t\t\t\t\t\t\t\t<span class=\"phone_only\" id=\"r6a97dccace13c5d-20261027\"><span data-date-format=\"l\">Tuesday<\/span> <span data-date-format=\"F\">October<\/span> <span data-date-format=\"j\">27<\/span><\/span>\n\t\t\t\t\t\t\t\t\t\t\t<span class=\"no_phone\" aria-hidden=\"true\">27<\/span>\n\t\t\t\t\t\t\t\t\t\t\t\t\t\t\t\t\t\t\t\t<\/div>\n\t\t\t\t\t\t\t\t\t\t\t\t\t\t\t\t\t\t\t<ul class=\"events\" aria-labelledby=\"r6a97dccace13c5d-20261027\">\n\t\t\t\t\t\t\t\t\t\t\t\t\t\t\t\t\t\t\t\t\t\t\t\t\t<li class=\"event all-day\" data-feed-key=\"0\">\n\t\t\t\t\t\t\t\t\t\t\t\t\t\t\t\t\t\t\t\t\t\t\t\t\t\t\t\t\t\t\t<span class=\"all-day-indicator\">All Day<\/span>\n\t\t\t\t\t\t\t\t\t\t\t\t\t\t\t\t<span class=\"title has_desc confirmed\">Fischer-Z at Gro\u00dfer Saal, Laeiszhalle (27 Oct 26)<\/span><div class=\"descloc hover_block\"><div class=\"title_in_hover_block\"><span class=\"title confirmed\">Fischer-Z at Gro\u00dfer Saal, Laeiszhalle (27 Oct 26)<\/span><\/div><div class=\"location\">Gro\u00dfer Saal, Laeiszhalle, Johannes-Brahms-Platz, 20355, Hamburg, Germany<\/div><div class=\"eventdesc\"><p><a href=\"https:\/\/www.songkick.com\/concerts\/42792052-fischerz-at-grosser-saal-laeiszhalle?utm_campaign=tracked_artist&#038;utm_content=ZD0yNDYxMjg2JnU9MTM3MjI4MTU5&#038;utm_medium=feed&#038;utm_source=ical\" rel=\"nofollow\">https:\/\/www.songkick.com\/concerts\/42792052-fischerz-at-grosser-saal-laeiszhalle?utm_campaign=tracked_artist&#038;utm_content=ZD0yNDYxMjg2JnU9MTM3MjI4MTU5&#038;utm_medium=feed&#038;utm_source=ical<\/a><\/p><\/div><\/div>\t\t\t\t\t\t\t\t\t\t\t\t\t\t<\/li>\n\t\t\t\t\t\t\t\t\t\t\t\t\t\t\t\t\t\t\t\t\t\t\t\t<\/ul>\n\t\t\t\t\t\t\t\t\t\t\t\t\t\t\t\t\t\t<\/td>\n\t\t\t\t\t\t\t\t\t\t\t\t\t\t\t\t<td data-dow=\"3\" data-events-count=\"2\" data-feed-keys=\"0\" class=\"future has_events d_28 dow_3\">\n\t\t\t\t\t\t\t\t\t<div class=\"day\">\n\t\t\t\t\t\t\t\t\t\t\t\t\t\t\t\t\t\t\t\t\t<span class=\"phone_only\" id=\"r6a97dccace13c5d-20261028\"><span data-date-format=\"l\">Wednesday<\/span> <span data-date-format=\"F\">October<\/span> <span data-date-format=\"j\">28<\/span><\/span>\n\t\t\t\t\t\t\t\t\t\t\t<span class=\"no_phone\" aria-hidden=\"true\">28<\/span>\n\t\t\t\t\t\t\t\t\t\t\t\t\t\t\t\t\t\t\t\t<\/div>\n\t\t\t\t\t\t\t\t\t\t\t\t\t\t\t\t\t\t\t<ul class=\"events\" aria-labelledby=\"r6a97dccace13c5d-20261028\">\n\t\t\t\t\t\t\t\t\t\t\t\t\t\t\t\t\t\t\t\t\t\t\t\t\t<li class=\"event all-day\" data-feed-key=\"0\">\n\t\t\t\t\t\t\t\t\t\t\t\t\t\t\t\t\t\t\t\t\t\t\t\t\t\t\t\t\t\t\t<span class=\"all-day-indicator\">All Day<\/span>\n\t\t\t\t\t\t\t\t\t\t\t\t\t\t\t\t<span class=\"title has_desc confirmed\">Fischer-Z at Metropol Theater Bremen (28 Oct 26)<\/span><div class=\"descloc hover_block\"><div class=\"title_in_hover_block\"><span class=\"title confirmed\">Fischer-Z at Metropol Theater Bremen (28 Oct 26)<\/span><\/div><div class=\"location\">Metropol Theater Bremen, Richtweg 7-13, 28195, Bremen, Germany<\/div><div class=\"eventdesc\"><p><a href=\"https:\/\/www.songkick.com\/concerts\/42790342-fischerz-at-metropol-theater-bremen?utm_campaign=tracked_artist&#038;utm_content=ZD0yNDYxMjg2JnU9MTM3MjI4MTU5&#038;utm_medium=feed&#038;utm_source=ical\" rel=\"nofollow\">https:\/\/www.songkick.com\/concerts\/42790342-fischerz-at-metropol-theater-bremen?utm_campaign=tracked_artist&#038;utm_content=ZD0yNDYxMjg2JnU9MTM3MjI4MTU5&#038;utm_medium=feed&#038;utm_source=ical<\/a><\/p><\/div><\/div>\t\t\t\t\t\t\t\t\t\t\t\t\t\t<\/li>\n\t\t\t\t\t\t\t\t\t\t\t\t\t\t\t\t\t\t\t\t\t\t\t\t\t\t\t\t<li class=\"event all-day\" data-feed-key=\"0\">\n\t\t\t\t\t\t\t\t\t\t\t\t\t\t\t<span class=\"title has_desc confirmed\">Hundling at Giesinger Br\u00e4u Sch\u00e4nke (28 Oct 26)<\/span><div class=\"descloc hover_block\"><div class=\"title_in_hover_block\"><span class=\"title confirmed\">Hundling at Giesinger Br\u00e4u Sch\u00e4nke (28 Oct 26)<\/span><\/div><div class=\"location\">Giesinger Br\u00e4u Sch\u00e4nke, Martin-Luther-Str. 2, 81539, Munich, Germany<\/div><div class=\"eventdesc\"><p><a href=\"https:\/\/www.songkick.com\/concerts\/43092593-hundling-at-giesinger-brau-schanke?utm_campaign=tracked_artist&#038;utm_content=ZD0yNDYxMjg2JnU9MTM3MjI4MTU5&#038;utm_medium=feed&#038;utm_source=ical\" rel=\"nofollow\">https:\/\/www.songkick.com\/concerts\/43092593-hundling-at-giesinger-brau-schanke?utm_campaign=tracked_artist&#038;utm_content=ZD0yNDYxMjg2JnU9MTM3MjI4MTU5&#038;utm_medium=feed&#038;utm_source=ical<\/a><\/p><\/div><\/div>\t\t\t\t\t\t\t\t\t\t\t\t\t\t<\/li>\n\t\t\t\t\t\t\t\t\t\t\t\t\t\t\t\t\t\t\t\t\t\t\t\t<\/ul>\n\t\t\t\t\t\t\t\t\t\t\t\t\t\t\t\t\t\t<\/td>\n\t\t\t\t\t\t\t\t\t\t\t\t\t\t\t\t<td data-dow=\"4\" data-events-count=\"2\" data-feed-keys=\"0\" class=\"future has_events d_29 dow_4\">\n\t\t\t\t\t\t\t\t\t<div class=\"day\">\n\t\t\t\t\t\t\t\t\t\t\t\t\t\t\t\t\t\t\t\t\t<span class=\"phone_only\" id=\"r6a97dccace13c5d-20261029\"><span data-date-format=\"l\">Thursday<\/span> <span data-date-format=\"F\">October<\/span> <span data-date-format=\"j\">29<\/span><\/span>\n\t\t\t\t\t\t\t\t\t\t\t<span class=\"no_phone\" aria-hidden=\"true\">29<\/span>\n\t\t\t\t\t\t\t\t\t\t\t\t\t\t\t\t\t\t\t\t<\/div>\n\t\t\t\t\t\t\t\t\t\t\t\t\t\t\t\t\t\t\t<ul class=\"events\" aria-labelledby=\"r6a97dccace13c5d-20261029\">\n\t\t\t\t\t\t\t\t\t\t\t\t\t\t\t\t\t\t\t\t\t\t\t\t\t<li class=\"event all-day\" data-feed-key=\"0\">\n\t\t\t\t\t\t\t\t\t\t\t\t\t\t\t\t\t\t\t\t\t\t\t\t\t\t\t\t\t\t\t<span class=\"all-day-indicator\">All Day<\/span>\n\t\t\t\t\t\t\t\t\t\t\t\t\t\t\t\t<span class=\"title has_desc confirmed\">Fischer-Z at Osnabr\u00fcckHalle - Europasaal (29 Oct 26)<\/span><div class=\"descloc hover_block\"><div class=\"title_in_hover_block\"><span class=\"title confirmed\">Fischer-Z at Osnabr\u00fcckHalle - Europasaal (29 Oct 26)<\/span><\/div><div class=\"location\">Osnabr\u00fcckHalle - Europasaal, Schlo\u00dfwall 1 - 9, 49074, Osnabr\u00fcck, Germany<\/div><div class=\"eventdesc\"><p><a href=\"https:\/\/www.songkick.com\/concerts\/42792061-fischerz-at-osnabruckhalle-europasaal?utm_campaign=tracked_artist&#038;utm_content=ZD0yNDYxMjg2JnU9MTM3MjI4MTU5&#038;utm_medium=feed&#038;utm_source=ical\" rel=\"nofollow\">https:\/\/www.songkick.com\/concerts\/42792061-fischerz-at-osnabruckhalle-europasaal?utm_campaign=tracked_artist&#038;utm_content=ZD0yNDYxMjg2JnU9MTM3MjI4MTU5&#038;utm_medium=feed&#038;utm_source=ical<\/a><\/p><\/div><\/div>\t\t\t\t\t\t\t\t\t\t\t\t\t\t<\/li>\n\t\t\t\t\t\t\t\t\t\t\t\t\t\t\t\t\t\t\t\t\t\t\t\t\t\t\t\t<li class=\"event all-day\" data-feed-key=\"0\">\n\t\t\t\t\t\t\t\t\t\t\t\t\t\t\t<span class=\"title has_desc confirmed\">Gentleman at Pier 2 (29 Oct 26)<\/span><div class=\"descloc hover_block\"><div class=\"title_in_hover_block\"><span class=\"title confirmed\">Gentleman at Pier 2 (29 Oct 26)<\/span><\/div><div class=\"location\">Pier 2, Gr\u00f6pelinger F\u00e4hrweg 6, 28237, Bremen, Germany<\/div><div class=\"eventdesc\"><p><a href=\"https:\/\/www.songkick.com\/concerts\/43108518-gentleman-at-pier-2?utm_campaign=tracked_artist&#038;utm_content=ZD0yNDYxMjg2JnU9MTM3MjI4MTU5&#038;utm_medium=feed&#038;utm_source=ical\" rel=\"nofollow\">https:\/\/www.songkick.com\/concerts\/43108518-gentleman-at-pier-2?utm_campaign=tracked_artist&#038;utm_content=ZD0yNDYxMjg2JnU9MTM3MjI4MTU5&#038;utm_medium=feed&#038;utm_source=ical<\/a><\/p><\/div><\/div>\t\t\t\t\t\t\t\t\t\t\t\t\t\t<\/li>\n\t\t\t\t\t\t\t\t\t\t\t\t\t\t\t\t\t\t\t\t\t\t\t\t<\/ul>\n\t\t\t\t\t\t\t\t\t\t\t\t\t\t\t\t\t\t<\/td>\n\t\t\t\t\t\t\t\t\t\t\t\t\t\t\t\t<td data-dow=\"5\" data-events-count=\"1\" data-feed-keys=\"0\" class=\"future has_events d_30 dow_5\">\n\t\t\t\t\t\t\t\t\t<div class=\"day\">\n\t\t\t\t\t\t\t\t\t\t\t\t\t\t\t\t\t\t\t\t\t<span class=\"phone_only\" id=\"r6a97dccace13c5d-20261030\"><span data-date-format=\"l\">Friday<\/span> <span data-date-format=\"F\">October<\/span> <span data-date-format=\"j\">30<\/span><\/span>\n\t\t\t\t\t\t\t\t\t\t\t<span class=\"no_phone\" aria-hidden=\"true\">30<\/span>\n\t\t\t\t\t\t\t\t\t\t\t\t\t\t\t\t\t\t\t\t<\/div>\n\t\t\t\t\t\t\t\t\t\t\t\t\t\t\t\t\t\t\t<ul class=\"events\" aria-labelledby=\"r6a97dccace13c5d-20261030\">\n\t\t\t\t\t\t\t\t\t\t\t\t\t\t\t\t\t\t\t\t\t\t\t\t\t<li class=\"event all-day\" data-feed-key=\"0\">\n\t\t\t\t\t\t\t\t\t\t\t\t\t\t\t\t\t\t\t\t\t\t\t\t\t\t\t\t\t\t\t<span class=\"all-day-indicator\">All Day<\/span>\n\t\t\t\t\t\t\t\t\t\t\t\t\t\t\t\t<span class=\"title has_desc confirmed\">Gentleman at Inselpark Arena (30 Oct 26)<\/span><div class=\"descloc hover_block\"><div class=\"title_in_hover_block\"><span class=\"title confirmed\">Gentleman at Inselpark Arena (30 Oct 26)<\/span><\/div><div class=\"location\">Inselpark Arena, Kurt-Emmerich-Platz 10-12, 21109, Hamburg, Germany<\/div><div class=\"eventdesc\"><p><a href=\"https:\/\/www.songkick.com\/concerts\/43108519-gentleman-at-inselpark-arena?utm_campaign=tracked_artist&#038;utm_content=ZD0yNDYxMjg2JnU9MTM3MjI4MTU5&#038;utm_medium=feed&#038;utm_source=ical\" rel=\"nofollow\">https:\/\/www.songkick.com\/concerts\/43108519-gentleman-at-inselpark-arena?utm_campaign=tracked_artist&#038;utm_content=ZD0yNDYxMjg2JnU9MTM3MjI4MTU5&#038;utm_medium=feed&#038;utm_source=ical<\/a><\/p><\/div><\/div>\t\t\t\t\t\t\t\t\t\t\t\t\t\t<\/li>\n\t\t\t\t\t\t\t\t\t\t\t\t\t\t\t\t\t\t\t\t\t\t\t\t<\/ul>\n\t\t\t\t\t\t\t\t\t\t\t\t\t\t\t\t\t\t<\/td>\n\t\t\t\t\t\t\t\t\t\t\t\t\t\t\t\t<td data-dow=\"6\" data-events-count=\"2\" data-feed-keys=\"0\" class=\"future has_events d_31 dow_6\">\n\t\t\t\t\t\t\t\t\t<div class=\"day\">\n\t\t\t\t\t\t\t\t\t\t\t\t\t\t\t\t\t\t\t\t\t<span class=\"phone_only\" id=\"r6a97dccace13c5d-20261031\"><span data-date-format=\"l\">Saturday<\/span> <span data-date-format=\"F\">October<\/span> <span data-date-format=\"j\">31<\/span><\/span>\n\t\t\t\t\t\t\t\t\t\t\t<span class=\"no_phone\" aria-hidden=\"true\">31<\/span>\n\t\t\t\t\t\t\t\t\t\t\t\t\t\t\t\t\t\t\t\t<\/div>\n\t\t\t\t\t\t\t\t\t\t\t\t\t\t\t\t\t\t\t<ul class=\"events\" aria-labelledby=\"r6a97dccace13c5d-20261031\">\n\t\t\t\t\t\t\t\t\t\t\t\t\t\t\t\t\t\t\t\t\t\t\t\t\t<li class=\"event all-day\" data-feed-key=\"0\">\n\t\t\t\t\t\t\t\t\t\t\t\t\t\t\t\t\t\t\t\t\t\t\t\t\t\t\t\t\t\t\t<span class=\"all-day-indicator\">All Day<\/span>\n\t\t\t\t\t\t\t\t\t\t\t\t\t\t\t\t<span class=\"title has_desc confirmed\">Fischer-Z at Vilco \u2013 Die Stadthalle Bad Vilbel (31 Oct 26)<\/span><div class=\"descloc hover_block\"><div class=\"title_in_hover_block\"><span class=\"title confirmed\">Fischer-Z at Vilco \u2013 Die Stadthalle Bad Vilbel (31 Oct 26)<\/span><\/div><div class=\"location\">Vilco \u2013 Die Stadthalle Bad Vilbel, Nidda Stra\u00dfe, 61118, Bad Vilbel, Germany<\/div><div class=\"eventdesc\"><p><a href=\"https:\/\/www.songkick.com\/concerts\/43035708-fischerz-at-vilco-die-stadthalle-bad-vilbel?utm_campaign=tracked_artist&#038;utm_content=ZD0yNDYxMjg2JnU9MTM3MjI4MTU5&#038;utm_medium=feed&#038;utm_source=ical\" rel=\"nofollow\">https:\/\/www.songkick.com\/concerts\/43035708-fischerz-at-vilco-die-stadthalle-bad-vilbel?utm_campaign=tracked_artist&#038;utm_content=ZD0yNDYxMjg2JnU9MTM3MjI4MTU5&#038;utm_medium=feed&#038;utm_source=ical<\/a><\/p><\/div><\/div>\t\t\t\t\t\t\t\t\t\t\t\t\t\t<\/li>\n\t\t\t\t\t\t\t\t\t\t\t\t\t\t\t\t\t\t\t\t\t\t\t\t\t\t\t\t<li class=\"event all-day\" data-feed-key=\"0\">\n\t\t\t\t\t\t\t\t\t\t\t\t\t\t\t<span class=\"title has_desc confirmed\">Gentleman at Haus Auensee (31 Oct 26)<\/span><div class=\"descloc hover_block\"><div class=\"title_in_hover_block\"><span class=\"title confirmed\">Gentleman at Haus Auensee (31 Oct 26)<\/span><\/div><div class=\"location\">Haus Auensee, Gustav-Esche-Str. 6, 04159, Leipzig, Germany<\/div><div class=\"eventdesc\"><p><a href=\"https:\/\/www.songkick.com\/concerts\/43108520-gentleman-at-haus-auensee?utm_campaign=tracked_artist&#038;utm_content=ZD0yNDYxMjg2JnU9MTM3MjI4MTU5&#038;utm_medium=feed&#038;utm_source=ical\" rel=\"nofollow\">https:\/\/www.songkick.com\/concerts\/43108520-gentleman-at-haus-auensee?utm_campaign=tracked_artist&#038;utm_content=ZD0yNDYxMjg2JnU9MTM3MjI4MTU5&#038;utm_medium=feed&#038;utm_source=ical<\/a><\/p><\/div><\/div>\t\t\t\t\t\t\t\t\t\t\t\t\t\t<\/li>\n\t\t\t\t\t\t\t\t\t\t\t\t\t\t\t\t\t\t\t\t\t\t\t\t<\/ul>\n\t\t\t\t\t\t\t\t\t\t\t\t\t\t\t\t\t\t<\/td>\n\t\t\t\t\t\t\t\t\t\t\t\t\t\t\t\t<td class=\"off\" data-dow=\"0\"><\/td>\n\t\t\t\t\t\t\t\t\t\t\t\t\t\t<\/tr>\n\t\t\t\t\t<\/tbody>\n\t\t\t\t<\/table>\n\n\t\t\t\t\n\t\t\t<\/article>\n\t\t\t\t\t\t<article class=\"ics-calendar-month-wrapper\" style=\"display: none;\" data-year-month=\"202611\" data-is-this-month=\"0\">\n\n\t\t\t\t\t\t\t\t\t<h3 class=\"ics-calendar-label\" id=\"r6a97dccace13c5d-202611\">November 2026<\/h3>\n\t\t\t\t\t\t\t\t\t\n\t\t\t\t<table class=\"ics-calendar-month-grid\" aria-labelledby=\"r6a97dccace13c5d-202611\">\n\t\t\t\t\t<thead>\n\t\t\t\t\t\t<tr>\n\t\t\t\t\t\t\t\t\t\t\t\t\t\t\t<th data-dow=\"1\">Monday<\/th>\n\t\t\t\t\t\t\t\t\t\t\t\t\t\t\t\t<th data-dow=\"2\">Tuesday<\/th>\n\t\t\t\t\t\t\t\t\t\t\t\t\t\t\t\t<th data-dow=\"3\">Wednesday<\/th>\n\t\t\t\t\t\t\t\t\t\t\t\t\t\t\t\t<th data-dow=\"4\">Thursday<\/th>\n\t\t\t\t\t\t\t\t\t\t\t\t\t\t\t\t<th data-dow=\"5\">Friday<\/th>\n\t\t\t\t\t\t\t\t\t\t\t\t\t\t\t\t<th data-dow=\"6\">Saturday<\/th>\n\t\t\t\t\t\t\t\t\t\t\t\t\t\t\t\t<th data-dow=\"0\">Sunday<\/th>\n\t\t\t\t\t\t\t\t\t\t\t\t\t\t<\/tr>\n\t\t\t\t\t<\/thead>\n\n\t\t\t\t\t<tbody>\n\t\t\t\t\t\t<tr>\n\t\t\t\t\t\t\t\t\t\t\t\t\t\t\t<td class=\"off\" data-dow=\"1\"><\/td>\n\t\t\t\t\t\t\t\t\t\t\t\t\t\t\t\t<td class=\"off\" data-dow=\"2\"><\/td>\n\t\t\t\t\t\t\t\t\t\t\t\t\t\t\t\t<td class=\"off\" data-dow=\"3\"><\/td>\n\t\t\t\t\t\t\t\t\t\t\t\t\t\t\t\t<td class=\"off\" data-dow=\"4\"><\/td>\n\t\t\t\t\t\t\t\t\t\t\t\t\t\t\t\t<td class=\"off\" data-dow=\"5\"><\/td>\n\t\t\t\t\t\t\t\t\t\t\t\t\t\t\t\t<td class=\"off\" data-dow=\"6\"><\/td>\n\t\t\t\t\t\t\t\t\t\t\t\t\t\t\t\t<td data-dow=\"0\" data-events-count=\"0\" data-feed-keys=\"\" class=\"future empty d_01 dow_0\">\n\t\t\t\t\t\t\t\t\t<div class=\"day\">\n\t\t\t\t\t\t\t\t\t\t\t\t\t\t\t\t\t\t\t\t\t<span class=\"phone_only\" id=\"r6a97dccace13c5d-20261101\"><span data-date-format=\"l\">Sunday<\/span> <span data-date-format=\"F\">November<\/span> <span data-date-format=\"j\">1<\/span><\/span>\n\t\t\t\t\t\t\t\t\t\t\t<span class=\"no_phone\" aria-hidden=\"true\">1<\/span>\n\t\t\t\t\t\t\t\t\t\t\t\t\t\t\t\t\t\t\t\t<\/div>\n\t\t\t\t\t\t\t\t\t\t\t\t\t\t\t\t\t<\/td>\n\t\t\t\t\t\t\t\t<\/tr><tr>\t\t\t\t\t\t\t\t<td data-dow=\"1\" data-events-count=\"2\" data-feed-keys=\"0\" class=\"future has_events d_02 dow_1\">\n\t\t\t\t\t\t\t\t\t<div class=\"day\">\n\t\t\t\t\t\t\t\t\t\t\t\t\t\t\t\t\t\t\t\t\t<span class=\"phone_only\" id=\"r6a97dccace13c5d-20261102\"><span data-date-format=\"l\">Monday<\/span> <span data-date-format=\"F\">November<\/span> <span data-date-format=\"j\">2<\/span><\/span>\n\t\t\t\t\t\t\t\t\t\t\t<span class=\"no_phone\" aria-hidden=\"true\">2<\/span>\n\t\t\t\t\t\t\t\t\t\t\t\t\t\t\t\t\t\t\t\t<\/div>\n\t\t\t\t\t\t\t\t\t\t\t\t\t\t\t\t\t\t\t<ul class=\"events\" aria-labelledby=\"r6a97dccace13c5d-20261102\">\n\t\t\t\t\t\t\t\t\t\t\t\t\t\t\t\t\t\t\t\t\t\t\t\t\t<li class=\"event all-day\" data-feed-key=\"0\">\n\t\t\t\t\t\t\t\t\t\t\t\t\t\t\t\t\t\t\t\t\t\t\t\t\t\t\t\t\t\t\t<span class=\"all-day-indicator\">All Day<\/span>\n\t\t\t\t\t\t\t\t\t\t\t\t\t\t\t\t<span class=\"title has_desc confirmed\">Fischer-Z at Lichtburg Essen (02 Nov 26)<\/span><div class=\"descloc hover_block\"><div class=\"title_in_hover_block\"><span class=\"title confirmed\">Fischer-Z at Lichtburg Essen (02 Nov 26)<\/span><\/div><div class=\"location\">Lichtburg Essen, Kettwiger Stra\u00dfe 36, 45127, Essen, Germany<\/div><div class=\"eventdesc\"><p><a href=\"https:\/\/www.songkick.com\/concerts\/42792062-fischerz-at-lichtburg-essen?utm_campaign=tracked_artist&#038;utm_content=ZD0yNDYxMjg2JnU9MTM3MjI4MTU5&#038;utm_medium=feed&#038;utm_source=ical\" rel=\"nofollow\">https:\/\/www.songkick.com\/concerts\/42792062-fischerz-at-lichtburg-essen?utm_campaign=tracked_artist&#038;utm_content=ZD0yNDYxMjg2JnU9MTM3MjI4MTU5&#038;utm_medium=feed&#038;utm_source=ical<\/a><\/p><\/div><\/div>\t\t\t\t\t\t\t\t\t\t\t\t\t\t<\/li>\n\t\t\t\t\t\t\t\t\t\t\t\t\t\t\t\t\t\t\t\t\t\t\t\t\t\t\t\t<li class=\"event all-day\" data-feed-key=\"0\">\n\t\t\t\t\t\t\t\t\t\t\t\t\t\t\t<span class=\"title has_desc confirmed\">Gentleman at Columbiahalle (02 Nov 26)<\/span><div class=\"descloc hover_block\"><div class=\"title_in_hover_block\"><span class=\"title confirmed\">Gentleman at Columbiahalle (02 Nov 26)<\/span><\/div><div class=\"location\">Columbiahalle, Columbiadamm 13-21, 10965, Berlin, Germany<\/div><div class=\"eventdesc\"><p><a href=\"https:\/\/www.songkick.com\/concerts\/43105995-gentleman-at-columbiahalle?utm_campaign=tracked_artist&#038;utm_content=ZD0yNDYxMjg2JnU9MTM3MjI4MTU5&#038;utm_medium=feed&#038;utm_source=ical\" rel=\"nofollow\">https:\/\/www.songkick.com\/concerts\/43105995-gentleman-at-columbiahalle?utm_campaign=tracked_artist&#038;utm_content=ZD0yNDYxMjg2JnU9MTM3MjI4MTU5&#038;utm_medium=feed&#038;utm_source=ical<\/a><\/p><\/div><\/div>\t\t\t\t\t\t\t\t\t\t\t\t\t\t<\/li>\n\t\t\t\t\t\t\t\t\t\t\t\t\t\t\t\t\t\t\t\t\t\t\t\t<\/ul>\n\t\t\t\t\t\t\t\t\t\t\t\t\t\t\t\t\t\t<\/td>\n\t\t\t\t\t\t\t\t\t\t\t\t\t\t\t\t<td data-dow=\"2\" data-events-count=\"2\" data-feed-keys=\"0\" class=\"future has_events d_03 dow_2\">\n\t\t\t\t\t\t\t\t\t<div class=\"day\">\n\t\t\t\t\t\t\t\t\t\t\t\t\t\t\t\t\t\t\t\t\t<span class=\"phone_only\" id=\"r6a97dccace13c5d-20261103\"><span data-date-format=\"l\">Tuesday<\/span> <span data-date-format=\"F\">November<\/span> <span data-date-format=\"j\">3<\/span><\/span>\n\t\t\t\t\t\t\t\t\t\t\t<span class=\"no_phone\" aria-hidden=\"true\">3<\/span>\n\t\t\t\t\t\t\t\t\t\t\t\t\t\t\t\t\t\t\t\t<\/div>\n\t\t\t\t\t\t\t\t\t\t\t\t\t\t\t\t\t\t\t<ul class=\"events\" aria-labelledby=\"r6a97dccace13c5d-20261103\">\n\t\t\t\t\t\t\t\t\t\t\t\t\t\t\t\t\t\t\t\t\t\t\t\t\t<li class=\"event all-day\" data-feed-key=\"0\">\n\t\t\t\t\t\t\t\t\t\t\t\t\t\t\t\t\t\t\t\t\t\t\t\t\t\t\t\t\t\t\t<span class=\"all-day-indicator\">All Day<\/span>\n\t\t\t\t\t\t\t\t\t\t\t\t\t\t\t\t<span class=\"title has_desc confirmed\">Fischer-Z at Theater am Aegi (03 Nov 26)<\/span><div class=\"descloc hover_block\"><div class=\"title_in_hover_block\"><span class=\"title confirmed\">Fischer-Z at Theater am Aegi (03 Nov 26)<\/span><\/div><div class=\"location\">Theater am Aegi, Aegidientorplatz 2,, 30159, Hannover, Germany<\/div><div class=\"eventdesc\"><p><a href=\"https:\/\/www.songkick.com\/concerts\/42792063-fischerz-at-theater-am-aegi?utm_campaign=tracked_artist&#038;utm_content=ZD0yNDYxMjg2JnU9MTM3MjI4MTU5&#038;utm_medium=feed&#038;utm_source=ical\" rel=\"nofollow\">https:\/\/www.songkick.com\/concerts\/42792063-fischerz-at-theater-am-aegi?utm_campaign=tracked_artist&#038;utm_content=ZD0yNDYxMjg2JnU9MTM3MjI4MTU5&#038;utm_medium=feed&#038;utm_source=ical<\/a><\/p><\/div><\/div>\t\t\t\t\t\t\t\t\t\t\t\t\t\t<\/li>\n\t\t\t\t\t\t\t\t\t\t\t\t\t\t\t\t\t\t\t\t\t\t\t\t\t\t\t\t<li class=\"event all-day\" data-feed-key=\"0\">\n\t\t\t\t\t\t\t\t\t\t\t\t\t\t\t<span class=\"title has_desc confirmed\">Gentleman at Lokschuppen (03 Nov 26)<\/span><div class=\"descloc hover_block\"><div class=\"title_in_hover_block\"><span class=\"title confirmed\">Gentleman at Lokschuppen (03 Nov 26)<\/span><\/div><div class=\"location\">Lokschuppen, Stadtheider Str. 11, 33609, Bielefeld, Germany<\/div><div class=\"eventdesc\"><p><a href=\"https:\/\/www.songkick.com\/concerts\/43108521-gentleman-at-lokschuppen?utm_campaign=tracked_artist&#038;utm_content=ZD0yNDYxMjg2JnU9MTM3MjI4MTU5&#038;utm_medium=feed&#038;utm_source=ical\" rel=\"nofollow\">https:\/\/www.songkick.com\/concerts\/43108521-gentleman-at-lokschuppen?utm_campaign=tracked_artist&#038;utm_content=ZD0yNDYxMjg2JnU9MTM3MjI4MTU5&#038;utm_medium=feed&#038;utm_source=ical<\/a><\/p><\/div><\/div>\t\t\t\t\t\t\t\t\t\t\t\t\t\t<\/li>\n\t\t\t\t\t\t\t\t\t\t\t\t\t\t\t\t\t\t\t\t\t\t\t\t<\/ul>\n\t\t\t\t\t\t\t\t\t\t\t\t\t\t\t\t\t\t<\/td>\n\t\t\t\t\t\t\t\t\t\t\t\t\t\t\t\t<td data-dow=\"3\" data-events-count=\"2\" data-feed-keys=\"0\" class=\"future has_events d_04 dow_3\">\n\t\t\t\t\t\t\t\t\t<div class=\"day\">\n\t\t\t\t\t\t\t\t\t\t\t\t\t\t\t\t\t\t\t\t\t<span class=\"phone_only\" id=\"r6a97dccace13c5d-20261104\"><span data-date-format=\"l\">Wednesday<\/span> <span data-date-format=\"F\">November<\/span> <span data-date-format=\"j\">4<\/span><\/span>\n\t\t\t\t\t\t\t\t\t\t\t<span class=\"no_phone\" aria-hidden=\"true\">4<\/span>\n\t\t\t\t\t\t\t\t\t\t\t\t\t\t\t\t\t\t\t\t<\/div>\n\t\t\t\t\t\t\t\t\t\t\t\t\t\t\t\t\t\t\t<ul class=\"events\" aria-labelledby=\"r6a97dccace13c5d-20261104\">\n\t\t\t\t\t\t\t\t\t\t\t\t\t\t\t\t\t\t\t\t\t\t\t\t\t<li class=\"event all-day\" data-feed-key=\"0\">\n\t\t\t\t\t\t\t\t\t\t\t\t\t\t\t\t\t\t\t\t\t\t\t\t\t\t\t\t\t\t\t<span class=\"all-day-indicator\">All Day<\/span>\n\t\t\t\t\t\t\t\t\t\t\t\t\t\t\t\t<span class=\"title has_desc confirmed\">Fischer-Z at Admiralspalast - Theater (04 Nov 26)<\/span><div class=\"descloc hover_block\"><div class=\"title_in_hover_block\"><span class=\"title confirmed\">Fischer-Z at Admiralspalast - Theater (04 Nov 26)<\/span><\/div><div class=\"location\">Admiralspalast - Theater, Friedrichstra\u00dfe 101 - 102, 10117, Berlin, Germany<\/div><div class=\"eventdesc\"><p><a href=\"https:\/\/www.songkick.com\/concerts\/42792060-fischerz-at-admiralspalast-theater?utm_campaign=tracked_artist&#038;utm_content=ZD0yNDYxMjg2JnU9MTM3MjI4MTU5&#038;utm_medium=feed&#038;utm_source=ical\" rel=\"nofollow\">https:\/\/www.songkick.com\/concerts\/42792060-fischerz-at-admiralspalast-theater?utm_campaign=tracked_artist&#038;utm_content=ZD0yNDYxMjg2JnU9MTM3MjI4MTU5&#038;utm_medium=feed&#038;utm_source=ical<\/a><\/p><\/div><\/div>\t\t\t\t\t\t\t\t\t\t\t\t\t\t<\/li>\n\t\t\t\t\t\t\t\t\t\t\t\t\t\t\t\t\t\t\t\t\t\t\t\t\t\t\t\t<li class=\"event all-day\" data-feed-key=\"0\">\n\t\t\t\t\t\t\t\t\t\t\t\t\t\t\t<span class=\"title has_desc confirmed\">Gentleman at L\u00f6wensaal (04 Nov 26)<\/span><div class=\"descloc hover_block\"><div class=\"title_in_hover_block\"><span class=\"title confirmed\">Gentleman at L\u00f6wensaal (04 Nov 26)<\/span><\/div><div class=\"location\">L\u00f6wensaal, Schmausenbuckstr. 166, 90480, Nuremberg, Germany<\/div><div class=\"eventdesc\"><p><a href=\"https:\/\/www.songkick.com\/concerts\/43108522-gentleman-at-lowensaal?utm_campaign=tracked_artist&#038;utm_content=ZD0yNDYxMjg2JnU9MTM3MjI4MTU5&#038;utm_medium=feed&#038;utm_source=ical\" rel=\"nofollow\">https:\/\/www.songkick.com\/concerts\/43108522-gentleman-at-lowensaal?utm_campaign=tracked_artist&#038;utm_content=ZD0yNDYxMjg2JnU9MTM3MjI4MTU5&#038;utm_medium=feed&#038;utm_source=ical<\/a><\/p><\/div><\/div>\t\t\t\t\t\t\t\t\t\t\t\t\t\t<\/li>\n\t\t\t\t\t\t\t\t\t\t\t\t\t\t\t\t\t\t\t\t\t\t\t\t<\/ul>\n\t\t\t\t\t\t\t\t\t\t\t\t\t\t\t\t\t\t<\/td>\n\t\t\t\t\t\t\t\t\t\t\t\t\t\t\t\t<td data-dow=\"4\" data-events-count=\"2\" data-feed-keys=\"0\" class=\"future has_events d_05 dow_4\">\n\t\t\t\t\t\t\t\t\t<div class=\"day\">\n\t\t\t\t\t\t\t\t\t\t\t\t\t\t\t\t\t\t\t\t\t<span class=\"phone_only\" id=\"r6a97dccace13c5d-20261105\"><span data-date-format=\"l\">Thursday<\/span> <span data-date-format=\"F\">November<\/span> <span data-date-format=\"j\">5<\/span><\/span>\n\t\t\t\t\t\t\t\t\t\t\t<span class=\"no_phone\" aria-hidden=\"true\">5<\/span>\n\t\t\t\t\t\t\t\t\t\t\t\t\t\t\t\t\t\t\t\t<\/div>\n\t\t\t\t\t\t\t\t\t\t\t\t\t\t\t\t\t\t\t<ul class=\"events\" aria-labelledby=\"r6a97dccace13c5d-20261105\">\n\t\t\t\t\t\t\t\t\t\t\t\t\t\t\t\t\t\t\t\t\t\t\t\t\t<li class=\"event all-day\" data-feed-key=\"0\">\n\t\t\t\t\t\t\t\t\t\t\t\t\t\t\t\t\t\t\t\t\t\t\t\t\t\t\t\t\t\t\t<span class=\"all-day-indicator\">All Day<\/span>\n\t\t\t\t\t\t\t\t\t\t\t\t\t\t\t\t<span class=\"title has_desc confirmed\">Danakil at Le Moloco (05 Nov 26)<\/span><div class=\"descloc hover_block\"><div class=\"title_in_hover_block\"><span class=\"title confirmed\">Danakil at Le Moloco (05 Nov 26)<\/span><\/div><div class=\"location\">Le Moloco, 21, rue de Seloncourt, 25400, Audincourt, France<\/div><div class=\"eventdesc\"><p><a href=\"https:\/\/www.songkick.com\/concerts\/43189180-danakil-at-le-moloco?utm_campaign=tracked_artist&#038;utm_content=ZD0yNDYxMjg2JnU9MTM3MjI4MTU5&#038;utm_medium=feed&#038;utm_source=ical\" rel=\"nofollow\">https:\/\/www.songkick.com\/concerts\/43189180-danakil-at-le-moloco?utm_campaign=tracked_artist&#038;utm_content=ZD0yNDYxMjg2JnU9MTM3MjI4MTU5&#038;utm_medium=feed&#038;utm_source=ical<\/a><\/p><\/div><\/div>\t\t\t\t\t\t\t\t\t\t\t\t\t\t<\/li>\n\t\t\t\t\t\t\t\t\t\t\t\t\t\t\t\t\t\t\t\t\t\t\t\t\t\t\t\t<li class=\"event all-day\" data-feed-key=\"0\">\n\t\t\t\t\t\t\t\t\t\t\t\t\t\t\t<span class=\"title has_desc confirmed\">Hundling at Die Wolfm\u00fchle (05 Nov 26)<\/span><div class=\"descloc hover_block\"><div class=\"title_in_hover_block\"><span class=\"title confirmed\">Hundling at Die Wolfm\u00fchle (05 Nov 26)<\/span><\/div><div class=\"location\">Die Wolfm\u00fchle, Wolfm\u00fchle 1, 85661 Forstinning, Munich, Germany<\/div><div class=\"eventdesc\"><p><a href=\"https:\/\/www.songkick.com\/concerts\/43092598-hundling-at-die-wolfmuhle?utm_campaign=tracked_artist&#038;utm_content=ZD0yNDYxMjg2JnU9MTM3MjI4MTU5&#038;utm_medium=feed&#038;utm_source=ical\" rel=\"nofollow\">https:\/\/www.songkick.com\/concerts\/43092598-hundling-at-die-wolfmuhle?utm_campaign=tracked_artist&#038;utm_content=ZD0yNDYxMjg2JnU9MTM3MjI4MTU5&#038;utm_medium=feed&#038;utm_source=ical<\/a><\/p><\/div><\/div>\t\t\t\t\t\t\t\t\t\t\t\t\t\t<\/li>\n\t\t\t\t\t\t\t\t\t\t\t\t\t\t\t\t\t\t\t\t\t\t\t\t<\/ul>\n\t\t\t\t\t\t\t\t\t\t\t\t\t\t\t\t\t\t<\/td>\n\t\t\t\t\t\t\t\t\t\t\t\t\t\t\t\t<td data-dow=\"5\" data-events-count=\"4\" data-feed-keys=\"0\" class=\"future has_events d_06 dow_5\">\n\t\t\t\t\t\t\t\t\t<div class=\"day\">\n\t\t\t\t\t\t\t\t\t\t\t\t\t\t\t\t\t\t\t\t\t<span class=\"phone_only\" id=\"r6a97dccace13c5d-20261106\"><span data-date-format=\"l\">Friday<\/span> <span data-date-format=\"F\">November<\/span> <span data-date-format=\"j\">6<\/span><\/span>\n\t\t\t\t\t\t\t\t\t\t\t<span class=\"no_phone\" aria-hidden=\"true\">6<\/span>\n\t\t\t\t\t\t\t\t\t\t\t\t\t\t\t\t\t\t\t\t<\/div>\n\t\t\t\t\t\t\t\t\t\t\t\t\t\t\t\t\t\t\t<ul class=\"events\" aria-labelledby=\"r6a97dccace13c5d-20261106\">\n\t\t\t\t\t\t\t\t\t\t\t\t\t\t\t\t\t\t\t\t\t\t\t\t\t<li class=\"event all-day\" data-feed-key=\"0\">\n\t\t\t\t\t\t\t\t\t\t\t\t\t\t\t\t\t\t\t\t\t\t\t\t\t\t\t\t\t\t\t<span class=\"all-day-indicator\">All Day<\/span>\n\t\t\t\t\t\t\t\t\t\t\t\t\t\t\t\t<span class=\"title has_desc confirmed\">Bellarena Indoor Festival 2026<\/span><div class=\"descloc hover_block\"><div class=\"title_in_hover_block\"><span class=\"title confirmed\">Bellarena Indoor Festival 2026<\/span><\/div><div class=\"location\">Bcf Arena, 1700, Fribourg, Switzerland<\/div><div class=\"eventdesc\"><p><a href=\"https:\/\/www.songkick.com\/festivals\/3759848-bellarena-indoor\/id\/42911887-bellarena-indoor-festival-2026?utm_campaign=tracked_artist&#038;utm_content=ZD0yNDYxMjg2JnU9MTM3MjI4MTU5&#038;utm_medium=feed&#038;utm_source=ical\" rel=\"nofollow\">https:\/\/www.songkick.com\/festivals\/3759848-bellarena-indoor\/id\/42911887-bellarena-indoor-festival-2026?utm_campaign=tracked_artist&#038;utm_content=ZD0yNDYxMjg2JnU9MTM3MjI4MTU5&#038;utm_medium=feed&#038;utm_source=ical<\/a><\/p><\/div><\/div>\t\t\t\t\t\t\t\t\t\t\t\t\t\t<\/li>\n\t\t\t\t\t\t\t\t\t\t\t\t\t\t\t\t\t\t\t\t\t\t\t\t\t\t\t\t<li class=\"event all-day\" data-feed-key=\"0\">\n\t\t\t\t\t\t\t\t\t\t\t\t\t\t\t<span class=\"title has_desc confirmed\">Gentleman at Sch\u00f6n &amp; Fr\u00f6lich (06 Nov 26)<\/span><div class=\"descloc hover_block\"><div class=\"title_in_hover_block\"><span class=\"title confirmed\">Gentleman at Sch\u00f6n &amp; Fr\u00f6lich (06 Nov 26)<\/span><\/div><div class=\"location\">Sch\u00f6n &amp; Fr\u00f6lich, Broizemerstr. 220, 38118, Brunswick, Germany<\/div><div class=\"eventdesc\"><p><a href=\"https:\/\/www.songkick.com\/concerts\/43108523-gentleman-at-schon-and-frolich?utm_campaign=tracked_artist&#038;utm_content=ZD0yNDYxMjg2JnU9MTM3MjI4MTU5&#038;utm_medium=feed&#038;utm_source=ical\" rel=\"nofollow\">https:\/\/www.songkick.com\/concerts\/43108523-gentleman-at-schon-and-frolich?utm_campaign=tracked_artist&#038;utm_content=ZD0yNDYxMjg2JnU9MTM3MjI4MTU5&#038;utm_medium=feed&#038;utm_source=ical<\/a><\/p><\/div><\/div>\t\t\t\t\t\t\t\t\t\t\t\t\t\t<\/li>\n\t\t\t\t\t\t\t\t\t\t\t\t\t\t\t\t\t\t\t\t\t\t\t\t\t\t\t\t<li class=\"event all-day\" data-feed-key=\"0\">\n\t\t\t\t\t\t\t\t\t\t\t\t\t\t\t<span class=\"title has_desc confirmed\">Jamaram and Samy Danger at Magazin 3 (06 Nov 26)<\/span><div class=\"descloc hover_block\"><div class=\"title_in_hover_block\"><span class=\"title confirmed\">Jamaram and Samy Danger at Magazin 3 (06 Nov 26)<\/span><\/div><div class=\"location\">Magazin 3, Alte Saline 15, 83435, Bad Reichenhall, Germany<\/div><div class=\"eventdesc\"><p><a href=\"https:\/\/www.songkick.com\/concerts\/43162615-jamaram-at-magazin-3?utm_campaign=tracked_artist&#038;utm_content=ZD0yNDYxMjg2JnU9MTM3MjI4MTU5&#038;utm_medium=feed&#038;utm_source=ical\" rel=\"nofollow\">https:\/\/www.songkick.com\/concerts\/43162615-jamaram-at-magazin-3?utm_campaign=tracked_artist&#038;utm_content=ZD0yNDYxMjg2JnU9MTM3MjI4MTU5&#038;utm_medium=feed&#038;utm_source=ical<\/a><\/p><\/div><\/div>\t\t\t\t\t\t\t\t\t\t\t\t\t\t<\/li>\n\t\t\t\t\t\t\t\t\t\t\t\t\t\t\t\t\t\t\t\t\t\t\t\t\t\t\t\t<li class=\"event all-day\" data-feed-key=\"0\">\n\t\t\t\t\t\t\t\t\t\t\t\t\t\t\t<span class=\"title has_desc confirmed\">The Magic Mumble Jumble at Gleis 22 (06 Nov 26)<\/span><div class=\"descloc hover_block\"><div class=\"title_in_hover_block\"><span class=\"title confirmed\">The Magic Mumble Jumble at Gleis 22 (06 Nov 26)<\/span><\/div><div class=\"location\">Gleis 22, Hafenstr. 34, 48153, M\u00fcnster, Germany<\/div><div class=\"eventdesc\"><p><a href=\"https:\/\/www.songkick.com\/concerts\/43060529-magic-mumble-jumble-at-gleis-22?utm_campaign=tracked_artist&#038;utm_content=ZD0yNDYxMjg2JnU9MTM3MjI4MTU5&#038;utm_medium=feed&#038;utm_source=ical\" rel=\"nofollow\">https:\/\/www.songkick.com\/concerts\/43060529-magic-mumble-jumble-at-gleis-22?utm_campaign=tracked_artist&#038;utm_content=ZD0yNDYxMjg2JnU9MTM3MjI4MTU5&#038;utm_medium=feed&#038;utm_source=ical<\/a><\/p><\/div><\/div>\t\t\t\t\t\t\t\t\t\t\t\t\t\t<\/li>\n\t\t\t\t\t\t\t\t\t\t\t\t\t\t\t\t\t\t\t\t\t\t\t\t<\/ul>\n\t\t\t\t\t\t\t\t\t\t\t\t\t\t\t\t\t\t<\/td>\n\t\t\t\t\t\t\t\t\t\t\t\t\t\t\t\t<td data-dow=\"6\" data-events-count=\"5\" data-feed-keys=\"0\" class=\"future has_events d_07 dow_6\">\n\t\t\t\t\t\t\t\t\t<div class=\"day\">\n\t\t\t\t\t\t\t\t\t\t\t\t\t\t\t\t\t\t\t\t\t<span class=\"phone_only\" id=\"r6a97dccace13c5d-20261107\"><span data-date-format=\"l\">Saturday<\/span> <span data-date-format=\"F\">November<\/span> <span data-date-format=\"j\">7<\/span><\/span>\n\t\t\t\t\t\t\t\t\t\t\t<span class=\"no_phone\" aria-hidden=\"true\">7<\/span>\n\t\t\t\t\t\t\t\t\t\t\t\t\t\t\t\t\t\t\t\t<\/div>\n\t\t\t\t\t\t\t\t\t\t\t\t\t\t\t\t\t\t\t<ul class=\"events\" aria-labelledby=\"r6a97dccace13c5d-20261107\">\n\t\t\t\t\t\t\t\t\t\t\t\t\t\t\t\t\t\t\t\t\t\t\t\t\t<li class=\"event all-day\" data-feed-key=\"0\">\n\t\t\t\t\t\t\t\t\t\t\t\t\t\t\t\t\t\t\t\t\t\t\t\t\t\t\t\t\t\t\t<span class=\"all-day-indicator\">All Day<\/span>\n\t\t\t\t\t\t\t\t\t\t\t\t\t\t\t\t<span class=\"title has_desc confirmed\">Eek-a-mouse at Metropool Enschede (07 Nov 26)<\/span><div class=\"descloc hover_block\"><div class=\"title_in_hover_block\"><span class=\"title confirmed\">Eek-a-mouse at Metropool Enschede (07 Nov 26)<\/span><\/div><div class=\"location\">Metropool Enschede, Willem Wilminkplein 2, 7511 JE, Enschede, Netherlands<\/div><div class=\"eventdesc\"><p><a href=\"https:\/\/www.songkick.com\/concerts\/43164991-eekamouse-at-metropool-enschede?utm_campaign=tracked_artist&#038;utm_content=ZD0yNDYxMjg2JnU9MTM3MjI4MTU5&#038;utm_medium=feed&#038;utm_source=ical\" rel=\"nofollow\">https:\/\/www.songkick.com\/concerts\/43164991-eekamouse-at-metropool-enschede?utm_campaign=tracked_artist&#038;utm_content=ZD0yNDYxMjg2JnU9MTM3MjI4MTU5&#038;utm_medium=feed&#038;utm_source=ical<\/a><\/p><\/div><\/div>\t\t\t\t\t\t\t\t\t\t\t\t\t\t<\/li>\n\t\t\t\t\t\t\t\t\t\t\t\t\t\t\t\t\t\t\t\t\t\t\t\t\t\t\t\t<li class=\"event all-day\" data-feed-key=\"0\">\n\t\t\t\t\t\t\t\t\t\t\t\t\t\t\t<span class=\"title has_desc confirmed\">Fischer-Z at Paard (07 Nov 26)<\/span><div class=\"descloc hover_block\"><div class=\"title_in_hover_block\"><span class=\"title confirmed\">Fischer-Z at Paard (07 Nov 26)<\/span><\/div><div class=\"location\">Paard, Prinsegracht 12, 2512 GA, The Hague, Netherlands<\/div><div class=\"eventdesc\"><p><a href=\"https:\/\/www.songkick.com\/concerts\/43035900-fischerz-at-paard?utm_campaign=tracked_artist&#038;utm_content=ZD0yNDYxMjg2JnU9MTM3MjI4MTU5&#038;utm_medium=feed&#038;utm_source=ical\" rel=\"nofollow\">https:\/\/www.songkick.com\/concerts\/43035900-fischerz-at-paard?utm_campaign=tracked_artist&#038;utm_content=ZD0yNDYxMjg2JnU9MTM3MjI4MTU5&#038;utm_medium=feed&#038;utm_source=ical<\/a><\/p><\/div><\/div>\t\t\t\t\t\t\t\t\t\t\t\t\t\t<\/li>\n\t\t\t\t\t\t\t\t\t\t\t\t\t\t\t\t\t\t\t\t\t\t\t\t\t\t\t\t<li class=\"event all-day\" data-feed-key=\"0\">\n\t\t\t\t\t\t\t\t\t\t\t\t\t\t\t<span class=\"title has_desc confirmed\">Gentleman at Schlachthof Wiesbaden (07 Nov 26)<\/span><div class=\"descloc hover_block\"><div class=\"title_in_hover_block\"><span class=\"title confirmed\">Gentleman at Schlachthof Wiesbaden (07 Nov 26)<\/span><\/div><div class=\"location\">Schlachthof Wiesbaden, Murnaustra\u00dfe 1, 65189, Wiesbaden, Germany<\/div><div class=\"eventdesc\"><p><a href=\"https:\/\/www.songkick.com\/concerts\/43108054-gentleman-at-schlachthof-wiesbaden?utm_campaign=tracked_artist&#038;utm_content=ZD0yNDYxMjg2JnU9MTM3MjI4MTU5&#038;utm_medium=feed&#038;utm_source=ical\" rel=\"nofollow\">https:\/\/www.songkick.com\/concerts\/43108054-gentleman-at-schlachthof-wiesbaden?utm_campaign=tracked_artist&#038;utm_content=ZD0yNDYxMjg2JnU9MTM3MjI4MTU5&#038;utm_medium=feed&#038;utm_source=ical<\/a><\/p><\/div><\/div>\t\t\t\t\t\t\t\t\t\t\t\t\t\t<\/li>\n\t\t\t\t\t\t\t\t\t\t\t\t\t\t\t\t\t\t\t\t\t\t\t\t\t\t\t\t<li class=\"event all-day\" data-feed-key=\"0\">\n\t\t\t\t\t\t\t\t\t\t\t\t\t\t\t<span class=\"title has_desc confirmed\">Max Herre at Terrassensaal, Forum Leverkusen (07 Nov 26) with Joy Denalane<\/span><div class=\"descloc hover_block\"><div class=\"title_in_hover_block\"><span class=\"title confirmed\">Max Herre at Terrassensaal, Forum Leverkusen (07 Nov 26) with Joy Denalane<\/span><\/div><div class=\"location\">Terrassensaal, Forum Leverkusen, Am B\u00fcchelter Hof 9, 51373, Leverkusen, Germany<\/div><div class=\"eventdesc\"><p><a href=\"https:\/\/www.songkick.com\/concerts\/42935969-max-herre-at-terrassensaal-forum-leverkusen?utm_campaign=tracked_artist&#038;utm_content=ZD0yNDYxMjg2JnU9MTM3MjI4MTU5&#038;utm_medium=feed&#038;utm_source=ical\" rel=\"nofollow\">https:\/\/www.songkick.com\/concerts\/42935969-max-herre-at-terrassensaal-forum-leverkusen?utm_campaign=tracked_artist&#038;utm_content=ZD0yNDYxMjg2JnU9MTM3MjI4MTU5&#038;utm_medium=feed&#038;utm_source=ical<\/a><\/p><\/div><\/div>\t\t\t\t\t\t\t\t\t\t\t\t\t\t<\/li>\n\t\t\t\t\t\t\t\t\t\t\t\t\t\t\t\t\t\t\t\t\t\t\t\t\t\t\t\t<li class=\"event all-day\" data-feed-key=\"0\">\n\t\t\t\t\t\t\t\t\t\t\t\t\t\t\t<span class=\"title has_desc confirmed\">The Magic Mumble Jumble at Kulturzentrum Lagerhaus (07 Nov 26)<\/span><div class=\"descloc hover_block\"><div class=\"title_in_hover_block\"><span class=\"title confirmed\">The Magic Mumble Jumble at Kulturzentrum Lagerhaus (07 Nov 26)<\/span><\/div><div class=\"location\">Kulturzentrum Lagerhaus, Schildstr. 12-19, 28203, Bremen, Germany<\/div><div class=\"eventdesc\"><p><a href=\"https:\/\/www.songkick.com\/concerts\/43134992-magic-mumble-jumble-at-kulturzentrum-lagerhaus?utm_campaign=tracked_artist&#038;utm_content=ZD0yNDYxMjg2JnU9MTM3MjI4MTU5&#038;utm_medium=feed&#038;utm_source=ical\" rel=\"nofollow\">https:\/\/www.songkick.com\/concerts\/43134992-magic-mumble-jumble-at-kulturzentrum-lagerhaus?utm_campaign=tracked_artist&#038;utm_content=ZD0yNDYxMjg2JnU9MTM3MjI4MTU5&#038;utm_medium=feed&#038;utm_source=ical<\/a><\/p><\/div><\/div>\t\t\t\t\t\t\t\t\t\t\t\t\t\t<\/li>\n\t\t\t\t\t\t\t\t\t\t\t\t\t\t\t\t\t\t\t\t\t\t\t\t<\/ul>\n\t\t\t\t\t\t\t\t\t\t\t\t\t\t\t\t\t\t<\/td>\n\t\t\t\t\t\t\t\t\t\t\t\t\t\t\t\t<td data-dow=\"0\" data-events-count=\"3\" data-feed-keys=\"0\" class=\"future has_events d_08 dow_0\">\n\t\t\t\t\t\t\t\t\t<div class=\"day\">\n\t\t\t\t\t\t\t\t\t\t\t\t\t\t\t\t\t\t\t\t\t<span class=\"phone_only\" id=\"r6a97dccace13c5d-20261108\"><span data-date-format=\"l\">Sunday<\/span> <span data-date-format=\"F\">November<\/span> <span data-date-format=\"j\">8<\/span><\/span>\n\t\t\t\t\t\t\t\t\t\t\t<span class=\"no_phone\" aria-hidden=\"true\">8<\/span>\n\t\t\t\t\t\t\t\t\t\t\t\t\t\t\t\t\t\t\t\t<\/div>\n\t\t\t\t\t\t\t\t\t\t\t\t\t\t\t\t\t\t\t<ul class=\"events\" aria-labelledby=\"r6a97dccace13c5d-20261108\">\n\t\t\t\t\t\t\t\t\t\t\t\t\t\t\t\t\t\t\t\t\t\t\t\t\t<li class=\"event all-day\" data-feed-key=\"0\">\n\t\t\t\t\t\t\t\t\t\t\t\t\t\t\t\t\t\t\t\t\t\t\t\t\t\t\t\t\t\t\t<span class=\"all-day-indicator\">All Day<\/span>\n\t\t\t\t\t\t\t\t\t\t\t\t\t\t\t\t<span class=\"title has_desc confirmed\">Gentleman at Turbinenhalle (08 Nov 26)<\/span><div class=\"descloc hover_block\"><div class=\"title_in_hover_block\"><span class=\"title confirmed\">Gentleman at Turbinenhalle (08 Nov 26)<\/span><\/div><div class=\"location\">Turbinenhalle, Im Lipperfeld 23, 46047, Oberhausen, Germany<\/div><div class=\"eventdesc\"><p><a href=\"https:\/\/www.songkick.com\/concerts\/43108524-gentleman-at-turbinenhalle?utm_campaign=tracked_artist&#038;utm_content=ZD0yNDYxMjg2JnU9MTM3MjI4MTU5&#038;utm_medium=feed&#038;utm_source=ical\" rel=\"nofollow\">https:\/\/www.songkick.com\/concerts\/43108524-gentleman-at-turbinenhalle?utm_campaign=tracked_artist&#038;utm_content=ZD0yNDYxMjg2JnU9MTM3MjI4MTU5&#038;utm_medium=feed&#038;utm_source=ical<\/a><\/p><\/div><\/div>\t\t\t\t\t\t\t\t\t\t\t\t\t\t<\/li>\n\t\t\t\t\t\t\t\t\t\t\t\t\t\t\t\t\t\t\t\t\t\t\t\t\t\t\t\t<li class=\"event all-day\" data-feed-key=\"0\">\n\t\t\t\t\t\t\t\t\t\t\t\t\t\t\t<span class=\"title has_desc confirmed\">Lo &amp; Leduc at Kaufleuten (08 Nov 26)<\/span><div class=\"descloc hover_block\"><div class=\"title_in_hover_block\"><span class=\"title confirmed\">Lo &amp; Leduc at Kaufleuten (08 Nov 26)<\/span><\/div><div class=\"location\">Kaufleuten, Pelikanplatz, 8001, Z\u00fcrich, Switzerland<\/div><div class=\"eventdesc\"><p><a href=\"https:\/\/www.songkick.com\/concerts\/43081647-lo-and-leduc-at-kaufleuten?utm_campaign=tracked_artist&#038;utm_content=ZD0yNDYxMjg2JnU9MTM3MjI4MTU5&#038;utm_medium=feed&#038;utm_source=ical\" rel=\"nofollow\">https:\/\/www.songkick.com\/concerts\/43081647-lo-and-leduc-at-kaufleuten?utm_campaign=tracked_artist&#038;utm_content=ZD0yNDYxMjg2JnU9MTM3MjI4MTU5&#038;utm_medium=feed&#038;utm_source=ical<\/a><\/p><\/div><\/div>\t\t\t\t\t\t\t\t\t\t\t\t\t\t<\/li>\n\t\t\t\t\t\t\t\t\t\t\t\t\t\t\t\t\t\t\t\t\t\t\t\t\t\t\t\t<li class=\"event all-day\" data-feed-key=\"0\">\n\t\t\t\t\t\t\t\t\t\t\t\t\t\t\t<span class=\"title has_desc confirmed\">The Magic Mumble Jumble at Musa E. V. (08 Nov 26)<\/span><div class=\"descloc hover_block\"><div class=\"title_in_hover_block\"><span class=\"title confirmed\">The Magic Mumble Jumble at Musa E. V. (08 Nov 26)<\/span><\/div><div class=\"location\">Musa E. V., Hagenweg 2A, 37081, G\u00f6ttingen, Germany<\/div><div class=\"eventdesc\"><p><a href=\"https:\/\/www.songkick.com\/concerts\/43050195-magic-mumble-jumble-at-musa-e-v?utm_campaign=tracked_artist&#038;utm_content=ZD0yNDYxMjg2JnU9MTM3MjI4MTU5&#038;utm_medium=feed&#038;utm_source=ical\" rel=\"nofollow\">https:\/\/www.songkick.com\/concerts\/43050195-magic-mumble-jumble-at-musa-e-v?utm_campaign=tracked_artist&#038;utm_content=ZD0yNDYxMjg2JnU9MTM3MjI4MTU5&#038;utm_medium=feed&#038;utm_source=ical<\/a><\/p><\/div><\/div>\t\t\t\t\t\t\t\t\t\t\t\t\t\t<\/li>\n\t\t\t\t\t\t\t\t\t\t\t\t\t\t\t\t\t\t\t\t\t\t\t\t<\/ul>\n\t\t\t\t\t\t\t\t\t\t\t\t\t\t\t\t\t\t<\/td>\n\t\t\t\t\t\t\t\t<\/tr><tr>\t\t\t\t\t\t\t\t<td data-dow=\"1\" data-events-count=\"0\" data-feed-keys=\"\" class=\"future empty d_09 dow_1\">\n\t\t\t\t\t\t\t\t\t<div class=\"day\">\n\t\t\t\t\t\t\t\t\t\t\t\t\t\t\t\t\t\t\t\t\t<span class=\"phone_only\" id=\"r6a97dccace13c5d-20261109\"><span data-date-format=\"l\">Monday<\/span> <span data-date-format=\"F\">November<\/span> <span data-date-format=\"j\">9<\/span><\/span>\n\t\t\t\t\t\t\t\t\t\t\t<span class=\"no_phone\" aria-hidden=\"true\">9<\/span>\n\t\t\t\t\t\t\t\t\t\t\t\t\t\t\t\t\t\t\t\t<\/div>\n\t\t\t\t\t\t\t\t\t\t\t\t\t\t\t\t\t<\/td>\n\t\t\t\t\t\t\t\t\t\t\t\t\t\t\t\t<td data-dow=\"2\" data-events-count=\"3\" data-feed-keys=\"0\" class=\"future has_events d_10 dow_2\">\n\t\t\t\t\t\t\t\t\t<div class=\"day\">\n\t\t\t\t\t\t\t\t\t\t\t\t\t\t\t\t\t\t\t\t\t<span class=\"phone_only\" id=\"r6a97dccace13c5d-20261110\"><span data-date-format=\"l\">Tuesday<\/span> <span data-date-format=\"F\">November<\/span> <span data-date-format=\"j\">10<\/span><\/span>\n\t\t\t\t\t\t\t\t\t\t\t<span class=\"no_phone\" aria-hidden=\"true\">10<\/span>\n\t\t\t\t\t\t\t\t\t\t\t\t\t\t\t\t\t\t\t\t<\/div>\n\t\t\t\t\t\t\t\t\t\t\t\t\t\t\t\t\t\t\t<ul class=\"events\" aria-labelledby=\"r6a97dccace13c5d-20261110\">\n\t\t\t\t\t\t\t\t\t\t\t\t\t\t\t\t\t\t\t\t\t\t\t\t\t<li class=\"event all-day\" data-feed-key=\"0\">\n\t\t\t\t\t\t\t\t\t\t\t\t\t\t\t\t\t\t\t\t\t\t\t\t\t\t\t\t\t\t\t<span class=\"all-day-indicator\">All Day<\/span>\n\t\t\t\t\t\t\t\t\t\t\t\t\t\t\t\t<span class=\"title has_desc confirmed\">Gentleman at X-TRA Haus der Musik (10 Nov 26)<\/span><div class=\"descloc hover_block\"><div class=\"title_in_hover_block\"><span class=\"title confirmed\">Gentleman at X-TRA Haus der Musik (10 Nov 26)<\/span><\/div><div class=\"location\">X-TRA Haus der Musik, Limmatstrasse 118, 8031, Z\u00fcrich, Switzerland<\/div><div class=\"eventdesc\"><p><a href=\"https:\/\/www.songkick.com\/concerts\/43106758-gentleman-at-xtra-haus-der-musik?utm_campaign=tracked_artist&#038;utm_content=ZD0yNDYxMjg2JnU9MTM3MjI4MTU5&#038;utm_medium=feed&#038;utm_source=ical\" rel=\"nofollow\">https:\/\/www.songkick.com\/concerts\/43106758-gentleman-at-xtra-haus-der-musik?utm_campaign=tracked_artist&#038;utm_content=ZD0yNDYxMjg2JnU9MTM3MjI4MTU5&#038;utm_medium=feed&#038;utm_source=ical<\/a><\/p><\/div><\/div>\t\t\t\t\t\t\t\t\t\t\t\t\t\t<\/li>\n\t\t\t\t\t\t\t\t\t\t\t\t\t\t\t\t\t\t\t\t\t\t\t\t\t\t\t\t<li class=\"event all-day\" data-feed-key=\"0\">\n\t\t\t\t\t\t\t\t\t\t\t\t\t\t\t<span class=\"title has_desc confirmed\">Nils Petter Molvaer at Theaterst\u00fcbchen (10 Nov 26)<\/span><div class=\"descloc hover_block\"><div class=\"title_in_hover_block\"><span class=\"title confirmed\">Nils Petter Molvaer at Theaterst\u00fcbchen (10 Nov 26)<\/span><\/div><div class=\"location\">Theaterst\u00fcbchen, Jordanstrasse 11, 34119, Kassel, Germany<\/div><div class=\"eventdesc\"><p><a href=\"https:\/\/www.songkick.com\/concerts\/43064155-nils-petter-molvaer-at-theaterstubchen?utm_campaign=tracked_artist&#038;utm_content=ZD0yNDYxMjg2JnU9MTM3MjI4MTU5&#038;utm_medium=feed&#038;utm_source=ical\" rel=\"nofollow\">https:\/\/www.songkick.com\/concerts\/43064155-nils-petter-molvaer-at-theaterstubchen?utm_campaign=tracked_artist&#038;utm_content=ZD0yNDYxMjg2JnU9MTM3MjI4MTU5&#038;utm_medium=feed&#038;utm_source=ical<\/a><\/p><\/div><\/div>\t\t\t\t\t\t\t\t\t\t\t\t\t\t<\/li>\n\t\t\t\t\t\t\t\t\t\t\t\t\t\t\t\t\t\t\t\t\t\t\t\t\t\t\t\t<li class=\"event all-day\" data-feed-key=\"0\">\n\t\t\t\t\t\t\t\t\t\t\t\t\t\t\t<span class=\"title has_desc confirmed\">The Magic Mumble Jumble at Zeche Carl (10 Nov 26)<\/span><div class=\"descloc hover_block\"><div class=\"title_in_hover_block\"><span class=\"title confirmed\">The Magic Mumble Jumble at Zeche Carl (10 Nov 26)<\/span><\/div><div class=\"location\">Zeche Carl, Wilhelm-Nieswandt-Allee 100, 45326, Essen, Germany<\/div><div class=\"eventdesc\"><p><a href=\"https:\/\/www.songkick.com\/concerts\/43060447-magic-mumble-jumble-at-zeche-carl?utm_campaign=tracked_artist&#038;utm_content=ZD0yNDYxMjg2JnU9MTM3MjI4MTU5&#038;utm_medium=feed&#038;utm_source=ical\" rel=\"nofollow\">https:\/\/www.songkick.com\/concerts\/43060447-magic-mumble-jumble-at-zeche-carl?utm_campaign=tracked_artist&#038;utm_content=ZD0yNDYxMjg2JnU9MTM3MjI4MTU5&#038;utm_medium=feed&#038;utm_source=ical<\/a><\/p><\/div><\/div>\t\t\t\t\t\t\t\t\t\t\t\t\t\t<\/li>\n\t\t\t\t\t\t\t\t\t\t\t\t\t\t\t\t\t\t\t\t\t\t\t\t<\/ul>\n\t\t\t\t\t\t\t\t\t\t\t\t\t\t\t\t\t\t<\/td>\n\t\t\t\t\t\t\t\t\t\t\t\t\t\t\t\t<td data-dow=\"3\" data-events-count=\"2\" data-feed-keys=\"0\" class=\"future has_events d_11 dow_3\">\n\t\t\t\t\t\t\t\t\t<div class=\"day\">\n\t\t\t\t\t\t\t\t\t\t\t\t\t\t\t\t\t\t\t\t\t<span class=\"phone_only\" id=\"r6a97dccace13c5d-20261111\"><span data-date-format=\"l\">Wednesday<\/span> <span data-date-format=\"F\">November<\/span> <span data-date-format=\"j\">11<\/span><\/span>\n\t\t\t\t\t\t\t\t\t\t\t<span class=\"no_phone\" aria-hidden=\"true\">11<\/span>\n\t\t\t\t\t\t\t\t\t\t\t\t\t\t\t\t\t\t\t\t<\/div>\n\t\t\t\t\t\t\t\t\t\t\t\t\t\t\t\t\t\t\t<ul class=\"events\" aria-labelledby=\"r6a97dccace13c5d-20261111\">\n\t\t\t\t\t\t\t\t\t\t\t\t\t\t\t\t\t\t\t\t\t\t\t\t\t<li class=\"event all-day\" data-feed-key=\"0\">\n\t\t\t\t\t\t\t\t\t\t\t\t\t\t\t\t\t\t\t\t\t\t\t\t\t\t\t\t\t\t\t<span class=\"all-day-indicator\">All Day<\/span>\n\t\t\t\t\t\t\t\t\t\t\t\t\t\t\t\t<span class=\"title has_desc confirmed\">Gentleman at TonHalle M\u00fcnchen (11 Nov 26)<\/span><div class=\"descloc hover_block\"><div class=\"title_in_hover_block\"><span class=\"title confirmed\">Gentleman at TonHalle M\u00fcnchen (11 Nov 26)<\/span><\/div><div class=\"location\">TonHalle M\u00fcnchen, Atelierstra\u00dfe 24, 81671, Munich, Germany<\/div><div class=\"eventdesc\"><p><a href=\"https:\/\/www.songkick.com\/concerts\/43108525-gentleman-at-tonhalle-munchen?utm_campaign=tracked_artist&#038;utm_content=ZD0yNDYxMjg2JnU9MTM3MjI4MTU5&#038;utm_medium=feed&#038;utm_source=ical\" rel=\"nofollow\">https:\/\/www.songkick.com\/concerts\/43108525-gentleman-at-tonhalle-munchen?utm_campaign=tracked_artist&#038;utm_content=ZD0yNDYxMjg2JnU9MTM3MjI4MTU5&#038;utm_medium=feed&#038;utm_source=ical<\/a><\/p><\/div><\/div>\t\t\t\t\t\t\t\t\t\t\t\t\t\t<\/li>\n\t\t\t\t\t\t\t\t\t\t\t\t\t\t\t\t\t\t\t\t\t\t\t\t\t\t\t\t<li class=\"event all-day\" data-feed-key=\"0\">\n\t\t\t\t\t\t\t\t\t\t\t\t\t\t\t<span class=\"title has_desc confirmed\">The Magic Mumble Jumble at Halle, Im Wizemann (11 Nov 26)<\/span><div class=\"descloc hover_block\"><div class=\"title_in_hover_block\"><span class=\"title confirmed\">The Magic Mumble Jumble at Halle, Im Wizemann (11 Nov 26)<\/span><\/div><div class=\"location\">Halle, Im Wizemann, Quellenstr. 7, 70376, Stuttgart, Germany<\/div><div class=\"eventdesc\"><p><a href=\"https:\/\/www.songkick.com\/concerts\/43060530-magic-mumble-jumble-at-halle-im-wizemann?utm_campaign=tracked_artist&#038;utm_content=ZD0yNDYxMjg2JnU9MTM3MjI4MTU5&#038;utm_medium=feed&#038;utm_source=ical\" rel=\"nofollow\">https:\/\/www.songkick.com\/concerts\/43060530-magic-mumble-jumble-at-halle-im-wizemann?utm_campaign=tracked_artist&#038;utm_content=ZD0yNDYxMjg2JnU9MTM3MjI4MTU5&#038;utm_medium=feed&#038;utm_source=ical<\/a><\/p><\/div><\/div>\t\t\t\t\t\t\t\t\t\t\t\t\t\t<\/li>\n\t\t\t\t\t\t\t\t\t\t\t\t\t\t\t\t\t\t\t\t\t\t\t\t<\/ul>\n\t\t\t\t\t\t\t\t\t\t\t\t\t\t\t\t\t\t<\/td>\n\t\t\t\t\t\t\t\t\t\t\t\t\t\t\t\t<td data-dow=\"4\" data-events-count=\"3\" data-feed-keys=\"0\" class=\"future has_events d_12 dow_4\">\n\t\t\t\t\t\t\t\t\t<div class=\"day\">\n\t\t\t\t\t\t\t\t\t\t\t\t\t\t\t\t\t\t\t\t\t<span class=\"phone_only\" id=\"r6a97dccace13c5d-20261112\"><span data-date-format=\"l\">Thursday<\/span> <span data-date-format=\"F\">November<\/span> <span data-date-format=\"j\">12<\/span><\/span>\n\t\t\t\t\t\t\t\t\t\t\t<span class=\"no_phone\" aria-hidden=\"true\">12<\/span>\n\t\t\t\t\t\t\t\t\t\t\t\t\t\t\t\t\t\t\t\t<\/div>\n\t\t\t\t\t\t\t\t\t\t\t\t\t\t\t\t\t\t\t<ul class=\"events\" aria-labelledby=\"r6a97dccace13c5d-20261112\">\n\t\t\t\t\t\t\t\t\t\t\t\t\t\t\t\t\t\t\t\t\t\t\t\t\t<li class=\"event all-day\" data-feed-key=\"0\">\n\t\t\t\t\t\t\t\t\t\t\t\t\t\t\t\t\t\t\t\t\t\t\t\t\t\t\t\t\t\t\t<span class=\"all-day-indicator\">All Day<\/span>\n\t\t\t\t\t\t\t\t\t\t\t\t\t\t\t\t<span class=\"title has_desc confirmed\">AMI Warning and Jamaram at Lindenkeller - Unterhaus (12 Nov 26) with Samy Danger<\/span><div class=\"descloc hover_block\"><div class=\"title_in_hover_block\"><span class=\"title confirmed\">AMI Warning and Jamaram at Lindenkeller - Unterhaus (12 Nov 26) with Samy Danger<\/span><\/div><div class=\"location\">Lindenkeller - Unterhaus, Veitsm\u00fcllerweg 2, 85354, Freising, Germany<\/div><div class=\"eventdesc\"><p><a href=\"https:\/\/www.songkick.com\/concerts\/43246071-ami-warning-at-lindenkeller-unterhaus?utm_campaign=tracked_artist&#038;utm_content=ZD0yNDYxMjg2JnU9MTM3MjI4MTU5&#038;utm_medium=feed&#038;utm_source=ical\" rel=\"nofollow\">https:\/\/www.songkick.com\/concerts\/43246071-ami-warning-at-lindenkeller-unterhaus?utm_campaign=tracked_artist&#038;utm_content=ZD0yNDYxMjg2JnU9MTM3MjI4MTU5&#038;utm_medium=feed&#038;utm_source=ical<\/a><\/p><\/div><\/div>\t\t\t\t\t\t\t\t\t\t\t\t\t\t<\/li>\n\t\t\t\t\t\t\t\t\t\t\t\t\t\t\t\t\t\t\t\t\t\t\t\t\t\t\t\t<li class=\"event all-day\" data-feed-key=\"0\">\n\t\t\t\t\t\t\t\t\t\t\t\t\t\t\t<span class=\"title has_desc confirmed\">Eek-a-mouse at Patronaat (12 Nov 26)<\/span><div class=\"descloc hover_block\"><div class=\"title_in_hover_block\"><span class=\"title confirmed\">Eek-a-mouse at Patronaat (12 Nov 26)<\/span><\/div><div class=\"location\">Patronaat, Zijlsingel 2, 2013DN, Haarlem, Netherlands<\/div><div class=\"eventdesc\"><p><a href=\"https:\/\/www.songkick.com\/concerts\/43157775-eekamouse-at-patronaat?utm_campaign=tracked_artist&#038;utm_content=ZD0yNDYxMjg2JnU9MTM3MjI4MTU5&#038;utm_medium=feed&#038;utm_source=ical\" rel=\"nofollow\">https:\/\/www.songkick.com\/concerts\/43157775-eekamouse-at-patronaat?utm_campaign=tracked_artist&#038;utm_content=ZD0yNDYxMjg2JnU9MTM3MjI4MTU5&#038;utm_medium=feed&#038;utm_source=ical<\/a><\/p><\/div><\/div>\t\t\t\t\t\t\t\t\t\t\t\t\t\t<\/li>\n\t\t\t\t\t\t\t\t\t\t\t\t\t\t\t\t\t\t\t\t\t\t\t\t\t\t\t\t<li class=\"event all-day\" data-feed-key=\"0\">\n\t\t\t\t\t\t\t\t\t\t\t\t\t\t\t<span class=\"title has_desc confirmed\">Gentleman at Palladium (12 Nov 26)<\/span><div class=\"descloc hover_block\"><div class=\"title_in_hover_block\"><span class=\"title confirmed\">Gentleman at Palladium (12 Nov 26)<\/span><\/div><div class=\"location\">Palladium, Schanzenstra\u00dfe 40, 51063, Cologne, Germany<\/div><div class=\"eventdesc\"><p><a href=\"https:\/\/www.songkick.com\/concerts\/43108527-gentleman-at-palladium?utm_campaign=tracked_artist&#038;utm_content=ZD0yNDYxMjg2JnU9MTM3MjI4MTU5&#038;utm_medium=feed&#038;utm_source=ical\" rel=\"nofollow\">https:\/\/www.songkick.com\/concerts\/43108527-gentleman-at-palladium?utm_campaign=tracked_artist&#038;utm_content=ZD0yNDYxMjg2JnU9MTM3MjI4MTU5&#038;utm_medium=feed&#038;utm_source=ical<\/a><\/p><\/div><\/div>\t\t\t\t\t\t\t\t\t\t\t\t\t\t<\/li>\n\t\t\t\t\t\t\t\t\t\t\t\t\t\t\t\t\t\t\t\t\t\t\t\t<\/ul>\n\t\t\t\t\t\t\t\t\t\t\t\t\t\t\t\t\t\t<\/td>\n\t\t\t\t\t\t\t\t\t\t\t\t\t\t\t\t<td data-dow=\"5\" data-events-count=\"6\" data-feed-keys=\"0\" class=\"future has_events d_13 dow_5\">\n\t\t\t\t\t\t\t\t\t<div class=\"day\">\n\t\t\t\t\t\t\t\t\t\t\t\t\t\t\t\t\t\t\t\t\t<span class=\"phone_only\" id=\"r6a97dccace13c5d-20261113\"><span data-date-format=\"l\">Friday<\/span> <span data-date-format=\"F\">November<\/span> <span data-date-format=\"j\">13<\/span><\/span>\n\t\t\t\t\t\t\t\t\t\t\t<span class=\"no_phone\" aria-hidden=\"true\">13<\/span>\n\t\t\t\t\t\t\t\t\t\t\t\t\t\t\t\t\t\t\t\t<\/div>\n\t\t\t\t\t\t\t\t\t\t\t\t\t\t\t\t\t\t\t<ul class=\"events\" aria-labelledby=\"r6a97dccace13c5d-20261113\">\n\t\t\t\t\t\t\t\t\t\t\t\t\t\t\t\t\t\t\t\t\t\t\t\t\t<li class=\"event all-day\" data-feed-key=\"0\">\n\t\t\t\t\t\t\t\t\t\t\t\t\t\t\t\t\t\t\t\t\t\t\t\t\t\t\t\t\t\t\t<span class=\"all-day-indicator\">All Day<\/span>\n\t\t\t\t\t\t\t\t\t\t\t\t\t\t\t\t<span class=\"title has_desc confirmed\">AMI Warning and Jamaram at Ampere \/ Muffatwerk (13 Nov 26) with Samy Danger<\/span><div class=\"descloc hover_block\"><div class=\"title_in_hover_block\"><span class=\"title confirmed\">AMI Warning and Jamaram at Ampere \/ Muffatwerk (13 Nov 26) with Samy Danger<\/span><\/div><div class=\"location\">Ampere \/ Muffatwerk, Zellstr. 4, 81667, Munich, Germany<\/div><div class=\"eventdesc\"><p><a href=\"https:\/\/www.songkick.com\/concerts\/43267259-ami-warning-at-ampere-muffatwerk?utm_campaign=tracked_artist&#038;utm_content=ZD0yNDYxMjg2JnU9MTM3MjI4MTU5&#038;utm_medium=feed&#038;utm_source=ical\" rel=\"nofollow\">https:\/\/www.songkick.com\/concerts\/43267259-ami-warning-at-ampere-muffatwerk?utm_campaign=tracked_artist&#038;utm_content=ZD0yNDYxMjg2JnU9MTM3MjI4MTU5&#038;utm_medium=feed&#038;utm_source=ical<\/a><\/p><\/div><\/div>\t\t\t\t\t\t\t\t\t\t\t\t\t\t<\/li>\n\t\t\t\t\t\t\t\t\t\t\t\t\t\t\t\t\t\t\t\t\t\t\t\t\t\t\t\t<li class=\"event all-day\" data-feed-key=\"0\">\n\t\t\t\t\t\t\t\t\t\t\t\t\t\t\t<span class=\"title has_desc confirmed\">Andrea Vanzo at Teatro Tivoli BBVA (13 Nov 26)<\/span><div class=\"descloc hover_block\"><div class=\"title_in_hover_block\"><span class=\"title confirmed\">Andrea Vanzo at Teatro Tivoli BBVA (13 Nov 26)<\/span><\/div><div class=\"location\">Teatro Tivoli BBVA, Av. da Liberdade, 182, 1250-146, Lisbon, Portugal<\/div><div class=\"eventdesc\"><p><a href=\"https:\/\/www.songkick.com\/concerts\/43112734-andrea-vanzo-at-teatro-tivoli-bbva?utm_campaign=tracked_artist&#038;utm_content=ZD0yNDYxMjg2JnU9MTM3MjI4MTU5&#038;utm_medium=feed&#038;utm_source=ical\" rel=\"nofollow\">https:\/\/www.songkick.com\/concerts\/43112734-andrea-vanzo-at-teatro-tivoli-bbva?utm_campaign=tracked_artist&#038;utm_content=ZD0yNDYxMjg2JnU9MTM3MjI4MTU5&#038;utm_medium=feed&#038;utm_source=ical<\/a><\/p><\/div><\/div>\t\t\t\t\t\t\t\t\t\t\t\t\t\t<\/li>\n\t\t\t\t\t\t\t\t\t\t\t\t\t\t\t\t\t\t\t\t\t\t\t\t\t\t\t\t<li class=\"event all-day\" data-feed-key=\"0\">\n\t\t\t\t\t\t\t\t\t\t\t\t\t\t\t<span class=\"title has_desc confirmed\">El Flecha Negra at ROXY Ulm (13 Nov 26)<\/span><div class=\"descloc hover_block\"><div class=\"title_in_hover_block\"><span class=\"title confirmed\">El Flecha Negra at ROXY Ulm (13 Nov 26)<\/span><\/div><div class=\"location\">ROXY Ulm, Schillerstra\u00dfe 1\/12, 89077, Ulm, Germany<\/div><div class=\"eventdesc\"><p><a href=\"https:\/\/www.songkick.com\/concerts\/42791903-el-flecha-negra-at-roxy-ulm?utm_campaign=tracked_artist&#038;utm_content=ZD0yNDYxMjg2JnU9MTM3MjI4MTU5&#038;utm_medium=feed&#038;utm_source=ical\" rel=\"nofollow\">https:\/\/www.songkick.com\/concerts\/42791903-el-flecha-negra-at-roxy-ulm?utm_campaign=tracked_artist&#038;utm_content=ZD0yNDYxMjg2JnU9MTM3MjI4MTU5&#038;utm_medium=feed&#038;utm_source=ical<\/a><\/p><\/div><\/div>\t\t\t\t\t\t\t\t\t\t\t\t\t\t<\/li>\n\t\t\t\t\t\t\t\t\t\t\t\t\t\t\t\t\t\t\t\t\t\t\t\t\t\t\t\t<li class=\"event all-day\" data-feed-key=\"0\">\n\t\t\t\t\t\t\t\t\t\t\t\t\t\t\t<span class=\"title has_desc confirmed\">Hundling at Steinbergers Marktblick (13 Nov 26)<\/span><div class=\"descloc hover_block\"><div class=\"title_in_hover_block\"><span class=\"title confirmed\">Hundling at Steinbergers Marktblick (13 Nov 26)<\/span><\/div><div class=\"location\">Steinbergers Marktblick, Glonn, Germany<\/div><div class=\"eventdesc\"><p><a href=\"https:\/\/www.songkick.com\/concerts\/43092600-hundling-at-steinbergers-marktblick?utm_campaign=tracked_artist&#038;utm_content=ZD0yNDYxMjg2JnU9MTM3MjI4MTU5&#038;utm_medium=feed&#038;utm_source=ical\" rel=\"nofollow\">https:\/\/www.songkick.com\/concerts\/43092600-hundling-at-steinbergers-marktblick?utm_campaign=tracked_artist&#038;utm_content=ZD0yNDYxMjg2JnU9MTM3MjI4MTU5&#038;utm_medium=feed&#038;utm_source=ical<\/a><\/p><\/div><\/div>\t\t\t\t\t\t\t\t\t\t\t\t\t\t<\/li>\n\t\t\t\t\t\t\t\t\t\t\t\t\t\t\t\t\t\t\t\t\t\t\t\t\t\t\t\t<li class=\"event all-day\" data-feed-key=\"0\">\n\t\t\t\t\t\t\t\t\t\t\t\t\t\t\t<span class=\"title has_desc confirmed\">Nils Petter Molvaer at Doubletime Jazz &amp; Kultur Club (13 Nov 26)<\/span><div class=\"descloc hover_block\"><div class=\"title_in_hover_block\"><span class=\"title confirmed\">Nils Petter Molvaer at Doubletime Jazz &amp; Kultur Club (13 Nov 26)<\/span><\/div><div class=\"location\">Doubletime Jazz &amp; Kultur Club, Ostertorwall 2, 31785, Hameln, Germany<\/div><div class=\"eventdesc\"><p><a href=\"https:\/\/www.songkick.com\/concerts\/43245391-nils-petter-molvaer-at-doubletime-jazz-and-kultur-club?utm_campaign=tracked_artist&#038;utm_content=ZD0yNDYxMjg2JnU9MTM3MjI4MTU5&#038;utm_medium=feed&#038;utm_source=ical\" rel=\"nofollow\">https:\/\/www.songkick.com\/concerts\/43245391-nils-petter-molvaer-at-doubletime-jazz-and-kultur-club?utm_campaign=tracked_artist&#038;utm_content=ZD0yNDYxMjg2JnU9MTM3MjI4MTU5&#038;utm_medium=feed&#038;utm_source=ical<\/a><\/p><\/div><\/div>\t\t\t\t\t\t\t\t\t\t\t\t\t\t<\/li>\n\t\t\t\t\t\t\t\t\t\t\t\t\t\t\t\t\t\t\t\t\t\t\t\t\t\t\t\t<li class=\"event all-day\" data-feed-key=\"0\">\n\t\t\t\t\t\t\t\t\t\t\t\t\t\t\t<span class=\"title has_desc confirmed\">The Magic Mumble Jumble at Kulturladen (13 Nov 26)<\/span><div class=\"descloc hover_block\"><div class=\"title_in_hover_block\"><span class=\"title confirmed\">The Magic Mumble Jumble at Kulturladen (13 Nov 26)<\/span><\/div><div class=\"location\">Kulturladen, Joseph Belli Weg 9, 78467, Konstanz, Germany<\/div><div class=\"eventdesc\"><p><a href=\"https:\/\/www.songkick.com\/concerts\/43060448-magic-mumble-jumble-at-kulturladen?utm_campaign=tracked_artist&#038;utm_content=ZD0yNDYxMjg2JnU9MTM3MjI4MTU5&#038;utm_medium=feed&#038;utm_source=ical\" rel=\"nofollow\">https:\/\/www.songkick.com\/concerts\/43060448-magic-mumble-jumble-at-kulturladen?utm_campaign=tracked_artist&#038;utm_content=ZD0yNDYxMjg2JnU9MTM3MjI4MTU5&#038;utm_medium=feed&#038;utm_source=ical<\/a><\/p><\/div><\/div>\t\t\t\t\t\t\t\t\t\t\t\t\t\t<\/li>\n\t\t\t\t\t\t\t\t\t\t\t\t\t\t\t\t\t\t\t\t\t\t\t\t<\/ul>\n\t\t\t\t\t\t\t\t\t\t\t\t\t\t\t\t\t\t<\/td>\n\t\t\t\t\t\t\t\t\t\t\t\t\t\t\t\t<td data-dow=\"6\" data-events-count=\"5\" data-feed-keys=\"0\" class=\"future has_events d_14 dow_6\">\n\t\t\t\t\t\t\t\t\t<div class=\"day\">\n\t\t\t\t\t\t\t\t\t\t\t\t\t\t\t\t\t\t\t\t\t<span class=\"phone_only\" id=\"r6a97dccace13c5d-20261114\"><span data-date-format=\"l\">Saturday<\/span> <span data-date-format=\"F\">November<\/span> <span data-date-format=\"j\">14<\/span><\/span>\n\t\t\t\t\t\t\t\t\t\t\t<span class=\"no_phone\" aria-hidden=\"true\">14<\/span>\n\t\t\t\t\t\t\t\t\t\t\t\t\t\t\t\t\t\t\t\t<\/div>\n\t\t\t\t\t\t\t\t\t\t\t\t\t\t\t\t\t\t\t<ul class=\"events\" aria-labelledby=\"r6a97dccace13c5d-20261114\">\n\t\t\t\t\t\t\t\t\t\t\t\t\t\t\t\t\t\t\t\t\t\t\t\t\t<li class=\"event all-day\" data-feed-key=\"0\">\n\t\t\t\t\t\t\t\t\t\t\t\t\t\t\t\t\t\t\t\t\t\t\t\t\t\t\t\t\t\t\t<span class=\"all-day-indicator\">All Day<\/span>\n\t\t\t\t\t\t\t\t\t\t\t\t\t\t\t\t<span class=\"title has_desc confirmed\">El Flecha Negra at Unknown venue (14 Nov 26)<\/span><div class=\"descloc hover_block\"><div class=\"title_in_hover_block\"><span class=\"title confirmed\">El Flecha Negra at Unknown venue (14 Nov 26)<\/span><\/div><div class=\"location\">Helmbrechts, Germany<\/div><div class=\"eventdesc\"><p><a href=\"https:\/\/www.songkick.com\/concerts\/43103839-el-flecha-negra-at-unknown-venue?utm_campaign=tracked_artist&#038;utm_content=ZD0yNDYxMjg2JnU9MTM3MjI4MTU5&#038;utm_medium=feed&#038;utm_source=ical\" rel=\"nofollow\">https:\/\/www.songkick.com\/concerts\/43103839-el-flecha-negra-at-unknown-venue?utm_campaign=tracked_artist&#038;utm_content=ZD0yNDYxMjg2JnU9MTM3MjI4MTU5&#038;utm_medium=feed&#038;utm_source=ical<\/a><\/p><\/div><\/div>\t\t\t\t\t\t\t\t\t\t\t\t\t\t<\/li>\n\t\t\t\t\t\t\t\t\t\t\t\t\t\t\t\t\t\t\t\t\t\t\t\t\t\t\t\t<li class=\"event all-day\" data-feed-key=\"0\">\n\t\t\t\t\t\t\t\t\t\t\t\t\t\t\t<span class=\"title has_desc confirmed\">Gentleman at Wagenhallen (14 Nov 26)<\/span><div class=\"descloc hover_block\"><div class=\"title_in_hover_block\"><span class=\"title confirmed\">Gentleman at Wagenhallen (14 Nov 26)<\/span><\/div><div class=\"location\">Wagenhallen, Innerer Nordbahnhof 1, 70191, Stuttgart, Germany<\/div><div class=\"eventdesc\"><p><a href=\"https:\/\/www.songkick.com\/concerts\/43108528-gentleman-at-wagenhallen?utm_campaign=tracked_artist&#038;utm_content=ZD0yNDYxMjg2JnU9MTM3MjI4MTU5&#038;utm_medium=feed&#038;utm_source=ical\" rel=\"nofollow\">https:\/\/www.songkick.com\/concerts\/43108528-gentleman-at-wagenhallen?utm_campaign=tracked_artist&#038;utm_content=ZD0yNDYxMjg2JnU9MTM3MjI4MTU5&#038;utm_medium=feed&#038;utm_source=ical<\/a><\/p><\/div><\/div>\t\t\t\t\t\t\t\t\t\t\t\t\t\t<\/li>\n\t\t\t\t\t\t\t\t\t\t\t\t\t\t\t\t\t\t\t\t\t\t\t\t\t\t\t\t<li class=\"event all-day\" data-feed-key=\"0\">\n\t\t\t\t\t\t\t\t\t\t\t\t\t\t\t<span class=\"title has_desc confirmed\">Nils Petter Molvaer at Doubletime Jazz &amp; Kultur Club (14 Nov 26)<\/span><div class=\"descloc hover_block\"><div class=\"title_in_hover_block\"><span class=\"title confirmed\">Nils Petter Molvaer at Doubletime Jazz &amp; Kultur Club (14 Nov 26)<\/span><\/div><div class=\"location\">Doubletime Jazz &amp; Kultur Club, Ostertorwall 2, 31785, Hameln, Germany<\/div><div class=\"eventdesc\"><p><a href=\"https:\/\/www.songkick.com\/concerts\/43248799-nils-petter-molvaer-at-doubletime-jazz-and-kultur-club?utm_campaign=tracked_artist&#038;utm_content=ZD0yNDYxMjg2JnU9MTM3MjI4MTU5&#038;utm_medium=feed&#038;utm_source=ical\" rel=\"nofollow\">https:\/\/www.songkick.com\/concerts\/43248799-nils-petter-molvaer-at-doubletime-jazz-and-kultur-club?utm_campaign=tracked_artist&#038;utm_content=ZD0yNDYxMjg2JnU9MTM3MjI4MTU5&#038;utm_medium=feed&#038;utm_source=ical<\/a><\/p><\/div><\/div>\t\t\t\t\t\t\t\t\t\t\t\t\t\t<\/li>\n\t\t\t\t\t\t\t\t\t\t\t\t\t\t\t\t\t\t\t\t\t\t\t\t\t\t\t\t<li class=\"event all-day\" data-feed-key=\"0\">\n\t\t\t\t\t\t\t\t\t\t\t\t\t\t\t<span class=\"title has_desc confirmed\">The Magic Mumble Jumble at Jazzhaus (14 Nov 26)<\/span><div class=\"descloc hover_block\"><div class=\"title_in_hover_block\"><span class=\"title confirmed\">The Magic Mumble Jumble at Jazzhaus (14 Nov 26)<\/span><\/div><div class=\"location\">Jazzhaus, Schnewlinstr. 1, 79098, Freiburg, Germany<\/div><div class=\"eventdesc\"><p><a href=\"https:\/\/www.songkick.com\/concerts\/43060531-magic-mumble-jumble-at-jazzhaus?utm_campaign=tracked_artist&#038;utm_content=ZD0yNDYxMjg2JnU9MTM3MjI4MTU5&#038;utm_medium=feed&#038;utm_source=ical\" rel=\"nofollow\">https:\/\/www.songkick.com\/concerts\/43060531-magic-mumble-jumble-at-jazzhaus?utm_campaign=tracked_artist&#038;utm_content=ZD0yNDYxMjg2JnU9MTM3MjI4MTU5&#038;utm_medium=feed&#038;utm_source=ical<\/a><\/p><\/div><\/div>\t\t\t\t\t\t\t\t\t\t\t\t\t\t<\/li>\n\t\t\t\t\t\t\t\t\t\t\t\t\t\t\t\t\t\t\t\t\t\t\t\t\t\t\t\t<li class=\"event all-day\" data-feed-key=\"0\">\n\t\t\t\t\t\t\t\t\t\t\t\t\t\t\t<span class=\"title has_desc confirmed\">Tove Lo at Columbiahalle (14 Nov 26)<\/span><div class=\"descloc hover_block\"><div class=\"title_in_hover_block\"><span class=\"title confirmed\">Tove Lo at Columbiahalle (14 Nov 26)<\/span><\/div><div class=\"location\">Columbiahalle, Columbiadamm 13-21, 10965, Berlin, Germany<\/div><div class=\"eventdesc\"><p><a href=\"https:\/\/www.songkick.com\/concerts\/43212677-tove-lo-at-columbiahalle?utm_campaign=tracked_artist&#038;utm_content=ZD0yNDYxMjg2JnU9MTM3MjI4MTU5&#038;utm_medium=feed&#038;utm_source=ical\" rel=\"nofollow\">https:\/\/www.songkick.com\/concerts\/43212677-tove-lo-at-columbiahalle?utm_campaign=tracked_artist&#038;utm_content=ZD0yNDYxMjg2JnU9MTM3MjI4MTU5&#038;utm_medium=feed&#038;utm_source=ical<\/a><\/p><\/div><\/div>\t\t\t\t\t\t\t\t\t\t\t\t\t\t<\/li>\n\t\t\t\t\t\t\t\t\t\t\t\t\t\t\t\t\t\t\t\t\t\t\t\t<\/ul>\n\t\t\t\t\t\t\t\t\t\t\t\t\t\t\t\t\t\t<\/td>\n\t\t\t\t\t\t\t\t\t\t\t\t\t\t\t\t<td data-dow=\"0\" data-events-count=\"3\" data-feed-keys=\"0\" class=\"future has_events d_15 dow_0\">\n\t\t\t\t\t\t\t\t\t<div class=\"day\">\n\t\t\t\t\t\t\t\t\t\t\t\t\t\t\t\t\t\t\t\t\t<span class=\"phone_only\" id=\"r6a97dccace13c5d-20261115\"><span data-date-format=\"l\">Sunday<\/span> <span data-date-format=\"F\">November<\/span> <span data-date-format=\"j\">15<\/span><\/span>\n\t\t\t\t\t\t\t\t\t\t\t<span class=\"no_phone\" aria-hidden=\"true\">15<\/span>\n\t\t\t\t\t\t\t\t\t\t\t\t\t\t\t\t\t\t\t\t<\/div>\n\t\t\t\t\t\t\t\t\t\t\t\t\t\t\t\t\t\t\t<ul class=\"events\" aria-labelledby=\"r6a97dccace13c5d-20261115\">\n\t\t\t\t\t\t\t\t\t\t\t\t\t\t\t\t\t\t\t\t\t\t\t\t\t<li class=\"event all-day\" data-feed-key=\"0\">\n\t\t\t\t\t\t\t\t\t\t\t\t\t\t\t\t\t\t\t\t\t\t\t\t\t\t\t\t\t\t\t<span class=\"all-day-indicator\">All Day<\/span>\n\t\t\t\t\t\t\t\t\t\t\t\t\t\t\t\t<span class=\"title has_desc confirmed\">AMI Warning and Jamaram at Veranstaltungsforum F\u00fcrstenfeld (15 Nov 26) with Samy Danger<\/span><div class=\"descloc hover_block\"><div class=\"title_in_hover_block\"><span class=\"title confirmed\">AMI Warning and Jamaram at Veranstaltungsforum F\u00fcrstenfeld (15 Nov 26) with Samy Danger<\/span><\/div><div class=\"location\">Veranstaltungsforum F\u00fcrstenfeld, F\u00fcrstenfeld 12, 82256, F\u00fcrstenfeldbruck, Germany<\/div><div class=\"eventdesc\"><p><a href=\"https:\/\/www.songkick.com\/concerts\/43248443-ami-warning-at-veranstaltungsforum-furstenfeld?utm_campaign=tracked_artist&#038;utm_content=ZD0yNDYxMjg2JnU9MTM3MjI4MTU5&#038;utm_medium=feed&#038;utm_source=ical\" rel=\"nofollow\">https:\/\/www.songkick.com\/concerts\/43248443-ami-warning-at-veranstaltungsforum-furstenfeld?utm_campaign=tracked_artist&#038;utm_content=ZD0yNDYxMjg2JnU9MTM3MjI4MTU5&#038;utm_medium=feed&#038;utm_source=ical<\/a><\/p><\/div><\/div>\t\t\t\t\t\t\t\t\t\t\t\t\t\t<\/li>\n\t\t\t\t\t\t\t\t\t\t\t\t\t\t\t\t\t\t\t\t\t\t\t\t\t\t\t\t<li class=\"event all-day\" data-feed-key=\"0\">\n\t\t\t\t\t\t\t\t\t\t\t\t\t\t\t<span class=\"title has_desc confirmed\">Gentleman at Posthalle (15 Nov 26)<\/span><div class=\"descloc hover_block\"><div class=\"title_in_hover_block\"><span class=\"title confirmed\">Gentleman at Posthalle (15 Nov 26)<\/span><\/div><div class=\"location\">Posthalle, Bahnhofplatz 2, 97070, W\u00fcrzburg, Germany<\/div><div class=\"eventdesc\"><p><a href=\"https:\/\/www.songkick.com\/concerts\/43108529-gentleman-at-posthalle?utm_campaign=tracked_artist&#038;utm_content=ZD0yNDYxMjg2JnU9MTM3MjI4MTU5&#038;utm_medium=feed&#038;utm_source=ical\" rel=\"nofollow\">https:\/\/www.songkick.com\/concerts\/43108529-gentleman-at-posthalle?utm_campaign=tracked_artist&#038;utm_content=ZD0yNDYxMjg2JnU9MTM3MjI4MTU5&#038;utm_medium=feed&#038;utm_source=ical<\/a><\/p><\/div><\/div>\t\t\t\t\t\t\t\t\t\t\t\t\t\t<\/li>\n\t\t\t\t\t\t\t\t\t\t\t\t\t\t\t\t\t\t\t\t\t\t\t\t\t\t\t\t<li class=\"event all-day\" data-feed-key=\"0\">\n\t\t\t\t\t\t\t\t\t\t\t\t\t\t\t<span class=\"title has_desc confirmed\">Nils Petter Molvaer at Centralstation (15 Nov 26)<\/span><div class=\"descloc hover_block\"><div class=\"title_in_hover_block\"><span class=\"title confirmed\">Nils Petter Molvaer at Centralstation (15 Nov 26)<\/span><\/div><div class=\"location\">Centralstation, Im Carree, 64283, Darmstadt, Germany<\/div><div class=\"eventdesc\"><p><a href=\"https:\/\/www.songkick.com\/concerts\/42861236-nils-petter-molvaer-at-centralstation?utm_campaign=tracked_artist&#038;utm_content=ZD0yNDYxMjg2JnU9MTM3MjI4MTU5&#038;utm_medium=feed&#038;utm_source=ical\" rel=\"nofollow\">https:\/\/www.songkick.com\/concerts\/42861236-nils-petter-molvaer-at-centralstation?utm_campaign=tracked_artist&#038;utm_content=ZD0yNDYxMjg2JnU9MTM3MjI4MTU5&#038;utm_medium=feed&#038;utm_source=ical<\/a><\/p><\/div><\/div>\t\t\t\t\t\t\t\t\t\t\t\t\t\t<\/li>\n\t\t\t\t\t\t\t\t\t\t\t\t\t\t\t\t\t\t\t\t\t\t\t\t<\/ul>\n\t\t\t\t\t\t\t\t\t\t\t\t\t\t\t\t\t\t<\/td>\n\t\t\t\t\t\t\t\t<\/tr><tr>\t\t\t\t\t\t\t\t<td data-dow=\"1\" data-events-count=\"0\" data-feed-keys=\"\" class=\"future empty d_16 dow_1\">\n\t\t\t\t\t\t\t\t\t<div class=\"day\">\n\t\t\t\t\t\t\t\t\t\t\t\t\t\t\t\t\t\t\t\t\t<span class=\"phone_only\" id=\"r6a97dccace13c5d-20261116\"><span data-date-format=\"l\">Monday<\/span> <span data-date-format=\"F\">November<\/span> <span data-date-format=\"j\">16<\/span><\/span>\n\t\t\t\t\t\t\t\t\t\t\t<span class=\"no_phone\" aria-hidden=\"true\">16<\/span>\n\t\t\t\t\t\t\t\t\t\t\t\t\t\t\t\t\t\t\t\t<\/div>\n\t\t\t\t\t\t\t\t\t\t\t\t\t\t\t\t\t<\/td>\n\t\t\t\t\t\t\t\t\t\t\t\t\t\t\t\t<td data-dow=\"2\" data-events-count=\"1\" data-feed-keys=\"0\" class=\"future has_events d_17 dow_2\">\n\t\t\t\t\t\t\t\t\t<div class=\"day\">\n\t\t\t\t\t\t\t\t\t\t\t\t\t\t\t\t\t\t\t\t\t<span class=\"phone_only\" id=\"r6a97dccace13c5d-20261117\"><span data-date-format=\"l\">Tuesday<\/span> <span data-date-format=\"F\">November<\/span> <span data-date-format=\"j\">17<\/span><\/span>\n\t\t\t\t\t\t\t\t\t\t\t<span class=\"no_phone\" aria-hidden=\"true\">17<\/span>\n\t\t\t\t\t\t\t\t\t\t\t\t\t\t\t\t\t\t\t\t<\/div>\n\t\t\t\t\t\t\t\t\t\t\t\t\t\t\t\t\t\t\t<ul class=\"events\" aria-labelledby=\"r6a97dccace13c5d-20261117\">\n\t\t\t\t\t\t\t\t\t\t\t\t\t\t\t\t\t\t\t\t\t\t\t\t\t<li class=\"event all-day\" data-feed-key=\"0\">\n\t\t\t\t\t\t\t\t\t\t\t\t\t\t\t\t\t\t\t\t\t\t\t\t\t\t\t\t\t\t\t<span class=\"all-day-indicator\">All Day<\/span>\n\t\t\t\t\t\t\t\t\t\t\t\t\t\t\t\t<span class=\"title has_desc confirmed\">The Beat Featuring Ranking Jnr, Adrian Belew, Steve Vai, Tony Levin, and Terry Bozzio at Durham Performing Arts Center (DPAC) (17 Nov 26)<\/span><div class=\"descloc hover_block\"><div class=\"title_in_hover_block\"><span class=\"title confirmed\">The Beat Featuring Ranking Jnr, Adrian Belew, Steve Vai, Tony Levin, and Terry Bozzio at Durham Performing Arts Center (DPAC) (17 Nov 26)<\/span><\/div><div class=\"location\">Durham Performing Arts Center (DPAC), 123 Vivian St., 27701, Durham, NC, US<\/div><div class=\"eventdesc\"><p><a href=\"https:\/\/www.songkick.com\/concerts\/43353090-beat-featuring-ranking-jnr-at-durham-performing-arts-center?utm_campaign=tracked_artist&#038;utm_content=ZD0yNDYxMjg2JnU9MTM3MjI4MTU5&#038;utm_medium=feed&#038;utm_source=ical\" rel=\"nofollow\">https:\/\/www.songkick.com\/concerts\/43353090-beat-featuring-ranking-jnr-at-durham-performing-arts-center?utm_campaign=tracked_artist&#038;utm_content=ZD0yNDYxMjg2JnU9MTM3MjI4MTU5&#038;utm_medium=feed&#038;utm_source=ical<\/a><\/p><\/div><\/div>\t\t\t\t\t\t\t\t\t\t\t\t\t\t<\/li>\n\t\t\t\t\t\t\t\t\t\t\t\t\t\t\t\t\t\t\t\t\t\t\t\t<\/ul>\n\t\t\t\t\t\t\t\t\t\t\t\t\t\t\t\t\t\t<\/td>\n\t\t\t\t\t\t\t\t\t\t\t\t\t\t\t\t<td data-dow=\"3\" data-events-count=\"0\" data-feed-keys=\"\" class=\"future empty d_18 dow_3\">\n\t\t\t\t\t\t\t\t\t<div class=\"day\">\n\t\t\t\t\t\t\t\t\t\t\t\t\t\t\t\t\t\t\t\t\t<span class=\"phone_only\" id=\"r6a97dccace13c5d-20261118\"><span data-date-format=\"l\">Wednesday<\/span> <span data-date-format=\"F\">November<\/span> <span data-date-format=\"j\">18<\/span><\/span>\n\t\t\t\t\t\t\t\t\t\t\t<span class=\"no_phone\" aria-hidden=\"true\">18<\/span>\n\t\t\t\t\t\t\t\t\t\t\t\t\t\t\t\t\t\t\t\t<\/div>\n\t\t\t\t\t\t\t\t\t\t\t\t\t\t\t\t\t<\/td>\n\t\t\t\t\t\t\t\t\t\t\t\t\t\t\t\t<td data-dow=\"4\" data-events-count=\"2\" data-feed-keys=\"0\" class=\"future has_events d_19 dow_4\">\n\t\t\t\t\t\t\t\t\t<div class=\"day\">\n\t\t\t\t\t\t\t\t\t\t\t\t\t\t\t\t\t\t\t\t\t<span class=\"phone_only\" id=\"r6a97dccace13c5d-20261119\"><span data-date-format=\"l\">Thursday<\/span> <span data-date-format=\"F\">November<\/span> <span data-date-format=\"j\">19<\/span><\/span>\n\t\t\t\t\t\t\t\t\t\t\t<span class=\"no_phone\" aria-hidden=\"true\">19<\/span>\n\t\t\t\t\t\t\t\t\t\t\t\t\t\t\t\t\t\t\t\t<\/div>\n\t\t\t\t\t\t\t\t\t\t\t\t\t\t\t\t\t\t\t<ul class=\"events\" aria-labelledby=\"r6a97dccace13c5d-20261119\">\n\t\t\t\t\t\t\t\t\t\t\t\t\t\t\t\t\t\t\t\t\t\t\t\t\t<li class=\"event all-day multiday_first\" data-feed-key=\"0\">\n\t\t\t\t\t\t\t\t\t\t\t\t\t\t\t\t\t\t\t\t\t\t\t\t\t\t\t\t\t\t\t<span class=\"all-day-indicator\">All Day<\/span>\n\t\t\t\t\t\t\t\t\t\t\t\t\t\t\t\t<span class=\"title has_desc confirmed\">Full Of Lava 2026<\/span><div class=\"descloc hover_block\"><div class=\"date_in_hover_block\"><span class=\"multiday-start\"><span data-date-format=\"l\">Thursday<\/span> <span data-date-format=\"F\">November<\/span> <span data-date-format=\"j\">19<\/span><\/span><span class=\"multiday-sep\"> &#8211; <\/span><span class=\"multiday-end\"><span data-date-format=\"l\">Sunday<\/span> <span data-date-format=\"F\">November<\/span> <span data-date-format=\"j\">22<\/span><\/span><\/div><div class=\"title_in_hover_block\"><span class=\"title confirmed\">Full Of Lava 2026<\/span><\/div><div class=\"location\">Dampfzentrale, Marzilistrasse 47, 3005, Bern, Switzerland<\/div><div class=\"eventdesc\"><p><a href=\"https:\/\/www.songkick.com\/festivals\/3576838-full-of-lava\/id\/43384402-full-of-lava-2026?utm_campaign=tracked_artist&#038;utm_content=ZD0yNDYxMjg2JnU9MTM3MjI4MTU5&#038;utm_medium=feed&#038;utm_source=ical\" rel=\"nofollow\">https:\/\/www.songkick.com\/festivals\/3576838-full-of-lava\/id\/43384402-full-of-lava-2026?utm_campaign=tracked_artist&#038;utm_content=ZD0yNDYxMjg2JnU9MTM3MjI4MTU5&#038;utm_medium=feed&#038;utm_source=ical<\/a><\/p><\/div><\/div>\t\t\t\t\t\t\t\t\t\t\t\t\t\t<\/li>\n\t\t\t\t\t\t\t\t\t\t\t\t\t\t\t\t\t\t\t\t\t\t\t\t\t\t\t\t<li class=\"event all-day\" data-feed-key=\"0\">\n\t\t\t\t\t\t\t\t\t\t\t\t\t\t\t<span class=\"title has_desc confirmed\">Hundling at Canada (19 Nov 26)<\/span><div class=\"descloc hover_block\"><div class=\"title_in_hover_block\"><span class=\"title confirmed\">Hundling at Canada (19 Nov 26)<\/span><\/div><div class=\"location\">Canada, Hofmarkstr. 5A, 86551, Aichach, Germany<\/div><div class=\"eventdesc\"><p><a href=\"https:\/\/www.songkick.com\/concerts\/43092601-hundling-at-canada?utm_campaign=tracked_artist&#038;utm_content=ZD0yNDYxMjg2JnU9MTM3MjI4MTU5&#038;utm_medium=feed&#038;utm_source=ical\" rel=\"nofollow\">https:\/\/www.songkick.com\/concerts\/43092601-hundling-at-canada?utm_campaign=tracked_artist&#038;utm_content=ZD0yNDYxMjg2JnU9MTM3MjI4MTU5&#038;utm_medium=feed&#038;utm_source=ical<\/a><\/p><\/div><\/div>\t\t\t\t\t\t\t\t\t\t\t\t\t\t<\/li>\n\t\t\t\t\t\t\t\t\t\t\t\t\t\t\t\t\t\t\t\t\t\t\t\t<\/ul>\n\t\t\t\t\t\t\t\t\t\t\t\t\t\t\t\t\t\t<\/td>\n\t\t\t\t\t\t\t\t\t\t\t\t\t\t\t\t<td data-dow=\"5\" data-events-count=\"4\" data-feed-keys=\"0\" class=\"future has_events d_20 dow_5\">\n\t\t\t\t\t\t\t\t\t<div class=\"day\">\n\t\t\t\t\t\t\t\t\t\t\t\t\t\t\t\t\t\t\t\t\t<span class=\"phone_only\" id=\"r6a97dccace13c5d-20261120\"><span data-date-format=\"l\">Friday<\/span> <span data-date-format=\"F\">November<\/span> <span data-date-format=\"j\">20<\/span><\/span>\n\t\t\t\t\t\t\t\t\t\t\t<span class=\"no_phone\" aria-hidden=\"true\">20<\/span>\n\t\t\t\t\t\t\t\t\t\t\t\t\t\t\t\t\t\t\t\t<\/div>\n\t\t\t\t\t\t\t\t\t\t\t\t\t\t\t\t\t\t\t<ul class=\"events\" aria-labelledby=\"r6a97dccace13c5d-20261120\">\n\t\t\t\t\t\t\t\t\t\t\t\t\t\t\t\t\t\t\t\t\t\t\t\t\t<li class=\"event all-day multiday_middle\" data-feed-key=\"0\">\n\t\t\t\t\t\t\t\t\t\t\t\t\t\t\t\t\t\t\t\t\t\t\t\t\t\t\t\t\t\t\t<span class=\"all-day-indicator\">All Day<\/span>\n\t\t\t\t\t\t\t\t\t\t\t\t\t\t\t\t<span class=\"title has_desc confirmed\">Full Of Lava 2026<\/span><div class=\"descloc hover_block\"><div class=\"date_in_hover_block\"><span class=\"multiday-start\"><span data-date-format=\"l\">Thursday<\/span> <span data-date-format=\"F\">November<\/span> <span data-date-format=\"j\">19<\/span><\/span><span class=\"multiday-sep\"> &#8211; <\/span><span class=\"multiday-end\"><span data-date-format=\"l\">Sunday<\/span> <span data-date-format=\"F\">November<\/span> <span data-date-format=\"j\">22<\/span><\/span><\/div><div class=\"title_in_hover_block\"><span class=\"title confirmed\">Full Of Lava 2026<\/span><\/div><div class=\"location\">Dampfzentrale, Marzilistrasse 47, 3005, Bern, Switzerland<\/div><div class=\"eventdesc\"><p><a href=\"https:\/\/www.songkick.com\/festivals\/3576838-full-of-lava\/id\/43384402-full-of-lava-2026?utm_campaign=tracked_artist&#038;utm_content=ZD0yNDYxMjg2JnU9MTM3MjI4MTU5&#038;utm_medium=feed&#038;utm_source=ical\" rel=\"nofollow\">https:\/\/www.songkick.com\/festivals\/3576838-full-of-lava\/id\/43384402-full-of-lava-2026?utm_campaign=tracked_artist&#038;utm_content=ZD0yNDYxMjg2JnU9MTM3MjI4MTU5&#038;utm_medium=feed&#038;utm_source=ical<\/a><\/p><\/div><\/div>\t\t\t\t\t\t\t\t\t\t\t\t\t\t<\/li>\n\t\t\t\t\t\t\t\t\t\t\t\t\t\t\t\t\t\t\t\t\t\t\t\t\t\t\t\t<li class=\"event all-day\" data-feed-key=\"0\">\n\t\t\t\t\t\t\t\t\t\t\t\t\t\t\t<span class=\"title has_desc confirmed\">El Flecha Negra at Reithalle, Kulturforum (20 Nov 26)<\/span><div class=\"descloc hover_block\"><div class=\"title_in_hover_block\"><span class=\"title confirmed\">El Flecha Negra at Reithalle, Kulturforum (20 Nov 26)<\/span><\/div><div class=\"location\">Reithalle, Kulturforum, Moltkestra\u00dfe 31, 77652, Offenburg, Germany<\/div><div class=\"eventdesc\"><p><a href=\"https:\/\/www.songkick.com\/concerts\/43017942-el-flecha-negra-at-reithalle-kulturforum?utm_campaign=tracked_artist&#038;utm_content=ZD0yNDYxMjg2JnU9MTM3MjI4MTU5&#038;utm_medium=feed&#038;utm_source=ical\" rel=\"nofollow\">https:\/\/www.songkick.com\/concerts\/43017942-el-flecha-negra-at-reithalle-kulturforum?utm_campaign=tracked_artist&#038;utm_content=ZD0yNDYxMjg2JnU9MTM3MjI4MTU5&#038;utm_medium=feed&#038;utm_source=ical<\/a><\/p><\/div><\/div>\t\t\t\t\t\t\t\t\t\t\t\t\t\t<\/li>\n\t\t\t\t\t\t\t\t\t\t\t\t\t\t\t\t\t\t\t\t\t\t\t\t\t\t\t\t<li class=\"event all-day\" data-feed-key=\"0\">\n\t\t\t\t\t\t\t\t\t\t\t\t\t\t\t<span class=\"title has_desc confirmed\">Pedestrians at Salzhaus (20 Nov 26)<\/span><div class=\"descloc hover_block\"><div class=\"title_in_hover_block\"><span class=\"title confirmed\">Pedestrians at Salzhaus (20 Nov 26)<\/span><\/div><div class=\"location\">Salzhaus, Untere Vogelsangstrasse 6, 8400, Winterthur, Switzerland<\/div><div class=\"eventdesc\"><p><a href=\"https:\/\/www.songkick.com\/concerts\/43101980-pedestrians-at-salzhaus?utm_campaign=tracked_artist&#038;utm_content=ZD0yNDYxMjg2JnU9MTM3MjI4MTU5&#038;utm_medium=feed&#038;utm_source=ical\" rel=\"nofollow\">https:\/\/www.songkick.com\/concerts\/43101980-pedestrians-at-salzhaus?utm_campaign=tracked_artist&#038;utm_content=ZD0yNDYxMjg2JnU9MTM3MjI4MTU5&#038;utm_medium=feed&#038;utm_source=ical<\/a><\/p><\/div><\/div>\t\t\t\t\t\t\t\t\t\t\t\t\t\t<\/li>\n\t\t\t\t\t\t\t\t\t\t\t\t\t\t\t\t\t\t\t\t\t\t\t\t\t\t\t\t<li class=\"event all-day\" data-feed-key=\"0\">\n\t\t\t\t\t\t\t\t\t\t\t\t\t\t\t<span class=\"title has_desc confirmed\">Shanti Powa at Maschinenhaus (20 Nov 26)<\/span><div class=\"descloc hover_block\"><div class=\"title_in_hover_block\"><span class=\"title confirmed\">Shanti Powa at Maschinenhaus (20 Nov 26)<\/span><\/div><div class=\"location\">Maschinenhaus, Knaackstra\u00dfe 97, 10435, Berlin, Germany<\/div><div class=\"eventdesc\"><p><a href=\"https:\/\/www.songkick.com\/concerts\/43172277-shanti-powa-at-maschinenhaus?utm_campaign=tracked_artist&#038;utm_content=ZD0yNDYxMjg2JnU9MTM3MjI4MTU5&#038;utm_medium=feed&#038;utm_source=ical\" rel=\"nofollow\">https:\/\/www.songkick.com\/concerts\/43172277-shanti-powa-at-maschinenhaus?utm_campaign=tracked_artist&#038;utm_content=ZD0yNDYxMjg2JnU9MTM3MjI4MTU5&#038;utm_medium=feed&#038;utm_source=ical<\/a><\/p><\/div><\/div>\t\t\t\t\t\t\t\t\t\t\t\t\t\t<\/li>\n\t\t\t\t\t\t\t\t\t\t\t\t\t\t\t\t\t\t\t\t\t\t\t\t<\/ul>\n\t\t\t\t\t\t\t\t\t\t\t\t\t\t\t\t\t\t<\/td>\n\t\t\t\t\t\t\t\t\t\t\t\t\t\t\t\t<td data-dow=\"6\" data-events-count=\"8\" data-feed-keys=\"0\" class=\"future has_events d_21 dow_6\">\n\t\t\t\t\t\t\t\t\t<div class=\"day\">\n\t\t\t\t\t\t\t\t\t\t\t\t\t\t\t\t\t\t\t\t\t<span class=\"phone_only\" id=\"r6a97dccace13c5d-20261121\"><span data-date-format=\"l\">Saturday<\/span> <span data-date-format=\"F\">November<\/span> <span data-date-format=\"j\">21<\/span><\/span>\n\t\t\t\t\t\t\t\t\t\t\t<span class=\"no_phone\" aria-hidden=\"true\">21<\/span>\n\t\t\t\t\t\t\t\t\t\t\t\t\t\t\t\t\t\t\t\t<\/div>\n\t\t\t\t\t\t\t\t\t\t\t\t\t\t\t\t\t\t\t<ul class=\"events\" aria-labelledby=\"r6a97dccace13c5d-20261121\">\n\t\t\t\t\t\t\t\t\t\t\t\t\t\t\t\t\t\t\t\t\t\t\t\t\t<li class=\"event all-day multiday_middle\" data-feed-key=\"0\">\n\t\t\t\t\t\t\t\t\t\t\t\t\t\t\t\t\t\t\t\t\t\t\t\t\t\t\t\t\t\t\t<span class=\"all-day-indicator\">All Day<\/span>\n\t\t\t\t\t\t\t\t\t\t\t\t\t\t\t\t<span class=\"title has_desc confirmed\">Full Of Lava 2026<\/span><div class=\"descloc hover_block\"><div class=\"date_in_hover_block\"><span class=\"multiday-start\"><span data-date-format=\"l\">Thursday<\/span> <span data-date-format=\"F\">November<\/span> <span data-date-format=\"j\">19<\/span><\/span><span class=\"multiday-sep\"> &#8211; <\/span><span class=\"multiday-end\"><span data-date-format=\"l\">Sunday<\/span> <span data-date-format=\"F\">November<\/span> <span data-date-format=\"j\">22<\/span><\/span><\/div><div class=\"title_in_hover_block\"><span class=\"title confirmed\">Full Of Lava 2026<\/span><\/div><div class=\"location\">Dampfzentrale, Marzilistrasse 47, 3005, Bern, Switzerland<\/div><div class=\"eventdesc\"><p><a href=\"https:\/\/www.songkick.com\/festivals\/3576838-full-of-lava\/id\/43384402-full-of-lava-2026?utm_campaign=tracked_artist&#038;utm_content=ZD0yNDYxMjg2JnU9MTM3MjI4MTU5&#038;utm_medium=feed&#038;utm_source=ical\" rel=\"nofollow\">https:\/\/www.songkick.com\/festivals\/3576838-full-of-lava\/id\/43384402-full-of-lava-2026?utm_campaign=tracked_artist&#038;utm_content=ZD0yNDYxMjg2JnU9MTM3MjI4MTU5&#038;utm_medium=feed&#038;utm_source=ical<\/a><\/p><\/div><\/div>\t\t\t\t\t\t\t\t\t\t\t\t\t\t<\/li>\n\t\t\t\t\t\t\t\t\t\t\t\t\t\t\t\t\t\t\t\t\t\t\t\t\t\t\t\t<li class=\"event all-day\" data-feed-key=\"0\">\n\t\t\t\t\t\t\t\t\t\t\t\t\t\t\t<span class=\"title has_desc confirmed\">Ang\u00e9lique Kidjo at K\u00f6lner Philharmonie (21 Nov 26)<\/span><div class=\"descloc hover_block\"><div class=\"title_in_hover_block\"><span class=\"title confirmed\">Ang\u00e9lique Kidjo at K\u00f6lner Philharmonie (21 Nov 26)<\/span><\/div><div class=\"location\">K\u00f6lner Philharmonie, Bischofsgartenstr. 1, 50667, Cologne, Germany<\/div><div class=\"eventdesc\"><p><a href=\"https:\/\/www.songkick.com\/concerts\/43176892-angelique-kidjo-at-kolner-philharmonie?utm_campaign=tracked_artist&#038;utm_content=ZD0yNDYxMjg2JnU9MTM3MjI4MTU5&#038;utm_medium=feed&#038;utm_source=ical\" rel=\"nofollow\">https:\/\/www.songkick.com\/concerts\/43176892-angelique-kidjo-at-kolner-philharmonie?utm_campaign=tracked_artist&#038;utm_content=ZD0yNDYxMjg2JnU9MTM3MjI4MTU5&#038;utm_medium=feed&#038;utm_source=ical<\/a><\/p><\/div><\/div>\t\t\t\t\t\t\t\t\t\t\t\t\t\t<\/li>\n\t\t\t\t\t\t\t\t\t\t\t\t\t\t\t\t\t\t\t\t\t\t\t\t\t\t\t\t<li class=\"event all-day\" data-feed-key=\"0\">\n\t\t\t\t\t\t\t\t\t\t\t\t\t\t\t<span class=\"title has_desc confirmed\">Banjoory at Kulturhalle Schanz (21 Nov 26)<\/span><div class=\"descloc hover_block\"><div class=\"title_in_hover_block\"><span class=\"title confirmed\">Banjoory at Kulturhalle Schanz (21 Nov 26)<\/span><\/div><div class=\"location\">Kulturhalle Schanz, Carl-Zeiss-Stra\u00dfe 6, 63165, M\u00fchlheim am Main, Germany<\/div><div class=\"eventdesc\"><p><a href=\"https:\/\/www.songkick.com\/concerts\/43187099-banjoory-at-kulturhalle-schanz?utm_campaign=tracked_artist&#038;utm_content=ZD0yNDYxMjg2JnU9MTM3MjI4MTU5&#038;utm_medium=feed&#038;utm_source=ical\" rel=\"nofollow\">https:\/\/www.songkick.com\/concerts\/43187099-banjoory-at-kulturhalle-schanz?utm_campaign=tracked_artist&#038;utm_content=ZD0yNDYxMjg2JnU9MTM3MjI4MTU5&#038;utm_medium=feed&#038;utm_source=ical<\/a><\/p><\/div><\/div>\t\t\t\t\t\t\t\t\t\t\t\t\t\t<\/li>\n\t\t\t\t\t\t\t\t\t\t\t\t\t\t\t\t\t\t\t\t\t\t\t\t\t\t\t\t<li class=\"event all-day\" data-feed-key=\"0\">\n\t\t\t\t\t\t\t\t\t\t\t\t\t\t\t<span class=\"title has_desc confirmed\">El Flecha Negra at Laboratorium (21 Nov 26)<\/span><div class=\"descloc hover_block\"><div class=\"title_in_hover_block\"><span class=\"title confirmed\">El Flecha Negra at Laboratorium (21 Nov 26)<\/span><\/div><div class=\"location\">Laboratorium, Wagenburgstra\u00dfe 147, 70186, Stuttgart, Germany<\/div><div class=\"eventdesc\"><p><a href=\"https:\/\/www.songkick.com\/concerts\/43122676-el-flecha-negra-at-laboratorium?utm_campaign=tracked_artist&#038;utm_content=ZD0yNDYxMjg2JnU9MTM3MjI4MTU5&#038;utm_medium=feed&#038;utm_source=ical\" rel=\"nofollow\">https:\/\/www.songkick.com\/concerts\/43122676-el-flecha-negra-at-laboratorium?utm_campaign=tracked_artist&#038;utm_content=ZD0yNDYxMjg2JnU9MTM3MjI4MTU5&#038;utm_medium=feed&#038;utm_source=ical<\/a><\/p><\/div><\/div>\t\t\t\t\t\t\t\t\t\t\t\t\t\t<\/li>\n\t\t\t\t\t\t\t\t\t\t\t\t\t\t\t\t\t\t\t\t\t\t\t\t\t\t\t\t<li class=\"event all-day\" data-feed-key=\"0\">\n\t\t\t\t\t\t\t\t\t\t\t\t\t\t\t<span class=\"title has_desc confirmed\">Hundling at NUTS Die Kulturfabrik (21 Nov 26)<\/span><div class=\"descloc hover_block\"><div class=\"title_in_hover_block\"><span class=\"title confirmed\">Hundling at NUTS Die Kulturfabrik (21 Nov 26)<\/span><\/div><div class=\"location\">NUTS Die Kulturfabrik, Crailsheimstra\u00dfe 12, 83278, Traunstein, Germany<\/div><div class=\"eventdesc\"><p><a href=\"https:\/\/www.songkick.com\/concerts\/43092608-hundling-at-nuts-die-kulturfabrik?utm_campaign=tracked_artist&#038;utm_content=ZD0yNDYxMjg2JnU9MTM3MjI4MTU5&#038;utm_medium=feed&#038;utm_source=ical\" rel=\"nofollow\">https:\/\/www.songkick.com\/concerts\/43092608-hundling-at-nuts-die-kulturfabrik?utm_campaign=tracked_artist&#038;utm_content=ZD0yNDYxMjg2JnU9MTM3MjI4MTU5&#038;utm_medium=feed&#038;utm_source=ical<\/a><\/p><\/div><\/div>\t\t\t\t\t\t\t\t\t\t\t\t\t\t<\/li>\n\t\t\t\t\t\t\t\t\t\t\t\t\t\t\t\t\t\t\t\t\t\t\t\t\t\t\t\t<li class=\"event all-day\" data-feed-key=\"0\">\n\t\t\t\t\t\t\t\t\t\t\t\t\t\t\t<span class=\"title has_desc confirmed\">Lo &amp; Leduc at Sch\u00fc\u00fcr (21 Nov 26)<\/span><div class=\"descloc hover_block\"><div class=\"title_in_hover_block\"><span class=\"title confirmed\">Lo &amp; Leduc at Sch\u00fc\u00fcr (21 Nov 26)<\/span><\/div><div class=\"location\">Sch\u00fc\u00fcr, Tribschenstrasse 1, 6005 Luzern, Luzern, Switzerland<\/div><div class=\"eventdesc\"><p><a href=\"https:\/\/www.songkick.com\/concerts\/43081655-lo-and-leduc-at-schuur?utm_campaign=tracked_artist&#038;utm_content=ZD0yNDYxMjg2JnU9MTM3MjI4MTU5&#038;utm_medium=feed&#038;utm_source=ical\" rel=\"nofollow\">https:\/\/www.songkick.com\/concerts\/43081655-lo-and-leduc-at-schuur?utm_campaign=tracked_artist&#038;utm_content=ZD0yNDYxMjg2JnU9MTM3MjI4MTU5&#038;utm_medium=feed&#038;utm_source=ical<\/a><\/p><\/div><\/div>\t\t\t\t\t\t\t\t\t\t\t\t\t\t<\/li>\n\t\t\t\t\t\t\t\t\t\t\t\t\t\t\t\t\t\t\t\t\t\t\t\t\t\t\t\t<li class=\"event all-day\" data-feed-key=\"0\">\n\t\t\t\t\t\t\t\t\t\t\t\t\t\t\t<span class=\"title has_desc confirmed\">Mad Professor at Rocking Chair (21 Nov 26)<\/span><div class=\"descloc hover_block\"><div class=\"title_in_hover_block\"><span class=\"title confirmed\">Mad Professor at Rocking Chair (21 Nov 26)<\/span><\/div><div class=\"location\">Rocking Chair, Ave Gilamont 60, 1800, Vevey, Switzerland<\/div><div class=\"eventdesc\"><p><a href=\"https:\/\/www.songkick.com\/concerts\/43283656-mad-professor-at-rocking-chair?utm_campaign=tracked_artist&#038;utm_content=ZD0yNDYxMjg2JnU9MTM3MjI4MTU5&#038;utm_medium=feed&#038;utm_source=ical\" rel=\"nofollow\">https:\/\/www.songkick.com\/concerts\/43283656-mad-professor-at-rocking-chair?utm_campaign=tracked_artist&#038;utm_content=ZD0yNDYxMjg2JnU9MTM3MjI4MTU5&#038;utm_medium=feed&#038;utm_source=ical<\/a><\/p><\/div><\/div>\t\t\t\t\t\t\t\t\t\t\t\t\t\t<\/li>\n\t\t\t\t\t\t\t\t\t\t\t\t\t\t\t\t\t\t\t\t\t\t\t\t\t\t\t\t<li class=\"event all-day\" data-feed-key=\"0\">\n\t\t\t\t\t\t\t\t\t\t\t\t\t\t\t<span class=\"title has_desc confirmed\">Pedestrians at Kiff, Saal (21 Nov 26)<\/span><div class=\"descloc hover_block\"><div class=\"title_in_hover_block\"><span class=\"title confirmed\">Pedestrians at Kiff, Saal (21 Nov 26)<\/span><\/div><div class=\"location\">Kiff, Saal, Tellistrasse 118, 5000, Aarau, Switzerland<\/div><div class=\"eventdesc\"><p><a href=\"https:\/\/www.songkick.com\/concerts\/43101985-pedestrians-at-kiff-saal?utm_campaign=tracked_artist&#038;utm_content=ZD0yNDYxMjg2JnU9MTM3MjI4MTU5&#038;utm_medium=feed&#038;utm_source=ical\" rel=\"nofollow\">https:\/\/www.songkick.com\/concerts\/43101985-pedestrians-at-kiff-saal?utm_campaign=tracked_artist&#038;utm_content=ZD0yNDYxMjg2JnU9MTM3MjI4MTU5&#038;utm_medium=feed&#038;utm_source=ical<\/a><\/p><\/div><\/div>\t\t\t\t\t\t\t\t\t\t\t\t\t\t<\/li>\n\t\t\t\t\t\t\t\t\t\t\t\t\t\t\t\t\t\t\t\t\t\t\t\t<\/ul>\n\t\t\t\t\t\t\t\t\t\t\t\t\t\t\t\t\t\t<\/td>\n\t\t\t\t\t\t\t\t\t\t\t\t\t\t\t\t<td data-dow=\"0\" data-events-count=\"1\" data-feed-keys=\"0\" class=\"future has_events d_22 dow_0\">\n\t\t\t\t\t\t\t\t\t<div class=\"day\">\n\t\t\t\t\t\t\t\t\t\t\t\t\t\t\t\t\t\t\t\t\t<span class=\"phone_only\" id=\"r6a97dccace13c5d-20261122\"><span data-date-format=\"l\">Sunday<\/span> <span data-date-format=\"F\">November<\/span> <span data-date-format=\"j\">22<\/span><\/span>\n\t\t\t\t\t\t\t\t\t\t\t<span class=\"no_phone\" aria-hidden=\"true\">22<\/span>\n\t\t\t\t\t\t\t\t\t\t\t\t\t\t\t\t\t\t\t\t<\/div>\n\t\t\t\t\t\t\t\t\t\t\t\t\t\t\t\t\t\t\t<ul class=\"events\" aria-labelledby=\"r6a97dccace13c5d-20261122\">\n\t\t\t\t\t\t\t\t\t\t\t\t\t\t\t\t\t\t\t\t\t\t\t\t\t<li class=\"event all-day multiday_last\" data-feed-key=\"0\">\n\t\t\t\t\t\t\t\t\t\t\t\t\t\t\t\t\t\t\t\t\t\t\t\t\t\t\t\t\t\t\t<span class=\"all-day-indicator\">All Day<\/span>\n\t\t\t\t\t\t\t\t\t\t\t\t\t\t\t\t<span class=\"title has_desc confirmed\">Full Of Lava 2026<\/span><div class=\"descloc hover_block\"><div class=\"date_in_hover_block\"><span class=\"multiday-start\"><span data-date-format=\"l\">Thursday<\/span> <span data-date-format=\"F\">November<\/span> <span data-date-format=\"j\">19<\/span><\/span><span class=\"multiday-sep\"> &#8211; <\/span><span class=\"multiday-end\"><span data-date-format=\"l\">Sunday<\/span> <span data-date-format=\"F\">November<\/span> <span data-date-format=\"j\">22<\/span><\/span><\/div><div class=\"title_in_hover_block\"><span class=\"title confirmed\">Full Of Lava 2026<\/span><\/div><div class=\"location\">Dampfzentrale, Marzilistrasse 47, 3005, Bern, Switzerland<\/div><div class=\"eventdesc\"><p><a href=\"https:\/\/www.songkick.com\/festivals\/3576838-full-of-lava\/id\/43384402-full-of-lava-2026?utm_campaign=tracked_artist&#038;utm_content=ZD0yNDYxMjg2JnU9MTM3MjI4MTU5&#038;utm_medium=feed&#038;utm_source=ical\" rel=\"nofollow\">https:\/\/www.songkick.com\/festivals\/3576838-full-of-lava\/id\/43384402-full-of-lava-2026?utm_campaign=tracked_artist&#038;utm_content=ZD0yNDYxMjg2JnU9MTM3MjI4MTU5&#038;utm_medium=feed&#038;utm_source=ical<\/a><\/p><\/div><\/div>\t\t\t\t\t\t\t\t\t\t\t\t\t\t<\/li>\n\t\t\t\t\t\t\t\t\t\t\t\t\t\t\t\t\t\t\t\t\t\t\t\t<\/ul>\n\t\t\t\t\t\t\t\t\t\t\t\t\t\t\t\t\t\t<\/td>\n\t\t\t\t\t\t\t\t<\/tr><tr>\t\t\t\t\t\t\t\t<td data-dow=\"1\" data-events-count=\"0\" data-feed-keys=\"\" class=\"future empty d_23 dow_1\">\n\t\t\t\t\t\t\t\t\t<div class=\"day\">\n\t\t\t\t\t\t\t\t\t\t\t\t\t\t\t\t\t\t\t\t\t<span class=\"phone_only\" id=\"r6a97dccace13c5d-20261123\"><span data-date-format=\"l\">Monday<\/span> <span data-date-format=\"F\">November<\/span> <span data-date-format=\"j\">23<\/span><\/span>\n\t\t\t\t\t\t\t\t\t\t\t<span class=\"no_phone\" aria-hidden=\"true\">23<\/span>\n\t\t\t\t\t\t\t\t\t\t\t\t\t\t\t\t\t\t\t\t<\/div>\n\t\t\t\t\t\t\t\t\t\t\t\t\t\t\t\t\t<\/td>\n\t\t\t\t\t\t\t\t\t\t\t\t\t\t\t\t<td data-dow=\"2\" data-events-count=\"0\" data-feed-keys=\"\" class=\"future empty d_24 dow_2\">\n\t\t\t\t\t\t\t\t\t<div class=\"day\">\n\t\t\t\t\t\t\t\t\t\t\t\t\t\t\t\t\t\t\t\t\t<span class=\"phone_only\" id=\"r6a97dccace13c5d-20261124\"><span data-date-format=\"l\">Tuesday<\/span> <span data-date-format=\"F\">November<\/span> <span data-date-format=\"j\">24<\/span><\/span>\n\t\t\t\t\t\t\t\t\t\t\t<span class=\"no_phone\" aria-hidden=\"true\">24<\/span>\n\t\t\t\t\t\t\t\t\t\t\t\t\t\t\t\t\t\t\t\t<\/div>\n\t\t\t\t\t\t\t\t\t\t\t\t\t\t\t\t\t<\/td>\n\t\t\t\t\t\t\t\t\t\t\t\t\t\t\t\t<td data-dow=\"3\" data-events-count=\"1\" data-feed-keys=\"0\" class=\"future has_events d_25 dow_3\">\n\t\t\t\t\t\t\t\t\t<div class=\"day\">\n\t\t\t\t\t\t\t\t\t\t\t\t\t\t\t\t\t\t\t\t\t<span class=\"phone_only\" id=\"r6a97dccace13c5d-20261125\"><span data-date-format=\"l\">Wednesday<\/span> <span data-date-format=\"F\">November<\/span> <span data-date-format=\"j\">25<\/span><\/span>\n\t\t\t\t\t\t\t\t\t\t\t<span class=\"no_phone\" aria-hidden=\"true\">25<\/span>\n\t\t\t\t\t\t\t\t\t\t\t\t\t\t\t\t\t\t\t\t<\/div>\n\t\t\t\t\t\t\t\t\t\t\t\t\t\t\t\t\t\t\t<ul class=\"events\" aria-labelledby=\"r6a97dccace13c5d-20261125\">\n\t\t\t\t\t\t\t\t\t\t\t\t\t\t\t\t\t\t\t\t\t\t\t\t\t<li class=\"event all-day\" data-feed-key=\"0\">\n\t\t\t\t\t\t\t\t\t\t\t\t\t\t\t\t\t\t\t\t\t\t\t\t\t\t\t\t\t\t\t<span class=\"all-day-indicator\">All Day<\/span>\n\t\t\t\t\t\t\t\t\t\t\t\t\t\t\t\t<span class=\"title has_desc confirmed\">nothhingspecial and Colby at Prachtwerk (25 Nov 26) with Germany<\/span><div class=\"descloc hover_block\"><div class=\"title_in_hover_block\"><span class=\"title confirmed\">nothhingspecial and Colby at Prachtwerk (25 Nov 26) with Germany<\/span><\/div><div class=\"location\">Prachtwerk, Ganghoferstr. 2, 12043, Berlin, Germany<\/div><div class=\"eventdesc\"><p><a href=\"https:\/\/www.songkick.com\/concerts\/43078458-nothhingspecial-at-prachtwerk?utm_campaign=tracked_artist&#038;utm_content=ZD0yNDYxMjg2JnU9MTM3MjI4MTU5&#038;utm_medium=feed&#038;utm_source=ical\" rel=\"nofollow\">https:\/\/www.songkick.com\/concerts\/43078458-nothhingspecial-at-prachtwerk?utm_campaign=tracked_artist&#038;utm_content=ZD0yNDYxMjg2JnU9MTM3MjI4MTU5&#038;utm_medium=feed&#038;utm_source=ical<\/a><\/p><\/div><\/div>\t\t\t\t\t\t\t\t\t\t\t\t\t\t<\/li>\n\t\t\t\t\t\t\t\t\t\t\t\t\t\t\t\t\t\t\t\t\t\t\t\t<\/ul>\n\t\t\t\t\t\t\t\t\t\t\t\t\t\t\t\t\t\t<\/td>\n\t\t\t\t\t\t\t\t\t\t\t\t\t\t\t\t<td data-dow=\"4\" data-events-count=\"3\" data-feed-keys=\"0\" class=\"future has_events d_26 dow_4\">\n\t\t\t\t\t\t\t\t\t<div class=\"day\">\n\t\t\t\t\t\t\t\t\t\t\t\t\t\t\t\t\t\t\t\t\t<span class=\"phone_only\" id=\"r6a97dccace13c5d-20261126\"><span data-date-format=\"l\">Thursday<\/span> <span data-date-format=\"F\">November<\/span> <span data-date-format=\"j\">26<\/span><\/span>\n\t\t\t\t\t\t\t\t\t\t\t<span class=\"no_phone\" aria-hidden=\"true\">26<\/span>\n\t\t\t\t\t\t\t\t\t\t\t\t\t\t\t\t\t\t\t\t<\/div>\n\t\t\t\t\t\t\t\t\t\t\t\t\t\t\t\t\t\t\t<ul class=\"events\" aria-labelledby=\"r6a97dccace13c5d-20261126\">\n\t\t\t\t\t\t\t\t\t\t\t\t\t\t\t\t\t\t\t\t\t\t\t\t\t<li class=\"event all-day\" data-feed-key=\"0\">\n\t\t\t\t\t\t\t\t\t\t\t\t\t\t\t\t\t\t\t\t\t\t\t\t\t\t\t\t\t\t\t<span class=\"all-day-indicator\">All Day<\/span>\n\t\t\t\t\t\t\t\t\t\t\t\t\t\t\t\t<span class=\"title has_desc confirmed\">Dub Spencer &amp; Trance Hill at Sous Soul (26 Nov 26)<\/span><div class=\"descloc hover_block\"><div class=\"title_in_hover_block\"><span class=\"title confirmed\">Dub Spencer &amp; Trance Hill at Sous Soul (26 Nov 26)<\/span><\/div><div class=\"location\">Sous Soul, Junkerngasse 1, Bern, Switzerland<\/div><div class=\"eventdesc\"><p><a href=\"https:\/\/www.songkick.com\/concerts\/43384467-dub-spencer-and-trance-hill-at-sous-soul?utm_campaign=tracked_artist&#038;utm_content=ZD0yNDYxMjg2JnU9MTM3MjI4MTU5&#038;utm_medium=feed&#038;utm_source=ical\" rel=\"nofollow\">https:\/\/www.songkick.com\/concerts\/43384467-dub-spencer-and-trance-hill-at-sous-soul?utm_campaign=tracked_artist&#038;utm_content=ZD0yNDYxMjg2JnU9MTM3MjI4MTU5&#038;utm_medium=feed&#038;utm_source=ical<\/a><\/p><\/div><\/div>\t\t\t\t\t\t\t\t\t\t\t\t\t\t<\/li>\n\t\t\t\t\t\t\t\t\t\t\t\t\t\t\t\t\t\t\t\t\t\t\t\t\t\t\t\t<li class=\"event all-day\" data-feed-key=\"0\">\n\t\t\t\t\t\t\t\t\t\t\t\t\t\t\t<span class=\"title has_desc confirmed\">El Flecha Negra at H42 (26 Nov 26)<\/span><div class=\"descloc hover_block\"><div class=\"title_in_hover_block\"><span class=\"title confirmed\">El Flecha Negra at H42 (26 Nov 26)<\/span><\/div><div class=\"location\">H42, Magdeburger Stra\u00dfe 58 Haus R2, 01067, Dresden, Germany<\/div><div class=\"eventdesc\"><p><a href=\"https:\/\/www.songkick.com\/concerts\/43254344-el-flecha-negra-at-h42?utm_campaign=tracked_artist&#038;utm_content=ZD0yNDYxMjg2JnU9MTM3MjI4MTU5&#038;utm_medium=feed&#038;utm_source=ical\" rel=\"nofollow\">https:\/\/www.songkick.com\/concerts\/43254344-el-flecha-negra-at-h42?utm_campaign=tracked_artist&#038;utm_content=ZD0yNDYxMjg2JnU9MTM3MjI4MTU5&#038;utm_medium=feed&#038;utm_source=ical<\/a><\/p><\/div><\/div>\t\t\t\t\t\t\t\t\t\t\t\t\t\t<\/li>\n\t\t\t\t\t\t\t\t\t\t\t\t\t\t\t\t\t\t\t\t\t\t\t\t\t\t\t\t<li class=\"event all-day\" data-feed-key=\"0\">\n\t\t\t\t\t\t\t\t\t\t\t\t\t\t\t<span class=\"title has_desc confirmed\">El Flecha Negra at Unknown venue (26 Nov 26)<\/span><div class=\"descloc hover_block\"><div class=\"title_in_hover_block\"><span class=\"title confirmed\">El Flecha Negra at Unknown venue (26 Nov 26)<\/span><\/div><div class=\"location\">Dresden, Germany<\/div><div class=\"eventdesc\"><p><a href=\"https:\/\/www.songkick.com\/concerts\/43301800-el-flecha-negra-at-unknown-venue?utm_campaign=tracked_artist&#038;utm_content=ZD0yNDYxMjg2JnU9MTM3MjI4MTU5&#038;utm_medium=feed&#038;utm_source=ical\" rel=\"nofollow\">https:\/\/www.songkick.com\/concerts\/43301800-el-flecha-negra-at-unknown-venue?utm_campaign=tracked_artist&#038;utm_content=ZD0yNDYxMjg2JnU9MTM3MjI4MTU5&#038;utm_medium=feed&#038;utm_source=ical<\/a><\/p><\/div><\/div>\t\t\t\t\t\t\t\t\t\t\t\t\t\t<\/li>\n\t\t\t\t\t\t\t\t\t\t\t\t\t\t\t\t\t\t\t\t\t\t\t\t<\/ul>\n\t\t\t\t\t\t\t\t\t\t\t\t\t\t\t\t\t\t<\/td>\n\t\t\t\t\t\t\t\t\t\t\t\t\t\t\t\t<td data-dow=\"5\" data-events-count=\"1\" data-feed-keys=\"0\" class=\"future has_events d_27 dow_5\">\n\t\t\t\t\t\t\t\t\t<div class=\"day\">\n\t\t\t\t\t\t\t\t\t\t\t\t\t\t\t\t\t\t\t\t\t<span class=\"phone_only\" id=\"r6a97dccace13c5d-20261127\"><span data-date-format=\"l\">Friday<\/span> <span data-date-format=\"F\">November<\/span> <span data-date-format=\"j\">27<\/span><\/span>\n\t\t\t\t\t\t\t\t\t\t\t<span class=\"no_phone\" aria-hidden=\"true\">27<\/span>\n\t\t\t\t\t\t\t\t\t\t\t\t\t\t\t\t\t\t\t\t<\/div>\n\t\t\t\t\t\t\t\t\t\t\t\t\t\t\t\t\t\t\t<ul class=\"events\" aria-labelledby=\"r6a97dccace13c5d-20261127\">\n\t\t\t\t\t\t\t\t\t\t\t\t\t\t\t\t\t\t\t\t\t\t\t\t\t<li class=\"event all-day\" data-feed-key=\"0\">\n\t\t\t\t\t\t\t\t\t\t\t\t\t\t\t\t\t\t\t\t\t\t\t\t\t\t\t\t\t\t\t<span class=\"all-day-indicator\">All Day<\/span>\n\t\t\t\t\t\t\t\t\t\t\t\t\t\t\t\t<span class=\"title has_desc confirmed\">Dub Spencer &amp; Trance Hill at Royal Baden (27 Nov 26)<\/span><div class=\"descloc hover_block\"><div class=\"title_in_hover_block\"><span class=\"title confirmed\">Dub Spencer &amp; Trance Hill at Royal Baden (27 Nov 26)<\/span><\/div><div class=\"location\">Royal Baden, Bahnhofstrasse 39, 5400, Baden, Switzerland<\/div><div class=\"eventdesc\"><p><a href=\"https:\/\/www.songkick.com\/concerts\/43384470-dub-spencer-and-trance-hill-at-royal-baden?utm_campaign=tracked_artist&#038;utm_content=ZD0yNDYxMjg2JnU9MTM3MjI4MTU5&#038;utm_medium=feed&#038;utm_source=ical\" rel=\"nofollow\">https:\/\/www.songkick.com\/concerts\/43384470-dub-spencer-and-trance-hill-at-royal-baden?utm_campaign=tracked_artist&#038;utm_content=ZD0yNDYxMjg2JnU9MTM3MjI4MTU5&#038;utm_medium=feed&#038;utm_source=ical<\/a><\/p><\/div><\/div>\t\t\t\t\t\t\t\t\t\t\t\t\t\t<\/li>\n\t\t\t\t\t\t\t\t\t\t\t\t\t\t\t\t\t\t\t\t\t\t\t\t<\/ul>\n\t\t\t\t\t\t\t\t\t\t\t\t\t\t\t\t\t\t<\/td>\n\t\t\t\t\t\t\t\t\t\t\t\t\t\t\t\t<td data-dow=\"6\" data-events-count=\"5\" data-feed-keys=\"0\" class=\"future has_events d_28 dow_6\">\n\t\t\t\t\t\t\t\t\t<div class=\"day\">\n\t\t\t\t\t\t\t\t\t\t\t\t\t\t\t\t\t\t\t\t\t<span class=\"phone_only\" id=\"r6a97dccace13c5d-20261128\"><span data-date-format=\"l\">Saturday<\/span> <span data-date-format=\"F\">November<\/span> <span data-date-format=\"j\">28<\/span><\/span>\n\t\t\t\t\t\t\t\t\t\t\t<span class=\"no_phone\" aria-hidden=\"true\">28<\/span>\n\t\t\t\t\t\t\t\t\t\t\t\t\t\t\t\t\t\t\t\t<\/div>\n\t\t\t\t\t\t\t\t\t\t\t\t\t\t\t\t\t\t\t<ul class=\"events\" aria-labelledby=\"r6a97dccace13c5d-20261128\">\n\t\t\t\t\t\t\t\t\t\t\t\t\t\t\t\t\t\t\t\t\t\t\t\t\t<li class=\"event all-day\" data-feed-key=\"0\">\n\t\t\t\t\t\t\t\t\t\t\t\t\t\t\t\t\t\t\t\t\t\t\t\t\t\t\t\t\t\t\t<span class=\"all-day-indicator\">All Day<\/span>\n\t\t\t\t\t\t\t\t\t\t\t\t\t\t\t\t<span class=\"title has_desc confirmed\">Ang\u00e9lique Kidjo at Nikolaisaal Potsdam (28 Nov 26)<\/span><div class=\"descloc hover_block\"><div class=\"title_in_hover_block\"><span class=\"title confirmed\">Ang\u00e9lique Kidjo at Nikolaisaal Potsdam (28 Nov 26)<\/span><\/div><div class=\"location\">Nikolaisaal Potsdam, Wilhelm-Staab-Str. 10\/11, 14467, Potsdam, Germany<\/div><div class=\"eventdesc\"><p><a href=\"https:\/\/www.songkick.com\/concerts\/43224893-angelique-kidjo-at-nikolaisaal-potsdam?utm_campaign=tracked_artist&#038;utm_content=ZD0yNDYxMjg2JnU9MTM3MjI4MTU5&#038;utm_medium=feed&#038;utm_source=ical\" rel=\"nofollow\">https:\/\/www.songkick.com\/concerts\/43224893-angelique-kidjo-at-nikolaisaal-potsdam?utm_campaign=tracked_artist&#038;utm_content=ZD0yNDYxMjg2JnU9MTM3MjI4MTU5&#038;utm_medium=feed&#038;utm_source=ical<\/a><\/p><\/div><\/div>\t\t\t\t\t\t\t\t\t\t\t\t\t\t<\/li>\n\t\t\t\t\t\t\t\t\t\t\t\t\t\t\t\t\t\t\t\t\t\t\t\t\t\t\t\t<li class=\"event all-day\" data-feed-key=\"0\">\n\t\t\t\t\t\t\t\t\t\t\t\t\t\t\t<span class=\"title has_desc confirmed\">Dub Spencer &amp; Trance Hill at INDUSTRIE36 (28 Nov 26)<\/span><div class=\"descloc hover_block\"><div class=\"title_in_hover_block\"><span class=\"title confirmed\">Dub Spencer &amp; Trance Hill at INDUSTRIE36 (28 Nov 26)<\/span><\/div><div class=\"location\">INDUSTRIE36, Industriestrasse 36b, 9400, Rorschach, Switzerland<\/div><div class=\"eventdesc\"><p><a href=\"https:\/\/www.songkick.com\/concerts\/43384471-dub-spencer-and-trance-hill-at-industrie36?utm_campaign=tracked_artist&#038;utm_content=ZD0yNDYxMjg2JnU9MTM3MjI4MTU5&#038;utm_medium=feed&#038;utm_source=ical\" rel=\"nofollow\">https:\/\/www.songkick.com\/concerts\/43384471-dub-spencer-and-trance-hill-at-industrie36?utm_campaign=tracked_artist&#038;utm_content=ZD0yNDYxMjg2JnU9MTM3MjI4MTU5&#038;utm_medium=feed&#038;utm_source=ical<\/a><\/p><\/div><\/div>\t\t\t\t\t\t\t\t\t\t\t\t\t\t<\/li>\n\t\t\t\t\t\t\t\t\t\t\t\t\t\t\t\t\t\t\t\t\t\t\t\t\t\t\t\t<li class=\"event all-day\" data-feed-key=\"0\">\n\t\t\t\t\t\t\t\t\t\t\t\t\t\t\t<span class=\"title has_desc confirmed\">El Flecha Negra at Jubez (28 Nov 26)<\/span><div class=\"descloc hover_block\"><div class=\"title_in_hover_block\"><span class=\"title confirmed\">El Flecha Negra at Jubez (28 Nov 26)<\/span><\/div><div class=\"location\">Jubez, Kronenplatz 1, 76133, Karlsruhe, Germany<\/div><div class=\"eventdesc\"><p><a href=\"https:\/\/www.songkick.com\/concerts\/43046645-el-flecha-negra-at-jubez?utm_campaign=tracked_artist&#038;utm_content=ZD0yNDYxMjg2JnU9MTM3MjI4MTU5&#038;utm_medium=feed&#038;utm_source=ical\" rel=\"nofollow\">https:\/\/www.songkick.com\/concerts\/43046645-el-flecha-negra-at-jubez?utm_campaign=tracked_artist&#038;utm_content=ZD0yNDYxMjg2JnU9MTM3MjI4MTU5&#038;utm_medium=feed&#038;utm_source=ical<\/a><\/p><\/div><\/div>\t\t\t\t\t\t\t\t\t\t\t\t\t\t<\/li>\n\t\t\t\t\t\t\t\t\t\t\t\t\t\t\t\t\t\t\t\t\t\t\t\t\t\t\t\t<li class=\"event all-day\" data-feed-key=\"0\">\n\t\t\t\t\t\t\t\t\t\t\t\t\t\t\t<span class=\"title has_desc confirmed\">Konrad Kuechenmeister at Chemiefabrik Dresden (28 Nov 26)<\/span><div class=\"descloc hover_block\"><div class=\"title_in_hover_block\"><span class=\"title confirmed\">Konrad Kuechenmeister at Chemiefabrik Dresden (28 Nov 26)<\/span><\/div><div class=\"location\">Chemiefabrik Dresden, Petrikirchstra\u00dfe 5, 01097, Dresden, Germany<\/div><div class=\"eventdesc\"><p><a href=\"https:\/\/www.songkick.com\/concerts\/43118771-konrad-kuechenmeister-at-chemiefabrik-dresden?utm_campaign=tracked_artist&#038;utm_content=ZD0yNDYxMjg2JnU9MTM3MjI4MTU5&#038;utm_medium=feed&#038;utm_source=ical\" rel=\"nofollow\">https:\/\/www.songkick.com\/concerts\/43118771-konrad-kuechenmeister-at-chemiefabrik-dresden?utm_campaign=tracked_artist&#038;utm_content=ZD0yNDYxMjg2JnU9MTM3MjI4MTU5&#038;utm_medium=feed&#038;utm_source=ical<\/a><\/p><\/div><\/div>\t\t\t\t\t\t\t\t\t\t\t\t\t\t<\/li>\n\t\t\t\t\t\t\t\t\t\t\t\t\t\t\t\t\t\t\t\t\t\t\t\t\t\t\t\t<li class=\"event all-day\" data-feed-key=\"0\">\n\t\t\t\t\t\t\t\t\t\t\t\t\t\t\t<span class=\"title has_desc confirmed\">S\u00f6hne Mannheims at Alter Schlachthof (28 Nov 26)<\/span><div class=\"descloc hover_block\"><div class=\"title_in_hover_block\"><span class=\"title confirmed\">S\u00f6hne Mannheims at Alter Schlachthof (28 Nov 26)<\/span><\/div><div class=\"location\">Alter Schlachthof, Gothaer Str. 11 \/ Ecke Leipziger Str., 01097, Dresden, Germany<\/div><div class=\"eventdesc\"><p><a href=\"https:\/\/www.songkick.com\/concerts\/43023646-sohne-mannheims-at-alter-schlachthof?utm_campaign=tracked_artist&#038;utm_content=ZD0yNDYxMjg2JnU9MTM3MjI4MTU5&#038;utm_medium=feed&#038;utm_source=ical\" rel=\"nofollow\">https:\/\/www.songkick.com\/concerts\/43023646-sohne-mannheims-at-alter-schlachthof?utm_campaign=tracked_artist&#038;utm_content=ZD0yNDYxMjg2JnU9MTM3MjI4MTU5&#038;utm_medium=feed&#038;utm_source=ical<\/a><\/p><\/div><\/div>\t\t\t\t\t\t\t\t\t\t\t\t\t\t<\/li>\n\t\t\t\t\t\t\t\t\t\t\t\t\t\t\t\t\t\t\t\t\t\t\t\t<\/ul>\n\t\t\t\t\t\t\t\t\t\t\t\t\t\t\t\t\t\t<\/td>\n\t\t\t\t\t\t\t\t\t\t\t\t\t\t\t\t<td data-dow=\"0\" data-events-count=\"1\" data-feed-keys=\"0\" class=\"future has_events d_29 dow_0\">\n\t\t\t\t\t\t\t\t\t<div class=\"day\">\n\t\t\t\t\t\t\t\t\t\t\t\t\t\t\t\t\t\t\t\t\t<span class=\"phone_only\" id=\"r6a97dccace13c5d-20261129\"><span data-date-format=\"l\">Sunday<\/span> <span data-date-format=\"F\">November<\/span> <span data-date-format=\"j\">29<\/span><\/span>\n\t\t\t\t\t\t\t\t\t\t\t<span class=\"no_phone\" aria-hidden=\"true\">29<\/span>\n\t\t\t\t\t\t\t\t\t\t\t\t\t\t\t\t\t\t\t\t<\/div>\n\t\t\t\t\t\t\t\t\t\t\t\t\t\t\t\t\t\t\t<ul class=\"events\" aria-labelledby=\"r6a97dccace13c5d-20261129\">\n\t\t\t\t\t\t\t\t\t\t\t\t\t\t\t\t\t\t\t\t\t\t\t\t\t<li class=\"event all-day\" data-feed-key=\"0\">\n\t\t\t\t\t\t\t\t\t\t\t\t\t\t\t\t\t\t\t\t\t\t\t\t\t\t\t\t\t\t\t<span class=\"all-day-indicator\">All Day<\/span>\n\t\t\t\t\t\t\t\t\t\t\t\t\t\t\t\t<span class=\"title has_desc confirmed\">S\u00f6hne Mannheims at Alte Oper Erfurt (29 Nov 26)<\/span><div class=\"descloc hover_block\"><div class=\"title_in_hover_block\"><span class=\"title confirmed\">S\u00f6hne Mannheims at Alte Oper Erfurt (29 Nov 26)<\/span><\/div><div class=\"location\">Alte Oper Erfurt, Gorkistrasse 1, 99084, Erfurt, Germany<\/div><div class=\"eventdesc\"><p><a href=\"https:\/\/www.songkick.com\/concerts\/43023647-sohne-mannheims-at-alte-oper-erfurt?utm_campaign=tracked_artist&#038;utm_content=ZD0yNDYxMjg2JnU9MTM3MjI4MTU5&#038;utm_medium=feed&#038;utm_source=ical\" rel=\"nofollow\">https:\/\/www.songkick.com\/concerts\/43023647-sohne-mannheims-at-alte-oper-erfurt?utm_campaign=tracked_artist&#038;utm_content=ZD0yNDYxMjg2JnU9MTM3MjI4MTU5&#038;utm_medium=feed&#038;utm_source=ical<\/a><\/p><\/div><\/div>\t\t\t\t\t\t\t\t\t\t\t\t\t\t<\/li>\n\t\t\t\t\t\t\t\t\t\t\t\t\t\t\t\t\t\t\t\t\t\t\t\t<\/ul>\n\t\t\t\t\t\t\t\t\t\t\t\t\t\t\t\t\t\t<\/td>\n\t\t\t\t\t\t\t\t<\/tr><tr>\t\t\t\t\t\t\t\t<td data-dow=\"1\" data-events-count=\"1\" data-feed-keys=\"0\" class=\"future has_events d_30 dow_1\">\n\t\t\t\t\t\t\t\t\t<div class=\"day\">\n\t\t\t\t\t\t\t\t\t\t\t\t\t\t\t\t\t\t\t\t\t<span class=\"phone_only\" id=\"r6a97dccace13c5d-20261130\"><span data-date-format=\"l\">Monday<\/span> <span data-date-format=\"F\">November<\/span> <span data-date-format=\"j\">30<\/span><\/span>\n\t\t\t\t\t\t\t\t\t\t\t<span class=\"no_phone\" aria-hidden=\"true\">30<\/span>\n\t\t\t\t\t\t\t\t\t\t\t\t\t\t\t\t\t\t\t\t<\/div>\n\t\t\t\t\t\t\t\t\t\t\t\t\t\t\t\t\t\t\t<ul class=\"events\" aria-labelledby=\"r6a97dccace13c5d-20261130\">\n\t\t\t\t\t\t\t\t\t\t\t\t\t\t\t\t\t\t\t\t\t\t\t\t\t<li class=\"event all-day\" data-feed-key=\"0\">\n\t\t\t\t\t\t\t\t\t\t\t\t\t\t\t\t\t\t\t\t\t\t\t\t\t\t\t\t\t\t\t<span class=\"all-day-indicator\">All Day<\/span>\n\t\t\t\t\t\t\t\t\t\t\t\t\t\t\t\t<span class=\"title has_desc confirmed\">S\u00f6hne Mannheims at Felsenkeller (30 Nov 26)<\/span><div class=\"descloc hover_block\"><div class=\"title_in_hover_block\"><span class=\"title confirmed\">S\u00f6hne Mannheims at Felsenkeller (30 Nov 26)<\/span><\/div><div class=\"location\">Felsenkeller, Karl-Heine-Stra\u00dfe 32, 04229, Leipzig, Germany<\/div><div class=\"eventdesc\"><p><a href=\"https:\/\/www.songkick.com\/concerts\/43023648-sohne-mannheims-at-felsenkeller?utm_campaign=tracked_artist&#038;utm_content=ZD0yNDYxMjg2JnU9MTM3MjI4MTU5&#038;utm_medium=feed&#038;utm_source=ical\" rel=\"nofollow\">https:\/\/www.songkick.com\/concerts\/43023648-sohne-mannheims-at-felsenkeller?utm_campaign=tracked_artist&#038;utm_content=ZD0yNDYxMjg2JnU9MTM3MjI4MTU5&#038;utm_medium=feed&#038;utm_source=ical<\/a><\/p><\/div><\/div>\t\t\t\t\t\t\t\t\t\t\t\t\t\t<\/li>\n\t\t\t\t\t\t\t\t\t\t\t\t\t\t\t\t\t\t\t\t\t\t\t\t<\/ul>\n\t\t\t\t\t\t\t\t\t\t\t\t\t\t\t\t\t\t<\/td>\n\t\t\t\t\t\t\t\t\t\t\t\t\t\t\t\t<td class=\"off\" data-dow=\"2\"><\/td>\n\t\t\t\t\t\t\t\t\t\t\t\t\t\t\t\t<td class=\"off\" data-dow=\"3\"><\/td>\n\t\t\t\t\t\t\t\t\t\t\t\t\t\t\t\t<td class=\"off\" data-dow=\"4\"><\/td>\n\t\t\t\t\t\t\t\t\t\t\t\t\t\t\t\t<td class=\"off\" data-dow=\"5\"><\/td>\n\t\t\t\t\t\t\t\t\t\t\t\t\t\t\t\t<td class=\"off\" data-dow=\"6\"><\/td>\n\t\t\t\t\t\t\t\t\t\t\t\t\t\t\t\t<td class=\"off\" data-dow=\"0\"><\/td>\n\t\t\t\t\t\t\t\t\t\t\t\t\t\t<\/tr>\n\t\t\t\t\t<\/tbody>\n\t\t\t\t<\/table>\n\n\t\t\t\t\n\t\t\t<\/article>\n\t\t\t\t\t\t<article class=\"ics-calendar-month-wrapper\" style=\"display: none;\" data-year-month=\"202612\" data-is-this-month=\"0\">\n\n\t\t\t\t\t\t\t\t\t<h3 class=\"ics-calendar-label\" id=\"r6a97dccace13c5d-202612\">December 2026<\/h3>\n\t\t\t\t\t\t\t\t\t\n\t\t\t\t<table class=\"ics-calendar-month-grid\" aria-labelledby=\"r6a97dccace13c5d-202612\">\n\t\t\t\t\t<thead>\n\t\t\t\t\t\t<tr>\n\t\t\t\t\t\t\t\t\t\t\t\t\t\t\t<th data-dow=\"1\">Monday<\/th>\n\t\t\t\t\t\t\t\t\t\t\t\t\t\t\t\t<th data-dow=\"2\">Tuesday<\/th>\n\t\t\t\t\t\t\t\t\t\t\t\t\t\t\t\t<th data-dow=\"3\">Wednesday<\/th>\n\t\t\t\t\t\t\t\t\t\t\t\t\t\t\t\t<th data-dow=\"4\">Thursday<\/th>\n\t\t\t\t\t\t\t\t\t\t\t\t\t\t\t\t<th data-dow=\"5\">Friday<\/th>\n\t\t\t\t\t\t\t\t\t\t\t\t\t\t\t\t<th data-dow=\"6\">Saturday<\/th>\n\t\t\t\t\t\t\t\t\t\t\t\t\t\t\t\t<th data-dow=\"0\">Sunday<\/th>\n\t\t\t\t\t\t\t\t\t\t\t\t\t\t<\/tr>\n\t\t\t\t\t<\/thead>\n\n\t\t\t\t\t<tbody>\n\t\t\t\t\t\t<tr>\n\t\t\t\t\t\t\t\t\t\t\t\t\t\t\t<td class=\"off\" data-dow=\"1\"><\/td>\n\t\t\t\t\t\t\t\t\t\t\t\t\t\t\t\t<td data-dow=\"2\" data-events-count=\"1\" data-feed-keys=\"0\" class=\"future has_events d_01 dow_2\">\n\t\t\t\t\t\t\t\t\t<div class=\"day\">\n\t\t\t\t\t\t\t\t\t\t\t\t\t\t\t\t\t\t\t\t\t<span class=\"phone_only\" id=\"r6a97dccace13c5d-20261201\"><span data-date-format=\"l\">Tuesday<\/span> <span data-date-format=\"F\">December<\/span> <span data-date-format=\"j\">1<\/span><\/span>\n\t\t\t\t\t\t\t\t\t\t\t<span class=\"no_phone\" aria-hidden=\"true\">1<\/span>\n\t\t\t\t\t\t\t\t\t\t\t\t\t\t\t\t\t\t\t\t<\/div>\n\t\t\t\t\t\t\t\t\t\t\t\t\t\t\t\t\t\t\t<ul class=\"events\" aria-labelledby=\"r6a97dccace13c5d-20261201\">\n\t\t\t\t\t\t\t\t\t\t\t\t\t\t\t\t\t\t\t\t\t\t\t\t\t<li class=\"event all-day\" data-feed-key=\"0\">\n\t\t\t\t\t\t\t\t\t\t\t\t\t\t\t\t\t\t\t\t\t\t\t\t\t\t\t\t\t\t\t<span class=\"all-day-indicator\">All Day<\/span>\n\t\t\t\t\t\t\t\t\t\t\t\t\t\t\t\t<span class=\"title has_desc confirmed\">S\u00f6hne Mannheims at Steintor Variet\u00e9 Halle (01 Dec 26)<\/span><div class=\"descloc hover_block\"><div class=\"title_in_hover_block\"><span class=\"title confirmed\">S\u00f6hne Mannheims at Steintor Variet\u00e9 Halle (01 Dec 26)<\/span><\/div><div class=\"location\">Steintor Variet\u00e9 Halle, Am Steintor 10, 06112, Halle, Germany<\/div><div class=\"eventdesc\"><p><a href=\"https:\/\/www.songkick.com\/concerts\/43023649-sohne-mannheims-at-steintor-variete-halle?utm_campaign=tracked_artist&#038;utm_content=ZD0yNDYxMjg2JnU9MTM3MjI4MTU5&#038;utm_medium=feed&#038;utm_source=ical\" rel=\"nofollow\">https:\/\/www.songkick.com\/concerts\/43023649-sohne-mannheims-at-steintor-variete-halle?utm_campaign=tracked_artist&#038;utm_content=ZD0yNDYxMjg2JnU9MTM3MjI4MTU5&#038;utm_medium=feed&#038;utm_source=ical<\/a><\/p><\/div><\/div>\t\t\t\t\t\t\t\t\t\t\t\t\t\t<\/li>\n\t\t\t\t\t\t\t\t\t\t\t\t\t\t\t\t\t\t\t\t\t\t\t\t<\/ul>\n\t\t\t\t\t\t\t\t\t\t\t\t\t\t\t\t\t\t<\/td>\n\t\t\t\t\t\t\t\t\t\t\t\t\t\t\t\t<td data-dow=\"3\" data-events-count=\"2\" data-feed-keys=\"0\" class=\"future has_events d_02 dow_3\">\n\t\t\t\t\t\t\t\t\t<div class=\"day\">\n\t\t\t\t\t\t\t\t\t\t\t\t\t\t\t\t\t\t\t\t\t<span class=\"phone_only\" id=\"r6a97dccace13c5d-20261202\"><span data-date-format=\"l\">Wednesday<\/span> <span data-date-format=\"F\">December<\/span> <span data-date-format=\"j\">2<\/span><\/span>\n\t\t\t\t\t\t\t\t\t\t\t<span class=\"no_phone\" aria-hidden=\"true\">2<\/span>\n\t\t\t\t\t\t\t\t\t\t\t\t\t\t\t\t\t\t\t\t<\/div>\n\t\t\t\t\t\t\t\t\t\t\t\t\t\t\t\t\t\t\t<ul class=\"events\" aria-labelledby=\"r6a97dccace13c5d-20261202\">\n\t\t\t\t\t\t\t\t\t\t\t\t\t\t\t\t\t\t\t\t\t\t\t\t\t<li class=\"event all-day\" data-feed-key=\"0\">\n\t\t\t\t\t\t\t\t\t\t\t\t\t\t\t\t\t\t\t\t\t\t\t\t\t\t\t\t\t\t\t<span class=\"all-day-indicator\">All Day<\/span>\n\t\t\t\t\t\t\t\t\t\t\t\t\t\t\t\t<span class=\"title has_desc confirmed\">Ibeyi at Teatro Capit\u00f3lio (02 Dec 26)<\/span><div class=\"descloc hover_block\"><div class=\"title_in_hover_block\"><span class=\"title confirmed\">Ibeyi at Teatro Capit\u00f3lio (02 Dec 26)<\/span><\/div><div class=\"location\">Teatro Capit\u00f3lio, Lisbon, Portugal<\/div><div class=\"eventdesc\"><p><a href=\"https:\/\/www.songkick.com\/concerts\/43238274-ibeyi-at-teatro-capitolio?utm_campaign=tracked_artist&#038;utm_content=ZD0yNDYxMjg2JnU9MTM3MjI4MTU5&#038;utm_medium=feed&#038;utm_source=ical\" rel=\"nofollow\">https:\/\/www.songkick.com\/concerts\/43238274-ibeyi-at-teatro-capitolio?utm_campaign=tracked_artist&#038;utm_content=ZD0yNDYxMjg2JnU9MTM3MjI4MTU5&#038;utm_medium=feed&#038;utm_source=ical<\/a><\/p><\/div><\/div>\t\t\t\t\t\t\t\t\t\t\t\t\t\t<\/li>\n\t\t\t\t\t\t\t\t\t\t\t\t\t\t\t\t\t\t\t\t\t\t\t\t\t\t\t\t<li class=\"event all-day\" data-feed-key=\"0\">\n\t\t\t\t\t\t\t\t\t\t\t\t\t\t\t<span class=\"title has_desc confirmed\">S\u00f6hne Mannheims at Konzert- &amp; Ballhaus Neue Welt (02 Dec 26)<\/span><div class=\"descloc hover_block\"><div class=\"title_in_hover_block\"><span class=\"title confirmed\">S\u00f6hne Mannheims at Konzert- &amp; Ballhaus Neue Welt (02 Dec 26)<\/span><\/div><div class=\"location\">Konzert- &amp; Ballhaus Neue Welt, Leipziger Stra\u00dfe 182, 08058, Zwickau, Germany<\/div><div class=\"eventdesc\"><p><a href=\"https:\/\/www.songkick.com\/concerts\/43023650-sohne-mannheims-at-konzert-and-ballhaus-neue-welt?utm_campaign=tracked_artist&#038;utm_content=ZD0yNDYxMjg2JnU9MTM3MjI4MTU5&#038;utm_medium=feed&#038;utm_source=ical\" rel=\"nofollow\">https:\/\/www.songkick.com\/concerts\/43023650-sohne-mannheims-at-konzert-and-ballhaus-neue-welt?utm_campaign=tracked_artist&#038;utm_content=ZD0yNDYxMjg2JnU9MTM3MjI4MTU5&#038;utm_medium=feed&#038;utm_source=ical<\/a><\/p><\/div><\/div>\t\t\t\t\t\t\t\t\t\t\t\t\t\t<\/li>\n\t\t\t\t\t\t\t\t\t\t\t\t\t\t\t\t\t\t\t\t\t\t\t\t<\/ul>\n\t\t\t\t\t\t\t\t\t\t\t\t\t\t\t\t\t\t<\/td>\n\t\t\t\t\t\t\t\t\t\t\t\t\t\t\t\t<td data-dow=\"4\" data-events-count=\"1\" data-feed-keys=\"0\" class=\"future has_events d_03 dow_4\">\n\t\t\t\t\t\t\t\t\t<div class=\"day\">\n\t\t\t\t\t\t\t\t\t\t\t\t\t\t\t\t\t\t\t\t\t<span class=\"phone_only\" id=\"r6a97dccace13c5d-20261203\"><span data-date-format=\"l\">Thursday<\/span> <span data-date-format=\"F\">December<\/span> <span data-date-format=\"j\">3<\/span><\/span>\n\t\t\t\t\t\t\t\t\t\t\t<span class=\"no_phone\" aria-hidden=\"true\">3<\/span>\n\t\t\t\t\t\t\t\t\t\t\t\t\t\t\t\t\t\t\t\t<\/div>\n\t\t\t\t\t\t\t\t\t\t\t\t\t\t\t\t\t\t\t<ul class=\"events\" aria-labelledby=\"r6a97dccace13c5d-20261203\">\n\t\t\t\t\t\t\t\t\t\t\t\t\t\t\t\t\t\t\t\t\t\t\t\t\t<li class=\"event all-day\" data-feed-key=\"0\">\n\t\t\t\t\t\t\t\t\t\t\t\t\t\t\t\t\t\t\t\t\t\t\t\t\t\t\t\t\t\t\t<span class=\"all-day-indicator\">All Day<\/span>\n\t\t\t\t\t\t\t\t\t\t\t\t\t\t\t\t<span class=\"title has_desc confirmed\">The Gardener &amp; The Tree at X-TRA Haus der Musik (03 Dec 26)<\/span><div class=\"descloc hover_block\"><div class=\"title_in_hover_block\"><span class=\"title confirmed\">The Gardener &amp; The Tree at X-TRA Haus der Musik (03 Dec 26)<\/span><\/div><div class=\"location\">X-TRA Haus der Musik, Limmatstrasse 118, 8031, Z\u00fcrich, Switzerland<\/div><div class=\"eventdesc\"><p><a href=\"https:\/\/www.songkick.com\/concerts\/43060950-gardener-and-the-tree-at-xtra-haus-der-musik?utm_campaign=tracked_artist&#038;utm_content=ZD0yNDYxMjg2JnU9MTM3MjI4MTU5&#038;utm_medium=feed&#038;utm_source=ical\" rel=\"nofollow\">https:\/\/www.songkick.com\/concerts\/43060950-gardener-and-the-tree-at-xtra-haus-der-musik?utm_campaign=tracked_artist&#038;utm_content=ZD0yNDYxMjg2JnU9MTM3MjI4MTU5&#038;utm_medium=feed&#038;utm_source=ical<\/a><\/p><\/div><\/div>\t\t\t\t\t\t\t\t\t\t\t\t\t\t<\/li>\n\t\t\t\t\t\t\t\t\t\t\t\t\t\t\t\t\t\t\t\t\t\t\t\t<\/ul>\n\t\t\t\t\t\t\t\t\t\t\t\t\t\t\t\t\t\t<\/td>\n\t\t\t\t\t\t\t\t\t\t\t\t\t\t\t\t<td data-dow=\"5\" data-events-count=\"4\" data-feed-keys=\"0\" class=\"future has_events d_04 dow_5\">\n\t\t\t\t\t\t\t\t\t<div class=\"day\">\n\t\t\t\t\t\t\t\t\t\t\t\t\t\t\t\t\t\t\t\t\t<span class=\"phone_only\" id=\"r6a97dccace13c5d-20261204\"><span data-date-format=\"l\">Friday<\/span> <span data-date-format=\"F\">December<\/span> <span data-date-format=\"j\">4<\/span><\/span>\n\t\t\t\t\t\t\t\t\t\t\t<span class=\"no_phone\" aria-hidden=\"true\">4<\/span>\n\t\t\t\t\t\t\t\t\t\t\t\t\t\t\t\t\t\t\t\t<\/div>\n\t\t\t\t\t\t\t\t\t\t\t\t\t\t\t\t\t\t\t<ul class=\"events\" aria-labelledby=\"r6a97dccace13c5d-20261204\">\n\t\t\t\t\t\t\t\t\t\t\t\t\t\t\t\t\t\t\t\t\t\t\t\t\t<li class=\"event all-day\" data-feed-key=\"0\">\n\t\t\t\t\t\t\t\t\t\t\t\t\t\t\t\t\t\t\t\t\t\t\t\t\t\t\t\t\t\t\t<span class=\"all-day-indicator\">All Day<\/span>\n\t\t\t\t\t\t\t\t\t\t\t\t\t\t\t\t<span class=\"title has_desc confirmed\">AMI Warning at Ansbacher Kammerspiele (04 Dec 26)<\/span><div class=\"descloc hover_block\"><div class=\"title_in_hover_block\"><span class=\"title confirmed\">AMI Warning at Ansbacher Kammerspiele (04 Dec 26)<\/span><\/div><div class=\"location\">Ansbacher Kammerspiele, Maximilianstrasse 29, 91522, Ansbach, Germany<\/div><div class=\"eventdesc\"><p><a href=\"https:\/\/www.songkick.com\/concerts\/43004280-ami-warning-at-ansbacher-kammerspiele?utm_campaign=tracked_artist&#038;utm_content=ZD0yNDYxMjg2JnU9MTM3MjI4MTU5&#038;utm_medium=feed&#038;utm_source=ical\" rel=\"nofollow\">https:\/\/www.songkick.com\/concerts\/43004280-ami-warning-at-ansbacher-kammerspiele?utm_campaign=tracked_artist&#038;utm_content=ZD0yNDYxMjg2JnU9MTM3MjI4MTU5&#038;utm_medium=feed&#038;utm_source=ical<\/a><\/p><\/div><\/div>\t\t\t\t\t\t\t\t\t\t\t\t\t\t<\/li>\n\t\t\t\t\t\t\t\t\t\t\t\t\t\t\t\t\t\t\t\t\t\t\t\t\t\t\t\t<li class=\"event all-day\" data-feed-key=\"0\">\n\t\t\t\t\t\t\t\t\t\t\t\t\t\t\t<span class=\"title has_desc confirmed\">Biga*Ranx at ASTRA Kulturhaus (04 Dec 26)<\/span><div class=\"descloc hover_block\"><div class=\"title_in_hover_block\"><span class=\"title confirmed\">Biga*Ranx at ASTRA Kulturhaus (04 Dec 26)<\/span><\/div><div class=\"location\">ASTRA Kulturhaus, Revaler Str. 99, 10245, Berlin, Germany<\/div><div class=\"eventdesc\"><p><a href=\"https:\/\/www.songkick.com\/concerts\/43167844-bigaranx-at-astra-kulturhaus?utm_campaign=tracked_artist&#038;utm_content=ZD0yNDYxMjg2JnU9MTM3MjI4MTU5&#038;utm_medium=feed&#038;utm_source=ical\" rel=\"nofollow\">https:\/\/www.songkick.com\/concerts\/43167844-bigaranx-at-astra-kulturhaus?utm_campaign=tracked_artist&#038;utm_content=ZD0yNDYxMjg2JnU9MTM3MjI4MTU5&#038;utm_medium=feed&#038;utm_source=ical<\/a><\/p><\/div><\/div>\t\t\t\t\t\t\t\t\t\t\t\t\t\t<\/li>\n\t\t\t\t\t\t\t\t\t\t\t\t\t\t\t\t\t\t\t\t\t\t\t\t\t\t\t\t<li class=\"event all-day\" data-feed-key=\"0\">\n\t\t\t\t\t\t\t\t\t\t\t\t\t\t\t<span class=\"title has_desc confirmed\">El Flecha Negra at Sedel (04 Dec 26)<\/span><div class=\"descloc hover_block\"><div class=\"title_in_hover_block\"><span class=\"title confirmed\">El Flecha Negra at Sedel (04 Dec 26)<\/span><\/div><div class=\"location\">Sedel, Sedelhof 2, CH-6020 Emmenbr\u00fccke, Luzern, Switzerland<\/div><div class=\"eventdesc\"><p><a href=\"https:\/\/www.songkick.com\/concerts\/42960844-el-flecha-negra-at-sedel?utm_campaign=tracked_artist&#038;utm_content=ZD0yNDYxMjg2JnU9MTM3MjI4MTU5&#038;utm_medium=feed&#038;utm_source=ical\" rel=\"nofollow\">https:\/\/www.songkick.com\/concerts\/42960844-el-flecha-negra-at-sedel?utm_campaign=tracked_artist&#038;utm_content=ZD0yNDYxMjg2JnU9MTM3MjI4MTU5&#038;utm_medium=feed&#038;utm_source=ical<\/a><\/p><\/div><\/div>\t\t\t\t\t\t\t\t\t\t\t\t\t\t<\/li>\n\t\t\t\t\t\t\t\t\t\t\t\t\t\t\t\t\t\t\t\t\t\t\t\t\t\t\t\t<li class=\"event all-day\" data-feed-key=\"0\">\n\t\t\t\t\t\t\t\t\t\t\t\t\t\t\t<span class=\"title has_desc confirmed\">Pedestrians at Konzerthaus Sch\u00fc\u00fcr (04 Dec 26)<\/span><div class=\"descloc hover_block\"><div class=\"title_in_hover_block\"><span class=\"title confirmed\">Pedestrians at Konzerthaus Sch\u00fc\u00fcr (04 Dec 26)<\/span><\/div><div class=\"location\">Konzerthaus Sch\u00fc\u00fcr, Tribschenstrasse 1, 6005, Luzern, Switzerland<\/div><div class=\"eventdesc\"><p><a href=\"https:\/\/www.songkick.com\/concerts\/43101979-pedestrians-at-konzerthaus-schuur?utm_campaign=tracked_artist&#038;utm_content=ZD0yNDYxMjg2JnU9MTM3MjI4MTU5&#038;utm_medium=feed&#038;utm_source=ical\" rel=\"nofollow\">https:\/\/www.songkick.com\/concerts\/43101979-pedestrians-at-konzerthaus-schuur?utm_campaign=tracked_artist&#038;utm_content=ZD0yNDYxMjg2JnU9MTM3MjI4MTU5&#038;utm_medium=feed&#038;utm_source=ical<\/a><\/p><\/div><\/div>\t\t\t\t\t\t\t\t\t\t\t\t\t\t<\/li>\n\t\t\t\t\t\t\t\t\t\t\t\t\t\t\t\t\t\t\t\t\t\t\t\t<\/ul>\n\t\t\t\t\t\t\t\t\t\t\t\t\t\t\t\t\t\t<\/td>\n\t\t\t\t\t\t\t\t\t\t\t\t\t\t\t\t<td data-dow=\"6\" data-events-count=\"4\" data-feed-keys=\"0\" class=\"future has_events d_05 dow_6\">\n\t\t\t\t\t\t\t\t\t<div class=\"day\">\n\t\t\t\t\t\t\t\t\t\t\t\t\t\t\t\t\t\t\t\t\t<span class=\"phone_only\" id=\"r6a97dccace13c5d-20261205\"><span data-date-format=\"l\">Saturday<\/span> <span data-date-format=\"F\">December<\/span> <span data-date-format=\"j\">5<\/span><\/span>\n\t\t\t\t\t\t\t\t\t\t\t<span class=\"no_phone\" aria-hidden=\"true\">5<\/span>\n\t\t\t\t\t\t\t\t\t\t\t\t\t\t\t\t\t\t\t\t<\/div>\n\t\t\t\t\t\t\t\t\t\t\t\t\t\t\t\t\t\t\t<ul class=\"events\" aria-labelledby=\"r6a97dccace13c5d-20261205\">\n\t\t\t\t\t\t\t\t\t\t\t\t\t\t\t\t\t\t\t\t\t\t\t\t\t<li class=\"event all-day\" data-feed-key=\"0\">\n\t\t\t\t\t\t\t\t\t\t\t\t\t\t\t\t\t\t\t\t\t\t\t\t\t\t\t\t\t\t\t<span class=\"all-day-indicator\">All Day<\/span>\n\t\t\t\t\t\t\t\t\t\t\t\t\t\t\t\t<span class=\"title has_desc confirmed\">El Flecha Negra at Club Vaudeville (05 Dec 26)<\/span><div class=\"descloc hover_block\"><div class=\"title_in_hover_block\"><span class=\"title confirmed\">El Flecha Negra at Club Vaudeville (05 Dec 26)<\/span><\/div><div class=\"location\">Club Vaudeville, Von Behring Strasse 6-8, 88131, Lindau, Germany<\/div><div class=\"eventdesc\"><p><a href=\"https:\/\/www.songkick.com\/concerts\/42952857-el-flecha-negra-at-club-vaudeville?utm_campaign=tracked_artist&#038;utm_content=ZD0yNDYxMjg2JnU9MTM3MjI4MTU5&#038;utm_medium=feed&#038;utm_source=ical\" rel=\"nofollow\">https:\/\/www.songkick.com\/concerts\/42952857-el-flecha-negra-at-club-vaudeville?utm_campaign=tracked_artist&#038;utm_content=ZD0yNDYxMjg2JnU9MTM3MjI4MTU5&#038;utm_medium=feed&#038;utm_source=ical<\/a><\/p><\/div><\/div>\t\t\t\t\t\t\t\t\t\t\t\t\t\t<\/li>\n\t\t\t\t\t\t\t\t\t\t\t\t\t\t\t\t\t\t\t\t\t\t\t\t\t\t\t\t<li class=\"event all-day\" data-feed-key=\"0\">\n\t\t\t\t\t\t\t\t\t\t\t\t\t\t\t<span class=\"title has_desc confirmed\">Lo &amp; Leduc at KiFF (05 Dec 26)<\/span><div class=\"descloc hover_block\"><div class=\"title_in_hover_block\"><span class=\"title confirmed\">Lo &amp; Leduc at KiFF (05 Dec 26)<\/span><\/div><div class=\"location\">KiFF, Tellistrasse 118, 5000, Aarau, Switzerland<\/div><div class=\"eventdesc\"><p><a href=\"https:\/\/www.songkick.com\/concerts\/43081657-lo-and-leduc-at-kiff?utm_campaign=tracked_artist&#038;utm_content=ZD0yNDYxMjg2JnU9MTM3MjI4MTU5&#038;utm_medium=feed&#038;utm_source=ical\" rel=\"nofollow\">https:\/\/www.songkick.com\/concerts\/43081657-lo-and-leduc-at-kiff?utm_campaign=tracked_artist&#038;utm_content=ZD0yNDYxMjg2JnU9MTM3MjI4MTU5&#038;utm_medium=feed&#038;utm_source=ical<\/a><\/p><\/div><\/div>\t\t\t\t\t\t\t\t\t\t\t\t\t\t<\/li>\n\t\t\t\t\t\t\t\t\t\t\t\t\t\t\t\t\t\t\t\t\t\t\t\t\t\t\t\t<li class=\"event all-day\" data-feed-key=\"0\">\n\t\t\t\t\t\t\t\t\t\t\t\t\t\t\t<span class=\"title has_desc confirmed\">Palma at Kabinett (05 Dec 26)<\/span><div class=\"descloc hover_block\"><div class=\"title_in_hover_block\"><span class=\"title confirmed\">Palma at Kabinett (05 Dec 26)<\/span><\/div><div class=\"location\">Kabinett, Bremer Str. 24, 48155, M\u00fcnster, Germany<\/div><div class=\"eventdesc\"><p><a href=\"https:\/\/www.songkick.com\/concerts\/43291406-palma-at-kabinett?utm_campaign=tracked_artist&#038;utm_content=ZD0yNDYxMjg2JnU9MTM3MjI4MTU5&#038;utm_medium=feed&#038;utm_source=ical\" rel=\"nofollow\">https:\/\/www.songkick.com\/concerts\/43291406-palma-at-kabinett?utm_campaign=tracked_artist&#038;utm_content=ZD0yNDYxMjg2JnU9MTM3MjI4MTU5&#038;utm_medium=feed&#038;utm_source=ical<\/a><\/p><\/div><\/div>\t\t\t\t\t\t\t\t\t\t\t\t\t\t<\/li>\n\t\t\t\t\t\t\t\t\t\t\t\t\t\t\t\t\t\t\t\t\t\t\t\t\t\t\t\t<li class=\"event all-day\" data-feed-key=\"0\">\n\t\t\t\t\t\t\t\t\t\t\t\t\t\t\t<span class=\"title has_desc confirmed\">S\u00f6hne Mannheims at Music Hall (05 Dec 26)<\/span><div class=\"descloc hover_block\"><div class=\"title_in_hover_block\"><span class=\"title confirmed\">S\u00f6hne Mannheims at Music Hall (05 Dec 26)<\/span><\/div><div class=\"location\">Music Hall, Findorffstrasse 21, 27726, Worpswede, Germany<\/div><div class=\"eventdesc\"><p><a href=\"https:\/\/www.songkick.com\/concerts\/43109361-sohne-mannheims-at-music-hall?utm_campaign=tracked_artist&#038;utm_content=ZD0yNDYxMjg2JnU9MTM3MjI4MTU5&#038;utm_medium=feed&#038;utm_source=ical\" rel=\"nofollow\">https:\/\/www.songkick.com\/concerts\/43109361-sohne-mannheims-at-music-hall?utm_campaign=tracked_artist&#038;utm_content=ZD0yNDYxMjg2JnU9MTM3MjI4MTU5&#038;utm_medium=feed&#038;utm_source=ical<\/a><\/p><\/div><\/div>\t\t\t\t\t\t\t\t\t\t\t\t\t\t<\/li>\n\t\t\t\t\t\t\t\t\t\t\t\t\t\t\t\t\t\t\t\t\t\t\t\t<\/ul>\n\t\t\t\t\t\t\t\t\t\t\t\t\t\t\t\t\t\t<\/td>\n\t\t\t\t\t\t\t\t\t\t\t\t\t\t\t\t<td data-dow=\"0\" data-events-count=\"1\" data-feed-keys=\"0\" class=\"future has_events d_06 dow_0\">\n\t\t\t\t\t\t\t\t\t<div class=\"day\">\n\t\t\t\t\t\t\t\t\t\t\t\t\t\t\t\t\t\t\t\t\t<span class=\"phone_only\" id=\"r6a97dccace13c5d-20261206\"><span data-date-format=\"l\">Sunday<\/span> <span data-date-format=\"F\">December<\/span> <span data-date-format=\"j\">6<\/span><\/span>\n\t\t\t\t\t\t\t\t\t\t\t<span class=\"no_phone\" aria-hidden=\"true\">6<\/span>\n\t\t\t\t\t\t\t\t\t\t\t\t\t\t\t\t\t\t\t\t<\/div>\n\t\t\t\t\t\t\t\t\t\t\t\t\t\t\t\t\t\t\t<ul class=\"events\" aria-labelledby=\"r6a97dccace13c5d-20261206\">\n\t\t\t\t\t\t\t\t\t\t\t\t\t\t\t\t\t\t\t\t\t\t\t\t\t<li class=\"event all-day\" data-feed-key=\"0\">\n\t\t\t\t\t\t\t\t\t\t\t\t\t\t\t\t\t\t\t\t\t\t\t\t\t\t\t\t\t\t\t<span class=\"all-day-indicator\">All Day<\/span>\n\t\t\t\t\t\t\t\t\t\t\t\t\t\t\t\t<span class=\"title has_desc confirmed\">S\u00f6hne Mannheims at Music Hall (06 Dec 26)<\/span><div class=\"descloc hover_block\"><div class=\"title_in_hover_block\"><span class=\"title confirmed\">S\u00f6hne Mannheims at Music Hall (06 Dec 26)<\/span><\/div><div class=\"location\">Music Hall, Findorffstrasse 21, 27726, Worpswede, Germany<\/div><div class=\"eventdesc\"><p><a href=\"https:\/\/www.songkick.com\/concerts\/43113953-sohne-mannheims-at-music-hall?utm_campaign=tracked_artist&#038;utm_content=ZD0yNDYxMjg2JnU9MTM3MjI4MTU5&#038;utm_medium=feed&#038;utm_source=ical\" rel=\"nofollow\">https:\/\/www.songkick.com\/concerts\/43113953-sohne-mannheims-at-music-hall?utm_campaign=tracked_artist&#038;utm_content=ZD0yNDYxMjg2JnU9MTM3MjI4MTU5&#038;utm_medium=feed&#038;utm_source=ical<\/a><\/p><\/div><\/div>\t\t\t\t\t\t\t\t\t\t\t\t\t\t<\/li>\n\t\t\t\t\t\t\t\t\t\t\t\t\t\t\t\t\t\t\t\t\t\t\t\t<\/ul>\n\t\t\t\t\t\t\t\t\t\t\t\t\t\t\t\t\t\t<\/td>\n\t\t\t\t\t\t\t\t<\/tr><tr>\t\t\t\t\t\t\t\t<td data-dow=\"1\" data-events-count=\"0\" data-feed-keys=\"\" class=\"future empty d_07 dow_1\">\n\t\t\t\t\t\t\t\t\t<div class=\"day\">\n\t\t\t\t\t\t\t\t\t\t\t\t\t\t\t\t\t\t\t\t\t<span class=\"phone_only\" id=\"r6a97dccace13c5d-20261207\"><span data-date-format=\"l\">Monday<\/span> <span data-date-format=\"F\">December<\/span> <span data-date-format=\"j\">7<\/span><\/span>\n\t\t\t\t\t\t\t\t\t\t\t<span class=\"no_phone\" aria-hidden=\"true\">7<\/span>\n\t\t\t\t\t\t\t\t\t\t\t\t\t\t\t\t\t\t\t\t<\/div>\n\t\t\t\t\t\t\t\t\t\t\t\t\t\t\t\t\t<\/td>\n\t\t\t\t\t\t\t\t\t\t\t\t\t\t\t\t<td data-dow=\"2\" data-events-count=\"0\" data-feed-keys=\"\" class=\"future empty d_08 dow_2\">\n\t\t\t\t\t\t\t\t\t<div class=\"day\">\n\t\t\t\t\t\t\t\t\t\t\t\t\t\t\t\t\t\t\t\t\t<span class=\"phone_only\" id=\"r6a97dccace13c5d-20261208\"><span data-date-format=\"l\">Tuesday<\/span> <span data-date-format=\"F\">December<\/span> <span data-date-format=\"j\">8<\/span><\/span>\n\t\t\t\t\t\t\t\t\t\t\t<span class=\"no_phone\" aria-hidden=\"true\">8<\/span>\n\t\t\t\t\t\t\t\t\t\t\t\t\t\t\t\t\t\t\t\t<\/div>\n\t\t\t\t\t\t\t\t\t\t\t\t\t\t\t\t\t<\/td>\n\t\t\t\t\t\t\t\t\t\t\t\t\t\t\t\t<td data-dow=\"3\" data-events-count=\"0\" data-feed-keys=\"\" class=\"future empty d_09 dow_3\">\n\t\t\t\t\t\t\t\t\t<div class=\"day\">\n\t\t\t\t\t\t\t\t\t\t\t\t\t\t\t\t\t\t\t\t\t<span class=\"phone_only\" id=\"r6a97dccace13c5d-20261209\"><span data-date-format=\"l\">Wednesday<\/span> <span data-date-format=\"F\">December<\/span> <span data-date-format=\"j\">9<\/span><\/span>\n\t\t\t\t\t\t\t\t\t\t\t<span class=\"no_phone\" aria-hidden=\"true\">9<\/span>\n\t\t\t\t\t\t\t\t\t\t\t\t\t\t\t\t\t\t\t\t<\/div>\n\t\t\t\t\t\t\t\t\t\t\t\t\t\t\t\t\t<\/td>\n\t\t\t\t\t\t\t\t\t\t\t\t\t\t\t\t<td data-dow=\"4\" data-events-count=\"0\" data-feed-keys=\"\" class=\"future empty d_10 dow_4\">\n\t\t\t\t\t\t\t\t\t<div class=\"day\">\n\t\t\t\t\t\t\t\t\t\t\t\t\t\t\t\t\t\t\t\t\t<span class=\"phone_only\" id=\"r6a97dccace13c5d-20261210\"><span data-date-format=\"l\">Thursday<\/span> <span data-date-format=\"F\">December<\/span> <span data-date-format=\"j\">10<\/span><\/span>\n\t\t\t\t\t\t\t\t\t\t\t<span class=\"no_phone\" aria-hidden=\"true\">10<\/span>\n\t\t\t\t\t\t\t\t\t\t\t\t\t\t\t\t\t\t\t\t<\/div>\n\t\t\t\t\t\t\t\t\t\t\t\t\t\t\t\t\t<\/td>\n\t\t\t\t\t\t\t\t\t\t\t\t\t\t\t\t<td data-dow=\"5\" data-events-count=\"2\" data-feed-keys=\"0\" class=\"future has_events d_11 dow_5\">\n\t\t\t\t\t\t\t\t\t<div class=\"day\">\n\t\t\t\t\t\t\t\t\t\t\t\t\t\t\t\t\t\t\t\t\t<span class=\"phone_only\" id=\"r6a97dccace13c5d-20261211\"><span data-date-format=\"l\">Friday<\/span> <span data-date-format=\"F\">December<\/span> <span data-date-format=\"j\">11<\/span><\/span>\n\t\t\t\t\t\t\t\t\t\t\t<span class=\"no_phone\" aria-hidden=\"true\">11<\/span>\n\t\t\t\t\t\t\t\t\t\t\t\t\t\t\t\t\t\t\t\t<\/div>\n\t\t\t\t\t\t\t\t\t\t\t\t\t\t\t\t\t\t\t<ul class=\"events\" aria-labelledby=\"r6a97dccace13c5d-20261211\">\n\t\t\t\t\t\t\t\t\t\t\t\t\t\t\t\t\t\t\t\t\t\t\t\t\t<li class=\"event all-day\" data-feed-key=\"0\">\n\t\t\t\t\t\t\t\t\t\t\t\t\t\t\t\t\t\t\t\t\t\t\t\t\t\t\t\t\t\t\t<span class=\"all-day-indicator\">All Day<\/span>\n\t\t\t\t\t\t\t\t\t\t\t\t\t\t\t\t<span class=\"title has_desc confirmed\">Ibeyi at Les Docks (11 Dec 26)<\/span><div class=\"descloc hover_block\"><div class=\"title_in_hover_block\"><span class=\"title confirmed\">Ibeyi at Les Docks (11 Dec 26)<\/span><\/div><div class=\"location\">Les Docks, Avenue de S\u00e9velin 34, 1004, Lausanne, Switzerland<\/div><div class=\"eventdesc\"><p><a href=\"https:\/\/www.songkick.com\/concerts\/43238246-ibeyi-at-les-docks?utm_campaign=tracked_artist&#038;utm_content=ZD0yNDYxMjg2JnU9MTM3MjI4MTU5&#038;utm_medium=feed&#038;utm_source=ical\" rel=\"nofollow\">https:\/\/www.songkick.com\/concerts\/43238246-ibeyi-at-les-docks?utm_campaign=tracked_artist&#038;utm_content=ZD0yNDYxMjg2JnU9MTM3MjI4MTU5&#038;utm_medium=feed&#038;utm_source=ical<\/a><\/p><\/div><\/div>\t\t\t\t\t\t\t\t\t\t\t\t\t\t<\/li>\n\t\t\t\t\t\t\t\t\t\t\t\t\t\t\t\t\t\t\t\t\t\t\t\t\t\t\t\t<li class=\"event all-day\" data-feed-key=\"0\">\n\t\t\t\t\t\t\t\t\t\t\t\t\t\t\t<span class=\"title has_desc confirmed\">Jamaram, Jahcoustix, and Samy Danger at Groundlift Studios (11 Dec 26)<\/span><div class=\"descloc hover_block\"><div class=\"title_in_hover_block\"><span class=\"title confirmed\">Jamaram, Jahcoustix, and Samy Danger at Groundlift Studios (11 Dec 26)<\/span><\/div><div class=\"location\">Groundlift Studios, Landsbergerstrasse 57  Stegen am Ammersee, 82266, Munich, Germany<\/div><div class=\"eventdesc\"><p><a href=\"https:\/\/www.songkick.com\/concerts\/43342864-jamaram-at-groundlift-studios?utm_campaign=tracked_artist&#038;utm_content=ZD0yNDYxMjg2JnU9MTM3MjI4MTU5&#038;utm_medium=feed&#038;utm_source=ical\" rel=\"nofollow\">https:\/\/www.songkick.com\/concerts\/43342864-jamaram-at-groundlift-studios?utm_campaign=tracked_artist&#038;utm_content=ZD0yNDYxMjg2JnU9MTM3MjI4MTU5&#038;utm_medium=feed&#038;utm_source=ical<\/a><\/p><\/div><\/div>\t\t\t\t\t\t\t\t\t\t\t\t\t\t<\/li>\n\t\t\t\t\t\t\t\t\t\t\t\t\t\t\t\t\t\t\t\t\t\t\t\t<\/ul>\n\t\t\t\t\t\t\t\t\t\t\t\t\t\t\t\t\t\t<\/td>\n\t\t\t\t\t\t\t\t\t\t\t\t\t\t\t\t<td data-dow=\"6\" data-events-count=\"5\" data-feed-keys=\"0\" class=\"future has_events d_12 dow_6\">\n\t\t\t\t\t\t\t\t\t<div class=\"day\">\n\t\t\t\t\t\t\t\t\t\t\t\t\t\t\t\t\t\t\t\t\t<span class=\"phone_only\" id=\"r6a97dccace13c5d-20261212\"><span data-date-format=\"l\">Saturday<\/span> <span data-date-format=\"F\">December<\/span> <span data-date-format=\"j\">12<\/span><\/span>\n\t\t\t\t\t\t\t\t\t\t\t<span class=\"no_phone\" aria-hidden=\"true\">12<\/span>\n\t\t\t\t\t\t\t\t\t\t\t\t\t\t\t\t\t\t\t\t<\/div>\n\t\t\t\t\t\t\t\t\t\t\t\t\t\t\t\t\t\t\t<ul class=\"events\" aria-labelledby=\"r6a97dccace13c5d-20261212\">\n\t\t\t\t\t\t\t\t\t\t\t\t\t\t\t\t\t\t\t\t\t\t\t\t\t<li class=\"event all-day\" data-feed-key=\"0\">\n\t\t\t\t\t\t\t\t\t\t\t\t\t\t\t\t\t\t\t\t\t\t\t\t\t\t\t\t\t\t\t<span class=\"all-day-indicator\">All Day<\/span>\n\t\t\t\t\t\t\t\t\t\t\t\t\t\t\t\t<span class=\"title has_desc confirmed\">Akua Naru at zakk Halle (12 Dec 26)<\/span><div class=\"descloc hover_block\"><div class=\"title_in_hover_block\"><span class=\"title confirmed\">Akua Naru at zakk Halle (12 Dec 26)<\/span><\/div><div class=\"location\">zakk Halle, Fichtenstra\u00dfe 40, 40233, D\u00fcsseldorf, Germany<\/div><div class=\"eventdesc\"><p><a href=\"https:\/\/www.songkick.com\/concerts\/43351549-akua-naru-at-zakk-halle?utm_campaign=tracked_artist&#038;utm_content=ZD0yNDYxMjg2JnU9MTM3MjI4MTU5&#038;utm_medium=feed&#038;utm_source=ical\" rel=\"nofollow\">https:\/\/www.songkick.com\/concerts\/43351549-akua-naru-at-zakk-halle?utm_campaign=tracked_artist&#038;utm_content=ZD0yNDYxMjg2JnU9MTM3MjI4MTU5&#038;utm_medium=feed&#038;utm_source=ical<\/a><\/p><\/div><\/div>\t\t\t\t\t\t\t\t\t\t\t\t\t\t<\/li>\n\t\t\t\t\t\t\t\t\t\t\t\t\t\t\t\t\t\t\t\t\t\t\t\t\t\t\t\t<li class=\"event all-day\" data-feed-key=\"0\">\n\t\t\t\t\t\t\t\t\t\t\t\t\t\t\t<span class=\"title has_desc confirmed\">El Flecha Negra at Jazzhaus (12 Dec 26)<\/span><div class=\"descloc hover_block\"><div class=\"title_in_hover_block\"><span class=\"title confirmed\">El Flecha Negra at Jazzhaus (12 Dec 26)<\/span><\/div><div class=\"location\">Jazzhaus, Schnewlinstr. 1, 79098, Freiburg, Germany<\/div><div class=\"eventdesc\"><p><a href=\"https:\/\/www.songkick.com\/concerts\/43103840-el-flecha-negra-at-jazzhaus?utm_campaign=tracked_artist&#038;utm_content=ZD0yNDYxMjg2JnU9MTM3MjI4MTU5&#038;utm_medium=feed&#038;utm_source=ical\" rel=\"nofollow\">https:\/\/www.songkick.com\/concerts\/43103840-el-flecha-negra-at-jazzhaus?utm_campaign=tracked_artist&#038;utm_content=ZD0yNDYxMjg2JnU9MTM3MjI4MTU5&#038;utm_medium=feed&#038;utm_source=ical<\/a><\/p><\/div><\/div>\t\t\t\t\t\t\t\t\t\t\t\t\t\t<\/li>\n\t\t\t\t\t\t\t\t\t\t\t\t\t\t\t\t\t\t\t\t\t\t\t\t\t\t\t\t<li class=\"event all-day\" data-feed-key=\"0\">\n\t\t\t\t\t\t\t\t\t\t\t\t\t\t\t<span class=\"title has_desc confirmed\">Famara at R\u00f6ssli (12 Dec 26)<\/span><div class=\"descloc hover_block\"><div class=\"title_in_hover_block\"><span class=\"title confirmed\">Famara at R\u00f6ssli (12 Dec 26)<\/span><\/div><div class=\"location\">R\u00f6ssli, Bahnhofstrasse 1, 8712, St\u00e4fa, Switzerland<\/div><div class=\"eventdesc\"><p><a href=\"https:\/\/www.songkick.com\/concerts\/43306570-famara-at-rossli?utm_campaign=tracked_artist&#038;utm_content=ZD0yNDYxMjg2JnU9MTM3MjI4MTU5&#038;utm_medium=feed&#038;utm_source=ical\" rel=\"nofollow\">https:\/\/www.songkick.com\/concerts\/43306570-famara-at-rossli?utm_campaign=tracked_artist&#038;utm_content=ZD0yNDYxMjg2JnU9MTM3MjI4MTU5&#038;utm_medium=feed&#038;utm_source=ical<\/a><\/p><\/div><\/div>\t\t\t\t\t\t\t\t\t\t\t\t\t\t<\/li>\n\t\t\t\t\t\t\t\t\t\t\t\t\t\t\t\t\t\t\t\t\t\t\t\t\t\t\t\t<li class=\"event all-day\" data-feed-key=\"0\">\n\t\t\t\t\t\t\t\t\t\t\t\t\t\t\t<span class=\"title has_desc confirmed\">Ibeyi at Kuppel (12 Dec 26)<\/span><div class=\"descloc hover_block\"><div class=\"title_in_hover_block\"><span class=\"title confirmed\">Ibeyi at Kuppel (12 Dec 26)<\/span><\/div><div class=\"location\">Kuppel, Nachtigallenw\u00e4ldeli 9\/10, 4051, Basel, Switzerland<\/div><div class=\"eventdesc\"><p><a href=\"https:\/\/www.songkick.com\/concerts\/43238248-ibeyi-at-kuppel?utm_campaign=tracked_artist&#038;utm_content=ZD0yNDYxMjg2JnU9MTM3MjI4MTU5&#038;utm_medium=feed&#038;utm_source=ical\" rel=\"nofollow\">https:\/\/www.songkick.com\/concerts\/43238248-ibeyi-at-kuppel?utm_campaign=tracked_artist&#038;utm_content=ZD0yNDYxMjg2JnU9MTM3MjI4MTU5&#038;utm_medium=feed&#038;utm_source=ical<\/a><\/p><\/div><\/div>\t\t\t\t\t\t\t\t\t\t\t\t\t\t<\/li>\n\t\t\t\t\t\t\t\t\t\t\t\t\t\t\t\t\t\t\t\t\t\t\t\t\t\t\t\t<li class=\"event all-day\" data-feed-key=\"0\">\n\t\t\t\t\t\t\t\t\t\t\t\t\t\t\t<span class=\"title has_desc confirmed\">Jamaram, Jahcoustix, and Samy Danger at Groundlift Studios (12 Dec 26)<\/span><div class=\"descloc hover_block\"><div class=\"title_in_hover_block\"><span class=\"title confirmed\">Jamaram, Jahcoustix, and Samy Danger at Groundlift Studios (12 Dec 26)<\/span><\/div><div class=\"location\">Groundlift Studios, Landsbergerstrasse 57  Stegen am Ammersee, 82266, Munich, Germany<\/div><div class=\"eventdesc\"><p><a href=\"https:\/\/www.songkick.com\/concerts\/43342868-jamaram-at-groundlift-studios?utm_campaign=tracked_artist&#038;utm_content=ZD0yNDYxMjg2JnU9MTM3MjI4MTU5&#038;utm_medium=feed&#038;utm_source=ical\" rel=\"nofollow\">https:\/\/www.songkick.com\/concerts\/43342868-jamaram-at-groundlift-studios?utm_campaign=tracked_artist&#038;utm_content=ZD0yNDYxMjg2JnU9MTM3MjI4MTU5&#038;utm_medium=feed&#038;utm_source=ical<\/a><\/p><\/div><\/div>\t\t\t\t\t\t\t\t\t\t\t\t\t\t<\/li>\n\t\t\t\t\t\t\t\t\t\t\t\t\t\t\t\t\t\t\t\t\t\t\t\t<\/ul>\n\t\t\t\t\t\t\t\t\t\t\t\t\t\t\t\t\t\t<\/td>\n\t\t\t\t\t\t\t\t\t\t\t\t\t\t\t\t<td data-dow=\"0\" data-events-count=\"0\" data-feed-keys=\"\" class=\"future empty d_13 dow_0\">\n\t\t\t\t\t\t\t\t\t<div class=\"day\">\n\t\t\t\t\t\t\t\t\t\t\t\t\t\t\t\t\t\t\t\t\t<span class=\"phone_only\" id=\"r6a97dccace13c5d-20261213\"><span data-date-format=\"l\">Sunday<\/span> <span data-date-format=\"F\">December<\/span> <span data-date-format=\"j\">13<\/span><\/span>\n\t\t\t\t\t\t\t\t\t\t\t<span class=\"no_phone\" aria-hidden=\"true\">13<\/span>\n\t\t\t\t\t\t\t\t\t\t\t\t\t\t\t\t\t\t\t\t<\/div>\n\t\t\t\t\t\t\t\t\t\t\t\t\t\t\t\t\t<\/td>\n\t\t\t\t\t\t\t\t<\/tr><tr>\t\t\t\t\t\t\t\t<td data-dow=\"1\" data-events-count=\"1\" data-feed-keys=\"0\" class=\"future has_events d_14 dow_1\">\n\t\t\t\t\t\t\t\t\t<div class=\"day\">\n\t\t\t\t\t\t\t\t\t\t\t\t\t\t\t\t\t\t\t\t\t<span class=\"phone_only\" id=\"r6a97dccace13c5d-20261214\"><span data-date-format=\"l\">Monday<\/span> <span data-date-format=\"F\">December<\/span> <span data-date-format=\"j\">14<\/span><\/span>\n\t\t\t\t\t\t\t\t\t\t\t<span class=\"no_phone\" aria-hidden=\"true\">14<\/span>\n\t\t\t\t\t\t\t\t\t\t\t\t\t\t\t\t\t\t\t\t<\/div>\n\t\t\t\t\t\t\t\t\t\t\t\t\t\t\t\t\t\t\t<ul class=\"events\" aria-labelledby=\"r6a97dccace13c5d-20261214\">\n\t\t\t\t\t\t\t\t\t\t\t\t\t\t\t\t\t\t\t\t\t\t\t\t\t<li class=\"event all-day\" data-feed-key=\"0\">\n\t\t\t\t\t\t\t\t\t\t\t\t\t\t\t\t\t\t\t\t\t\t\t\t\t\t\t\t\t\t\t<span class=\"all-day-indicator\">All Day<\/span>\n\t\t\t\t\t\t\t\t\t\t\t\t\t\t\t\t<span class=\"title has_desc confirmed\">Andrea Vanzo at Akv\u00e1rium Klub (14 Dec 26)<\/span><div class=\"descloc hover_block\"><div class=\"title_in_hover_block\"><span class=\"title confirmed\">Andrea Vanzo at Akv\u00e1rium Klub (14 Dec 26)<\/span><\/div><div class=\"location\">Akv\u00e1rium Klub, Erzs\u00e9bet t\u00e9r 12, 1051, Budapest, Hungary<\/div><div class=\"eventdesc\"><p><a href=\"https:\/\/www.songkick.com\/concerts\/43298270-andrea-vanzo-at-akvarium-klub?utm_campaign=tracked_artist&#038;utm_content=ZD0yNDYxMjg2JnU9MTM3MjI4MTU5&#038;utm_medium=feed&#038;utm_source=ical\" rel=\"nofollow\">https:\/\/www.songkick.com\/concerts\/43298270-andrea-vanzo-at-akvarium-klub?utm_campaign=tracked_artist&#038;utm_content=ZD0yNDYxMjg2JnU9MTM3MjI4MTU5&#038;utm_medium=feed&#038;utm_source=ical<\/a><\/p><\/div><\/div>\t\t\t\t\t\t\t\t\t\t\t\t\t\t<\/li>\n\t\t\t\t\t\t\t\t\t\t\t\t\t\t\t\t\t\t\t\t\t\t\t\t<\/ul>\n\t\t\t\t\t\t\t\t\t\t\t\t\t\t\t\t\t\t<\/td>\n\t\t\t\t\t\t\t\t\t\t\t\t\t\t\t\t<td data-dow=\"2\" data-events-count=\"0\" data-feed-keys=\"\" class=\"future empty d_15 dow_2\">\n\t\t\t\t\t\t\t\t\t<div class=\"day\">\n\t\t\t\t\t\t\t\t\t\t\t\t\t\t\t\t\t\t\t\t\t<span class=\"phone_only\" id=\"r6a97dccace13c5d-20261215\"><span data-date-format=\"l\">Tuesday<\/span> <span data-date-format=\"F\">December<\/span> <span data-date-format=\"j\">15<\/span><\/span>\n\t\t\t\t\t\t\t\t\t\t\t<span class=\"no_phone\" aria-hidden=\"true\">15<\/span>\n\t\t\t\t\t\t\t\t\t\t\t\t\t\t\t\t\t\t\t\t<\/div>\n\t\t\t\t\t\t\t\t\t\t\t\t\t\t\t\t\t<\/td>\n\t\t\t\t\t\t\t\t\t\t\t\t\t\t\t\t<td data-dow=\"3\" data-events-count=\"2\" data-feed-keys=\"0\" class=\"future has_events d_16 dow_3\">\n\t\t\t\t\t\t\t\t\t<div class=\"day\">\n\t\t\t\t\t\t\t\t\t\t\t\t\t\t\t\t\t\t\t\t\t<span class=\"phone_only\" id=\"r6a97dccace13c5d-20261216\"><span data-date-format=\"l\">Wednesday<\/span> <span data-date-format=\"F\">December<\/span> <span data-date-format=\"j\">16<\/span><\/span>\n\t\t\t\t\t\t\t\t\t\t\t<span class=\"no_phone\" aria-hidden=\"true\">16<\/span>\n\t\t\t\t\t\t\t\t\t\t\t\t\t\t\t\t\t\t\t\t<\/div>\n\t\t\t\t\t\t\t\t\t\t\t\t\t\t\t\t\t\t\t<ul class=\"events\" aria-labelledby=\"r6a97dccace13c5d-20261216\">\n\t\t\t\t\t\t\t\t\t\t\t\t\t\t\t\t\t\t\t\t\t\t\t\t\t<li class=\"event all-day\" data-feed-key=\"0\">\n\t\t\t\t\t\t\t\t\t\t\t\t\t\t\t\t\t\t\t\t\t\t\t\t\t\t\t\t\t\t\t<span class=\"all-day-indicator\">All Day<\/span>\n\t\t\t\t\t\t\t\t\t\t\t\t\t\t\t\t<span class=\"title has_desc confirmed\">Die Fantastischen Vier at Wt Energiesysteme Arena (16 Dec 26)<\/span><div class=\"descloc hover_block\"><div class=\"title_in_hover_block\"><span class=\"title confirmed\">Die Fantastischen Vier at Wt Energiesysteme Arena (16 Dec 26)<\/span><\/div><div class=\"location\">Wt Energiesysteme Arena, Am Sportzentrum 5, 01589, Riesa, Germany<\/div><div class=\"eventdesc\"><p><a href=\"https:\/\/www.songkick.com\/concerts\/42879895-die-fantastischen-vier-at-wt-energiesysteme-arena?utm_campaign=tracked_artist&#038;utm_content=ZD0yNDYxMjg2JnU9MTM3MjI4MTU5&#038;utm_medium=feed&#038;utm_source=ical\" rel=\"nofollow\">https:\/\/www.songkick.com\/concerts\/42879895-die-fantastischen-vier-at-wt-energiesysteme-arena?utm_campaign=tracked_artist&#038;utm_content=ZD0yNDYxMjg2JnU9MTM3MjI4MTU5&#038;utm_medium=feed&#038;utm_source=ical<\/a><\/p><\/div><\/div>\t\t\t\t\t\t\t\t\t\t\t\t\t\t<\/li>\n\t\t\t\t\t\t\t\t\t\t\t\t\t\t\t\t\t\t\t\t\t\t\t\t\t\t\t\t<li class=\"event all-day\" data-feed-key=\"0\">\n\t\t\t\t\t\t\t\t\t\t\t\t\t\t\t<span class=\"title has_desc confirmed\">Ibeyi at B\u00fcrgerhaus Stollwerck (16 Dec 26)<\/span><div class=\"descloc hover_block\"><div class=\"title_in_hover_block\"><span class=\"title confirmed\">Ibeyi at B\u00fcrgerhaus Stollwerck (16 Dec 26)<\/span><\/div><div class=\"location\">B\u00fcrgerhaus Stollwerck, Dreik\u00f6nigenstra\u00dfe 23, 50678, Cologne, Germany<\/div><div class=\"eventdesc\"><p><a href=\"https:\/\/www.songkick.com\/concerts\/43235826-ibeyi-at-burgerhaus-stollwerck?utm_campaign=tracked_artist&#038;utm_content=ZD0yNDYxMjg2JnU9MTM3MjI4MTU5&#038;utm_medium=feed&#038;utm_source=ical\" rel=\"nofollow\">https:\/\/www.songkick.com\/concerts\/43235826-ibeyi-at-burgerhaus-stollwerck?utm_campaign=tracked_artist&#038;utm_content=ZD0yNDYxMjg2JnU9MTM3MjI4MTU5&#038;utm_medium=feed&#038;utm_source=ical<\/a><\/p><\/div><\/div>\t\t\t\t\t\t\t\t\t\t\t\t\t\t<\/li>\n\t\t\t\t\t\t\t\t\t\t\t\t\t\t\t\t\t\t\t\t\t\t\t\t<\/ul>\n\t\t\t\t\t\t\t\t\t\t\t\t\t\t\t\t\t\t<\/td>\n\t\t\t\t\t\t\t\t\t\t\t\t\t\t\t\t<td data-dow=\"4\" data-events-count=\"3\" data-feed-keys=\"0\" class=\"future has_events d_17 dow_4\">\n\t\t\t\t\t\t\t\t\t<div class=\"day\">\n\t\t\t\t\t\t\t\t\t\t\t\t\t\t\t\t\t\t\t\t\t<span class=\"phone_only\" id=\"r6a97dccace13c5d-20261217\"><span data-date-format=\"l\">Thursday<\/span> <span data-date-format=\"F\">December<\/span> <span data-date-format=\"j\">17<\/span><\/span>\n\t\t\t\t\t\t\t\t\t\t\t<span class=\"no_phone\" aria-hidden=\"true\">17<\/span>\n\t\t\t\t\t\t\t\t\t\t\t\t\t\t\t\t\t\t\t\t<\/div>\n\t\t\t\t\t\t\t\t\t\t\t\t\t\t\t\t\t\t\t<ul class=\"events\" aria-labelledby=\"r6a97dccace13c5d-20261217\">\n\t\t\t\t\t\t\t\t\t\t\t\t\t\t\t\t\t\t\t\t\t\t\t\t\t<li class=\"event all-day\" data-feed-key=\"0\">\n\t\t\t\t\t\t\t\t\t\t\t\t\t\t\t\t\t\t\t\t\t\t\t\t\t\t\t\t\t\t\t<span class=\"all-day-indicator\">All Day<\/span>\n\t\t\t\t\t\t\t\t\t\t\t\t\t\t\t\t<span class=\"title has_desc confirmed\">Die Fantastischen Vier at Uber Arena (17 Dec 26)<\/span><div class=\"descloc hover_block\"><div class=\"title_in_hover_block\"><span class=\"title confirmed\">Die Fantastischen Vier at Uber Arena (17 Dec 26)<\/span><\/div><div class=\"location\">Uber Arena, Uber Platz, 10243, Berlin, Germany<\/div><div class=\"eventdesc\"><p><a href=\"https:\/\/www.songkick.com\/concerts\/42879896-die-fantastischen-vier-at-uber-arena?utm_campaign=tracked_artist&#038;utm_content=ZD0yNDYxMjg2JnU9MTM3MjI4MTU5&#038;utm_medium=feed&#038;utm_source=ical\" rel=\"nofollow\">https:\/\/www.songkick.com\/concerts\/42879896-die-fantastischen-vier-at-uber-arena?utm_campaign=tracked_artist&#038;utm_content=ZD0yNDYxMjg2JnU9MTM3MjI4MTU5&#038;utm_medium=feed&#038;utm_source=ical<\/a><\/p><\/div><\/div>\t\t\t\t\t\t\t\t\t\t\t\t\t\t<\/li>\n\t\t\t\t\t\t\t\t\t\t\t\t\t\t\t\t\t\t\t\t\t\t\t\t\t\t\t\t<li class=\"event all-day\" data-feed-key=\"0\">\n\t\t\t\t\t\t\t\t\t\t\t\t\t\t\t<span class=\"title has_desc confirmed\">Ibeyi at Columbia Theater (17 Dec 26)<\/span><div class=\"descloc hover_block\"><div class=\"title_in_hover_block\"><span class=\"title confirmed\">Ibeyi at Columbia Theater (17 Dec 26)<\/span><\/div><div class=\"location\">Columbia Theater, Columbiadamm 9-11, 10965, Berlin, Germany<\/div><div class=\"eventdesc\"><p><a href=\"https:\/\/www.songkick.com\/concerts\/43235768-ibeyi-at-columbia-theater?utm_campaign=tracked_artist&#038;utm_content=ZD0yNDYxMjg2JnU9MTM3MjI4MTU5&#038;utm_medium=feed&#038;utm_source=ical\" rel=\"nofollow\">https:\/\/www.songkick.com\/concerts\/43235768-ibeyi-at-columbia-theater?utm_campaign=tracked_artist&#038;utm_content=ZD0yNDYxMjg2JnU9MTM3MjI4MTU5&#038;utm_medium=feed&#038;utm_source=ical<\/a><\/p><\/div><\/div>\t\t\t\t\t\t\t\t\t\t\t\t\t\t<\/li>\n\t\t\t\t\t\t\t\t\t\t\t\t\t\t\t\t\t\t\t\t\t\t\t\t\t\t\t\t<li class=\"event all-day\" data-feed-key=\"0\">\n\t\t\t\t\t\t\t\t\t\t\t\t\t\t\t<span class=\"title has_desc confirmed\">La Pegatina at Paard (17 Dec 26)<\/span><div class=\"descloc hover_block\"><div class=\"title_in_hover_block\"><span class=\"title confirmed\">La Pegatina at Paard (17 Dec 26)<\/span><\/div><div class=\"location\">Paard, Prinsegracht 12, 2512 GA, The Hague, Netherlands<\/div><div class=\"eventdesc\"><p><a href=\"https:\/\/www.songkick.com\/concerts\/43252825-la-pegatina-at-paard?utm_campaign=tracked_artist&#038;utm_content=ZD0yNDYxMjg2JnU9MTM3MjI4MTU5&#038;utm_medium=feed&#038;utm_source=ical\" rel=\"nofollow\">https:\/\/www.songkick.com\/concerts\/43252825-la-pegatina-at-paard?utm_campaign=tracked_artist&#038;utm_content=ZD0yNDYxMjg2JnU9MTM3MjI4MTU5&#038;utm_medium=feed&#038;utm_source=ical<\/a><\/p><\/div><\/div>\t\t\t\t\t\t\t\t\t\t\t\t\t\t<\/li>\n\t\t\t\t\t\t\t\t\t\t\t\t\t\t\t\t\t\t\t\t\t\t\t\t<\/ul>\n\t\t\t\t\t\t\t\t\t\t\t\t\t\t\t\t\t\t<\/td>\n\t\t\t\t\t\t\t\t\t\t\t\t\t\t\t\t<td data-dow=\"5\" data-events-count=\"0\" data-feed-keys=\"\" class=\"future empty d_18 dow_5\">\n\t\t\t\t\t\t\t\t\t<div class=\"day\">\n\t\t\t\t\t\t\t\t\t\t\t\t\t\t\t\t\t\t\t\t\t<span class=\"phone_only\" id=\"r6a97dccace13c5d-20261218\"><span data-date-format=\"l\">Friday<\/span> <span data-date-format=\"F\">December<\/span> <span data-date-format=\"j\">18<\/span><\/span>\n\t\t\t\t\t\t\t\t\t\t\t<span class=\"no_phone\" aria-hidden=\"true\">18<\/span>\n\t\t\t\t\t\t\t\t\t\t\t\t\t\t\t\t\t\t\t\t<\/div>\n\t\t\t\t\t\t\t\t\t\t\t\t\t\t\t\t\t<\/td>\n\t\t\t\t\t\t\t\t\t\t\t\t\t\t\t\t<td data-dow=\"6\" data-events-count=\"3\" data-feed-keys=\"0\" class=\"future has_events d_19 dow_6\">\n\t\t\t\t\t\t\t\t\t<div class=\"day\">\n\t\t\t\t\t\t\t\t\t\t\t\t\t\t\t\t\t\t\t\t\t<span class=\"phone_only\" id=\"r6a97dccace13c5d-20261219\"><span data-date-format=\"l\">Saturday<\/span> <span data-date-format=\"F\">December<\/span> <span data-date-format=\"j\">19<\/span><\/span>\n\t\t\t\t\t\t\t\t\t\t\t<span class=\"no_phone\" aria-hidden=\"true\">19<\/span>\n\t\t\t\t\t\t\t\t\t\t\t\t\t\t\t\t\t\t\t\t<\/div>\n\t\t\t\t\t\t\t\t\t\t\t\t\t\t\t\t\t\t\t<ul class=\"events\" aria-labelledby=\"r6a97dccace13c5d-20261219\">\n\t\t\t\t\t\t\t\t\t\t\t\t\t\t\t\t\t\t\t\t\t\t\t\t\t<li class=\"event all-day\" data-feed-key=\"0\">\n\t\t\t\t\t\t\t\t\t\t\t\t\t\t\t\t\t\t\t\t\t\t\t\t\t\t\t\t\t\t\t<span class=\"all-day-indicator\">All Day<\/span>\n\t\t\t\t\t\t\t\t\t\t\t\t\t\t\t\t<span class=\"title has_desc confirmed\">David Rodigan and General Levy at Alte Kaserne (19 Dec 26)<\/span><div class=\"descloc hover_block\"><div class=\"title_in_hover_block\"><span class=\"title confirmed\">David Rodigan and General Levy at Alte Kaserne (19 Dec 26)<\/span><\/div><div class=\"location\">Alte Kaserne, Kanonengasse 20, 8004, Z\u00fcrich, Switzerland<\/div><div class=\"eventdesc\"><p><a href=\"https:\/\/www.songkick.com\/concerts\/43275556-david-rodigan-at-alte-kaserne?utm_campaign=tracked_artist&#038;utm_content=ZD0yNDYxMjg2JnU9MTM3MjI4MTU5&#038;utm_medium=feed&#038;utm_source=ical\" rel=\"nofollow\">https:\/\/www.songkick.com\/concerts\/43275556-david-rodigan-at-alte-kaserne?utm_campaign=tracked_artist&#038;utm_content=ZD0yNDYxMjg2JnU9MTM3MjI4MTU5&#038;utm_medium=feed&#038;utm_source=ical<\/a><\/p><\/div><\/div>\t\t\t\t\t\t\t\t\t\t\t\t\t\t<\/li>\n\t\t\t\t\t\t\t\t\t\t\t\t\t\t\t\t\t\t\t\t\t\t\t\t\t\t\t\t<li class=\"event all-day\" data-feed-key=\"0\">\n\t\t\t\t\t\t\t\t\t\t\t\t\t\t\t<span class=\"title has_desc confirmed\">Die Fantastischen Vier at ZAG Arena (19 Dec 26)<\/span><div class=\"descloc hover_block\"><div class=\"title_in_hover_block\"><span class=\"title confirmed\">Die Fantastischen Vier at ZAG Arena (19 Dec 26)<\/span><\/div><div class=\"location\">ZAG Arena, EXPO-Plaza 7, 30539, Hannover, Germany<\/div><div class=\"eventdesc\"><p><a href=\"https:\/\/www.songkick.com\/concerts\/42879897-die-fantastischen-vier-at-zag-arena?utm_campaign=tracked_artist&#038;utm_content=ZD0yNDYxMjg2JnU9MTM3MjI4MTU5&#038;utm_medium=feed&#038;utm_source=ical\" rel=\"nofollow\">https:\/\/www.songkick.com\/concerts\/42879897-die-fantastischen-vier-at-zag-arena?utm_campaign=tracked_artist&#038;utm_content=ZD0yNDYxMjg2JnU9MTM3MjI4MTU5&#038;utm_medium=feed&#038;utm_source=ical<\/a><\/p><\/div><\/div>\t\t\t\t\t\t\t\t\t\t\t\t\t\t<\/li>\n\t\t\t\t\t\t\t\t\t\t\t\t\t\t\t\t\t\t\t\t\t\t\t\t\t\t\t\t<li class=\"event all-day\" data-feed-key=\"0\">\n\t\t\t\t\t\t\t\t\t\t\t\t\t\t\t<span class=\"title has_desc confirmed\">Palma at Trinke (19 Dec 26)<\/span><div class=\"descloc hover_block\"><div class=\"title_in_hover_block\"><span class=\"title confirmed\">Palma at Trinke (19 Dec 26)<\/span><\/div><div class=\"location\">Trinke, M\u00fcnsterstrasse 24, 48431, Rheine, Germany<\/div><div class=\"eventdesc\"><p><a href=\"https:\/\/www.songkick.com\/concerts\/43291418-palma-at-trinke?utm_campaign=tracked_artist&#038;utm_content=ZD0yNDYxMjg2JnU9MTM3MjI4MTU5&#038;utm_medium=feed&#038;utm_source=ical\" rel=\"nofollow\">https:\/\/www.songkick.com\/concerts\/43291418-palma-at-trinke?utm_campaign=tracked_artist&#038;utm_content=ZD0yNDYxMjg2JnU9MTM3MjI4MTU5&#038;utm_medium=feed&#038;utm_source=ical<\/a><\/p><\/div><\/div>\t\t\t\t\t\t\t\t\t\t\t\t\t\t<\/li>\n\t\t\t\t\t\t\t\t\t\t\t\t\t\t\t\t\t\t\t\t\t\t\t\t<\/ul>\n\t\t\t\t\t\t\t\t\t\t\t\t\t\t\t\t\t\t<\/td>\n\t\t\t\t\t\t\t\t\t\t\t\t\t\t\t\t<td data-dow=\"0\" data-events-count=\"1\" data-feed-keys=\"0\" class=\"future has_events d_20 dow_0\">\n\t\t\t\t\t\t\t\t\t<div class=\"day\">\n\t\t\t\t\t\t\t\t\t\t\t\t\t\t\t\t\t\t\t\t\t<span class=\"phone_only\" id=\"r6a97dccace13c5d-20261220\"><span data-date-format=\"l\">Sunday<\/span> <span data-date-format=\"F\">December<\/span> <span data-date-format=\"j\">20<\/span><\/span>\n\t\t\t\t\t\t\t\t\t\t\t<span class=\"no_phone\" aria-hidden=\"true\">20<\/span>\n\t\t\t\t\t\t\t\t\t\t\t\t\t\t\t\t\t\t\t\t<\/div>\n\t\t\t\t\t\t\t\t\t\t\t\t\t\t\t\t\t\t\t<ul class=\"events\" aria-labelledby=\"r6a97dccace13c5d-20261220\">\n\t\t\t\t\t\t\t\t\t\t\t\t\t\t\t\t\t\t\t\t\t\t\t\t\t<li class=\"event all-day\" data-feed-key=\"0\">\n\t\t\t\t\t\t\t\t\t\t\t\t\t\t\t\t\t\t\t\t\t\t\t\t\t\t\t\t\t\t\t<span class=\"all-day-indicator\">All Day<\/span>\n\t\t\t\t\t\t\t\t\t\t\t\t\t\t\t\t<span class=\"title has_desc confirmed\">Die Fantastischen Vier at Hanns-Martin-Schleyer-Halle (20 Dec 26)<\/span><div class=\"descloc hover_block\"><div class=\"title_in_hover_block\"><span class=\"title confirmed\">Die Fantastischen Vier at Hanns-Martin-Schleyer-Halle (20 Dec 26)<\/span><\/div><div class=\"location\">Hanns-Martin-Schleyer-Halle, Mercedesstra\u00dfe 69, 70372, Stuttgart, Germany<\/div><div class=\"eventdesc\"><p><a href=\"https:\/\/www.songkick.com\/concerts\/42887220-die-fantastischen-vier-at-hannsmartinschleyerhalle?utm_campaign=tracked_artist&#038;utm_content=ZD0yNDYxMjg2JnU9MTM3MjI4MTU5&#038;utm_medium=feed&#038;utm_source=ical\" rel=\"nofollow\">https:\/\/www.songkick.com\/concerts\/42887220-die-fantastischen-vier-at-hannsmartinschleyerhalle?utm_campaign=tracked_artist&#038;utm_content=ZD0yNDYxMjg2JnU9MTM3MjI4MTU5&#038;utm_medium=feed&#038;utm_source=ical<\/a><\/p><\/div><\/div>\t\t\t\t\t\t\t\t\t\t\t\t\t\t<\/li>\n\t\t\t\t\t\t\t\t\t\t\t\t\t\t\t\t\t\t\t\t\t\t\t\t<\/ul>\n\t\t\t\t\t\t\t\t\t\t\t\t\t\t\t\t\t\t<\/td>\n\t\t\t\t\t\t\t\t<\/tr><tr>\t\t\t\t\t\t\t\t<td data-dow=\"1\" data-events-count=\"1\" data-feed-keys=\"0\" class=\"future has_events d_21 dow_1\">\n\t\t\t\t\t\t\t\t\t<div class=\"day\">\n\t\t\t\t\t\t\t\t\t\t\t\t\t\t\t\t\t\t\t\t\t<span class=\"phone_only\" id=\"r6a97dccace13c5d-20261221\"><span data-date-format=\"l\">Monday<\/span> <span data-date-format=\"F\">December<\/span> <span data-date-format=\"j\">21<\/span><\/span>\n\t\t\t\t\t\t\t\t\t\t\t<span class=\"no_phone\" aria-hidden=\"true\">21<\/span>\n\t\t\t\t\t\t\t\t\t\t\t\t\t\t\t\t\t\t\t\t<\/div>\n\t\t\t\t\t\t\t\t\t\t\t\t\t\t\t\t\t\t\t<ul class=\"events\" aria-labelledby=\"r6a97dccace13c5d-20261221\">\n\t\t\t\t\t\t\t\t\t\t\t\t\t\t\t\t\t\t\t\t\t\t\t\t\t<li class=\"event all-day\" data-feed-key=\"0\">\n\t\t\t\t\t\t\t\t\t\t\t\t\t\t\t\t\t\t\t\t\t\t\t\t\t\t\t\t\t\t\t<span class=\"all-day-indicator\">All Day<\/span>\n\t\t\t\t\t\t\t\t\t\t\t\t\t\t\t\t<span class=\"title has_desc confirmed\">Die Fantastischen Vier at Hanns-Martin-Schleyer-Halle (21 Dec 26)<\/span><div class=\"descloc hover_block\"><div class=\"title_in_hover_block\"><span class=\"title confirmed\">Die Fantastischen Vier at Hanns-Martin-Schleyer-Halle (21 Dec 26)<\/span><\/div><div class=\"location\">Hanns-Martin-Schleyer-Halle, Mercedesstra\u00dfe 69, 70372, Stuttgart, Germany<\/div><div class=\"eventdesc\"><p><a href=\"https:\/\/www.songkick.com\/concerts\/42879898-die-fantastischen-vier-at-hannsmartinschleyerhalle?utm_campaign=tracked_artist&#038;utm_content=ZD0yNDYxMjg2JnU9MTM3MjI4MTU5&#038;utm_medium=feed&#038;utm_source=ical\" rel=\"nofollow\">https:\/\/www.songkick.com\/concerts\/42879898-die-fantastischen-vier-at-hannsmartinschleyerhalle?utm_campaign=tracked_artist&#038;utm_content=ZD0yNDYxMjg2JnU9MTM3MjI4MTU5&#038;utm_medium=feed&#038;utm_source=ical<\/a><\/p><\/div><\/div>\t\t\t\t\t\t\t\t\t\t\t\t\t\t<\/li>\n\t\t\t\t\t\t\t\t\t\t\t\t\t\t\t\t\t\t\t\t\t\t\t\t<\/ul>\n\t\t\t\t\t\t\t\t\t\t\t\t\t\t\t\t\t\t<\/td>\n\t\t\t\t\t\t\t\t\t\t\t\t\t\t\t\t<td data-dow=\"2\" data-events-count=\"1\" data-feed-keys=\"0\" class=\"future has_events d_22 dow_2\">\n\t\t\t\t\t\t\t\t\t<div class=\"day\">\n\t\t\t\t\t\t\t\t\t\t\t\t\t\t\t\t\t\t\t\t\t<span class=\"phone_only\" id=\"r6a97dccace13c5d-20261222\"><span data-date-format=\"l\">Tuesday<\/span> <span data-date-format=\"F\">December<\/span> <span data-date-format=\"j\">22<\/span><\/span>\n\t\t\t\t\t\t\t\t\t\t\t<span class=\"no_phone\" aria-hidden=\"true\">22<\/span>\n\t\t\t\t\t\t\t\t\t\t\t\t\t\t\t\t\t\t\t\t<\/div>\n\t\t\t\t\t\t\t\t\t\t\t\t\t\t\t\t\t\t\t<ul class=\"events\" aria-labelledby=\"r6a97dccace13c5d-20261222\">\n\t\t\t\t\t\t\t\t\t\t\t\t\t\t\t\t\t\t\t\t\t\t\t\t\t<li class=\"event all-day\" data-feed-key=\"0\">\n\t\t\t\t\t\t\t\t\t\t\t\t\t\t\t\t\t\t\t\t\t\t\t\t\t\t\t\t\t\t\t<span class=\"all-day-indicator\">All Day<\/span>\n\t\t\t\t\t\t\t\t\t\t\t\t\t\t\t\t<span class=\"title has_desc confirmed\">Die Fantastischen Vier at Hanns-Martin-Schleyer-Halle (22 Dec 26)<\/span><div class=\"descloc hover_block\"><div class=\"title_in_hover_block\"><span class=\"title confirmed\">Die Fantastischen Vier at Hanns-Martin-Schleyer-Halle (22 Dec 26)<\/span><\/div><div class=\"location\">Hanns-Martin-Schleyer-Halle, Mercedesstra\u00dfe 69, 70372, Stuttgart, Germany<\/div><div class=\"eventdesc\"><p><a href=\"https:\/\/www.songkick.com\/concerts\/42879899-die-fantastischen-vier-at-hannsmartinschleyerhalle?utm_campaign=tracked_artist&#038;utm_content=ZD0yNDYxMjg2JnU9MTM3MjI4MTU5&#038;utm_medium=feed&#038;utm_source=ical\" rel=\"nofollow\">https:\/\/www.songkick.com\/concerts\/42879899-die-fantastischen-vier-at-hannsmartinschleyerhalle?utm_campaign=tracked_artist&#038;utm_content=ZD0yNDYxMjg2JnU9MTM3MjI4MTU5&#038;utm_medium=feed&#038;utm_source=ical<\/a><\/p><\/div><\/div>\t\t\t\t\t\t\t\t\t\t\t\t\t\t<\/li>\n\t\t\t\t\t\t\t\t\t\t\t\t\t\t\t\t\t\t\t\t\t\t\t\t<\/ul>\n\t\t\t\t\t\t\t\t\t\t\t\t\t\t\t\t\t\t<\/td>\n\t\t\t\t\t\t\t\t\t\t\t\t\t\t\t\t<td data-dow=\"3\" data-events-count=\"0\" data-feed-keys=\"\" class=\"future empty d_23 dow_3\">\n\t\t\t\t\t\t\t\t\t<div class=\"day\">\n\t\t\t\t\t\t\t\t\t\t\t\t\t\t\t\t\t\t\t\t\t<span class=\"phone_only\" id=\"r6a97dccace13c5d-20261223\"><span data-date-format=\"l\">Wednesday<\/span> <span data-date-format=\"F\">December<\/span> <span data-date-format=\"j\">23<\/span><\/span>\n\t\t\t\t\t\t\t\t\t\t\t<span class=\"no_phone\" aria-hidden=\"true\">23<\/span>\n\t\t\t\t\t\t\t\t\t\t\t\t\t\t\t\t\t\t\t\t<\/div>\n\t\t\t\t\t\t\t\t\t\t\t\t\t\t\t\t\t<\/td>\n\t\t\t\t\t\t\t\t\t\t\t\t\t\t\t\t<td data-dow=\"4\" data-events-count=\"0\" data-feed-keys=\"\" class=\"future empty d_24 dow_4\">\n\t\t\t\t\t\t\t\t\t<div class=\"day\">\n\t\t\t\t\t\t\t\t\t\t\t\t\t\t\t\t\t\t\t\t\t<span class=\"phone_only\" id=\"r6a97dccace13c5d-20261224\"><span data-date-format=\"l\">Thursday<\/span> <span data-date-format=\"F\">December<\/span> <span data-date-format=\"j\">24<\/span><\/span>\n\t\t\t\t\t\t\t\t\t\t\t<span class=\"no_phone\" aria-hidden=\"true\">24<\/span>\n\t\t\t\t\t\t\t\t\t\t\t\t\t\t\t\t\t\t\t\t<\/div>\n\t\t\t\t\t\t\t\t\t\t\t\t\t\t\t\t\t<\/td>\n\t\t\t\t\t\t\t\t\t\t\t\t\t\t\t\t<td data-dow=\"5\" data-events-count=\"0\" data-feed-keys=\"\" class=\"future empty d_25 dow_5\">\n\t\t\t\t\t\t\t\t\t<div class=\"day\">\n\t\t\t\t\t\t\t\t\t\t\t\t\t\t\t\t\t\t\t\t\t<span class=\"phone_only\" id=\"r6a97dccace13c5d-20261225\"><span data-date-format=\"l\">Friday<\/span> <span data-date-format=\"F\">December<\/span> <span data-date-format=\"j\">25<\/span><\/span>\n\t\t\t\t\t\t\t\t\t\t\t<span class=\"no_phone\" aria-hidden=\"true\">25<\/span>\n\t\t\t\t\t\t\t\t\t\t\t\t\t\t\t\t\t\t\t\t<\/div>\n\t\t\t\t\t\t\t\t\t\t\t\t\t\t\t\t\t<\/td>\n\t\t\t\t\t\t\t\t\t\t\t\t\t\t\t\t<td data-dow=\"6\" data-events-count=\"1\" data-feed-keys=\"0\" class=\"future has_events d_26 dow_6\">\n\t\t\t\t\t\t\t\t\t<div class=\"day\">\n\t\t\t\t\t\t\t\t\t\t\t\t\t\t\t\t\t\t\t\t\t<span class=\"phone_only\" id=\"r6a97dccace13c5d-20261226\"><span data-date-format=\"l\">Saturday<\/span> <span data-date-format=\"F\">December<\/span> <span data-date-format=\"j\">26<\/span><\/span>\n\t\t\t\t\t\t\t\t\t\t\t<span class=\"no_phone\" aria-hidden=\"true\">26<\/span>\n\t\t\t\t\t\t\t\t\t\t\t\t\t\t\t\t\t\t\t\t<\/div>\n\t\t\t\t\t\t\t\t\t\t\t\t\t\t\t\t\t\t\t<ul class=\"events\" aria-labelledby=\"r6a97dccace13c5d-20261226\">\n\t\t\t\t\t\t\t\t\t\t\t\t\t\t\t\t\t\t\t\t\t\t\t\t\t<li class=\"event all-day\" data-feed-key=\"0\">\n\t\t\t\t\t\t\t\t\t\t\t\t\t\t\t\t\t\t\t\t\t\t\t\t\t\t\t\t\t\t\t<span class=\"all-day-indicator\">All Day<\/span>\n\t\t\t\t\t\t\t\t\t\t\t\t\t\t\t\t<span class=\"title has_desc confirmed\">Jamaram and Samy Danger at Caf\u00e9 Central (26 Dec 26)<\/span><div class=\"descloc hover_block\"><div class=\"title_in_hover_block\"><span class=\"title confirmed\">Jamaram and Samy Danger at Caf\u00e9 Central (26 Dec 26)<\/span><\/div><div class=\"location\">Caf\u00e9 Central, Bahnhofstra\u00dfe 19, 69469, Weinheim, Germany<\/div><div class=\"eventdesc\"><p><a href=\"https:\/\/www.songkick.com\/concerts\/43012820-jamaram-at-cafe-central?utm_campaign=tracked_artist&#038;utm_content=ZD0yNDYxMjg2JnU9MTM3MjI4MTU5&#038;utm_medium=feed&#038;utm_source=ical\" rel=\"nofollow\">https:\/\/www.songkick.com\/concerts\/43012820-jamaram-at-cafe-central?utm_campaign=tracked_artist&#038;utm_content=ZD0yNDYxMjg2JnU9MTM3MjI4MTU5&#038;utm_medium=feed&#038;utm_source=ical<\/a><\/p><\/div><\/div>\t\t\t\t\t\t\t\t\t\t\t\t\t\t<\/li>\n\t\t\t\t\t\t\t\t\t\t\t\t\t\t\t\t\t\t\t\t\t\t\t\t<\/ul>\n\t\t\t\t\t\t\t\t\t\t\t\t\t\t\t\t\t\t<\/td>\n\t\t\t\t\t\t\t\t\t\t\t\t\t\t\t\t<td data-dow=\"0\" data-events-count=\"0\" data-feed-keys=\"\" class=\"future empty d_27 dow_0\">\n\t\t\t\t\t\t\t\t\t<div class=\"day\">\n\t\t\t\t\t\t\t\t\t\t\t\t\t\t\t\t\t\t\t\t\t<span class=\"phone_only\" id=\"r6a97dccace13c5d-20261227\"><span data-date-format=\"l\">Sunday<\/span> <span data-date-format=\"F\">December<\/span> <span data-date-format=\"j\">27<\/span><\/span>\n\t\t\t\t\t\t\t\t\t\t\t<span class=\"no_phone\" aria-hidden=\"true\">27<\/span>\n\t\t\t\t\t\t\t\t\t\t\t\t\t\t\t\t\t\t\t\t<\/div>\n\t\t\t\t\t\t\t\t\t\t\t\t\t\t\t\t\t<\/td>\n\t\t\t\t\t\t\t\t<\/tr><tr>\t\t\t\t\t\t\t\t<td data-dow=\"1\" data-events-count=\"1\" data-feed-keys=\"0\" class=\"future has_events d_28 dow_1\">\n\t\t\t\t\t\t\t\t\t<div class=\"day\">\n\t\t\t\t\t\t\t\t\t\t\t\t\t\t\t\t\t\t\t\t\t<span class=\"phone_only\" id=\"r6a97dccace13c5d-20261228\"><span data-date-format=\"l\">Monday<\/span> <span data-date-format=\"F\">December<\/span> <span data-date-format=\"j\">28<\/span><\/span>\n\t\t\t\t\t\t\t\t\t\t\t<span class=\"no_phone\" aria-hidden=\"true\">28<\/span>\n\t\t\t\t\t\t\t\t\t\t\t\t\t\t\t\t\t\t\t\t<\/div>\n\t\t\t\t\t\t\t\t\t\t\t\t\t\t\t\t\t\t\t<ul class=\"events\" aria-labelledby=\"r6a97dccace13c5d-20261228\">\n\t\t\t\t\t\t\t\t\t\t\t\t\t\t\t\t\t\t\t\t\t\t\t\t\t<li class=\"event all-day\" data-feed-key=\"0\">\n\t\t\t\t\t\t\t\t\t\t\t\t\t\t\t\t\t\t\t\t\t\t\t\t\t\t\t\t\t\t\t<span class=\"all-day-indicator\">All Day<\/span>\n\t\t\t\t\t\t\t\t\t\t\t\t\t\t\t\t<span class=\"title has_desc confirmed\">Jamaram and Samy Danger at WERK2 - Kulturfabrik Leipzig e.V. (28 Dec 26)<\/span><div class=\"descloc hover_block\"><div class=\"title_in_hover_block\"><span class=\"title confirmed\">Jamaram and Samy Danger at WERK2 - Kulturfabrik Leipzig e.V. (28 Dec 26)<\/span><\/div><div class=\"location\">WERK2 - Kulturfabrik Leipzig e.V., Kochstra\u00dfe 132, 04277, Leipzig, Germany<\/div><div class=\"eventdesc\"><p><a href=\"https:\/\/www.songkick.com\/concerts\/43266061-jamaram-at-werk2-kulturfabrik-leipzig-ev?utm_campaign=tracked_artist&#038;utm_content=ZD0yNDYxMjg2JnU9MTM3MjI4MTU5&#038;utm_medium=feed&#038;utm_source=ical\" rel=\"nofollow\">https:\/\/www.songkick.com\/concerts\/43266061-jamaram-at-werk2-kulturfabrik-leipzig-ev?utm_campaign=tracked_artist&#038;utm_content=ZD0yNDYxMjg2JnU9MTM3MjI4MTU5&#038;utm_medium=feed&#038;utm_source=ical<\/a><\/p><\/div><\/div>\t\t\t\t\t\t\t\t\t\t\t\t\t\t<\/li>\n\t\t\t\t\t\t\t\t\t\t\t\t\t\t\t\t\t\t\t\t\t\t\t\t<\/ul>\n\t\t\t\t\t\t\t\t\t\t\t\t\t\t\t\t\t\t<\/td>\n\t\t\t\t\t\t\t\t\t\t\t\t\t\t\t\t<td data-dow=\"2\" data-events-count=\"1\" data-feed-keys=\"0\" class=\"future has_events d_29 dow_2\">\n\t\t\t\t\t\t\t\t\t<div class=\"day\">\n\t\t\t\t\t\t\t\t\t\t\t\t\t\t\t\t\t\t\t\t\t<span class=\"phone_only\" id=\"r6a97dccace13c5d-20261229\"><span data-date-format=\"l\">Tuesday<\/span> <span data-date-format=\"F\">December<\/span> <span data-date-format=\"j\">29<\/span><\/span>\n\t\t\t\t\t\t\t\t\t\t\t<span class=\"no_phone\" aria-hidden=\"true\">29<\/span>\n\t\t\t\t\t\t\t\t\t\t\t\t\t\t\t\t\t\t\t\t<\/div>\n\t\t\t\t\t\t\t\t\t\t\t\t\t\t\t\t\t\t\t<ul class=\"events\" aria-labelledby=\"r6a97dccace13c5d-20261229\">\n\t\t\t\t\t\t\t\t\t\t\t\t\t\t\t\t\t\t\t\t\t\t\t\t\t<li class=\"event all-day\" data-feed-key=\"0\">\n\t\t\t\t\t\t\t\t\t\t\t\t\t\t\t\t\t\t\t\t\t\t\t\t\t\t\t\t\t\t\t<span class=\"all-day-indicator\">All Day<\/span>\n\t\t\t\t\t\t\t\t\t\t\t\t\t\t\t\t<span class=\"title has_desc confirmed\">Jamaram, Jahcoustix, and Samy Danger at Stadtgarten K\u00f6ln (29 Dec 26)<\/span><div class=\"descloc hover_block\"><div class=\"title_in_hover_block\"><span class=\"title confirmed\">Jamaram, Jahcoustix, and Samy Danger at Stadtgarten K\u00f6ln (29 Dec 26)<\/span><\/div><div class=\"location\">Stadtgarten K\u00f6ln, Venloer Str. 40, 50672, Cologne, Germany<\/div><div class=\"eventdesc\"><p><a href=\"https:\/\/www.songkick.com\/concerts\/43263470-jamaram-at-stadtgarten-koln?utm_campaign=tracked_artist&#038;utm_content=ZD0yNDYxMjg2JnU9MTM3MjI4MTU5&#038;utm_medium=feed&#038;utm_source=ical\" rel=\"nofollow\">https:\/\/www.songkick.com\/concerts\/43263470-jamaram-at-stadtgarten-koln?utm_campaign=tracked_artist&#038;utm_content=ZD0yNDYxMjg2JnU9MTM3MjI4MTU5&#038;utm_medium=feed&#038;utm_source=ical<\/a><\/p><\/div><\/div>\t\t\t\t\t\t\t\t\t\t\t\t\t\t<\/li>\n\t\t\t\t\t\t\t\t\t\t\t\t\t\t\t\t\t\t\t\t\t\t\t\t<\/ul>\n\t\t\t\t\t\t\t\t\t\t\t\t\t\t\t\t\t\t<\/td>\n\t\t\t\t\t\t\t\t\t\t\t\t\t\t\t\t<td data-dow=\"3\" data-events-count=\"1\" data-feed-keys=\"0\" class=\"future has_events d_30 dow_3\">\n\t\t\t\t\t\t\t\t\t<div class=\"day\">\n\t\t\t\t\t\t\t\t\t\t\t\t\t\t\t\t\t\t\t\t\t<span class=\"phone_only\" id=\"r6a97dccace13c5d-20261230\"><span data-date-format=\"l\">Wednesday<\/span> <span data-date-format=\"F\">December<\/span> <span data-date-format=\"j\">30<\/span><\/span>\n\t\t\t\t\t\t\t\t\t\t\t<span class=\"no_phone\" aria-hidden=\"true\">30<\/span>\n\t\t\t\t\t\t\t\t\t\t\t\t\t\t\t\t\t\t\t\t<\/div>\n\t\t\t\t\t\t\t\t\t\t\t\t\t\t\t\t\t\t\t<ul class=\"events\" aria-labelledby=\"r6a97dccace13c5d-20261230\">\n\t\t\t\t\t\t\t\t\t\t\t\t\t\t\t\t\t\t\t\t\t\t\t\t\t<li class=\"event all-day\" data-feed-key=\"0\">\n\t\t\t\t\t\t\t\t\t\t\t\t\t\t\t\t\t\t\t\t\t\t\t\t\t\t\t\t\t\t\t<span class=\"all-day-indicator\">All Day<\/span>\n\t\t\t\t\t\t\t\t\t\t\t\t\t\t\t\t<span class=\"title has_desc confirmed\">Jamaram, Samy Danger, and Jahcoustix at Jazzhaus (30 Dec 26)<\/span><div class=\"descloc hover_block\"><div class=\"title_in_hover_block\"><span class=\"title confirmed\">Jamaram, Samy Danger, and Jahcoustix at Jazzhaus (30 Dec 26)<\/span><\/div><div class=\"location\">Jazzhaus, Schnewlinstr. 1, 79098, Freiburg, Germany<\/div><div class=\"eventdesc\"><p><a href=\"https:\/\/www.songkick.com\/concerts\/43056060-jamaram-at-jazzhaus?utm_campaign=tracked_artist&#038;utm_content=ZD0yNDYxMjg2JnU9MTM3MjI4MTU5&#038;utm_medium=feed&#038;utm_source=ical\" rel=\"nofollow\">https:\/\/www.songkick.com\/concerts\/43056060-jamaram-at-jazzhaus?utm_campaign=tracked_artist&#038;utm_content=ZD0yNDYxMjg2JnU9MTM3MjI4MTU5&#038;utm_medium=feed&#038;utm_source=ical<\/a><\/p><\/div><\/div>\t\t\t\t\t\t\t\t\t\t\t\t\t\t<\/li>\n\t\t\t\t\t\t\t\t\t\t\t\t\t\t\t\t\t\t\t\t\t\t\t\t<\/ul>\n\t\t\t\t\t\t\t\t\t\t\t\t\t\t\t\t\t\t<\/td>\n\t\t\t\t\t\t\t\t\t\t\t\t\t\t\t\t<td data-dow=\"4\" data-events-count=\"0\" data-feed-keys=\"\" class=\"future empty d_31 dow_4\">\n\t\t\t\t\t\t\t\t\t<div class=\"day\">\n\t\t\t\t\t\t\t\t\t\t\t\t\t\t\t\t\t\t\t\t\t<span class=\"phone_only\" id=\"r6a97dccace13c5d-20261231\"><span data-date-format=\"l\">Thursday<\/span> <span data-date-format=\"F\">December<\/span> <span data-date-format=\"j\">31<\/span><\/span>\n\t\t\t\t\t\t\t\t\t\t\t<span class=\"no_phone\" aria-hidden=\"true\">31<\/span>\n\t\t\t\t\t\t\t\t\t\t\t\t\t\t\t\t\t\t\t\t<\/div>\n\t\t\t\t\t\t\t\t\t\t\t\t\t\t\t\t\t<\/td>\n\t\t\t\t\t\t\t\t\t\t\t\t\t\t\t\t<td class=\"off\" data-dow=\"5\"><\/td>\n\t\t\t\t\t\t\t\t\t\t\t\t\t\t\t\t<td class=\"off\" data-dow=\"6\"><\/td>\n\t\t\t\t\t\t\t\t\t\t\t\t\t\t\t\t<td class=\"off\" data-dow=\"0\"><\/td>\n\t\t\t\t\t\t\t\t\t\t\t\t\t\t<\/tr>\n\t\t\t\t\t<\/tbody>\n\t\t\t\t<\/table>\n\n\t\t\t\t\n\t\t\t<\/article>\n\t\t\t\t\t\t<article class=\"ics-calendar-month-wrapper\" style=\"display: none;\" data-year-month=\"202701\" data-is-this-month=\"0\">\n\n\t\t\t\t\t\t\t\t\t<h3 class=\"ics-calendar-label\" id=\"r6a97dccace13c5d-202701\">January 2027<\/h3>\n\t\t\t\t\t\t\t\t\t\n\t\t\t\t<table class=\"ics-calendar-month-grid\" aria-labelledby=\"r6a97dccace13c5d-202701\">\n\t\t\t\t\t<thead>\n\t\t\t\t\t\t<tr>\n\t\t\t\t\t\t\t\t\t\t\t\t\t\t\t<th data-dow=\"1\">Monday<\/th>\n\t\t\t\t\t\t\t\t\t\t\t\t\t\t\t\t<th data-dow=\"2\">Tuesday<\/th>\n\t\t\t\t\t\t\t\t\t\t\t\t\t\t\t\t<th data-dow=\"3\">Wednesday<\/th>\n\t\t\t\t\t\t\t\t\t\t\t\t\t\t\t\t<th data-dow=\"4\">Thursday<\/th>\n\t\t\t\t\t\t\t\t\t\t\t\t\t\t\t\t<th data-dow=\"5\">Friday<\/th>\n\t\t\t\t\t\t\t\t\t\t\t\t\t\t\t\t<th data-dow=\"6\">Saturday<\/th>\n\t\t\t\t\t\t\t\t\t\t\t\t\t\t\t\t<th data-dow=\"0\">Sunday<\/th>\n\t\t\t\t\t\t\t\t\t\t\t\t\t\t<\/tr>\n\t\t\t\t\t<\/thead>\n\n\t\t\t\t\t<tbody>\n\t\t\t\t\t\t<tr>\n\t\t\t\t\t\t\t\t\t\t\t\t\t\t\t<td class=\"off\" data-dow=\"1\"><\/td>\n\t\t\t\t\t\t\t\t\t\t\t\t\t\t\t\t<td class=\"off\" data-dow=\"2\"><\/td>\n\t\t\t\t\t\t\t\t\t\t\t\t\t\t\t\t<td class=\"off\" data-dow=\"3\"><\/td>\n\t\t\t\t\t\t\t\t\t\t\t\t\t\t\t\t<td class=\"off\" data-dow=\"4\"><\/td>\n\t\t\t\t\t\t\t\t\t\t\t\t\t\t\t\t<td data-dow=\"5\" data-events-count=\"0\" data-feed-keys=\"\" class=\"future empty d_01 dow_5\">\n\t\t\t\t\t\t\t\t\t<div class=\"day\">\n\t\t\t\t\t\t\t\t\t\t\t\t\t\t\t\t\t\t\t\t\t<span class=\"phone_only\" id=\"r6a97dccace13c5d-20270101\"><span data-date-format=\"l\">Friday<\/span> <span data-date-format=\"F\">January<\/span> <span data-date-format=\"j\">1<\/span><\/span>\n\t\t\t\t\t\t\t\t\t\t\t<span class=\"no_phone\" aria-hidden=\"true\">1<\/span>\n\t\t\t\t\t\t\t\t\t\t\t\t\t\t\t\t\t\t\t\t<\/div>\n\t\t\t\t\t\t\t\t\t\t\t\t\t\t\t\t\t<\/td>\n\t\t\t\t\t\t\t\t\t\t\t\t\t\t\t\t<td data-dow=\"6\" data-events-count=\"0\" data-feed-keys=\"\" class=\"future empty d_02 dow_6\">\n\t\t\t\t\t\t\t\t\t<div class=\"day\">\n\t\t\t\t\t\t\t\t\t\t\t\t\t\t\t\t\t\t\t\t\t<span class=\"phone_only\" id=\"r6a97dccace13c5d-20270102\"><span data-date-format=\"l\">Saturday<\/span> <span data-date-format=\"F\">January<\/span> <span data-date-format=\"j\">2<\/span><\/span>\n\t\t\t\t\t\t\t\t\t\t\t<span class=\"no_phone\" aria-hidden=\"true\">2<\/span>\n\t\t\t\t\t\t\t\t\t\t\t\t\t\t\t\t\t\t\t\t<\/div>\n\t\t\t\t\t\t\t\t\t\t\t\t\t\t\t\t\t<\/td>\n\t\t\t\t\t\t\t\t\t\t\t\t\t\t\t\t<td data-dow=\"0\" data-events-count=\"0\" data-feed-keys=\"\" class=\"future empty d_03 dow_0\">\n\t\t\t\t\t\t\t\t\t<div class=\"day\">\n\t\t\t\t\t\t\t\t\t\t\t\t\t\t\t\t\t\t\t\t\t<span class=\"phone_only\" id=\"r6a97dccace13c5d-20270103\"><span data-date-format=\"l\">Sunday<\/span> <span data-date-format=\"F\">January<\/span> <span data-date-format=\"j\">3<\/span><\/span>\n\t\t\t\t\t\t\t\t\t\t\t<span class=\"no_phone\" aria-hidden=\"true\">3<\/span>\n\t\t\t\t\t\t\t\t\t\t\t\t\t\t\t\t\t\t\t\t<\/div>\n\t\t\t\t\t\t\t\t\t\t\t\t\t\t\t\t\t<\/td>\n\t\t\t\t\t\t\t\t<\/tr><tr>\t\t\t\t\t\t\t\t<td data-dow=\"1\" data-events-count=\"0\" data-feed-keys=\"\" class=\"future empty d_04 dow_1\">\n\t\t\t\t\t\t\t\t\t<div class=\"day\">\n\t\t\t\t\t\t\t\t\t\t\t\t\t\t\t\t\t\t\t\t\t<span class=\"phone_only\" id=\"r6a97dccace13c5d-20270104\"><span data-date-format=\"l\">Monday<\/span> <span data-date-format=\"F\">January<\/span> <span data-date-format=\"j\">4<\/span><\/span>\n\t\t\t\t\t\t\t\t\t\t\t<span class=\"no_phone\" aria-hidden=\"true\">4<\/span>\n\t\t\t\t\t\t\t\t\t\t\t\t\t\t\t\t\t\t\t\t<\/div>\n\t\t\t\t\t\t\t\t\t\t\t\t\t\t\t\t\t<\/td>\n\t\t\t\t\t\t\t\t\t\t\t\t\t\t\t\t<td data-dow=\"2\" data-events-count=\"1\" data-feed-keys=\"0\" class=\"future has_events d_05 dow_2\">\n\t\t\t\t\t\t\t\t\t<div class=\"day\">\n\t\t\t\t\t\t\t\t\t\t\t\t\t\t\t\t\t\t\t\t\t<span class=\"phone_only\" id=\"r6a97dccace13c5d-20270105\"><span data-date-format=\"l\">Tuesday<\/span> <span data-date-format=\"F\">January<\/span> <span data-date-format=\"j\">5<\/span><\/span>\n\t\t\t\t\t\t\t\t\t\t\t<span class=\"no_phone\" aria-hidden=\"true\">5<\/span>\n\t\t\t\t\t\t\t\t\t\t\t\t\t\t\t\t\t\t\t\t<\/div>\n\t\t\t\t\t\t\t\t\t\t\t\t\t\t\t\t\t\t\t<ul class=\"events\" aria-labelledby=\"r6a97dccace13c5d-20270105\">\n\t\t\t\t\t\t\t\t\t\t\t\t\t\t\t\t\t\t\t\t\t\t\t\t\t<li class=\"event all-day\" data-feed-key=\"0\">\n\t\t\t\t\t\t\t\t\t\t\t\t\t\t\t\t\t\t\t\t\t\t\t\t\t\t\t\t\t\t\t<span class=\"all-day-indicator\">All Day<\/span>\n\t\t\t\t\t\t\t\t\t\t\t\t\t\t\t\t<span class=\"title has_desc confirmed\">Die Fantastischen Vier at Festhalle Frankfurt (05 Jan 27)<\/span><div class=\"descloc hover_block\"><div class=\"title_in_hover_block\"><span class=\"title confirmed\">Die Fantastischen Vier at Festhalle Frankfurt (05 Jan 27)<\/span><\/div><div class=\"location\">Festhalle Frankfurt, Ludwig-Erhard-Anlage 1, 60327, Frankfurt, Germany<\/div><div class=\"eventdesc\"><p><a href=\"https:\/\/www.songkick.com\/concerts\/42887221-die-fantastischen-vier-at-festhalle-frankfurt?utm_campaign=tracked_artist&#038;utm_content=ZD0yNDYxMjg2JnU9MTM3MjI4MTU5&#038;utm_medium=feed&#038;utm_source=ical\" rel=\"nofollow\">https:\/\/www.songkick.com\/concerts\/42887221-die-fantastischen-vier-at-festhalle-frankfurt?utm_campaign=tracked_artist&#038;utm_content=ZD0yNDYxMjg2JnU9MTM3MjI4MTU5&#038;utm_medium=feed&#038;utm_source=ical<\/a><\/p><\/div><\/div>\t\t\t\t\t\t\t\t\t\t\t\t\t\t<\/li>\n\t\t\t\t\t\t\t\t\t\t\t\t\t\t\t\t\t\t\t\t\t\t\t\t<\/ul>\n\t\t\t\t\t\t\t\t\t\t\t\t\t\t\t\t\t\t<\/td>\n\t\t\t\t\t\t\t\t\t\t\t\t\t\t\t\t<td data-dow=\"3\" data-events-count=\"1\" data-feed-keys=\"0\" class=\"future has_events d_06 dow_3\">\n\t\t\t\t\t\t\t\t\t<div class=\"day\">\n\t\t\t\t\t\t\t\t\t\t\t\t\t\t\t\t\t\t\t\t\t<span class=\"phone_only\" id=\"r6a97dccace13c5d-20270106\"><span data-date-format=\"l\">Wednesday<\/span> <span data-date-format=\"F\">January<\/span> <span data-date-format=\"j\">6<\/span><\/span>\n\t\t\t\t\t\t\t\t\t\t\t<span class=\"no_phone\" aria-hidden=\"true\">6<\/span>\n\t\t\t\t\t\t\t\t\t\t\t\t\t\t\t\t\t\t\t\t<\/div>\n\t\t\t\t\t\t\t\t\t\t\t\t\t\t\t\t\t\t\t<ul class=\"events\" aria-labelledby=\"r6a97dccace13c5d-20270106\">\n\t\t\t\t\t\t\t\t\t\t\t\t\t\t\t\t\t\t\t\t\t\t\t\t\t<li class=\"event all-day\" data-feed-key=\"0\">\n\t\t\t\t\t\t\t\t\t\t\t\t\t\t\t\t\t\t\t\t\t\t\t\t\t\t\t\t\t\t\t<span class=\"all-day-indicator\">All Day<\/span>\n\t\t\t\t\t\t\t\t\t\t\t\t\t\t\t\t<span class=\"title has_desc confirmed\">Die Fantastischen Vier at Festhalle Frankfurt (06 Jan 27)<\/span><div class=\"descloc hover_block\"><div class=\"title_in_hover_block\"><span class=\"title confirmed\">Die Fantastischen Vier at Festhalle Frankfurt (06 Jan 27)<\/span><\/div><div class=\"location\">Festhalle Frankfurt, Ludwig-Erhard-Anlage 1, 60327, Frankfurt, Germany<\/div><div class=\"eventdesc\"><p><a href=\"https:\/\/www.songkick.com\/concerts\/42879900-die-fantastischen-vier-at-festhalle-frankfurt?utm_campaign=tracked_artist&#038;utm_content=ZD0yNDYxMjg2JnU9MTM3MjI4MTU5&#038;utm_medium=feed&#038;utm_source=ical\" rel=\"nofollow\">https:\/\/www.songkick.com\/concerts\/42879900-die-fantastischen-vier-at-festhalle-frankfurt?utm_campaign=tracked_artist&#038;utm_content=ZD0yNDYxMjg2JnU9MTM3MjI4MTU5&#038;utm_medium=feed&#038;utm_source=ical<\/a><\/p><\/div><\/div>\t\t\t\t\t\t\t\t\t\t\t\t\t\t<\/li>\n\t\t\t\t\t\t\t\t\t\t\t\t\t\t\t\t\t\t\t\t\t\t\t\t<\/ul>\n\t\t\t\t\t\t\t\t\t\t\t\t\t\t\t\t\t\t<\/td>\n\t\t\t\t\t\t\t\t\t\t\t\t\t\t\t\t<td data-dow=\"4\" data-events-count=\"1\" data-feed-keys=\"0\" class=\"future has_events d_07 dow_4\">\n\t\t\t\t\t\t\t\t\t<div class=\"day\">\n\t\t\t\t\t\t\t\t\t\t\t\t\t\t\t\t\t\t\t\t\t<span class=\"phone_only\" id=\"r6a97dccace13c5d-20270107\"><span data-date-format=\"l\">Thursday<\/span> <span data-date-format=\"F\">January<\/span> <span data-date-format=\"j\">7<\/span><\/span>\n\t\t\t\t\t\t\t\t\t\t\t<span class=\"no_phone\" aria-hidden=\"true\">7<\/span>\n\t\t\t\t\t\t\t\t\t\t\t\t\t\t\t\t\t\t\t\t<\/div>\n\t\t\t\t\t\t\t\t\t\t\t\t\t\t\t\t\t\t\t<ul class=\"events\" aria-labelledby=\"r6a97dccace13c5d-20270107\">\n\t\t\t\t\t\t\t\t\t\t\t\t\t\t\t\t\t\t\t\t\t\t\t\t\t<li class=\"event all-day\" data-feed-key=\"0\">\n\t\t\t\t\t\t\t\t\t\t\t\t\t\t\t\t\t\t\t\t\t\t\t\t\t\t\t\t\t\t\t<span class=\"all-day-indicator\">All Day<\/span>\n\t\t\t\t\t\t\t\t\t\t\t\t\t\t\t\t<span class=\"title has_desc confirmed\">Die Fantastischen Vier at Westfalenhalle (07 Jan 27)<\/span><div class=\"descloc hover_block\"><div class=\"title_in_hover_block\"><span class=\"title confirmed\">Die Fantastischen Vier at Westfalenhalle (07 Jan 27)<\/span><\/div><div class=\"location\">Westfalenhalle, Strobelallee 45 \/ Rheinlanddamm 200, 44139, Dortmund, Germany<\/div><div class=\"eventdesc\"><p><a href=\"https:\/\/www.songkick.com\/concerts\/42879901-die-fantastischen-vier-at-westfalenhalle?utm_campaign=tracked_artist&#038;utm_content=ZD0yNDYxMjg2JnU9MTM3MjI4MTU5&#038;utm_medium=feed&#038;utm_source=ical\" rel=\"nofollow\">https:\/\/www.songkick.com\/concerts\/42879901-die-fantastischen-vier-at-westfalenhalle?utm_campaign=tracked_artist&#038;utm_content=ZD0yNDYxMjg2JnU9MTM3MjI4MTU5&#038;utm_medium=feed&#038;utm_source=ical<\/a><\/p><\/div><\/div>\t\t\t\t\t\t\t\t\t\t\t\t\t\t<\/li>\n\t\t\t\t\t\t\t\t\t\t\t\t\t\t\t\t\t\t\t\t\t\t\t\t<\/ul>\n\t\t\t\t\t\t\t\t\t\t\t\t\t\t\t\t\t\t<\/td>\n\t\t\t\t\t\t\t\t\t\t\t\t\t\t\t\t<td data-dow=\"5\" data-events-count=\"0\" data-feed-keys=\"\" class=\"future empty d_08 dow_5\">\n\t\t\t\t\t\t\t\t\t<div class=\"day\">\n\t\t\t\t\t\t\t\t\t\t\t\t\t\t\t\t\t\t\t\t\t<span class=\"phone_only\" id=\"r6a97dccace13c5d-20270108\"><span data-date-format=\"l\">Friday<\/span> <span data-date-format=\"F\">January<\/span> <span data-date-format=\"j\">8<\/span><\/span>\n\t\t\t\t\t\t\t\t\t\t\t<span class=\"no_phone\" aria-hidden=\"true\">8<\/span>\n\t\t\t\t\t\t\t\t\t\t\t\t\t\t\t\t\t\t\t\t<\/div>\n\t\t\t\t\t\t\t\t\t\t\t\t\t\t\t\t\t<\/td>\n\t\t\t\t\t\t\t\t\t\t\t\t\t\t\t\t<td data-dow=\"6\" data-events-count=\"1\" data-feed-keys=\"0\" class=\"future has_events d_09 dow_6\">\n\t\t\t\t\t\t\t\t\t<div class=\"day\">\n\t\t\t\t\t\t\t\t\t\t\t\t\t\t\t\t\t\t\t\t\t<span class=\"phone_only\" id=\"r6a97dccace13c5d-20270109\"><span data-date-format=\"l\">Saturday<\/span> <span data-date-format=\"F\">January<\/span> <span data-date-format=\"j\">9<\/span><\/span>\n\t\t\t\t\t\t\t\t\t\t\t<span class=\"no_phone\" aria-hidden=\"true\">9<\/span>\n\t\t\t\t\t\t\t\t\t\t\t\t\t\t\t\t\t\t\t\t<\/div>\n\t\t\t\t\t\t\t\t\t\t\t\t\t\t\t\t\t\t\t<ul class=\"events\" aria-labelledby=\"r6a97dccace13c5d-20270109\">\n\t\t\t\t\t\t\t\t\t\t\t\t\t\t\t\t\t\t\t\t\t\t\t\t\t<li class=\"event all-day\" data-feed-key=\"0\">\n\t\t\t\t\t\t\t\t\t\t\t\t\t\t\t\t\t\t\t\t\t\t\t\t\t\t\t\t\t\t\t<span class=\"all-day-indicator\">All Day<\/span>\n\t\t\t\t\t\t\t\t\t\t\t\t\t\t\t\t<span class=\"title has_desc confirmed\">Die Fantastischen Vier at Rudolf Weber-Arena (09 Jan 27)<\/span><div class=\"descloc hover_block\"><div class=\"title_in_hover_block\"><span class=\"title confirmed\">Die Fantastischen Vier at Rudolf Weber-Arena (09 Jan 27)<\/span><\/div><div class=\"location\">Rudolf Weber-Arena, Arenastra\u00dfe 1, 46047, Oberhausen, Germany<\/div><div class=\"eventdesc\"><p><a href=\"https:\/\/www.songkick.com\/concerts\/42879902-die-fantastischen-vier-at-rudolf-weberarena?utm_campaign=tracked_artist&#038;utm_content=ZD0yNDYxMjg2JnU9MTM3MjI4MTU5&#038;utm_medium=feed&#038;utm_source=ical\" rel=\"nofollow\">https:\/\/www.songkick.com\/concerts\/42879902-die-fantastischen-vier-at-rudolf-weberarena?utm_campaign=tracked_artist&#038;utm_content=ZD0yNDYxMjg2JnU9MTM3MjI4MTU5&#038;utm_medium=feed&#038;utm_source=ical<\/a><\/p><\/div><\/div>\t\t\t\t\t\t\t\t\t\t\t\t\t\t<\/li>\n\t\t\t\t\t\t\t\t\t\t\t\t\t\t\t\t\t\t\t\t\t\t\t\t<\/ul>\n\t\t\t\t\t\t\t\t\t\t\t\t\t\t\t\t\t\t<\/td>\n\t\t\t\t\t\t\t\t\t\t\t\t\t\t\t\t<td data-dow=\"0\" data-events-count=\"0\" data-feed-keys=\"\" class=\"future empty d_10 dow_0\">\n\t\t\t\t\t\t\t\t\t<div class=\"day\">\n\t\t\t\t\t\t\t\t\t\t\t\t\t\t\t\t\t\t\t\t\t<span class=\"phone_only\" id=\"r6a97dccace13c5d-20270110\"><span data-date-format=\"l\">Sunday<\/span> <span data-date-format=\"F\">January<\/span> <span data-date-format=\"j\">10<\/span><\/span>\n\t\t\t\t\t\t\t\t\t\t\t<span class=\"no_phone\" aria-hidden=\"true\">10<\/span>\n\t\t\t\t\t\t\t\t\t\t\t\t\t\t\t\t\t\t\t\t<\/div>\n\t\t\t\t\t\t\t\t\t\t\t\t\t\t\t\t\t<\/td>\n\t\t\t\t\t\t\t\t<\/tr><tr>\t\t\t\t\t\t\t\t<td data-dow=\"1\" data-events-count=\"1\" data-feed-keys=\"0\" class=\"future has_events d_11 dow_1\">\n\t\t\t\t\t\t\t\t\t<div class=\"day\">\n\t\t\t\t\t\t\t\t\t\t\t\t\t\t\t\t\t\t\t\t\t<span class=\"phone_only\" id=\"r6a97dccace13c5d-20270111\"><span data-date-format=\"l\">Monday<\/span> <span data-date-format=\"F\">January<\/span> <span data-date-format=\"j\">11<\/span><\/span>\n\t\t\t\t\t\t\t\t\t\t\t<span class=\"no_phone\" aria-hidden=\"true\">11<\/span>\n\t\t\t\t\t\t\t\t\t\t\t\t\t\t\t\t\t\t\t\t<\/div>\n\t\t\t\t\t\t\t\t\t\t\t\t\t\t\t\t\t\t\t<ul class=\"events\" aria-labelledby=\"r6a97dccace13c5d-20270111\">\n\t\t\t\t\t\t\t\t\t\t\t\t\t\t\t\t\t\t\t\t\t\t\t\t\t<li class=\"event all-day\" data-feed-key=\"0\">\n\t\t\t\t\t\t\t\t\t\t\t\t\t\t\t\t\t\t\t\t\t\t\t\t\t\t\t\t\t\t\t<span class=\"all-day-indicator\">All Day<\/span>\n\t\t\t\t\t\t\t\t\t\t\t\t\t\t\t\t<span class=\"title has_desc confirmed\">Die Fantastischen Vier at LANXESS arena (11 Jan 27)<\/span><div class=\"descloc hover_block\"><div class=\"title_in_hover_block\"><span class=\"title confirmed\">Die Fantastischen Vier at LANXESS arena (11 Jan 27)<\/span><\/div><div class=\"location\">LANXESS arena, Willy-Brandt-Platz, 50679, Cologne, Germany<\/div><div class=\"eventdesc\"><p><a href=\"https:\/\/www.songkick.com\/concerts\/42887222-die-fantastischen-vier-at-lanxess-arena?utm_campaign=tracked_artist&#038;utm_content=ZD0yNDYxMjg2JnU9MTM3MjI4MTU5&#038;utm_medium=feed&#038;utm_source=ical\" rel=\"nofollow\">https:\/\/www.songkick.com\/concerts\/42887222-die-fantastischen-vier-at-lanxess-arena?utm_campaign=tracked_artist&#038;utm_content=ZD0yNDYxMjg2JnU9MTM3MjI4MTU5&#038;utm_medium=feed&#038;utm_source=ical<\/a><\/p><\/div><\/div>\t\t\t\t\t\t\t\t\t\t\t\t\t\t<\/li>\n\t\t\t\t\t\t\t\t\t\t\t\t\t\t\t\t\t\t\t\t\t\t\t\t<\/ul>\n\t\t\t\t\t\t\t\t\t\t\t\t\t\t\t\t\t\t<\/td>\n\t\t\t\t\t\t\t\t\t\t\t\t\t\t\t\t<td data-dow=\"2\" data-events-count=\"1\" data-feed-keys=\"0\" class=\"future has_events d_12 dow_2\">\n\t\t\t\t\t\t\t\t\t<div class=\"day\">\n\t\t\t\t\t\t\t\t\t\t\t\t\t\t\t\t\t\t\t\t\t<span class=\"phone_only\" id=\"r6a97dccace13c5d-20270112\"><span data-date-format=\"l\">Tuesday<\/span> <span data-date-format=\"F\">January<\/span> <span data-date-format=\"j\">12<\/span><\/span>\n\t\t\t\t\t\t\t\t\t\t\t<span class=\"no_phone\" aria-hidden=\"true\">12<\/span>\n\t\t\t\t\t\t\t\t\t\t\t\t\t\t\t\t\t\t\t\t<\/div>\n\t\t\t\t\t\t\t\t\t\t\t\t\t\t\t\t\t\t\t<ul class=\"events\" aria-labelledby=\"r6a97dccace13c5d-20270112\">\n\t\t\t\t\t\t\t\t\t\t\t\t\t\t\t\t\t\t\t\t\t\t\t\t\t<li class=\"event all-day\" data-feed-key=\"0\">\n\t\t\t\t\t\t\t\t\t\t\t\t\t\t\t\t\t\t\t\t\t\t\t\t\t\t\t\t\t\t\t<span class=\"all-day-indicator\">All Day<\/span>\n\t\t\t\t\t\t\t\t\t\t\t\t\t\t\t\t<span class=\"title has_desc confirmed\">Die Fantastischen Vier at LANXESS arena (12 Jan 27)<\/span><div class=\"descloc hover_block\"><div class=\"title_in_hover_block\"><span class=\"title confirmed\">Die Fantastischen Vier at LANXESS arena (12 Jan 27)<\/span><\/div><div class=\"location\">LANXESS arena, Willy-Brandt-Platz, 50679, Cologne, Germany<\/div><div class=\"eventdesc\"><p><a href=\"https:\/\/www.songkick.com\/concerts\/42879903-die-fantastischen-vier-at-lanxess-arena?utm_campaign=tracked_artist&#038;utm_content=ZD0yNDYxMjg2JnU9MTM3MjI4MTU5&#038;utm_medium=feed&#038;utm_source=ical\" rel=\"nofollow\">https:\/\/www.songkick.com\/concerts\/42879903-die-fantastischen-vier-at-lanxess-arena?utm_campaign=tracked_artist&#038;utm_content=ZD0yNDYxMjg2JnU9MTM3MjI4MTU5&#038;utm_medium=feed&#038;utm_source=ical<\/a><\/p><\/div><\/div>\t\t\t\t\t\t\t\t\t\t\t\t\t\t<\/li>\n\t\t\t\t\t\t\t\t\t\t\t\t\t\t\t\t\t\t\t\t\t\t\t\t<\/ul>\n\t\t\t\t\t\t\t\t\t\t\t\t\t\t\t\t\t\t<\/td>\n\t\t\t\t\t\t\t\t\t\t\t\t\t\t\t\t<td data-dow=\"3\" data-events-count=\"1\" data-feed-keys=\"0\" class=\"future has_events d_13 dow_3\">\n\t\t\t\t\t\t\t\t\t<div class=\"day\">\n\t\t\t\t\t\t\t\t\t\t\t\t\t\t\t\t\t\t\t\t\t<span class=\"phone_only\" id=\"r6a97dccace13c5d-20270113\"><span data-date-format=\"l\">Wednesday<\/span> <span data-date-format=\"F\">January<\/span> <span data-date-format=\"j\">13<\/span><\/span>\n\t\t\t\t\t\t\t\t\t\t\t<span class=\"no_phone\" aria-hidden=\"true\">13<\/span>\n\t\t\t\t\t\t\t\t\t\t\t\t\t\t\t\t\t\t\t\t<\/div>\n\t\t\t\t\t\t\t\t\t\t\t\t\t\t\t\t\t\t\t<ul class=\"events\" aria-labelledby=\"r6a97dccace13c5d-20270113\">\n\t\t\t\t\t\t\t\t\t\t\t\t\t\t\t\t\t\t\t\t\t\t\t\t\t<li class=\"event all-day\" data-feed-key=\"0\">\n\t\t\t\t\t\t\t\t\t\t\t\t\t\t\t\t\t\t\t\t\t\t\t\t\t\t\t\t\t\t\t<span class=\"all-day-indicator\">All Day<\/span>\n\t\t\t\t\t\t\t\t\t\t\t\t\t\t\t\t<span class=\"title has_desc confirmed\">Die Fantastischen Vier at Barclays Arena (13 Jan 27)<\/span><div class=\"descloc hover_block\"><div class=\"title_in_hover_block\"><span class=\"title confirmed\">Die Fantastischen Vier at Barclays Arena (13 Jan 27)<\/span><\/div><div class=\"location\">Barclays Arena, Hellgrundweg 44, 22525, Hamburg, Germany<\/div><div class=\"eventdesc\"><p><a href=\"https:\/\/www.songkick.com\/concerts\/42879905-die-fantastischen-vier-at-barclays-arena?utm_campaign=tracked_artist&#038;utm_content=ZD0yNDYxMjg2JnU9MTM3MjI4MTU5&#038;utm_medium=feed&#038;utm_source=ical\" rel=\"nofollow\">https:\/\/www.songkick.com\/concerts\/42879905-die-fantastischen-vier-at-barclays-arena?utm_campaign=tracked_artist&#038;utm_content=ZD0yNDYxMjg2JnU9MTM3MjI4MTU5&#038;utm_medium=feed&#038;utm_source=ical<\/a><\/p><\/div><\/div>\t\t\t\t\t\t\t\t\t\t\t\t\t\t<\/li>\n\t\t\t\t\t\t\t\t\t\t\t\t\t\t\t\t\t\t\t\t\t\t\t\t<\/ul>\n\t\t\t\t\t\t\t\t\t\t\t\t\t\t\t\t\t\t<\/td>\n\t\t\t\t\t\t\t\t\t\t\t\t\t\t\t\t<td data-dow=\"4\" data-events-count=\"2\" data-feed-keys=\"0\" class=\"future has_events d_14 dow_4\">\n\t\t\t\t\t\t\t\t\t<div class=\"day\">\n\t\t\t\t\t\t\t\t\t\t\t\t\t\t\t\t\t\t\t\t\t<span class=\"phone_only\" id=\"r6a97dccace13c5d-20270114\"><span data-date-format=\"l\">Thursday<\/span> <span data-date-format=\"F\">January<\/span> <span data-date-format=\"j\">14<\/span><\/span>\n\t\t\t\t\t\t\t\t\t\t\t<span class=\"no_phone\" aria-hidden=\"true\">14<\/span>\n\t\t\t\t\t\t\t\t\t\t\t\t\t\t\t\t\t\t\t\t<\/div>\n\t\t\t\t\t\t\t\t\t\t\t\t\t\t\t\t\t\t\t<ul class=\"events\" aria-labelledby=\"r6a97dccace13c5d-20270114\">\n\t\t\t\t\t\t\t\t\t\t\t\t\t\t\t\t\t\t\t\t\t\t\t\t\t<li class=\"event all-day\" data-feed-key=\"0\">\n\t\t\t\t\t\t\t\t\t\t\t\t\t\t\t\t\t\t\t\t\t\t\t\t\t\t\t\t\t\t\t<span class=\"all-day-indicator\">All Day<\/span>\n\t\t\t\t\t\t\t\t\t\t\t\t\t\t\t\t<span class=\"title has_desc confirmed\">Die Fantastischen Vier at Barclays Arena (14 Jan 27)<\/span><div class=\"descloc hover_block\"><div class=\"title_in_hover_block\"><span class=\"title confirmed\">Die Fantastischen Vier at Barclays Arena (14 Jan 27)<\/span><\/div><div class=\"location\">Barclays Arena, Hellgrundweg 44, 22525, Hamburg, Germany<\/div><div class=\"eventdesc\"><p><a href=\"https:\/\/www.songkick.com\/concerts\/42887223-die-fantastischen-vier-at-barclays-arena?utm_campaign=tracked_artist&#038;utm_content=ZD0yNDYxMjg2JnU9MTM3MjI4MTU5&#038;utm_medium=feed&#038;utm_source=ical\" rel=\"nofollow\">https:\/\/www.songkick.com\/concerts\/42887223-die-fantastischen-vier-at-barclays-arena?utm_campaign=tracked_artist&#038;utm_content=ZD0yNDYxMjg2JnU9MTM3MjI4MTU5&#038;utm_medium=feed&#038;utm_source=ical<\/a><\/p><\/div><\/div>\t\t\t\t\t\t\t\t\t\t\t\t\t\t<\/li>\n\t\t\t\t\t\t\t\t\t\t\t\t\t\t\t\t\t\t\t\t\t\t\t\t\t\t\t\t<li class=\"event all-day\" data-feed-key=\"0\">\n\t\t\t\t\t\t\t\t\t\t\t\t\t\t\t<span class=\"title has_desc confirmed\">Hundling at Buchhandlung Schmid (14 Jan 27)<\/span><div class=\"descloc hover_block\"><div class=\"title_in_hover_block\"><span class=\"title confirmed\">Hundling at Buchhandlung Schmid (14 Jan 27)<\/span><\/div><div class=\"location\">Buchhandlung Schmid, Fuggerstr.14, Schwabm\u00fcnchen, Germany<\/div><div class=\"eventdesc\"><p><a href=\"https:\/\/www.songkick.com\/concerts\/43092622-hundling-at-buchhandlung-schmid?utm_campaign=tracked_artist&#038;utm_content=ZD0yNDYxMjg2JnU9MTM3MjI4MTU5&#038;utm_medium=feed&#038;utm_source=ical\" rel=\"nofollow\">https:\/\/www.songkick.com\/concerts\/43092622-hundling-at-buchhandlung-schmid?utm_campaign=tracked_artist&#038;utm_content=ZD0yNDYxMjg2JnU9MTM3MjI4MTU5&#038;utm_medium=feed&#038;utm_source=ical<\/a><\/p><\/div><\/div>\t\t\t\t\t\t\t\t\t\t\t\t\t\t<\/li>\n\t\t\t\t\t\t\t\t\t\t\t\t\t\t\t\t\t\t\t\t\t\t\t\t<\/ul>\n\t\t\t\t\t\t\t\t\t\t\t\t\t\t\t\t\t\t<\/td>\n\t\t\t\t\t\t\t\t\t\t\t\t\t\t\t\t<td data-dow=\"5\" data-events-count=\"2\" data-feed-keys=\"0\" class=\"future has_events d_15 dow_5\">\n\t\t\t\t\t\t\t\t\t<div class=\"day\">\n\t\t\t\t\t\t\t\t\t\t\t\t\t\t\t\t\t\t\t\t\t<span class=\"phone_only\" id=\"r6a97dccace13c5d-20270115\"><span data-date-format=\"l\">Friday<\/span> <span data-date-format=\"F\">January<\/span> <span data-date-format=\"j\">15<\/span><\/span>\n\t\t\t\t\t\t\t\t\t\t\t<span class=\"no_phone\" aria-hidden=\"true\">15<\/span>\n\t\t\t\t\t\t\t\t\t\t\t\t\t\t\t\t\t\t\t\t<\/div>\n\t\t\t\t\t\t\t\t\t\t\t\t\t\t\t\t\t\t\t<ul class=\"events\" aria-labelledby=\"r6a97dccace13c5d-20270115\">\n\t\t\t\t\t\t\t\t\t\t\t\t\t\t\t\t\t\t\t\t\t\t\t\t\t<li class=\"event all-day\" data-feed-key=\"0\">\n\t\t\t\t\t\t\t\t\t\t\t\t\t\t\t\t\t\t\t\t\t\t\t\t\t\t\t\t\t\t\t<span class=\"all-day-indicator\">All Day<\/span>\n\t\t\t\t\t\t\t\t\t\t\t\t\t\t\t\t<span class=\"title has_desc confirmed\">Jamaram and Samy Danger at Kantine (15 Jan 27)<\/span><div class=\"descloc hover_block\"><div class=\"title_in_hover_block\"><span class=\"title confirmed\">Jamaram and Samy Danger at Kantine (15 Jan 27)<\/span><\/div><div class=\"location\">Kantine, Halderstr. 1-5 \/ K\u00f6nigsplatz, 86150, Augsburg, Germany<\/div><div class=\"eventdesc\"><p><a href=\"https:\/\/www.songkick.com\/concerts\/43006259-jamaram-at-kantine?utm_campaign=tracked_artist&#038;utm_content=ZD0yNDYxMjg2JnU9MTM3MjI4MTU5&#038;utm_medium=feed&#038;utm_source=ical\" rel=\"nofollow\">https:\/\/www.songkick.com\/concerts\/43006259-jamaram-at-kantine?utm_campaign=tracked_artist&#038;utm_content=ZD0yNDYxMjg2JnU9MTM3MjI4MTU5&#038;utm_medium=feed&#038;utm_source=ical<\/a><\/p><\/div><\/div>\t\t\t\t\t\t\t\t\t\t\t\t\t\t<\/li>\n\t\t\t\t\t\t\t\t\t\t\t\t\t\t\t\t\t\t\t\t\t\t\t\t\t\t\t\t<li class=\"event all-day\" data-feed-key=\"0\">\n\t\t\t\t\t\t\t\t\t\t\t\t\t\t\t<span class=\"title has_desc confirmed\">Pedestrians at M\u00fchle Hunziken (15 Jan 27)<\/span><div class=\"descloc hover_block\"><div class=\"title_in_hover_block\"><span class=\"title confirmed\">Pedestrians at M\u00fchle Hunziken (15 Jan 27)<\/span><\/div><div class=\"location\">M\u00fchle Hunziken, M\u00fchle Hunziken, 3113, Rubigen, Switzerland<\/div><div class=\"eventdesc\"><p><a href=\"https:\/\/www.songkick.com\/concerts\/43101990-pedestrians-at-muhle-hunziken?utm_campaign=tracked_artist&#038;utm_content=ZD0yNDYxMjg2JnU9MTM3MjI4MTU5&#038;utm_medium=feed&#038;utm_source=ical\" rel=\"nofollow\">https:\/\/www.songkick.com\/concerts\/43101990-pedestrians-at-muhle-hunziken?utm_campaign=tracked_artist&#038;utm_content=ZD0yNDYxMjg2JnU9MTM3MjI4MTU5&#038;utm_medium=feed&#038;utm_source=ical<\/a><\/p><\/div><\/div>\t\t\t\t\t\t\t\t\t\t\t\t\t\t<\/li>\n\t\t\t\t\t\t\t\t\t\t\t\t\t\t\t\t\t\t\t\t\t\t\t\t<\/ul>\n\t\t\t\t\t\t\t\t\t\t\t\t\t\t\t\t\t\t<\/td>\n\t\t\t\t\t\t\t\t\t\t\t\t\t\t\t\t<td data-dow=\"6\" data-events-count=\"2\" data-feed-keys=\"0\" class=\"future has_events d_16 dow_6\">\n\t\t\t\t\t\t\t\t\t<div class=\"day\">\n\t\t\t\t\t\t\t\t\t\t\t\t\t\t\t\t\t\t\t\t\t<span class=\"phone_only\" id=\"r6a97dccace13c5d-20270116\"><span data-date-format=\"l\">Saturday<\/span> <span data-date-format=\"F\">January<\/span> <span data-date-format=\"j\">16<\/span><\/span>\n\t\t\t\t\t\t\t\t\t\t\t<span class=\"no_phone\" aria-hidden=\"true\">16<\/span>\n\t\t\t\t\t\t\t\t\t\t\t\t\t\t\t\t\t\t\t\t<\/div>\n\t\t\t\t\t\t\t\t\t\t\t\t\t\t\t\t\t\t\t<ul class=\"events\" aria-labelledby=\"r6a97dccace13c5d-20270116\">\n\t\t\t\t\t\t\t\t\t\t\t\t\t\t\t\t\t\t\t\t\t\t\t\t\t<li class=\"event all-day\" data-feed-key=\"0\">\n\t\t\t\t\t\t\t\t\t\t\t\t\t\t\t\t\t\t\t\t\t\t\t\t\t\t\t\t\t\t\t<span class=\"all-day-indicator\">All Day<\/span>\n\t\t\t\t\t\t\t\t\t\t\t\t\t\t\t\t<span class=\"title has_desc confirmed\">Die Fantastischen Vier at QUARTERBACK Immobilien ARENA (16 Jan 27)<\/span><div class=\"descloc hover_block\"><div class=\"title_in_hover_block\"><span class=\"title confirmed\">Die Fantastischen Vier at QUARTERBACK Immobilien ARENA (16 Jan 27)<\/span><\/div><div class=\"location\">QUARTERBACK Immobilien ARENA, Am Sportforum 2, 04105, Leipzig, Germany<\/div><div class=\"eventdesc\"><p><a href=\"https:\/\/www.songkick.com\/concerts\/42879906-die-fantastischen-vier-at-quarterback-immobilien-arena?utm_campaign=tracked_artist&#038;utm_content=ZD0yNDYxMjg2JnU9MTM3MjI4MTU5&#038;utm_medium=feed&#038;utm_source=ical\" rel=\"nofollow\">https:\/\/www.songkick.com\/concerts\/42879906-die-fantastischen-vier-at-quarterback-immobilien-arena?utm_campaign=tracked_artist&#038;utm_content=ZD0yNDYxMjg2JnU9MTM3MjI4MTU5&#038;utm_medium=feed&#038;utm_source=ical<\/a><\/p><\/div><\/div>\t\t\t\t\t\t\t\t\t\t\t\t\t\t<\/li>\n\t\t\t\t\t\t\t\t\t\t\t\t\t\t\t\t\t\t\t\t\t\t\t\t\t\t\t\t<li class=\"event all-day\" data-feed-key=\"0\">\n\t\t\t\t\t\t\t\t\t\t\t\t\t\t\t<span class=\"title has_desc confirmed\">Jamaram and Samy Danger at Gro\u00dfer Saal, Bosco (16 Jan 27)<\/span><div class=\"descloc hover_block\"><div class=\"title_in_hover_block\"><span class=\"title confirmed\">Jamaram and Samy Danger at Gro\u00dfer Saal, Bosco (16 Jan 27)<\/span><\/div><div class=\"location\">Gro\u00dfer Saal, Bosco, Oberer Kirchenweg 1, 82131, Gauting, Germany<\/div><div class=\"eventdesc\"><p><a href=\"https:\/\/www.songkick.com\/concerts\/43268539-jamaram-at-grosser-saal-bosco?utm_campaign=tracked_artist&#038;utm_content=ZD0yNDYxMjg2JnU9MTM3MjI4MTU5&#038;utm_medium=feed&#038;utm_source=ical\" rel=\"nofollow\">https:\/\/www.songkick.com\/concerts\/43268539-jamaram-at-grosser-saal-bosco?utm_campaign=tracked_artist&#038;utm_content=ZD0yNDYxMjg2JnU9MTM3MjI4MTU5&#038;utm_medium=feed&#038;utm_source=ical<\/a><\/p><\/div><\/div>\t\t\t\t\t\t\t\t\t\t\t\t\t\t<\/li>\n\t\t\t\t\t\t\t\t\t\t\t\t\t\t\t\t\t\t\t\t\t\t\t\t<\/ul>\n\t\t\t\t\t\t\t\t\t\t\t\t\t\t\t\t\t\t<\/td>\n\t\t\t\t\t\t\t\t\t\t\t\t\t\t\t\t<td data-dow=\"0\" data-events-count=\"2\" data-feed-keys=\"0\" class=\"future has_events d_17 dow_0\">\n\t\t\t\t\t\t\t\t\t<div class=\"day\">\n\t\t\t\t\t\t\t\t\t\t\t\t\t\t\t\t\t\t\t\t\t<span class=\"phone_only\" id=\"r6a97dccace13c5d-20270117\"><span data-date-format=\"l\">Sunday<\/span> <span data-date-format=\"F\">January<\/span> <span data-date-format=\"j\">17<\/span><\/span>\n\t\t\t\t\t\t\t\t\t\t\t<span class=\"no_phone\" aria-hidden=\"true\">17<\/span>\n\t\t\t\t\t\t\t\t\t\t\t\t\t\t\t\t\t\t\t\t<\/div>\n\t\t\t\t\t\t\t\t\t\t\t\t\t\t\t\t\t\t\t<ul class=\"events\" aria-labelledby=\"r6a97dccace13c5d-20270117\">\n\t\t\t\t\t\t\t\t\t\t\t\t\t\t\t\t\t\t\t\t\t\t\t\t\t<li class=\"event all-day\" data-feed-key=\"0\">\n\t\t\t\t\t\t\t\t\t\t\t\t\t\t\t\t\t\t\t\t\t\t\t\t\t\t\t\t\t\t\t<span class=\"all-day-indicator\">All Day<\/span>\n\t\t\t\t\t\t\t\t\t\t\t\t\t\t\t\t<span class=\"title has_desc confirmed\">Die Fantastischen Vier at Olympiahalle M\u00fcnchen (17 Jan 27)<\/span><div class=\"descloc hover_block\"><div class=\"title_in_hover_block\"><span class=\"title confirmed\">Die Fantastischen Vier at Olympiahalle M\u00fcnchen (17 Jan 27)<\/span><\/div><div class=\"location\">Olympiahalle M\u00fcnchen, Spiridon-Louis-Ring 21, 80809, Munich, Germany<\/div><div class=\"eventdesc\"><p><a href=\"https:\/\/www.songkick.com\/concerts\/42879907-die-fantastischen-vier-at-olympiahalle-munchen?utm_campaign=tracked_artist&#038;utm_content=ZD0yNDYxMjg2JnU9MTM3MjI4MTU5&#038;utm_medium=feed&#038;utm_source=ical\" rel=\"nofollow\">https:\/\/www.songkick.com\/concerts\/42879907-die-fantastischen-vier-at-olympiahalle-munchen?utm_campaign=tracked_artist&#038;utm_content=ZD0yNDYxMjg2JnU9MTM3MjI4MTU5&#038;utm_medium=feed&#038;utm_source=ical<\/a><\/p><\/div><\/div>\t\t\t\t\t\t\t\t\t\t\t\t\t\t<\/li>\n\t\t\t\t\t\t\t\t\t\t\t\t\t\t\t\t\t\t\t\t\t\t\t\t\t\t\t\t<li class=\"event all-day\" data-feed-key=\"0\">\n\t\t\t\t\t\t\t\t\t\t\t\t\t\t\t<span class=\"title has_desc confirmed\">Pedestrians at Werkstatt Kultur-Bar (17 Jan 27)<\/span><div class=\"descloc hover_block\"><div class=\"title_in_hover_block\"><span class=\"title confirmed\">Pedestrians at Werkstatt Kultur-Bar (17 Jan 27)<\/span><\/div><div class=\"location\">Werkstatt Kultur-Bar, Untere Gasse 9, 7000, Chur, Switzerland<\/div><div class=\"eventdesc\"><p><a href=\"https:\/\/www.songkick.com\/concerts\/43332161-pedestrians-at-werkstatt-kulturbar?utm_campaign=tracked_artist&#038;utm_content=ZD0yNDYxMjg2JnU9MTM3MjI4MTU5&#038;utm_medium=feed&#038;utm_source=ical\" rel=\"nofollow\">https:\/\/www.songkick.com\/concerts\/43332161-pedestrians-at-werkstatt-kulturbar?utm_campaign=tracked_artist&#038;utm_content=ZD0yNDYxMjg2JnU9MTM3MjI4MTU5&#038;utm_medium=feed&#038;utm_source=ical<\/a><\/p><\/div><\/div>\t\t\t\t\t\t\t\t\t\t\t\t\t\t<\/li>\n\t\t\t\t\t\t\t\t\t\t\t\t\t\t\t\t\t\t\t\t\t\t\t\t<\/ul>\n\t\t\t\t\t\t\t\t\t\t\t\t\t\t\t\t\t\t<\/td>\n\t\t\t\t\t\t\t\t<\/tr><tr>\t\t\t\t\t\t\t\t<td data-dow=\"1\" data-events-count=\"1\" data-feed-keys=\"0\" class=\"future has_events d_18 dow_1\">\n\t\t\t\t\t\t\t\t\t<div class=\"day\">\n\t\t\t\t\t\t\t\t\t\t\t\t\t\t\t\t\t\t\t\t\t<span class=\"phone_only\" id=\"r6a97dccace13c5d-20270118\"><span data-date-format=\"l\">Monday<\/span> <span data-date-format=\"F\">January<\/span> <span data-date-format=\"j\">18<\/span><\/span>\n\t\t\t\t\t\t\t\t\t\t\t<span class=\"no_phone\" aria-hidden=\"true\">18<\/span>\n\t\t\t\t\t\t\t\t\t\t\t\t\t\t\t\t\t\t\t\t<\/div>\n\t\t\t\t\t\t\t\t\t\t\t\t\t\t\t\t\t\t\t<ul class=\"events\" aria-labelledby=\"r6a97dccace13c5d-20270118\">\n\t\t\t\t\t\t\t\t\t\t\t\t\t\t\t\t\t\t\t\t\t\t\t\t\t<li class=\"event all-day\" data-feed-key=\"0\">\n\t\t\t\t\t\t\t\t\t\t\t\t\t\t\t\t\t\t\t\t\t\t\t\t\t\t\t\t\t\t\t<span class=\"all-day-indicator\">All Day<\/span>\n\t\t\t\t\t\t\t\t\t\t\t\t\t\t\t\t<span class=\"title has_desc confirmed\">Die Fantastischen Vier at Olympiahalle M\u00fcnchen (18 Jan 27)<\/span><div class=\"descloc hover_block\"><div class=\"title_in_hover_block\"><span class=\"title confirmed\">Die Fantastischen Vier at Olympiahalle M\u00fcnchen (18 Jan 27)<\/span><\/div><div class=\"location\">Olympiahalle M\u00fcnchen, Spiridon-Louis-Ring 21, 80809, Munich, Germany<\/div><div class=\"eventdesc\"><p><a href=\"https:\/\/www.songkick.com\/concerts\/42887224-die-fantastischen-vier-at-olympiahalle-munchen?utm_campaign=tracked_artist&#038;utm_content=ZD0yNDYxMjg2JnU9MTM3MjI4MTU5&#038;utm_medium=feed&#038;utm_source=ical\" rel=\"nofollow\">https:\/\/www.songkick.com\/concerts\/42887224-die-fantastischen-vier-at-olympiahalle-munchen?utm_campaign=tracked_artist&#038;utm_content=ZD0yNDYxMjg2JnU9MTM3MjI4MTU5&#038;utm_medium=feed&#038;utm_source=ical<\/a><\/p><\/div><\/div>\t\t\t\t\t\t\t\t\t\t\t\t\t\t<\/li>\n\t\t\t\t\t\t\t\t\t\t\t\t\t\t\t\t\t\t\t\t\t\t\t\t<\/ul>\n\t\t\t\t\t\t\t\t\t\t\t\t\t\t\t\t\t\t<\/td>\n\t\t\t\t\t\t\t\t\t\t\t\t\t\t\t\t<td data-dow=\"2\" data-events-count=\"1\" data-feed-keys=\"0\" class=\"future has_events d_19 dow_2\">\n\t\t\t\t\t\t\t\t\t<div class=\"day\">\n\t\t\t\t\t\t\t\t\t\t\t\t\t\t\t\t\t\t\t\t\t<span class=\"phone_only\" id=\"r6a97dccace13c5d-20270119\"><span data-date-format=\"l\">Tuesday<\/span> <span data-date-format=\"F\">January<\/span> <span data-date-format=\"j\">19<\/span><\/span>\n\t\t\t\t\t\t\t\t\t\t\t<span class=\"no_phone\" aria-hidden=\"true\">19<\/span>\n\t\t\t\t\t\t\t\t\t\t\t\t\t\t\t\t\t\t\t\t<\/div>\n\t\t\t\t\t\t\t\t\t\t\t\t\t\t\t\t\t\t\t<ul class=\"events\" aria-labelledby=\"r6a97dccace13c5d-20270119\">\n\t\t\t\t\t\t\t\t\t\t\t\t\t\t\t\t\t\t\t\t\t\t\t\t\t<li class=\"event all-day\" data-feed-key=\"0\">\n\t\t\t\t\t\t\t\t\t\t\t\t\t\t\t\t\t\t\t\t\t\t\t\t\t\t\t\t\t\t\t<span class=\"all-day-indicator\">All Day<\/span>\n\t\t\t\t\t\t\t\t\t\t\t\t\t\t\t\t<span class=\"title has_desc confirmed\">Die Fantastischen Vier at Hallenstadion (19 Jan 27)<\/span><div class=\"descloc hover_block\"><div class=\"title_in_hover_block\"><span class=\"title confirmed\">Die Fantastischen Vier at Hallenstadion (19 Jan 27)<\/span><\/div><div class=\"location\">Hallenstadion, Wallisellenstrasse 45, 8050, Z\u00fcrich, Switzerland<\/div><div class=\"eventdesc\"><p><a href=\"https:\/\/www.songkick.com\/concerts\/42885236-die-fantastischen-vier-at-hallenstadion?utm_campaign=tracked_artist&#038;utm_content=ZD0yNDYxMjg2JnU9MTM3MjI4MTU5&#038;utm_medium=feed&#038;utm_source=ical\" rel=\"nofollow\">https:\/\/www.songkick.com\/concerts\/42885236-die-fantastischen-vier-at-hallenstadion?utm_campaign=tracked_artist&#038;utm_content=ZD0yNDYxMjg2JnU9MTM3MjI4MTU5&#038;utm_medium=feed&#038;utm_source=ical<\/a><\/p><\/div><\/div>\t\t\t\t\t\t\t\t\t\t\t\t\t\t<\/li>\n\t\t\t\t\t\t\t\t\t\t\t\t\t\t\t\t\t\t\t\t\t\t\t\t<\/ul>\n\t\t\t\t\t\t\t\t\t\t\t\t\t\t\t\t\t\t<\/td>\n\t\t\t\t\t\t\t\t\t\t\t\t\t\t\t\t<td data-dow=\"3\" data-events-count=\"0\" data-feed-keys=\"\" class=\"future empty d_20 dow_3\">\n\t\t\t\t\t\t\t\t\t<div class=\"day\">\n\t\t\t\t\t\t\t\t\t\t\t\t\t\t\t\t\t\t\t\t\t<span class=\"phone_only\" id=\"r6a97dccace13c5d-20270120\"><span data-date-format=\"l\">Wednesday<\/span> <span data-date-format=\"F\">January<\/span> <span data-date-format=\"j\">20<\/span><\/span>\n\t\t\t\t\t\t\t\t\t\t\t<span class=\"no_phone\" aria-hidden=\"true\">20<\/span>\n\t\t\t\t\t\t\t\t\t\t\t\t\t\t\t\t\t\t\t\t<\/div>\n\t\t\t\t\t\t\t\t\t\t\t\t\t\t\t\t\t<\/td>\n\t\t\t\t\t\t\t\t\t\t\t\t\t\t\t\t<td data-dow=\"4\" data-events-count=\"2\" data-feed-keys=\"0\" class=\"future has_events d_21 dow_4\">\n\t\t\t\t\t\t\t\t\t<div class=\"day\">\n\t\t\t\t\t\t\t\t\t\t\t\t\t\t\t\t\t\t\t\t\t<span class=\"phone_only\" id=\"r6a97dccace13c5d-20270121\"><span data-date-format=\"l\">Thursday<\/span> <span data-date-format=\"F\">January<\/span> <span data-date-format=\"j\">21<\/span><\/span>\n\t\t\t\t\t\t\t\t\t\t\t<span class=\"no_phone\" aria-hidden=\"true\">21<\/span>\n\t\t\t\t\t\t\t\t\t\t\t\t\t\t\t\t\t\t\t\t<\/div>\n\t\t\t\t\t\t\t\t\t\t\t\t\t\t\t\t\t\t\t<ul class=\"events\" aria-labelledby=\"r6a97dccace13c5d-20270121\">\n\t\t\t\t\t\t\t\t\t\t\t\t\t\t\t\t\t\t\t\t\t\t\t\t\t<li class=\"event all-day\" data-feed-key=\"0\">\n\t\t\t\t\t\t\t\t\t\t\t\t\t\t\t\t\t\t\t\t\t\t\t\t\t\t\t\t\t\t\t<span class=\"all-day-indicator\">All Day<\/span>\n\t\t\t\t\t\t\t\t\t\t\t\t\t\t\t\t<span class=\"title has_desc confirmed\">Die Fantastischen Vier at SAP Arena (21 Jan 27)<\/span><div class=\"descloc hover_block\"><div class=\"title_in_hover_block\"><span class=\"title confirmed\">Die Fantastischen Vier at SAP Arena (21 Jan 27)<\/span><\/div><div class=\"location\">SAP Arena, An der Arena 1, 68163, Mannheim, Germany<\/div><div class=\"eventdesc\"><p><a href=\"https:\/\/www.songkick.com\/concerts\/42879908-die-fantastischen-vier-at-sap-arena?utm_campaign=tracked_artist&#038;utm_content=ZD0yNDYxMjg2JnU9MTM3MjI4MTU5&#038;utm_medium=feed&#038;utm_source=ical\" rel=\"nofollow\">https:\/\/www.songkick.com\/concerts\/42879908-die-fantastischen-vier-at-sap-arena?utm_campaign=tracked_artist&#038;utm_content=ZD0yNDYxMjg2JnU9MTM3MjI4MTU5&#038;utm_medium=feed&#038;utm_source=ical<\/a><\/p><\/div><\/div>\t\t\t\t\t\t\t\t\t\t\t\t\t\t<\/li>\n\t\t\t\t\t\t\t\t\t\t\t\t\t\t\t\t\t\t\t\t\t\t\t\t\t\t\t\t<li class=\"event all-day\" data-feed-key=\"0\">\n\t\t\t\t\t\t\t\t\t\t\t\t\t\t\t<span class=\"title has_desc confirmed\">Hundling at Kultur-Stadl W\u00f6rleschwang (21 Jan 27)<\/span><div class=\"descloc hover_block\"><div class=\"title_in_hover_block\"><span class=\"title confirmed\">Hundling at Kultur-Stadl W\u00f6rleschwang (21 Jan 27)<\/span><\/div><div class=\"location\">Kultur-Stadl W\u00f6rleschwang, Untere Hauptstra\u00dfe 13, W\u00f6rleschwang, 86441, Augsburg, Germany<\/div><div class=\"eventdesc\"><p><a href=\"https:\/\/www.songkick.com\/concerts\/43092629-hundling-at-kulturstadl-worleschwang?utm_campaign=tracked_artist&#038;utm_content=ZD0yNDYxMjg2JnU9MTM3MjI4MTU5&#038;utm_medium=feed&#038;utm_source=ical\" rel=\"nofollow\">https:\/\/www.songkick.com\/concerts\/43092629-hundling-at-kulturstadl-worleschwang?utm_campaign=tracked_artist&#038;utm_content=ZD0yNDYxMjg2JnU9MTM3MjI4MTU5&#038;utm_medium=feed&#038;utm_source=ical<\/a><\/p><\/div><\/div>\t\t\t\t\t\t\t\t\t\t\t\t\t\t<\/li>\n\t\t\t\t\t\t\t\t\t\t\t\t\t\t\t\t\t\t\t\t\t\t\t\t<\/ul>\n\t\t\t\t\t\t\t\t\t\t\t\t\t\t\t\t\t\t<\/td>\n\t\t\t\t\t\t\t\t\t\t\t\t\t\t\t\t<td data-dow=\"5\" data-events-count=\"0\" data-feed-keys=\"\" class=\"future empty d_22 dow_5\">\n\t\t\t\t\t\t\t\t\t<div class=\"day\">\n\t\t\t\t\t\t\t\t\t\t\t\t\t\t\t\t\t\t\t\t\t<span class=\"phone_only\" id=\"r6a97dccace13c5d-20270122\"><span data-date-format=\"l\">Friday<\/span> <span data-date-format=\"F\">January<\/span> <span data-date-format=\"j\">22<\/span><\/span>\n\t\t\t\t\t\t\t\t\t\t\t<span class=\"no_phone\" aria-hidden=\"true\">22<\/span>\n\t\t\t\t\t\t\t\t\t\t\t\t\t\t\t\t\t\t\t\t<\/div>\n\t\t\t\t\t\t\t\t\t\t\t\t\t\t\t\t\t<\/td>\n\t\t\t\t\t\t\t\t\t\t\t\t\t\t\t\t<td data-dow=\"6\" data-events-count=\"2\" data-feed-keys=\"0\" class=\"future has_events d_23 dow_6\">\n\t\t\t\t\t\t\t\t\t<div class=\"day\">\n\t\t\t\t\t\t\t\t\t\t\t\t\t\t\t\t\t\t\t\t\t<span class=\"phone_only\" id=\"r6a97dccace13c5d-20270123\"><span data-date-format=\"l\">Saturday<\/span> <span data-date-format=\"F\">January<\/span> <span data-date-format=\"j\">23<\/span><\/span>\n\t\t\t\t\t\t\t\t\t\t\t<span class=\"no_phone\" aria-hidden=\"true\">23<\/span>\n\t\t\t\t\t\t\t\t\t\t\t\t\t\t\t\t\t\t\t\t<\/div>\n\t\t\t\t\t\t\t\t\t\t\t\t\t\t\t\t\t\t\t<ul class=\"events\" aria-labelledby=\"r6a97dccace13c5d-20270123\">\n\t\t\t\t\t\t\t\t\t\t\t\t\t\t\t\t\t\t\t\t\t\t\t\t\t<li class=\"event all-day\" data-feed-key=\"0\">\n\t\t\t\t\t\t\t\t\t\t\t\t\t\t\t\t\t\t\t\t\t\t\t\t\t\t\t\t\t\t\t<span class=\"all-day-indicator\">All Day<\/span>\n\t\t\t\t\t\t\t\t\t\t\t\t\t\t\t\t<span class=\"title has_desc confirmed\">Palma at Vortex Surfer Musikclub (23 Jan 27)<\/span><div class=\"descloc hover_block\"><div class=\"title_in_hover_block\"><span class=\"title confirmed\">Palma at Vortex Surfer Musikclub (23 Jan 27)<\/span><\/div><div class=\"location\">Vortex Surfer Musikclub, Siegen, Germany<\/div><div class=\"eventdesc\"><p><a href=\"https:\/\/www.songkick.com\/concerts\/43306540-palma-at-vortex-surfer-musikclub?utm_campaign=tracked_artist&#038;utm_content=ZD0yNDYxMjg2JnU9MTM3MjI4MTU5&#038;utm_medium=feed&#038;utm_source=ical\" rel=\"nofollow\">https:\/\/www.songkick.com\/concerts\/43306540-palma-at-vortex-surfer-musikclub?utm_campaign=tracked_artist&#038;utm_content=ZD0yNDYxMjg2JnU9MTM3MjI4MTU5&#038;utm_medium=feed&#038;utm_source=ical<\/a><\/p><\/div><\/div>\t\t\t\t\t\t\t\t\t\t\t\t\t\t<\/li>\n\t\t\t\t\t\t\t\t\t\t\t\t\t\t\t\t\t\t\t\t\t\t\t\t\t\t\t\t<li class=\"event all-day\" data-feed-key=\"0\">\n\t\t\t\t\t\t\t\t\t\t\t\t\t\t\t<span class=\"title has_desc confirmed\">Rory at Die Kantine (23 Jan 27)<\/span><div class=\"descloc hover_block\"><div class=\"title_in_hover_block\"><span class=\"title confirmed\">Rory at Die Kantine (23 Jan 27)<\/span><\/div><div class=\"location\">Die Kantine, Neusser Landstr. 2, 50735, Cologne, Germany<\/div><div class=\"eventdesc\"><p><a href=\"https:\/\/www.songkick.com\/concerts\/43287791-rory-at-die-kantine?utm_campaign=tracked_artist&#038;utm_content=ZD0yNDYxMjg2JnU9MTM3MjI4MTU5&#038;utm_medium=feed&#038;utm_source=ical\" rel=\"nofollow\">https:\/\/www.songkick.com\/concerts\/43287791-rory-at-die-kantine?utm_campaign=tracked_artist&#038;utm_content=ZD0yNDYxMjg2JnU9MTM3MjI4MTU5&#038;utm_medium=feed&#038;utm_source=ical<\/a><\/p><\/div><\/div>\t\t\t\t\t\t\t\t\t\t\t\t\t\t<\/li>\n\t\t\t\t\t\t\t\t\t\t\t\t\t\t\t\t\t\t\t\t\t\t\t\t<\/ul>\n\t\t\t\t\t\t\t\t\t\t\t\t\t\t\t\t\t\t<\/td>\n\t\t\t\t\t\t\t\t\t\t\t\t\t\t\t\t<td data-dow=\"0\" data-events-count=\"2\" data-feed-keys=\"0\" class=\"future has_events d_24 dow_0\">\n\t\t\t\t\t\t\t\t\t<div class=\"day\">\n\t\t\t\t\t\t\t\t\t\t\t\t\t\t\t\t\t\t\t\t\t<span class=\"phone_only\" id=\"r6a97dccace13c5d-20270124\"><span data-date-format=\"l\">Sunday<\/span> <span data-date-format=\"F\">January<\/span> <span data-date-format=\"j\">24<\/span><\/span>\n\t\t\t\t\t\t\t\t\t\t\t<span class=\"no_phone\" aria-hidden=\"true\">24<\/span>\n\t\t\t\t\t\t\t\t\t\t\t\t\t\t\t\t\t\t\t\t<\/div>\n\t\t\t\t\t\t\t\t\t\t\t\t\t\t\t\t\t\t\t<ul class=\"events\" aria-labelledby=\"r6a97dccace13c5d-20270124\">\n\t\t\t\t\t\t\t\t\t\t\t\t\t\t\t\t\t\t\t\t\t\t\t\t\t<li class=\"event all-day\" data-feed-key=\"0\">\n\t\t\t\t\t\t\t\t\t\t\t\t\t\t\t\t\t\t\t\t\t\t\t\t\t\t\t\t\t\t\t<span class=\"all-day-indicator\">All Day<\/span>\n\t\t\t\t\t\t\t\t\t\t\t\t\t\t\t\t<span class=\"title has_desc confirmed\">Biga*Ranx at Knust (24 Jan 27)<\/span><div class=\"descloc hover_block\"><div class=\"title_in_hover_block\"><span class=\"title confirmed\">Biga*Ranx at Knust (24 Jan 27)<\/span><\/div><div class=\"location\">Knust, Neuer Kamp 30, 20357, Hamburg, Germany<\/div><div class=\"eventdesc\"><p><a href=\"https:\/\/www.songkick.com\/concerts\/43298688-bigaranx-at-knust?utm_campaign=tracked_artist&#038;utm_content=ZD0yNDYxMjg2JnU9MTM3MjI4MTU5&#038;utm_medium=feed&#038;utm_source=ical\" rel=\"nofollow\">https:\/\/www.songkick.com\/concerts\/43298688-bigaranx-at-knust?utm_campaign=tracked_artist&#038;utm_content=ZD0yNDYxMjg2JnU9MTM3MjI4MTU5&#038;utm_medium=feed&#038;utm_source=ical<\/a><\/p><\/div><\/div>\t\t\t\t\t\t\t\t\t\t\t\t\t\t<\/li>\n\t\t\t\t\t\t\t\t\t\t\t\t\t\t\t\t\t\t\t\t\t\t\t\t\t\t\t\t<li class=\"event all-day\" data-feed-key=\"0\">\n\t\t\t\t\t\t\t\t\t\t\t\t\t\t\t<span class=\"title has_desc confirmed\">Rory at SO36 (24 Jan 27)<\/span><div class=\"descloc hover_block\"><div class=\"title_in_hover_block\"><span class=\"title confirmed\">Rory at SO36 (24 Jan 27)<\/span><\/div><div class=\"location\">SO36, Oranienstrasse 190, Kreuzberg, 10999, Berlin, Germany<\/div><div class=\"eventdesc\"><p><a href=\"https:\/\/www.songkick.com\/concerts\/43287793-rory-at-so36?utm_campaign=tracked_artist&#038;utm_content=ZD0yNDYxMjg2JnU9MTM3MjI4MTU5&#038;utm_medium=feed&#038;utm_source=ical\" rel=\"nofollow\">https:\/\/www.songkick.com\/concerts\/43287793-rory-at-so36?utm_campaign=tracked_artist&#038;utm_content=ZD0yNDYxMjg2JnU9MTM3MjI4MTU5&#038;utm_medium=feed&#038;utm_source=ical<\/a><\/p><\/div><\/div>\t\t\t\t\t\t\t\t\t\t\t\t\t\t<\/li>\n\t\t\t\t\t\t\t\t\t\t\t\t\t\t\t\t\t\t\t\t\t\t\t\t<\/ul>\n\t\t\t\t\t\t\t\t\t\t\t\t\t\t\t\t\t\t<\/td>\n\t\t\t\t\t\t\t\t<\/tr><tr>\t\t\t\t\t\t\t\t<td data-dow=\"1\" data-events-count=\"0\" data-feed-keys=\"\" class=\"future empty d_25 dow_1\">\n\t\t\t\t\t\t\t\t\t<div class=\"day\">\n\t\t\t\t\t\t\t\t\t\t\t\t\t\t\t\t\t\t\t\t\t<span class=\"phone_only\" id=\"r6a97dccace13c5d-20270125\"><span data-date-format=\"l\">Monday<\/span> <span data-date-format=\"F\">January<\/span> <span data-date-format=\"j\">25<\/span><\/span>\n\t\t\t\t\t\t\t\t\t\t\t<span class=\"no_phone\" aria-hidden=\"true\">25<\/span>\n\t\t\t\t\t\t\t\t\t\t\t\t\t\t\t\t\t\t\t\t<\/div>\n\t\t\t\t\t\t\t\t\t\t\t\t\t\t\t\t\t<\/td>\n\t\t\t\t\t\t\t\t\t\t\t\t\t\t\t\t<td data-dow=\"2\" data-events-count=\"1\" data-feed-keys=\"0\" class=\"future has_events d_26 dow_2\">\n\t\t\t\t\t\t\t\t\t<div class=\"day\">\n\t\t\t\t\t\t\t\t\t\t\t\t\t\t\t\t\t\t\t\t\t<span class=\"phone_only\" id=\"r6a97dccace13c5d-20270126\"><span data-date-format=\"l\">Tuesday<\/span> <span data-date-format=\"F\">January<\/span> <span data-date-format=\"j\">26<\/span><\/span>\n\t\t\t\t\t\t\t\t\t\t\t<span class=\"no_phone\" aria-hidden=\"true\">26<\/span>\n\t\t\t\t\t\t\t\t\t\t\t\t\t\t\t\t\t\t\t\t<\/div>\n\t\t\t\t\t\t\t\t\t\t\t\t\t\t\t\t\t\t\t<ul class=\"events\" aria-labelledby=\"r6a97dccace13c5d-20270126\">\n\t\t\t\t\t\t\t\t\t\t\t\t\t\t\t\t\t\t\t\t\t\t\t\t\t<li class=\"event all-day\" data-feed-key=\"0\">\n\t\t\t\t\t\t\t\t\t\t\t\t\t\t\t\t\t\t\t\t\t\t\t\t\t\t\t\t\t\t\t<span class=\"all-day-indicator\">All Day<\/span>\n\t\t\t\t\t\t\t\t\t\t\t\t\t\t\t\t<span class=\"title has_desc confirmed\">Rory at Uebel &amp; Gef\u00e4hrlich (26 Jan 27)<\/span><div class=\"descloc hover_block\"><div class=\"title_in_hover_block\"><span class=\"title confirmed\">Rory at Uebel &amp; Gef\u00e4hrlich (26 Jan 27)<\/span><\/div><div class=\"location\">Uebel &amp; Gef\u00e4hrlich, Feldstra\u00dfe 66, 20359, Hamburg, Germany<\/div><div class=\"eventdesc\"><p><a href=\"https:\/\/www.songkick.com\/concerts\/43287795-rory-at-uebel-and-gefahrlich?utm_campaign=tracked_artist&#038;utm_content=ZD0yNDYxMjg2JnU9MTM3MjI4MTU5&#038;utm_medium=feed&#038;utm_source=ical\" rel=\"nofollow\">https:\/\/www.songkick.com\/concerts\/43287795-rory-at-uebel-and-gefahrlich?utm_campaign=tracked_artist&#038;utm_content=ZD0yNDYxMjg2JnU9MTM3MjI4MTU5&#038;utm_medium=feed&#038;utm_source=ical<\/a><\/p><\/div><\/div>\t\t\t\t\t\t\t\t\t\t\t\t\t\t<\/li>\n\t\t\t\t\t\t\t\t\t\t\t\t\t\t\t\t\t\t\t\t\t\t\t\t<\/ul>\n\t\t\t\t\t\t\t\t\t\t\t\t\t\t\t\t\t\t<\/td>\n\t\t\t\t\t\t\t\t\t\t\t\t\t\t\t\t<td data-dow=\"3\" data-events-count=\"1\" data-feed-keys=\"0\" class=\"future has_events d_27 dow_3\">\n\t\t\t\t\t\t\t\t\t<div class=\"day\">\n\t\t\t\t\t\t\t\t\t\t\t\t\t\t\t\t\t\t\t\t\t<span class=\"phone_only\" id=\"r6a97dccace13c5d-20270127\"><span data-date-format=\"l\">Wednesday<\/span> <span data-date-format=\"F\">January<\/span> <span data-date-format=\"j\">27<\/span><\/span>\n\t\t\t\t\t\t\t\t\t\t\t<span class=\"no_phone\" aria-hidden=\"true\">27<\/span>\n\t\t\t\t\t\t\t\t\t\t\t\t\t\t\t\t\t\t\t\t<\/div>\n\t\t\t\t\t\t\t\t\t\t\t\t\t\t\t\t\t\t\t<ul class=\"events\" aria-labelledby=\"r6a97dccace13c5d-20270127\">\n\t\t\t\t\t\t\t\t\t\t\t\t\t\t\t\t\t\t\t\t\t\t\t\t\t<li class=\"event all-day\" data-feed-key=\"0\">\n\t\t\t\t\t\t\t\t\t\t\t\t\t\t\t\t\t\t\t\t\t\t\t\t\t\t\t\t\t\t\t<span class=\"all-day-indicator\">All Day<\/span>\n\t\t\t\t\t\t\t\t\t\t\t\t\t\t\t\t<span class=\"title has_desc confirmed\">Rory at Hansa 39, Feirwerk (27 Jan 27)<\/span><div class=\"descloc hover_block\"><div class=\"title_in_hover_block\"><span class=\"title confirmed\">Rory at Hansa 39, Feirwerk (27 Jan 27)<\/span><\/div><div class=\"location\">Hansa 39, Feirwerk, Hansastrasse 39-41, 81373, Munich, Germany<\/div><div class=\"eventdesc\"><p><a href=\"https:\/\/www.songkick.com\/concerts\/43287797-rory-at-hansa-39-feirwerk?utm_campaign=tracked_artist&#038;utm_content=ZD0yNDYxMjg2JnU9MTM3MjI4MTU5&#038;utm_medium=feed&#038;utm_source=ical\" rel=\"nofollow\">https:\/\/www.songkick.com\/concerts\/43287797-rory-at-hansa-39-feirwerk?utm_campaign=tracked_artist&#038;utm_content=ZD0yNDYxMjg2JnU9MTM3MjI4MTU5&#038;utm_medium=feed&#038;utm_source=ical<\/a><\/p><\/div><\/div>\t\t\t\t\t\t\t\t\t\t\t\t\t\t<\/li>\n\t\t\t\t\t\t\t\t\t\t\t\t\t\t\t\t\t\t\t\t\t\t\t\t<\/ul>\n\t\t\t\t\t\t\t\t\t\t\t\t\t\t\t\t\t\t<\/td>\n\t\t\t\t\t\t\t\t\t\t\t\t\t\t\t\t<td data-dow=\"4\" data-events-count=\"0\" data-feed-keys=\"\" class=\"future empty d_28 dow_4\">\n\t\t\t\t\t\t\t\t\t<div class=\"day\">\n\t\t\t\t\t\t\t\t\t\t\t\t\t\t\t\t\t\t\t\t\t<span class=\"phone_only\" id=\"r6a97dccace13c5d-20270128\"><span data-date-format=\"l\">Thursday<\/span> <span data-date-format=\"F\">January<\/span> <span data-date-format=\"j\">28<\/span><\/span>\n\t\t\t\t\t\t\t\t\t\t\t<span class=\"no_phone\" aria-hidden=\"true\">28<\/span>\n\t\t\t\t\t\t\t\t\t\t\t\t\t\t\t\t\t\t\t\t<\/div>\n\t\t\t\t\t\t\t\t\t\t\t\t\t\t\t\t\t<\/td>\n\t\t\t\t\t\t\t\t\t\t\t\t\t\t\t\t<td data-dow=\"5\" data-events-count=\"1\" data-feed-keys=\"0\" class=\"future has_events d_29 dow_5\">\n\t\t\t\t\t\t\t\t\t<div class=\"day\">\n\t\t\t\t\t\t\t\t\t\t\t\t\t\t\t\t\t\t\t\t\t<span class=\"phone_only\" id=\"r6a97dccace13c5d-20270129\"><span data-date-format=\"l\">Friday<\/span> <span data-date-format=\"F\">January<\/span> <span data-date-format=\"j\">29<\/span><\/span>\n\t\t\t\t\t\t\t\t\t\t\t<span class=\"no_phone\" aria-hidden=\"true\">29<\/span>\n\t\t\t\t\t\t\t\t\t\t\t\t\t\t\t\t\t\t\t\t<\/div>\n\t\t\t\t\t\t\t\t\t\t\t\t\t\t\t\t\t\t\t<ul class=\"events\" aria-labelledby=\"r6a97dccace13c5d-20270129\">\n\t\t\t\t\t\t\t\t\t\t\t\t\t\t\t\t\t\t\t\t\t\t\t\t\t<li class=\"event all-day\" data-feed-key=\"0\">\n\t\t\t\t\t\t\t\t\t\t\t\t\t\t\t\t\t\t\t\t\t\t\t\t\t\t\t\t\t\t\t<span class=\"all-day-indicator\">All Day<\/span>\n\t\t\t\t\t\t\t\t\t\t\t\t\t\t\t\t<span class=\"title has_desc confirmed\">Dub Spencer &amp; Trance Hill at Kulturkarussell R\u00f6ssli (29 Jan 27)<\/span><div class=\"descloc hover_block\"><div class=\"title_in_hover_block\"><span class=\"title confirmed\">Dub Spencer &amp; Trance Hill at Kulturkarussell R\u00f6ssli (29 Jan 27)<\/span><\/div><div class=\"location\">Kulturkarussell R\u00f6ssli, Bahnhofstrasse 1, 8712, St\u00e4fa, Switzerland<\/div><div class=\"eventdesc\"><p><a href=\"https:\/\/www.songkick.com\/concerts\/43384474-dub-spencer-and-trance-hill-at-kulturkarussell-rossli?utm_campaign=tracked_artist&#038;utm_content=ZD0yNDYxMjg2JnU9MTM3MjI4MTU5&#038;utm_medium=feed&#038;utm_source=ical\" rel=\"nofollow\">https:\/\/www.songkick.com\/concerts\/43384474-dub-spencer-and-trance-hill-at-kulturkarussell-rossli?utm_campaign=tracked_artist&#038;utm_content=ZD0yNDYxMjg2JnU9MTM3MjI4MTU5&#038;utm_medium=feed&#038;utm_source=ical<\/a><\/p><\/div><\/div>\t\t\t\t\t\t\t\t\t\t\t\t\t\t<\/li>\n\t\t\t\t\t\t\t\t\t\t\t\t\t\t\t\t\t\t\t\t\t\t\t\t<\/ul>\n\t\t\t\t\t\t\t\t\t\t\t\t\t\t\t\t\t\t<\/td>\n\t\t\t\t\t\t\t\t\t\t\t\t\t\t\t\t<td data-dow=\"6\" data-events-count=\"1\" data-feed-keys=\"0\" class=\"future has_events d_30 dow_6\">\n\t\t\t\t\t\t\t\t\t<div class=\"day\">\n\t\t\t\t\t\t\t\t\t\t\t\t\t\t\t\t\t\t\t\t\t<span class=\"phone_only\" id=\"r6a97dccace13c5d-20270130\"><span data-date-format=\"l\">Saturday<\/span> <span data-date-format=\"F\">January<\/span> <span data-date-format=\"j\">30<\/span><\/span>\n\t\t\t\t\t\t\t\t\t\t\t<span class=\"no_phone\" aria-hidden=\"true\">30<\/span>\n\t\t\t\t\t\t\t\t\t\t\t\t\t\t\t\t\t\t\t\t<\/div>\n\t\t\t\t\t\t\t\t\t\t\t\t\t\t\t\t\t\t\t<ul class=\"events\" aria-labelledby=\"r6a97dccace13c5d-20270130\">\n\t\t\t\t\t\t\t\t\t\t\t\t\t\t\t\t\t\t\t\t\t\t\t\t\t<li class=\"event all-day\" data-feed-key=\"0\">\n\t\t\t\t\t\t\t\t\t\t\t\t\t\t\t\t\t\t\t\t\t\t\t\t\t\t\t\t\t\t\t<span class=\"all-day-indicator\">All Day<\/span>\n\t\t\t\t\t\t\t\t\t\t\t\t\t\t\t\t<span class=\"title has_desc confirmed\">Dub Spencer &amp; Trance Hill at La Fabbrica (30 Jan 27)<\/span><div class=\"descloc hover_block\"><div class=\"title_in_hover_block\"><span class=\"title confirmed\">Dub Spencer &amp; Trance Hill at La Fabbrica (30 Jan 27)<\/span><\/div><div class=\"location\">La Fabbrica, Via Locarno 43, 6616, Losone, Switzerland<\/div><div class=\"eventdesc\"><p><a href=\"https:\/\/www.songkick.com\/concerts\/43384475-dub-spencer-and-trance-hill-at-la-fabbrica?utm_campaign=tracked_artist&#038;utm_content=ZD0yNDYxMjg2JnU9MTM3MjI4MTU5&#038;utm_medium=feed&#038;utm_source=ical\" rel=\"nofollow\">https:\/\/www.songkick.com\/concerts\/43384475-dub-spencer-and-trance-hill-at-la-fabbrica?utm_campaign=tracked_artist&#038;utm_content=ZD0yNDYxMjg2JnU9MTM3MjI4MTU5&#038;utm_medium=feed&#038;utm_source=ical<\/a><\/p><\/div><\/div>\t\t\t\t\t\t\t\t\t\t\t\t\t\t<\/li>\n\t\t\t\t\t\t\t\t\t\t\t\t\t\t\t\t\t\t\t\t\t\t\t\t<\/ul>\n\t\t\t\t\t\t\t\t\t\t\t\t\t\t\t\t\t\t<\/td>\n\t\t\t\t\t\t\t\t\t\t\t\t\t\t\t\t<td data-dow=\"0\" data-events-count=\"0\" data-feed-keys=\"\" class=\"future empty d_31 dow_0\">\n\t\t\t\t\t\t\t\t\t<div class=\"day\">\n\t\t\t\t\t\t\t\t\t\t\t\t\t\t\t\t\t\t\t\t\t<span class=\"phone_only\" id=\"r6a97dccace13c5d-20270131\"><span data-date-format=\"l\">Sunday<\/span> <span data-date-format=\"F\">January<\/span> <span data-date-format=\"j\">31<\/span><\/span>\n\t\t\t\t\t\t\t\t\t\t\t<span class=\"no_phone\" aria-hidden=\"true\">31<\/span>\n\t\t\t\t\t\t\t\t\t\t\t\t\t\t\t\t\t\t\t\t<\/div>\n\t\t\t\t\t\t\t\t\t\t\t\t\t\t\t\t\t<\/td>\n\t\t\t\t\t\t\t\t\t\t\t\t\t\t<\/tr>\n\t\t\t\t\t<\/tbody>\n\t\t\t\t<\/table>\n\n\t\t\t\t\n\t\t\t<\/article>\n\t\t\t\t\t\t<article class=\"ics-calendar-month-wrapper\" style=\"display: none;\" data-year-month=\"202702\" data-is-this-month=\"0\">\n\n\t\t\t\t\t\t\t\t\t<h3 class=\"ics-calendar-label\" id=\"r6a97dccace13c5d-202702\">February 2027<\/h3>\n\t\t\t\t\t\t\t\t\t\n\t\t\t\t<table class=\"ics-calendar-month-grid\" aria-labelledby=\"r6a97dccace13c5d-202702\">\n\t\t\t\t\t<thead>\n\t\t\t\t\t\t<tr>\n\t\t\t\t\t\t\t\t\t\t\t\t\t\t\t<th data-dow=\"1\">Monday<\/th>\n\t\t\t\t\t\t\t\t\t\t\t\t\t\t\t\t<th data-dow=\"2\">Tuesday<\/th>\n\t\t\t\t\t\t\t\t\t\t\t\t\t\t\t\t<th data-dow=\"3\">Wednesday<\/th>\n\t\t\t\t\t\t\t\t\t\t\t\t\t\t\t\t<th data-dow=\"4\">Thursday<\/th>\n\t\t\t\t\t\t\t\t\t\t\t\t\t\t\t\t<th data-dow=\"5\">Friday<\/th>\n\t\t\t\t\t\t\t\t\t\t\t\t\t\t\t\t<th data-dow=\"6\">Saturday<\/th>\n\t\t\t\t\t\t\t\t\t\t\t\t\t\t\t\t<th data-dow=\"0\">Sunday<\/th>\n\t\t\t\t\t\t\t\t\t\t\t\t\t\t<\/tr>\n\t\t\t\t\t<\/thead>\n\n\t\t\t\t\t<tbody>\n\t\t\t\t\t\t<tr>\n\t\t\t\t\t\t\t\t\t\t\t\t\t\t\t<td data-dow=\"1\" data-events-count=\"0\" data-feed-keys=\"\" class=\"future empty d_01 dow_1\">\n\t\t\t\t\t\t\t\t\t<div class=\"day\">\n\t\t\t\t\t\t\t\t\t\t\t\t\t\t\t\t\t\t\t\t\t<span class=\"phone_only\" id=\"r6a97dccace13c5d-20270201\"><span data-date-format=\"l\">Monday<\/span> <span data-date-format=\"F\">February<\/span> <span data-date-format=\"j\">1<\/span><\/span>\n\t\t\t\t\t\t\t\t\t\t\t<span class=\"no_phone\" aria-hidden=\"true\">1<\/span>\n\t\t\t\t\t\t\t\t\t\t\t\t\t\t\t\t\t\t\t\t<\/div>\n\t\t\t\t\t\t\t\t\t\t\t\t\t\t\t\t\t<\/td>\n\t\t\t\t\t\t\t\t\t\t\t\t\t\t\t\t<td data-dow=\"2\" data-events-count=\"0\" data-feed-keys=\"\" class=\"future empty d_02 dow_2\">\n\t\t\t\t\t\t\t\t\t<div class=\"day\">\n\t\t\t\t\t\t\t\t\t\t\t\t\t\t\t\t\t\t\t\t\t<span class=\"phone_only\" id=\"r6a97dccace13c5d-20270202\"><span data-date-format=\"l\">Tuesday<\/span> <span data-date-format=\"F\">February<\/span> <span data-date-format=\"j\">2<\/span><\/span>\n\t\t\t\t\t\t\t\t\t\t\t<span class=\"no_phone\" aria-hidden=\"true\">2<\/span>\n\t\t\t\t\t\t\t\t\t\t\t\t\t\t\t\t\t\t\t\t<\/div>\n\t\t\t\t\t\t\t\t\t\t\t\t\t\t\t\t\t<\/td>\n\t\t\t\t\t\t\t\t\t\t\t\t\t\t\t\t<td data-dow=\"3\" data-events-count=\"0\" data-feed-keys=\"\" class=\"future empty d_03 dow_3\">\n\t\t\t\t\t\t\t\t\t<div class=\"day\">\n\t\t\t\t\t\t\t\t\t\t\t\t\t\t\t\t\t\t\t\t\t<span class=\"phone_only\" id=\"r6a97dccace13c5d-20270203\"><span data-date-format=\"l\">Wednesday<\/span> <span data-date-format=\"F\">February<\/span> <span data-date-format=\"j\">3<\/span><\/span>\n\t\t\t\t\t\t\t\t\t\t\t<span class=\"no_phone\" aria-hidden=\"true\">3<\/span>\n\t\t\t\t\t\t\t\t\t\t\t\t\t\t\t\t\t\t\t\t<\/div>\n\t\t\t\t\t\t\t\t\t\t\t\t\t\t\t\t\t<\/td>\n\t\t\t\t\t\t\t\t\t\t\t\t\t\t\t\t<td data-dow=\"4\" data-events-count=\"1\" data-feed-keys=\"0\" class=\"future has_events d_04 dow_4\">\n\t\t\t\t\t\t\t\t\t<div class=\"day\">\n\t\t\t\t\t\t\t\t\t\t\t\t\t\t\t\t\t\t\t\t\t<span class=\"phone_only\" id=\"r6a97dccace13c5d-20270204\"><span data-date-format=\"l\">Thursday<\/span> <span data-date-format=\"F\">February<\/span> <span data-date-format=\"j\">4<\/span><\/span>\n\t\t\t\t\t\t\t\t\t\t\t<span class=\"no_phone\" aria-hidden=\"true\">4<\/span>\n\t\t\t\t\t\t\t\t\t\t\t\t\t\t\t\t\t\t\t\t<\/div>\n\t\t\t\t\t\t\t\t\t\t\t\t\t\t\t\t\t\t\t<ul class=\"events\" aria-labelledby=\"r6a97dccace13c5d-20270204\">\n\t\t\t\t\t\t\t\t\t\t\t\t\t\t\t\t\t\t\t\t\t\t\t\t\t<li class=\"event all-day\" data-feed-key=\"0\">\n\t\t\t\t\t\t\t\t\t\t\t\t\t\t\t\t\t\t\t\t\t\t\t\t\t\t\t\t\t\t\t<span class=\"all-day-indicator\">All Day<\/span>\n\t\t\t\t\t\t\t\t\t\t\t\t\t\t\t\t<span class=\"title has_desc confirmed\">Die Fantastischen Vier at PSD Bank N\u00fcrnberg Arena (04 Feb 27)<\/span><div class=\"descloc hover_block\"><div class=\"title_in_hover_block\"><span class=\"title confirmed\">Die Fantastischen Vier at PSD Bank N\u00fcrnberg Arena (04 Feb 27)<\/span><\/div><div class=\"location\">PSD Bank N\u00fcrnberg Arena, Kurt-Leucht-Weg 11, 90471, Nuremberg, Germany<\/div><div class=\"eventdesc\"><p><a href=\"https:\/\/www.songkick.com\/concerts\/42879909-die-fantastischen-vier-at-psd-bank-nurnberg-arena?utm_campaign=tracked_artist&#038;utm_content=ZD0yNDYxMjg2JnU9MTM3MjI4MTU5&#038;utm_medium=feed&#038;utm_source=ical\" rel=\"nofollow\">https:\/\/www.songkick.com\/concerts\/42879909-die-fantastischen-vier-at-psd-bank-nurnberg-arena?utm_campaign=tracked_artist&#038;utm_content=ZD0yNDYxMjg2JnU9MTM3MjI4MTU5&#038;utm_medium=feed&#038;utm_source=ical<\/a><\/p><\/div><\/div>\t\t\t\t\t\t\t\t\t\t\t\t\t\t<\/li>\n\t\t\t\t\t\t\t\t\t\t\t\t\t\t\t\t\t\t\t\t\t\t\t\t<\/ul>\n\t\t\t\t\t\t\t\t\t\t\t\t\t\t\t\t\t\t<\/td>\n\t\t\t\t\t\t\t\t\t\t\t\t\t\t\t\t<td data-dow=\"5\" data-events-count=\"0\" data-feed-keys=\"\" class=\"future empty d_05 dow_5\">\n\t\t\t\t\t\t\t\t\t<div class=\"day\">\n\t\t\t\t\t\t\t\t\t\t\t\t\t\t\t\t\t\t\t\t\t<span class=\"phone_only\" id=\"r6a97dccace13c5d-20270205\"><span data-date-format=\"l\">Friday<\/span> <span data-date-format=\"F\">February<\/span> <span data-date-format=\"j\">5<\/span><\/span>\n\t\t\t\t\t\t\t\t\t\t\t<span class=\"no_phone\" aria-hidden=\"true\">5<\/span>\n\t\t\t\t\t\t\t\t\t\t\t\t\t\t\t\t\t\t\t\t<\/div>\n\t\t\t\t\t\t\t\t\t\t\t\t\t\t\t\t\t<\/td>\n\t\t\t\t\t\t\t\t\t\t\t\t\t\t\t\t<td data-dow=\"6\" data-events-count=\"0\" data-feed-keys=\"\" class=\"future empty d_06 dow_6\">\n\t\t\t\t\t\t\t\t\t<div class=\"day\">\n\t\t\t\t\t\t\t\t\t\t\t\t\t\t\t\t\t\t\t\t\t<span class=\"phone_only\" id=\"r6a97dccace13c5d-20270206\"><span data-date-format=\"l\">Saturday<\/span> <span data-date-format=\"F\">February<\/span> <span data-date-format=\"j\">6<\/span><\/span>\n\t\t\t\t\t\t\t\t\t\t\t<span class=\"no_phone\" aria-hidden=\"true\">6<\/span>\n\t\t\t\t\t\t\t\t\t\t\t\t\t\t\t\t\t\t\t\t<\/div>\n\t\t\t\t\t\t\t\t\t\t\t\t\t\t\t\t\t<\/td>\n\t\t\t\t\t\t\t\t\t\t\t\t\t\t\t\t<td data-dow=\"0\" data-events-count=\"0\" data-feed-keys=\"\" class=\"future empty d_07 dow_0\">\n\t\t\t\t\t\t\t\t\t<div class=\"day\">\n\t\t\t\t\t\t\t\t\t\t\t\t\t\t\t\t\t\t\t\t\t<span class=\"phone_only\" id=\"r6a97dccace13c5d-20270207\"><span data-date-format=\"l\">Sunday<\/span> <span data-date-format=\"F\">February<\/span> <span data-date-format=\"j\">7<\/span><\/span>\n\t\t\t\t\t\t\t\t\t\t\t<span class=\"no_phone\" aria-hidden=\"true\">7<\/span>\n\t\t\t\t\t\t\t\t\t\t\t\t\t\t\t\t\t\t\t\t<\/div>\n\t\t\t\t\t\t\t\t\t\t\t\t\t\t\t\t\t<\/td>\n\t\t\t\t\t\t\t\t<\/tr><tr>\t\t\t\t\t\t\t\t<td data-dow=\"1\" data-events-count=\"0\" data-feed-keys=\"\" class=\"future empty d_08 dow_1\">\n\t\t\t\t\t\t\t\t\t<div class=\"day\">\n\t\t\t\t\t\t\t\t\t\t\t\t\t\t\t\t\t\t\t\t\t<span class=\"phone_only\" id=\"r6a97dccace13c5d-20270208\"><span data-date-format=\"l\">Monday<\/span> <span data-date-format=\"F\">February<\/span> <span data-date-format=\"j\">8<\/span><\/span>\n\t\t\t\t\t\t\t\t\t\t\t<span class=\"no_phone\" aria-hidden=\"true\">8<\/span>\n\t\t\t\t\t\t\t\t\t\t\t\t\t\t\t\t\t\t\t\t<\/div>\n\t\t\t\t\t\t\t\t\t\t\t\t\t\t\t\t\t<\/td>\n\t\t\t\t\t\t\t\t\t\t\t\t\t\t\t\t<td data-dow=\"2\" data-events-count=\"0\" data-feed-keys=\"\" class=\"future empty d_09 dow_2\">\n\t\t\t\t\t\t\t\t\t<div class=\"day\">\n\t\t\t\t\t\t\t\t\t\t\t\t\t\t\t\t\t\t\t\t\t<span class=\"phone_only\" id=\"r6a97dccace13c5d-20270209\"><span data-date-format=\"l\">Tuesday<\/span> <span data-date-format=\"F\">February<\/span> <span data-date-format=\"j\">9<\/span><\/span>\n\t\t\t\t\t\t\t\t\t\t\t<span class=\"no_phone\" aria-hidden=\"true\">9<\/span>\n\t\t\t\t\t\t\t\t\t\t\t\t\t\t\t\t\t\t\t\t<\/div>\n\t\t\t\t\t\t\t\t\t\t\t\t\t\t\t\t\t<\/td>\n\t\t\t\t\t\t\t\t\t\t\t\t\t\t\t\t<td data-dow=\"3\" data-events-count=\"0\" data-feed-keys=\"\" class=\"future empty d_10 dow_3\">\n\t\t\t\t\t\t\t\t\t<div class=\"day\">\n\t\t\t\t\t\t\t\t\t\t\t\t\t\t\t\t\t\t\t\t\t<span class=\"phone_only\" id=\"r6a97dccace13c5d-20270210\"><span data-date-format=\"l\">Wednesday<\/span> <span data-date-format=\"F\">February<\/span> <span data-date-format=\"j\">10<\/span><\/span>\n\t\t\t\t\t\t\t\t\t\t\t<span class=\"no_phone\" aria-hidden=\"true\">10<\/span>\n\t\t\t\t\t\t\t\t\t\t\t\t\t\t\t\t\t\t\t\t<\/div>\n\t\t\t\t\t\t\t\t\t\t\t\t\t\t\t\t\t<\/td>\n\t\t\t\t\t\t\t\t\t\t\t\t\t\t\t\t<td data-dow=\"4\" data-events-count=\"0\" data-feed-keys=\"\" class=\"future empty d_11 dow_4\">\n\t\t\t\t\t\t\t\t\t<div class=\"day\">\n\t\t\t\t\t\t\t\t\t\t\t\t\t\t\t\t\t\t\t\t\t<span class=\"phone_only\" id=\"r6a97dccace13c5d-20270211\"><span data-date-format=\"l\">Thursday<\/span> <span data-date-format=\"F\">February<\/span> <span data-date-format=\"j\">11<\/span><\/span>\n\t\t\t\t\t\t\t\t\t\t\t<span class=\"no_phone\" aria-hidden=\"true\">11<\/span>\n\t\t\t\t\t\t\t\t\t\t\t\t\t\t\t\t\t\t\t\t<\/div>\n\t\t\t\t\t\t\t\t\t\t\t\t\t\t\t\t\t<\/td>\n\t\t\t\t\t\t\t\t\t\t\t\t\t\t\t\t<td data-dow=\"5\" data-events-count=\"1\" data-feed-keys=\"0\" class=\"future has_events d_12 dow_5\">\n\t\t\t\t\t\t\t\t\t<div class=\"day\">\n\t\t\t\t\t\t\t\t\t\t\t\t\t\t\t\t\t\t\t\t\t<span class=\"phone_only\" id=\"r6a97dccace13c5d-20270212\"><span data-date-format=\"l\">Friday<\/span> <span data-date-format=\"F\">February<\/span> <span data-date-format=\"j\">12<\/span><\/span>\n\t\t\t\t\t\t\t\t\t\t\t<span class=\"no_phone\" aria-hidden=\"true\">12<\/span>\n\t\t\t\t\t\t\t\t\t\t\t\t\t\t\t\t\t\t\t\t<\/div>\n\t\t\t\t\t\t\t\t\t\t\t\t\t\t\t\t\t\t\t<ul class=\"events\" aria-labelledby=\"r6a97dccace13c5d-20270212\">\n\t\t\t\t\t\t\t\t\t\t\t\t\t\t\t\t\t\t\t\t\t\t\t\t\t<li class=\"event all-day\" data-feed-key=\"0\">\n\t\t\t\t\t\t\t\t\t\t\t\t\t\t\t\t\t\t\t\t\t\t\t\t\t\t\t\t\t\t\t<span class=\"all-day-indicator\">All Day<\/span>\n\t\t\t\t\t\t\t\t\t\t\t\t\t\t\t\t<span class=\"title has_desc confirmed\">The Magic Mumble Jumble at Werk, Backstage (12 Feb 27)<\/span><div class=\"descloc hover_block\"><div class=\"title_in_hover_block\"><span class=\"title confirmed\">The Magic Mumble Jumble at Werk, Backstage (12 Feb 27)<\/span><\/div><div class=\"location\">Werk, Backstage, Reitknechtstrasse 6, 80639, Munich, Germany<\/div><div class=\"eventdesc\"><p><a href=\"https:\/\/www.songkick.com\/concerts\/43114381-magic-mumble-jumble-at-werk-backstage?utm_campaign=tracked_artist&#038;utm_content=ZD0yNDYxMjg2JnU9MTM3MjI4MTU5&#038;utm_medium=feed&#038;utm_source=ical\" rel=\"nofollow\">https:\/\/www.songkick.com\/concerts\/43114381-magic-mumble-jumble-at-werk-backstage?utm_campaign=tracked_artist&#038;utm_content=ZD0yNDYxMjg2JnU9MTM3MjI4MTU5&#038;utm_medium=feed&#038;utm_source=ical<\/a><\/p><\/div><\/div>\t\t\t\t\t\t\t\t\t\t\t\t\t\t<\/li>\n\t\t\t\t\t\t\t\t\t\t\t\t\t\t\t\t\t\t\t\t\t\t\t\t<\/ul>\n\t\t\t\t\t\t\t\t\t\t\t\t\t\t\t\t\t\t<\/td>\n\t\t\t\t\t\t\t\t\t\t\t\t\t\t\t\t<td data-dow=\"6\" data-events-count=\"1\" data-feed-keys=\"0\" class=\"future has_events d_13 dow_6\">\n\t\t\t\t\t\t\t\t\t<div class=\"day\">\n\t\t\t\t\t\t\t\t\t\t\t\t\t\t\t\t\t\t\t\t\t<span class=\"phone_only\" id=\"r6a97dccace13c5d-20270213\"><span data-date-format=\"l\">Saturday<\/span> <span data-date-format=\"F\">February<\/span> <span data-date-format=\"j\">13<\/span><\/span>\n\t\t\t\t\t\t\t\t\t\t\t<span class=\"no_phone\" aria-hidden=\"true\">13<\/span>\n\t\t\t\t\t\t\t\t\t\t\t\t\t\t\t\t\t\t\t\t<\/div>\n\t\t\t\t\t\t\t\t\t\t\t\t\t\t\t\t\t\t\t<ul class=\"events\" aria-labelledby=\"r6a97dccace13c5d-20270213\">\n\t\t\t\t\t\t\t\t\t\t\t\t\t\t\t\t\t\t\t\t\t\t\t\t\t<li class=\"event all-day\" data-feed-key=\"0\">\n\t\t\t\t\t\t\t\t\t\t\t\t\t\t\t\t\t\t\t\t\t\t\t\t\t\t\t\t\t\t\t<span class=\"all-day-indicator\">All Day<\/span>\n\t\t\t\t\t\t\t\t\t\t\t\t\t\t\t\t<span class=\"title has_desc confirmed\">The Magic Mumble Jumble at Roxy - Kultur in Ulm (13 Feb 27)<\/span><div class=\"descloc hover_block\"><div class=\"title_in_hover_block\"><span class=\"title confirmed\">The Magic Mumble Jumble at Roxy - Kultur in Ulm (13 Feb 27)<\/span><\/div><div class=\"location\">Roxy - Kultur in Ulm, Schillerstra\u00dfe 1\/12, 89077, Ulm, Germany<\/div><div class=\"eventdesc\"><p><a href=\"https:\/\/www.songkick.com\/concerts\/43114118-magic-mumble-jumble-at-roxy-kultur-in-ulm?utm_campaign=tracked_artist&#038;utm_content=ZD0yNDYxMjg2JnU9MTM3MjI4MTU5&#038;utm_medium=feed&#038;utm_source=ical\" rel=\"nofollow\">https:\/\/www.songkick.com\/concerts\/43114118-magic-mumble-jumble-at-roxy-kultur-in-ulm?utm_campaign=tracked_artist&#038;utm_content=ZD0yNDYxMjg2JnU9MTM3MjI4MTU5&#038;utm_medium=feed&#038;utm_source=ical<\/a><\/p><\/div><\/div>\t\t\t\t\t\t\t\t\t\t\t\t\t\t<\/li>\n\t\t\t\t\t\t\t\t\t\t\t\t\t\t\t\t\t\t\t\t\t\t\t\t<\/ul>\n\t\t\t\t\t\t\t\t\t\t\t\t\t\t\t\t\t\t<\/td>\n\t\t\t\t\t\t\t\t\t\t\t\t\t\t\t\t<td data-dow=\"0\" data-events-count=\"1\" data-feed-keys=\"0\" class=\"future has_events d_14 dow_0\">\n\t\t\t\t\t\t\t\t\t<div class=\"day\">\n\t\t\t\t\t\t\t\t\t\t\t\t\t\t\t\t\t\t\t\t\t<span class=\"phone_only\" id=\"r6a97dccace13c5d-20270214\"><span data-date-format=\"l\">Sunday<\/span> <span data-date-format=\"F\">February<\/span> <span data-date-format=\"j\">14<\/span><\/span>\n\t\t\t\t\t\t\t\t\t\t\t<span class=\"no_phone\" aria-hidden=\"true\">14<\/span>\n\t\t\t\t\t\t\t\t\t\t\t\t\t\t\t\t\t\t\t\t<\/div>\n\t\t\t\t\t\t\t\t\t\t\t\t\t\t\t\t\t\t\t<ul class=\"events\" aria-labelledby=\"r6a97dccace13c5d-20270214\">\n\t\t\t\t\t\t\t\t\t\t\t\t\t\t\t\t\t\t\t\t\t\t\t\t\t<li class=\"event all-day\" data-feed-key=\"0\">\n\t\t\t\t\t\t\t\t\t\t\t\t\t\t\t\t\t\t\t\t\t\t\t\t\t\t\t\t\t\t\t<span class=\"all-day-indicator\">All Day<\/span>\n\t\t\t\t\t\t\t\t\t\t\t\t\t\t\t\t<span class=\"title has_desc confirmed\">The Magic Mumble Jumble at E-Werk Erlangen (14 Feb 27)<\/span><div class=\"descloc hover_block\"><div class=\"title_in_hover_block\"><span class=\"title confirmed\">The Magic Mumble Jumble at E-Werk Erlangen (14 Feb 27)<\/span><\/div><div class=\"location\">E-Werk Erlangen, Fuchsenwiese 1, 91054, Erlangen, Germany<\/div><div class=\"eventdesc\"><p><a href=\"https:\/\/www.songkick.com\/concerts\/43126006-magic-mumble-jumble-at-ewerk-erlangen?utm_campaign=tracked_artist&#038;utm_content=ZD0yNDYxMjg2JnU9MTM3MjI4MTU5&#038;utm_medium=feed&#038;utm_source=ical\" rel=\"nofollow\">https:\/\/www.songkick.com\/concerts\/43126006-magic-mumble-jumble-at-ewerk-erlangen?utm_campaign=tracked_artist&#038;utm_content=ZD0yNDYxMjg2JnU9MTM3MjI4MTU5&#038;utm_medium=feed&#038;utm_source=ical<\/a><\/p><\/div><\/div>\t\t\t\t\t\t\t\t\t\t\t\t\t\t<\/li>\n\t\t\t\t\t\t\t\t\t\t\t\t\t\t\t\t\t\t\t\t\t\t\t\t<\/ul>\n\t\t\t\t\t\t\t\t\t\t\t\t\t\t\t\t\t\t<\/td>\n\t\t\t\t\t\t\t\t<\/tr><tr>\t\t\t\t\t\t\t\t<td data-dow=\"1\" data-events-count=\"0\" data-feed-keys=\"\" class=\"future empty d_15 dow_1\">\n\t\t\t\t\t\t\t\t\t<div class=\"day\">\n\t\t\t\t\t\t\t\t\t\t\t\t\t\t\t\t\t\t\t\t\t<span class=\"phone_only\" id=\"r6a97dccace13c5d-20270215\"><span data-date-format=\"l\">Monday<\/span> <span data-date-format=\"F\">February<\/span> <span data-date-format=\"j\">15<\/span><\/span>\n\t\t\t\t\t\t\t\t\t\t\t<span class=\"no_phone\" aria-hidden=\"true\">15<\/span>\n\t\t\t\t\t\t\t\t\t\t\t\t\t\t\t\t\t\t\t\t<\/div>\n\t\t\t\t\t\t\t\t\t\t\t\t\t\t\t\t\t<\/td>\n\t\t\t\t\t\t\t\t\t\t\t\t\t\t\t\t<td data-dow=\"2\" data-events-count=\"2\" data-feed-keys=\"0\" class=\"future has_events d_16 dow_2\">\n\t\t\t\t\t\t\t\t\t<div class=\"day\">\n\t\t\t\t\t\t\t\t\t\t\t\t\t\t\t\t\t\t\t\t\t<span class=\"phone_only\" id=\"r6a97dccace13c5d-20270216\"><span data-date-format=\"l\">Tuesday<\/span> <span data-date-format=\"F\">February<\/span> <span data-date-format=\"j\">16<\/span><\/span>\n\t\t\t\t\t\t\t\t\t\t\t<span class=\"no_phone\" aria-hidden=\"true\">16<\/span>\n\t\t\t\t\t\t\t\t\t\t\t\t\t\t\t\t\t\t\t\t<\/div>\n\t\t\t\t\t\t\t\t\t\t\t\t\t\t\t\t\t\t\t<ul class=\"events\" aria-labelledby=\"r6a97dccace13c5d-20270216\">\n\t\t\t\t\t\t\t\t\t\t\t\t\t\t\t\t\t\t\t\t\t\t\t\t\t<li class=\"event all-day\" data-feed-key=\"0\">\n\t\t\t\t\t\t\t\t\t\t\t\t\t\t\t\t\t\t\t\t\t\t\t\t\t\t\t\t\t\t\t<span class=\"all-day-indicator\">All Day<\/span>\n\t\t\t\t\t\t\t\t\t\t\t\t\t\t\t\t<span class=\"title has_desc confirmed\">Eivind Aarset at Nica Jazz Club (16 Feb 27)<\/span><div class=\"descloc hover_block\"><div class=\"title_in_hover_block\"><span class=\"title confirmed\">Eivind Aarset at Nica Jazz Club (16 Feb 27)<\/span><\/div><div class=\"location\">Nica Jazz Club, Alter Wall 20, 20457, Hamburg, Germany<\/div><div class=\"eventdesc\"><p><a href=\"https:\/\/www.songkick.com\/concerts\/43357848-eivind-aarset-at-nica-jazz-club?utm_campaign=tracked_artist&#038;utm_content=ZD0yNDYxMjg2JnU9MTM3MjI4MTU5&#038;utm_medium=feed&#038;utm_source=ical\" rel=\"nofollow\">https:\/\/www.songkick.com\/concerts\/43357848-eivind-aarset-at-nica-jazz-club?utm_campaign=tracked_artist&#038;utm_content=ZD0yNDYxMjg2JnU9MTM3MjI4MTU5&#038;utm_medium=feed&#038;utm_source=ical<\/a><\/p><\/div><\/div>\t\t\t\t\t\t\t\t\t\t\t\t\t\t<\/li>\n\t\t\t\t\t\t\t\t\t\t\t\t\t\t\t\t\t\t\t\t\t\t\t\t\t\t\t\t<li class=\"event all-day\" data-feed-key=\"0\">\n\t\t\t\t\t\t\t\t\t\t\t\t\t\t\t<span class=\"title has_desc confirmed\">The Magic Mumble Jumble at Kulturladen Kfz (16 Feb 27)<\/span><div class=\"descloc hover_block\"><div class=\"title_in_hover_block\"><span class=\"title confirmed\">The Magic Mumble Jumble at Kulturladen Kfz (16 Feb 27)<\/span><\/div><div class=\"location\">Kulturladen Kfz, Schulstrasse 6, 35037, Marburg, Germany<\/div><div class=\"eventdesc\"><p><a href=\"https:\/\/www.songkick.com\/concerts\/43146433-magic-mumble-jumble-at-kulturladen-kfz?utm_campaign=tracked_artist&#038;utm_content=ZD0yNDYxMjg2JnU9MTM3MjI4MTU5&#038;utm_medium=feed&#038;utm_source=ical\" rel=\"nofollow\">https:\/\/www.songkick.com\/concerts\/43146433-magic-mumble-jumble-at-kulturladen-kfz?utm_campaign=tracked_artist&#038;utm_content=ZD0yNDYxMjg2JnU9MTM3MjI4MTU5&#038;utm_medium=feed&#038;utm_source=ical<\/a><\/p><\/div><\/div>\t\t\t\t\t\t\t\t\t\t\t\t\t\t<\/li>\n\t\t\t\t\t\t\t\t\t\t\t\t\t\t\t\t\t\t\t\t\t\t\t\t<\/ul>\n\t\t\t\t\t\t\t\t\t\t\t\t\t\t\t\t\t\t<\/td>\n\t\t\t\t\t\t\t\t\t\t\t\t\t\t\t\t<td data-dow=\"3\" data-events-count=\"0\" data-feed-keys=\"\" class=\"future empty d_17 dow_3\">\n\t\t\t\t\t\t\t\t\t<div class=\"day\">\n\t\t\t\t\t\t\t\t\t\t\t\t\t\t\t\t\t\t\t\t\t<span class=\"phone_only\" id=\"r6a97dccace13c5d-20270217\"><span data-date-format=\"l\">Wednesday<\/span> <span data-date-format=\"F\">February<\/span> <span data-date-format=\"j\">17<\/span><\/span>\n\t\t\t\t\t\t\t\t\t\t\t<span class=\"no_phone\" aria-hidden=\"true\">17<\/span>\n\t\t\t\t\t\t\t\t\t\t\t\t\t\t\t\t\t\t\t\t<\/div>\n\t\t\t\t\t\t\t\t\t\t\t\t\t\t\t\t\t<\/td>\n\t\t\t\t\t\t\t\t\t\t\t\t\t\t\t\t<td data-dow=\"4\" data-events-count=\"2\" data-feed-keys=\"0\" class=\"future has_events d_18 dow_4\">\n\t\t\t\t\t\t\t\t\t<div class=\"day\">\n\t\t\t\t\t\t\t\t\t\t\t\t\t\t\t\t\t\t\t\t\t<span class=\"phone_only\" id=\"r6a97dccace13c5d-20270218\"><span data-date-format=\"l\">Thursday<\/span> <span data-date-format=\"F\">February<\/span> <span data-date-format=\"j\">18<\/span><\/span>\n\t\t\t\t\t\t\t\t\t\t\t<span class=\"no_phone\" aria-hidden=\"true\">18<\/span>\n\t\t\t\t\t\t\t\t\t\t\t\t\t\t\t\t\t\t\t\t<\/div>\n\t\t\t\t\t\t\t\t\t\t\t\t\t\t\t\t\t\t\t<ul class=\"events\" aria-labelledby=\"r6a97dccace13c5d-20270218\">\n\t\t\t\t\t\t\t\t\t\t\t\t\t\t\t\t\t\t\t\t\t\t\t\t\t<li class=\"event all-day\" data-feed-key=\"0\">\n\t\t\t\t\t\t\t\t\t\t\t\t\t\t\t\t\t\t\t\t\t\t\t\t\t\t\t\t\t\t\t<span class=\"all-day-indicator\">All Day<\/span>\n\t\t\t\t\t\t\t\t\t\t\t\t\t\t\t\t<span class=\"title has_desc confirmed\">Ang\u00e9lique Kidjo at Auditorium Stravinski, 2M2C (18 Feb 27)<\/span><div class=\"descloc hover_block\"><div class=\"title_in_hover_block\"><span class=\"title confirmed\">Ang\u00e9lique Kidjo at Auditorium Stravinski, 2M2C (18 Feb 27)<\/span><\/div><div class=\"location\">Auditorium Stravinski, 2M2C, Grand' Rue 95, 1820, Montreux, Switzerland<\/div><div class=\"eventdesc\"><p><a href=\"https:\/\/www.songkick.com\/concerts\/43388649-angelique-kidjo-at-auditorium-stravinski-2m2c?utm_campaign=tracked_artist&#038;utm_content=ZD0yNDYxMjg2JnU9MTM3MjI4MTU5&#038;utm_medium=feed&#038;utm_source=ical\" rel=\"nofollow\">https:\/\/www.songkick.com\/concerts\/43388649-angelique-kidjo-at-auditorium-stravinski-2m2c?utm_campaign=tracked_artist&#038;utm_content=ZD0yNDYxMjg2JnU9MTM3MjI4MTU5&#038;utm_medium=feed&#038;utm_source=ical<\/a><\/p><\/div><\/div>\t\t\t\t\t\t\t\t\t\t\t\t\t\t<\/li>\n\t\t\t\t\t\t\t\t\t\t\t\t\t\t\t\t\t\t\t\t\t\t\t\t\t\t\t\t<li class=\"event all-day\" data-feed-key=\"0\">\n\t\t\t\t\t\t\t\t\t\t\t\t\t\t\t<span class=\"title has_desc confirmed\">The Magic Mumble Jumble at Heimathafen Neuk\u00f6lln (18 Feb 27)<\/span><div class=\"descloc hover_block\"><div class=\"title_in_hover_block\"><span class=\"title confirmed\">The Magic Mumble Jumble at Heimathafen Neuk\u00f6lln (18 Feb 27)<\/span><\/div><div class=\"location\">Heimathafen Neuk\u00f6lln, 141 Karl-Marx-Stra\u00dfe, 12043, Berlin, Germany<\/div><div class=\"eventdesc\"><p><a href=\"https:\/\/www.songkick.com\/concerts\/43114382-magic-mumble-jumble-at-heimathafen-neukolln?utm_campaign=tracked_artist&#038;utm_content=ZD0yNDYxMjg2JnU9MTM3MjI4MTU5&#038;utm_medium=feed&#038;utm_source=ical\" rel=\"nofollow\">https:\/\/www.songkick.com\/concerts\/43114382-magic-mumble-jumble-at-heimathafen-neukolln?utm_campaign=tracked_artist&#038;utm_content=ZD0yNDYxMjg2JnU9MTM3MjI4MTU5&#038;utm_medium=feed&#038;utm_source=ical<\/a><\/p><\/div><\/div>\t\t\t\t\t\t\t\t\t\t\t\t\t\t<\/li>\n\t\t\t\t\t\t\t\t\t\t\t\t\t\t\t\t\t\t\t\t\t\t\t\t<\/ul>\n\t\t\t\t\t\t\t\t\t\t\t\t\t\t\t\t\t\t<\/td>\n\t\t\t\t\t\t\t\t\t\t\t\t\t\t\t\t<td data-dow=\"5\" data-events-count=\"1\" data-feed-keys=\"0\" class=\"future has_events d_19 dow_5\">\n\t\t\t\t\t\t\t\t\t<div class=\"day\">\n\t\t\t\t\t\t\t\t\t\t\t\t\t\t\t\t\t\t\t\t\t<span class=\"phone_only\" id=\"r6a97dccace13c5d-20270219\"><span data-date-format=\"l\">Friday<\/span> <span data-date-format=\"F\">February<\/span> <span data-date-format=\"j\">19<\/span><\/span>\n\t\t\t\t\t\t\t\t\t\t\t<span class=\"no_phone\" aria-hidden=\"true\">19<\/span>\n\t\t\t\t\t\t\t\t\t\t\t\t\t\t\t\t\t\t\t\t<\/div>\n\t\t\t\t\t\t\t\t\t\t\t\t\t\t\t\t\t\t\t<ul class=\"events\" aria-labelledby=\"r6a97dccace13c5d-20270219\">\n\t\t\t\t\t\t\t\t\t\t\t\t\t\t\t\t\t\t\t\t\t\t\t\t\t<li class=\"event all-day\" data-feed-key=\"0\">\n\t\t\t\t\t\t\t\t\t\t\t\t\t\t\t\t\t\t\t\t\t\t\t\t\t\t\t\t\t\t\t<span class=\"all-day-indicator\">All Day<\/span>\n\t\t\t\t\t\t\t\t\t\t\t\t\t\t\t\t<span class=\"title has_desc confirmed\">The Magic Mumble Jumble at Gloria (19 Feb 27)<\/span><div class=\"descloc hover_block\"><div class=\"title_in_hover_block\"><span class=\"title confirmed\">The Magic Mumble Jumble at Gloria (19 Feb 27)<\/span><\/div><div class=\"location\">Gloria, Apostelnstr. 11, 50667, Cologne, Germany<\/div><div class=\"eventdesc\"><p><a href=\"https:\/\/www.songkick.com\/concerts\/43121856-magic-mumble-jumble-at-gloria?utm_campaign=tracked_artist&#038;utm_content=ZD0yNDYxMjg2JnU9MTM3MjI4MTU5&#038;utm_medium=feed&#038;utm_source=ical\" rel=\"nofollow\">https:\/\/www.songkick.com\/concerts\/43121856-magic-mumble-jumble-at-gloria?utm_campaign=tracked_artist&#038;utm_content=ZD0yNDYxMjg2JnU9MTM3MjI4MTU5&#038;utm_medium=feed&#038;utm_source=ical<\/a><\/p><\/div><\/div>\t\t\t\t\t\t\t\t\t\t\t\t\t\t<\/li>\n\t\t\t\t\t\t\t\t\t\t\t\t\t\t\t\t\t\t\t\t\t\t\t\t<\/ul>\n\t\t\t\t\t\t\t\t\t\t\t\t\t\t\t\t\t\t<\/td>\n\t\t\t\t\t\t\t\t\t\t\t\t\t\t\t\t<td data-dow=\"6\" data-events-count=\"2\" data-feed-keys=\"0\" class=\"future has_events d_20 dow_6\">\n\t\t\t\t\t\t\t\t\t<div class=\"day\">\n\t\t\t\t\t\t\t\t\t\t\t\t\t\t\t\t\t\t\t\t\t<span class=\"phone_only\" id=\"r6a97dccace13c5d-20270220\"><span data-date-format=\"l\">Saturday<\/span> <span data-date-format=\"F\">February<\/span> <span data-date-format=\"j\">20<\/span><\/span>\n\t\t\t\t\t\t\t\t\t\t\t<span class=\"no_phone\" aria-hidden=\"true\">20<\/span>\n\t\t\t\t\t\t\t\t\t\t\t\t\t\t\t\t\t\t\t\t<\/div>\n\t\t\t\t\t\t\t\t\t\t\t\t\t\t\t\t\t\t\t<ul class=\"events\" aria-labelledby=\"r6a97dccace13c5d-20270220\">\n\t\t\t\t\t\t\t\t\t\t\t\t\t\t\t\t\t\t\t\t\t\t\t\t\t<li class=\"event all-day\" data-feed-key=\"0\">\n\t\t\t\t\t\t\t\t\t\t\t\t\t\t\t\t\t\t\t\t\t\t\t\t\t\t\t\t\t\t\t<span class=\"all-day-indicator\">All Day<\/span>\n\t\t\t\t\t\t\t\t\t\t\t\t\t\t\t\t<span class=\"title has_desc confirmed\">Les Yeux D'La T\u00eate at Beatpol (20 Feb 27)<\/span><div class=\"descloc hover_block\"><div class=\"title_in_hover_block\"><span class=\"title confirmed\">Les Yeux D'La T\u00eate at Beatpol (20 Feb 27)<\/span><\/div><div class=\"location\">Beatpol, Altbriesnitz 2A, 01157, Dresden, Germany<\/div><div class=\"eventdesc\"><p><a href=\"https:\/\/www.songkick.com\/concerts\/43337309-les-yeux-dla-tete-at-beatpol?utm_campaign=tracked_artist&#038;utm_content=ZD0yNDYxMjg2JnU9MTM3MjI4MTU5&#038;utm_medium=feed&#038;utm_source=ical\" rel=\"nofollow\">https:\/\/www.songkick.com\/concerts\/43337309-les-yeux-dla-tete-at-beatpol?utm_campaign=tracked_artist&#038;utm_content=ZD0yNDYxMjg2JnU9MTM3MjI4MTU5&#038;utm_medium=feed&#038;utm_source=ical<\/a><\/p><\/div><\/div>\t\t\t\t\t\t\t\t\t\t\t\t\t\t<\/li>\n\t\t\t\t\t\t\t\t\t\t\t\t\t\t\t\t\t\t\t\t\t\t\t\t\t\t\t\t<li class=\"event all-day\" data-feed-key=\"0\">\n\t\t\t\t\t\t\t\t\t\t\t\t\t\t\t<span class=\"title has_desc confirmed\">The Magic Mumble Jumble at Faust (20 Feb 27)<\/span><div class=\"descloc hover_block\"><div class=\"title_in_hover_block\"><span class=\"title confirmed\">The Magic Mumble Jumble at Faust (20 Feb 27)<\/span><\/div><div class=\"location\">Faust, Zur Bettfedernfabrik 3, 30451, Hannover, Germany<\/div><div class=\"eventdesc\"><p><a href=\"https:\/\/www.songkick.com\/concerts\/43126406-magic-mumble-jumble-at-faust?utm_campaign=tracked_artist&#038;utm_content=ZD0yNDYxMjg2JnU9MTM3MjI4MTU5&#038;utm_medium=feed&#038;utm_source=ical\" rel=\"nofollow\">https:\/\/www.songkick.com\/concerts\/43126406-magic-mumble-jumble-at-faust?utm_campaign=tracked_artist&#038;utm_content=ZD0yNDYxMjg2JnU9MTM3MjI4MTU5&#038;utm_medium=feed&#038;utm_source=ical<\/a><\/p><\/div><\/div>\t\t\t\t\t\t\t\t\t\t\t\t\t\t<\/li>\n\t\t\t\t\t\t\t\t\t\t\t\t\t\t\t\t\t\t\t\t\t\t\t\t<\/ul>\n\t\t\t\t\t\t\t\t\t\t\t\t\t\t\t\t\t\t<\/td>\n\t\t\t\t\t\t\t\t\t\t\t\t\t\t\t\t<td data-dow=\"0\" data-events-count=\"1\" data-feed-keys=\"0\" class=\"future has_events d_21 dow_0\">\n\t\t\t\t\t\t\t\t\t<div class=\"day\">\n\t\t\t\t\t\t\t\t\t\t\t\t\t\t\t\t\t\t\t\t\t<span class=\"phone_only\" id=\"r6a97dccace13c5d-20270221\"><span data-date-format=\"l\">Sunday<\/span> <span data-date-format=\"F\">February<\/span> <span data-date-format=\"j\">21<\/span><\/span>\n\t\t\t\t\t\t\t\t\t\t\t<span class=\"no_phone\" aria-hidden=\"true\">21<\/span>\n\t\t\t\t\t\t\t\t\t\t\t\t\t\t\t\t\t\t\t\t<\/div>\n\t\t\t\t\t\t\t\t\t\t\t\t\t\t\t\t\t\t\t<ul class=\"events\" aria-labelledby=\"r6a97dccace13c5d-20270221\">\n\t\t\t\t\t\t\t\t\t\t\t\t\t\t\t\t\t\t\t\t\t\t\t\t\t<li class=\"event all-day\" data-feed-key=\"0\">\n\t\t\t\t\t\t\t\t\t\t\t\t\t\t\t\t\t\t\t\t\t\t\t\t\t\t\t\t\t\t\t<span class=\"all-day-indicator\">All Day<\/span>\n\t\t\t\t\t\t\t\t\t\t\t\t\t\t\t\t<span class=\"title has_desc confirmed\">The Magic Mumble Jumble at Fabrik (21 Feb 27)<\/span><div class=\"descloc hover_block\"><div class=\"title_in_hover_block\"><span class=\"title confirmed\">The Magic Mumble Jumble at Fabrik (21 Feb 27)<\/span><\/div><div class=\"location\">Fabrik, Barnerstr. 36, 22765, Hamburg, Germany<\/div><div class=\"eventdesc\"><p><a href=\"https:\/\/www.songkick.com\/concerts\/43114383-magic-mumble-jumble-at-fabrik?utm_campaign=tracked_artist&#038;utm_content=ZD0yNDYxMjg2JnU9MTM3MjI4MTU5&#038;utm_medium=feed&#038;utm_source=ical\" rel=\"nofollow\">https:\/\/www.songkick.com\/concerts\/43114383-magic-mumble-jumble-at-fabrik?utm_campaign=tracked_artist&#038;utm_content=ZD0yNDYxMjg2JnU9MTM3MjI4MTU5&#038;utm_medium=feed&#038;utm_source=ical<\/a><\/p><\/div><\/div>\t\t\t\t\t\t\t\t\t\t\t\t\t\t<\/li>\n\t\t\t\t\t\t\t\t\t\t\t\t\t\t\t\t\t\t\t\t\t\t\t\t<\/ul>\n\t\t\t\t\t\t\t\t\t\t\t\t\t\t\t\t\t\t<\/td>\n\t\t\t\t\t\t\t\t<\/tr><tr>\t\t\t\t\t\t\t\t<td data-dow=\"1\" data-events-count=\"0\" data-feed-keys=\"\" class=\"future empty d_22 dow_1\">\n\t\t\t\t\t\t\t\t\t<div class=\"day\">\n\t\t\t\t\t\t\t\t\t\t\t\t\t\t\t\t\t\t\t\t\t<span class=\"phone_only\" id=\"r6a97dccace13c5d-20270222\"><span data-date-format=\"l\">Monday<\/span> <span data-date-format=\"F\">February<\/span> <span data-date-format=\"j\">22<\/span><\/span>\n\t\t\t\t\t\t\t\t\t\t\t<span class=\"no_phone\" aria-hidden=\"true\">22<\/span>\n\t\t\t\t\t\t\t\t\t\t\t\t\t\t\t\t\t\t\t\t<\/div>\n\t\t\t\t\t\t\t\t\t\t\t\t\t\t\t\t\t<\/td>\n\t\t\t\t\t\t\t\t\t\t\t\t\t\t\t\t<td data-dow=\"2\" data-events-count=\"0\" data-feed-keys=\"\" class=\"future empty d_23 dow_2\">\n\t\t\t\t\t\t\t\t\t<div class=\"day\">\n\t\t\t\t\t\t\t\t\t\t\t\t\t\t\t\t\t\t\t\t\t<span class=\"phone_only\" id=\"r6a97dccace13c5d-20270223\"><span data-date-format=\"l\">Tuesday<\/span> <span data-date-format=\"F\">February<\/span> <span data-date-format=\"j\">23<\/span><\/span>\n\t\t\t\t\t\t\t\t\t\t\t<span class=\"no_phone\" aria-hidden=\"true\">23<\/span>\n\t\t\t\t\t\t\t\t\t\t\t\t\t\t\t\t\t\t\t\t<\/div>\n\t\t\t\t\t\t\t\t\t\t\t\t\t\t\t\t\t<\/td>\n\t\t\t\t\t\t\t\t\t\t\t\t\t\t\t\t<td data-dow=\"3\" data-events-count=\"1\" data-feed-keys=\"0\" class=\"future has_events d_24 dow_3\">\n\t\t\t\t\t\t\t\t\t<div class=\"day\">\n\t\t\t\t\t\t\t\t\t\t\t\t\t\t\t\t\t\t\t\t\t<span class=\"phone_only\" id=\"r6a97dccace13c5d-20270224\"><span data-date-format=\"l\">Wednesday<\/span> <span data-date-format=\"F\">February<\/span> <span data-date-format=\"j\">24<\/span><\/span>\n\t\t\t\t\t\t\t\t\t\t\t<span class=\"no_phone\" aria-hidden=\"true\">24<\/span>\n\t\t\t\t\t\t\t\t\t\t\t\t\t\t\t\t\t\t\t\t<\/div>\n\t\t\t\t\t\t\t\t\t\t\t\t\t\t\t\t\t\t\t<ul class=\"events\" aria-labelledby=\"r6a97dccace13c5d-20270224\">\n\t\t\t\t\t\t\t\t\t\t\t\t\t\t\t\t\t\t\t\t\t\t\t\t\t<li class=\"event all-day\" data-feed-key=\"0\">\n\t\t\t\t\t\t\t\t\t\t\t\t\t\t\t\t\t\t\t\t\t\t\t\t\t\t\t\t\t\t\t<span class=\"all-day-indicator\">All Day<\/span>\n\t\t\t\t\t\t\t\t\t\t\t\t\t\t\t\t<span class=\"title has_desc confirmed\">Les Yeux D'La T\u00eate at Kulturzentrum franz.K (24 Feb 27) with Champagne and croissant<\/span><div class=\"descloc hover_block\"><div class=\"title_in_hover_block\"><span class=\"title confirmed\">Les Yeux D'La T\u00eate at Kulturzentrum franz.K (24 Feb 27) with Champagne and croissant<\/span><\/div><div class=\"location\">Kulturzentrum franz.K, Unter den Linden 23, 72762, Reutlingen, Germany<\/div><div class=\"eventdesc\"><p><a href=\"https:\/\/www.songkick.com\/concerts\/43394216-les-yeux-dla-tete-at-kulturzentrum-franzk?utm_campaign=tracked_artist&#038;utm_content=ZD0yNDYxMjg2JnU9MTM3MjI4MTU5&#038;utm_medium=feed&#038;utm_source=ical\" rel=\"nofollow\">https:\/\/www.songkick.com\/concerts\/43394216-les-yeux-dla-tete-at-kulturzentrum-franzk?utm_campaign=tracked_artist&#038;utm_content=ZD0yNDYxMjg2JnU9MTM3MjI4MTU5&#038;utm_medium=feed&#038;utm_source=ical<\/a><\/p><\/div><\/div>\t\t\t\t\t\t\t\t\t\t\t\t\t\t<\/li>\n\t\t\t\t\t\t\t\t\t\t\t\t\t\t\t\t\t\t\t\t\t\t\t\t<\/ul>\n\t\t\t\t\t\t\t\t\t\t\t\t\t\t\t\t\t\t<\/td>\n\t\t\t\t\t\t\t\t\t\t\t\t\t\t\t\t<td data-dow=\"4\" data-events-count=\"0\" data-feed-keys=\"\" class=\"future empty d_25 dow_4\">\n\t\t\t\t\t\t\t\t\t<div class=\"day\">\n\t\t\t\t\t\t\t\t\t\t\t\t\t\t\t\t\t\t\t\t\t<span class=\"phone_only\" id=\"r6a97dccace13c5d-20270225\"><span data-date-format=\"l\">Thursday<\/span> <span data-date-format=\"F\">February<\/span> <span data-date-format=\"j\">25<\/span><\/span>\n\t\t\t\t\t\t\t\t\t\t\t<span class=\"no_phone\" aria-hidden=\"true\">25<\/span>\n\t\t\t\t\t\t\t\t\t\t\t\t\t\t\t\t\t\t\t\t<\/div>\n\t\t\t\t\t\t\t\t\t\t\t\t\t\t\t\t\t<\/td>\n\t\t\t\t\t\t\t\t\t\t\t\t\t\t\t\t<td data-dow=\"5\" data-events-count=\"1\" data-feed-keys=\"0\" class=\"future has_events d_26 dow_5\">\n\t\t\t\t\t\t\t\t\t<div class=\"day\">\n\t\t\t\t\t\t\t\t\t\t\t\t\t\t\t\t\t\t\t\t\t<span class=\"phone_only\" id=\"r6a97dccace13c5d-20270226\"><span data-date-format=\"l\">Friday<\/span> <span data-date-format=\"F\">February<\/span> <span data-date-format=\"j\">26<\/span><\/span>\n\t\t\t\t\t\t\t\t\t\t\t<span class=\"no_phone\" aria-hidden=\"true\">26<\/span>\n\t\t\t\t\t\t\t\t\t\t\t\t\t\t\t\t\t\t\t\t<\/div>\n\t\t\t\t\t\t\t\t\t\t\t\t\t\t\t\t\t\t\t<ul class=\"events\" aria-labelledby=\"r6a97dccace13c5d-20270226\">\n\t\t\t\t\t\t\t\t\t\t\t\t\t\t\t\t\t\t\t\t\t\t\t\t\t<li class=\"event all-day\" data-feed-key=\"0\">\n\t\t\t\t\t\t\t\t\t\t\t\t\t\t\t\t\t\t\t\t\t\t\t\t\t\t\t\t\t\t\t<span class=\"all-day-indicator\">All Day<\/span>\n\t\t\t\t\t\t\t\t\t\t\t\t\t\t\t\t<span class=\"title has_desc confirmed\">Weiherer at Theaterhaus - T4 (26 Feb 27)<\/span><div class=\"descloc hover_block\"><div class=\"title_in_hover_block\"><span class=\"title confirmed\">Weiherer at Theaterhaus - T4 (26 Feb 27)<\/span><\/div><div class=\"location\">Theaterhaus - T4, Siemensstr. 11, 70469, Stuttgart, Germany<\/div><div class=\"eventdesc\"><p><a href=\"https:\/\/www.songkick.com\/concerts\/43169239-weiherer-at-theaterhaus-t4?utm_campaign=tracked_artist&#038;utm_content=ZD0yNDYxMjg2JnU9MTM3MjI4MTU5&#038;utm_medium=feed&#038;utm_source=ical\" rel=\"nofollow\">https:\/\/www.songkick.com\/concerts\/43169239-weiherer-at-theaterhaus-t4?utm_campaign=tracked_artist&#038;utm_content=ZD0yNDYxMjg2JnU9MTM3MjI4MTU5&#038;utm_medium=feed&#038;utm_source=ical<\/a><\/p><\/div><\/div>\t\t\t\t\t\t\t\t\t\t\t\t\t\t<\/li>\n\t\t\t\t\t\t\t\t\t\t\t\t\t\t\t\t\t\t\t\t\t\t\t\t<\/ul>\n\t\t\t\t\t\t\t\t\t\t\t\t\t\t\t\t\t\t<\/td>\n\t\t\t\t\t\t\t\t\t\t\t\t\t\t\t\t<td data-dow=\"6\" data-events-count=\"0\" data-feed-keys=\"\" class=\"future empty d_27 dow_6\">\n\t\t\t\t\t\t\t\t\t<div class=\"day\">\n\t\t\t\t\t\t\t\t\t\t\t\t\t\t\t\t\t\t\t\t\t<span class=\"phone_only\" id=\"r6a97dccace13c5d-20270227\"><span data-date-format=\"l\">Saturday<\/span> <span data-date-format=\"F\">February<\/span> <span data-date-format=\"j\">27<\/span><\/span>\n\t\t\t\t\t\t\t\t\t\t\t<span class=\"no_phone\" aria-hidden=\"true\">27<\/span>\n\t\t\t\t\t\t\t\t\t\t\t\t\t\t\t\t\t\t\t\t<\/div>\n\t\t\t\t\t\t\t\t\t\t\t\t\t\t\t\t\t<\/td>\n\t\t\t\t\t\t\t\t\t\t\t\t\t\t\t\t<td data-dow=\"0\" data-events-count=\"0\" data-feed-keys=\"\" class=\"future empty d_28 dow_0\">\n\t\t\t\t\t\t\t\t\t<div class=\"day\">\n\t\t\t\t\t\t\t\t\t\t\t\t\t\t\t\t\t\t\t\t\t<span class=\"phone_only\" id=\"r6a97dccace13c5d-20270228\"><span data-date-format=\"l\">Sunday<\/span> <span data-date-format=\"F\">February<\/span> <span data-date-format=\"j\">28<\/span><\/span>\n\t\t\t\t\t\t\t\t\t\t\t<span class=\"no_phone\" aria-hidden=\"true\">28<\/span>\n\t\t\t\t\t\t\t\t\t\t\t\t\t\t\t\t\t\t\t\t<\/div>\n\t\t\t\t\t\t\t\t\t\t\t\t\t\t\t\t\t<\/td>\n\t\t\t\t\t\t\t\t\t\t\t\t\t\t<\/tr>\n\t\t\t\t\t<\/tbody>\n\t\t\t\t<\/table>\n\n\t\t\t\t\n\t\t\t<\/article>\n\t\t\t\t\t\t<article class=\"ics-calendar-month-wrapper\" style=\"display: none;\" data-year-month=\"202703\" data-is-this-month=\"0\">\n\n\t\t\t\t\t\t\t\t\t<h3 class=\"ics-calendar-label\" id=\"r6a97dccace13c5d-202703\">March 2027<\/h3>\n\t\t\t\t\t\t\t\t\t\n\t\t\t\t<table class=\"ics-calendar-month-grid\" aria-labelledby=\"r6a97dccace13c5d-202703\">\n\t\t\t\t\t<thead>\n\t\t\t\t\t\t<tr>\n\t\t\t\t\t\t\t\t\t\t\t\t\t\t\t<th data-dow=\"1\">Monday<\/th>\n\t\t\t\t\t\t\t\t\t\t\t\t\t\t\t\t<th data-dow=\"2\">Tuesday<\/th>\n\t\t\t\t\t\t\t\t\t\t\t\t\t\t\t\t<th data-dow=\"3\">Wednesday<\/th>\n\t\t\t\t\t\t\t\t\t\t\t\t\t\t\t\t<th data-dow=\"4\">Thursday<\/th>\n\t\t\t\t\t\t\t\t\t\t\t\t\t\t\t\t<th data-dow=\"5\">Friday<\/th>\n\t\t\t\t\t\t\t\t\t\t\t\t\t\t\t\t<th data-dow=\"6\">Saturday<\/th>\n\t\t\t\t\t\t\t\t\t\t\t\t\t\t\t\t<th data-dow=\"0\">Sunday<\/th>\n\t\t\t\t\t\t\t\t\t\t\t\t\t\t<\/tr>\n\t\t\t\t\t<\/thead>\n\n\t\t\t\t\t<tbody>\n\t\t\t\t\t\t<tr>\n\t\t\t\t\t\t\t\t\t\t\t\t\t\t\t<td data-dow=\"1\" data-events-count=\"0\" data-feed-keys=\"\" class=\"future empty d_01 dow_1\">\n\t\t\t\t\t\t\t\t\t<div class=\"day\">\n\t\t\t\t\t\t\t\t\t\t\t\t\t\t\t\t\t\t\t\t\t<span class=\"phone_only\" id=\"r6a97dccace13c5d-20270301\"><span data-date-format=\"l\">Monday<\/span> <span data-date-format=\"F\">March<\/span> <span data-date-format=\"j\">1<\/span><\/span>\n\t\t\t\t\t\t\t\t\t\t\t<span class=\"no_phone\" aria-hidden=\"true\">1<\/span>\n\t\t\t\t\t\t\t\t\t\t\t\t\t\t\t\t\t\t\t\t<\/div>\n\t\t\t\t\t\t\t\t\t\t\t\t\t\t\t\t\t<\/td>\n\t\t\t\t\t\t\t\t\t\t\t\t\t\t\t\t<td data-dow=\"2\" data-events-count=\"0\" data-feed-keys=\"\" class=\"future empty d_02 dow_2\">\n\t\t\t\t\t\t\t\t\t<div class=\"day\">\n\t\t\t\t\t\t\t\t\t\t\t\t\t\t\t\t\t\t\t\t\t<span class=\"phone_only\" id=\"r6a97dccace13c5d-20270302\"><span data-date-format=\"l\">Tuesday<\/span> <span data-date-format=\"F\">March<\/span> <span data-date-format=\"j\">2<\/span><\/span>\n\t\t\t\t\t\t\t\t\t\t\t<span class=\"no_phone\" aria-hidden=\"true\">2<\/span>\n\t\t\t\t\t\t\t\t\t\t\t\t\t\t\t\t\t\t\t\t<\/div>\n\t\t\t\t\t\t\t\t\t\t\t\t\t\t\t\t\t<\/td>\n\t\t\t\t\t\t\t\t\t\t\t\t\t\t\t\t<td data-dow=\"3\" data-events-count=\"0\" data-feed-keys=\"\" class=\"future empty d_03 dow_3\">\n\t\t\t\t\t\t\t\t\t<div class=\"day\">\n\t\t\t\t\t\t\t\t\t\t\t\t\t\t\t\t\t\t\t\t\t<span class=\"phone_only\" id=\"r6a97dccace13c5d-20270303\"><span data-date-format=\"l\">Wednesday<\/span> <span data-date-format=\"F\">March<\/span> <span data-date-format=\"j\">3<\/span><\/span>\n\t\t\t\t\t\t\t\t\t\t\t<span class=\"no_phone\" aria-hidden=\"true\">3<\/span>\n\t\t\t\t\t\t\t\t\t\t\t\t\t\t\t\t\t\t\t\t<\/div>\n\t\t\t\t\t\t\t\t\t\t\t\t\t\t\t\t\t<\/td>\n\t\t\t\t\t\t\t\t\t\t\t\t\t\t\t\t<td data-dow=\"4\" data-events-count=\"1\" data-feed-keys=\"0\" class=\"future has_events d_04 dow_4\">\n\t\t\t\t\t\t\t\t\t<div class=\"day\">\n\t\t\t\t\t\t\t\t\t\t\t\t\t\t\t\t\t\t\t\t\t<span class=\"phone_only\" id=\"r6a97dccace13c5d-20270304\"><span data-date-format=\"l\">Thursday<\/span> <span data-date-format=\"F\">March<\/span> <span data-date-format=\"j\">4<\/span><\/span>\n\t\t\t\t\t\t\t\t\t\t\t<span class=\"no_phone\" aria-hidden=\"true\">4<\/span>\n\t\t\t\t\t\t\t\t\t\t\t\t\t\t\t\t\t\t\t\t<\/div>\n\t\t\t\t\t\t\t\t\t\t\t\t\t\t\t\t\t\t\t<ul class=\"events\" aria-labelledby=\"r6a97dccace13c5d-20270304\">\n\t\t\t\t\t\t\t\t\t\t\t\t\t\t\t\t\t\t\t\t\t\t\t\t\t<li class=\"event all-day\" data-feed-key=\"0\">\n\t\t\t\t\t\t\t\t\t\t\t\t\t\t\t\t\t\t\t\t\t\t\t\t\t\t\t\t\t\t\t<span class=\"all-day-indicator\">All Day<\/span>\n\t\t\t\t\t\t\t\t\t\t\t\t\t\t\t\t<span class=\"title has_desc confirmed\">Assassin at La Case \u00e0 Chocs (04 Mar 27)<\/span><div class=\"descloc hover_block\"><div class=\"title_in_hover_block\"><span class=\"title confirmed\">Assassin at La Case \u00e0 Chocs (04 Mar 27)<\/span><\/div><div class=\"location\">La Case \u00e0 Chocs, Quai Philippe Godet 20, 2000, Neuchatel, Switzerland<\/div><div class=\"eventdesc\"><p><a href=\"https:\/\/www.songkick.com\/concerts\/43182704-assassin-at-la-case-a-chocs?utm_campaign=tracked_artist&#038;utm_content=ZD0yNDYxMjg2JnU9MTM3MjI4MTU5&#038;utm_medium=feed&#038;utm_source=ical\" rel=\"nofollow\">https:\/\/www.songkick.com\/concerts\/43182704-assassin-at-la-case-a-chocs?utm_campaign=tracked_artist&#038;utm_content=ZD0yNDYxMjg2JnU9MTM3MjI4MTU5&#038;utm_medium=feed&#038;utm_source=ical<\/a><\/p><\/div><\/div>\t\t\t\t\t\t\t\t\t\t\t\t\t\t<\/li>\n\t\t\t\t\t\t\t\t\t\t\t\t\t\t\t\t\t\t\t\t\t\t\t\t<\/ul>\n\t\t\t\t\t\t\t\t\t\t\t\t\t\t\t\t\t\t<\/td>\n\t\t\t\t\t\t\t\t\t\t\t\t\t\t\t\t<td data-dow=\"5\" data-events-count=\"2\" data-feed-keys=\"0\" class=\"future has_events d_05 dow_5\">\n\t\t\t\t\t\t\t\t\t<div class=\"day\">\n\t\t\t\t\t\t\t\t\t\t\t\t\t\t\t\t\t\t\t\t\t<span class=\"phone_only\" id=\"r6a97dccace13c5d-20270305\"><span data-date-format=\"l\">Friday<\/span> <span data-date-format=\"F\">March<\/span> <span data-date-format=\"j\">5<\/span><\/span>\n\t\t\t\t\t\t\t\t\t\t\t<span class=\"no_phone\" aria-hidden=\"true\">5<\/span>\n\t\t\t\t\t\t\t\t\t\t\t\t\t\t\t\t\t\t\t\t<\/div>\n\t\t\t\t\t\t\t\t\t\t\t\t\t\t\t\t\t\t\t<ul class=\"events\" aria-labelledby=\"r6a97dccace13c5d-20270305\">\n\t\t\t\t\t\t\t\t\t\t\t\t\t\t\t\t\t\t\t\t\t\t\t\t\t<li class=\"event all-day\" data-feed-key=\"0\">\n\t\t\t\t\t\t\t\t\t\t\t\t\t\t\t\t\t\t\t\t\t\t\t\t\t\t\t\t\t\t\t<span class=\"all-day-indicator\">All Day<\/span>\n\t\t\t\t\t\t\t\t\t\t\t\t\t\t\t\t<span class=\"title has_desc confirmed\">Dub Spencer &amp; Trance Hill at Rocket Club (05 Mar 27)<\/span><div class=\"descloc hover_block\"><div class=\"title_in_hover_block\"><span class=\"title confirmed\">Dub Spencer &amp; Trance Hill at Rocket Club (05 Mar 27)<\/span><\/div><div class=\"location\">Rocket Club, Ladehofpl. 5, 84030, Landshut, Germany<\/div><div class=\"eventdesc\"><p><a href=\"https:\/\/www.songkick.com\/concerts\/43384479-dub-spencer-and-trance-hill-at-rocket-club?utm_campaign=tracked_artist&#038;utm_content=ZD0yNDYxMjg2JnU9MTM3MjI4MTU5&#038;utm_medium=feed&#038;utm_source=ical\" rel=\"nofollow\">https:\/\/www.songkick.com\/concerts\/43384479-dub-spencer-and-trance-hill-at-rocket-club?utm_campaign=tracked_artist&#038;utm_content=ZD0yNDYxMjg2JnU9MTM3MjI4MTU5&#038;utm_medium=feed&#038;utm_source=ical<\/a><\/p><\/div><\/div>\t\t\t\t\t\t\t\t\t\t\t\t\t\t<\/li>\n\t\t\t\t\t\t\t\t\t\t\t\t\t\t\t\t\t\t\t\t\t\t\t\t\t\t\t\t<li class=\"event all-day\" data-feed-key=\"0\">\n\t\t\t\t\t\t\t\t\t\t\t\t\t\t\t<span class=\"title has_desc confirmed\">El Flecha Negra at Kulturclub Schon Sch\u00f6n (05 Mar 27)<\/span><div class=\"descloc hover_block\"><div class=\"title_in_hover_block\"><span class=\"title confirmed\">El Flecha Negra at Kulturclub Schon Sch\u00f6n (05 Mar 27)<\/span><\/div><div class=\"location\">Kulturclub Schon Sch\u00f6n, Gro\u00dfe Bleiche 60, 55116, Mainz, Germany<\/div><div class=\"eventdesc\"><p><a href=\"https:\/\/www.songkick.com\/concerts\/43301812-el-flecha-negra-at-kulturclub-schon-schon?utm_campaign=tracked_artist&#038;utm_content=ZD0yNDYxMjg2JnU9MTM3MjI4MTU5&#038;utm_medium=feed&#038;utm_source=ical\" rel=\"nofollow\">https:\/\/www.songkick.com\/concerts\/43301812-el-flecha-negra-at-kulturclub-schon-schon?utm_campaign=tracked_artist&#038;utm_content=ZD0yNDYxMjg2JnU9MTM3MjI4MTU5&#038;utm_medium=feed&#038;utm_source=ical<\/a><\/p><\/div><\/div>\t\t\t\t\t\t\t\t\t\t\t\t\t\t<\/li>\n\t\t\t\t\t\t\t\t\t\t\t\t\t\t\t\t\t\t\t\t\t\t\t\t<\/ul>\n\t\t\t\t\t\t\t\t\t\t\t\t\t\t\t\t\t\t<\/td>\n\t\t\t\t\t\t\t\t\t\t\t\t\t\t\t\t<td data-dow=\"6\" data-events-count=\"5\" data-feed-keys=\"0\" class=\"future has_events d_06 dow_6\">\n\t\t\t\t\t\t\t\t\t<div class=\"day\">\n\t\t\t\t\t\t\t\t\t\t\t\t\t\t\t\t\t\t\t\t\t<span class=\"phone_only\" id=\"r6a97dccace13c5d-20270306\"><span data-date-format=\"l\">Saturday<\/span> <span data-date-format=\"F\">March<\/span> <span data-date-format=\"j\">6<\/span><\/span>\n\t\t\t\t\t\t\t\t\t\t\t<span class=\"no_phone\" aria-hidden=\"true\">6<\/span>\n\t\t\t\t\t\t\t\t\t\t\t\t\t\t\t\t\t\t\t\t<\/div>\n\t\t\t\t\t\t\t\t\t\t\t\t\t\t\t\t\t\t\t<ul class=\"events\" aria-labelledby=\"r6a97dccace13c5d-20270306\">\n\t\t\t\t\t\t\t\t\t\t\t\t\t\t\t\t\t\t\t\t\t\t\t\t\t<li class=\"event all-day\" data-feed-key=\"0\">\n\t\t\t\t\t\t\t\t\t\t\t\t\t\t\t\t\t\t\t\t\t\t\t\t\t\t\t\t\t\t\t<span class=\"all-day-indicator\">All Day<\/span>\n\t\t\t\t\t\t\t\t\t\t\t\t\t\t\t\t<span class=\"title has_desc confirmed\">Assassin at La BAM (La Boite \u00e0 Musiques) (06 Mar 27)<\/span><div class=\"descloc hover_block\"><div class=\"title_in_hover_block\"><span class=\"title confirmed\">Assassin at La BAM (La Boite \u00e0 Musiques) (06 Mar 27)<\/span><\/div><div class=\"location\">La BAM (La Boite \u00e0 Musiques), 20 bd d'Alsace, 57000, Metz, France<\/div><div class=\"eventdesc\"><p><a href=\"https:\/\/www.songkick.com\/concerts\/43182736-assassin-at-la-bam?utm_campaign=tracked_artist&#038;utm_content=ZD0yNDYxMjg2JnU9MTM3MjI4MTU5&#038;utm_medium=feed&#038;utm_source=ical\" rel=\"nofollow\">https:\/\/www.songkick.com\/concerts\/43182736-assassin-at-la-bam?utm_campaign=tracked_artist&#038;utm_content=ZD0yNDYxMjg2JnU9MTM3MjI4MTU5&#038;utm_medium=feed&#038;utm_source=ical<\/a><\/p><\/div><\/div>\t\t\t\t\t\t\t\t\t\t\t\t\t\t<\/li>\n\t\t\t\t\t\t\t\t\t\t\t\t\t\t\t\t\t\t\t\t\t\t\t\t\t\t\t\t<li class=\"event all-day\" data-feed-key=\"0\">\n\t\t\t\t\t\t\t\t\t\t\t\t\t\t\t<span class=\"title has_desc confirmed\">Dub Spencer &amp; Trance Hill at Groundlift Studios (06 Mar 27)<\/span><div class=\"descloc hover_block\"><div class=\"title_in_hover_block\"><span class=\"title confirmed\">Dub Spencer &amp; Trance Hill at Groundlift Studios (06 Mar 27)<\/span><\/div><div class=\"location\">Groundlift Studios, Landsbergerstrasse 57  Stegen am Ammersee, 82266, Munich, Germany<\/div><div class=\"eventdesc\"><p><a href=\"https:\/\/www.songkick.com\/concerts\/43384481-dub-spencer-and-trance-hill-at-groundlift-studios?utm_campaign=tracked_artist&#038;utm_content=ZD0yNDYxMjg2JnU9MTM3MjI4MTU5&#038;utm_medium=feed&#038;utm_source=ical\" rel=\"nofollow\">https:\/\/www.songkick.com\/concerts\/43384481-dub-spencer-and-trance-hill-at-groundlift-studios?utm_campaign=tracked_artist&#038;utm_content=ZD0yNDYxMjg2JnU9MTM3MjI4MTU5&#038;utm_medium=feed&#038;utm_source=ical<\/a><\/p><\/div><\/div>\t\t\t\t\t\t\t\t\t\t\t\t\t\t<\/li>\n\t\t\t\t\t\t\t\t\t\t\t\t\t\t\t\t\t\t\t\t\t\t\t\t\t\t\t\t<li class=\"event all-day\" data-feed-key=\"0\">\n\t\t\t\t\t\t\t\t\t\t\t\t\t\t\t<span class=\"title has_desc confirmed\">El Flecha Negra at Schwanensaal, Kulturhaus Schwanen (06 Mar 27)<\/span><div class=\"descloc hover_block\"><div class=\"title_in_hover_block\"><span class=\"title confirmed\">El Flecha Negra at Schwanensaal, Kulturhaus Schwanen (06 Mar 27)<\/span><\/div><div class=\"location\">Schwanensaal, Kulturhaus Schwanen, Winnender Stra\u00dfe 4, 71334, Waiblingen, Germany<\/div><div class=\"eventdesc\"><p><a href=\"https:\/\/www.songkick.com\/concerts\/43335509-el-flecha-negra-at-schwanensaal-kulturhaus-schwanen?utm_campaign=tracked_artist&#038;utm_content=ZD0yNDYxMjg2JnU9MTM3MjI4MTU5&#038;utm_medium=feed&#038;utm_source=ical\" rel=\"nofollow\">https:\/\/www.songkick.com\/concerts\/43335509-el-flecha-negra-at-schwanensaal-kulturhaus-schwanen?utm_campaign=tracked_artist&#038;utm_content=ZD0yNDYxMjg2JnU9MTM3MjI4MTU5&#038;utm_medium=feed&#038;utm_source=ical<\/a><\/p><\/div><\/div>\t\t\t\t\t\t\t\t\t\t\t\t\t\t<\/li>\n\t\t\t\t\t\t\t\t\t\t\t\t\t\t\t\t\t\t\t\t\t\t\t\t\t\t\t\t<li class=\"event all-day\" data-feed-key=\"0\">\n\t\t\t\t\t\t\t\t\t\t\t\t\t\t\t<span class=\"title has_desc confirmed\">Folkshilfe at Technikum (im Werksviertel Mitte) (06 Mar 27)<\/span><div class=\"descloc hover_block\"><div class=\"title_in_hover_block\"><span class=\"title confirmed\">Folkshilfe at Technikum (im Werksviertel Mitte) (06 Mar 27)<\/span><\/div><div class=\"location\">Technikum (im Werksviertel Mitte), Speicherstra\u00dfe 26, 81671, Munich, Germany<\/div><div class=\"eventdesc\"><p><a href=\"https:\/\/www.songkick.com\/concerts\/42901710-folkshilfe-at-technikum?utm_campaign=tracked_artist&#038;utm_content=ZD0yNDYxMjg2JnU9MTM3MjI4MTU5&#038;utm_medium=feed&#038;utm_source=ical\" rel=\"nofollow\">https:\/\/www.songkick.com\/concerts\/42901710-folkshilfe-at-technikum?utm_campaign=tracked_artist&#038;utm_content=ZD0yNDYxMjg2JnU9MTM3MjI4MTU5&#038;utm_medium=feed&#038;utm_source=ical<\/a><\/p><\/div><\/div>\t\t\t\t\t\t\t\t\t\t\t\t\t\t<\/li>\n\t\t\t\t\t\t\t\t\t\t\t\t\t\t\t\t\t\t\t\t\t\t\t\t\t\t\t\t<li class=\"event all-day\" data-feed-key=\"0\">\n\t\t\t\t\t\t\t\t\t\t\t\t\t\t\t<span class=\"title has_desc confirmed\">Lo &amp; Leduc at Salzhaus (06 Mar 27)<\/span><div class=\"descloc hover_block\"><div class=\"title_in_hover_block\"><span class=\"title confirmed\">Lo &amp; Leduc at Salzhaus (06 Mar 27)<\/span><\/div><div class=\"location\">Salzhaus, Schulthessallee, 5200, Z\u00fcrich, Switzerland<\/div><div class=\"eventdesc\"><p><a href=\"https:\/\/www.songkick.com\/concerts\/43360049-lo-and-leduc-at-salzhaus?utm_campaign=tracked_artist&#038;utm_content=ZD0yNDYxMjg2JnU9MTM3MjI4MTU5&#038;utm_medium=feed&#038;utm_source=ical\" rel=\"nofollow\">https:\/\/www.songkick.com\/concerts\/43360049-lo-and-leduc-at-salzhaus?utm_campaign=tracked_artist&#038;utm_content=ZD0yNDYxMjg2JnU9MTM3MjI4MTU5&#038;utm_medium=feed&#038;utm_source=ical<\/a><\/p><\/div><\/div>\t\t\t\t\t\t\t\t\t\t\t\t\t\t<\/li>\n\t\t\t\t\t\t\t\t\t\t\t\t\t\t\t\t\t\t\t\t\t\t\t\t<\/ul>\n\t\t\t\t\t\t\t\t\t\t\t\t\t\t\t\t\t\t<\/td>\n\t\t\t\t\t\t\t\t\t\t\t\t\t\t\t\t<td data-dow=\"0\" data-events-count=\"1\" data-feed-keys=\"0\" class=\"future has_events d_07 dow_0\">\n\t\t\t\t\t\t\t\t\t<div class=\"day\">\n\t\t\t\t\t\t\t\t\t\t\t\t\t\t\t\t\t\t\t\t\t<span class=\"phone_only\" id=\"r6a97dccace13c5d-20270307\"><span data-date-format=\"l\">Sunday<\/span> <span data-date-format=\"F\">March<\/span> <span data-date-format=\"j\">7<\/span><\/span>\n\t\t\t\t\t\t\t\t\t\t\t<span class=\"no_phone\" aria-hidden=\"true\">7<\/span>\n\t\t\t\t\t\t\t\t\t\t\t\t\t\t\t\t\t\t\t\t<\/div>\n\t\t\t\t\t\t\t\t\t\t\t\t\t\t\t\t\t\t\t<ul class=\"events\" aria-labelledby=\"r6a97dccace13c5d-20270307\">\n\t\t\t\t\t\t\t\t\t\t\t\t\t\t\t\t\t\t\t\t\t\t\t\t\t<li class=\"event all-day\" data-feed-key=\"0\">\n\t\t\t\t\t\t\t\t\t\t\t\t\t\t\t\t\t\t\t\t\t\t\t\t\t\t\t\t\t\t\t<span class=\"all-day-indicator\">All Day<\/span>\n\t\t\t\t\t\t\t\t\t\t\t\t\t\t\t\t<span class=\"title has_desc confirmed\">Culcha Candela at Emsland Arena (07 Mar 27)<\/span><div class=\"descloc hover_block\"><div class=\"title_in_hover_block\"><span class=\"title confirmed\">Culcha Candela at Emsland Arena (07 Mar 27)<\/span><\/div><div class=\"location\">Emsland Arena, Lindenstra\u00dfe 24a, 49808, Lingen, Germany<\/div><div class=\"eventdesc\"><p><a href=\"https:\/\/www.songkick.com\/concerts\/43392484-culcha-candela-at-emsland-arena?utm_campaign=tracked_artist&#038;utm_content=ZD0yNDYxMjg2JnU9MTM3MjI4MTU5&#038;utm_medium=feed&#038;utm_source=ical\" rel=\"nofollow\">https:\/\/www.songkick.com\/concerts\/43392484-culcha-candela-at-emsland-arena?utm_campaign=tracked_artist&#038;utm_content=ZD0yNDYxMjg2JnU9MTM3MjI4MTU5&#038;utm_medium=feed&#038;utm_source=ical<\/a><\/p><\/div><\/div>\t\t\t\t\t\t\t\t\t\t\t\t\t\t<\/li>\n\t\t\t\t\t\t\t\t\t\t\t\t\t\t\t\t\t\t\t\t\t\t\t\t<\/ul>\n\t\t\t\t\t\t\t\t\t\t\t\t\t\t\t\t\t\t<\/td>\n\t\t\t\t\t\t\t\t<\/tr><tr>\t\t\t\t\t\t\t\t<td data-dow=\"1\" data-events-count=\"1\" data-feed-keys=\"0\" class=\"future has_events d_08 dow_1\">\n\t\t\t\t\t\t\t\t\t<div class=\"day\">\n\t\t\t\t\t\t\t\t\t\t\t\t\t\t\t\t\t\t\t\t\t<span class=\"phone_only\" id=\"r6a97dccace13c5d-20270308\"><span data-date-format=\"l\">Monday<\/span> <span data-date-format=\"F\">March<\/span> <span data-date-format=\"j\">8<\/span><\/span>\n\t\t\t\t\t\t\t\t\t\t\t<span class=\"no_phone\" aria-hidden=\"true\">8<\/span>\n\t\t\t\t\t\t\t\t\t\t\t\t\t\t\t\t\t\t\t\t<\/div>\n\t\t\t\t\t\t\t\t\t\t\t\t\t\t\t\t\t\t\t<ul class=\"events\" aria-labelledby=\"r6a97dccace13c5d-20270308\">\n\t\t\t\t\t\t\t\t\t\t\t\t\t\t\t\t\t\t\t\t\t\t\t\t\t<li class=\"event all-day\" data-feed-key=\"0\">\n\t\t\t\t\t\t\t\t\t\t\t\t\t\t\t\t\t\t\t\t\t\t\t\t\t\t\t\t\t\t\t<span class=\"all-day-indicator\">All Day<\/span>\n\t\t\t\t\t\t\t\t\t\t\t\t\t\t\t\t<span class=\"title has_desc confirmed\">Culcha Candela at Pier 2 (08 Mar 27)<\/span><div class=\"descloc hover_block\"><div class=\"title_in_hover_block\"><span class=\"title confirmed\">Culcha Candela at Pier 2 (08 Mar 27)<\/span><\/div><div class=\"location\">Pier 2, Gr\u00f6pelinger F\u00e4hrweg 6, 28237, Bremen, Germany<\/div><div class=\"eventdesc\"><p><a href=\"https:\/\/www.songkick.com\/concerts\/43392485-culcha-candela-at-pier-2?utm_campaign=tracked_artist&#038;utm_content=ZD0yNDYxMjg2JnU9MTM3MjI4MTU5&#038;utm_medium=feed&#038;utm_source=ical\" rel=\"nofollow\">https:\/\/www.songkick.com\/concerts\/43392485-culcha-candela-at-pier-2?utm_campaign=tracked_artist&#038;utm_content=ZD0yNDYxMjg2JnU9MTM3MjI4MTU5&#038;utm_medium=feed&#038;utm_source=ical<\/a><\/p><\/div><\/div>\t\t\t\t\t\t\t\t\t\t\t\t\t\t<\/li>\n\t\t\t\t\t\t\t\t\t\t\t\t\t\t\t\t\t\t\t\t\t\t\t\t<\/ul>\n\t\t\t\t\t\t\t\t\t\t\t\t\t\t\t\t\t\t<\/td>\n\t\t\t\t\t\t\t\t\t\t\t\t\t\t\t\t<td data-dow=\"2\" data-events-count=\"1\" data-feed-keys=\"0\" class=\"future has_events d_09 dow_2\">\n\t\t\t\t\t\t\t\t\t<div class=\"day\">\n\t\t\t\t\t\t\t\t\t\t\t\t\t\t\t\t\t\t\t\t\t<span class=\"phone_only\" id=\"r6a97dccace13c5d-20270309\"><span data-date-format=\"l\">Tuesday<\/span> <span data-date-format=\"F\">March<\/span> <span data-date-format=\"j\">9<\/span><\/span>\n\t\t\t\t\t\t\t\t\t\t\t<span class=\"no_phone\" aria-hidden=\"true\">9<\/span>\n\t\t\t\t\t\t\t\t\t\t\t\t\t\t\t\t\t\t\t\t<\/div>\n\t\t\t\t\t\t\t\t\t\t\t\t\t\t\t\t\t\t\t<ul class=\"events\" aria-labelledby=\"r6a97dccace13c5d-20270309\">\n\t\t\t\t\t\t\t\t\t\t\t\t\t\t\t\t\t\t\t\t\t\t\t\t\t<li class=\"event all-day\" data-feed-key=\"0\">\n\t\t\t\t\t\t\t\t\t\t\t\t\t\t\t\t\t\t\t\t\t\t\t\t\t\t\t\t\t\t\t<span class=\"all-day-indicator\">All Day<\/span>\n\t\t\t\t\t\t\t\t\t\t\t\t\t\t\t\t<span class=\"title has_desc confirmed\">Culcha Candela at Inselpark Arena (09 Mar 27)<\/span><div class=\"descloc hover_block\"><div class=\"title_in_hover_block\"><span class=\"title confirmed\">Culcha Candela at Inselpark Arena (09 Mar 27)<\/span><\/div><div class=\"location\">Inselpark Arena, Kurt-Emmerich-Platz 10-12, 21109, Hamburg, Germany<\/div><div class=\"eventdesc\"><p><a href=\"https:\/\/www.songkick.com\/concerts\/43392486-culcha-candela-at-inselpark-arena?utm_campaign=tracked_artist&#038;utm_content=ZD0yNDYxMjg2JnU9MTM3MjI4MTU5&#038;utm_medium=feed&#038;utm_source=ical\" rel=\"nofollow\">https:\/\/www.songkick.com\/concerts\/43392486-culcha-candela-at-inselpark-arena?utm_campaign=tracked_artist&#038;utm_content=ZD0yNDYxMjg2JnU9MTM3MjI4MTU5&#038;utm_medium=feed&#038;utm_source=ical<\/a><\/p><\/div><\/div>\t\t\t\t\t\t\t\t\t\t\t\t\t\t<\/li>\n\t\t\t\t\t\t\t\t\t\t\t\t\t\t\t\t\t\t\t\t\t\t\t\t<\/ul>\n\t\t\t\t\t\t\t\t\t\t\t\t\t\t\t\t\t\t<\/td>\n\t\t\t\t\t\t\t\t\t\t\t\t\t\t\t\t<td data-dow=\"3\" data-events-count=\"2\" data-feed-keys=\"0\" class=\"future has_events d_10 dow_3\">\n\t\t\t\t\t\t\t\t\t<div class=\"day\">\n\t\t\t\t\t\t\t\t\t\t\t\t\t\t\t\t\t\t\t\t\t<span class=\"phone_only\" id=\"r6a97dccace13c5d-20270310\"><span data-date-format=\"l\">Wednesday<\/span> <span data-date-format=\"F\">March<\/span> <span data-date-format=\"j\">10<\/span><\/span>\n\t\t\t\t\t\t\t\t\t\t\t<span class=\"no_phone\" aria-hidden=\"true\">10<\/span>\n\t\t\t\t\t\t\t\t\t\t\t\t\t\t\t\t\t\t\t\t<\/div>\n\t\t\t\t\t\t\t\t\t\t\t\t\t\t\t\t\t\t\t<ul class=\"events\" aria-labelledby=\"r6a97dccace13c5d-20270310\">\n\t\t\t\t\t\t\t\t\t\t\t\t\t\t\t\t\t\t\t\t\t\t\t\t\t<li class=\"event all-day\" data-feed-key=\"0\">\n\t\t\t\t\t\t\t\t\t\t\t\t\t\t\t\t\t\t\t\t\t\t\t\t\t\t\t\t\t\t\t<span class=\"all-day-indicator\">All Day<\/span>\n\t\t\t\t\t\t\t\t\t\t\t\t\t\t\t\t<span class=\"title has_desc confirmed\">AMI Warning at Galerie, Z-Bau (10 Mar 27)<\/span><div class=\"descloc hover_block\"><div class=\"title_in_hover_block\"><span class=\"title confirmed\">AMI Warning at Galerie, Z-Bau (10 Mar 27)<\/span><\/div><div class=\"location\">Galerie, Z-Bau, Frankenstra\u00dfe 200, 90461, Nuremberg, Germany<\/div><div class=\"eventdesc\"><p><a href=\"https:\/\/www.songkick.com\/concerts\/43232923-ami-warning-at-galerie-zbau?utm_campaign=tracked_artist&#038;utm_content=ZD0yNDYxMjg2JnU9MTM3MjI4MTU5&#038;utm_medium=feed&#038;utm_source=ical\" rel=\"nofollow\">https:\/\/www.songkick.com\/concerts\/43232923-ami-warning-at-galerie-zbau?utm_campaign=tracked_artist&#038;utm_content=ZD0yNDYxMjg2JnU9MTM3MjI4MTU5&#038;utm_medium=feed&#038;utm_source=ical<\/a><\/p><\/div><\/div>\t\t\t\t\t\t\t\t\t\t\t\t\t\t<\/li>\n\t\t\t\t\t\t\t\t\t\t\t\t\t\t\t\t\t\t\t\t\t\t\t\t\t\t\t\t<li class=\"event all-day\" data-feed-key=\"0\">\n\t\t\t\t\t\t\t\t\t\t\t\t\t\t\t<span class=\"title has_desc confirmed\">Culcha Candela at Lokschuppen (10 Mar 27)<\/span><div class=\"descloc hover_block\"><div class=\"title_in_hover_block\"><span class=\"title confirmed\">Culcha Candela at Lokschuppen (10 Mar 27)<\/span><\/div><div class=\"location\">Lokschuppen, Stadtheider Str. 11, 33609, Bielefeld, Germany<\/div><div class=\"eventdesc\"><p><a href=\"https:\/\/www.songkick.com\/concerts\/43392487-culcha-candela-at-lokschuppen?utm_campaign=tracked_artist&#038;utm_content=ZD0yNDYxMjg2JnU9MTM3MjI4MTU5&#038;utm_medium=feed&#038;utm_source=ical\" rel=\"nofollow\">https:\/\/www.songkick.com\/concerts\/43392487-culcha-candela-at-lokschuppen?utm_campaign=tracked_artist&#038;utm_content=ZD0yNDYxMjg2JnU9MTM3MjI4MTU5&#038;utm_medium=feed&#038;utm_source=ical<\/a><\/p><\/div><\/div>\t\t\t\t\t\t\t\t\t\t\t\t\t\t<\/li>\n\t\t\t\t\t\t\t\t\t\t\t\t\t\t\t\t\t\t\t\t\t\t\t\t<\/ul>\n\t\t\t\t\t\t\t\t\t\t\t\t\t\t\t\t\t\t<\/td>\n\t\t\t\t\t\t\t\t\t\t\t\t\t\t\t\t<td data-dow=\"4\" data-events-count=\"2\" data-feed-keys=\"0\" class=\"future has_events d_11 dow_4\">\n\t\t\t\t\t\t\t\t\t<div class=\"day\">\n\t\t\t\t\t\t\t\t\t\t\t\t\t\t\t\t\t\t\t\t\t<span class=\"phone_only\" id=\"r6a97dccace13c5d-20270311\"><span data-date-format=\"l\">Thursday<\/span> <span data-date-format=\"F\">March<\/span> <span data-date-format=\"j\">11<\/span><\/span>\n\t\t\t\t\t\t\t\t\t\t\t<span class=\"no_phone\" aria-hidden=\"true\">11<\/span>\n\t\t\t\t\t\t\t\t\t\t\t\t\t\t\t\t\t\t\t\t<\/div>\n\t\t\t\t\t\t\t\t\t\t\t\t\t\t\t\t\t\t\t<ul class=\"events\" aria-labelledby=\"r6a97dccace13c5d-20270311\">\n\t\t\t\t\t\t\t\t\t\t\t\t\t\t\t\t\t\t\t\t\t\t\t\t\t<li class=\"event all-day\" data-feed-key=\"0\">\n\t\t\t\t\t\t\t\t\t\t\t\t\t\t\t\t\t\t\t\t\t\t\t\t\t\t\t\t\t\t\t<span class=\"all-day-indicator\">All Day<\/span>\n\t\t\t\t\t\t\t\t\t\t\t\t\t\t\t\t<span class=\"title has_desc confirmed\">AMI Warning at Festsaal Kreuzberg (11 Mar 27)<\/span><div class=\"descloc hover_block\"><div class=\"title_in_hover_block\"><span class=\"title confirmed\">AMI Warning at Festsaal Kreuzberg (11 Mar 27)<\/span><\/div><div class=\"location\">Festsaal Kreuzberg, Am Flutgraben 2, 12435, Berlin, Germany<\/div><div class=\"eventdesc\"><p><a href=\"https:\/\/www.songkick.com\/concerts\/43232924-ami-warning-at-festsaal-kreuzberg?utm_campaign=tracked_artist&#038;utm_content=ZD0yNDYxMjg2JnU9MTM3MjI4MTU5&#038;utm_medium=feed&#038;utm_source=ical\" rel=\"nofollow\">https:\/\/www.songkick.com\/concerts\/43232924-ami-warning-at-festsaal-kreuzberg?utm_campaign=tracked_artist&#038;utm_content=ZD0yNDYxMjg2JnU9MTM3MjI4MTU5&#038;utm_medium=feed&#038;utm_source=ical<\/a><\/p><\/div><\/div>\t\t\t\t\t\t\t\t\t\t\t\t\t\t<\/li>\n\t\t\t\t\t\t\t\t\t\t\t\t\t\t\t\t\t\t\t\t\t\t\t\t\t\t\t\t<li class=\"event all-day\" data-feed-key=\"0\">\n\t\t\t\t\t\t\t\t\t\t\t\t\t\t\t<span class=\"title has_desc confirmed\">KALEO at Palladium (11 Mar 27)<\/span><div class=\"descloc hover_block\"><div class=\"title_in_hover_block\"><span class=\"title confirmed\">KALEO at Palladium (11 Mar 27)<\/span><\/div><div class=\"location\">Palladium, Schanzenstra\u00dfe 40, 51063, Cologne, Germany<\/div><div class=\"eventdesc\"><p><a href=\"https:\/\/www.songkick.com\/concerts\/43299701-kaleo-at-palladium?utm_campaign=tracked_artist&#038;utm_content=ZD0yNDYxMjg2JnU9MTM3MjI4MTU5&#038;utm_medium=feed&#038;utm_source=ical\" rel=\"nofollow\">https:\/\/www.songkick.com\/concerts\/43299701-kaleo-at-palladium?utm_campaign=tracked_artist&#038;utm_content=ZD0yNDYxMjg2JnU9MTM3MjI4MTU5&#038;utm_medium=feed&#038;utm_source=ical<\/a><\/p><\/div><\/div>\t\t\t\t\t\t\t\t\t\t\t\t\t\t<\/li>\n\t\t\t\t\t\t\t\t\t\t\t\t\t\t\t\t\t\t\t\t\t\t\t\t<\/ul>\n\t\t\t\t\t\t\t\t\t\t\t\t\t\t\t\t\t\t<\/td>\n\t\t\t\t\t\t\t\t\t\t\t\t\t\t\t\t<td data-dow=\"5\" data-events-count=\"4\" data-feed-keys=\"0\" class=\"future has_events d_12 dow_5\">\n\t\t\t\t\t\t\t\t\t<div class=\"day\">\n\t\t\t\t\t\t\t\t\t\t\t\t\t\t\t\t\t\t\t\t\t<span class=\"phone_only\" id=\"r6a97dccace13c5d-20270312\"><span data-date-format=\"l\">Friday<\/span> <span data-date-format=\"F\">March<\/span> <span data-date-format=\"j\">12<\/span><\/span>\n\t\t\t\t\t\t\t\t\t\t\t<span class=\"no_phone\" aria-hidden=\"true\">12<\/span>\n\t\t\t\t\t\t\t\t\t\t\t\t\t\t\t\t\t\t\t\t<\/div>\n\t\t\t\t\t\t\t\t\t\t\t\t\t\t\t\t\t\t\t<ul class=\"events\" aria-labelledby=\"r6a97dccace13c5d-20270312\">\n\t\t\t\t\t\t\t\t\t\t\t\t\t\t\t\t\t\t\t\t\t\t\t\t\t<li class=\"event all-day\" data-feed-key=\"0\">\n\t\t\t\t\t\t\t\t\t\t\t\t\t\t\t\t\t\t\t\t\t\t\t\t\t\t\t\t\t\t\t<span class=\"all-day-indicator\">All Day<\/span>\n\t\t\t\t\t\t\t\t\t\t\t\t\t\t\t\t<span class=\"title has_desc confirmed\">AMI Warning at Knust (12 Mar 27)<\/span><div class=\"descloc hover_block\"><div class=\"title_in_hover_block\"><span class=\"title confirmed\">AMI Warning at Knust (12 Mar 27)<\/span><\/div><div class=\"location\">Knust, Neuer Kamp 30, 20357, Hamburg, Germany<\/div><div class=\"eventdesc\"><p><a href=\"https:\/\/www.songkick.com\/concerts\/43232925-ami-warning-at-knust?utm_campaign=tracked_artist&#038;utm_content=ZD0yNDYxMjg2JnU9MTM3MjI4MTU5&#038;utm_medium=feed&#038;utm_source=ical\" rel=\"nofollow\">https:\/\/www.songkick.com\/concerts\/43232925-ami-warning-at-knust?utm_campaign=tracked_artist&#038;utm_content=ZD0yNDYxMjg2JnU9MTM3MjI4MTU5&#038;utm_medium=feed&#038;utm_source=ical<\/a><\/p><\/div><\/div>\t\t\t\t\t\t\t\t\t\t\t\t\t\t<\/li>\n\t\t\t\t\t\t\t\t\t\t\t\t\t\t\t\t\t\t\t\t\t\t\t\t\t\t\t\t<li class=\"event all-day\" data-feed-key=\"0\">\n\t\t\t\t\t\t\t\t\t\t\t\t\t\t\t<span class=\"title has_desc confirmed\">Culcha Candela at Palladium (12 Mar 27)<\/span><div class=\"descloc hover_block\"><div class=\"title_in_hover_block\"><span class=\"title confirmed\">Culcha Candela at Palladium (12 Mar 27)<\/span><\/div><div class=\"location\">Palladium, Schanzenstra\u00dfe 40, 51063, Cologne, Germany<\/div><div class=\"eventdesc\"><p><a href=\"https:\/\/www.songkick.com\/concerts\/43392488-culcha-candela-at-palladium?utm_campaign=tracked_artist&#038;utm_content=ZD0yNDYxMjg2JnU9MTM3MjI4MTU5&#038;utm_medium=feed&#038;utm_source=ical\" rel=\"nofollow\">https:\/\/www.songkick.com\/concerts\/43392488-culcha-candela-at-palladium?utm_campaign=tracked_artist&#038;utm_content=ZD0yNDYxMjg2JnU9MTM3MjI4MTU5&#038;utm_medium=feed&#038;utm_source=ical<\/a><\/p><\/div><\/div>\t\t\t\t\t\t\t\t\t\t\t\t\t\t<\/li>\n\t\t\t\t\t\t\t\t\t\t\t\t\t\t\t\t\t\t\t\t\t\t\t\t\t\t\t\t<li class=\"event all-day\" data-feed-key=\"0\">\n\t\t\t\t\t\t\t\t\t\t\t\t\t\t\t<span class=\"title has_desc confirmed\">Jamaram and Samy Danger at K\u00fcnstlerhaus Kempten (12 Mar 27)<\/span><div class=\"descloc hover_block\"><div class=\"title_in_hover_block\"><span class=\"title confirmed\">Jamaram and Samy Danger at K\u00fcnstlerhaus Kempten (12 Mar 27)<\/span><\/div><div class=\"location\">K\u00fcnstlerhaus Kempten, Beethovenstr. 2, 87435, Kempten, Germany<\/div><div class=\"eventdesc\"><p><a href=\"https:\/\/www.songkick.com\/concerts\/43339808-jamaram-at-kunstlerhaus-kempten?utm_campaign=tracked_artist&#038;utm_content=ZD0yNDYxMjg2JnU9MTM3MjI4MTU5&#038;utm_medium=feed&#038;utm_source=ical\" rel=\"nofollow\">https:\/\/www.songkick.com\/concerts\/43339808-jamaram-at-kunstlerhaus-kempten?utm_campaign=tracked_artist&#038;utm_content=ZD0yNDYxMjg2JnU9MTM3MjI4MTU5&#038;utm_medium=feed&#038;utm_source=ical<\/a><\/p><\/div><\/div>\t\t\t\t\t\t\t\t\t\t\t\t\t\t<\/li>\n\t\t\t\t\t\t\t\t\t\t\t\t\t\t\t\t\t\t\t\t\t\t\t\t\t\t\t\t<li class=\"event all-day\" data-feed-key=\"0\">\n\t\t\t\t\t\t\t\t\t\t\t\t\t\t\t<span class=\"title has_desc confirmed\">Konrad Kuechenmeister at OstPol (12 Mar 27)<\/span><div class=\"descloc hover_block\"><div class=\"title_in_hover_block\"><span class=\"title confirmed\">Konrad Kuechenmeister at OstPol (12 Mar 27)<\/span><\/div><div class=\"location\">OstPol, K\u00f6nigsbr\u00fccker Stra\u00dfe 47, 01099, Dresden, Germany<\/div><div class=\"eventdesc\"><p><a href=\"https:\/\/www.songkick.com\/concerts\/43171900-konrad-kuechenmeister-at-ostpol?utm_campaign=tracked_artist&#038;utm_content=ZD0yNDYxMjg2JnU9MTM3MjI4MTU5&#038;utm_medium=feed&#038;utm_source=ical\" rel=\"nofollow\">https:\/\/www.songkick.com\/concerts\/43171900-konrad-kuechenmeister-at-ostpol?utm_campaign=tracked_artist&#038;utm_content=ZD0yNDYxMjg2JnU9MTM3MjI4MTU5&#038;utm_medium=feed&#038;utm_source=ical<\/a><\/p><\/div><\/div>\t\t\t\t\t\t\t\t\t\t\t\t\t\t<\/li>\n\t\t\t\t\t\t\t\t\t\t\t\t\t\t\t\t\t\t\t\t\t\t\t\t<\/ul>\n\t\t\t\t\t\t\t\t\t\t\t\t\t\t\t\t\t\t<\/td>\n\t\t\t\t\t\t\t\t\t\t\t\t\t\t\t\t<td data-dow=\"6\" data-events-count=\"3\" data-feed-keys=\"0\" class=\"future has_events d_13 dow_6\">\n\t\t\t\t\t\t\t\t\t<div class=\"day\">\n\t\t\t\t\t\t\t\t\t\t\t\t\t\t\t\t\t\t\t\t\t<span class=\"phone_only\" id=\"r6a97dccace13c5d-20270313\"><span data-date-format=\"l\">Saturday<\/span> <span data-date-format=\"F\">March<\/span> <span data-date-format=\"j\">13<\/span><\/span>\n\t\t\t\t\t\t\t\t\t\t\t<span class=\"no_phone\" aria-hidden=\"true\">13<\/span>\n\t\t\t\t\t\t\t\t\t\t\t\t\t\t\t\t\t\t\t\t<\/div>\n\t\t\t\t\t\t\t\t\t\t\t\t\t\t\t\t\t\t\t<ul class=\"events\" aria-labelledby=\"r6a97dccace13c5d-20270313\">\n\t\t\t\t\t\t\t\t\t\t\t\t\t\t\t\t\t\t\t\t\t\t\t\t\t<li class=\"event all-day\" data-feed-key=\"0\">\n\t\t\t\t\t\t\t\t\t\t\t\t\t\t\t\t\t\t\t\t\t\t\t\t\t\t\t\t\t\t\t<span class=\"all-day-indicator\">All Day<\/span>\n\t\t\t\t\t\t\t\t\t\t\t\t\t\t\t\t<span class=\"title has_desc confirmed\">AMI Warning at Club Bahnhof Ehrenfeld (13 Mar 27)<\/span><div class=\"descloc hover_block\"><div class=\"title_in_hover_block\"><span class=\"title confirmed\">AMI Warning at Club Bahnhof Ehrenfeld (13 Mar 27)<\/span><\/div><div class=\"location\">Club Bahnhof Ehrenfeld, Bartholom\u00e4us-Schink-Stra\u00dfe 65, 50825, Cologne, Germany<\/div><div class=\"eventdesc\"><p><a href=\"https:\/\/www.songkick.com\/concerts\/43232800-ami-warning-at-club-bahnhof-ehrenfeld?utm_campaign=tracked_artist&#038;utm_content=ZD0yNDYxMjg2JnU9MTM3MjI4MTU5&#038;utm_medium=feed&#038;utm_source=ical\" rel=\"nofollow\">https:\/\/www.songkick.com\/concerts\/43232800-ami-warning-at-club-bahnhof-ehrenfeld?utm_campaign=tracked_artist&#038;utm_content=ZD0yNDYxMjg2JnU9MTM3MjI4MTU5&#038;utm_medium=feed&#038;utm_source=ical<\/a><\/p><\/div><\/div>\t\t\t\t\t\t\t\t\t\t\t\t\t\t<\/li>\n\t\t\t\t\t\t\t\t\t\t\t\t\t\t\t\t\t\t\t\t\t\t\t\t\t\t\t\t<li class=\"event all-day\" data-feed-key=\"0\">\n\t\t\t\t\t\t\t\t\t\t\t\t\t\t\t<span class=\"title has_desc confirmed\">Ang\u00e9lique Kidjo at Alfried-Krupp-Saal, Philharmonie (13 Mar 27)<\/span><div class=\"descloc hover_block\"><div class=\"title_in_hover_block\"><span class=\"title confirmed\">Ang\u00e9lique Kidjo at Alfried-Krupp-Saal, Philharmonie (13 Mar 27)<\/span><\/div><div class=\"location\">Alfried-Krupp-Saal, Philharmonie, Huyssenallee 53, 45128, Essen, Germany<\/div><div class=\"eventdesc\"><p><a href=\"https:\/\/www.songkick.com\/concerts\/43277669-angelique-kidjo-at-alfriedkruppsaal-philharmonie?utm_campaign=tracked_artist&#038;utm_content=ZD0yNDYxMjg2JnU9MTM3MjI4MTU5&#038;utm_medium=feed&#038;utm_source=ical\" rel=\"nofollow\">https:\/\/www.songkick.com\/concerts\/43277669-angelique-kidjo-at-alfriedkruppsaal-philharmonie?utm_campaign=tracked_artist&#038;utm_content=ZD0yNDYxMjg2JnU9MTM3MjI4MTU5&#038;utm_medium=feed&#038;utm_source=ical<\/a><\/p><\/div><\/div>\t\t\t\t\t\t\t\t\t\t\t\t\t\t<\/li>\n\t\t\t\t\t\t\t\t\t\t\t\t\t\t\t\t\t\t\t\t\t\t\t\t\t\t\t\t<li class=\"event all-day\" data-feed-key=\"0\">\n\t\t\t\t\t\t\t\t\t\t\t\t\t\t\t<span class=\"title has_desc confirmed\">Culcha Candela at Probonio Arena (13 Mar 27)<\/span><div class=\"descloc hover_block\"><div class=\"title_in_hover_block\"><span class=\"title confirmed\">Culcha Candela at Probonio Arena (13 Mar 27)<\/span><\/div><div class=\"location\">Probonio Arena, Am Auestadion 1, 34121, Kassel, Germany<\/div><div class=\"eventdesc\"><p><a href=\"https:\/\/www.songkick.com\/concerts\/43392489-culcha-candela-at-probonio-arena?utm_campaign=tracked_artist&#038;utm_content=ZD0yNDYxMjg2JnU9MTM3MjI4MTU5&#038;utm_medium=feed&#038;utm_source=ical\" rel=\"nofollow\">https:\/\/www.songkick.com\/concerts\/43392489-culcha-candela-at-probonio-arena?utm_campaign=tracked_artist&#038;utm_content=ZD0yNDYxMjg2JnU9MTM3MjI4MTU5&#038;utm_medium=feed&#038;utm_source=ical<\/a><\/p><\/div><\/div>\t\t\t\t\t\t\t\t\t\t\t\t\t\t<\/li>\n\t\t\t\t\t\t\t\t\t\t\t\t\t\t\t\t\t\t\t\t\t\t\t\t<\/ul>\n\t\t\t\t\t\t\t\t\t\t\t\t\t\t\t\t\t\t<\/td>\n\t\t\t\t\t\t\t\t\t\t\t\t\t\t\t\t<td data-dow=\"0\" data-events-count=\"1\" data-feed-keys=\"0\" class=\"future has_events d_14 dow_0\">\n\t\t\t\t\t\t\t\t\t<div class=\"day\">\n\t\t\t\t\t\t\t\t\t\t\t\t\t\t\t\t\t\t\t\t\t<span class=\"phone_only\" id=\"r6a97dccace13c5d-20270314\"><span data-date-format=\"l\">Sunday<\/span> <span data-date-format=\"F\">March<\/span> <span data-date-format=\"j\">14<\/span><\/span>\n\t\t\t\t\t\t\t\t\t\t\t<span class=\"no_phone\" aria-hidden=\"true\">14<\/span>\n\t\t\t\t\t\t\t\t\t\t\t\t\t\t\t\t\t\t\t\t<\/div>\n\t\t\t\t\t\t\t\t\t\t\t\t\t\t\t\t\t\t\t<ul class=\"events\" aria-labelledby=\"r6a97dccace13c5d-20270314\">\n\t\t\t\t\t\t\t\t\t\t\t\t\t\t\t\t\t\t\t\t\t\t\t\t\t<li class=\"event all-day\" data-feed-key=\"0\">\n\t\t\t\t\t\t\t\t\t\t\t\t\t\t\t\t\t\t\t\t\t\t\t\t\t\t\t\t\t\t\t<span class=\"all-day-indicator\">All Day<\/span>\n\t\t\t\t\t\t\t\t\t\t\t\t\t\t\t\t<span class=\"title has_desc confirmed\">Culcha Candela at Schlachthof Wiesbaden (14 Mar 27)<\/span><div class=\"descloc hover_block\"><div class=\"title_in_hover_block\"><span class=\"title confirmed\">Culcha Candela at Schlachthof Wiesbaden (14 Mar 27)<\/span><\/div><div class=\"location\">Schlachthof Wiesbaden, Murnaustra\u00dfe 1, 65189, Wiesbaden, Germany<\/div><div class=\"eventdesc\"><p><a href=\"https:\/\/www.songkick.com\/concerts\/43392089-culcha-candela-at-schlachthof-wiesbaden?utm_campaign=tracked_artist&#038;utm_content=ZD0yNDYxMjg2JnU9MTM3MjI4MTU5&#038;utm_medium=feed&#038;utm_source=ical\" rel=\"nofollow\">https:\/\/www.songkick.com\/concerts\/43392089-culcha-candela-at-schlachthof-wiesbaden?utm_campaign=tracked_artist&#038;utm_content=ZD0yNDYxMjg2JnU9MTM3MjI4MTU5&#038;utm_medium=feed&#038;utm_source=ical<\/a><\/p><\/div><\/div>\t\t\t\t\t\t\t\t\t\t\t\t\t\t<\/li>\n\t\t\t\t\t\t\t\t\t\t\t\t\t\t\t\t\t\t\t\t\t\t\t\t<\/ul>\n\t\t\t\t\t\t\t\t\t\t\t\t\t\t\t\t\t\t<\/td>\n\t\t\t\t\t\t\t\t<\/tr><tr>\t\t\t\t\t\t\t\t<td data-dow=\"1\" data-events-count=\"2\" data-feed-keys=\"0\" class=\"future has_events d_15 dow_1\">\n\t\t\t\t\t\t\t\t\t<div class=\"day\">\n\t\t\t\t\t\t\t\t\t\t\t\t\t\t\t\t\t\t\t\t\t<span class=\"phone_only\" id=\"r6a97dccace13c5d-20270315\"><span data-date-format=\"l\">Monday<\/span> <span data-date-format=\"F\">March<\/span> <span data-date-format=\"j\">15<\/span><\/span>\n\t\t\t\t\t\t\t\t\t\t\t<span class=\"no_phone\" aria-hidden=\"true\">15<\/span>\n\t\t\t\t\t\t\t\t\t\t\t\t\t\t\t\t\t\t\t\t<\/div>\n\t\t\t\t\t\t\t\t\t\t\t\t\t\t\t\t\t\t\t<ul class=\"events\" aria-labelledby=\"r6a97dccace13c5d-20270315\">\n\t\t\t\t\t\t\t\t\t\t\t\t\t\t\t\t\t\t\t\t\t\t\t\t\t<li class=\"event all-day\" data-feed-key=\"0\">\n\t\t\t\t\t\t\t\t\t\t\t\t\t\t\t\t\t\t\t\t\t\t\t\t\t\t\t\t\t\t\t<span class=\"all-day-indicator\">All Day<\/span>\n\t\t\t\t\t\t\t\t\t\t\t\t\t\t\t\t<span class=\"title has_desc confirmed\">Culcha Candela at Maimarkt Club (15 Mar 27)<\/span><div class=\"descloc hover_block\"><div class=\"title_in_hover_block\"><span class=\"title confirmed\">Culcha Candela at Maimarkt Club (15 Mar 27)<\/span><\/div><div class=\"location\">Maimarkt Club, Xaver Fuhr Stra\u00dfe 101,, 68163, Mannheim, Germany<\/div><div class=\"eventdesc\"><p><a href=\"https:\/\/www.songkick.com\/concerts\/43392490-culcha-candela-at-maimarkt-club?utm_campaign=tracked_artist&#038;utm_content=ZD0yNDYxMjg2JnU9MTM3MjI4MTU5&#038;utm_medium=feed&#038;utm_source=ical\" rel=\"nofollow\">https:\/\/www.songkick.com\/concerts\/43392490-culcha-candela-at-maimarkt-club?utm_campaign=tracked_artist&#038;utm_content=ZD0yNDYxMjg2JnU9MTM3MjI4MTU5&#038;utm_medium=feed&#038;utm_source=ical<\/a><\/p><\/div><\/div>\t\t\t\t\t\t\t\t\t\t\t\t\t\t<\/li>\n\t\t\t\t\t\t\t\t\t\t\t\t\t\t\t\t\t\t\t\t\t\t\t\t\t\t\t\t<li class=\"event all-day\" data-feed-key=\"0\">\n\t\t\t\t\t\t\t\t\t\t\t\t\t\t\t<span class=\"title has_desc confirmed\">Tash Sultana at LANXESS arena (15 Mar 27) with South Summit<\/span><div class=\"descloc hover_block\"><div class=\"title_in_hover_block\"><span class=\"title confirmed\">Tash Sultana at LANXESS arena (15 Mar 27) with South Summit<\/span><\/div><div class=\"location\">LANXESS arena, Willy-Brandt-Platz, 50679, Cologne, Germany<\/div><div class=\"eventdesc\"><p><a href=\"https:\/\/www.songkick.com\/concerts\/42769199-tash-sultana-at-lanxess-arena?utm_campaign=tracked_artist&#038;utm_content=ZD0yNDYxMjg2JnU9MTM3MjI4MTU5&#038;utm_medium=feed&#038;utm_source=ical\" rel=\"nofollow\">https:\/\/www.songkick.com\/concerts\/42769199-tash-sultana-at-lanxess-arena?utm_campaign=tracked_artist&#038;utm_content=ZD0yNDYxMjg2JnU9MTM3MjI4MTU5&#038;utm_medium=feed&#038;utm_source=ical<\/a><\/p><\/div><\/div>\t\t\t\t\t\t\t\t\t\t\t\t\t\t<\/li>\n\t\t\t\t\t\t\t\t\t\t\t\t\t\t\t\t\t\t\t\t\t\t\t\t<\/ul>\n\t\t\t\t\t\t\t\t\t\t\t\t\t\t\t\t\t\t<\/td>\n\t\t\t\t\t\t\t\t\t\t\t\t\t\t\t\t<td data-dow=\"2\" data-events-count=\"1\" data-feed-keys=\"0\" class=\"future has_events d_16 dow_2\">\n\t\t\t\t\t\t\t\t\t<div class=\"day\">\n\t\t\t\t\t\t\t\t\t\t\t\t\t\t\t\t\t\t\t\t\t<span class=\"phone_only\" id=\"r6a97dccace13c5d-20270316\"><span data-date-format=\"l\">Tuesday<\/span> <span data-date-format=\"F\">March<\/span> <span data-date-format=\"j\">16<\/span><\/span>\n\t\t\t\t\t\t\t\t\t\t\t<span class=\"no_phone\" aria-hidden=\"true\">16<\/span>\n\t\t\t\t\t\t\t\t\t\t\t\t\t\t\t\t\t\t\t\t<\/div>\n\t\t\t\t\t\t\t\t\t\t\t\t\t\t\t\t\t\t\t<ul class=\"events\" aria-labelledby=\"r6a97dccace13c5d-20270316\">\n\t\t\t\t\t\t\t\t\t\t\t\t\t\t\t\t\t\t\t\t\t\t\t\t\t<li class=\"event all-day\" data-feed-key=\"0\">\n\t\t\t\t\t\t\t\t\t\t\t\t\t\t\t\t\t\t\t\t\t\t\t\t\t\t\t\t\t\t\t<span class=\"all-day-indicator\">All Day<\/span>\n\t\t\t\t\t\t\t\t\t\t\t\t\t\t\t\t<span class=\"title has_desc confirmed\">Hans S\u00f6llner at Stadthalle Bad Neustadt (16 Mar 27)<\/span><div class=\"descloc hover_block\"><div class=\"title_in_hover_block\"><span class=\"title confirmed\">Hans S\u00f6llner at Stadthalle Bad Neustadt (16 Mar 27)<\/span><\/div><div class=\"location\">Stadthalle Bad Neustadt, An der Stadthalle 4, 97616, Bad Neustadt, Germany<\/div><div class=\"eventdesc\"><p><a href=\"https:\/\/www.songkick.com\/concerts\/43101833-hans-sollner-at-stadthalle-bad-neustadt?utm_campaign=tracked_artist&#038;utm_content=ZD0yNDYxMjg2JnU9MTM3MjI4MTU5&#038;utm_medium=feed&#038;utm_source=ical\" rel=\"nofollow\">https:\/\/www.songkick.com\/concerts\/43101833-hans-sollner-at-stadthalle-bad-neustadt?utm_campaign=tracked_artist&#038;utm_content=ZD0yNDYxMjg2JnU9MTM3MjI4MTU5&#038;utm_medium=feed&#038;utm_source=ical<\/a><\/p><\/div><\/div>\t\t\t\t\t\t\t\t\t\t\t\t\t\t<\/li>\n\t\t\t\t\t\t\t\t\t\t\t\t\t\t\t\t\t\t\t\t\t\t\t\t<\/ul>\n\t\t\t\t\t\t\t\t\t\t\t\t\t\t\t\t\t\t<\/td>\n\t\t\t\t\t\t\t\t\t\t\t\t\t\t\t\t<td data-dow=\"3\" data-events-count=\"2\" data-feed-keys=\"0\" class=\"future has_events d_17 dow_3\">\n\t\t\t\t\t\t\t\t\t<div class=\"day\">\n\t\t\t\t\t\t\t\t\t\t\t\t\t\t\t\t\t\t\t\t\t<span class=\"phone_only\" id=\"r6a97dccace13c5d-20270317\"><span data-date-format=\"l\">Wednesday<\/span> <span data-date-format=\"F\">March<\/span> <span data-date-format=\"j\">17<\/span><\/span>\n\t\t\t\t\t\t\t\t\t\t\t<span class=\"no_phone\" aria-hidden=\"true\">17<\/span>\n\t\t\t\t\t\t\t\t\t\t\t\t\t\t\t\t\t\t\t\t<\/div>\n\t\t\t\t\t\t\t\t\t\t\t\t\t\t\t\t\t\t\t<ul class=\"events\" aria-labelledby=\"r6a97dccace13c5d-20270317\">\n\t\t\t\t\t\t\t\t\t\t\t\t\t\t\t\t\t\t\t\t\t\t\t\t\t<li class=\"event all-day\" data-feed-key=\"0\">\n\t\t\t\t\t\t\t\t\t\t\t\t\t\t\t\t\t\t\t\t\t\t\t\t\t\t\t\t\t\t\t<span class=\"all-day-indicator\">All Day<\/span>\n\t\t\t\t\t\t\t\t\t\t\t\t\t\t\t\t<span class=\"title has_desc confirmed\">Culcha Candela at Ratiopharm Arena (17 Mar 27)<\/span><div class=\"descloc hover_block\"><div class=\"title_in_hover_block\"><span class=\"title confirmed\">Culcha Candela at Ratiopharm Arena (17 Mar 27)<\/span><\/div><div class=\"location\">Ratiopharm Arena, Europastra\u00dfe 25, 89231, Neu-Ulm, Germany<\/div><div class=\"eventdesc\"><p><a href=\"https:\/\/www.songkick.com\/concerts\/43392491-culcha-candela-at-ratiopharm-arena?utm_campaign=tracked_artist&#038;utm_content=ZD0yNDYxMjg2JnU9MTM3MjI4MTU5&#038;utm_medium=feed&#038;utm_source=ical\" rel=\"nofollow\">https:\/\/www.songkick.com\/concerts\/43392491-culcha-candela-at-ratiopharm-arena?utm_campaign=tracked_artist&#038;utm_content=ZD0yNDYxMjg2JnU9MTM3MjI4MTU5&#038;utm_medium=feed&#038;utm_source=ical<\/a><\/p><\/div><\/div>\t\t\t\t\t\t\t\t\t\t\t\t\t\t<\/li>\n\t\t\t\t\t\t\t\t\t\t\t\t\t\t\t\t\t\t\t\t\t\t\t\t\t\t\t\t<li class=\"event all-day\" data-feed-key=\"0\">\n\t\t\t\t\t\t\t\t\t\t\t\t\t\t\t<span class=\"title has_desc confirmed\">Hans S\u00f6llner at Main Tauber Halle (17 Mar 27)<\/span><div class=\"descloc hover_block\"><div class=\"title_in_hover_block\"><span class=\"title confirmed\">Hans S\u00f6llner at Main Tauber Halle (17 Mar 27)<\/span><\/div><div class=\"location\">Main Tauber Halle, Untere Leberklinge 13, 97877, Wertheim, Germany<\/div><div class=\"eventdesc\"><p><a href=\"https:\/\/www.songkick.com\/concerts\/42659991-hans-sollner-at-main-tauber-halle?utm_campaign=tracked_artist&#038;utm_content=ZD0yNDYxMjg2JnU9MTM3MjI4MTU5&#038;utm_medium=feed&#038;utm_source=ical\" rel=\"nofollow\">https:\/\/www.songkick.com\/concerts\/42659991-hans-sollner-at-main-tauber-halle?utm_campaign=tracked_artist&#038;utm_content=ZD0yNDYxMjg2JnU9MTM3MjI4MTU5&#038;utm_medium=feed&#038;utm_source=ical<\/a><\/p><\/div><\/div>\t\t\t\t\t\t\t\t\t\t\t\t\t\t<\/li>\n\t\t\t\t\t\t\t\t\t\t\t\t\t\t\t\t\t\t\t\t\t\t\t\t<\/ul>\n\t\t\t\t\t\t\t\t\t\t\t\t\t\t\t\t\t\t<\/td>\n\t\t\t\t\t\t\t\t\t\t\t\t\t\t\t\t<td data-dow=\"4\" data-events-count=\"4\" data-feed-keys=\"0\" class=\"future has_events d_18 dow_4\">\n\t\t\t\t\t\t\t\t\t<div class=\"day\">\n\t\t\t\t\t\t\t\t\t\t\t\t\t\t\t\t\t\t\t\t\t<span class=\"phone_only\" id=\"r6a97dccace13c5d-20270318\"><span data-date-format=\"l\">Thursday<\/span> <span data-date-format=\"F\">March<\/span> <span data-date-format=\"j\">18<\/span><\/span>\n\t\t\t\t\t\t\t\t\t\t\t<span class=\"no_phone\" aria-hidden=\"true\">18<\/span>\n\t\t\t\t\t\t\t\t\t\t\t\t\t\t\t\t\t\t\t\t<\/div>\n\t\t\t\t\t\t\t\t\t\t\t\t\t\t\t\t\t\t\t<ul class=\"events\" aria-labelledby=\"r6a97dccace13c5d-20270318\">\n\t\t\t\t\t\t\t\t\t\t\t\t\t\t\t\t\t\t\t\t\t\t\t\t\t<li class=\"event all-day\" data-feed-key=\"0\">\n\t\t\t\t\t\t\t\t\t\t\t\t\t\t\t\t\t\t\t\t\t\t\t\t\t\t\t\t\t\t\t<span class=\"all-day-indicator\">All Day<\/span>\n\t\t\t\t\t\t\t\t\t\t\t\t\t\t\t\t<span class=\"title has_desc confirmed\">AMI Warning at WERK2 - Kulturfabrik Leipzig e.V. (18 Mar 27)<\/span><div class=\"descloc hover_block\"><div class=\"title_in_hover_block\"><span class=\"title confirmed\">AMI Warning at WERK2 - Kulturfabrik Leipzig e.V. (18 Mar 27)<\/span><\/div><div class=\"location\">WERK2 - Kulturfabrik Leipzig e.V., Kochstra\u00dfe 132, 04277, Leipzig, Germany<\/div><div class=\"eventdesc\"><p><a href=\"https:\/\/www.songkick.com\/concerts\/43232926-ami-warning-at-werk2-kulturfabrik-leipzig-ev?utm_campaign=tracked_artist&#038;utm_content=ZD0yNDYxMjg2JnU9MTM3MjI4MTU5&#038;utm_medium=feed&#038;utm_source=ical\" rel=\"nofollow\">https:\/\/www.songkick.com\/concerts\/43232926-ami-warning-at-werk2-kulturfabrik-leipzig-ev?utm_campaign=tracked_artist&#038;utm_content=ZD0yNDYxMjg2JnU9MTM3MjI4MTU5&#038;utm_medium=feed&#038;utm_source=ical<\/a><\/p><\/div><\/div>\t\t\t\t\t\t\t\t\t\t\t\t\t\t<\/li>\n\t\t\t\t\t\t\t\t\t\t\t\t\t\t\t\t\t\t\t\t\t\t\t\t\t\t\t\t<li class=\"event all-day\" data-feed-key=\"0\">\n\t\t\t\t\t\t\t\t\t\t\t\t\t\t\t<span class=\"title has_desc confirmed\">DUB INC at Bierh\u00fcbeli (18 Mar 27)<\/span><div class=\"descloc hover_block\"><div class=\"title_in_hover_block\"><span class=\"title confirmed\">DUB INC at Bierh\u00fcbeli (18 Mar 27)<\/span><\/div><div class=\"location\">Bierh\u00fcbeli, Neubr\u00fcckstrasse 43, 3012, Bern, Switzerland<\/div><div class=\"eventdesc\"><p><a href=\"https:\/\/www.songkick.com\/concerts\/43160077-dub-inc-at-bierhubeli?utm_campaign=tracked_artist&#038;utm_content=ZD0yNDYxMjg2JnU9MTM3MjI4MTU5&#038;utm_medium=feed&#038;utm_source=ical\" rel=\"nofollow\">https:\/\/www.songkick.com\/concerts\/43160077-dub-inc-at-bierhubeli?utm_campaign=tracked_artist&#038;utm_content=ZD0yNDYxMjg2JnU9MTM3MjI4MTU5&#038;utm_medium=feed&#038;utm_source=ical<\/a><\/p><\/div><\/div>\t\t\t\t\t\t\t\t\t\t\t\t\t\t<\/li>\n\t\t\t\t\t\t\t\t\t\t\t\t\t\t\t\t\t\t\t\t\t\t\t\t\t\t\t\t<li class=\"event all-day\" data-feed-key=\"0\">\n\t\t\t\t\t\t\t\t\t\t\t\t\t\t\t<span class=\"title has_desc confirmed\">Hans S\u00f6llner at Markgrafensaal Schwabach (18 Mar 27)<\/span><div class=\"descloc hover_block\"><div class=\"title_in_hover_block\"><span class=\"title confirmed\">Hans S\u00f6llner at Markgrafensaal Schwabach (18 Mar 27)<\/span><\/div><div class=\"location\">Markgrafensaal Schwabach, Ludwigstra\u00dfe 16, 91126 Schwabach, Nuremberg, Germany<\/div><div class=\"eventdesc\"><p><a href=\"https:\/\/www.songkick.com\/concerts\/43123658-hans-sollner-at-markgrafensaal-schwabach?utm_campaign=tracked_artist&#038;utm_content=ZD0yNDYxMjg2JnU9MTM3MjI4MTU5&#038;utm_medium=feed&#038;utm_source=ical\" rel=\"nofollow\">https:\/\/www.songkick.com\/concerts\/43123658-hans-sollner-at-markgrafensaal-schwabach?utm_campaign=tracked_artist&#038;utm_content=ZD0yNDYxMjg2JnU9MTM3MjI4MTU5&#038;utm_medium=feed&#038;utm_source=ical<\/a><\/p><\/div><\/div>\t\t\t\t\t\t\t\t\t\t\t\t\t\t<\/li>\n\t\t\t\t\t\t\t\t\t\t\t\t\t\t\t\t\t\t\t\t\t\t\t\t\t\t\t\t<li class=\"event all-day\" data-feed-key=\"0\">\n\t\t\t\t\t\t\t\t\t\t\t\t\t\t\t<span class=\"title has_desc confirmed\">Tash Sultana at Barclays Arena (18 Mar 27)<\/span><div class=\"descloc hover_block\"><div class=\"title_in_hover_block\"><span class=\"title confirmed\">Tash Sultana at Barclays Arena (18 Mar 27)<\/span><\/div><div class=\"location\">Barclays Arena, Hellgrundweg 44, 22525, Hamburg, Germany<\/div><div class=\"eventdesc\"><p><a href=\"https:\/\/www.songkick.com\/concerts\/42769197-tash-sultana-at-barclays-arena?utm_campaign=tracked_artist&#038;utm_content=ZD0yNDYxMjg2JnU9MTM3MjI4MTU5&#038;utm_medium=feed&#038;utm_source=ical\" rel=\"nofollow\">https:\/\/www.songkick.com\/concerts\/42769197-tash-sultana-at-barclays-arena?utm_campaign=tracked_artist&#038;utm_content=ZD0yNDYxMjg2JnU9MTM3MjI4MTU5&#038;utm_medium=feed&#038;utm_source=ical<\/a><\/p><\/div><\/div>\t\t\t\t\t\t\t\t\t\t\t\t\t\t<\/li>\n\t\t\t\t\t\t\t\t\t\t\t\t\t\t\t\t\t\t\t\t\t\t\t\t<\/ul>\n\t\t\t\t\t\t\t\t\t\t\t\t\t\t\t\t\t\t<\/td>\n\t\t\t\t\t\t\t\t\t\t\t\t\t\t\t\t<td data-dow=\"5\" data-events-count=\"4\" data-feed-keys=\"0\" class=\"future has_events d_19 dow_5\">\n\t\t\t\t\t\t\t\t\t<div class=\"day\">\n\t\t\t\t\t\t\t\t\t\t\t\t\t\t\t\t\t\t\t\t\t<span class=\"phone_only\" id=\"r6a97dccace13c5d-20270319\"><span data-date-format=\"l\">Friday<\/span> <span data-date-format=\"F\">March<\/span> <span data-date-format=\"j\">19<\/span><\/span>\n\t\t\t\t\t\t\t\t\t\t\t<span class=\"no_phone\" aria-hidden=\"true\">19<\/span>\n\t\t\t\t\t\t\t\t\t\t\t\t\t\t\t\t\t\t\t\t<\/div>\n\t\t\t\t\t\t\t\t\t\t\t\t\t\t\t\t\t\t\t<ul class=\"events\" aria-labelledby=\"r6a97dccace13c5d-20270319\">\n\t\t\t\t\t\t\t\t\t\t\t\t\t\t\t\t\t\t\t\t\t\t\t\t\t<li class=\"event all-day\" data-feed-key=\"0\">\n\t\t\t\t\t\t\t\t\t\t\t\t\t\t\t\t\t\t\t\t\t\t\t\t\t\t\t\t\t\t\t<span class=\"all-day-indicator\">All Day<\/span>\n\t\t\t\t\t\t\t\t\t\t\t\t\t\t\t\t<span class=\"title has_desc confirmed\">AMI Warning at Halle, Im Wizemann (19 Mar 27)<\/span><div class=\"descloc hover_block\"><div class=\"title_in_hover_block\"><span class=\"title confirmed\">AMI Warning at Halle, Im Wizemann (19 Mar 27)<\/span><\/div><div class=\"location\">Halle, Im Wizemann, Quellenstr. 7, 70376, Stuttgart, Germany<\/div><div class=\"eventdesc\"><p><a href=\"https:\/\/www.songkick.com\/concerts\/43232927-ami-warning-at-halle-im-wizemann?utm_campaign=tracked_artist&#038;utm_content=ZD0yNDYxMjg2JnU9MTM3MjI4MTU5&#038;utm_medium=feed&#038;utm_source=ical\" rel=\"nofollow\">https:\/\/www.songkick.com\/concerts\/43232927-ami-warning-at-halle-im-wizemann?utm_campaign=tracked_artist&#038;utm_content=ZD0yNDYxMjg2JnU9MTM3MjI4MTU5&#038;utm_medium=feed&#038;utm_source=ical<\/a><\/p><\/div><\/div>\t\t\t\t\t\t\t\t\t\t\t\t\t\t<\/li>\n\t\t\t\t\t\t\t\t\t\t\t\t\t\t\t\t\t\t\t\t\t\t\t\t\t\t\t\t<li class=\"event all-day\" data-feed-key=\"0\">\n\t\t\t\t\t\t\t\t\t\t\t\t\t\t\t<span class=\"title has_desc confirmed\">Culcha Candela at Zenith, die Kulturhalle (19 Mar 27)<\/span><div class=\"descloc hover_block\"><div class=\"title_in_hover_block\"><span class=\"title confirmed\">Culcha Candela at Zenith, die Kulturhalle (19 Mar 27)<\/span><\/div><div class=\"location\">Zenith, die Kulturhalle, Lilienthalallee 29, 80939, Munich, Germany<\/div><div class=\"eventdesc\"><p><a href=\"https:\/\/www.songkick.com\/concerts\/43392492-culcha-candela-at-zenith-die-kulturhalle?utm_campaign=tracked_artist&#038;utm_content=ZD0yNDYxMjg2JnU9MTM3MjI4MTU5&#038;utm_medium=feed&#038;utm_source=ical\" rel=\"nofollow\">https:\/\/www.songkick.com\/concerts\/43392492-culcha-candela-at-zenith-die-kulturhalle?utm_campaign=tracked_artist&#038;utm_content=ZD0yNDYxMjg2JnU9MTM3MjI4MTU5&#038;utm_medium=feed&#038;utm_source=ical<\/a><\/p><\/div><\/div>\t\t\t\t\t\t\t\t\t\t\t\t\t\t<\/li>\n\t\t\t\t\t\t\t\t\t\t\t\t\t\t\t\t\t\t\t\t\t\t\t\t\t\t\t\t<li class=\"event all-day\" data-feed-key=\"0\">\n\t\t\t\t\t\t\t\t\t\t\t\t\t\t\t<span class=\"title has_desc confirmed\">DUB INC at La BAM (La Boite \u00e0 Musiques) (19 Mar 27)<\/span><div class=\"descloc hover_block\"><div class=\"title_in_hover_block\"><span class=\"title confirmed\">DUB INC at La BAM (La Boite \u00e0 Musiques) (19 Mar 27)<\/span><\/div><div class=\"location\">La BAM (La Boite \u00e0 Musiques), 20 bd d'Alsace, 57000, Metz, France<\/div><div class=\"eventdesc\"><p><a href=\"https:\/\/www.songkick.com\/concerts\/43140540-dub-inc-at-la-bam?utm_campaign=tracked_artist&#038;utm_content=ZD0yNDYxMjg2JnU9MTM3MjI4MTU5&#038;utm_medium=feed&#038;utm_source=ical\" rel=\"nofollow\">https:\/\/www.songkick.com\/concerts\/43140540-dub-inc-at-la-bam?utm_campaign=tracked_artist&#038;utm_content=ZD0yNDYxMjg2JnU9MTM3MjI4MTU5&#038;utm_medium=feed&#038;utm_source=ical<\/a><\/p><\/div><\/div>\t\t\t\t\t\t\t\t\t\t\t\t\t\t<\/li>\n\t\t\t\t\t\t\t\t\t\t\t\t\t\t\t\t\t\t\t\t\t\t\t\t\t\t\t\t<li class=\"event all-day\" data-feed-key=\"0\">\n\t\t\t\t\t\t\t\t\t\t\t\t\t\t\t<span class=\"title has_desc confirmed\">Tash Sultana at Velodrom (19 Mar 27)<\/span><div class=\"descloc hover_block\"><div class=\"title_in_hover_block\"><span class=\"title confirmed\">Tash Sultana at Velodrom (19 Mar 27)<\/span><\/div><div class=\"location\">Velodrom, Paul-Heyse-Str. 26, 10407, Berlin, Germany<\/div><div class=\"eventdesc\"><p><a href=\"https:\/\/www.songkick.com\/concerts\/42768277-tash-sultana-at-velodrom?utm_campaign=tracked_artist&#038;utm_content=ZD0yNDYxMjg2JnU9MTM3MjI4MTU5&#038;utm_medium=feed&#038;utm_source=ical\" rel=\"nofollow\">https:\/\/www.songkick.com\/concerts\/42768277-tash-sultana-at-velodrom?utm_campaign=tracked_artist&#038;utm_content=ZD0yNDYxMjg2JnU9MTM3MjI4MTU5&#038;utm_medium=feed&#038;utm_source=ical<\/a><\/p><\/div><\/div>\t\t\t\t\t\t\t\t\t\t\t\t\t\t<\/li>\n\t\t\t\t\t\t\t\t\t\t\t\t\t\t\t\t\t\t\t\t\t\t\t\t<\/ul>\n\t\t\t\t\t\t\t\t\t\t\t\t\t\t\t\t\t\t<\/td>\n\t\t\t\t\t\t\t\t\t\t\t\t\t\t\t\t<td data-dow=\"6\" data-events-count=\"4\" data-feed-keys=\"0\" class=\"future has_events d_20 dow_6\">\n\t\t\t\t\t\t\t\t\t<div class=\"day\">\n\t\t\t\t\t\t\t\t\t\t\t\t\t\t\t\t\t\t\t\t\t<span class=\"phone_only\" id=\"r6a97dccace13c5d-20270320\"><span data-date-format=\"l\">Saturday<\/span> <span data-date-format=\"F\">March<\/span> <span data-date-format=\"j\">20<\/span><\/span>\n\t\t\t\t\t\t\t\t\t\t\t<span class=\"no_phone\" aria-hidden=\"true\">20<\/span>\n\t\t\t\t\t\t\t\t\t\t\t\t\t\t\t\t\t\t\t\t<\/div>\n\t\t\t\t\t\t\t\t\t\t\t\t\t\t\t\t\t\t\t<ul class=\"events\" aria-labelledby=\"r6a97dccace13c5d-20270320\">\n\t\t\t\t\t\t\t\t\t\t\t\t\t\t\t\t\t\t\t\t\t\t\t\t\t<li class=\"event all-day\" data-feed-key=\"0\">\n\t\t\t\t\t\t\t\t\t\t\t\t\t\t\t\t\t\t\t\t\t\t\t\t\t\t\t\t\t\t\t<span class=\"all-day-indicator\">All Day<\/span>\n\t\t\t\t\t\t\t\t\t\t\t\t\t\t\t\t<span class=\"title has_desc confirmed\">AMI Warning at Karlstorbahnhof (KTB) (20 Mar 27)<\/span><div class=\"descloc hover_block\"><div class=\"title_in_hover_block\"><span class=\"title confirmed\">AMI Warning at Karlstorbahnhof (KTB) (20 Mar 27)<\/span><\/div><div class=\"location\">Karlstorbahnhof (KTB), Marlene-Dietrich-Platz 3, 69126, Heidelberg, Germany<\/div><div class=\"eventdesc\"><p><a href=\"https:\/\/www.songkick.com\/concerts\/43232528-ami-warning-at-karlstorbahnhof?utm_campaign=tracked_artist&#038;utm_content=ZD0yNDYxMjg2JnU9MTM3MjI4MTU5&#038;utm_medium=feed&#038;utm_source=ical\" rel=\"nofollow\">https:\/\/www.songkick.com\/concerts\/43232528-ami-warning-at-karlstorbahnhof?utm_campaign=tracked_artist&#038;utm_content=ZD0yNDYxMjg2JnU9MTM3MjI4MTU5&#038;utm_medium=feed&#038;utm_source=ical<\/a><\/p><\/div><\/div>\t\t\t\t\t\t\t\t\t\t\t\t\t\t<\/li>\n\t\t\t\t\t\t\t\t\t\t\t\t\t\t\t\t\t\t\t\t\t\t\t\t\t\t\t\t<li class=\"event all-day\" data-feed-key=\"0\">\n\t\t\t\t\t\t\t\t\t\t\t\t\t\t\t<span class=\"title has_desc confirmed\">Hans S\u00f6llner at Kur- &amp; Kongress-Center (20 Mar 27)<\/span><div class=\"descloc hover_block\"><div class=\"title_in_hover_block\"><span class=\"title confirmed\">Hans S\u00f6llner at Kur- &amp; Kongress-Center (20 Mar 27)<\/span><\/div><div class=\"location\">Kur- &amp; Kongress-Center, Erkenbrechtallee 2, 91438, Bad Windsheim, Germany<\/div><div class=\"eventdesc\"><p><a href=\"https:\/\/www.songkick.com\/concerts\/43105457-hans-sollner-at-kur-and-kongresscenter?utm_campaign=tracked_artist&#038;utm_content=ZD0yNDYxMjg2JnU9MTM3MjI4MTU5&#038;utm_medium=feed&#038;utm_source=ical\" rel=\"nofollow\">https:\/\/www.songkick.com\/concerts\/43105457-hans-sollner-at-kur-and-kongresscenter?utm_campaign=tracked_artist&#038;utm_content=ZD0yNDYxMjg2JnU9MTM3MjI4MTU5&#038;utm_medium=feed&#038;utm_source=ical<\/a><\/p><\/div><\/div>\t\t\t\t\t\t\t\t\t\t\t\t\t\t<\/li>\n\t\t\t\t\t\t\t\t\t\t\t\t\t\t\t\t\t\t\t\t\t\t\t\t\t\t\t\t<li class=\"event all-day\" data-feed-key=\"0\">\n\t\t\t\t\t\t\t\t\t\t\t\t\t\t\t<span class=\"title has_desc confirmed\">Lo &amp; Leduc at Old Capitol (20 Mar 27)<\/span><div class=\"descloc hover_block\"><div class=\"title_in_hover_block\"><span class=\"title confirmed\">Lo &amp; Leduc at Old Capitol (20 Mar 27)<\/span><\/div><div class=\"location\">Old Capitol, Spitalgasse 6, 4900, Langenthal, Switzerland<\/div><div class=\"eventdesc\"><p><a href=\"https:\/\/www.songkick.com\/concerts\/43369801-lo-and-leduc-at-old-capitol?utm_campaign=tracked_artist&#038;utm_content=ZD0yNDYxMjg2JnU9MTM3MjI4MTU5&#038;utm_medium=feed&#038;utm_source=ical\" rel=\"nofollow\">https:\/\/www.songkick.com\/concerts\/43369801-lo-and-leduc-at-old-capitol?utm_campaign=tracked_artist&#038;utm_content=ZD0yNDYxMjg2JnU9MTM3MjI4MTU5&#038;utm_medium=feed&#038;utm_source=ical<\/a><\/p><\/div><\/div>\t\t\t\t\t\t\t\t\t\t\t\t\t\t<\/li>\n\t\t\t\t\t\t\t\t\t\t\t\t\t\t\t\t\t\t\t\t\t\t\t\t\t\t\t\t<li class=\"event all-day\" data-feed-key=\"0\">\n\t\t\t\t\t\t\t\t\t\t\t\t\t\t\t<span class=\"title has_desc confirmed\">Pronto at Kulturfabrik Kofmehl (20 Mar 27)<\/span><div class=\"descloc hover_block\"><div class=\"title_in_hover_block\"><span class=\"title confirmed\">Pronto at Kulturfabrik Kofmehl (20 Mar 27)<\/span><\/div><div class=\"location\">Kulturfabrik Kofmehl, Kofmehlweg 1, 4503, Solothurn, Switzerland<\/div><div class=\"eventdesc\"><p><a href=\"https:\/\/www.songkick.com\/concerts\/43352037-pronto-at-kulturfabrik-kofmehl?utm_campaign=tracked_artist&#038;utm_content=ZD0yNDYxMjg2JnU9MTM3MjI4MTU5&#038;utm_medium=feed&#038;utm_source=ical\" rel=\"nofollow\">https:\/\/www.songkick.com\/concerts\/43352037-pronto-at-kulturfabrik-kofmehl?utm_campaign=tracked_artist&#038;utm_content=ZD0yNDYxMjg2JnU9MTM3MjI4MTU5&#038;utm_medium=feed&#038;utm_source=ical<\/a><\/p><\/div><\/div>\t\t\t\t\t\t\t\t\t\t\t\t\t\t<\/li>\n\t\t\t\t\t\t\t\t\t\t\t\t\t\t\t\t\t\t\t\t\t\t\t\t<\/ul>\n\t\t\t\t\t\t\t\t\t\t\t\t\t\t\t\t\t\t<\/td>\n\t\t\t\t\t\t\t\t\t\t\t\t\t\t\t\t<td data-dow=\"0\" data-events-count=\"1\" data-feed-keys=\"0\" class=\"future has_events d_21 dow_0\">\n\t\t\t\t\t\t\t\t\t<div class=\"day\">\n\t\t\t\t\t\t\t\t\t\t\t\t\t\t\t\t\t\t\t\t\t<span class=\"phone_only\" id=\"r6a97dccace13c5d-20270321\"><span data-date-format=\"l\">Sunday<\/span> <span data-date-format=\"F\">March<\/span> <span data-date-format=\"j\">21<\/span><\/span>\n\t\t\t\t\t\t\t\t\t\t\t<span class=\"no_phone\" aria-hidden=\"true\">21<\/span>\n\t\t\t\t\t\t\t\t\t\t\t\t\t\t\t\t\t\t\t\t<\/div>\n\t\t\t\t\t\t\t\t\t\t\t\t\t\t\t\t\t\t\t<ul class=\"events\" aria-labelledby=\"r6a97dccace13c5d-20270321\">\n\t\t\t\t\t\t\t\t\t\t\t\t\t\t\t\t\t\t\t\t\t\t\t\t\t<li class=\"event all-day\" data-feed-key=\"0\">\n\t\t\t\t\t\t\t\t\t\t\t\t\t\t\t\t\t\t\t\t\t\t\t\t\t\t\t\t\t\t\t<span class=\"all-day-indicator\">All Day<\/span>\n\t\t\t\t\t\t\t\t\t\t\t\t\t\t\t\t<span class=\"title has_desc confirmed\">Tash Sultana at Porsche Arena (21 Mar 27) with Jeremy Loops and South Summit<\/span><div class=\"descloc hover_block\"><div class=\"title_in_hover_block\"><span class=\"title confirmed\">Tash Sultana at Porsche Arena (21 Mar 27) with Jeremy Loops and South Summit<\/span><\/div><div class=\"location\">Porsche Arena, Mercedesstra\u00dfe 69, 70372, Stuttgart, Germany<\/div><div class=\"eventdesc\"><p><a href=\"https:\/\/www.songkick.com\/concerts\/42769189-tash-sultana-at-porsche-arena?utm_campaign=tracked_artist&#038;utm_content=ZD0yNDYxMjg2JnU9MTM3MjI4MTU5&#038;utm_medium=feed&#038;utm_source=ical\" rel=\"nofollow\">https:\/\/www.songkick.com\/concerts\/42769189-tash-sultana-at-porsche-arena?utm_campaign=tracked_artist&#038;utm_content=ZD0yNDYxMjg2JnU9MTM3MjI4MTU5&#038;utm_medium=feed&#038;utm_source=ical<\/a><\/p><\/div><\/div>\t\t\t\t\t\t\t\t\t\t\t\t\t\t<\/li>\n\t\t\t\t\t\t\t\t\t\t\t\t\t\t\t\t\t\t\t\t\t\t\t\t<\/ul>\n\t\t\t\t\t\t\t\t\t\t\t\t\t\t\t\t\t\t<\/td>\n\t\t\t\t\t\t\t\t<\/tr><tr>\t\t\t\t\t\t\t\t<td data-dow=\"1\" data-events-count=\"3\" data-feed-keys=\"0\" class=\"future has_events d_22 dow_1\">\n\t\t\t\t\t\t\t\t\t<div class=\"day\">\n\t\t\t\t\t\t\t\t\t\t\t\t\t\t\t\t\t\t\t\t\t<span class=\"phone_only\" id=\"r6a97dccace13c5d-20270322\"><span data-date-format=\"l\">Monday<\/span> <span data-date-format=\"F\">March<\/span> <span data-date-format=\"j\">22<\/span><\/span>\n\t\t\t\t\t\t\t\t\t\t\t<span class=\"no_phone\" aria-hidden=\"true\">22<\/span>\n\t\t\t\t\t\t\t\t\t\t\t\t\t\t\t\t\t\t\t\t<\/div>\n\t\t\t\t\t\t\t\t\t\t\t\t\t\t\t\t\t\t\t<ul class=\"events\" aria-labelledby=\"r6a97dccace13c5d-20270322\">\n\t\t\t\t\t\t\t\t\t\t\t\t\t\t\t\t\t\t\t\t\t\t\t\t\t<li class=\"event all-day\" data-feed-key=\"0\">\n\t\t\t\t\t\t\t\t\t\t\t\t\t\t\t\t\t\t\t\t\t\t\t\t\t\t\t\t\t\t\t<span class=\"all-day-indicator\">All Day<\/span>\n\t\t\t\t\t\t\t\t\t\t\t\t\t\t\t\t<span class=\"title has_desc confirmed\">Culcha Candela at Meistersingerhalle (22 Mar 27)<\/span><div class=\"descloc hover_block\"><div class=\"title_in_hover_block\"><span class=\"title confirmed\">Culcha Candela at Meistersingerhalle (22 Mar 27)<\/span><\/div><div class=\"location\">Meistersingerhalle, M\u00fcnchener Stra\u00dfe 21, 90478, Nuremberg, Germany<\/div><div class=\"eventdesc\"><p><a href=\"https:\/\/www.songkick.com\/concerts\/43392494-culcha-candela-at-meistersingerhalle?utm_campaign=tracked_artist&#038;utm_content=ZD0yNDYxMjg2JnU9MTM3MjI4MTU5&#038;utm_medium=feed&#038;utm_source=ical\" rel=\"nofollow\">https:\/\/www.songkick.com\/concerts\/43392494-culcha-candela-at-meistersingerhalle?utm_campaign=tracked_artist&#038;utm_content=ZD0yNDYxMjg2JnU9MTM3MjI4MTU5&#038;utm_medium=feed&#038;utm_source=ical<\/a><\/p><\/div><\/div>\t\t\t\t\t\t\t\t\t\t\t\t\t\t<\/li>\n\t\t\t\t\t\t\t\t\t\t\t\t\t\t\t\t\t\t\t\t\t\t\t\t\t\t\t\t<li class=\"event all-day\" data-feed-key=\"0\">\n\t\t\t\t\t\t\t\t\t\t\t\t\t\t\t<span class=\"title has_desc confirmed\">KALEO at Zenith, die Kulturhalle (22 Mar 27)<\/span><div class=\"descloc hover_block\"><div class=\"title_in_hover_block\"><span class=\"title confirmed\">KALEO at Zenith, die Kulturhalle (22 Mar 27)<\/span><\/div><div class=\"location\">Zenith, die Kulturhalle, Lilienthalallee 29, 80939, Munich, Germany<\/div><div class=\"eventdesc\"><p><a href=\"https:\/\/www.songkick.com\/concerts\/43299698-kaleo-at-zenith-die-kulturhalle?utm_campaign=tracked_artist&#038;utm_content=ZD0yNDYxMjg2JnU9MTM3MjI4MTU5&#038;utm_medium=feed&#038;utm_source=ical\" rel=\"nofollow\">https:\/\/www.songkick.com\/concerts\/43299698-kaleo-at-zenith-die-kulturhalle?utm_campaign=tracked_artist&#038;utm_content=ZD0yNDYxMjg2JnU9MTM3MjI4MTU5&#038;utm_medium=feed&#038;utm_source=ical<\/a><\/p><\/div><\/div>\t\t\t\t\t\t\t\t\t\t\t\t\t\t<\/li>\n\t\t\t\t\t\t\t\t\t\t\t\t\t\t\t\t\t\t\t\t\t\t\t\t\t\t\t\t<li class=\"event all-day\" data-feed-key=\"0\">\n\t\t\t\t\t\t\t\t\t\t\t\t\t\t\t<span class=\"title has_desc confirmed\">Tash Sultana at Olympiahalle M\u00fcnchen (22 Mar 27) with Jeremy Loops and South Summit<\/span><div class=\"descloc hover_block\"><div class=\"title_in_hover_block\"><span class=\"title confirmed\">Tash Sultana at Olympiahalle M\u00fcnchen (22 Mar 27) with Jeremy Loops and South Summit<\/span><\/div><div class=\"location\">Olympiahalle M\u00fcnchen, Spiridon-Louis-Ring 21, 80809, Munich, Germany<\/div><div class=\"eventdesc\"><p><a href=\"https:\/\/www.songkick.com\/concerts\/42769200-tash-sultana-at-olympiahalle-munchen?utm_campaign=tracked_artist&#038;utm_content=ZD0yNDYxMjg2JnU9MTM3MjI4MTU5&#038;utm_medium=feed&#038;utm_source=ical\" rel=\"nofollow\">https:\/\/www.songkick.com\/concerts\/42769200-tash-sultana-at-olympiahalle-munchen?utm_campaign=tracked_artist&#038;utm_content=ZD0yNDYxMjg2JnU9MTM3MjI4MTU5&#038;utm_medium=feed&#038;utm_source=ical<\/a><\/p><\/div><\/div>\t\t\t\t\t\t\t\t\t\t\t\t\t\t<\/li>\n\t\t\t\t\t\t\t\t\t\t\t\t\t\t\t\t\t\t\t\t\t\t\t\t<\/ul>\n\t\t\t\t\t\t\t\t\t\t\t\t\t\t\t\t\t\t<\/td>\n\t\t\t\t\t\t\t\t\t\t\t\t\t\t\t\t<td data-dow=\"2\" data-events-count=\"2\" data-feed-keys=\"0\" class=\"future has_events d_23 dow_2\">\n\t\t\t\t\t\t\t\t\t<div class=\"day\">\n\t\t\t\t\t\t\t\t\t\t\t\t\t\t\t\t\t\t\t\t\t<span class=\"phone_only\" id=\"r6a97dccace13c5d-20270323\"><span data-date-format=\"l\">Tuesday<\/span> <span data-date-format=\"F\">March<\/span> <span data-date-format=\"j\">23<\/span><\/span>\n\t\t\t\t\t\t\t\t\t\t\t<span class=\"no_phone\" aria-hidden=\"true\">23<\/span>\n\t\t\t\t\t\t\t\t\t\t\t\t\t\t\t\t\t\t\t\t<\/div>\n\t\t\t\t\t\t\t\t\t\t\t\t\t\t\t\t\t\t\t<ul class=\"events\" aria-labelledby=\"r6a97dccace13c5d-20270323\">\n\t\t\t\t\t\t\t\t\t\t\t\t\t\t\t\t\t\t\t\t\t\t\t\t\t<li class=\"event all-day\" data-feed-key=\"0\">\n\t\t\t\t\t\t\t\t\t\t\t\t\t\t\t\t\t\t\t\t\t\t\t\t\t\t\t\t\t\t\t<span class=\"all-day-indicator\">All Day<\/span>\n\t\t\t\t\t\t\t\t\t\t\t\t\t\t\t\t<span class=\"title has_desc confirmed\">Culcha Candela at Tempodrom (23 Mar 27)<\/span><div class=\"descloc hover_block\"><div class=\"title_in_hover_block\"><span class=\"title confirmed\">Culcha Candela at Tempodrom (23 Mar 27)<\/span><\/div><div class=\"location\">Tempodrom, M\u00f6ckernstra\u00dfe 10, 10963, Berlin, Germany<\/div><div class=\"eventdesc\"><p><a href=\"https:\/\/www.songkick.com\/concerts\/43392495-culcha-candela-at-tempodrom?utm_campaign=tracked_artist&#038;utm_content=ZD0yNDYxMjg2JnU9MTM3MjI4MTU5&#038;utm_medium=feed&#038;utm_source=ical\" rel=\"nofollow\">https:\/\/www.songkick.com\/concerts\/43392495-culcha-candela-at-tempodrom?utm_campaign=tracked_artist&#038;utm_content=ZD0yNDYxMjg2JnU9MTM3MjI4MTU5&#038;utm_medium=feed&#038;utm_source=ical<\/a><\/p><\/div><\/div>\t\t\t\t\t\t\t\t\t\t\t\t\t\t<\/li>\n\t\t\t\t\t\t\t\t\t\t\t\t\t\t\t\t\t\t\t\t\t\t\t\t\t\t\t\t<li class=\"event all-day\" data-feed-key=\"0\">\n\t\t\t\t\t\t\t\t\t\t\t\t\t\t\t<span class=\"title has_desc confirmed\">KALEO at Halle 622 (23 Mar 27)<\/span><div class=\"descloc hover_block\"><div class=\"title_in_hover_block\"><span class=\"title confirmed\">KALEO at Halle 622 (23 Mar 27)<\/span><\/div><div class=\"location\">Halle 622, Therese-Giehse-Strasse 10, 8050, Z\u00fcrich, Switzerland<\/div><div class=\"eventdesc\"><p><a href=\"https:\/\/www.songkick.com\/concerts\/43298952-kaleo-at-halle-622?utm_campaign=tracked_artist&#038;utm_content=ZD0yNDYxMjg2JnU9MTM3MjI4MTU5&#038;utm_medium=feed&#038;utm_source=ical\" rel=\"nofollow\">https:\/\/www.songkick.com\/concerts\/43298952-kaleo-at-halle-622?utm_campaign=tracked_artist&#038;utm_content=ZD0yNDYxMjg2JnU9MTM3MjI4MTU5&#038;utm_medium=feed&#038;utm_source=ical<\/a><\/p><\/div><\/div>\t\t\t\t\t\t\t\t\t\t\t\t\t\t<\/li>\n\t\t\t\t\t\t\t\t\t\t\t\t\t\t\t\t\t\t\t\t\t\t\t\t<\/ul>\n\t\t\t\t\t\t\t\t\t\t\t\t\t\t\t\t\t\t<\/td>\n\t\t\t\t\t\t\t\t\t\t\t\t\t\t\t\t<td data-dow=\"3\" data-events-count=\"0\" data-feed-keys=\"\" class=\"future empty d_24 dow_3\">\n\t\t\t\t\t\t\t\t\t<div class=\"day\">\n\t\t\t\t\t\t\t\t\t\t\t\t\t\t\t\t\t\t\t\t\t<span class=\"phone_only\" id=\"r6a97dccace13c5d-20270324\"><span data-date-format=\"l\">Wednesday<\/span> <span data-date-format=\"F\">March<\/span> <span data-date-format=\"j\">24<\/span><\/span>\n\t\t\t\t\t\t\t\t\t\t\t<span class=\"no_phone\" aria-hidden=\"true\">24<\/span>\n\t\t\t\t\t\t\t\t\t\t\t\t\t\t\t\t\t\t\t\t<\/div>\n\t\t\t\t\t\t\t\t\t\t\t\t\t\t\t\t\t<\/td>\n\t\t\t\t\t\t\t\t\t\t\t\t\t\t\t\t<td data-dow=\"4\" data-events-count=\"1\" data-feed-keys=\"0\" class=\"future has_events d_25 dow_4\">\n\t\t\t\t\t\t\t\t\t<div class=\"day\">\n\t\t\t\t\t\t\t\t\t\t\t\t\t\t\t\t\t\t\t\t\t<span class=\"phone_only\" id=\"r6a97dccace13c5d-20270325\"><span data-date-format=\"l\">Thursday<\/span> <span data-date-format=\"F\">March<\/span> <span data-date-format=\"j\">25<\/span><\/span>\n\t\t\t\t\t\t\t\t\t\t\t<span class=\"no_phone\" aria-hidden=\"true\">25<\/span>\n\t\t\t\t\t\t\t\t\t\t\t\t\t\t\t\t\t\t\t\t<\/div>\n\t\t\t\t\t\t\t\t\t\t\t\t\t\t\t\t\t\t\t<ul class=\"events\" aria-labelledby=\"r6a97dccace13c5d-20270325\">\n\t\t\t\t\t\t\t\t\t\t\t\t\t\t\t\t\t\t\t\t\t\t\t\t\t<li class=\"event all-day\" data-feed-key=\"0\">\n\t\t\t\t\t\t\t\t\t\t\t\t\t\t\t\t\t\t\t\t\t\t\t\t\t\t\t\t\t\t\t<span class=\"all-day-indicator\">All Day<\/span>\n\t\t\t\t\t\t\t\t\t\t\t\t\t\t\t\t<span class=\"title has_desc confirmed\">Tash Sultana at Festhalle Frankfurt (25 Mar 27) with Jeremy Loops and South Summit<\/span><div class=\"descloc hover_block\"><div class=\"title_in_hover_block\"><span class=\"title confirmed\">Tash Sultana at Festhalle Frankfurt (25 Mar 27) with Jeremy Loops and South Summit<\/span><\/div><div class=\"location\">Festhalle Frankfurt, Ludwig-Erhard-Anlage 1, 60327, Frankfurt, Germany<\/div><div class=\"eventdesc\"><p><a href=\"https:\/\/www.songkick.com\/concerts\/42769188-tash-sultana-at-festhalle-frankfurt?utm_campaign=tracked_artist&#038;utm_content=ZD0yNDYxMjg2JnU9MTM3MjI4MTU5&#038;utm_medium=feed&#038;utm_source=ical\" rel=\"nofollow\">https:\/\/www.songkick.com\/concerts\/42769188-tash-sultana-at-festhalle-frankfurt?utm_campaign=tracked_artist&#038;utm_content=ZD0yNDYxMjg2JnU9MTM3MjI4MTU5&#038;utm_medium=feed&#038;utm_source=ical<\/a><\/p><\/div><\/div>\t\t\t\t\t\t\t\t\t\t\t\t\t\t<\/li>\n\t\t\t\t\t\t\t\t\t\t\t\t\t\t\t\t\t\t\t\t\t\t\t\t<\/ul>\n\t\t\t\t\t\t\t\t\t\t\t\t\t\t\t\t\t\t<\/td>\n\t\t\t\t\t\t\t\t\t\t\t\t\t\t\t\t<td data-dow=\"5\" data-events-count=\"0\" data-feed-keys=\"\" class=\"future empty d_26 dow_5\">\n\t\t\t\t\t\t\t\t\t<div class=\"day\">\n\t\t\t\t\t\t\t\t\t\t\t\t\t\t\t\t\t\t\t\t\t<span class=\"phone_only\" id=\"r6a97dccace13c5d-20270326\"><span data-date-format=\"l\">Friday<\/span> <span data-date-format=\"F\">March<\/span> <span data-date-format=\"j\">26<\/span><\/span>\n\t\t\t\t\t\t\t\t\t\t\t<span class=\"no_phone\" aria-hidden=\"true\">26<\/span>\n\t\t\t\t\t\t\t\t\t\t\t\t\t\t\t\t\t\t\t\t<\/div>\n\t\t\t\t\t\t\t\t\t\t\t\t\t\t\t\t\t<\/td>\n\t\t\t\t\t\t\t\t\t\t\t\t\t\t\t\t<td data-dow=\"6\" data-events-count=\"1\" data-feed-keys=\"0\" class=\"future has_events d_27 dow_6\">\n\t\t\t\t\t\t\t\t\t<div class=\"day\">\n\t\t\t\t\t\t\t\t\t\t\t\t\t\t\t\t\t\t\t\t\t<span class=\"phone_only\" id=\"r6a97dccace13c5d-20270327\"><span data-date-format=\"l\">Saturday<\/span> <span data-date-format=\"F\">March<\/span> <span data-date-format=\"j\">27<\/span><\/span>\n\t\t\t\t\t\t\t\t\t\t\t<span class=\"no_phone\" aria-hidden=\"true\">27<\/span>\n\t\t\t\t\t\t\t\t\t\t\t\t\t\t\t\t\t\t\t\t<\/div>\n\t\t\t\t\t\t\t\t\t\t\t\t\t\t\t\t\t\t\t<ul class=\"events\" aria-labelledby=\"r6a97dccace13c5d-20270327\">\n\t\t\t\t\t\t\t\t\t\t\t\t\t\t\t\t\t\t\t\t\t\t\t\t\t<li class=\"event all-day\" data-feed-key=\"0\">\n\t\t\t\t\t\t\t\t\t\t\t\t\t\t\t\t\t\t\t\t\t\t\t\t\t\t\t\t\t\t\t<span class=\"all-day-indicator\">All Day<\/span>\n\t\t\t\t\t\t\t\t\t\t\t\t\t\t\t\t<span class=\"title has_desc confirmed\">Konrad Kuechenmeister at Kulturfabrik (27 Mar 27)<\/span><div class=\"descloc hover_block\"><div class=\"title_in_hover_block\"><span class=\"title confirmed\">Konrad Kuechenmeister at Kulturfabrik (27 Mar 27)<\/span><\/div><div class=\"location\">Kulturfabrik, Braugasse 1, 02997, Hoyerswerda, Germany<\/div><div class=\"eventdesc\"><p><a href=\"https:\/\/www.songkick.com\/concerts\/43373738-konrad-kuechenmeister-at-kulturfabrik?utm_campaign=tracked_artist&#038;utm_content=ZD0yNDYxMjg2JnU9MTM3MjI4MTU5&#038;utm_medium=feed&#038;utm_source=ical\" rel=\"nofollow\">https:\/\/www.songkick.com\/concerts\/43373738-konrad-kuechenmeister-at-kulturfabrik?utm_campaign=tracked_artist&#038;utm_content=ZD0yNDYxMjg2JnU9MTM3MjI4MTU5&#038;utm_medium=feed&#038;utm_source=ical<\/a><\/p><\/div><\/div>\t\t\t\t\t\t\t\t\t\t\t\t\t\t<\/li>\n\t\t\t\t\t\t\t\t\t\t\t\t\t\t\t\t\t\t\t\t\t\t\t\t<\/ul>\n\t\t\t\t\t\t\t\t\t\t\t\t\t\t\t\t\t\t<\/td>\n\t\t\t\t\t\t\t\t\t\t\t\t\t\t\t\t<td data-dow=\"0\" data-events-count=\"0\" data-feed-keys=\"\" class=\"future empty d_28 dow_0\">\n\t\t\t\t\t\t\t\t\t<div class=\"day\">\n\t\t\t\t\t\t\t\t\t\t\t\t\t\t\t\t\t\t\t\t\t<span class=\"phone_only\" id=\"r6a97dccace13c5d-20270328\"><span data-date-format=\"l\">Sunday<\/span> <span data-date-format=\"F\">March<\/span> <span data-date-format=\"j\">28<\/span><\/span>\n\t\t\t\t\t\t\t\t\t\t\t<span class=\"no_phone\" aria-hidden=\"true\">28<\/span>\n\t\t\t\t\t\t\t\t\t\t\t\t\t\t\t\t\t\t\t\t<\/div>\n\t\t\t\t\t\t\t\t\t\t\t\t\t\t\t\t\t<\/td>\n\t\t\t\t\t\t\t\t<\/tr><tr>\t\t\t\t\t\t\t\t<td data-dow=\"1\" data-events-count=\"1\" data-feed-keys=\"0\" class=\"future has_events d_29 dow_1\">\n\t\t\t\t\t\t\t\t\t<div class=\"day\">\n\t\t\t\t\t\t\t\t\t\t\t\t\t\t\t\t\t\t\t\t\t<span class=\"phone_only\" id=\"r6a97dccace13c5d-20270329\"><span data-date-format=\"l\">Monday<\/span> <span data-date-format=\"F\">March<\/span> <span data-date-format=\"j\">29<\/span><\/span>\n\t\t\t\t\t\t\t\t\t\t\t<span class=\"no_phone\" aria-hidden=\"true\">29<\/span>\n\t\t\t\t\t\t\t\t\t\t\t\t\t\t\t\t\t\t\t\t<\/div>\n\t\t\t\t\t\t\t\t\t\t\t\t\t\t\t\t\t\t\t<ul class=\"events\" aria-labelledby=\"r6a97dccace13c5d-20270329\">\n\t\t\t\t\t\t\t\t\t\t\t\t\t\t\t\t\t\t\t\t\t\t\t\t\t<li class=\"event all-day\" data-feed-key=\"0\">\n\t\t\t\t\t\t\t\t\t\t\t\t\t\t\t\t\t\t\t\t\t\t\t\t\t\t\t\t\t\t\t<span class=\"all-day-indicator\">All Day<\/span>\n\t\t\t\t\t\t\t\t\t\t\t\t\t\t\t\t<span class=\"title has_desc confirmed\">KALEO at Uber Eats Music Hall (29 Mar 27)<\/span><div class=\"descloc hover_block\"><div class=\"title_in_hover_block\"><span class=\"title confirmed\">KALEO at Uber Eats Music Hall (29 Mar 27)<\/span><\/div><div class=\"location\">Uber Eats Music Hall, Uber Platz 2, 10243, Berlin, Germany<\/div><div class=\"eventdesc\"><p><a href=\"https:\/\/www.songkick.com\/concerts\/43299726-kaleo-at-uber-eats-music-hall?utm_campaign=tracked_artist&#038;utm_content=ZD0yNDYxMjg2JnU9MTM3MjI4MTU5&#038;utm_medium=feed&#038;utm_source=ical\" rel=\"nofollow\">https:\/\/www.songkick.com\/concerts\/43299726-kaleo-at-uber-eats-music-hall?utm_campaign=tracked_artist&#038;utm_content=ZD0yNDYxMjg2JnU9MTM3MjI4MTU5&#038;utm_medium=feed&#038;utm_source=ical<\/a><\/p><\/div><\/div>\t\t\t\t\t\t\t\t\t\t\t\t\t\t<\/li>\n\t\t\t\t\t\t\t\t\t\t\t\t\t\t\t\t\t\t\t\t\t\t\t\t<\/ul>\n\t\t\t\t\t\t\t\t\t\t\t\t\t\t\t\t\t\t<\/td>\n\t\t\t\t\t\t\t\t\t\t\t\t\t\t\t\t<td data-dow=\"2\" data-events-count=\"1\" data-feed-keys=\"0\" class=\"future has_events d_30 dow_2\">\n\t\t\t\t\t\t\t\t\t<div class=\"day\">\n\t\t\t\t\t\t\t\t\t\t\t\t\t\t\t\t\t\t\t\t\t<span class=\"phone_only\" id=\"r6a97dccace13c5d-20270330\"><span data-date-format=\"l\">Tuesday<\/span> <span data-date-format=\"F\">March<\/span> <span data-date-format=\"j\">30<\/span><\/span>\n\t\t\t\t\t\t\t\t\t\t\t<span class=\"no_phone\" aria-hidden=\"true\">30<\/span>\n\t\t\t\t\t\t\t\t\t\t\t\t\t\t\t\t\t\t\t\t<\/div>\n\t\t\t\t\t\t\t\t\t\t\t\t\t\t\t\t\t\t\t<ul class=\"events\" aria-labelledby=\"r6a97dccace13c5d-20270330\">\n\t\t\t\t\t\t\t\t\t\t\t\t\t\t\t\t\t\t\t\t\t\t\t\t\t<li class=\"event all-day\" data-feed-key=\"0\">\n\t\t\t\t\t\t\t\t\t\t\t\t\t\t\t\t\t\t\t\t\t\t\t\t\t\t\t\t\t\t\t<span class=\"all-day-indicator\">All Day<\/span>\n\t\t\t\t\t\t\t\t\t\t\t\t\t\t\t\t<span class=\"title has_desc confirmed\">Ang\u00e9lique Kidjo and Youssou N'Dour at Elbphilharmonie (30 Mar 27)<\/span><div class=\"descloc hover_block\"><div class=\"title_in_hover_block\"><span class=\"title confirmed\">Ang\u00e9lique Kidjo and Youssou N'Dour at Elbphilharmonie (30 Mar 27)<\/span><\/div><div class=\"location\">Elbphilharmonie, Platz der Deutschen Einheit 1, 20457, Hamburg, Germany<\/div><div class=\"eventdesc\"><p><a href=\"https:\/\/www.songkick.com\/concerts\/43327784-angelique-kidjo-at-elbphilharmonie?utm_campaign=tracked_artist&#038;utm_content=ZD0yNDYxMjg2JnU9MTM3MjI4MTU5&#038;utm_medium=feed&#038;utm_source=ical\" rel=\"nofollow\">https:\/\/www.songkick.com\/concerts\/43327784-angelique-kidjo-at-elbphilharmonie?utm_campaign=tracked_artist&#038;utm_content=ZD0yNDYxMjg2JnU9MTM3MjI4MTU5&#038;utm_medium=feed&#038;utm_source=ical<\/a><\/p><\/div><\/div>\t\t\t\t\t\t\t\t\t\t\t\t\t\t<\/li>\n\t\t\t\t\t\t\t\t\t\t\t\t\t\t\t\t\t\t\t\t\t\t\t\t<\/ul>\n\t\t\t\t\t\t\t\t\t\t\t\t\t\t\t\t\t\t<\/td>\n\t\t\t\t\t\t\t\t\t\t\t\t\t\t\t\t<td data-dow=\"3\" data-events-count=\"1\" data-feed-keys=\"0\" class=\"future has_events d_31 dow_3\">\n\t\t\t\t\t\t\t\t\t<div class=\"day\">\n\t\t\t\t\t\t\t\t\t\t\t\t\t\t\t\t\t\t\t\t\t<span class=\"phone_only\" id=\"r6a97dccace13c5d-20270331\"><span data-date-format=\"l\">Wednesday<\/span> <span data-date-format=\"F\">March<\/span> <span data-date-format=\"j\">31<\/span><\/span>\n\t\t\t\t\t\t\t\t\t\t\t<span class=\"no_phone\" aria-hidden=\"true\">31<\/span>\n\t\t\t\t\t\t\t\t\t\t\t\t\t\t\t\t\t\t\t\t<\/div>\n\t\t\t\t\t\t\t\t\t\t\t\t\t\t\t\t\t\t\t<ul class=\"events\" aria-labelledby=\"r6a97dccace13c5d-20270331\">\n\t\t\t\t\t\t\t\t\t\t\t\t\t\t\t\t\t\t\t\t\t\t\t\t\t<li class=\"event all-day\" data-feed-key=\"0\">\n\t\t\t\t\t\t\t\t\t\t\t\t\t\t\t\t\t\t\t\t\t\t\t\t\t\t\t\t\t\t\t<span class=\"all-day-indicator\">All Day<\/span>\n\t\t\t\t\t\t\t\t\t\t\t\t\t\t\t\t<span class=\"title has_desc confirmed\">AMI Warning at Nachtleben (31 Mar 27)<\/span><div class=\"descloc hover_block\"><div class=\"title_in_hover_block\"><span class=\"title confirmed\">AMI Warning at Nachtleben (31 Mar 27)<\/span><\/div><div class=\"location\">Nachtleben, Kurt-Schumacher-Str. 45, 60313, Frankfurt, Germany<\/div><div class=\"eventdesc\"><p><a href=\"https:\/\/www.songkick.com\/concerts\/43232531-ami-warning-at-nachtleben?utm_campaign=tracked_artist&#038;utm_content=ZD0yNDYxMjg2JnU9MTM3MjI4MTU5&#038;utm_medium=feed&#038;utm_source=ical\" rel=\"nofollow\">https:\/\/www.songkick.com\/concerts\/43232531-ami-warning-at-nachtleben?utm_campaign=tracked_artist&#038;utm_content=ZD0yNDYxMjg2JnU9MTM3MjI4MTU5&#038;utm_medium=feed&#038;utm_source=ical<\/a><\/p><\/div><\/div>\t\t\t\t\t\t\t\t\t\t\t\t\t\t<\/li>\n\t\t\t\t\t\t\t\t\t\t\t\t\t\t\t\t\t\t\t\t\t\t\t\t<\/ul>\n\t\t\t\t\t\t\t\t\t\t\t\t\t\t\t\t\t\t<\/td>\n\t\t\t\t\t\t\t\t\t\t\t\t\t\t\t\t<td class=\"off\" data-dow=\"4\"><\/td>\n\t\t\t\t\t\t\t\t\t\t\t\t\t\t\t\t<td class=\"off\" data-dow=\"5\"><\/td>\n\t\t\t\t\t\t\t\t\t\t\t\t\t\t\t\t<td class=\"off\" data-dow=\"6\"><\/td>\n\t\t\t\t\t\t\t\t\t\t\t\t\t\t\t\t<td class=\"off\" data-dow=\"0\"><\/td>\n\t\t\t\t\t\t\t\t\t\t\t\t\t\t<\/tr>\n\t\t\t\t\t<\/tbody>\n\t\t\t\t<\/table>\n\n\t\t\t\t\n\t\t\t<\/article>\n\t\t\t\t\t\t<article class=\"ics-calendar-month-wrapper\" style=\"display: none;\" data-year-month=\"202704\" data-is-this-month=\"0\">\n\n\t\t\t\t\t\t\t\t\t<h3 class=\"ics-calendar-label\" id=\"r6a97dccace13c5d-202704\">April 2027<\/h3>\n\t\t\t\t\t\t\t\t\t\n\t\t\t\t<table class=\"ics-calendar-month-grid\" aria-labelledby=\"r6a97dccace13c5d-202704\">\n\t\t\t\t\t<thead>\n\t\t\t\t\t\t<tr>\n\t\t\t\t\t\t\t\t\t\t\t\t\t\t\t<th data-dow=\"1\">Monday<\/th>\n\t\t\t\t\t\t\t\t\t\t\t\t\t\t\t\t<th data-dow=\"2\">Tuesday<\/th>\n\t\t\t\t\t\t\t\t\t\t\t\t\t\t\t\t<th data-dow=\"3\">Wednesday<\/th>\n\t\t\t\t\t\t\t\t\t\t\t\t\t\t\t\t<th data-dow=\"4\">Thursday<\/th>\n\t\t\t\t\t\t\t\t\t\t\t\t\t\t\t\t<th data-dow=\"5\">Friday<\/th>\n\t\t\t\t\t\t\t\t\t\t\t\t\t\t\t\t<th data-dow=\"6\">Saturday<\/th>\n\t\t\t\t\t\t\t\t\t\t\t\t\t\t\t\t<th data-dow=\"0\">Sunday<\/th>\n\t\t\t\t\t\t\t\t\t\t\t\t\t\t<\/tr>\n\t\t\t\t\t<\/thead>\n\n\t\t\t\t\t<tbody>\n\t\t\t\t\t\t<tr>\n\t\t\t\t\t\t\t\t\t\t\t\t\t\t\t<td class=\"off\" data-dow=\"1\"><\/td>\n\t\t\t\t\t\t\t\t\t\t\t\t\t\t\t\t<td class=\"off\" data-dow=\"2\"><\/td>\n\t\t\t\t\t\t\t\t\t\t\t\t\t\t\t\t<td class=\"off\" data-dow=\"3\"><\/td>\n\t\t\t\t\t\t\t\t\t\t\t\t\t\t\t\t<td data-dow=\"4\" data-events-count=\"1\" data-feed-keys=\"0\" class=\"future has_events d_01 dow_4\">\n\t\t\t\t\t\t\t\t\t<div class=\"day\">\n\t\t\t\t\t\t\t\t\t\t\t\t\t\t\t\t\t\t\t\t\t<span class=\"phone_only\" id=\"r6a97dccace13c5d-20270401\"><span data-date-format=\"l\">Thursday<\/span> <span data-date-format=\"F\">April<\/span> <span data-date-format=\"j\">1<\/span><\/span>\n\t\t\t\t\t\t\t\t\t\t\t<span class=\"no_phone\" aria-hidden=\"true\">1<\/span>\n\t\t\t\t\t\t\t\t\t\t\t\t\t\t\t\t\t\t\t\t<\/div>\n\t\t\t\t\t\t\t\t\t\t\t\t\t\t\t\t\t\t\t<ul class=\"events\" aria-labelledby=\"r6a97dccace13c5d-20270401\">\n\t\t\t\t\t\t\t\t\t\t\t\t\t\t\t\t\t\t\t\t\t\t\t\t\t<li class=\"event all-day\" data-feed-key=\"0\">\n\t\t\t\t\t\t\t\t\t\t\t\t\t\t\t\t\t\t\t\t\t\t\t\t\t\t\t\t\t\t\t<span class=\"all-day-indicator\">All Day<\/span>\n\t\t\t\t\t\t\t\t\t\t\t\t\t\t\t\t<span class=\"title has_desc confirmed\">AMI Warning at Sputnikhalle (01 Apr 27)<\/span><div class=\"descloc hover_block\"><div class=\"title_in_hover_block\"><span class=\"title confirmed\">AMI Warning at Sputnikhalle (01 Apr 27)<\/span><\/div><div class=\"location\">Sputnikhalle, Am Hawerkamp 31, 48155, M\u00fcnster, Germany<\/div><div class=\"eventdesc\"><p><a href=\"https:\/\/www.songkick.com\/concerts\/43232928-ami-warning-at-sputnikhalle?utm_campaign=tracked_artist&#038;utm_content=ZD0yNDYxMjg2JnU9MTM3MjI4MTU5&#038;utm_medium=feed&#038;utm_source=ical\" rel=\"nofollow\">https:\/\/www.songkick.com\/concerts\/43232928-ami-warning-at-sputnikhalle?utm_campaign=tracked_artist&#038;utm_content=ZD0yNDYxMjg2JnU9MTM3MjI4MTU5&#038;utm_medium=feed&#038;utm_source=ical<\/a><\/p><\/div><\/div>\t\t\t\t\t\t\t\t\t\t\t\t\t\t<\/li>\n\t\t\t\t\t\t\t\t\t\t\t\t\t\t\t\t\t\t\t\t\t\t\t\t<\/ul>\n\t\t\t\t\t\t\t\t\t\t\t\t\t\t\t\t\t\t<\/td>\n\t\t\t\t\t\t\t\t\t\t\t\t\t\t\t\t<td data-dow=\"5\" data-events-count=\"1\" data-feed-keys=\"0\" class=\"future has_events d_02 dow_5\">\n\t\t\t\t\t\t\t\t\t<div class=\"day\">\n\t\t\t\t\t\t\t\t\t\t\t\t\t\t\t\t\t\t\t\t\t<span class=\"phone_only\" id=\"r6a97dccace13c5d-20270402\"><span data-date-format=\"l\">Friday<\/span> <span data-date-format=\"F\">April<\/span> <span data-date-format=\"j\">2<\/span><\/span>\n\t\t\t\t\t\t\t\t\t\t\t<span class=\"no_phone\" aria-hidden=\"true\">2<\/span>\n\t\t\t\t\t\t\t\t\t\t\t\t\t\t\t\t\t\t\t\t<\/div>\n\t\t\t\t\t\t\t\t\t\t\t\t\t\t\t\t\t\t\t<ul class=\"events\" aria-labelledby=\"r6a97dccace13c5d-20270402\">\n\t\t\t\t\t\t\t\t\t\t\t\t\t\t\t\t\t\t\t\t\t\t\t\t\t<li class=\"event all-day\" data-feed-key=\"0\">\n\t\t\t\t\t\t\t\t\t\t\t\t\t\t\t\t\t\t\t\t\t\t\t\t\t\t\t\t\t\t\t<span class=\"all-day-indicator\">All Day<\/span>\n\t\t\t\t\t\t\t\t\t\t\t\t\t\t\t\t<span class=\"title has_desc confirmed\">AMI Warning at Faust - 60er Jahre Halle (02 Apr 27)<\/span><div class=\"descloc hover_block\"><div class=\"title_in_hover_block\"><span class=\"title confirmed\">AMI Warning at Faust - 60er Jahre Halle (02 Apr 27)<\/span><\/div><div class=\"location\">Faust - 60er Jahre Halle, Zur Bettfedernfabrik 3, 30451, Hannover, Germany<\/div><div class=\"eventdesc\"><p><a href=\"https:\/\/www.songkick.com\/concerts\/43232929-ami-warning-at-faust-60er-jahre-halle?utm_campaign=tracked_artist&#038;utm_content=ZD0yNDYxMjg2JnU9MTM3MjI4MTU5&#038;utm_medium=feed&#038;utm_source=ical\" rel=\"nofollow\">https:\/\/www.songkick.com\/concerts\/43232929-ami-warning-at-faust-60er-jahre-halle?utm_campaign=tracked_artist&#038;utm_content=ZD0yNDYxMjg2JnU9MTM3MjI4MTU5&#038;utm_medium=feed&#038;utm_source=ical<\/a><\/p><\/div><\/div>\t\t\t\t\t\t\t\t\t\t\t\t\t\t<\/li>\n\t\t\t\t\t\t\t\t\t\t\t\t\t\t\t\t\t\t\t\t\t\t\t\t<\/ul>\n\t\t\t\t\t\t\t\t\t\t\t\t\t\t\t\t\t\t<\/td>\n\t\t\t\t\t\t\t\t\t\t\t\t\t\t\t\t<td data-dow=\"6\" data-events-count=\"2\" data-feed-keys=\"0\" class=\"future has_events d_03 dow_6\">\n\t\t\t\t\t\t\t\t\t<div class=\"day\">\n\t\t\t\t\t\t\t\t\t\t\t\t\t\t\t\t\t\t\t\t\t<span class=\"phone_only\" id=\"r6a97dccace13c5d-20270403\"><span data-date-format=\"l\">Saturday<\/span> <span data-date-format=\"F\">April<\/span> <span data-date-format=\"j\">3<\/span><\/span>\n\t\t\t\t\t\t\t\t\t\t\t<span class=\"no_phone\" aria-hidden=\"true\">3<\/span>\n\t\t\t\t\t\t\t\t\t\t\t\t\t\t\t\t\t\t\t\t<\/div>\n\t\t\t\t\t\t\t\t\t\t\t\t\t\t\t\t\t\t\t<ul class=\"events\" aria-labelledby=\"r6a97dccace13c5d-20270403\">\n\t\t\t\t\t\t\t\t\t\t\t\t\t\t\t\t\t\t\t\t\t\t\t\t\t<li class=\"event all-day\" data-feed-key=\"0\">\n\t\t\t\t\t\t\t\t\t\t\t\t\t\t\t\t\t\t\t\t\t\t\t\t\t\t\t\t\t\t\t<span class=\"all-day-indicator\">All Day<\/span>\n\t\t\t\t\t\t\t\t\t\t\t\t\t\t\t\t<span class=\"title has_desc confirmed\">AMI Warning at Kulturzentrum Lagerhaus (03 Apr 27)<\/span><div class=\"descloc hover_block\"><div class=\"title_in_hover_block\"><span class=\"title confirmed\">AMI Warning at Kulturzentrum Lagerhaus (03 Apr 27)<\/span><\/div><div class=\"location\">Kulturzentrum Lagerhaus, Schildstr. 12-19, 28203, Bremen, Germany<\/div><div class=\"eventdesc\"><p><a href=\"https:\/\/www.songkick.com\/concerts\/43232930-ami-warning-at-kulturzentrum-lagerhaus?utm_campaign=tracked_artist&#038;utm_content=ZD0yNDYxMjg2JnU9MTM3MjI4MTU5&#038;utm_medium=feed&#038;utm_source=ical\" rel=\"nofollow\">https:\/\/www.songkick.com\/concerts\/43232930-ami-warning-at-kulturzentrum-lagerhaus?utm_campaign=tracked_artist&#038;utm_content=ZD0yNDYxMjg2JnU9MTM3MjI4MTU5&#038;utm_medium=feed&#038;utm_source=ical<\/a><\/p><\/div><\/div>\t\t\t\t\t\t\t\t\t\t\t\t\t\t<\/li>\n\t\t\t\t\t\t\t\t\t\t\t\t\t\t\t\t\t\t\t\t\t\t\t\t\t\t\t\t<li class=\"event all-day\" data-feed-key=\"0\">\n\t\t\t\t\t\t\t\t\t\t\t\t\t\t\t<span class=\"title has_desc confirmed\">Hans S\u00f6llner at Stadthalle K\u00fcnzelsau (03 Apr 27)<\/span><div class=\"descloc hover_block\"><div class=\"title_in_hover_block\"><span class=\"title confirmed\">Hans S\u00f6llner at Stadthalle K\u00fcnzelsau (03 Apr 27)<\/span><\/div><div class=\"location\">Stadthalle K\u00fcnzelsau, Schulstra\u00dfe 9, 74653, K\u00fcnzelsau, Germany<\/div><div class=\"eventdesc\"><p><a href=\"https:\/\/www.songkick.com\/concerts\/43125956-hans-sollner-at-stadthalle-kunzelsau?utm_campaign=tracked_artist&#038;utm_content=ZD0yNDYxMjg2JnU9MTM3MjI4MTU5&#038;utm_medium=feed&#038;utm_source=ical\" rel=\"nofollow\">https:\/\/www.songkick.com\/concerts\/43125956-hans-sollner-at-stadthalle-kunzelsau?utm_campaign=tracked_artist&#038;utm_content=ZD0yNDYxMjg2JnU9MTM3MjI4MTU5&#038;utm_medium=feed&#038;utm_source=ical<\/a><\/p><\/div><\/div>\t\t\t\t\t\t\t\t\t\t\t\t\t\t<\/li>\n\t\t\t\t\t\t\t\t\t\t\t\t\t\t\t\t\t\t\t\t\t\t\t\t<\/ul>\n\t\t\t\t\t\t\t\t\t\t\t\t\t\t\t\t\t\t<\/td>\n\t\t\t\t\t\t\t\t\t\t\t\t\t\t\t\t<td data-dow=\"0\" data-events-count=\"0\" data-feed-keys=\"\" class=\"future empty d_04 dow_0\">\n\t\t\t\t\t\t\t\t\t<div class=\"day\">\n\t\t\t\t\t\t\t\t\t\t\t\t\t\t\t\t\t\t\t\t\t<span class=\"phone_only\" id=\"r6a97dccace13c5d-20270404\"><span data-date-format=\"l\">Sunday<\/span> <span data-date-format=\"F\">April<\/span> <span data-date-format=\"j\">4<\/span><\/span>\n\t\t\t\t\t\t\t\t\t\t\t<span class=\"no_phone\" aria-hidden=\"true\">4<\/span>\n\t\t\t\t\t\t\t\t\t\t\t\t\t\t\t\t\t\t\t\t<\/div>\n\t\t\t\t\t\t\t\t\t\t\t\t\t\t\t\t\t<\/td>\n\t\t\t\t\t\t\t\t<\/tr><tr>\t\t\t\t\t\t\t\t<td data-dow=\"1\" data-events-count=\"0\" data-feed-keys=\"\" class=\"future empty d_05 dow_1\">\n\t\t\t\t\t\t\t\t\t<div class=\"day\">\n\t\t\t\t\t\t\t\t\t\t\t\t\t\t\t\t\t\t\t\t\t<span class=\"phone_only\" id=\"r6a97dccace13c5d-20270405\"><span data-date-format=\"l\">Monday<\/span> <span data-date-format=\"F\">April<\/span> <span data-date-format=\"j\">5<\/span><\/span>\n\t\t\t\t\t\t\t\t\t\t\t<span class=\"no_phone\" aria-hidden=\"true\">5<\/span>\n\t\t\t\t\t\t\t\t\t\t\t\t\t\t\t\t\t\t\t\t<\/div>\n\t\t\t\t\t\t\t\t\t\t\t\t\t\t\t\t\t<\/td>\n\t\t\t\t\t\t\t\t\t\t\t\t\t\t\t\t<td data-dow=\"2\" data-events-count=\"0\" data-feed-keys=\"\" class=\"future empty d_06 dow_2\">\n\t\t\t\t\t\t\t\t\t<div class=\"day\">\n\t\t\t\t\t\t\t\t\t\t\t\t\t\t\t\t\t\t\t\t\t<span class=\"phone_only\" id=\"r6a97dccace13c5d-20270406\"><span data-date-format=\"l\">Tuesday<\/span> <span data-date-format=\"F\">April<\/span> <span data-date-format=\"j\">6<\/span><\/span>\n\t\t\t\t\t\t\t\t\t\t\t<span class=\"no_phone\" aria-hidden=\"true\">6<\/span>\n\t\t\t\t\t\t\t\t\t\t\t\t\t\t\t\t\t\t\t\t<\/div>\n\t\t\t\t\t\t\t\t\t\t\t\t\t\t\t\t\t<\/td>\n\t\t\t\t\t\t\t\t\t\t\t\t\t\t\t\t<td data-dow=\"3\" data-events-count=\"0\" data-feed-keys=\"\" class=\"future empty d_07 dow_3\">\n\t\t\t\t\t\t\t\t\t<div class=\"day\">\n\t\t\t\t\t\t\t\t\t\t\t\t\t\t\t\t\t\t\t\t\t<span class=\"phone_only\" id=\"r6a97dccace13c5d-20270407\"><span data-date-format=\"l\">Wednesday<\/span> <span data-date-format=\"F\">April<\/span> <span data-date-format=\"j\">7<\/span><\/span>\n\t\t\t\t\t\t\t\t\t\t\t<span class=\"no_phone\" aria-hidden=\"true\">7<\/span>\n\t\t\t\t\t\t\t\t\t\t\t\t\t\t\t\t\t\t\t\t<\/div>\n\t\t\t\t\t\t\t\t\t\t\t\t\t\t\t\t\t<\/td>\n\t\t\t\t\t\t\t\t\t\t\t\t\t\t\t\t<td data-dow=\"4\" data-events-count=\"0\" data-feed-keys=\"\" class=\"future empty d_08 dow_4\">\n\t\t\t\t\t\t\t\t\t<div class=\"day\">\n\t\t\t\t\t\t\t\t\t\t\t\t\t\t\t\t\t\t\t\t\t<span class=\"phone_only\" id=\"r6a97dccace13c5d-20270408\"><span data-date-format=\"l\">Thursday<\/span> <span data-date-format=\"F\">April<\/span> <span data-date-format=\"j\">8<\/span><\/span>\n\t\t\t\t\t\t\t\t\t\t\t<span class=\"no_phone\" aria-hidden=\"true\">8<\/span>\n\t\t\t\t\t\t\t\t\t\t\t\t\t\t\t\t\t\t\t\t<\/div>\n\t\t\t\t\t\t\t\t\t\t\t\t\t\t\t\t\t<\/td>\n\t\t\t\t\t\t\t\t\t\t\t\t\t\t\t\t<td data-dow=\"5\" data-events-count=\"2\" data-feed-keys=\"0\" class=\"future has_events d_09 dow_5\">\n\t\t\t\t\t\t\t\t\t<div class=\"day\">\n\t\t\t\t\t\t\t\t\t\t\t\t\t\t\t\t\t\t\t\t\t<span class=\"phone_only\" id=\"r6a97dccace13c5d-20270409\"><span data-date-format=\"l\">Friday<\/span> <span data-date-format=\"F\">April<\/span> <span data-date-format=\"j\">9<\/span><\/span>\n\t\t\t\t\t\t\t\t\t\t\t<span class=\"no_phone\" aria-hidden=\"true\">9<\/span>\n\t\t\t\t\t\t\t\t\t\t\t\t\t\t\t\t\t\t\t\t<\/div>\n\t\t\t\t\t\t\t\t\t\t\t\t\t\t\t\t\t\t\t<ul class=\"events\" aria-labelledby=\"r6a97dccace13c5d-20270409\">\n\t\t\t\t\t\t\t\t\t\t\t\t\t\t\t\t\t\t\t\t\t\t\t\t\t<li class=\"event all-day\" data-feed-key=\"0\">\n\t\t\t\t\t\t\t\t\t\t\t\t\t\t\t\t\t\t\t\t\t\t\t\t\t\t\t\t\t\t\t<span class=\"all-day-indicator\">All Day<\/span>\n\t\t\t\t\t\t\t\t\t\t\t\t\t\t\t\t<span class=\"title has_desc confirmed\">Jamaram, Jahcoustix, and Samy Danger at Werk, Backstage (09 Apr 27) with Sebastian Sturm<\/span><div class=\"descloc hover_block\"><div class=\"title_in_hover_block\"><span class=\"title confirmed\">Jamaram, Jahcoustix, and Samy Danger at Werk, Backstage (09 Apr 27) with Sebastian Sturm<\/span><\/div><div class=\"location\">Werk, Backstage, Reitknechtstrasse 6, 80639, Munich, Germany<\/div><div class=\"eventdesc\"><p><a href=\"https:\/\/www.songkick.com\/concerts\/43009004-jamaram-at-werk-backstage?utm_campaign=tracked_artist&#038;utm_content=ZD0yNDYxMjg2JnU9MTM3MjI4MTU5&#038;utm_medium=feed&#038;utm_source=ical\" rel=\"nofollow\">https:\/\/www.songkick.com\/concerts\/43009004-jamaram-at-werk-backstage?utm_campaign=tracked_artist&#038;utm_content=ZD0yNDYxMjg2JnU9MTM3MjI4MTU5&#038;utm_medium=feed&#038;utm_source=ical<\/a><\/p><\/div><\/div>\t\t\t\t\t\t\t\t\t\t\t\t\t\t<\/li>\n\t\t\t\t\t\t\t\t\t\t\t\t\t\t\t\t\t\t\t\t\t\t\t\t\t\t\t\t<li class=\"event all-day\" data-feed-key=\"0\">\n\t\t\t\t\t\t\t\t\t\t\t\t\t\t\t<span class=\"title has_desc confirmed\">Konrad Kuechenmeister at Objekt 5 (09 Apr 27)<\/span><div class=\"descloc hover_block\"><div class=\"title_in_hover_block\"><span class=\"title confirmed\">Konrad Kuechenmeister at Objekt 5 (09 Apr 27)<\/span><\/div><div class=\"location\">Objekt 5, Seebener Stra\u00dfe 5, 06114, Halle, Germany<\/div><div class=\"eventdesc\"><p><a href=\"https:\/\/www.songkick.com\/concerts\/43189328-konrad-kuechenmeister-at-objekt-5?utm_campaign=tracked_artist&#038;utm_content=ZD0yNDYxMjg2JnU9MTM3MjI4MTU5&#038;utm_medium=feed&#038;utm_source=ical\" rel=\"nofollow\">https:\/\/www.songkick.com\/concerts\/43189328-konrad-kuechenmeister-at-objekt-5?utm_campaign=tracked_artist&#038;utm_content=ZD0yNDYxMjg2JnU9MTM3MjI4MTU5&#038;utm_medium=feed&#038;utm_source=ical<\/a><\/p><\/div><\/div>\t\t\t\t\t\t\t\t\t\t\t\t\t\t<\/li>\n\t\t\t\t\t\t\t\t\t\t\t\t\t\t\t\t\t\t\t\t\t\t\t\t<\/ul>\n\t\t\t\t\t\t\t\t\t\t\t\t\t\t\t\t\t\t<\/td>\n\t\t\t\t\t\t\t\t\t\t\t\t\t\t\t\t<td data-dow=\"6\" data-events-count=\"1\" data-feed-keys=\"0\" class=\"future has_events d_10 dow_6\">\n\t\t\t\t\t\t\t\t\t<div class=\"day\">\n\t\t\t\t\t\t\t\t\t\t\t\t\t\t\t\t\t\t\t\t\t<span class=\"phone_only\" id=\"r6a97dccace13c5d-20270410\"><span data-date-format=\"l\">Saturday<\/span> <span data-date-format=\"F\">April<\/span> <span data-date-format=\"j\">10<\/span><\/span>\n\t\t\t\t\t\t\t\t\t\t\t<span class=\"no_phone\" aria-hidden=\"true\">10<\/span>\n\t\t\t\t\t\t\t\t\t\t\t\t\t\t\t\t\t\t\t\t<\/div>\n\t\t\t\t\t\t\t\t\t\t\t\t\t\t\t\t\t\t\t<ul class=\"events\" aria-labelledby=\"r6a97dccace13c5d-20270410\">\n\t\t\t\t\t\t\t\t\t\t\t\t\t\t\t\t\t\t\t\t\t\t\t\t\t<li class=\"event all-day\" data-feed-key=\"0\">\n\t\t\t\t\t\t\t\t\t\t\t\t\t\t\t\t\t\t\t\t\t\t\t\t\t\t\t\t\t\t\t<span class=\"all-day-indicator\">All Day<\/span>\n\t\t\t\t\t\t\t\t\t\t\t\t\t\t\t\t<span class=\"title has_desc confirmed\">AMI Warning at Jazzhaus (10 Apr 27)<\/span><div class=\"descloc hover_block\"><div class=\"title_in_hover_block\"><span class=\"title confirmed\">AMI Warning at Jazzhaus (10 Apr 27)<\/span><\/div><div class=\"location\">Jazzhaus, Schnewlinstr. 1, 79098, Freiburg, Germany<\/div><div class=\"eventdesc\"><p><a href=\"https:\/\/www.songkick.com\/concerts\/43232931-ami-warning-at-jazzhaus?utm_campaign=tracked_artist&#038;utm_content=ZD0yNDYxMjg2JnU9MTM3MjI4MTU5&#038;utm_medium=feed&#038;utm_source=ical\" rel=\"nofollow\">https:\/\/www.songkick.com\/concerts\/43232931-ami-warning-at-jazzhaus?utm_campaign=tracked_artist&#038;utm_content=ZD0yNDYxMjg2JnU9MTM3MjI4MTU5&#038;utm_medium=feed&#038;utm_source=ical<\/a><\/p><\/div><\/div>\t\t\t\t\t\t\t\t\t\t\t\t\t\t<\/li>\n\t\t\t\t\t\t\t\t\t\t\t\t\t\t\t\t\t\t\t\t\t\t\t\t<\/ul>\n\t\t\t\t\t\t\t\t\t\t\t\t\t\t\t\t\t\t<\/td>\n\t\t\t\t\t\t\t\t\t\t\t\t\t\t\t\t<td data-dow=\"0\" data-events-count=\"0\" data-feed-keys=\"\" class=\"future empty d_11 dow_0\">\n\t\t\t\t\t\t\t\t\t<div class=\"day\">\n\t\t\t\t\t\t\t\t\t\t\t\t\t\t\t\t\t\t\t\t\t<span class=\"phone_only\" id=\"r6a97dccace13c5d-20270411\"><span data-date-format=\"l\">Sunday<\/span> <span data-date-format=\"F\">April<\/span> <span data-date-format=\"j\">11<\/span><\/span>\n\t\t\t\t\t\t\t\t\t\t\t<span class=\"no_phone\" aria-hidden=\"true\">11<\/span>\n\t\t\t\t\t\t\t\t\t\t\t\t\t\t\t\t\t\t\t\t<\/div>\n\t\t\t\t\t\t\t\t\t\t\t\t\t\t\t\t\t<\/td>\n\t\t\t\t\t\t\t\t<\/tr><tr>\t\t\t\t\t\t\t\t<td data-dow=\"1\" data-events-count=\"0\" data-feed-keys=\"\" class=\"future empty d_12 dow_1\">\n\t\t\t\t\t\t\t\t\t<div class=\"day\">\n\t\t\t\t\t\t\t\t\t\t\t\t\t\t\t\t\t\t\t\t\t<span class=\"phone_only\" id=\"r6a97dccace13c5d-20270412\"><span data-date-format=\"l\">Monday<\/span> <span data-date-format=\"F\">April<\/span> <span data-date-format=\"j\">12<\/span><\/span>\n\t\t\t\t\t\t\t\t\t\t\t<span class=\"no_phone\" aria-hidden=\"true\">12<\/span>\n\t\t\t\t\t\t\t\t\t\t\t\t\t\t\t\t\t\t\t\t<\/div>\n\t\t\t\t\t\t\t\t\t\t\t\t\t\t\t\t\t<\/td>\n\t\t\t\t\t\t\t\t\t\t\t\t\t\t\t\t<td data-dow=\"2\" data-events-count=\"0\" data-feed-keys=\"\" class=\"future empty d_13 dow_2\">\n\t\t\t\t\t\t\t\t\t<div class=\"day\">\n\t\t\t\t\t\t\t\t\t\t\t\t\t\t\t\t\t\t\t\t\t<span class=\"phone_only\" id=\"r6a97dccace13c5d-20270413\"><span data-date-format=\"l\">Tuesday<\/span> <span data-date-format=\"F\">April<\/span> <span data-date-format=\"j\">13<\/span><\/span>\n\t\t\t\t\t\t\t\t\t\t\t<span class=\"no_phone\" aria-hidden=\"true\">13<\/span>\n\t\t\t\t\t\t\t\t\t\t\t\t\t\t\t\t\t\t\t\t<\/div>\n\t\t\t\t\t\t\t\t\t\t\t\t\t\t\t\t\t<\/td>\n\t\t\t\t\t\t\t\t\t\t\t\t\t\t\t\t<td data-dow=\"3\" data-events-count=\"0\" data-feed-keys=\"\" class=\"future empty d_14 dow_3\">\n\t\t\t\t\t\t\t\t\t<div class=\"day\">\n\t\t\t\t\t\t\t\t\t\t\t\t\t\t\t\t\t\t\t\t\t<span class=\"phone_only\" id=\"r6a97dccace13c5d-20270414\"><span data-date-format=\"l\">Wednesday<\/span> <span data-date-format=\"F\">April<\/span> <span data-date-format=\"j\">14<\/span><\/span>\n\t\t\t\t\t\t\t\t\t\t\t<span class=\"no_phone\" aria-hidden=\"true\">14<\/span>\n\t\t\t\t\t\t\t\t\t\t\t\t\t\t\t\t\t\t\t\t<\/div>\n\t\t\t\t\t\t\t\t\t\t\t\t\t\t\t\t\t<\/td>\n\t\t\t\t\t\t\t\t\t\t\t\t\t\t\t\t<td data-dow=\"4\" data-events-count=\"0\" data-feed-keys=\"\" class=\"future empty d_15 dow_4\">\n\t\t\t\t\t\t\t\t\t<div class=\"day\">\n\t\t\t\t\t\t\t\t\t\t\t\t\t\t\t\t\t\t\t\t\t<span class=\"phone_only\" id=\"r6a97dccace13c5d-20270415\"><span data-date-format=\"l\">Thursday<\/span> <span data-date-format=\"F\">April<\/span> <span data-date-format=\"j\">15<\/span><\/span>\n\t\t\t\t\t\t\t\t\t\t\t<span class=\"no_phone\" aria-hidden=\"true\">15<\/span>\n\t\t\t\t\t\t\t\t\t\t\t\t\t\t\t\t\t\t\t\t<\/div>\n\t\t\t\t\t\t\t\t\t\t\t\t\t\t\t\t\t<\/td>\n\t\t\t\t\t\t\t\t\t\t\t\t\t\t\t\t<td data-dow=\"5\" data-events-count=\"0\" data-feed-keys=\"\" class=\"future empty d_16 dow_5\">\n\t\t\t\t\t\t\t\t\t<div class=\"day\">\n\t\t\t\t\t\t\t\t\t\t\t\t\t\t\t\t\t\t\t\t\t<span class=\"phone_only\" id=\"r6a97dccace13c5d-20270416\"><span data-date-format=\"l\">Friday<\/span> <span data-date-format=\"F\">April<\/span> <span data-date-format=\"j\">16<\/span><\/span>\n\t\t\t\t\t\t\t\t\t\t\t<span class=\"no_phone\" aria-hidden=\"true\">16<\/span>\n\t\t\t\t\t\t\t\t\t\t\t\t\t\t\t\t\t\t\t\t<\/div>\n\t\t\t\t\t\t\t\t\t\t\t\t\t\t\t\t\t<\/td>\n\t\t\t\t\t\t\t\t\t\t\t\t\t\t\t\t<td data-dow=\"6\" data-events-count=\"1\" data-feed-keys=\"0\" class=\"future has_events d_17 dow_6\">\n\t\t\t\t\t\t\t\t\t<div class=\"day\">\n\t\t\t\t\t\t\t\t\t\t\t\t\t\t\t\t\t\t\t\t\t<span class=\"phone_only\" id=\"r6a97dccace13c5d-20270417\"><span data-date-format=\"l\">Saturday<\/span> <span data-date-format=\"F\">April<\/span> <span data-date-format=\"j\">17<\/span><\/span>\n\t\t\t\t\t\t\t\t\t\t\t<span class=\"no_phone\" aria-hidden=\"true\">17<\/span>\n\t\t\t\t\t\t\t\t\t\t\t\t\t\t\t\t\t\t\t\t<\/div>\n\t\t\t\t\t\t\t\t\t\t\t\t\t\t\t\t\t\t\t<ul class=\"events\" aria-labelledby=\"r6a97dccace13c5d-20270417\">\n\t\t\t\t\t\t\t\t\t\t\t\t\t\t\t\t\t\t\t\t\t\t\t\t\t<li class=\"event all-day\" data-feed-key=\"0\">\n\t\t\t\t\t\t\t\t\t\t\t\t\t\t\t\t\t\t\t\t\t\t\t\t\t\t\t\t\t\t\t<span class=\"all-day-indicator\">All Day<\/span>\n\t\t\t\t\t\t\t\t\t\t\t\t\t\t\t\t<span class=\"title has_desc confirmed\">AMI Warning at Kantine (17 Apr 27)<\/span><div class=\"descloc hover_block\"><div class=\"title_in_hover_block\"><span class=\"title confirmed\">AMI Warning at Kantine (17 Apr 27)<\/span><\/div><div class=\"location\">Kantine, Halderstr. 1-5 \/ K\u00f6nigsplatz, 86150, Augsburg, Germany<\/div><div class=\"eventdesc\"><p><a href=\"https:\/\/www.songkick.com\/concerts\/43232932-ami-warning-at-kantine?utm_campaign=tracked_artist&#038;utm_content=ZD0yNDYxMjg2JnU9MTM3MjI4MTU5&#038;utm_medium=feed&#038;utm_source=ical\" rel=\"nofollow\">https:\/\/www.songkick.com\/concerts\/43232932-ami-warning-at-kantine?utm_campaign=tracked_artist&#038;utm_content=ZD0yNDYxMjg2JnU9MTM3MjI4MTU5&#038;utm_medium=feed&#038;utm_source=ical<\/a><\/p><\/div><\/div>\t\t\t\t\t\t\t\t\t\t\t\t\t\t<\/li>\n\t\t\t\t\t\t\t\t\t\t\t\t\t\t\t\t\t\t\t\t\t\t\t\t<\/ul>\n\t\t\t\t\t\t\t\t\t\t\t\t\t\t\t\t\t\t<\/td>\n\t\t\t\t\t\t\t\t\t\t\t\t\t\t\t\t<td data-dow=\"0\" data-events-count=\"0\" data-feed-keys=\"\" class=\"future empty d_18 dow_0\">\n\t\t\t\t\t\t\t\t\t<div class=\"day\">\n\t\t\t\t\t\t\t\t\t\t\t\t\t\t\t\t\t\t\t\t\t<span class=\"phone_only\" id=\"r6a97dccace13c5d-20270418\"><span data-date-format=\"l\">Sunday<\/span> <span data-date-format=\"F\">April<\/span> <span data-date-format=\"j\">18<\/span><\/span>\n\t\t\t\t\t\t\t\t\t\t\t<span class=\"no_phone\" aria-hidden=\"true\">18<\/span>\n\t\t\t\t\t\t\t\t\t\t\t\t\t\t\t\t\t\t\t\t<\/div>\n\t\t\t\t\t\t\t\t\t\t\t\t\t\t\t\t\t<\/td>\n\t\t\t\t\t\t\t\t<\/tr><tr>\t\t\t\t\t\t\t\t<td data-dow=\"1\" data-events-count=\"0\" data-feed-keys=\"\" class=\"future empty d_19 dow_1\">\n\t\t\t\t\t\t\t\t\t<div class=\"day\">\n\t\t\t\t\t\t\t\t\t\t\t\t\t\t\t\t\t\t\t\t\t<span class=\"phone_only\" id=\"r6a97dccace13c5d-20270419\"><span data-date-format=\"l\">Monday<\/span> <span data-date-format=\"F\">April<\/span> <span data-date-format=\"j\">19<\/span><\/span>\n\t\t\t\t\t\t\t\t\t\t\t<span class=\"no_phone\" aria-hidden=\"true\">19<\/span>\n\t\t\t\t\t\t\t\t\t\t\t\t\t\t\t\t\t\t\t\t<\/div>\n\t\t\t\t\t\t\t\t\t\t\t\t\t\t\t\t\t<\/td>\n\t\t\t\t\t\t\t\t\t\t\t\t\t\t\t\t<td data-dow=\"2\" data-events-count=\"0\" data-feed-keys=\"\" class=\"future empty d_20 dow_2\">\n\t\t\t\t\t\t\t\t\t<div class=\"day\">\n\t\t\t\t\t\t\t\t\t\t\t\t\t\t\t\t\t\t\t\t\t<span class=\"phone_only\" id=\"r6a97dccace13c5d-20270420\"><span data-date-format=\"l\">Tuesday<\/span> <span data-date-format=\"F\">April<\/span> <span data-date-format=\"j\">20<\/span><\/span>\n\t\t\t\t\t\t\t\t\t\t\t<span class=\"no_phone\" aria-hidden=\"true\">20<\/span>\n\t\t\t\t\t\t\t\t\t\t\t\t\t\t\t\t\t\t\t\t<\/div>\n\t\t\t\t\t\t\t\t\t\t\t\t\t\t\t\t\t<\/td>\n\t\t\t\t\t\t\t\t\t\t\t\t\t\t\t\t<td data-dow=\"3\" data-events-count=\"0\" data-feed-keys=\"\" class=\"future empty d_21 dow_3\">\n\t\t\t\t\t\t\t\t\t<div class=\"day\">\n\t\t\t\t\t\t\t\t\t\t\t\t\t\t\t\t\t\t\t\t\t<span class=\"phone_only\" id=\"r6a97dccace13c5d-20270421\"><span data-date-format=\"l\">Wednesday<\/span> <span data-date-format=\"F\">April<\/span> <span data-date-format=\"j\">21<\/span><\/span>\n\t\t\t\t\t\t\t\t\t\t\t<span class=\"no_phone\" aria-hidden=\"true\">21<\/span>\n\t\t\t\t\t\t\t\t\t\t\t\t\t\t\t\t\t\t\t\t<\/div>\n\t\t\t\t\t\t\t\t\t\t\t\t\t\t\t\t\t<\/td>\n\t\t\t\t\t\t\t\t\t\t\t\t\t\t\t\t<td data-dow=\"4\" data-events-count=\"1\" data-feed-keys=\"0\" class=\"future has_events d_22 dow_4\">\n\t\t\t\t\t\t\t\t\t<div class=\"day\">\n\t\t\t\t\t\t\t\t\t\t\t\t\t\t\t\t\t\t\t\t\t<span class=\"phone_only\" id=\"r6a97dccace13c5d-20270422\"><span data-date-format=\"l\">Thursday<\/span> <span data-date-format=\"F\">April<\/span> <span data-date-format=\"j\">22<\/span><\/span>\n\t\t\t\t\t\t\t\t\t\t\t<span class=\"no_phone\" aria-hidden=\"true\">22<\/span>\n\t\t\t\t\t\t\t\t\t\t\t\t\t\t\t\t\t\t\t\t<\/div>\n\t\t\t\t\t\t\t\t\t\t\t\t\t\t\t\t\t\t\t<ul class=\"events\" aria-labelledby=\"r6a97dccace13c5d-20270422\">\n\t\t\t\t\t\t\t\t\t\t\t\t\t\t\t\t\t\t\t\t\t\t\t\t\t<li class=\"event all-day\" data-feed-key=\"0\">\n\t\t\t\t\t\t\t\t\t\t\t\t\t\t\t\t\t\t\t\t\t\t\t\t\t\t\t\t\t\t\t<span class=\"all-day-indicator\">All Day<\/span>\n\t\t\t\t\t\t\t\t\t\t\t\t\t\t\t\t<span class=\"title has_desc confirmed\">AMI Warning at eventhalle Westpark (22 Apr 27)<\/span><div class=\"descloc hover_block\"><div class=\"title_in_hover_block\"><span class=\"title confirmed\">AMI Warning at eventhalle Westpark (22 Apr 27)<\/span><\/div><div class=\"location\">eventhalle Westpark, Am Westpark 2, 85057, Ingolstadt, Germany<\/div><div class=\"eventdesc\"><p><a href=\"https:\/\/www.songkick.com\/concerts\/43232933-ami-warning-at-eventhalle-westpark?utm_campaign=tracked_artist&#038;utm_content=ZD0yNDYxMjg2JnU9MTM3MjI4MTU5&#038;utm_medium=feed&#038;utm_source=ical\" rel=\"nofollow\">https:\/\/www.songkick.com\/concerts\/43232933-ami-warning-at-eventhalle-westpark?utm_campaign=tracked_artist&#038;utm_content=ZD0yNDYxMjg2JnU9MTM3MjI4MTU5&#038;utm_medium=feed&#038;utm_source=ical<\/a><\/p><\/div><\/div>\t\t\t\t\t\t\t\t\t\t\t\t\t\t<\/li>\n\t\t\t\t\t\t\t\t\t\t\t\t\t\t\t\t\t\t\t\t\t\t\t\t<\/ul>\n\t\t\t\t\t\t\t\t\t\t\t\t\t\t\t\t\t\t<\/td>\n\t\t\t\t\t\t\t\t\t\t\t\t\t\t\t\t<td data-dow=\"5\" data-events-count=\"1\" data-feed-keys=\"0\" class=\"future has_events d_23 dow_5\">\n\t\t\t\t\t\t\t\t\t<div class=\"day\">\n\t\t\t\t\t\t\t\t\t\t\t\t\t\t\t\t\t\t\t\t\t<span class=\"phone_only\" id=\"r6a97dccace13c5d-20270423\"><span data-date-format=\"l\">Friday<\/span> <span data-date-format=\"F\">April<\/span> <span data-date-format=\"j\">23<\/span><\/span>\n\t\t\t\t\t\t\t\t\t\t\t<span class=\"no_phone\" aria-hidden=\"true\">23<\/span>\n\t\t\t\t\t\t\t\t\t\t\t\t\t\t\t\t\t\t\t\t<\/div>\n\t\t\t\t\t\t\t\t\t\t\t\t\t\t\t\t\t\t\t<ul class=\"events\" aria-labelledby=\"r6a97dccace13c5d-20270423\">\n\t\t\t\t\t\t\t\t\t\t\t\t\t\t\t\t\t\t\t\t\t\t\t\t\t<li class=\"event all-day\" data-feed-key=\"0\">\n\t\t\t\t\t\t\t\t\t\t\t\t\t\t\t\t\t\t\t\t\t\t\t\t\t\t\t\t\t\t\t<span class=\"all-day-indicator\">All Day<\/span>\n\t\t\t\t\t\t\t\t\t\t\t\t\t\t\t\t<span class=\"title has_desc confirmed\">AMI Warning at Kulturzentrum Engelsburg (23 Apr 27)<\/span><div class=\"descloc hover_block\"><div class=\"title_in_hover_block\"><span class=\"title confirmed\">AMI Warning at Kulturzentrum Engelsburg (23 Apr 27)<\/span><\/div><div class=\"location\">Kulturzentrum Engelsburg, Allerheiligenstra\u00dfe 20\/21, 99084, Erfurt, Germany<\/div><div class=\"eventdesc\"><p><a href=\"https:\/\/www.songkick.com\/concerts\/43232934-ami-warning-at-kulturzentrum-engelsburg?utm_campaign=tracked_artist&#038;utm_content=ZD0yNDYxMjg2JnU9MTM3MjI4MTU5&#038;utm_medium=feed&#038;utm_source=ical\" rel=\"nofollow\">https:\/\/www.songkick.com\/concerts\/43232934-ami-warning-at-kulturzentrum-engelsburg?utm_campaign=tracked_artist&#038;utm_content=ZD0yNDYxMjg2JnU9MTM3MjI4MTU5&#038;utm_medium=feed&#038;utm_source=ical<\/a><\/p><\/div><\/div>\t\t\t\t\t\t\t\t\t\t\t\t\t\t<\/li>\n\t\t\t\t\t\t\t\t\t\t\t\t\t\t\t\t\t\t\t\t\t\t\t\t<\/ul>\n\t\t\t\t\t\t\t\t\t\t\t\t\t\t\t\t\t\t<\/td>\n\t\t\t\t\t\t\t\t\t\t\t\t\t\t\t\t<td data-dow=\"6\" data-events-count=\"1\" data-feed-keys=\"0\" class=\"future has_events d_24 dow_6\">\n\t\t\t\t\t\t\t\t\t<div class=\"day\">\n\t\t\t\t\t\t\t\t\t\t\t\t\t\t\t\t\t\t\t\t\t<span class=\"phone_only\" id=\"r6a97dccace13c5d-20270424\"><span data-date-format=\"l\">Saturday<\/span> <span data-date-format=\"F\">April<\/span> <span data-date-format=\"j\">24<\/span><\/span>\n\t\t\t\t\t\t\t\t\t\t\t<span class=\"no_phone\" aria-hidden=\"true\">24<\/span>\n\t\t\t\t\t\t\t\t\t\t\t\t\t\t\t\t\t\t\t\t<\/div>\n\t\t\t\t\t\t\t\t\t\t\t\t\t\t\t\t\t\t\t<ul class=\"events\" aria-labelledby=\"r6a97dccace13c5d-20270424\">\n\t\t\t\t\t\t\t\t\t\t\t\t\t\t\t\t\t\t\t\t\t\t\t\t\t<li class=\"event all-day\" data-feed-key=\"0\">\n\t\t\t\t\t\t\t\t\t\t\t\t\t\t\t\t\t\t\t\t\t\t\t\t\t\t\t\t\t\t\t<span class=\"all-day-indicator\">All Day<\/span>\n\t\t\t\t\t\t\t\t\t\t\t\t\t\t\t\t<span class=\"title has_desc confirmed\">AMI Warning at Stucksaal, Ballhaus Rosenheim (24 Apr 27)<\/span><div class=\"descloc hover_block\"><div class=\"title_in_hover_block\"><span class=\"title confirmed\">AMI Warning at Stucksaal, Ballhaus Rosenheim (24 Apr 27)<\/span><\/div><div class=\"location\">Stucksaal, Ballhaus Rosenheim, Weinstrasse 12, 83022, Rosenheim, Germany<\/div><div class=\"eventdesc\"><p><a href=\"https:\/\/www.songkick.com\/concerts\/43232935-ami-warning-at-stucksaal-ballhaus-rosenheim?utm_campaign=tracked_artist&#038;utm_content=ZD0yNDYxMjg2JnU9MTM3MjI4MTU5&#038;utm_medium=feed&#038;utm_source=ical\" rel=\"nofollow\">https:\/\/www.songkick.com\/concerts\/43232935-ami-warning-at-stucksaal-ballhaus-rosenheim?utm_campaign=tracked_artist&#038;utm_content=ZD0yNDYxMjg2JnU9MTM3MjI4MTU5&#038;utm_medium=feed&#038;utm_source=ical<\/a><\/p><\/div><\/div>\t\t\t\t\t\t\t\t\t\t\t\t\t\t<\/li>\n\t\t\t\t\t\t\t\t\t\t\t\t\t\t\t\t\t\t\t\t\t\t\t\t<\/ul>\n\t\t\t\t\t\t\t\t\t\t\t\t\t\t\t\t\t\t<\/td>\n\t\t\t\t\t\t\t\t\t\t\t\t\t\t\t\t<td data-dow=\"0\" data-events-count=\"0\" data-feed-keys=\"\" class=\"future empty d_25 dow_0\">\n\t\t\t\t\t\t\t\t\t<div class=\"day\">\n\t\t\t\t\t\t\t\t\t\t\t\t\t\t\t\t\t\t\t\t\t<span class=\"phone_only\" id=\"r6a97dccace13c5d-20270425\"><span data-date-format=\"l\">Sunday<\/span> <span data-date-format=\"F\">April<\/span> <span data-date-format=\"j\">25<\/span><\/span>\n\t\t\t\t\t\t\t\t\t\t\t<span class=\"no_phone\" aria-hidden=\"true\">25<\/span>\n\t\t\t\t\t\t\t\t\t\t\t\t\t\t\t\t\t\t\t\t<\/div>\n\t\t\t\t\t\t\t\t\t\t\t\t\t\t\t\t\t<\/td>\n\t\t\t\t\t\t\t\t<\/tr><tr>\t\t\t\t\t\t\t\t<td data-dow=\"1\" data-events-count=\"0\" data-feed-keys=\"\" class=\"future empty d_26 dow_1\">\n\t\t\t\t\t\t\t\t\t<div class=\"day\">\n\t\t\t\t\t\t\t\t\t\t\t\t\t\t\t\t\t\t\t\t\t<span class=\"phone_only\" id=\"r6a97dccace13c5d-20270426\"><span data-date-format=\"l\">Monday<\/span> <span data-date-format=\"F\">April<\/span> <span data-date-format=\"j\">26<\/span><\/span>\n\t\t\t\t\t\t\t\t\t\t\t<span class=\"no_phone\" aria-hidden=\"true\">26<\/span>\n\t\t\t\t\t\t\t\t\t\t\t\t\t\t\t\t\t\t\t\t<\/div>\n\t\t\t\t\t\t\t\t\t\t\t\t\t\t\t\t\t<\/td>\n\t\t\t\t\t\t\t\t\t\t\t\t\t\t\t\t<td data-dow=\"2\" data-events-count=\"0\" data-feed-keys=\"\" class=\"future empty d_27 dow_2\">\n\t\t\t\t\t\t\t\t\t<div class=\"day\">\n\t\t\t\t\t\t\t\t\t\t\t\t\t\t\t\t\t\t\t\t\t<span class=\"phone_only\" id=\"r6a97dccace13c5d-20270427\"><span data-date-format=\"l\">Tuesday<\/span> <span data-date-format=\"F\">April<\/span> <span data-date-format=\"j\">27<\/span><\/span>\n\t\t\t\t\t\t\t\t\t\t\t<span class=\"no_phone\" aria-hidden=\"true\">27<\/span>\n\t\t\t\t\t\t\t\t\t\t\t\t\t\t\t\t\t\t\t\t<\/div>\n\t\t\t\t\t\t\t\t\t\t\t\t\t\t\t\t\t<\/td>\n\t\t\t\t\t\t\t\t\t\t\t\t\t\t\t\t<td data-dow=\"3\" data-events-count=\"0\" data-feed-keys=\"\" class=\"future empty d_28 dow_3\">\n\t\t\t\t\t\t\t\t\t<div class=\"day\">\n\t\t\t\t\t\t\t\t\t\t\t\t\t\t\t\t\t\t\t\t\t<span class=\"phone_only\" id=\"r6a97dccace13c5d-20270428\"><span data-date-format=\"l\">Wednesday<\/span> <span data-date-format=\"F\">April<\/span> <span data-date-format=\"j\">28<\/span><\/span>\n\t\t\t\t\t\t\t\t\t\t\t<span class=\"no_phone\" aria-hidden=\"true\">28<\/span>\n\t\t\t\t\t\t\t\t\t\t\t\t\t\t\t\t\t\t\t\t<\/div>\n\t\t\t\t\t\t\t\t\t\t\t\t\t\t\t\t\t<\/td>\n\t\t\t\t\t\t\t\t\t\t\t\t\t\t\t\t<td data-dow=\"4\" data-events-count=\"0\" data-feed-keys=\"\" class=\"future empty d_29 dow_4\">\n\t\t\t\t\t\t\t\t\t<div class=\"day\">\n\t\t\t\t\t\t\t\t\t\t\t\t\t\t\t\t\t\t\t\t\t<span class=\"phone_only\" id=\"r6a97dccace13c5d-20270429\"><span data-date-format=\"l\">Thursday<\/span> <span data-date-format=\"F\">April<\/span> <span data-date-format=\"j\">29<\/span><\/span>\n\t\t\t\t\t\t\t\t\t\t\t<span class=\"no_phone\" aria-hidden=\"true\">29<\/span>\n\t\t\t\t\t\t\t\t\t\t\t\t\t\t\t\t\t\t\t\t<\/div>\n\t\t\t\t\t\t\t\t\t\t\t\t\t\t\t\t\t<\/td>\n\t\t\t\t\t\t\t\t\t\t\t\t\t\t\t\t<td data-dow=\"5\" data-events-count=\"0\" data-feed-keys=\"\" class=\"future empty d_30 dow_5\">\n\t\t\t\t\t\t\t\t\t<div class=\"day\">\n\t\t\t\t\t\t\t\t\t\t\t\t\t\t\t\t\t\t\t\t\t<span class=\"phone_only\" id=\"r6a97dccace13c5d-20270430\"><span data-date-format=\"l\">Friday<\/span> <span data-date-format=\"F\">April<\/span> <span data-date-format=\"j\">30<\/span><\/span>\n\t\t\t\t\t\t\t\t\t\t\t<span class=\"no_phone\" aria-hidden=\"true\">30<\/span>\n\t\t\t\t\t\t\t\t\t\t\t\t\t\t\t\t\t\t\t\t<\/div>\n\t\t\t\t\t\t\t\t\t\t\t\t\t\t\t\t\t<\/td>\n\t\t\t\t\t\t\t\t\t\t\t\t\t\t\t\t<td class=\"off\" data-dow=\"6\"><\/td>\n\t\t\t\t\t\t\t\t\t\t\t\t\t\t\t\t<td class=\"off\" data-dow=\"0\"><\/td>\n\t\t\t\t\t\t\t\t\t\t\t\t\t\t<\/tr>\n\t\t\t\t\t<\/tbody>\n\t\t\t\t<\/table>\n\n\t\t\t\t\n\t\t\t<\/article>\n\t\t\t\t\t\t<article class=\"ics-calendar-month-wrapper\" style=\"display: none;\" data-year-month=\"202705\" data-is-this-month=\"0\">\n\n\t\t\t\t\t\t\t\t\t<h3 class=\"ics-calendar-label\" id=\"r6a97dccace13c5d-202705\">May 2027<\/h3>\n\t\t\t\t\t\t\t\t\t\n\t\t\t\t<table class=\"ics-calendar-month-grid\" aria-labelledby=\"r6a97dccace13c5d-202705\">\n\t\t\t\t\t<thead>\n\t\t\t\t\t\t<tr>\n\t\t\t\t\t\t\t\t\t\t\t\t\t\t\t<th data-dow=\"1\">Monday<\/th>\n\t\t\t\t\t\t\t\t\t\t\t\t\t\t\t\t<th data-dow=\"2\">Tuesday<\/th>\n\t\t\t\t\t\t\t\t\t\t\t\t\t\t\t\t<th data-dow=\"3\">Wednesday<\/th>\n\t\t\t\t\t\t\t\t\t\t\t\t\t\t\t\t<th data-dow=\"4\">Thursday<\/th>\n\t\t\t\t\t\t\t\t\t\t\t\t\t\t\t\t<th data-dow=\"5\">Friday<\/th>\n\t\t\t\t\t\t\t\t\t\t\t\t\t\t\t\t<th data-dow=\"6\">Saturday<\/th>\n\t\t\t\t\t\t\t\t\t\t\t\t\t\t\t\t<th data-dow=\"0\">Sunday<\/th>\n\t\t\t\t\t\t\t\t\t\t\t\t\t\t<\/tr>\n\t\t\t\t\t<\/thead>\n\n\t\t\t\t\t<tbody>\n\t\t\t\t\t\t<tr>\n\t\t\t\t\t\t\t\t\t\t\t\t\t\t\t<td class=\"off\" data-dow=\"1\"><\/td>\n\t\t\t\t\t\t\t\t\t\t\t\t\t\t\t\t<td class=\"off\" data-dow=\"2\"><\/td>\n\t\t\t\t\t\t\t\t\t\t\t\t\t\t\t\t<td class=\"off\" data-dow=\"3\"><\/td>\n\t\t\t\t\t\t\t\t\t\t\t\t\t\t\t\t<td class=\"off\" data-dow=\"4\"><\/td>\n\t\t\t\t\t\t\t\t\t\t\t\t\t\t\t\t<td class=\"off\" data-dow=\"5\"><\/td>\n\t\t\t\t\t\t\t\t\t\t\t\t\t\t\t\t<td data-dow=\"6\" data-events-count=\"1\" data-feed-keys=\"0\" class=\"future has_events d_01 dow_6\">\n\t\t\t\t\t\t\t\t\t<div class=\"day\">\n\t\t\t\t\t\t\t\t\t\t\t\t\t\t\t\t\t\t\t\t\t<span class=\"phone_only\" id=\"r6a97dccace13c5d-20270501\"><span data-date-format=\"l\">Saturday<\/span> <span data-date-format=\"F\">May<\/span> <span data-date-format=\"j\">1<\/span><\/span>\n\t\t\t\t\t\t\t\t\t\t\t<span class=\"no_phone\" aria-hidden=\"true\">1<\/span>\n\t\t\t\t\t\t\t\t\t\t\t\t\t\t\t\t\t\t\t\t<\/div>\n\t\t\t\t\t\t\t\t\t\t\t\t\t\t\t\t\t\t\t<ul class=\"events\" aria-labelledby=\"r6a97dccace13c5d-20270501\">\n\t\t\t\t\t\t\t\t\t\t\t\t\t\t\t\t\t\t\t\t\t\t\t\t\t<li class=\"event all-day\" data-feed-key=\"0\">\n\t\t\t\t\t\t\t\t\t\t\t\t\t\t\t\t\t\t\t\t\t\t\t\t\t\t\t\t\t\t\t<span class=\"all-day-indicator\">All Day<\/span>\n\t\t\t\t\t\t\t\t\t\t\t\t\t\t\t\t<span class=\"title has_desc confirmed\">AMI Warning at Muffathalle (01 May 27)<\/span><div class=\"descloc hover_block\"><div class=\"title_in_hover_block\"><span class=\"title confirmed\">AMI Warning at Muffathalle (01 May 27)<\/span><\/div><div class=\"location\">Muffathalle, Zellstr. 4, 81667, Munich, Germany<\/div><div class=\"eventdesc\"><p><a href=\"https:\/\/www.songkick.com\/concerts\/43232936-ami-warning-at-muffathalle?utm_campaign=tracked_artist&#038;utm_content=ZD0yNDYxMjg2JnU9MTM3MjI4MTU5&#038;utm_medium=feed&#038;utm_source=ical\" rel=\"nofollow\">https:\/\/www.songkick.com\/concerts\/43232936-ami-warning-at-muffathalle?utm_campaign=tracked_artist&#038;utm_content=ZD0yNDYxMjg2JnU9MTM3MjI4MTU5&#038;utm_medium=feed&#038;utm_source=ical<\/a><\/p><\/div><\/div>\t\t\t\t\t\t\t\t\t\t\t\t\t\t<\/li>\n\t\t\t\t\t\t\t\t\t\t\t\t\t\t\t\t\t\t\t\t\t\t\t\t<\/ul>\n\t\t\t\t\t\t\t\t\t\t\t\t\t\t\t\t\t\t<\/td>\n\t\t\t\t\t\t\t\t\t\t\t\t\t\t\t\t<td data-dow=\"0\" data-events-count=\"0\" data-feed-keys=\"\" class=\"future empty d_02 dow_0\">\n\t\t\t\t\t\t\t\t\t<div class=\"day\">\n\t\t\t\t\t\t\t\t\t\t\t\t\t\t\t\t\t\t\t\t\t<span class=\"phone_only\" id=\"r6a97dccace13c5d-20270502\"><span data-date-format=\"l\">Sunday<\/span> <span data-date-format=\"F\">May<\/span> <span data-date-format=\"j\">2<\/span><\/span>\n\t\t\t\t\t\t\t\t\t\t\t<span class=\"no_phone\" aria-hidden=\"true\">2<\/span>\n\t\t\t\t\t\t\t\t\t\t\t\t\t\t\t\t\t\t\t\t<\/div>\n\t\t\t\t\t\t\t\t\t\t\t\t\t\t\t\t\t<\/td>\n\t\t\t\t\t\t\t\t<\/tr><tr>\t\t\t\t\t\t\t\t<td data-dow=\"1\" data-events-count=\"0\" data-feed-keys=\"\" class=\"future empty d_03 dow_1\">\n\t\t\t\t\t\t\t\t\t<div class=\"day\">\n\t\t\t\t\t\t\t\t\t\t\t\t\t\t\t\t\t\t\t\t\t<span class=\"phone_only\" id=\"r6a97dccace13c5d-20270503\"><span data-date-format=\"l\">Monday<\/span> <span data-date-format=\"F\">May<\/span> <span data-date-format=\"j\">3<\/span><\/span>\n\t\t\t\t\t\t\t\t\t\t\t<span class=\"no_phone\" aria-hidden=\"true\">3<\/span>\n\t\t\t\t\t\t\t\t\t\t\t\t\t\t\t\t\t\t\t\t<\/div>\n\t\t\t\t\t\t\t\t\t\t\t\t\t\t\t\t\t<\/td>\n\t\t\t\t\t\t\t\t\t\t\t\t\t\t\t\t<td data-dow=\"2\" data-events-count=\"0\" data-feed-keys=\"\" class=\"future empty d_04 dow_2\">\n\t\t\t\t\t\t\t\t\t<div class=\"day\">\n\t\t\t\t\t\t\t\t\t\t\t\t\t\t\t\t\t\t\t\t\t<span class=\"phone_only\" id=\"r6a97dccace13c5d-20270504\"><span data-date-format=\"l\">Tuesday<\/span> <span data-date-format=\"F\">May<\/span> <span data-date-format=\"j\">4<\/span><\/span>\n\t\t\t\t\t\t\t\t\t\t\t<span class=\"no_phone\" aria-hidden=\"true\">4<\/span>\n\t\t\t\t\t\t\t\t\t\t\t\t\t\t\t\t\t\t\t\t<\/div>\n\t\t\t\t\t\t\t\t\t\t\t\t\t\t\t\t\t<\/td>\n\t\t\t\t\t\t\t\t\t\t\t\t\t\t\t\t<td data-dow=\"3\" data-events-count=\"0\" data-feed-keys=\"\" class=\"future empty d_05 dow_3\">\n\t\t\t\t\t\t\t\t\t<div class=\"day\">\n\t\t\t\t\t\t\t\t\t\t\t\t\t\t\t\t\t\t\t\t\t<span class=\"phone_only\" id=\"r6a97dccace13c5d-20270505\"><span data-date-format=\"l\">Wednesday<\/span> <span data-date-format=\"F\">May<\/span> <span data-date-format=\"j\">5<\/span><\/span>\n\t\t\t\t\t\t\t\t\t\t\t<span class=\"no_phone\" aria-hidden=\"true\">5<\/span>\n\t\t\t\t\t\t\t\t\t\t\t\t\t\t\t\t\t\t\t\t<\/div>\n\t\t\t\t\t\t\t\t\t\t\t\t\t\t\t\t\t<\/td>\n\t\t\t\t\t\t\t\t\t\t\t\t\t\t\t\t<td data-dow=\"4\" data-events-count=\"0\" data-feed-keys=\"\" class=\"future empty d_06 dow_4\">\n\t\t\t\t\t\t\t\t\t<div class=\"day\">\n\t\t\t\t\t\t\t\t\t\t\t\t\t\t\t\t\t\t\t\t\t<span class=\"phone_only\" id=\"r6a97dccace13c5d-20270506\"><span data-date-format=\"l\">Thursday<\/span> <span data-date-format=\"F\">May<\/span> <span data-date-format=\"j\">6<\/span><\/span>\n\t\t\t\t\t\t\t\t\t\t\t<span class=\"no_phone\" aria-hidden=\"true\">6<\/span>\n\t\t\t\t\t\t\t\t\t\t\t\t\t\t\t\t\t\t\t\t<\/div>\n\t\t\t\t\t\t\t\t\t\t\t\t\t\t\t\t\t<\/td>\n\t\t\t\t\t\t\t\t\t\t\t\t\t\t\t\t<td data-dow=\"5\" data-events-count=\"0\" data-feed-keys=\"\" class=\"future empty d_07 dow_5\">\n\t\t\t\t\t\t\t\t\t<div class=\"day\">\n\t\t\t\t\t\t\t\t\t\t\t\t\t\t\t\t\t\t\t\t\t<span class=\"phone_only\" id=\"r6a97dccace13c5d-20270507\"><span data-date-format=\"l\">Friday<\/span> <span data-date-format=\"F\">May<\/span> <span data-date-format=\"j\">7<\/span><\/span>\n\t\t\t\t\t\t\t\t\t\t\t<span class=\"no_phone\" aria-hidden=\"true\">7<\/span>\n\t\t\t\t\t\t\t\t\t\t\t\t\t\t\t\t\t\t\t\t<\/div>\n\t\t\t\t\t\t\t\t\t\t\t\t\t\t\t\t\t<\/td>\n\t\t\t\t\t\t\t\t\t\t\t\t\t\t\t\t<td data-dow=\"6\" data-events-count=\"0\" data-feed-keys=\"\" class=\"future empty d_08 dow_6\">\n\t\t\t\t\t\t\t\t\t<div class=\"day\">\n\t\t\t\t\t\t\t\t\t\t\t\t\t\t\t\t\t\t\t\t\t<span class=\"phone_only\" id=\"r6a97dccace13c5d-20270508\"><span data-date-format=\"l\">Saturday<\/span> <span data-date-format=\"F\">May<\/span> <span data-date-format=\"j\">8<\/span><\/span>\n\t\t\t\t\t\t\t\t\t\t\t<span class=\"no_phone\" aria-hidden=\"true\">8<\/span>\n\t\t\t\t\t\t\t\t\t\t\t\t\t\t\t\t\t\t\t\t<\/div>\n\t\t\t\t\t\t\t\t\t\t\t\t\t\t\t\t\t<\/td>\n\t\t\t\t\t\t\t\t\t\t\t\t\t\t\t\t<td data-dow=\"0\" data-events-count=\"0\" data-feed-keys=\"\" class=\"future empty d_09 dow_0\">\n\t\t\t\t\t\t\t\t\t<div class=\"day\">\n\t\t\t\t\t\t\t\t\t\t\t\t\t\t\t\t\t\t\t\t\t<span class=\"phone_only\" id=\"r6a97dccace13c5d-20270509\"><span data-date-format=\"l\">Sunday<\/span> <span data-date-format=\"F\">May<\/span> <span data-date-format=\"j\">9<\/span><\/span>\n\t\t\t\t\t\t\t\t\t\t\t<span class=\"no_phone\" aria-hidden=\"true\">9<\/span>\n\t\t\t\t\t\t\t\t\t\t\t\t\t\t\t\t\t\t\t\t<\/div>\n\t\t\t\t\t\t\t\t\t\t\t\t\t\t\t\t\t<\/td>\n\t\t\t\t\t\t\t\t<\/tr><tr>\t\t\t\t\t\t\t\t<td data-dow=\"1\" data-events-count=\"0\" data-feed-keys=\"\" class=\"future empty d_10 dow_1\">\n\t\t\t\t\t\t\t\t\t<div class=\"day\">\n\t\t\t\t\t\t\t\t\t\t\t\t\t\t\t\t\t\t\t\t\t<span class=\"phone_only\" id=\"r6a97dccace13c5d-20270510\"><span data-date-format=\"l\">Monday<\/span> <span data-date-format=\"F\">May<\/span> <span data-date-format=\"j\">10<\/span><\/span>\n\t\t\t\t\t\t\t\t\t\t\t<span class=\"no_phone\" aria-hidden=\"true\">10<\/span>\n\t\t\t\t\t\t\t\t\t\t\t\t\t\t\t\t\t\t\t\t<\/div>\n\t\t\t\t\t\t\t\t\t\t\t\t\t\t\t\t\t<\/td>\n\t\t\t\t\t\t\t\t\t\t\t\t\t\t\t\t<td data-dow=\"2\" data-events-count=\"0\" data-feed-keys=\"\" class=\"future empty d_11 dow_2\">\n\t\t\t\t\t\t\t\t\t<div class=\"day\">\n\t\t\t\t\t\t\t\t\t\t\t\t\t\t\t\t\t\t\t\t\t<span class=\"phone_only\" id=\"r6a97dccace13c5d-20270511\"><span data-date-format=\"l\">Tuesday<\/span> <span data-date-format=\"F\">May<\/span> <span data-date-format=\"j\">11<\/span><\/span>\n\t\t\t\t\t\t\t\t\t\t\t<span class=\"no_phone\" aria-hidden=\"true\">11<\/span>\n\t\t\t\t\t\t\t\t\t\t\t\t\t\t\t\t\t\t\t\t<\/div>\n\t\t\t\t\t\t\t\t\t\t\t\t\t\t\t\t\t<\/td>\n\t\t\t\t\t\t\t\t\t\t\t\t\t\t\t\t<td data-dow=\"3\" data-events-count=\"0\" data-feed-keys=\"\" class=\"future empty d_12 dow_3\">\n\t\t\t\t\t\t\t\t\t<div class=\"day\">\n\t\t\t\t\t\t\t\t\t\t\t\t\t\t\t\t\t\t\t\t\t<span class=\"phone_only\" id=\"r6a97dccace13c5d-20270512\"><span data-date-format=\"l\">Wednesday<\/span> <span data-date-format=\"F\">May<\/span> <span data-date-format=\"j\">12<\/span><\/span>\n\t\t\t\t\t\t\t\t\t\t\t<span class=\"no_phone\" aria-hidden=\"true\">12<\/span>\n\t\t\t\t\t\t\t\t\t\t\t\t\t\t\t\t\t\t\t\t<\/div>\n\t\t\t\t\t\t\t\t\t\t\t\t\t\t\t\t\t<\/td>\n\t\t\t\t\t\t\t\t\t\t\t\t\t\t\t\t<td data-dow=\"4\" data-events-count=\"0\" data-feed-keys=\"\" class=\"future empty d_13 dow_4\">\n\t\t\t\t\t\t\t\t\t<div class=\"day\">\n\t\t\t\t\t\t\t\t\t\t\t\t\t\t\t\t\t\t\t\t\t<span class=\"phone_only\" id=\"r6a97dccace13c5d-20270513\"><span data-date-format=\"l\">Thursday<\/span> <span data-date-format=\"F\">May<\/span> <span data-date-format=\"j\">13<\/span><\/span>\n\t\t\t\t\t\t\t\t\t\t\t<span class=\"no_phone\" aria-hidden=\"true\">13<\/span>\n\t\t\t\t\t\t\t\t\t\t\t\t\t\t\t\t\t\t\t\t<\/div>\n\t\t\t\t\t\t\t\t\t\t\t\t\t\t\t\t\t<\/td>\n\t\t\t\t\t\t\t\t\t\t\t\t\t\t\t\t<td data-dow=\"5\" data-events-count=\"0\" data-feed-keys=\"\" class=\"future empty d_14 dow_5\">\n\t\t\t\t\t\t\t\t\t<div class=\"day\">\n\t\t\t\t\t\t\t\t\t\t\t\t\t\t\t\t\t\t\t\t\t<span class=\"phone_only\" id=\"r6a97dccace13c5d-20270514\"><span data-date-format=\"l\">Friday<\/span> <span data-date-format=\"F\">May<\/span> <span data-date-format=\"j\">14<\/span><\/span>\n\t\t\t\t\t\t\t\t\t\t\t<span class=\"no_phone\" aria-hidden=\"true\">14<\/span>\n\t\t\t\t\t\t\t\t\t\t\t\t\t\t\t\t\t\t\t\t<\/div>\n\t\t\t\t\t\t\t\t\t\t\t\t\t\t\t\t\t<\/td>\n\t\t\t\t\t\t\t\t\t\t\t\t\t\t\t\t<td data-dow=\"6\" data-events-count=\"0\" data-feed-keys=\"\" class=\"future empty d_15 dow_6\">\n\t\t\t\t\t\t\t\t\t<div class=\"day\">\n\t\t\t\t\t\t\t\t\t\t\t\t\t\t\t\t\t\t\t\t\t<span class=\"phone_only\" id=\"r6a97dccace13c5d-20270515\"><span data-date-format=\"l\">Saturday<\/span> <span data-date-format=\"F\">May<\/span> <span data-date-format=\"j\">15<\/span><\/span>\n\t\t\t\t\t\t\t\t\t\t\t<span class=\"no_phone\" aria-hidden=\"true\">15<\/span>\n\t\t\t\t\t\t\t\t\t\t\t\t\t\t\t\t\t\t\t\t<\/div>\n\t\t\t\t\t\t\t\t\t\t\t\t\t\t\t\t\t<\/td>\n\t\t\t\t\t\t\t\t\t\t\t\t\t\t\t\t<td data-dow=\"0\" data-events-count=\"0\" data-feed-keys=\"\" class=\"future empty d_16 dow_0\">\n\t\t\t\t\t\t\t\t\t<div class=\"day\">\n\t\t\t\t\t\t\t\t\t\t\t\t\t\t\t\t\t\t\t\t\t<span class=\"phone_only\" id=\"r6a97dccace13c5d-20270516\"><span data-date-format=\"l\">Sunday<\/span> <span data-date-format=\"F\">May<\/span> <span data-date-format=\"j\">16<\/span><\/span>\n\t\t\t\t\t\t\t\t\t\t\t<span class=\"no_phone\" aria-hidden=\"true\">16<\/span>\n\t\t\t\t\t\t\t\t\t\t\t\t\t\t\t\t\t\t\t\t<\/div>\n\t\t\t\t\t\t\t\t\t\t\t\t\t\t\t\t\t<\/td>\n\t\t\t\t\t\t\t\t<\/tr><tr>\t\t\t\t\t\t\t\t<td data-dow=\"1\" data-events-count=\"0\" data-feed-keys=\"\" class=\"future empty d_17 dow_1\">\n\t\t\t\t\t\t\t\t\t<div class=\"day\">\n\t\t\t\t\t\t\t\t\t\t\t\t\t\t\t\t\t\t\t\t\t<span class=\"phone_only\" id=\"r6a97dccace13c5d-20270517\"><span data-date-format=\"l\">Monday<\/span> <span data-date-format=\"F\">May<\/span> <span data-date-format=\"j\">17<\/span><\/span>\n\t\t\t\t\t\t\t\t\t\t\t<span class=\"no_phone\" aria-hidden=\"true\">17<\/span>\n\t\t\t\t\t\t\t\t\t\t\t\t\t\t\t\t\t\t\t\t<\/div>\n\t\t\t\t\t\t\t\t\t\t\t\t\t\t\t\t\t<\/td>\n\t\t\t\t\t\t\t\t\t\t\t\t\t\t\t\t<td data-dow=\"2\" data-events-count=\"0\" data-feed-keys=\"\" class=\"future empty d_18 dow_2\">\n\t\t\t\t\t\t\t\t\t<div class=\"day\">\n\t\t\t\t\t\t\t\t\t\t\t\t\t\t\t\t\t\t\t\t\t<span class=\"phone_only\" id=\"r6a97dccace13c5d-20270518\"><span data-date-format=\"l\">Tuesday<\/span> <span data-date-format=\"F\">May<\/span> <span data-date-format=\"j\">18<\/span><\/span>\n\t\t\t\t\t\t\t\t\t\t\t<span class=\"no_phone\" aria-hidden=\"true\">18<\/span>\n\t\t\t\t\t\t\t\t\t\t\t\t\t\t\t\t\t\t\t\t<\/div>\n\t\t\t\t\t\t\t\t\t\t\t\t\t\t\t\t\t<\/td>\n\t\t\t\t\t\t\t\t\t\t\t\t\t\t\t\t<td data-dow=\"3\" data-events-count=\"0\" data-feed-keys=\"\" class=\"future empty d_19 dow_3\">\n\t\t\t\t\t\t\t\t\t<div class=\"day\">\n\t\t\t\t\t\t\t\t\t\t\t\t\t\t\t\t\t\t\t\t\t<span class=\"phone_only\" id=\"r6a97dccace13c5d-20270519\"><span data-date-format=\"l\">Wednesday<\/span> <span data-date-format=\"F\">May<\/span> <span data-date-format=\"j\">19<\/span><\/span>\n\t\t\t\t\t\t\t\t\t\t\t<span class=\"no_phone\" aria-hidden=\"true\">19<\/span>\n\t\t\t\t\t\t\t\t\t\t\t\t\t\t\t\t\t\t\t\t<\/div>\n\t\t\t\t\t\t\t\t\t\t\t\t\t\t\t\t\t<\/td>\n\t\t\t\t\t\t\t\t\t\t\t\t\t\t\t\t<td data-dow=\"4\" data-events-count=\"0\" data-feed-keys=\"\" class=\"future empty d_20 dow_4\">\n\t\t\t\t\t\t\t\t\t<div class=\"day\">\n\t\t\t\t\t\t\t\t\t\t\t\t\t\t\t\t\t\t\t\t\t<span class=\"phone_only\" id=\"r6a97dccace13c5d-20270520\"><span data-date-format=\"l\">Thursday<\/span> <span data-date-format=\"F\">May<\/span> <span data-date-format=\"j\">20<\/span><\/span>\n\t\t\t\t\t\t\t\t\t\t\t<span class=\"no_phone\" aria-hidden=\"true\">20<\/span>\n\t\t\t\t\t\t\t\t\t\t\t\t\t\t\t\t\t\t\t\t<\/div>\n\t\t\t\t\t\t\t\t\t\t\t\t\t\t\t\t\t<\/td>\n\t\t\t\t\t\t\t\t\t\t\t\t\t\t\t\t<td data-dow=\"5\" data-events-count=\"0\" data-feed-keys=\"\" class=\"future empty d_21 dow_5\">\n\t\t\t\t\t\t\t\t\t<div class=\"day\">\n\t\t\t\t\t\t\t\t\t\t\t\t\t\t\t\t\t\t\t\t\t<span class=\"phone_only\" id=\"r6a97dccace13c5d-20270521\"><span data-date-format=\"l\">Friday<\/span> <span data-date-format=\"F\">May<\/span> <span data-date-format=\"j\">21<\/span><\/span>\n\t\t\t\t\t\t\t\t\t\t\t<span class=\"no_phone\" aria-hidden=\"true\">21<\/span>\n\t\t\t\t\t\t\t\t\t\t\t\t\t\t\t\t\t\t\t\t<\/div>\n\t\t\t\t\t\t\t\t\t\t\t\t\t\t\t\t\t<\/td>\n\t\t\t\t\t\t\t\t\t\t\t\t\t\t\t\t<td data-dow=\"6\" data-events-count=\"0\" data-feed-keys=\"\" class=\"future empty d_22 dow_6\">\n\t\t\t\t\t\t\t\t\t<div class=\"day\">\n\t\t\t\t\t\t\t\t\t\t\t\t\t\t\t\t\t\t\t\t\t<span class=\"phone_only\" id=\"r6a97dccace13c5d-20270522\"><span data-date-format=\"l\">Saturday<\/span> <span data-date-format=\"F\">May<\/span> <span data-date-format=\"j\">22<\/span><\/span>\n\t\t\t\t\t\t\t\t\t\t\t<span class=\"no_phone\" aria-hidden=\"true\">22<\/span>\n\t\t\t\t\t\t\t\t\t\t\t\t\t\t\t\t\t\t\t\t<\/div>\n\t\t\t\t\t\t\t\t\t\t\t\t\t\t\t\t\t<\/td>\n\t\t\t\t\t\t\t\t\t\t\t\t\t\t\t\t<td data-dow=\"0\" data-events-count=\"0\" data-feed-keys=\"\" class=\"future empty d_23 dow_0\">\n\t\t\t\t\t\t\t\t\t<div class=\"day\">\n\t\t\t\t\t\t\t\t\t\t\t\t\t\t\t\t\t\t\t\t\t<span class=\"phone_only\" id=\"r6a97dccace13c5d-20270523\"><span data-date-format=\"l\">Sunday<\/span> <span data-date-format=\"F\">May<\/span> <span data-date-format=\"j\">23<\/span><\/span>\n\t\t\t\t\t\t\t\t\t\t\t<span class=\"no_phone\" aria-hidden=\"true\">23<\/span>\n\t\t\t\t\t\t\t\t\t\t\t\t\t\t\t\t\t\t\t\t<\/div>\n\t\t\t\t\t\t\t\t\t\t\t\t\t\t\t\t\t<\/td>\n\t\t\t\t\t\t\t\t<\/tr><tr>\t\t\t\t\t\t\t\t<td data-dow=\"1\" data-events-count=\"0\" data-feed-keys=\"\" class=\"future empty d_24 dow_1\">\n\t\t\t\t\t\t\t\t\t<div class=\"day\">\n\t\t\t\t\t\t\t\t\t\t\t\t\t\t\t\t\t\t\t\t\t<span class=\"phone_only\" id=\"r6a97dccace13c5d-20270524\"><span data-date-format=\"l\">Monday<\/span> <span data-date-format=\"F\">May<\/span> <span data-date-format=\"j\">24<\/span><\/span>\n\t\t\t\t\t\t\t\t\t\t\t<span class=\"no_phone\" aria-hidden=\"true\">24<\/span>\n\t\t\t\t\t\t\t\t\t\t\t\t\t\t\t\t\t\t\t\t<\/div>\n\t\t\t\t\t\t\t\t\t\t\t\t\t\t\t\t\t<\/td>\n\t\t\t\t\t\t\t\t\t\t\t\t\t\t\t\t<td data-dow=\"2\" data-events-count=\"0\" data-feed-keys=\"\" class=\"future empty d_25 dow_2\">\n\t\t\t\t\t\t\t\t\t<div class=\"day\">\n\t\t\t\t\t\t\t\t\t\t\t\t\t\t\t\t\t\t\t\t\t<span class=\"phone_only\" id=\"r6a97dccace13c5d-20270525\"><span data-date-format=\"l\">Tuesday<\/span> <span data-date-format=\"F\">May<\/span> <span data-date-format=\"j\">25<\/span><\/span>\n\t\t\t\t\t\t\t\t\t\t\t<span class=\"no_phone\" aria-hidden=\"true\">25<\/span>\n\t\t\t\t\t\t\t\t\t\t\t\t\t\t\t\t\t\t\t\t<\/div>\n\t\t\t\t\t\t\t\t\t\t\t\t\t\t\t\t\t<\/td>\n\t\t\t\t\t\t\t\t\t\t\t\t\t\t\t\t<td data-dow=\"3\" data-events-count=\"1\" data-feed-keys=\"0\" class=\"future has_events d_26 dow_3\">\n\t\t\t\t\t\t\t\t\t<div class=\"day\">\n\t\t\t\t\t\t\t\t\t\t\t\t\t\t\t\t\t\t\t\t\t<span class=\"phone_only\" id=\"r6a97dccace13c5d-20270526\"><span data-date-format=\"l\">Wednesday<\/span> <span data-date-format=\"F\">May<\/span> <span data-date-format=\"j\">26<\/span><\/span>\n\t\t\t\t\t\t\t\t\t\t\t<span class=\"no_phone\" aria-hidden=\"true\">26<\/span>\n\t\t\t\t\t\t\t\t\t\t\t\t\t\t\t\t\t\t\t\t<\/div>\n\t\t\t\t\t\t\t\t\t\t\t\t\t\t\t\t\t\t\t<ul class=\"events\" aria-labelledby=\"r6a97dccace13c5d-20270526\">\n\t\t\t\t\t\t\t\t\t\t\t\t\t\t\t\t\t\t\t\t\t\t\t\t\t<li class=\"event all-day\" data-feed-key=\"0\">\n\t\t\t\t\t\t\t\t\t\t\t\t\t\t\t\t\t\t\t\t\t\t\t\t\t\t\t\t\t\t\t<span class=\"all-day-indicator\">All Day<\/span>\n\t\t\t\t\t\t\t\t\t\t\t\t\t\t\t\t<span class=\"title has_desc confirmed\">Nils Petter Molvaer at Musiksaal, Stadtcasino Basel (26 May 27)<\/span><div class=\"descloc hover_block\"><div class=\"title_in_hover_block\"><span class=\"title confirmed\">Nils Petter Molvaer at Musiksaal, Stadtcasino Basel (26 May 27)<\/span><\/div><div class=\"location\">Musiksaal, Stadtcasino Basel, Konzertgasse 1, 4051, Basel, Switzerland<\/div><div class=\"eventdesc\"><p><a href=\"https:\/\/www.songkick.com\/concerts\/43349185-nils-petter-molvaer-at-musiksaal-stadtcasino-basel?utm_campaign=tracked_artist&#038;utm_content=ZD0yNDYxMjg2JnU9MTM3MjI4MTU5&#038;utm_medium=feed&#038;utm_source=ical\" rel=\"nofollow\">https:\/\/www.songkick.com\/concerts\/43349185-nils-petter-molvaer-at-musiksaal-stadtcasino-basel?utm_campaign=tracked_artist&#038;utm_content=ZD0yNDYxMjg2JnU9MTM3MjI4MTU5&#038;utm_medium=feed&#038;utm_source=ical<\/a><\/p><\/div><\/div>\t\t\t\t\t\t\t\t\t\t\t\t\t\t<\/li>\n\t\t\t\t\t\t\t\t\t\t\t\t\t\t\t\t\t\t\t\t\t\t\t\t<\/ul>\n\t\t\t\t\t\t\t\t\t\t\t\t\t\t\t\t\t\t<\/td>\n\t\t\t\t\t\t\t\t\t\t\t\t\t\t\t\t<td data-dow=\"4\" data-events-count=\"0\" data-feed-keys=\"\" class=\"future empty d_27 dow_4\">\n\t\t\t\t\t\t\t\t\t<div class=\"day\">\n\t\t\t\t\t\t\t\t\t\t\t\t\t\t\t\t\t\t\t\t\t<span class=\"phone_only\" id=\"r6a97dccace13c5d-20270527\"><span data-date-format=\"l\">Thursday<\/span> <span data-date-format=\"F\">May<\/span> <span data-date-format=\"j\">27<\/span><\/span>\n\t\t\t\t\t\t\t\t\t\t\t<span class=\"no_phone\" aria-hidden=\"true\">27<\/span>\n\t\t\t\t\t\t\t\t\t\t\t\t\t\t\t\t\t\t\t\t<\/div>\n\t\t\t\t\t\t\t\t\t\t\t\t\t\t\t\t\t<\/td>\n\t\t\t\t\t\t\t\t\t\t\t\t\t\t\t\t<td data-dow=\"5\" data-events-count=\"0\" data-feed-keys=\"\" class=\"future empty d_28 dow_5\">\n\t\t\t\t\t\t\t\t\t<div class=\"day\">\n\t\t\t\t\t\t\t\t\t\t\t\t\t\t\t\t\t\t\t\t\t<span class=\"phone_only\" id=\"r6a97dccace13c5d-20270528\"><span data-date-format=\"l\">Friday<\/span> <span data-date-format=\"F\">May<\/span> <span data-date-format=\"j\">28<\/span><\/span>\n\t\t\t\t\t\t\t\t\t\t\t<span class=\"no_phone\" aria-hidden=\"true\">28<\/span>\n\t\t\t\t\t\t\t\t\t\t\t\t\t\t\t\t\t\t\t\t<\/div>\n\t\t\t\t\t\t\t\t\t\t\t\t\t\t\t\t\t<\/td>\n\t\t\t\t\t\t\t\t\t\t\t\t\t\t\t\t<td data-dow=\"6\" data-events-count=\"0\" data-feed-keys=\"\" class=\"future empty d_29 dow_6\">\n\t\t\t\t\t\t\t\t\t<div class=\"day\">\n\t\t\t\t\t\t\t\t\t\t\t\t\t\t\t\t\t\t\t\t\t<span class=\"phone_only\" id=\"r6a97dccace13c5d-20270529\"><span data-date-format=\"l\">Saturday<\/span> <span data-date-format=\"F\">May<\/span> <span data-date-format=\"j\">29<\/span><\/span>\n\t\t\t\t\t\t\t\t\t\t\t<span class=\"no_phone\" aria-hidden=\"true\">29<\/span>\n\t\t\t\t\t\t\t\t\t\t\t\t\t\t\t\t\t\t\t\t<\/div>\n\t\t\t\t\t\t\t\t\t\t\t\t\t\t\t\t\t<\/td>\n\t\t\t\t\t\t\t\t\t\t\t\t\t\t\t\t<td data-dow=\"0\" data-events-count=\"0\" data-feed-keys=\"\" class=\"future empty d_30 dow_0\">\n\t\t\t\t\t\t\t\t\t<div class=\"day\">\n\t\t\t\t\t\t\t\t\t\t\t\t\t\t\t\t\t\t\t\t\t<span class=\"phone_only\" id=\"r6a97dccace13c5d-20270530\"><span data-date-format=\"l\">Sunday<\/span> <span data-date-format=\"F\">May<\/span> <span data-date-format=\"j\">30<\/span><\/span>\n\t\t\t\t\t\t\t\t\t\t\t<span class=\"no_phone\" aria-hidden=\"true\">30<\/span>\n\t\t\t\t\t\t\t\t\t\t\t\t\t\t\t\t\t\t\t\t<\/div>\n\t\t\t\t\t\t\t\t\t\t\t\t\t\t\t\t\t<\/td>\n\t\t\t\t\t\t\t\t<\/tr><tr>\t\t\t\t\t\t\t\t<td data-dow=\"1\" data-events-count=\"0\" data-feed-keys=\"\" class=\"future empty d_31 dow_1\">\n\t\t\t\t\t\t\t\t\t<div class=\"day\">\n\t\t\t\t\t\t\t\t\t\t\t\t\t\t\t\t\t\t\t\t\t<span class=\"phone_only\" id=\"r6a97dccace13c5d-20270531\"><span data-date-format=\"l\">Monday<\/span> <span data-date-format=\"F\">May<\/span> <span data-date-format=\"j\">31<\/span><\/span>\n\t\t\t\t\t\t\t\t\t\t\t<span class=\"no_phone\" aria-hidden=\"true\">31<\/span>\n\t\t\t\t\t\t\t\t\t\t\t\t\t\t\t\t\t\t\t\t<\/div>\n\t\t\t\t\t\t\t\t\t\t\t\t\t\t\t\t\t<\/td>\n\t\t\t\t\t\t\t\t\t\t\t\t\t\t\t\t<td class=\"off\" data-dow=\"2\"><\/td>\n\t\t\t\t\t\t\t\t\t\t\t\t\t\t\t\t<td class=\"off\" data-dow=\"3\"><\/td>\n\t\t\t\t\t\t\t\t\t\t\t\t\t\t\t\t<td class=\"off\" data-dow=\"4\"><\/td>\n\t\t\t\t\t\t\t\t\t\t\t\t\t\t\t\t<td class=\"off\" data-dow=\"5\"><\/td>\n\t\t\t\t\t\t\t\t\t\t\t\t\t\t\t\t<td class=\"off\" data-dow=\"6\"><\/td>\n\t\t\t\t\t\t\t\t\t\t\t\t\t\t\t\t<td class=\"off\" data-dow=\"0\"><\/td>\n\t\t\t\t\t\t\t\t\t\t\t\t\t\t<\/tr>\n\t\t\t\t\t<\/tbody>\n\t\t\t\t<\/table>\n\n\t\t\t\t\n\t\t\t<\/article>\n\t\t\t\t\t\t<article class=\"ics-calendar-month-wrapper\" style=\"display: none;\" data-year-month=\"202706\" data-is-this-month=\"0\">\n\n\t\t\t\t\t\t\t\t\t<h3 class=\"ics-calendar-label\" id=\"r6a97dccace13c5d-202706\">June 2027<\/h3>\n\t\t\t\t\t\t\t\t\t\n\t\t\t\t<table class=\"ics-calendar-month-grid\" aria-labelledby=\"r6a97dccace13c5d-202706\">\n\t\t\t\t\t<thead>\n\t\t\t\t\t\t<tr>\n\t\t\t\t\t\t\t\t\t\t\t\t\t\t\t<th data-dow=\"1\">Monday<\/th>\n\t\t\t\t\t\t\t\t\t\t\t\t\t\t\t\t<th data-dow=\"2\">Tuesday<\/th>\n\t\t\t\t\t\t\t\t\t\t\t\t\t\t\t\t<th data-dow=\"3\">Wednesday<\/th>\n\t\t\t\t\t\t\t\t\t\t\t\t\t\t\t\t<th data-dow=\"4\">Thursday<\/th>\n\t\t\t\t\t\t\t\t\t\t\t\t\t\t\t\t<th data-dow=\"5\">Friday<\/th>\n\t\t\t\t\t\t\t\t\t\t\t\t\t\t\t\t<th data-dow=\"6\">Saturday<\/th>\n\t\t\t\t\t\t\t\t\t\t\t\t\t\t\t\t<th data-dow=\"0\">Sunday<\/th>\n\t\t\t\t\t\t\t\t\t\t\t\t\t\t<\/tr>\n\t\t\t\t\t<\/thead>\n\n\t\t\t\t\t<tbody>\n\t\t\t\t\t\t<tr>\n\t\t\t\t\t\t\t\t\t\t\t\t\t\t\t<td class=\"off\" data-dow=\"1\"><\/td>\n\t\t\t\t\t\t\t\t\t\t\t\t\t\t\t\t<td data-dow=\"2\" data-events-count=\"0\" data-feed-keys=\"\" class=\"future empty d_01 dow_2\">\n\t\t\t\t\t\t\t\t\t<div class=\"day\">\n\t\t\t\t\t\t\t\t\t\t\t\t\t\t\t\t\t\t\t\t\t<span class=\"phone_only\" id=\"r6a97dccace13c5d-20270601\"><span data-date-format=\"l\">Tuesday<\/span> <span data-date-format=\"F\">June<\/span> <span data-date-format=\"j\">1<\/span><\/span>\n\t\t\t\t\t\t\t\t\t\t\t<span class=\"no_phone\" aria-hidden=\"true\">1<\/span>\n\t\t\t\t\t\t\t\t\t\t\t\t\t\t\t\t\t\t\t\t<\/div>\n\t\t\t\t\t\t\t\t\t\t\t\t\t\t\t\t\t<\/td>\n\t\t\t\t\t\t\t\t\t\t\t\t\t\t\t\t<td data-dow=\"3\" data-events-count=\"0\" data-feed-keys=\"\" class=\"future empty d_02 dow_3\">\n\t\t\t\t\t\t\t\t\t<div class=\"day\">\n\t\t\t\t\t\t\t\t\t\t\t\t\t\t\t\t\t\t\t\t\t<span class=\"phone_only\" id=\"r6a97dccace13c5d-20270602\"><span data-date-format=\"l\">Wednesday<\/span> <span data-date-format=\"F\">June<\/span> <span data-date-format=\"j\">2<\/span><\/span>\n\t\t\t\t\t\t\t\t\t\t\t<span class=\"no_phone\" aria-hidden=\"true\">2<\/span>\n\t\t\t\t\t\t\t\t\t\t\t\t\t\t\t\t\t\t\t\t<\/div>\n\t\t\t\t\t\t\t\t\t\t\t\t\t\t\t\t\t<\/td>\n\t\t\t\t\t\t\t\t\t\t\t\t\t\t\t\t<td data-dow=\"4\" data-events-count=\"0\" data-feed-keys=\"\" class=\"future empty d_03 dow_4\">\n\t\t\t\t\t\t\t\t\t<div class=\"day\">\n\t\t\t\t\t\t\t\t\t\t\t\t\t\t\t\t\t\t\t\t\t<span class=\"phone_only\" id=\"r6a97dccace13c5d-20270603\"><span data-date-format=\"l\">Thursday<\/span> <span data-date-format=\"F\">June<\/span> <span data-date-format=\"j\">3<\/span><\/span>\n\t\t\t\t\t\t\t\t\t\t\t<span class=\"no_phone\" aria-hidden=\"true\">3<\/span>\n\t\t\t\t\t\t\t\t\t\t\t\t\t\t\t\t\t\t\t\t<\/div>\n\t\t\t\t\t\t\t\t\t\t\t\t\t\t\t\t\t<\/td>\n\t\t\t\t\t\t\t\t\t\t\t\t\t\t\t\t<td data-dow=\"5\" data-events-count=\"0\" data-feed-keys=\"\" class=\"future empty d_04 dow_5\">\n\t\t\t\t\t\t\t\t\t<div class=\"day\">\n\t\t\t\t\t\t\t\t\t\t\t\t\t\t\t\t\t\t\t\t\t<span class=\"phone_only\" id=\"r6a97dccace13c5d-20270604\"><span data-date-format=\"l\">Friday<\/span> <span data-date-format=\"F\">June<\/span> <span data-date-format=\"j\">4<\/span><\/span>\n\t\t\t\t\t\t\t\t\t\t\t<span class=\"no_phone\" aria-hidden=\"true\">4<\/span>\n\t\t\t\t\t\t\t\t\t\t\t\t\t\t\t\t\t\t\t\t<\/div>\n\t\t\t\t\t\t\t\t\t\t\t\t\t\t\t\t\t<\/td>\n\t\t\t\t\t\t\t\t\t\t\t\t\t\t\t\t<td data-dow=\"6\" data-events-count=\"0\" data-feed-keys=\"\" class=\"future empty d_05 dow_6\">\n\t\t\t\t\t\t\t\t\t<div class=\"day\">\n\t\t\t\t\t\t\t\t\t\t\t\t\t\t\t\t\t\t\t\t\t<span class=\"phone_only\" id=\"r6a97dccace13c5d-20270605\"><span data-date-format=\"l\">Saturday<\/span> <span data-date-format=\"F\">June<\/span> <span data-date-format=\"j\">5<\/span><\/span>\n\t\t\t\t\t\t\t\t\t\t\t<span class=\"no_phone\" aria-hidden=\"true\">5<\/span>\n\t\t\t\t\t\t\t\t\t\t\t\t\t\t\t\t\t\t\t\t<\/div>\n\t\t\t\t\t\t\t\t\t\t\t\t\t\t\t\t\t<\/td>\n\t\t\t\t\t\t\t\t\t\t\t\t\t\t\t\t<td data-dow=\"0\" data-events-count=\"1\" data-feed-keys=\"0\" class=\"future has_events d_06 dow_0\">\n\t\t\t\t\t\t\t\t\t<div class=\"day\">\n\t\t\t\t\t\t\t\t\t\t\t\t\t\t\t\t\t\t\t\t\t<span class=\"phone_only\" id=\"r6a97dccace13c5d-20270606\"><span data-date-format=\"l\">Sunday<\/span> <span data-date-format=\"F\">June<\/span> <span data-date-format=\"j\">6<\/span><\/span>\n\t\t\t\t\t\t\t\t\t\t\t<span class=\"no_phone\" aria-hidden=\"true\">6<\/span>\n\t\t\t\t\t\t\t\t\t\t\t\t\t\t\t\t\t\t\t\t<\/div>\n\t\t\t\t\t\t\t\t\t\t\t\t\t\t\t\t\t\t\t<ul class=\"events\" aria-labelledby=\"r6a97dccace13c5d-20270606\">\n\t\t\t\t\t\t\t\t\t\t\t\t\t\t\t\t\t\t\t\t\t\t\t\t\t<li class=\"event all-day\" data-feed-key=\"0\">\n\t\t\t\t\t\t\t\t\t\t\t\t\t\t\t\t\t\t\t\t\t\t\t\t\t\t\t\t\t\t\t<span class=\"all-day-indicator\">All Day<\/span>\n\t\t\t\t\t\t\t\t\t\t\t\t\t\t\t\t<span class=\"title has_desc confirmed\">Ang\u00e9lique Kidjo at Volkshaus (06 Jun 27)<\/span><div class=\"descloc hover_block\"><div class=\"title_in_hover_block\"><span class=\"title confirmed\">Ang\u00e9lique Kidjo at Volkshaus (06 Jun 27)<\/span><\/div><div class=\"location\">Volkshaus, Rebgasse, 12, 4058, Basel, Switzerland<\/div><div class=\"eventdesc\"><p><a href=\"https:\/\/www.songkick.com\/concerts\/43388666-angelique-kidjo-at-volkshaus?utm_campaign=tracked_artist&#038;utm_content=ZD0yNDYxMjg2JnU9MTM3MjI4MTU5&#038;utm_medium=feed&#038;utm_source=ical\" rel=\"nofollow\">https:\/\/www.songkick.com\/concerts\/43388666-angelique-kidjo-at-volkshaus?utm_campaign=tracked_artist&#038;utm_content=ZD0yNDYxMjg2JnU9MTM3MjI4MTU5&#038;utm_medium=feed&#038;utm_source=ical<\/a><\/p><\/div><\/div>\t\t\t\t\t\t\t\t\t\t\t\t\t\t<\/li>\n\t\t\t\t\t\t\t\t\t\t\t\t\t\t\t\t\t\t\t\t\t\t\t\t<\/ul>\n\t\t\t\t\t\t\t\t\t\t\t\t\t\t\t\t\t\t<\/td>\n\t\t\t\t\t\t\t\t<\/tr><tr>\t\t\t\t\t\t\t\t<td data-dow=\"1\" data-events-count=\"0\" data-feed-keys=\"\" class=\"future empty d_07 dow_1\">\n\t\t\t\t\t\t\t\t\t<div class=\"day\">\n\t\t\t\t\t\t\t\t\t\t\t\t\t\t\t\t\t\t\t\t\t<span class=\"phone_only\" id=\"r6a97dccace13c5d-20270607\"><span data-date-format=\"l\">Monday<\/span> <span data-date-format=\"F\">June<\/span> <span data-date-format=\"j\">7<\/span><\/span>\n\t\t\t\t\t\t\t\t\t\t\t<span class=\"no_phone\" aria-hidden=\"true\">7<\/span>\n\t\t\t\t\t\t\t\t\t\t\t\t\t\t\t\t\t\t\t\t<\/div>\n\t\t\t\t\t\t\t\t\t\t\t\t\t\t\t\t\t<\/td>\n\t\t\t\t\t\t\t\t\t\t\t\t\t\t\t\t<td data-dow=\"2\" data-events-count=\"0\" data-feed-keys=\"\" class=\"future empty d_08 dow_2\">\n\t\t\t\t\t\t\t\t\t<div class=\"day\">\n\t\t\t\t\t\t\t\t\t\t\t\t\t\t\t\t\t\t\t\t\t<span class=\"phone_only\" id=\"r6a97dccace13c5d-20270608\"><span data-date-format=\"l\">Tuesday<\/span> <span data-date-format=\"F\">June<\/span> <span data-date-format=\"j\">8<\/span><\/span>\n\t\t\t\t\t\t\t\t\t\t\t<span class=\"no_phone\" aria-hidden=\"true\">8<\/span>\n\t\t\t\t\t\t\t\t\t\t\t\t\t\t\t\t\t\t\t\t<\/div>\n\t\t\t\t\t\t\t\t\t\t\t\t\t\t\t\t\t<\/td>\n\t\t\t\t\t\t\t\t\t\t\t\t\t\t\t\t<td data-dow=\"3\" data-events-count=\"0\" data-feed-keys=\"\" class=\"future empty d_09 dow_3\">\n\t\t\t\t\t\t\t\t\t<div class=\"day\">\n\t\t\t\t\t\t\t\t\t\t\t\t\t\t\t\t\t\t\t\t\t<span class=\"phone_only\" id=\"r6a97dccace13c5d-20270609\"><span data-date-format=\"l\">Wednesday<\/span> <span data-date-format=\"F\">June<\/span> <span data-date-format=\"j\">9<\/span><\/span>\n\t\t\t\t\t\t\t\t\t\t\t<span class=\"no_phone\" aria-hidden=\"true\">9<\/span>\n\t\t\t\t\t\t\t\t\t\t\t\t\t\t\t\t\t\t\t\t<\/div>\n\t\t\t\t\t\t\t\t\t\t\t\t\t\t\t\t\t<\/td>\n\t\t\t\t\t\t\t\t\t\t\t\t\t\t\t\t<td data-dow=\"4\" data-events-count=\"0\" data-feed-keys=\"\" class=\"future empty d_10 dow_4\">\n\t\t\t\t\t\t\t\t\t<div class=\"day\">\n\t\t\t\t\t\t\t\t\t\t\t\t\t\t\t\t\t\t\t\t\t<span class=\"phone_only\" id=\"r6a97dccace13c5d-20270610\"><span data-date-format=\"l\">Thursday<\/span> <span data-date-format=\"F\">June<\/span> <span data-date-format=\"j\">10<\/span><\/span>\n\t\t\t\t\t\t\t\t\t\t\t<span class=\"no_phone\" aria-hidden=\"true\">10<\/span>\n\t\t\t\t\t\t\t\t\t\t\t\t\t\t\t\t\t\t\t\t<\/div>\n\t\t\t\t\t\t\t\t\t\t\t\t\t\t\t\t\t<\/td>\n\t\t\t\t\t\t\t\t\t\t\t\t\t\t\t\t<td data-dow=\"5\" data-events-count=\"0\" data-feed-keys=\"\" class=\"future empty d_11 dow_5\">\n\t\t\t\t\t\t\t\t\t<div class=\"day\">\n\t\t\t\t\t\t\t\t\t\t\t\t\t\t\t\t\t\t\t\t\t<span class=\"phone_only\" id=\"r6a97dccace13c5d-20270611\"><span data-date-format=\"l\">Friday<\/span> <span data-date-format=\"F\">June<\/span> <span data-date-format=\"j\">11<\/span><\/span>\n\t\t\t\t\t\t\t\t\t\t\t<span class=\"no_phone\" aria-hidden=\"true\">11<\/span>\n\t\t\t\t\t\t\t\t\t\t\t\t\t\t\t\t\t\t\t\t<\/div>\n\t\t\t\t\t\t\t\t\t\t\t\t\t\t\t\t\t<\/td>\n\t\t\t\t\t\t\t\t\t\t\t\t\t\t\t\t<td data-dow=\"6\" data-events-count=\"0\" data-feed-keys=\"\" class=\"future empty d_12 dow_6\">\n\t\t\t\t\t\t\t\t\t<div class=\"day\">\n\t\t\t\t\t\t\t\t\t\t\t\t\t\t\t\t\t\t\t\t\t<span class=\"phone_only\" id=\"r6a97dccace13c5d-20270612\"><span data-date-format=\"l\">Saturday<\/span> <span data-date-format=\"F\">June<\/span> <span data-date-format=\"j\">12<\/span><\/span>\n\t\t\t\t\t\t\t\t\t\t\t<span class=\"no_phone\" aria-hidden=\"true\">12<\/span>\n\t\t\t\t\t\t\t\t\t\t\t\t\t\t\t\t\t\t\t\t<\/div>\n\t\t\t\t\t\t\t\t\t\t\t\t\t\t\t\t\t<\/td>\n\t\t\t\t\t\t\t\t\t\t\t\t\t\t\t\t<td data-dow=\"0\" data-events-count=\"0\" data-feed-keys=\"\" class=\"future empty d_13 dow_0\">\n\t\t\t\t\t\t\t\t\t<div class=\"day\">\n\t\t\t\t\t\t\t\t\t\t\t\t\t\t\t\t\t\t\t\t\t<span class=\"phone_only\" id=\"r6a97dccace13c5d-20270613\"><span data-date-format=\"l\">Sunday<\/span> <span data-date-format=\"F\">June<\/span> <span data-date-format=\"j\">13<\/span><\/span>\n\t\t\t\t\t\t\t\t\t\t\t<span class=\"no_phone\" aria-hidden=\"true\">13<\/span>\n\t\t\t\t\t\t\t\t\t\t\t\t\t\t\t\t\t\t\t\t<\/div>\n\t\t\t\t\t\t\t\t\t\t\t\t\t\t\t\t\t<\/td>\n\t\t\t\t\t\t\t\t<\/tr><tr>\t\t\t\t\t\t\t\t<td data-dow=\"1\" data-events-count=\"0\" data-feed-keys=\"\" class=\"future empty d_14 dow_1\">\n\t\t\t\t\t\t\t\t\t<div class=\"day\">\n\t\t\t\t\t\t\t\t\t\t\t\t\t\t\t\t\t\t\t\t\t<span class=\"phone_only\" id=\"r6a97dccace13c5d-20270614\"><span data-date-format=\"l\">Monday<\/span> <span data-date-format=\"F\">June<\/span> <span data-date-format=\"j\">14<\/span><\/span>\n\t\t\t\t\t\t\t\t\t\t\t<span class=\"no_phone\" aria-hidden=\"true\">14<\/span>\n\t\t\t\t\t\t\t\t\t\t\t\t\t\t\t\t\t\t\t\t<\/div>\n\t\t\t\t\t\t\t\t\t\t\t\t\t\t\t\t\t<\/td>\n\t\t\t\t\t\t\t\t\t\t\t\t\t\t\t\t<td data-dow=\"2\" data-events-count=\"0\" data-feed-keys=\"\" class=\"future empty d_15 dow_2\">\n\t\t\t\t\t\t\t\t\t<div class=\"day\">\n\t\t\t\t\t\t\t\t\t\t\t\t\t\t\t\t\t\t\t\t\t<span class=\"phone_only\" id=\"r6a97dccace13c5d-20270615\"><span data-date-format=\"l\">Tuesday<\/span> <span data-date-format=\"F\">June<\/span> <span data-date-format=\"j\">15<\/span><\/span>\n\t\t\t\t\t\t\t\t\t\t\t<span class=\"no_phone\" aria-hidden=\"true\">15<\/span>\n\t\t\t\t\t\t\t\t\t\t\t\t\t\t\t\t\t\t\t\t<\/div>\n\t\t\t\t\t\t\t\t\t\t\t\t\t\t\t\t\t<\/td>\n\t\t\t\t\t\t\t\t\t\t\t\t\t\t\t\t<td data-dow=\"3\" data-events-count=\"0\" data-feed-keys=\"\" class=\"future empty d_16 dow_3\">\n\t\t\t\t\t\t\t\t\t<div class=\"day\">\n\t\t\t\t\t\t\t\t\t\t\t\t\t\t\t\t\t\t\t\t\t<span class=\"phone_only\" id=\"r6a97dccace13c5d-20270616\"><span data-date-format=\"l\">Wednesday<\/span> <span data-date-format=\"F\">June<\/span> <span data-date-format=\"j\">16<\/span><\/span>\n\t\t\t\t\t\t\t\t\t\t\t<span class=\"no_phone\" aria-hidden=\"true\">16<\/span>\n\t\t\t\t\t\t\t\t\t\t\t\t\t\t\t\t\t\t\t\t<\/div>\n\t\t\t\t\t\t\t\t\t\t\t\t\t\t\t\t\t<\/td>\n\t\t\t\t\t\t\t\t\t\t\t\t\t\t\t\t<td data-dow=\"4\" data-events-count=\"0\" data-feed-keys=\"\" class=\"future empty d_17 dow_4\">\n\t\t\t\t\t\t\t\t\t<div class=\"day\">\n\t\t\t\t\t\t\t\t\t\t\t\t\t\t\t\t\t\t\t\t\t<span class=\"phone_only\" id=\"r6a97dccace13c5d-20270617\"><span data-date-format=\"l\">Thursday<\/span> <span data-date-format=\"F\">June<\/span> <span data-date-format=\"j\">17<\/span><\/span>\n\t\t\t\t\t\t\t\t\t\t\t<span class=\"no_phone\" aria-hidden=\"true\">17<\/span>\n\t\t\t\t\t\t\t\t\t\t\t\t\t\t\t\t\t\t\t\t<\/div>\n\t\t\t\t\t\t\t\t\t\t\t\t\t\t\t\t\t<\/td>\n\t\t\t\t\t\t\t\t\t\t\t\t\t\t\t\t<td data-dow=\"5\" data-events-count=\"1\" data-feed-keys=\"0\" class=\"future has_events d_18 dow_5\">\n\t\t\t\t\t\t\t\t\t<div class=\"day\">\n\t\t\t\t\t\t\t\t\t\t\t\t\t\t\t\t\t\t\t\t\t<span class=\"phone_only\" id=\"r6a97dccace13c5d-20270618\"><span data-date-format=\"l\">Friday<\/span> <span data-date-format=\"F\">June<\/span> <span data-date-format=\"j\">18<\/span><\/span>\n\t\t\t\t\t\t\t\t\t\t\t<span class=\"no_phone\" aria-hidden=\"true\">18<\/span>\n\t\t\t\t\t\t\t\t\t\t\t\t\t\t\t\t\t\t\t\t<\/div>\n\t\t\t\t\t\t\t\t\t\t\t\t\t\t\t\t\t\t\t<ul class=\"events\" aria-labelledby=\"r6a97dccace13c5d-20270618\">\n\t\t\t\t\t\t\t\t\t\t\t\t\t\t\t\t\t\t\t\t\t\t\t\t\t<li class=\"event all-day\" data-feed-key=\"0\">\n\t\t\t\t\t\t\t\t\t\t\t\t\t\t\t\t\t\t\t\t\t\t\t\t\t\t\t\t\t\t\t<span class=\"all-day-indicator\">All Day<\/span>\n\t\t\t\t\t\t\t\t\t\t\t\t\t\t\t\t<span class=\"title has_desc confirmed\">Die Fantastischen Vier at Mehrzweckgel\u00e4nde Tannenhausen (18 Jun 27)<\/span><div class=\"descloc hover_block\"><div class=\"title_in_hover_block\"><span class=\"title confirmed\">Die Fantastischen Vier at Mehrzweckgel\u00e4nde Tannenhausen (18 Jun 27)<\/span><\/div><div class=\"location\">Mehrzweckgel\u00e4nde Tannenhausen, Am Stadion 18, 26607, Aurich, Germany<\/div><div class=\"eventdesc\"><p><a href=\"https:\/\/www.songkick.com\/concerts\/43119035-die-fantastischen-vier-at-mehrzweckgelande-tannenhausen?utm_campaign=tracked_artist&#038;utm_content=ZD0yNDYxMjg2JnU9MTM3MjI4MTU5&#038;utm_medium=feed&#038;utm_source=ical\" rel=\"nofollow\">https:\/\/www.songkick.com\/concerts\/43119035-die-fantastischen-vier-at-mehrzweckgelande-tannenhausen?utm_campaign=tracked_artist&#038;utm_content=ZD0yNDYxMjg2JnU9MTM3MjI4MTU5&#038;utm_medium=feed&#038;utm_source=ical<\/a><\/p><\/div><\/div>\t\t\t\t\t\t\t\t\t\t\t\t\t\t<\/li>\n\t\t\t\t\t\t\t\t\t\t\t\t\t\t\t\t\t\t\t\t\t\t\t\t<\/ul>\n\t\t\t\t\t\t\t\t\t\t\t\t\t\t\t\t\t\t<\/td>\n\t\t\t\t\t\t\t\t\t\t\t\t\t\t\t\t<td data-dow=\"6\" data-events-count=\"1\" data-feed-keys=\"0\" class=\"future has_events d_19 dow_6\">\n\t\t\t\t\t\t\t\t\t<div class=\"day\">\n\t\t\t\t\t\t\t\t\t\t\t\t\t\t\t\t\t\t\t\t\t<span class=\"phone_only\" id=\"r6a97dccace13c5d-20270619\"><span data-date-format=\"l\">Saturday<\/span> <span data-date-format=\"F\">June<\/span> <span data-date-format=\"j\">19<\/span><\/span>\n\t\t\t\t\t\t\t\t\t\t\t<span class=\"no_phone\" aria-hidden=\"true\">19<\/span>\n\t\t\t\t\t\t\t\t\t\t\t\t\t\t\t\t\t\t\t\t<\/div>\n\t\t\t\t\t\t\t\t\t\t\t\t\t\t\t\t\t\t\t<ul class=\"events\" aria-labelledby=\"r6a97dccace13c5d-20270619\">\n\t\t\t\t\t\t\t\t\t\t\t\t\t\t\t\t\t\t\t\t\t\t\t\t\t<li class=\"event all-day\" data-feed-key=\"0\">\n\t\t\t\t\t\t\t\t\t\t\t\t\t\t\t\t\t\t\t\t\t\t\t\t\t\t\t\t\t\t\t<span class=\"all-day-indicator\">All Day<\/span>\n\t\t\t\t\t\t\t\t\t\t\t\t\t\t\t\t<span class=\"title has_desc confirmed\">Die Fantastischen Vier at SparkassenPark (19 Jun 27)<\/span><div class=\"descloc hover_block\"><div class=\"title_in_hover_block\"><span class=\"title confirmed\">Die Fantastischen Vier at SparkassenPark (19 Jun 27)<\/span><\/div><div class=\"location\">SparkassenPark, Am Hockeypark 1, 41179, M\u00f6nchengladbach, Germany<\/div><div class=\"eventdesc\"><p><a href=\"https:\/\/www.songkick.com\/concerts\/42947070-die-fantastischen-vier-at-sparkassenpark?utm_campaign=tracked_artist&#038;utm_content=ZD0yNDYxMjg2JnU9MTM3MjI4MTU5&#038;utm_medium=feed&#038;utm_source=ical\" rel=\"nofollow\">https:\/\/www.songkick.com\/concerts\/42947070-die-fantastischen-vier-at-sparkassenpark?utm_campaign=tracked_artist&#038;utm_content=ZD0yNDYxMjg2JnU9MTM3MjI4MTU5&#038;utm_medium=feed&#038;utm_source=ical<\/a><\/p><\/div><\/div>\t\t\t\t\t\t\t\t\t\t\t\t\t\t<\/li>\n\t\t\t\t\t\t\t\t\t\t\t\t\t\t\t\t\t\t\t\t\t\t\t\t<\/ul>\n\t\t\t\t\t\t\t\t\t\t\t\t\t\t\t\t\t\t<\/td>\n\t\t\t\t\t\t\t\t\t\t\t\t\t\t\t\t<td data-dow=\"0\" data-events-count=\"0\" data-feed-keys=\"\" class=\"future empty d_20 dow_0\">\n\t\t\t\t\t\t\t\t\t<div class=\"day\">\n\t\t\t\t\t\t\t\t\t\t\t\t\t\t\t\t\t\t\t\t\t<span class=\"phone_only\" id=\"r6a97dccace13c5d-20270620\"><span data-date-format=\"l\">Sunday<\/span> <span data-date-format=\"F\">June<\/span> <span data-date-format=\"j\">20<\/span><\/span>\n\t\t\t\t\t\t\t\t\t\t\t<span class=\"no_phone\" aria-hidden=\"true\">20<\/span>\n\t\t\t\t\t\t\t\t\t\t\t\t\t\t\t\t\t\t\t\t<\/div>\n\t\t\t\t\t\t\t\t\t\t\t\t\t\t\t\t\t<\/td>\n\t\t\t\t\t\t\t\t<\/tr><tr>\t\t\t\t\t\t\t\t<td data-dow=\"1\" data-events-count=\"0\" data-feed-keys=\"\" class=\"future empty d_21 dow_1\">\n\t\t\t\t\t\t\t\t\t<div class=\"day\">\n\t\t\t\t\t\t\t\t\t\t\t\t\t\t\t\t\t\t\t\t\t<span class=\"phone_only\" id=\"r6a97dccace13c5d-20270621\"><span data-date-format=\"l\">Monday<\/span> <span data-date-format=\"F\">June<\/span> <span data-date-format=\"j\">21<\/span><\/span>\n\t\t\t\t\t\t\t\t\t\t\t<span class=\"no_phone\" aria-hidden=\"true\">21<\/span>\n\t\t\t\t\t\t\t\t\t\t\t\t\t\t\t\t\t\t\t\t<\/div>\n\t\t\t\t\t\t\t\t\t\t\t\t\t\t\t\t\t<\/td>\n\t\t\t\t\t\t\t\t\t\t\t\t\t\t\t\t<td data-dow=\"2\" data-events-count=\"0\" data-feed-keys=\"\" class=\"future empty d_22 dow_2\">\n\t\t\t\t\t\t\t\t\t<div class=\"day\">\n\t\t\t\t\t\t\t\t\t\t\t\t\t\t\t\t\t\t\t\t\t<span class=\"phone_only\" id=\"r6a97dccace13c5d-20270622\"><span data-date-format=\"l\">Tuesday<\/span> <span data-date-format=\"F\">June<\/span> <span data-date-format=\"j\">22<\/span><\/span>\n\t\t\t\t\t\t\t\t\t\t\t<span class=\"no_phone\" aria-hidden=\"true\">22<\/span>\n\t\t\t\t\t\t\t\t\t\t\t\t\t\t\t\t\t\t\t\t<\/div>\n\t\t\t\t\t\t\t\t\t\t\t\t\t\t\t\t\t<\/td>\n\t\t\t\t\t\t\t\t\t\t\t\t\t\t\t\t<td data-dow=\"3\" data-events-count=\"0\" data-feed-keys=\"\" class=\"future empty d_23 dow_3\">\n\t\t\t\t\t\t\t\t\t<div class=\"day\">\n\t\t\t\t\t\t\t\t\t\t\t\t\t\t\t\t\t\t\t\t\t<span class=\"phone_only\" id=\"r6a97dccace13c5d-20270623\"><span data-date-format=\"l\">Wednesday<\/span> <span data-date-format=\"F\">June<\/span> <span data-date-format=\"j\">23<\/span><\/span>\n\t\t\t\t\t\t\t\t\t\t\t<span class=\"no_phone\" aria-hidden=\"true\">23<\/span>\n\t\t\t\t\t\t\t\t\t\t\t\t\t\t\t\t\t\t\t\t<\/div>\n\t\t\t\t\t\t\t\t\t\t\t\t\t\t\t\t\t<\/td>\n\t\t\t\t\t\t\t\t\t\t\t\t\t\t\t\t<td data-dow=\"4\" data-events-count=\"0\" data-feed-keys=\"\" class=\"future empty d_24 dow_4\">\n\t\t\t\t\t\t\t\t\t<div class=\"day\">\n\t\t\t\t\t\t\t\t\t\t\t\t\t\t\t\t\t\t\t\t\t<span class=\"phone_only\" id=\"r6a97dccace13c5d-20270624\"><span data-date-format=\"l\">Thursday<\/span> <span data-date-format=\"F\">June<\/span> <span data-date-format=\"j\">24<\/span><\/span>\n\t\t\t\t\t\t\t\t\t\t\t<span class=\"no_phone\" aria-hidden=\"true\">24<\/span>\n\t\t\t\t\t\t\t\t\t\t\t\t\t\t\t\t\t\t\t\t<\/div>\n\t\t\t\t\t\t\t\t\t\t\t\t\t\t\t\t\t<\/td>\n\t\t\t\t\t\t\t\t\t\t\t\t\t\t\t\t<td data-dow=\"5\" data-events-count=\"0\" data-feed-keys=\"\" class=\"future empty d_25 dow_5\">\n\t\t\t\t\t\t\t\t\t<div class=\"day\">\n\t\t\t\t\t\t\t\t\t\t\t\t\t\t\t\t\t\t\t\t\t<span class=\"phone_only\" id=\"r6a97dccace13c5d-20270625\"><span data-date-format=\"l\">Friday<\/span> <span data-date-format=\"F\">June<\/span> <span data-date-format=\"j\">25<\/span><\/span>\n\t\t\t\t\t\t\t\t\t\t\t<span class=\"no_phone\" aria-hidden=\"true\">25<\/span>\n\t\t\t\t\t\t\t\t\t\t\t\t\t\t\t\t\t\t\t\t<\/div>\n\t\t\t\t\t\t\t\t\t\t\t\t\t\t\t\t\t<\/td>\n\t\t\t\t\t\t\t\t\t\t\t\t\t\t\t\t<td data-dow=\"6\" data-events-count=\"1\" data-feed-keys=\"0\" class=\"future has_events d_26 dow_6\">\n\t\t\t\t\t\t\t\t\t<div class=\"day\">\n\t\t\t\t\t\t\t\t\t\t\t\t\t\t\t\t\t\t\t\t\t<span class=\"phone_only\" id=\"r6a97dccace13c5d-20270626\"><span data-date-format=\"l\">Saturday<\/span> <span data-date-format=\"F\">June<\/span> <span data-date-format=\"j\">26<\/span><\/span>\n\t\t\t\t\t\t\t\t\t\t\t<span class=\"no_phone\" aria-hidden=\"true\">26<\/span>\n\t\t\t\t\t\t\t\t\t\t\t\t\t\t\t\t\t\t\t\t<\/div>\n\t\t\t\t\t\t\t\t\t\t\t\t\t\t\t\t\t\t\t<ul class=\"events\" aria-labelledby=\"r6a97dccace13c5d-20270626\">\n\t\t\t\t\t\t\t\t\t\t\t\t\t\t\t\t\t\t\t\t\t\t\t\t\t<li class=\"event all-day\" data-feed-key=\"0\">\n\t\t\t\t\t\t\t\t\t\t\t\t\t\t\t\t\t\t\t\t\t\t\t\t\t\t\t\t\t\t\t<span class=\"all-day-indicator\">All Day<\/span>\n\t\t\t\t\t\t\t\t\t\t\t\t\t\t\t\t<span class=\"title has_desc confirmed\">Die Fantastischen Vier at Klein Venedig 1 (26 Jun 27)<\/span><div class=\"descloc hover_block\"><div class=\"title_in_hover_block\"><span class=\"title confirmed\">Die Fantastischen Vier at Klein Venedig 1 (26 Jun 27)<\/span><\/div><div class=\"location\">Klein Venedig 1, 78462, Konstanz, Germany<\/div><div class=\"eventdesc\"><p><a href=\"https:\/\/www.songkick.com\/concerts\/43119036-die-fantastischen-vier-at-klein-venedig-1?utm_campaign=tracked_artist&#038;utm_content=ZD0yNDYxMjg2JnU9MTM3MjI4MTU5&#038;utm_medium=feed&#038;utm_source=ical\" rel=\"nofollow\">https:\/\/www.songkick.com\/concerts\/43119036-die-fantastischen-vier-at-klein-venedig-1?utm_campaign=tracked_artist&#038;utm_content=ZD0yNDYxMjg2JnU9MTM3MjI4MTU5&#038;utm_medium=feed&#038;utm_source=ical<\/a><\/p><\/div><\/div>\t\t\t\t\t\t\t\t\t\t\t\t\t\t<\/li>\n\t\t\t\t\t\t\t\t\t\t\t\t\t\t\t\t\t\t\t\t\t\t\t\t<\/ul>\n\t\t\t\t\t\t\t\t\t\t\t\t\t\t\t\t\t\t<\/td>\n\t\t\t\t\t\t\t\t\t\t\t\t\t\t\t\t<td data-dow=\"0\" data-events-count=\"1\" data-feed-keys=\"0\" class=\"future has_events d_27 dow_0\">\n\t\t\t\t\t\t\t\t\t<div class=\"day\">\n\t\t\t\t\t\t\t\t\t\t\t\t\t\t\t\t\t\t\t\t\t<span class=\"phone_only\" id=\"r6a97dccace13c5d-20270627\"><span data-date-format=\"l\">Sunday<\/span> <span data-date-format=\"F\">June<\/span> <span data-date-format=\"j\">27<\/span><\/span>\n\t\t\t\t\t\t\t\t\t\t\t<span class=\"no_phone\" aria-hidden=\"true\">27<\/span>\n\t\t\t\t\t\t\t\t\t\t\t\t\t\t\t\t\t\t\t\t<\/div>\n\t\t\t\t\t\t\t\t\t\t\t\t\t\t\t\t\t\t\t<ul class=\"events\" aria-labelledby=\"r6a97dccace13c5d-20270627\">\n\t\t\t\t\t\t\t\t\t\t\t\t\t\t\t\t\t\t\t\t\t\t\t\t\t<li class=\"event all-day\" data-feed-key=\"0\">\n\t\t\t\t\t\t\t\t\t\t\t\t\t\t\t\t\t\t\t\t\t\t\t\t\t\t\t\t\t\t\t<span class=\"all-day-indicator\">All Day<\/span>\n\t\t\t\t\t\t\t\t\t\t\t\t\t\t\t\t<span class=\"title has_desc confirmed\">Die Fantastischen Vier at Regionalwerk Bodensee Schlossgarten Open Airs (27 Jun 27)<\/span><div class=\"descloc hover_block\"><div class=\"title_in_hover_block\"><span class=\"title confirmed\">Die Fantastischen Vier at Regionalwerk Bodensee Schlossgarten Open Airs (27 Jun 27)<\/span><\/div><div class=\"location\">Regionalwerk Bodensee Schlossgarten Open Airs, Montfortplatz 1, 88069, Tettnang, Germany<\/div><div class=\"eventdesc\"><p><a href=\"https:\/\/www.songkick.com\/concerts\/42922081-die-fantastischen-vier-at-regionalwerk-bodensee-schlossgarten-open-airs?utm_campaign=tracked_artist&#038;utm_content=ZD0yNDYxMjg2JnU9MTM3MjI4MTU5&#038;utm_medium=feed&#038;utm_source=ical\" rel=\"nofollow\">https:\/\/www.songkick.com\/concerts\/42922081-die-fantastischen-vier-at-regionalwerk-bodensee-schlossgarten-open-airs?utm_campaign=tracked_artist&#038;utm_content=ZD0yNDYxMjg2JnU9MTM3MjI4MTU5&#038;utm_medium=feed&#038;utm_source=ical<\/a><\/p><\/div><\/div>\t\t\t\t\t\t\t\t\t\t\t\t\t\t<\/li>\n\t\t\t\t\t\t\t\t\t\t\t\t\t\t\t\t\t\t\t\t\t\t\t\t<\/ul>\n\t\t\t\t\t\t\t\t\t\t\t\t\t\t\t\t\t\t<\/td>\n\t\t\t\t\t\t\t\t<\/tr><tr>\t\t\t\t\t\t\t\t<td data-dow=\"1\" data-events-count=\"0\" data-feed-keys=\"\" class=\"future empty d_28 dow_1\">\n\t\t\t\t\t\t\t\t\t<div class=\"day\">\n\t\t\t\t\t\t\t\t\t\t\t\t\t\t\t\t\t\t\t\t\t<span class=\"phone_only\" id=\"r6a97dccace13c5d-20270628\"><span data-date-format=\"l\">Monday<\/span> <span data-date-format=\"F\">June<\/span> <span data-date-format=\"j\">28<\/span><\/span>\n\t\t\t\t\t\t\t\t\t\t\t<span class=\"no_phone\" aria-hidden=\"true\">28<\/span>\n\t\t\t\t\t\t\t\t\t\t\t\t\t\t\t\t\t\t\t\t<\/div>\n\t\t\t\t\t\t\t\t\t\t\t\t\t\t\t\t\t<\/td>\n\t\t\t\t\t\t\t\t\t\t\t\t\t\t\t\t<td data-dow=\"2\" data-events-count=\"0\" data-feed-keys=\"\" class=\"future empty d_29 dow_2\">\n\t\t\t\t\t\t\t\t\t<div class=\"day\">\n\t\t\t\t\t\t\t\t\t\t\t\t\t\t\t\t\t\t\t\t\t<span class=\"phone_only\" id=\"r6a97dccace13c5d-20270629\"><span data-date-format=\"l\">Tuesday<\/span> <span data-date-format=\"F\">June<\/span> <span data-date-format=\"j\">29<\/span><\/span>\n\t\t\t\t\t\t\t\t\t\t\t<span class=\"no_phone\" aria-hidden=\"true\">29<\/span>\n\t\t\t\t\t\t\t\t\t\t\t\t\t\t\t\t\t\t\t\t<\/div>\n\t\t\t\t\t\t\t\t\t\t\t\t\t\t\t\t\t<\/td>\n\t\t\t\t\t\t\t\t\t\t\t\t\t\t\t\t<td data-dow=\"3\" data-events-count=\"0\" data-feed-keys=\"\" class=\"future empty d_30 dow_3\">\n\t\t\t\t\t\t\t\t\t<div class=\"day\">\n\t\t\t\t\t\t\t\t\t\t\t\t\t\t\t\t\t\t\t\t\t<span class=\"phone_only\" id=\"r6a97dccace13c5d-20270630\"><span data-date-format=\"l\">Wednesday<\/span> <span data-date-format=\"F\">June<\/span> <span data-date-format=\"j\">30<\/span><\/span>\n\t\t\t\t\t\t\t\t\t\t\t<span class=\"no_phone\" aria-hidden=\"true\">30<\/span>\n\t\t\t\t\t\t\t\t\t\t\t\t\t\t\t\t\t\t\t\t<\/div>\n\t\t\t\t\t\t\t\t\t\t\t\t\t\t\t\t\t<\/td>\n\t\t\t\t\t\t\t\t\t\t\t\t\t\t\t\t<td class=\"off\" data-dow=\"4\"><\/td>\n\t\t\t\t\t\t\t\t\t\t\t\t\t\t\t\t<td class=\"off\" data-dow=\"5\"><\/td>\n\t\t\t\t\t\t\t\t\t\t\t\t\t\t\t\t<td class=\"off\" data-dow=\"6\"><\/td>\n\t\t\t\t\t\t\t\t\t\t\t\t\t\t\t\t<td class=\"off\" data-dow=\"0\"><\/td>\n\t\t\t\t\t\t\t\t\t\t\t\t\t\t<\/tr>\n\t\t\t\t\t<\/tbody>\n\t\t\t\t<\/table>\n\n\t\t\t\t\n\t\t\t<\/article>\n\t\t\t\t\t\t<article class=\"ics-calendar-month-wrapper\" style=\"display: none;\" data-year-month=\"202707\" data-is-this-month=\"0\">\n\n\t\t\t\t\t\t\t\t\t<h3 class=\"ics-calendar-label\" id=\"r6a97dccace13c5d-202707\">July 2027<\/h3>\n\t\t\t\t\t\t\t\t\t\n\t\t\t\t<table class=\"ics-calendar-month-grid\" aria-labelledby=\"r6a97dccace13c5d-202707\">\n\t\t\t\t\t<thead>\n\t\t\t\t\t\t<tr>\n\t\t\t\t\t\t\t\t\t\t\t\t\t\t\t<th data-dow=\"1\">Monday<\/th>\n\t\t\t\t\t\t\t\t\t\t\t\t\t\t\t\t<th data-dow=\"2\">Tuesday<\/th>\n\t\t\t\t\t\t\t\t\t\t\t\t\t\t\t\t<th data-dow=\"3\">Wednesday<\/th>\n\t\t\t\t\t\t\t\t\t\t\t\t\t\t\t\t<th data-dow=\"4\">Thursday<\/th>\n\t\t\t\t\t\t\t\t\t\t\t\t\t\t\t\t<th data-dow=\"5\">Friday<\/th>\n\t\t\t\t\t\t\t\t\t\t\t\t\t\t\t\t<th data-dow=\"6\">Saturday<\/th>\n\t\t\t\t\t\t\t\t\t\t\t\t\t\t\t\t<th data-dow=\"0\">Sunday<\/th>\n\t\t\t\t\t\t\t\t\t\t\t\t\t\t<\/tr>\n\t\t\t\t\t<\/thead>\n\n\t\t\t\t\t<tbody>\n\t\t\t\t\t\t<tr>\n\t\t\t\t\t\t\t\t\t\t\t\t\t\t\t<td class=\"off\" data-dow=\"1\"><\/td>\n\t\t\t\t\t\t\t\t\t\t\t\t\t\t\t\t<td class=\"off\" data-dow=\"2\"><\/td>\n\t\t\t\t\t\t\t\t\t\t\t\t\t\t\t\t<td class=\"off\" data-dow=\"3\"><\/td>\n\t\t\t\t\t\t\t\t\t\t\t\t\t\t\t\t<td data-dow=\"4\" data-events-count=\"0\" data-feed-keys=\"\" class=\"future empty d_01 dow_4\">\n\t\t\t\t\t\t\t\t\t<div class=\"day\">\n\t\t\t\t\t\t\t\t\t\t\t\t\t\t\t\t\t\t\t\t\t<span class=\"phone_only\" id=\"r6a97dccace13c5d-20270701\"><span data-date-format=\"l\">Thursday<\/span> <span data-date-format=\"F\">July<\/span> <span data-date-format=\"j\">1<\/span><\/span>\n\t\t\t\t\t\t\t\t\t\t\t<span class=\"no_phone\" aria-hidden=\"true\">1<\/span>\n\t\t\t\t\t\t\t\t\t\t\t\t\t\t\t\t\t\t\t\t<\/div>\n\t\t\t\t\t\t\t\t\t\t\t\t\t\t\t\t\t<\/td>\n\t\t\t\t\t\t\t\t\t\t\t\t\t\t\t\t<td data-dow=\"5\" data-events-count=\"0\" data-feed-keys=\"\" class=\"future empty d_02 dow_5\">\n\t\t\t\t\t\t\t\t\t<div class=\"day\">\n\t\t\t\t\t\t\t\t\t\t\t\t\t\t\t\t\t\t\t\t\t<span class=\"phone_only\" id=\"r6a97dccace13c5d-20270702\"><span data-date-format=\"l\">Friday<\/span> <span data-date-format=\"F\">July<\/span> <span data-date-format=\"j\">2<\/span><\/span>\n\t\t\t\t\t\t\t\t\t\t\t<span class=\"no_phone\" aria-hidden=\"true\">2<\/span>\n\t\t\t\t\t\t\t\t\t\t\t\t\t\t\t\t\t\t\t\t<\/div>\n\t\t\t\t\t\t\t\t\t\t\t\t\t\t\t\t\t<\/td>\n\t\t\t\t\t\t\t\t\t\t\t\t\t\t\t\t<td data-dow=\"6\" data-events-count=\"1\" data-feed-keys=\"0\" class=\"future has_events d_03 dow_6\">\n\t\t\t\t\t\t\t\t\t<div class=\"day\">\n\t\t\t\t\t\t\t\t\t\t\t\t\t\t\t\t\t\t\t\t\t<span class=\"phone_only\" id=\"r6a97dccace13c5d-20270703\"><span data-date-format=\"l\">Saturday<\/span> <span data-date-format=\"F\">July<\/span> <span data-date-format=\"j\">3<\/span><\/span>\n\t\t\t\t\t\t\t\t\t\t\t<span class=\"no_phone\" aria-hidden=\"true\">3<\/span>\n\t\t\t\t\t\t\t\t\t\t\t\t\t\t\t\t\t\t\t\t<\/div>\n\t\t\t\t\t\t\t\t\t\t\t\t\t\t\t\t\t\t\t<ul class=\"events\" aria-labelledby=\"r6a97dccace13c5d-20270703\">\n\t\t\t\t\t\t\t\t\t\t\t\t\t\t\t\t\t\t\t\t\t\t\t\t\t<li class=\"event all-day\" data-feed-key=\"0\">\n\t\t\t\t\t\t\t\t\t\t\t\t\t\t\t\t\t\t\t\t\t\t\t\t\t\t\t\t\t\t\t<span class=\"all-day-indicator\">All Day<\/span>\n\t\t\t\t\t\t\t\t\t\t\t\t\t\t\t\t<span class=\"title has_desc confirmed\">Die Fantastischen Vier at Westfalenpark (03 Jul 27)<\/span><div class=\"descloc hover_block\"><div class=\"title_in_hover_block\"><span class=\"title confirmed\">Die Fantastischen Vier at Westfalenpark (03 Jul 27)<\/span><\/div><div class=\"location\">Westfalenpark, An Der Buschm\u00fchle 3, 44139, Dortmund, Germany<\/div><div class=\"eventdesc\"><p><a href=\"https:\/\/www.songkick.com\/concerts\/43119037-die-fantastischen-vier-at-westfalenpark?utm_campaign=tracked_artist&#038;utm_content=ZD0yNDYxMjg2JnU9MTM3MjI4MTU5&#038;utm_medium=feed&#038;utm_source=ical\" rel=\"nofollow\">https:\/\/www.songkick.com\/concerts\/43119037-die-fantastischen-vier-at-westfalenpark?utm_campaign=tracked_artist&#038;utm_content=ZD0yNDYxMjg2JnU9MTM3MjI4MTU5&#038;utm_medium=feed&#038;utm_source=ical<\/a><\/p><\/div><\/div>\t\t\t\t\t\t\t\t\t\t\t\t\t\t<\/li>\n\t\t\t\t\t\t\t\t\t\t\t\t\t\t\t\t\t\t\t\t\t\t\t\t<\/ul>\n\t\t\t\t\t\t\t\t\t\t\t\t\t\t\t\t\t\t<\/td>\n\t\t\t\t\t\t\t\t\t\t\t\t\t\t\t\t<td data-dow=\"0\" data-events-count=\"0\" data-feed-keys=\"\" class=\"future empty d_04 dow_0\">\n\t\t\t\t\t\t\t\t\t<div class=\"day\">\n\t\t\t\t\t\t\t\t\t\t\t\t\t\t\t\t\t\t\t\t\t<span class=\"phone_only\" id=\"r6a97dccace13c5d-20270704\"><span data-date-format=\"l\">Sunday<\/span> <span data-date-format=\"F\">July<\/span> <span data-date-format=\"j\">4<\/span><\/span>\n\t\t\t\t\t\t\t\t\t\t\t<span class=\"no_phone\" aria-hidden=\"true\">4<\/span>\n\t\t\t\t\t\t\t\t\t\t\t\t\t\t\t\t\t\t\t\t<\/div>\n\t\t\t\t\t\t\t\t\t\t\t\t\t\t\t\t\t<\/td>\n\t\t\t\t\t\t\t\t<\/tr><tr>\t\t\t\t\t\t\t\t<td data-dow=\"1\" data-events-count=\"0\" data-feed-keys=\"\" class=\"future empty d_05 dow_1\">\n\t\t\t\t\t\t\t\t\t<div class=\"day\">\n\t\t\t\t\t\t\t\t\t\t\t\t\t\t\t\t\t\t\t\t\t<span class=\"phone_only\" id=\"r6a97dccace13c5d-20270705\"><span data-date-format=\"l\">Monday<\/span> <span data-date-format=\"F\">July<\/span> <span data-date-format=\"j\">5<\/span><\/span>\n\t\t\t\t\t\t\t\t\t\t\t<span class=\"no_phone\" aria-hidden=\"true\">5<\/span>\n\t\t\t\t\t\t\t\t\t\t\t\t\t\t\t\t\t\t\t\t<\/div>\n\t\t\t\t\t\t\t\t\t\t\t\t\t\t\t\t\t<\/td>\n\t\t\t\t\t\t\t\t\t\t\t\t\t\t\t\t<td data-dow=\"2\" data-events-count=\"0\" data-feed-keys=\"\" class=\"future empty d_06 dow_2\">\n\t\t\t\t\t\t\t\t\t<div class=\"day\">\n\t\t\t\t\t\t\t\t\t\t\t\t\t\t\t\t\t\t\t\t\t<span class=\"phone_only\" id=\"r6a97dccace13c5d-20270706\"><span data-date-format=\"l\">Tuesday<\/span> <span data-date-format=\"F\">July<\/span> <span data-date-format=\"j\">6<\/span><\/span>\n\t\t\t\t\t\t\t\t\t\t\t<span class=\"no_phone\" aria-hidden=\"true\">6<\/span>\n\t\t\t\t\t\t\t\t\t\t\t\t\t\t\t\t\t\t\t\t<\/div>\n\t\t\t\t\t\t\t\t\t\t\t\t\t\t\t\t\t<\/td>\n\t\t\t\t\t\t\t\t\t\t\t\t\t\t\t\t<td data-dow=\"3\" data-events-count=\"0\" data-feed-keys=\"\" class=\"future empty d_07 dow_3\">\n\t\t\t\t\t\t\t\t\t<div class=\"day\">\n\t\t\t\t\t\t\t\t\t\t\t\t\t\t\t\t\t\t\t\t\t<span class=\"phone_only\" id=\"r6a97dccace13c5d-20270707\"><span data-date-format=\"l\">Wednesday<\/span> <span data-date-format=\"F\">July<\/span> <span data-date-format=\"j\">7<\/span><\/span>\n\t\t\t\t\t\t\t\t\t\t\t<span class=\"no_phone\" aria-hidden=\"true\">7<\/span>\n\t\t\t\t\t\t\t\t\t\t\t\t\t\t\t\t\t\t\t\t<\/div>\n\t\t\t\t\t\t\t\t\t\t\t\t\t\t\t\t\t<\/td>\n\t\t\t\t\t\t\t\t\t\t\t\t\t\t\t\t<td data-dow=\"4\" data-events-count=\"0\" data-feed-keys=\"\" class=\"future empty d_08 dow_4\">\n\t\t\t\t\t\t\t\t\t<div class=\"day\">\n\t\t\t\t\t\t\t\t\t\t\t\t\t\t\t\t\t\t\t\t\t<span class=\"phone_only\" id=\"r6a97dccace13c5d-20270708\"><span data-date-format=\"l\">Thursday<\/span> <span data-date-format=\"F\">July<\/span> <span data-date-format=\"j\">8<\/span><\/span>\n\t\t\t\t\t\t\t\t\t\t\t<span class=\"no_phone\" aria-hidden=\"true\">8<\/span>\n\t\t\t\t\t\t\t\t\t\t\t\t\t\t\t\t\t\t\t\t<\/div>\n\t\t\t\t\t\t\t\t\t\t\t\t\t\t\t\t\t<\/td>\n\t\t\t\t\t\t\t\t\t\t\t\t\t\t\t\t<td data-dow=\"5\" data-events-count=\"0\" data-feed-keys=\"\" class=\"future empty d_09 dow_5\">\n\t\t\t\t\t\t\t\t\t<div class=\"day\">\n\t\t\t\t\t\t\t\t\t\t\t\t\t\t\t\t\t\t\t\t\t<span class=\"phone_only\" id=\"r6a97dccace13c5d-20270709\"><span data-date-format=\"l\">Friday<\/span> <span data-date-format=\"F\">July<\/span> <span data-date-format=\"j\">9<\/span><\/span>\n\t\t\t\t\t\t\t\t\t\t\t<span class=\"no_phone\" aria-hidden=\"true\">9<\/span>\n\t\t\t\t\t\t\t\t\t\t\t\t\t\t\t\t\t\t\t\t<\/div>\n\t\t\t\t\t\t\t\t\t\t\t\t\t\t\t\t\t<\/td>\n\t\t\t\t\t\t\t\t\t\t\t\t\t\t\t\t<td data-dow=\"6\" data-events-count=\"0\" data-feed-keys=\"\" class=\"future empty d_10 dow_6\">\n\t\t\t\t\t\t\t\t\t<div class=\"day\">\n\t\t\t\t\t\t\t\t\t\t\t\t\t\t\t\t\t\t\t\t\t<span class=\"phone_only\" id=\"r6a97dccace13c5d-20270710\"><span data-date-format=\"l\">Saturday<\/span> <span data-date-format=\"F\">July<\/span> <span data-date-format=\"j\">10<\/span><\/span>\n\t\t\t\t\t\t\t\t\t\t\t<span class=\"no_phone\" aria-hidden=\"true\">10<\/span>\n\t\t\t\t\t\t\t\t\t\t\t\t\t\t\t\t\t\t\t\t<\/div>\n\t\t\t\t\t\t\t\t\t\t\t\t\t\t\t\t\t<\/td>\n\t\t\t\t\t\t\t\t\t\t\t\t\t\t\t\t<td data-dow=\"0\" data-events-count=\"1\" data-feed-keys=\"0\" class=\"future has_events d_11 dow_0\">\n\t\t\t\t\t\t\t\t\t<div class=\"day\">\n\t\t\t\t\t\t\t\t\t\t\t\t\t\t\t\t\t\t\t\t\t<span class=\"phone_only\" id=\"r6a97dccace13c5d-20270711\"><span data-date-format=\"l\">Sunday<\/span> <span data-date-format=\"F\">July<\/span> <span data-date-format=\"j\">11<\/span><\/span>\n\t\t\t\t\t\t\t\t\t\t\t<span class=\"no_phone\" aria-hidden=\"true\">11<\/span>\n\t\t\t\t\t\t\t\t\t\t\t\t\t\t\t\t\t\t\t\t<\/div>\n\t\t\t\t\t\t\t\t\t\t\t\t\t\t\t\t\t\t\t<ul class=\"events\" aria-labelledby=\"r6a97dccace13c5d-20270711\">\n\t\t\t\t\t\t\t\t\t\t\t\t\t\t\t\t\t\t\t\t\t\t\t\t\t<li class=\"event all-day\" data-feed-key=\"0\">\n\t\t\t\t\t\t\t\t\t\t\t\t\t\t\t\t\t\t\t\t\t\t\t\t\t\t\t\t\t\t\t<span class=\"all-day-indicator\">All Day<\/span>\n\t\t\t\t\t\t\t\t\t\t\t\t\t\t\t\t<span class=\"title has_desc confirmed\">Die Fantastischen Vier at Mangfallpark (11 Jul 27)<\/span><div class=\"descloc hover_block\"><div class=\"title_in_hover_block\"><span class=\"title confirmed\">Die Fantastischen Vier at Mangfallpark (11 Jul 27)<\/span><\/div><div class=\"location\">Mangfallpark, Eingang Rathausstra\u00dfe und Innstra\u00dfe, 83022, Rosenheim, Germany<\/div><div class=\"eventdesc\"><p><a href=\"https:\/\/www.songkick.com\/concerts\/43119038-die-fantastischen-vier-at-mangfallpark?utm_campaign=tracked_artist&#038;utm_content=ZD0yNDYxMjg2JnU9MTM3MjI4MTU5&#038;utm_medium=feed&#038;utm_source=ical\" rel=\"nofollow\">https:\/\/www.songkick.com\/concerts\/43119038-die-fantastischen-vier-at-mangfallpark?utm_campaign=tracked_artist&#038;utm_content=ZD0yNDYxMjg2JnU9MTM3MjI4MTU5&#038;utm_medium=feed&#038;utm_source=ical<\/a><\/p><\/div><\/div>\t\t\t\t\t\t\t\t\t\t\t\t\t\t<\/li>\n\t\t\t\t\t\t\t\t\t\t\t\t\t\t\t\t\t\t\t\t\t\t\t\t<\/ul>\n\t\t\t\t\t\t\t\t\t\t\t\t\t\t\t\t\t\t<\/td>\n\t\t\t\t\t\t\t\t<\/tr><tr>\t\t\t\t\t\t\t\t<td data-dow=\"1\" data-events-count=\"0\" data-feed-keys=\"\" class=\"future empty d_12 dow_1\">\n\t\t\t\t\t\t\t\t\t<div class=\"day\">\n\t\t\t\t\t\t\t\t\t\t\t\t\t\t\t\t\t\t\t\t\t<span class=\"phone_only\" id=\"r6a97dccace13c5d-20270712\"><span data-date-format=\"l\">Monday<\/span> <span data-date-format=\"F\">July<\/span> <span data-date-format=\"j\">12<\/span><\/span>\n\t\t\t\t\t\t\t\t\t\t\t<span class=\"no_phone\" aria-hidden=\"true\">12<\/span>\n\t\t\t\t\t\t\t\t\t\t\t\t\t\t\t\t\t\t\t\t<\/div>\n\t\t\t\t\t\t\t\t\t\t\t\t\t\t\t\t\t<\/td>\n\t\t\t\t\t\t\t\t\t\t\t\t\t\t\t\t<td data-dow=\"2\" data-events-count=\"0\" data-feed-keys=\"\" class=\"future empty d_13 dow_2\">\n\t\t\t\t\t\t\t\t\t<div class=\"day\">\n\t\t\t\t\t\t\t\t\t\t\t\t\t\t\t\t\t\t\t\t\t<span class=\"phone_only\" id=\"r6a97dccace13c5d-20270713\"><span data-date-format=\"l\">Tuesday<\/span> <span data-date-format=\"F\">July<\/span> <span data-date-format=\"j\">13<\/span><\/span>\n\t\t\t\t\t\t\t\t\t\t\t<span class=\"no_phone\" aria-hidden=\"true\">13<\/span>\n\t\t\t\t\t\t\t\t\t\t\t\t\t\t\t\t\t\t\t\t<\/div>\n\t\t\t\t\t\t\t\t\t\t\t\t\t\t\t\t\t<\/td>\n\t\t\t\t\t\t\t\t\t\t\t\t\t\t\t\t<td data-dow=\"3\" data-events-count=\"0\" data-feed-keys=\"\" class=\"future empty d_14 dow_3\">\n\t\t\t\t\t\t\t\t\t<div class=\"day\">\n\t\t\t\t\t\t\t\t\t\t\t\t\t\t\t\t\t\t\t\t\t<span class=\"phone_only\" id=\"r6a97dccace13c5d-20270714\"><span data-date-format=\"l\">Wednesday<\/span> <span data-date-format=\"F\">July<\/span> <span data-date-format=\"j\">14<\/span><\/span>\n\t\t\t\t\t\t\t\t\t\t\t<span class=\"no_phone\" aria-hidden=\"true\">14<\/span>\n\t\t\t\t\t\t\t\t\t\t\t\t\t\t\t\t\t\t\t\t<\/div>\n\t\t\t\t\t\t\t\t\t\t\t\t\t\t\t\t\t<\/td>\n\t\t\t\t\t\t\t\t\t\t\t\t\t\t\t\t<td data-dow=\"4\" data-events-count=\"0\" data-feed-keys=\"\" class=\"future empty d_15 dow_4\">\n\t\t\t\t\t\t\t\t\t<div class=\"day\">\n\t\t\t\t\t\t\t\t\t\t\t\t\t\t\t\t\t\t\t\t\t<span class=\"phone_only\" id=\"r6a97dccace13c5d-20270715\"><span data-date-format=\"l\">Thursday<\/span> <span data-date-format=\"F\">July<\/span> <span data-date-format=\"j\">15<\/span><\/span>\n\t\t\t\t\t\t\t\t\t\t\t<span class=\"no_phone\" aria-hidden=\"true\">15<\/span>\n\t\t\t\t\t\t\t\t\t\t\t\t\t\t\t\t\t\t\t\t<\/div>\n\t\t\t\t\t\t\t\t\t\t\t\t\t\t\t\t\t<\/td>\n\t\t\t\t\t\t\t\t\t\t\t\t\t\t\t\t<td data-dow=\"5\" data-events-count=\"0\" data-feed-keys=\"\" class=\"future empty d_16 dow_5\">\n\t\t\t\t\t\t\t\t\t<div class=\"day\">\n\t\t\t\t\t\t\t\t\t\t\t\t\t\t\t\t\t\t\t\t\t<span class=\"phone_only\" id=\"r6a97dccace13c5d-20270716\"><span data-date-format=\"l\">Friday<\/span> <span data-date-format=\"F\">July<\/span> <span data-date-format=\"j\">16<\/span><\/span>\n\t\t\t\t\t\t\t\t\t\t\t<span class=\"no_phone\" aria-hidden=\"true\">16<\/span>\n\t\t\t\t\t\t\t\t\t\t\t\t\t\t\t\t\t\t\t\t<\/div>\n\t\t\t\t\t\t\t\t\t\t\t\t\t\t\t\t\t<\/td>\n\t\t\t\t\t\t\t\t\t\t\t\t\t\t\t\t<td data-dow=\"6\" data-events-count=\"0\" data-feed-keys=\"\" class=\"future empty d_17 dow_6\">\n\t\t\t\t\t\t\t\t\t<div class=\"day\">\n\t\t\t\t\t\t\t\t\t\t\t\t\t\t\t\t\t\t\t\t\t<span class=\"phone_only\" id=\"r6a97dccace13c5d-20270717\"><span data-date-format=\"l\">Saturday<\/span> <span data-date-format=\"F\">July<\/span> <span data-date-format=\"j\">17<\/span><\/span>\n\t\t\t\t\t\t\t\t\t\t\t<span class=\"no_phone\" aria-hidden=\"true\">17<\/span>\n\t\t\t\t\t\t\t\t\t\t\t\t\t\t\t\t\t\t\t\t<\/div>\n\t\t\t\t\t\t\t\t\t\t\t\t\t\t\t\t\t<\/td>\n\t\t\t\t\t\t\t\t\t\t\t\t\t\t\t\t<td data-dow=\"0\" data-events-count=\"0\" data-feed-keys=\"\" class=\"future empty d_18 dow_0\">\n\t\t\t\t\t\t\t\t\t<div class=\"day\">\n\t\t\t\t\t\t\t\t\t\t\t\t\t\t\t\t\t\t\t\t\t<span class=\"phone_only\" id=\"r6a97dccace13c5d-20270718\"><span data-date-format=\"l\">Sunday<\/span> <span data-date-format=\"F\">July<\/span> <span data-date-format=\"j\">18<\/span><\/span>\n\t\t\t\t\t\t\t\t\t\t\t<span class=\"no_phone\" aria-hidden=\"true\">18<\/span>\n\t\t\t\t\t\t\t\t\t\t\t\t\t\t\t\t\t\t\t\t<\/div>\n\t\t\t\t\t\t\t\t\t\t\t\t\t\t\t\t\t<\/td>\n\t\t\t\t\t\t\t\t<\/tr><tr>\t\t\t\t\t\t\t\t<td data-dow=\"1\" data-events-count=\"0\" data-feed-keys=\"\" class=\"future empty d_19 dow_1\">\n\t\t\t\t\t\t\t\t\t<div class=\"day\">\n\t\t\t\t\t\t\t\t\t\t\t\t\t\t\t\t\t\t\t\t\t<span class=\"phone_only\" id=\"r6a97dccace13c5d-20270719\"><span data-date-format=\"l\">Monday<\/span> <span data-date-format=\"F\">July<\/span> <span data-date-format=\"j\">19<\/span><\/span>\n\t\t\t\t\t\t\t\t\t\t\t<span class=\"no_phone\" aria-hidden=\"true\">19<\/span>\n\t\t\t\t\t\t\t\t\t\t\t\t\t\t\t\t\t\t\t\t<\/div>\n\t\t\t\t\t\t\t\t\t\t\t\t\t\t\t\t\t<\/td>\n\t\t\t\t\t\t\t\t\t\t\t\t\t\t\t\t<td data-dow=\"2\" data-events-count=\"0\" data-feed-keys=\"\" class=\"future empty d_20 dow_2\">\n\t\t\t\t\t\t\t\t\t<div class=\"day\">\n\t\t\t\t\t\t\t\t\t\t\t\t\t\t\t\t\t\t\t\t\t<span class=\"phone_only\" id=\"r6a97dccace13c5d-20270720\"><span data-date-format=\"l\">Tuesday<\/span> <span data-date-format=\"F\">July<\/span> <span data-date-format=\"j\">20<\/span><\/span>\n\t\t\t\t\t\t\t\t\t\t\t<span class=\"no_phone\" aria-hidden=\"true\">20<\/span>\n\t\t\t\t\t\t\t\t\t\t\t\t\t\t\t\t\t\t\t\t<\/div>\n\t\t\t\t\t\t\t\t\t\t\t\t\t\t\t\t\t<\/td>\n\t\t\t\t\t\t\t\t\t\t\t\t\t\t\t\t<td data-dow=\"3\" data-events-count=\"0\" data-feed-keys=\"\" class=\"future empty d_21 dow_3\">\n\t\t\t\t\t\t\t\t\t<div class=\"day\">\n\t\t\t\t\t\t\t\t\t\t\t\t\t\t\t\t\t\t\t\t\t<span class=\"phone_only\" id=\"r6a97dccace13c5d-20270721\"><span data-date-format=\"l\">Wednesday<\/span> <span data-date-format=\"F\">July<\/span> <span data-date-format=\"j\">21<\/span><\/span>\n\t\t\t\t\t\t\t\t\t\t\t<span class=\"no_phone\" aria-hidden=\"true\">21<\/span>\n\t\t\t\t\t\t\t\t\t\t\t\t\t\t\t\t\t\t\t\t<\/div>\n\t\t\t\t\t\t\t\t\t\t\t\t\t\t\t\t\t<\/td>\n\t\t\t\t\t\t\t\t\t\t\t\t\t\t\t\t<td data-dow=\"4\" data-events-count=\"0\" data-feed-keys=\"\" class=\"future empty d_22 dow_4\">\n\t\t\t\t\t\t\t\t\t<div class=\"day\">\n\t\t\t\t\t\t\t\t\t\t\t\t\t\t\t\t\t\t\t\t\t<span class=\"phone_only\" id=\"r6a97dccace13c5d-20270722\"><span data-date-format=\"l\">Thursday<\/span> <span data-date-format=\"F\">July<\/span> <span data-date-format=\"j\">22<\/span><\/span>\n\t\t\t\t\t\t\t\t\t\t\t<span class=\"no_phone\" aria-hidden=\"true\">22<\/span>\n\t\t\t\t\t\t\t\t\t\t\t\t\t\t\t\t\t\t\t\t<\/div>\n\t\t\t\t\t\t\t\t\t\t\t\t\t\t\t\t\t<\/td>\n\t\t\t\t\t\t\t\t\t\t\t\t\t\t\t\t<td data-dow=\"5\" data-events-count=\"1\" data-feed-keys=\"0\" class=\"future has_events d_23 dow_5\">\n\t\t\t\t\t\t\t\t\t<div class=\"day\">\n\t\t\t\t\t\t\t\t\t\t\t\t\t\t\t\t\t\t\t\t\t<span class=\"phone_only\" id=\"r6a97dccace13c5d-20270723\"><span data-date-format=\"l\">Friday<\/span> <span data-date-format=\"F\">July<\/span> <span data-date-format=\"j\">23<\/span><\/span>\n\t\t\t\t\t\t\t\t\t\t\t<span class=\"no_phone\" aria-hidden=\"true\">23<\/span>\n\t\t\t\t\t\t\t\t\t\t\t\t\t\t\t\t\t\t\t\t<\/div>\n\t\t\t\t\t\t\t\t\t\t\t\t\t\t\t\t\t\t\t<ul class=\"events\" aria-labelledby=\"r6a97dccace13c5d-20270723\">\n\t\t\t\t\t\t\t\t\t\t\t\t\t\t\t\t\t\t\t\t\t\t\t\t\t<li class=\"event all-day\" data-feed-key=\"0\">\n\t\t\t\t\t\t\t\t\t\t\t\t\t\t\t\t\t\t\t\t\t\t\t\t\t\t\t\t\t\t\t<span class=\"all-day-indicator\">All Day<\/span>\n\t\t\t\t\t\t\t\t\t\t\t\t\t\t\t\t<span class=\"title has_desc confirmed\">Die Fantastischen Vier at KUNST!RASEN (23 Jul 27)<\/span><div class=\"descloc hover_block\"><div class=\"title_in_hover_block\"><span class=\"title confirmed\">Die Fantastischen Vier at KUNST!RASEN (23 Jul 27)<\/span><\/div><div class=\"location\">KUNST!RASEN, Charles-de-Gaulle-Stra\u00dfe, 53113, Bonn, Germany<\/div><div class=\"eventdesc\"><p><a href=\"https:\/\/www.songkick.com\/concerts\/42922082-die-fantastischen-vier-at-kunstrasen?utm_campaign=tracked_artist&#038;utm_content=ZD0yNDYxMjg2JnU9MTM3MjI4MTU5&#038;utm_medium=feed&#038;utm_source=ical\" rel=\"nofollow\">https:\/\/www.songkick.com\/concerts\/42922082-die-fantastischen-vier-at-kunstrasen?utm_campaign=tracked_artist&#038;utm_content=ZD0yNDYxMjg2JnU9MTM3MjI4MTU5&#038;utm_medium=feed&#038;utm_source=ical<\/a><\/p><\/div><\/div>\t\t\t\t\t\t\t\t\t\t\t\t\t\t<\/li>\n\t\t\t\t\t\t\t\t\t\t\t\t\t\t\t\t\t\t\t\t\t\t\t\t<\/ul>\n\t\t\t\t\t\t\t\t\t\t\t\t\t\t\t\t\t\t<\/td>\n\t\t\t\t\t\t\t\t\t\t\t\t\t\t\t\t<td data-dow=\"6\" data-events-count=\"0\" data-feed-keys=\"\" class=\"future empty d_24 dow_6\">\n\t\t\t\t\t\t\t\t\t<div class=\"day\">\n\t\t\t\t\t\t\t\t\t\t\t\t\t\t\t\t\t\t\t\t\t<span class=\"phone_only\" id=\"r6a97dccace13c5d-20270724\"><span data-date-format=\"l\">Saturday<\/span> <span data-date-format=\"F\">July<\/span> <span data-date-format=\"j\">24<\/span><\/span>\n\t\t\t\t\t\t\t\t\t\t\t<span class=\"no_phone\" aria-hidden=\"true\">24<\/span>\n\t\t\t\t\t\t\t\t\t\t\t\t\t\t\t\t\t\t\t\t<\/div>\n\t\t\t\t\t\t\t\t\t\t\t\t\t\t\t\t\t<\/td>\n\t\t\t\t\t\t\t\t\t\t\t\t\t\t\t\t<td data-dow=\"0\" data-events-count=\"0\" data-feed-keys=\"\" class=\"future empty d_25 dow_0\">\n\t\t\t\t\t\t\t\t\t<div class=\"day\">\n\t\t\t\t\t\t\t\t\t\t\t\t\t\t\t\t\t\t\t\t\t<span class=\"phone_only\" id=\"r6a97dccace13c5d-20270725\"><span data-date-format=\"l\">Sunday<\/span> <span data-date-format=\"F\">July<\/span> <span data-date-format=\"j\">25<\/span><\/span>\n\t\t\t\t\t\t\t\t\t\t\t<span class=\"no_phone\" aria-hidden=\"true\">25<\/span>\n\t\t\t\t\t\t\t\t\t\t\t\t\t\t\t\t\t\t\t\t<\/div>\n\t\t\t\t\t\t\t\t\t\t\t\t\t\t\t\t\t<\/td>\n\t\t\t\t\t\t\t\t<\/tr><tr>\t\t\t\t\t\t\t\t<td data-dow=\"1\" data-events-count=\"0\" data-feed-keys=\"\" class=\"future empty d_26 dow_1\">\n\t\t\t\t\t\t\t\t\t<div class=\"day\">\n\t\t\t\t\t\t\t\t\t\t\t\t\t\t\t\t\t\t\t\t\t<span class=\"phone_only\" id=\"r6a97dccace13c5d-20270726\"><span data-date-format=\"l\">Monday<\/span> <span data-date-format=\"F\">July<\/span> <span data-date-format=\"j\">26<\/span><\/span>\n\t\t\t\t\t\t\t\t\t\t\t<span class=\"no_phone\" aria-hidden=\"true\">26<\/span>\n\t\t\t\t\t\t\t\t\t\t\t\t\t\t\t\t\t\t\t\t<\/div>\n\t\t\t\t\t\t\t\t\t\t\t\t\t\t\t\t\t<\/td>\n\t\t\t\t\t\t\t\t\t\t\t\t\t\t\t\t<td data-dow=\"2\" data-events-count=\"0\" data-feed-keys=\"\" class=\"future empty d_27 dow_2\">\n\t\t\t\t\t\t\t\t\t<div class=\"day\">\n\t\t\t\t\t\t\t\t\t\t\t\t\t\t\t\t\t\t\t\t\t<span class=\"phone_only\" id=\"r6a97dccace13c5d-20270727\"><span data-date-format=\"l\">Tuesday<\/span> <span data-date-format=\"F\">July<\/span> <span data-date-format=\"j\">27<\/span><\/span>\n\t\t\t\t\t\t\t\t\t\t\t<span class=\"no_phone\" aria-hidden=\"true\">27<\/span>\n\t\t\t\t\t\t\t\t\t\t\t\t\t\t\t\t\t\t\t\t<\/div>\n\t\t\t\t\t\t\t\t\t\t\t\t\t\t\t\t\t<\/td>\n\t\t\t\t\t\t\t\t\t\t\t\t\t\t\t\t<td data-dow=\"3\" data-events-count=\"0\" data-feed-keys=\"\" class=\"future empty d_28 dow_3\">\n\t\t\t\t\t\t\t\t\t<div class=\"day\">\n\t\t\t\t\t\t\t\t\t\t\t\t\t\t\t\t\t\t\t\t\t<span class=\"phone_only\" id=\"r6a97dccace13c5d-20270728\"><span data-date-format=\"l\">Wednesday<\/span> <span data-date-format=\"F\">July<\/span> <span data-date-format=\"j\">28<\/span><\/span>\n\t\t\t\t\t\t\t\t\t\t\t<span class=\"no_phone\" aria-hidden=\"true\">28<\/span>\n\t\t\t\t\t\t\t\t\t\t\t\t\t\t\t\t\t\t\t\t<\/div>\n\t\t\t\t\t\t\t\t\t\t\t\t\t\t\t\t\t<\/td>\n\t\t\t\t\t\t\t\t\t\t\t\t\t\t\t\t<td data-dow=\"4\" data-events-count=\"0\" data-feed-keys=\"\" class=\"future empty d_29 dow_4\">\n\t\t\t\t\t\t\t\t\t<div class=\"day\">\n\t\t\t\t\t\t\t\t\t\t\t\t\t\t\t\t\t\t\t\t\t<span class=\"phone_only\" id=\"r6a97dccace13c5d-20270729\"><span data-date-format=\"l\">Thursday<\/span> <span data-date-format=\"F\">July<\/span> <span data-date-format=\"j\">29<\/span><\/span>\n\t\t\t\t\t\t\t\t\t\t\t<span class=\"no_phone\" aria-hidden=\"true\">29<\/span>\n\t\t\t\t\t\t\t\t\t\t\t\t\t\t\t\t\t\t\t\t<\/div>\n\t\t\t\t\t\t\t\t\t\t\t\t\t\t\t\t\t<\/td>\n\t\t\t\t\t\t\t\t\t\t\t\t\t\t\t\t<td data-dow=\"5\" data-events-count=\"0\" data-feed-keys=\"\" class=\"future empty d_30 dow_5\">\n\t\t\t\t\t\t\t\t\t<div class=\"day\">\n\t\t\t\t\t\t\t\t\t\t\t\t\t\t\t\t\t\t\t\t\t<span class=\"phone_only\" id=\"r6a97dccace13c5d-20270730\"><span data-date-format=\"l\">Friday<\/span> <span data-date-format=\"F\">July<\/span> <span data-date-format=\"j\">30<\/span><\/span>\n\t\t\t\t\t\t\t\t\t\t\t<span class=\"no_phone\" aria-hidden=\"true\">30<\/span>\n\t\t\t\t\t\t\t\t\t\t\t\t\t\t\t\t\t\t\t\t<\/div>\n\t\t\t\t\t\t\t\t\t\t\t\t\t\t\t\t\t<\/td>\n\t\t\t\t\t\t\t\t\t\t\t\t\t\t\t\t<td data-dow=\"6\" data-events-count=\"0\" data-feed-keys=\"\" class=\"future empty d_31 dow_6\">\n\t\t\t\t\t\t\t\t\t<div class=\"day\">\n\t\t\t\t\t\t\t\t\t\t\t\t\t\t\t\t\t\t\t\t\t<span class=\"phone_only\" id=\"r6a97dccace13c5d-20270731\"><span data-date-format=\"l\">Saturday<\/span> <span data-date-format=\"F\">July<\/span> <span data-date-format=\"j\">31<\/span><\/span>\n\t\t\t\t\t\t\t\t\t\t\t<span class=\"no_phone\" aria-hidden=\"true\">31<\/span>\n\t\t\t\t\t\t\t\t\t\t\t\t\t\t\t\t\t\t\t\t<\/div>\n\t\t\t\t\t\t\t\t\t\t\t\t\t\t\t\t\t<\/td>\n\t\t\t\t\t\t\t\t\t\t\t\t\t\t\t\t<td class=\"off\" data-dow=\"0\"><\/td>\n\t\t\t\t\t\t\t\t\t\t\t\t\t\t<\/tr>\n\t\t\t\t\t<\/tbody>\n\t\t\t\t<\/table>\n\n\t\t\t\t\n\t\t\t<\/article>\n\t\t\t\t\t\t<article class=\"ics-calendar-month-wrapper\" style=\"display: none;\" data-year-month=\"202708\" data-is-this-month=\"0\">\n\n\t\t\t\t\t\t\t\t\t<h3 class=\"ics-calendar-label\" id=\"r6a97dccace13c5d-202708\">August 2027<\/h3>\n\t\t\t\t\t\t\t\t\t\n\t\t\t\t<table class=\"ics-calendar-month-grid\" aria-labelledby=\"r6a97dccace13c5d-202708\">\n\t\t\t\t\t<thead>\n\t\t\t\t\t\t<tr>\n\t\t\t\t\t\t\t\t\t\t\t\t\t\t\t<th data-dow=\"1\">Monday<\/th>\n\t\t\t\t\t\t\t\t\t\t\t\t\t\t\t\t<th data-dow=\"2\">Tuesday<\/th>\n\t\t\t\t\t\t\t\t\t\t\t\t\t\t\t\t<th data-dow=\"3\">Wednesday<\/th>\n\t\t\t\t\t\t\t\t\t\t\t\t\t\t\t\t<th data-dow=\"4\">Thursday<\/th>\n\t\t\t\t\t\t\t\t\t\t\t\t\t\t\t\t<th data-dow=\"5\">Friday<\/th>\n\t\t\t\t\t\t\t\t\t\t\t\t\t\t\t\t<th data-dow=\"6\">Saturday<\/th>\n\t\t\t\t\t\t\t\t\t\t\t\t\t\t\t\t<th data-dow=\"0\">Sunday<\/th>\n\t\t\t\t\t\t\t\t\t\t\t\t\t\t<\/tr>\n\t\t\t\t\t<\/thead>\n\n\t\t\t\t\t<tbody>\n\t\t\t\t\t\t<tr>\n\t\t\t\t\t\t\t\t\t\t\t\t\t\t\t<td class=\"off\" data-dow=\"1\"><\/td>\n\t\t\t\t\t\t\t\t\t\t\t\t\t\t\t\t<td class=\"off\" data-dow=\"2\"><\/td>\n\t\t\t\t\t\t\t\t\t\t\t\t\t\t\t\t<td class=\"off\" data-dow=\"3\"><\/td>\n\t\t\t\t\t\t\t\t\t\t\t\t\t\t\t\t<td class=\"off\" data-dow=\"4\"><\/td>\n\t\t\t\t\t\t\t\t\t\t\t\t\t\t\t\t<td class=\"off\" data-dow=\"5\"><\/td>\n\t\t\t\t\t\t\t\t\t\t\t\t\t\t\t\t<td class=\"off\" data-dow=\"6\"><\/td>\n\t\t\t\t\t\t\t\t\t\t\t\t\t\t\t\t<td data-dow=\"0\" data-events-count=\"0\" data-feed-keys=\"\" class=\"future empty d_01 dow_0\">\n\t\t\t\t\t\t\t\t\t<div class=\"day\">\n\t\t\t\t\t\t\t\t\t\t\t\t\t\t\t\t\t\t\t\t\t<span class=\"phone_only\" id=\"r6a97dccace13c5d-20270801\"><span data-date-format=\"l\">Sunday<\/span> <span data-date-format=\"F\">August<\/span> <span data-date-format=\"j\">1<\/span><\/span>\n\t\t\t\t\t\t\t\t\t\t\t<span class=\"no_phone\" aria-hidden=\"true\">1<\/span>\n\t\t\t\t\t\t\t\t\t\t\t\t\t\t\t\t\t\t\t\t<\/div>\n\t\t\t\t\t\t\t\t\t\t\t\t\t\t\t\t\t<\/td>\n\t\t\t\t\t\t\t\t<\/tr><tr>\t\t\t\t\t\t\t\t<td data-dow=\"1\" data-events-count=\"0\" data-feed-keys=\"\" class=\"future empty d_02 dow_1\">\n\t\t\t\t\t\t\t\t\t<div class=\"day\">\n\t\t\t\t\t\t\t\t\t\t\t\t\t\t\t\t\t\t\t\t\t<span class=\"phone_only\" id=\"r6a97dccace13c5d-20270802\"><span data-date-format=\"l\">Monday<\/span> <span data-date-format=\"F\">August<\/span> <span data-date-format=\"j\">2<\/span><\/span>\n\t\t\t\t\t\t\t\t\t\t\t<span class=\"no_phone\" aria-hidden=\"true\">2<\/span>\n\t\t\t\t\t\t\t\t\t\t\t\t\t\t\t\t\t\t\t\t<\/div>\n\t\t\t\t\t\t\t\t\t\t\t\t\t\t\t\t\t<\/td>\n\t\t\t\t\t\t\t\t\t\t\t\t\t\t\t\t<td data-dow=\"2\" data-events-count=\"0\" data-feed-keys=\"\" class=\"future empty d_03 dow_2\">\n\t\t\t\t\t\t\t\t\t<div class=\"day\">\n\t\t\t\t\t\t\t\t\t\t\t\t\t\t\t\t\t\t\t\t\t<span class=\"phone_only\" id=\"r6a97dccace13c5d-20270803\"><span data-date-format=\"l\">Tuesday<\/span> <span data-date-format=\"F\">August<\/span> <span data-date-format=\"j\">3<\/span><\/span>\n\t\t\t\t\t\t\t\t\t\t\t<span class=\"no_phone\" aria-hidden=\"true\">3<\/span>\n\t\t\t\t\t\t\t\t\t\t\t\t\t\t\t\t\t\t\t\t<\/div>\n\t\t\t\t\t\t\t\t\t\t\t\t\t\t\t\t\t<\/td>\n\t\t\t\t\t\t\t\t\t\t\t\t\t\t\t\t<td data-dow=\"3\" data-events-count=\"0\" data-feed-keys=\"\" class=\"future empty d_04 dow_3\">\n\t\t\t\t\t\t\t\t\t<div class=\"day\">\n\t\t\t\t\t\t\t\t\t\t\t\t\t\t\t\t\t\t\t\t\t<span class=\"phone_only\" id=\"r6a97dccace13c5d-20270804\"><span data-date-format=\"l\">Wednesday<\/span> <span data-date-format=\"F\">August<\/span> <span data-date-format=\"j\">4<\/span><\/span>\n\t\t\t\t\t\t\t\t\t\t\t<span class=\"no_phone\" aria-hidden=\"true\">4<\/span>\n\t\t\t\t\t\t\t\t\t\t\t\t\t\t\t\t\t\t\t\t<\/div>\n\t\t\t\t\t\t\t\t\t\t\t\t\t\t\t\t\t<\/td>\n\t\t\t\t\t\t\t\t\t\t\t\t\t\t\t\t<td data-dow=\"4\" data-events-count=\"0\" data-feed-keys=\"\" class=\"future empty d_05 dow_4\">\n\t\t\t\t\t\t\t\t\t<div class=\"day\">\n\t\t\t\t\t\t\t\t\t\t\t\t\t\t\t\t\t\t\t\t\t<span class=\"phone_only\" id=\"r6a97dccace13c5d-20270805\"><span data-date-format=\"l\">Thursday<\/span> <span data-date-format=\"F\">August<\/span> <span data-date-format=\"j\">5<\/span><\/span>\n\t\t\t\t\t\t\t\t\t\t\t<span class=\"no_phone\" aria-hidden=\"true\">5<\/span>\n\t\t\t\t\t\t\t\t\t\t\t\t\t\t\t\t\t\t\t\t<\/div>\n\t\t\t\t\t\t\t\t\t\t\t\t\t\t\t\t\t<\/td>\n\t\t\t\t\t\t\t\t\t\t\t\t\t\t\t\t<td data-dow=\"5\" data-events-count=\"0\" data-feed-keys=\"\" class=\"future empty d_06 dow_5\">\n\t\t\t\t\t\t\t\t\t<div class=\"day\">\n\t\t\t\t\t\t\t\t\t\t\t\t\t\t\t\t\t\t\t\t\t<span class=\"phone_only\" id=\"r6a97dccace13c5d-20270806\"><span data-date-format=\"l\">Friday<\/span> <span data-date-format=\"F\">August<\/span> <span data-date-format=\"j\">6<\/span><\/span>\n\t\t\t\t\t\t\t\t\t\t\t<span class=\"no_phone\" aria-hidden=\"true\">6<\/span>\n\t\t\t\t\t\t\t\t\t\t\t\t\t\t\t\t\t\t\t\t<\/div>\n\t\t\t\t\t\t\t\t\t\t\t\t\t\t\t\t\t<\/td>\n\t\t\t\t\t\t\t\t\t\t\t\t\t\t\t\t<td data-dow=\"6\" data-events-count=\"1\" data-feed-keys=\"0\" class=\"future has_events d_07 dow_6\">\n\t\t\t\t\t\t\t\t\t<div class=\"day\">\n\t\t\t\t\t\t\t\t\t\t\t\t\t\t\t\t\t\t\t\t\t<span class=\"phone_only\" id=\"r6a97dccace13c5d-20270807\"><span data-date-format=\"l\">Saturday<\/span> <span data-date-format=\"F\">August<\/span> <span data-date-format=\"j\">7<\/span><\/span>\n\t\t\t\t\t\t\t\t\t\t\t<span class=\"no_phone\" aria-hidden=\"true\">7<\/span>\n\t\t\t\t\t\t\t\t\t\t\t\t\t\t\t\t\t\t\t\t<\/div>\n\t\t\t\t\t\t\t\t\t\t\t\t\t\t\t\t\t\t\t<ul class=\"events\" aria-labelledby=\"r6a97dccace13c5d-20270807\">\n\t\t\t\t\t\t\t\t\t\t\t\t\t\t\t\t\t\t\t\t\t\t\t\t\t<li class=\"event all-day\" data-feed-key=\"0\">\n\t\t\t\t\t\t\t\t\t\t\t\t\t\t\t\t\t\t\t\t\t\t\t\t\t\t\t\t\t\t\t<span class=\"all-day-indicator\">All Day<\/span>\n\t\t\t\t\t\t\t\t\t\t\t\t\t\t\t\t<span class=\"title has_desc confirmed\">Die Fantastischen Vier at Wiley Sportpark (07 Aug 27)<\/span><div class=\"descloc hover_block\"><div class=\"title_in_hover_block\"><span class=\"title confirmed\">Die Fantastischen Vier at Wiley Sportpark (07 Aug 27)<\/span><\/div><div class=\"location\">Wiley Sportpark, Wileystra\u00dfe, 89231, Neu-Ulm, Germany<\/div><div class=\"eventdesc\"><p><a href=\"https:\/\/www.songkick.com\/concerts\/43119039-die-fantastischen-vier-at-wiley-sportpark?utm_campaign=tracked_artist&#038;utm_content=ZD0yNDYxMjg2JnU9MTM3MjI4MTU5&#038;utm_medium=feed&#038;utm_source=ical\" rel=\"nofollow\">https:\/\/www.songkick.com\/concerts\/43119039-die-fantastischen-vier-at-wiley-sportpark?utm_campaign=tracked_artist&#038;utm_content=ZD0yNDYxMjg2JnU9MTM3MjI4MTU5&#038;utm_medium=feed&#038;utm_source=ical<\/a><\/p><\/div><\/div>\t\t\t\t\t\t\t\t\t\t\t\t\t\t<\/li>\n\t\t\t\t\t\t\t\t\t\t\t\t\t\t\t\t\t\t\t\t\t\t\t\t<\/ul>\n\t\t\t\t\t\t\t\t\t\t\t\t\t\t\t\t\t\t<\/td>\n\t\t\t\t\t\t\t\t\t\t\t\t\t\t\t\t<td data-dow=\"0\" data-events-count=\"0\" data-feed-keys=\"\" class=\"future empty d_08 dow_0\">\n\t\t\t\t\t\t\t\t\t<div class=\"day\">\n\t\t\t\t\t\t\t\t\t\t\t\t\t\t\t\t\t\t\t\t\t<span class=\"phone_only\" id=\"r6a97dccace13c5d-20270808\"><span data-date-format=\"l\">Sunday<\/span> <span data-date-format=\"F\">August<\/span> <span data-date-format=\"j\">8<\/span><\/span>\n\t\t\t\t\t\t\t\t\t\t\t<span class=\"no_phone\" aria-hidden=\"true\">8<\/span>\n\t\t\t\t\t\t\t\t\t\t\t\t\t\t\t\t\t\t\t\t<\/div>\n\t\t\t\t\t\t\t\t\t\t\t\t\t\t\t\t\t<\/td>\n\t\t\t\t\t\t\t\t<\/tr><tr>\t\t\t\t\t\t\t\t<td data-dow=\"1\" data-events-count=\"0\" data-feed-keys=\"\" class=\"future empty d_09 dow_1\">\n\t\t\t\t\t\t\t\t\t<div class=\"day\">\n\t\t\t\t\t\t\t\t\t\t\t\t\t\t\t\t\t\t\t\t\t<span class=\"phone_only\" id=\"r6a97dccace13c5d-20270809\"><span data-date-format=\"l\">Monday<\/span> <span data-date-format=\"F\">August<\/span> <span data-date-format=\"j\">9<\/span><\/span>\n\t\t\t\t\t\t\t\t\t\t\t<span class=\"no_phone\" aria-hidden=\"true\">9<\/span>\n\t\t\t\t\t\t\t\t\t\t\t\t\t\t\t\t\t\t\t\t<\/div>\n\t\t\t\t\t\t\t\t\t\t\t\t\t\t\t\t\t<\/td>\n\t\t\t\t\t\t\t\t\t\t\t\t\t\t\t\t<td data-dow=\"2\" data-events-count=\"0\" data-feed-keys=\"\" class=\"future empty d_10 dow_2\">\n\t\t\t\t\t\t\t\t\t<div class=\"day\">\n\t\t\t\t\t\t\t\t\t\t\t\t\t\t\t\t\t\t\t\t\t<span class=\"phone_only\" id=\"r6a97dccace13c5d-20270810\"><span data-date-format=\"l\">Tuesday<\/span> <span data-date-format=\"F\">August<\/span> <span data-date-format=\"j\">10<\/span><\/span>\n\t\t\t\t\t\t\t\t\t\t\t<span class=\"no_phone\" aria-hidden=\"true\">10<\/span>\n\t\t\t\t\t\t\t\t\t\t\t\t\t\t\t\t\t\t\t\t<\/div>\n\t\t\t\t\t\t\t\t\t\t\t\t\t\t\t\t\t<\/td>\n\t\t\t\t\t\t\t\t\t\t\t\t\t\t\t\t<td data-dow=\"3\" data-events-count=\"1\" data-feed-keys=\"0\" class=\"future has_events d_11 dow_3\">\n\t\t\t\t\t\t\t\t\t<div class=\"day\">\n\t\t\t\t\t\t\t\t\t\t\t\t\t\t\t\t\t\t\t\t\t<span class=\"phone_only\" id=\"r6a97dccace13c5d-20270811\"><span data-date-format=\"l\">Wednesday<\/span> <span data-date-format=\"F\">August<\/span> <span data-date-format=\"j\">11<\/span><\/span>\n\t\t\t\t\t\t\t\t\t\t\t<span class=\"no_phone\" aria-hidden=\"true\">11<\/span>\n\t\t\t\t\t\t\t\t\t\t\t\t\t\t\t\t\t\t\t\t<\/div>\n\t\t\t\t\t\t\t\t\t\t\t\t\t\t\t\t\t\t\t<ul class=\"events\" aria-labelledby=\"r6a97dccace13c5d-20270811\">\n\t\t\t\t\t\t\t\t\t\t\t\t\t\t\t\t\t\t\t\t\t\t\t\t\t<li class=\"event all-day\" data-feed-key=\"0\">\n\t\t\t\t\t\t\t\t\t\t\t\t\t\t\t\t\t\t\t\t\t\t\t\t\t\t\t\t\t\t\t<span class=\"all-day-indicator\">All Day<\/span>\n\t\t\t\t\t\t\t\t\t\t\t\t\t\t\t\t<span class=\"title has_desc confirmed\">The Wailers at Burgtheater (11 Aug 27)<\/span><div class=\"descloc hover_block\"><div class=\"title_in_hover_block\"><span class=\"title confirmed\">The Wailers at Burgtheater (11 Aug 27)<\/span><\/div><div class=\"location\">Burgtheater, Althoffstra\u00dfe, 46535, Dinslaken, Germany<\/div><div class=\"eventdesc\"><p><a href=\"https:\/\/www.songkick.com\/concerts\/43365809-wailers-at-burgtheater?utm_campaign=tracked_artist&#038;utm_content=ZD0yNDYxMjg2JnU9MTM3MjI4MTU5&#038;utm_medium=feed&#038;utm_source=ical\" rel=\"nofollow\">https:\/\/www.songkick.com\/concerts\/43365809-wailers-at-burgtheater?utm_campaign=tracked_artist&#038;utm_content=ZD0yNDYxMjg2JnU9MTM3MjI4MTU5&#038;utm_medium=feed&#038;utm_source=ical<\/a><\/p><\/div><\/div>\t\t\t\t\t\t\t\t\t\t\t\t\t\t<\/li>\n\t\t\t\t\t\t\t\t\t\t\t\t\t\t\t\t\t\t\t\t\t\t\t\t<\/ul>\n\t\t\t\t\t\t\t\t\t\t\t\t\t\t\t\t\t\t<\/td>\n\t\t\t\t\t\t\t\t\t\t\t\t\t\t\t\t<td data-dow=\"4\" data-events-count=\"1\" data-feed-keys=\"0\" class=\"future has_events d_12 dow_4\">\n\t\t\t\t\t\t\t\t\t<div class=\"day\">\n\t\t\t\t\t\t\t\t\t\t\t\t\t\t\t\t\t\t\t\t\t<span class=\"phone_only\" id=\"r6a97dccace13c5d-20270812\"><span data-date-format=\"l\">Thursday<\/span> <span data-date-format=\"F\">August<\/span> <span data-date-format=\"j\">12<\/span><\/span>\n\t\t\t\t\t\t\t\t\t\t\t<span class=\"no_phone\" aria-hidden=\"true\">12<\/span>\n\t\t\t\t\t\t\t\t\t\t\t\t\t\t\t\t\t\t\t\t<\/div>\n\t\t\t\t\t\t\t\t\t\t\t\t\t\t\t\t\t\t\t<ul class=\"events\" aria-labelledby=\"r6a97dccace13c5d-20270812\">\n\t\t\t\t\t\t\t\t\t\t\t\t\t\t\t\t\t\t\t\t\t\t\t\t\t<li class=\"event all-day\" data-feed-key=\"0\">\n\t\t\t\t\t\t\t\t\t\t\t\t\t\t\t\t\t\t\t\t\t\t\t\t\t\t\t\t\t\t\t<span class=\"all-day-indicator\">All Day<\/span>\n\t\t\t\t\t\t\t\t\t\t\t\t\t\t\t\t<span class=\"title has_desc confirmed\">The Wailers at Seeb\u00fchne Bremen (12 Aug 27)<\/span><div class=\"descloc hover_block\"><div class=\"title_in_hover_block\"><span class=\"title confirmed\">The Wailers at Seeb\u00fchne Bremen (12 Aug 27)<\/span><\/div><div class=\"location\">Seeb\u00fchne Bremen, AG-Weser-Stra\u00dfe 1, 28237, Bremen, Germany<\/div><div class=\"eventdesc\"><p><a href=\"https:\/\/www.songkick.com\/concerts\/43378389-wailers-at-seebuhne-bremen?utm_campaign=tracked_artist&#038;utm_content=ZD0yNDYxMjg2JnU9MTM3MjI4MTU5&#038;utm_medium=feed&#038;utm_source=ical\" rel=\"nofollow\">https:\/\/www.songkick.com\/concerts\/43378389-wailers-at-seebuhne-bremen?utm_campaign=tracked_artist&#038;utm_content=ZD0yNDYxMjg2JnU9MTM3MjI4MTU5&#038;utm_medium=feed&#038;utm_source=ical<\/a><\/p><\/div><\/div>\t\t\t\t\t\t\t\t\t\t\t\t\t\t<\/li>\n\t\t\t\t\t\t\t\t\t\t\t\t\t\t\t\t\t\t\t\t\t\t\t\t<\/ul>\n\t\t\t\t\t\t\t\t\t\t\t\t\t\t\t\t\t\t<\/td>\n\t\t\t\t\t\t\t\t\t\t\t\t\t\t\t\t<td data-dow=\"5\" data-events-count=\"1\" data-feed-keys=\"0\" class=\"future has_events d_13 dow_5\">\n\t\t\t\t\t\t\t\t\t<div class=\"day\">\n\t\t\t\t\t\t\t\t\t\t\t\t\t\t\t\t\t\t\t\t\t<span class=\"phone_only\" id=\"r6a97dccace13c5d-20270813\"><span data-date-format=\"l\">Friday<\/span> <span data-date-format=\"F\">August<\/span> <span data-date-format=\"j\">13<\/span><\/span>\n\t\t\t\t\t\t\t\t\t\t\t<span class=\"no_phone\" aria-hidden=\"true\">13<\/span>\n\t\t\t\t\t\t\t\t\t\t\t\t\t\t\t\t\t\t\t\t<\/div>\n\t\t\t\t\t\t\t\t\t\t\t\t\t\t\t\t\t\t\t<ul class=\"events\" aria-labelledby=\"r6a97dccace13c5d-20270813\">\n\t\t\t\t\t\t\t\t\t\t\t\t\t\t\t\t\t\t\t\t\t\t\t\t\t<li class=\"event all-day\" data-feed-key=\"0\">\n\t\t\t\t\t\t\t\t\t\t\t\t\t\t\t\t\t\t\t\t\t\t\t\t\t\t\t\t\t\t\t<span class=\"all-day-indicator\">All Day<\/span>\n\t\t\t\t\t\t\t\t\t\t\t\t\t\t\t\t<span class=\"title has_desc confirmed\">Die Fantastischen Vier at Loreley Freilichtb\u00fchne (13 Aug 27)<\/span><div class=\"descloc hover_block\"><div class=\"title_in_hover_block\"><span class=\"title confirmed\">Die Fantastischen Vier at Loreley Freilichtb\u00fchne (13 Aug 27)<\/span><\/div><div class=\"location\">Loreley Freilichtb\u00fchne, 56346, Sankt Goarshausen, Germany<\/div><div class=\"eventdesc\"><p><a href=\"https:\/\/www.songkick.com\/concerts\/43064477-die-fantastischen-vier-at-loreley-freilichtbuhne?utm_campaign=tracked_artist&#038;utm_content=ZD0yNDYxMjg2JnU9MTM3MjI4MTU5&#038;utm_medium=feed&#038;utm_source=ical\" rel=\"nofollow\">https:\/\/www.songkick.com\/concerts\/43064477-die-fantastischen-vier-at-loreley-freilichtbuhne?utm_campaign=tracked_artist&#038;utm_content=ZD0yNDYxMjg2JnU9MTM3MjI4MTU5&#038;utm_medium=feed&#038;utm_source=ical<\/a><\/p><\/div><\/div>\t\t\t\t\t\t\t\t\t\t\t\t\t\t<\/li>\n\t\t\t\t\t\t\t\t\t\t\t\t\t\t\t\t\t\t\t\t\t\t\t\t<\/ul>\n\t\t\t\t\t\t\t\t\t\t\t\t\t\t\t\t\t\t<\/td>\n\t\t\t\t\t\t\t\t\t\t\t\t\t\t\t\t<td data-dow=\"6\" data-events-count=\"1\" data-feed-keys=\"0\" class=\"future has_events d_14 dow_6\">\n\t\t\t\t\t\t\t\t\t<div class=\"day\">\n\t\t\t\t\t\t\t\t\t\t\t\t\t\t\t\t\t\t\t\t\t<span class=\"phone_only\" id=\"r6a97dccace13c5d-20270814\"><span data-date-format=\"l\">Saturday<\/span> <span data-date-format=\"F\">August<\/span> <span data-date-format=\"j\">14<\/span><\/span>\n\t\t\t\t\t\t\t\t\t\t\t<span class=\"no_phone\" aria-hidden=\"true\">14<\/span>\n\t\t\t\t\t\t\t\t\t\t\t\t\t\t\t\t\t\t\t\t<\/div>\n\t\t\t\t\t\t\t\t\t\t\t\t\t\t\t\t\t\t\t<ul class=\"events\" aria-labelledby=\"r6a97dccace13c5d-20270814\">\n\t\t\t\t\t\t\t\t\t\t\t\t\t\t\t\t\t\t\t\t\t\t\t\t\t<li class=\"event all-day\" data-feed-key=\"0\">\n\t\t\t\t\t\t\t\t\t\t\t\t\t\t\t\t\t\t\t\t\t\t\t\t\t\t\t\t\t\t\t<span class=\"all-day-indicator\">All Day<\/span>\n\t\t\t\t\t\t\t\t\t\t\t\t\t\t\t\t<span class=\"title has_desc confirmed\">Die Fantastischen Vier at Loreley Freilichtb\u00fchne (14 Aug 27)<\/span><div class=\"descloc hover_block\"><div class=\"title_in_hover_block\"><span class=\"title confirmed\">Die Fantastischen Vier at Loreley Freilichtb\u00fchne (14 Aug 27)<\/span><\/div><div class=\"location\">Loreley Freilichtb\u00fchne, 56346, Sankt Goarshausen, Germany<\/div><div class=\"eventdesc\"><p><a href=\"https:\/\/www.songkick.com\/concerts\/42922084-die-fantastischen-vier-at-loreley-freilichtbuhne?utm_campaign=tracked_artist&#038;utm_content=ZD0yNDYxMjg2JnU9MTM3MjI4MTU5&#038;utm_medium=feed&#038;utm_source=ical\" rel=\"nofollow\">https:\/\/www.songkick.com\/concerts\/42922084-die-fantastischen-vier-at-loreley-freilichtbuhne?utm_campaign=tracked_artist&#038;utm_content=ZD0yNDYxMjg2JnU9MTM3MjI4MTU5&#038;utm_medium=feed&#038;utm_source=ical<\/a><\/p><\/div><\/div>\t\t\t\t\t\t\t\t\t\t\t\t\t\t<\/li>\n\t\t\t\t\t\t\t\t\t\t\t\t\t\t\t\t\t\t\t\t\t\t\t\t<\/ul>\n\t\t\t\t\t\t\t\t\t\t\t\t\t\t\t\t\t\t<\/td>\n\t\t\t\t\t\t\t\t\t\t\t\t\t\t\t\t<td data-dow=\"0\" data-events-count=\"0\" data-feed-keys=\"\" class=\"future empty d_15 dow_0\">\n\t\t\t\t\t\t\t\t\t<div class=\"day\">\n\t\t\t\t\t\t\t\t\t\t\t\t\t\t\t\t\t\t\t\t\t<span class=\"phone_only\" id=\"r6a97dccace13c5d-20270815\"><span data-date-format=\"l\">Sunday<\/span> <span data-date-format=\"F\">August<\/span> <span data-date-format=\"j\">15<\/span><\/span>\n\t\t\t\t\t\t\t\t\t\t\t<span class=\"no_phone\" aria-hidden=\"true\">15<\/span>\n\t\t\t\t\t\t\t\t\t\t\t\t\t\t\t\t\t\t\t\t<\/div>\n\t\t\t\t\t\t\t\t\t\t\t\t\t\t\t\t\t<\/td>\n\t\t\t\t\t\t\t\t<\/tr><tr>\t\t\t\t\t\t\t\t<td data-dow=\"1\" data-events-count=\"0\" data-feed-keys=\"\" class=\"future empty d_16 dow_1\">\n\t\t\t\t\t\t\t\t\t<div class=\"day\">\n\t\t\t\t\t\t\t\t\t\t\t\t\t\t\t\t\t\t\t\t\t<span class=\"phone_only\" id=\"r6a97dccace13c5d-20270816\"><span data-date-format=\"l\">Monday<\/span> <span data-date-format=\"F\">August<\/span> <span data-date-format=\"j\">16<\/span><\/span>\n\t\t\t\t\t\t\t\t\t\t\t<span class=\"no_phone\" aria-hidden=\"true\">16<\/span>\n\t\t\t\t\t\t\t\t\t\t\t\t\t\t\t\t\t\t\t\t<\/div>\n\t\t\t\t\t\t\t\t\t\t\t\t\t\t\t\t\t<\/td>\n\t\t\t\t\t\t\t\t\t\t\t\t\t\t\t\t<td data-dow=\"2\" data-events-count=\"0\" data-feed-keys=\"\" class=\"future empty d_17 dow_2\">\n\t\t\t\t\t\t\t\t\t<div class=\"day\">\n\t\t\t\t\t\t\t\t\t\t\t\t\t\t\t\t\t\t\t\t\t<span class=\"phone_only\" id=\"r6a97dccace13c5d-20270817\"><span data-date-format=\"l\">Tuesday<\/span> <span data-date-format=\"F\">August<\/span> <span data-date-format=\"j\">17<\/span><\/span>\n\t\t\t\t\t\t\t\t\t\t\t<span class=\"no_phone\" aria-hidden=\"true\">17<\/span>\n\t\t\t\t\t\t\t\t\t\t\t\t\t\t\t\t\t\t\t\t<\/div>\n\t\t\t\t\t\t\t\t\t\t\t\t\t\t\t\t\t<\/td>\n\t\t\t\t\t\t\t\t\t\t\t\t\t\t\t\t<td data-dow=\"3\" data-events-count=\"1\" data-feed-keys=\"0\" class=\"future has_events d_18 dow_3\">\n\t\t\t\t\t\t\t\t\t<div class=\"day\">\n\t\t\t\t\t\t\t\t\t\t\t\t\t\t\t\t\t\t\t\t\t<span class=\"phone_only\" id=\"r6a97dccace13c5d-20270818\"><span data-date-format=\"l\">Wednesday<\/span> <span data-date-format=\"F\">August<\/span> <span data-date-format=\"j\">18<\/span><\/span>\n\t\t\t\t\t\t\t\t\t\t\t<span class=\"no_phone\" aria-hidden=\"true\">18<\/span>\n\t\t\t\t\t\t\t\t\t\t\t\t\t\t\t\t\t\t\t\t<\/div>\n\t\t\t\t\t\t\t\t\t\t\t\t\t\t\t\t\t\t\t<ul class=\"events\" aria-labelledby=\"r6a97dccace13c5d-20270818\">\n\t\t\t\t\t\t\t\t\t\t\t\t\t\t\t\t\t\t\t\t\t\t\t\t\t<li class=\"event all-day\" data-feed-key=\"0\">\n\t\t\t\t\t\t\t\t\t\t\t\t\t\t\t\t\t\t\t\t\t\t\t\t\t\t\t\t\t\t\t<span class=\"all-day-indicator\">All Day<\/span>\n\t\t\t\t\t\t\t\t\t\t\t\t\t\t\t\t<span class=\"title has_desc confirmed\">Die Fantastischen Vier at Brawo B\u00fchne (18 Aug 27)<\/span><div class=\"descloc hover_block\"><div class=\"title_in_hover_block\"><span class=\"title confirmed\">Die Fantastischen Vier at Brawo B\u00fchne (18 Aug 27)<\/span><\/div><div class=\"location\">Brawo B\u00fchne, Madamenweg 93 Im Raffteichbad, 38120, Brunswick, Germany<\/div><div class=\"eventdesc\"><p><a href=\"https:\/\/www.songkick.com\/concerts\/42947071-die-fantastischen-vier-at-brawo-buhne?utm_campaign=tracked_artist&#038;utm_content=ZD0yNDYxMjg2JnU9MTM3MjI4MTU5&#038;utm_medium=feed&#038;utm_source=ical\" rel=\"nofollow\">https:\/\/www.songkick.com\/concerts\/42947071-die-fantastischen-vier-at-brawo-buhne?utm_campaign=tracked_artist&#038;utm_content=ZD0yNDYxMjg2JnU9MTM3MjI4MTU5&#038;utm_medium=feed&#038;utm_source=ical<\/a><\/p><\/div><\/div>\t\t\t\t\t\t\t\t\t\t\t\t\t\t<\/li>\n\t\t\t\t\t\t\t\t\t\t\t\t\t\t\t\t\t\t\t\t\t\t\t\t<\/ul>\n\t\t\t\t\t\t\t\t\t\t\t\t\t\t\t\t\t\t<\/td>\n\t\t\t\t\t\t\t\t\t\t\t\t\t\t\t\t<td data-dow=\"4\" data-events-count=\"0\" data-feed-keys=\"\" class=\"future empty d_19 dow_4\">\n\t\t\t\t\t\t\t\t\t<div class=\"day\">\n\t\t\t\t\t\t\t\t\t\t\t\t\t\t\t\t\t\t\t\t\t<span class=\"phone_only\" id=\"r6a97dccace13c5d-20270819\"><span data-date-format=\"l\">Thursday<\/span> <span data-date-format=\"F\">August<\/span> <span data-date-format=\"j\">19<\/span><\/span>\n\t\t\t\t\t\t\t\t\t\t\t<span class=\"no_phone\" aria-hidden=\"true\">19<\/span>\n\t\t\t\t\t\t\t\t\t\t\t\t\t\t\t\t\t\t\t\t<\/div>\n\t\t\t\t\t\t\t\t\t\t\t\t\t\t\t\t\t<\/td>\n\t\t\t\t\t\t\t\t\t\t\t\t\t\t\t\t<td data-dow=\"5\" data-events-count=\"1\" data-feed-keys=\"0\" class=\"future has_events d_20 dow_5\">\n\t\t\t\t\t\t\t\t\t<div class=\"day\">\n\t\t\t\t\t\t\t\t\t\t\t\t\t\t\t\t\t\t\t\t\t<span class=\"phone_only\" id=\"r6a97dccace13c5d-20270820\"><span data-date-format=\"l\">Friday<\/span> <span data-date-format=\"F\">August<\/span> <span data-date-format=\"j\">20<\/span><\/span>\n\t\t\t\t\t\t\t\t\t\t\t<span class=\"no_phone\" aria-hidden=\"true\">20<\/span>\n\t\t\t\t\t\t\t\t\t\t\t\t\t\t\t\t\t\t\t\t<\/div>\n\t\t\t\t\t\t\t\t\t\t\t\t\t\t\t\t\t\t\t<ul class=\"events\" aria-labelledby=\"r6a97dccace13c5d-20270820\">\n\t\t\t\t\t\t\t\t\t\t\t\t\t\t\t\t\t\t\t\t\t\t\t\t\t<li class=\"event all-day\" data-feed-key=\"0\">\n\t\t\t\t\t\t\t\t\t\t\t\t\t\t\t\t\t\t\t\t\t\t\t\t\t\t\t\t\t\t\t<span class=\"all-day-indicator\">All Day<\/span>\n\t\t\t\t\t\t\t\t\t\t\t\t\t\t\t\t<span class=\"title has_desc confirmed\">Die Fantastischen Vier at Waldb\u00fchne Berlin (20 Aug 27)<\/span><div class=\"descloc hover_block\"><div class=\"title_in_hover_block\"><span class=\"title confirmed\">Die Fantastischen Vier at Waldb\u00fchne Berlin (20 Aug 27)<\/span><\/div><div class=\"location\">Waldb\u00fchne Berlin, Am Glockenturm, 14053, Berlin, Germany<\/div><div class=\"eventdesc\"><p><a href=\"https:\/\/www.songkick.com\/concerts\/42922085-die-fantastischen-vier-at-waldbuhne-berlin?utm_campaign=tracked_artist&#038;utm_content=ZD0yNDYxMjg2JnU9MTM3MjI4MTU5&#038;utm_medium=feed&#038;utm_source=ical\" rel=\"nofollow\">https:\/\/www.songkick.com\/concerts\/42922085-die-fantastischen-vier-at-waldbuhne-berlin?utm_campaign=tracked_artist&#038;utm_content=ZD0yNDYxMjg2JnU9MTM3MjI4MTU5&#038;utm_medium=feed&#038;utm_source=ical<\/a><\/p><\/div><\/div>\t\t\t\t\t\t\t\t\t\t\t\t\t\t<\/li>\n\t\t\t\t\t\t\t\t\t\t\t\t\t\t\t\t\t\t\t\t\t\t\t\t<\/ul>\n\t\t\t\t\t\t\t\t\t\t\t\t\t\t\t\t\t\t<\/td>\n\t\t\t\t\t\t\t\t\t\t\t\t\t\t\t\t<td data-dow=\"6\" data-events-count=\"1\" data-feed-keys=\"0\" class=\"future has_events d_21 dow_6\">\n\t\t\t\t\t\t\t\t\t<div class=\"day\">\n\t\t\t\t\t\t\t\t\t\t\t\t\t\t\t\t\t\t\t\t\t<span class=\"phone_only\" id=\"r6a97dccace13c5d-20270821\"><span data-date-format=\"l\">Saturday<\/span> <span data-date-format=\"F\">August<\/span> <span data-date-format=\"j\">21<\/span><\/span>\n\t\t\t\t\t\t\t\t\t\t\t<span class=\"no_phone\" aria-hidden=\"true\">21<\/span>\n\t\t\t\t\t\t\t\t\t\t\t\t\t\t\t\t\t\t\t\t<\/div>\n\t\t\t\t\t\t\t\t\t\t\t\t\t\t\t\t\t\t\t<ul class=\"events\" aria-labelledby=\"r6a97dccace13c5d-20270821\">\n\t\t\t\t\t\t\t\t\t\t\t\t\t\t\t\t\t\t\t\t\t\t\t\t\t<li class=\"event all-day\" data-feed-key=\"0\">\n\t\t\t\t\t\t\t\t\t\t\t\t\t\t\t\t\t\t\t\t\t\t\t\t\t\t\t\t\t\t\t<span class=\"all-day-indicator\">All Day<\/span>\n\t\t\t\t\t\t\t\t\t\t\t\t\t\t\t\t<span class=\"title has_desc confirmed\">Die Fantastischen Vier at Domplatz (21 Aug 27)<\/span><div class=\"descloc hover_block\"><div class=\"title_in_hover_block\"><span class=\"title confirmed\">Die Fantastischen Vier at Domplatz (21 Aug 27)<\/span><\/div><div class=\"location\">Domplatz, 99084, Erfurt, Germany<\/div><div class=\"eventdesc\"><p><a href=\"https:\/\/www.songkick.com\/concerts\/42922086-die-fantastischen-vier-at-domplatz?utm_campaign=tracked_artist&#038;utm_content=ZD0yNDYxMjg2JnU9MTM3MjI4MTU5&#038;utm_medium=feed&#038;utm_source=ical\" rel=\"nofollow\">https:\/\/www.songkick.com\/concerts\/42922086-die-fantastischen-vier-at-domplatz?utm_campaign=tracked_artist&#038;utm_content=ZD0yNDYxMjg2JnU9MTM3MjI4MTU5&#038;utm_medium=feed&#038;utm_source=ical<\/a><\/p><\/div><\/div>\t\t\t\t\t\t\t\t\t\t\t\t\t\t<\/li>\n\t\t\t\t\t\t\t\t\t\t\t\t\t\t\t\t\t\t\t\t\t\t\t\t<\/ul>\n\t\t\t\t\t\t\t\t\t\t\t\t\t\t\t\t\t\t<\/td>\n\t\t\t\t\t\t\t\t\t\t\t\t\t\t\t\t<td data-dow=\"0\" data-events-count=\"1\" data-feed-keys=\"0\" class=\"future has_events d_22 dow_0\">\n\t\t\t\t\t\t\t\t\t<div class=\"day\">\n\t\t\t\t\t\t\t\t\t\t\t\t\t\t\t\t\t\t\t\t\t<span class=\"phone_only\" id=\"r6a97dccace13c5d-20270822\"><span data-date-format=\"l\">Sunday<\/span> <span data-date-format=\"F\">August<\/span> <span data-date-format=\"j\">22<\/span><\/span>\n\t\t\t\t\t\t\t\t\t\t\t<span class=\"no_phone\" aria-hidden=\"true\">22<\/span>\n\t\t\t\t\t\t\t\t\t\t\t\t\t\t\t\t\t\t\t\t<\/div>\n\t\t\t\t\t\t\t\t\t\t\t\t\t\t\t\t\t\t\t<ul class=\"events\" aria-labelledby=\"r6a97dccace13c5d-20270822\">\n\t\t\t\t\t\t\t\t\t\t\t\t\t\t\t\t\t\t\t\t\t\t\t\t\t<li class=\"event all-day\" data-feed-key=\"0\">\n\t\t\t\t\t\t\t\t\t\t\t\t\t\t\t\t\t\t\t\t\t\t\t\t\t\t\t\t\t\t\t<span class=\"all-day-indicator\">All Day<\/span>\n\t\t\t\t\t\t\t\t\t\t\t\t\t\t\t\t<span class=\"title has_desc confirmed\">Die Fantastischen Vier at Filmn\u00e4chte am Elbufer (22 Aug 27)<\/span><div class=\"descloc hover_block\"><div class=\"title_in_hover_block\"><span class=\"title confirmed\">Die Fantastischen Vier at Filmn\u00e4chte am Elbufer (22 Aug 27)<\/span><\/div><div class=\"location\">Filmn\u00e4chte am Elbufer, Freilichtgel\u00e4nde K\u00f6nigsufer, 01097, Dresden, Germany<\/div><div class=\"eventdesc\"><p><a href=\"https:\/\/www.songkick.com\/concerts\/42922087-die-fantastischen-vier-at-filmnachte-am-elbufer?utm_campaign=tracked_artist&#038;utm_content=ZD0yNDYxMjg2JnU9MTM3MjI4MTU5&#038;utm_medium=feed&#038;utm_source=ical\" rel=\"nofollow\">https:\/\/www.songkick.com\/concerts\/42922087-die-fantastischen-vier-at-filmnachte-am-elbufer?utm_campaign=tracked_artist&#038;utm_content=ZD0yNDYxMjg2JnU9MTM3MjI4MTU5&#038;utm_medium=feed&#038;utm_source=ical<\/a><\/p><\/div><\/div>\t\t\t\t\t\t\t\t\t\t\t\t\t\t<\/li>\n\t\t\t\t\t\t\t\t\t\t\t\t\t\t\t\t\t\t\t\t\t\t\t\t<\/ul>\n\t\t\t\t\t\t\t\t\t\t\t\t\t\t\t\t\t\t<\/td>\n\t\t\t\t\t\t\t\t<\/tr><tr>\t\t\t\t\t\t\t\t<td data-dow=\"1\" data-events-count=\"0\" data-feed-keys=\"\" class=\"future empty d_23 dow_1\">\n\t\t\t\t\t\t\t\t\t<div class=\"day\">\n\t\t\t\t\t\t\t\t\t\t\t\t\t\t\t\t\t\t\t\t\t<span class=\"phone_only\" id=\"r6a97dccace13c5d-20270823\"><span data-date-format=\"l\">Monday<\/span> <span data-date-format=\"F\">August<\/span> <span data-date-format=\"j\">23<\/span><\/span>\n\t\t\t\t\t\t\t\t\t\t\t<span class=\"no_phone\" aria-hidden=\"true\">23<\/span>\n\t\t\t\t\t\t\t\t\t\t\t\t\t\t\t\t\t\t\t\t<\/div>\n\t\t\t\t\t\t\t\t\t\t\t\t\t\t\t\t\t<\/td>\n\t\t\t\t\t\t\t\t\t\t\t\t\t\t\t\t<td data-dow=\"2\" data-events-count=\"0\" data-feed-keys=\"\" class=\"future empty d_24 dow_2\">\n\t\t\t\t\t\t\t\t\t<div class=\"day\">\n\t\t\t\t\t\t\t\t\t\t\t\t\t\t\t\t\t\t\t\t\t<span class=\"phone_only\" id=\"r6a97dccace13c5d-20270824\"><span data-date-format=\"l\">Tuesday<\/span> <span data-date-format=\"F\">August<\/span> <span data-date-format=\"j\">24<\/span><\/span>\n\t\t\t\t\t\t\t\t\t\t\t<span class=\"no_phone\" aria-hidden=\"true\">24<\/span>\n\t\t\t\t\t\t\t\t\t\t\t\t\t\t\t\t\t\t\t\t<\/div>\n\t\t\t\t\t\t\t\t\t\t\t\t\t\t\t\t\t<\/td>\n\t\t\t\t\t\t\t\t\t\t\t\t\t\t\t\t<td data-dow=\"3\" data-events-count=\"0\" data-feed-keys=\"\" class=\"future empty d_25 dow_3\">\n\t\t\t\t\t\t\t\t\t<div class=\"day\">\n\t\t\t\t\t\t\t\t\t\t\t\t\t\t\t\t\t\t\t\t\t<span class=\"phone_only\" id=\"r6a97dccace13c5d-20270825\"><span data-date-format=\"l\">Wednesday<\/span> <span data-date-format=\"F\">August<\/span> <span data-date-format=\"j\">25<\/span><\/span>\n\t\t\t\t\t\t\t\t\t\t\t<span class=\"no_phone\" aria-hidden=\"true\">25<\/span>\n\t\t\t\t\t\t\t\t\t\t\t\t\t\t\t\t\t\t\t\t<\/div>\n\t\t\t\t\t\t\t\t\t\t\t\t\t\t\t\t\t<\/td>\n\t\t\t\t\t\t\t\t\t\t\t\t\t\t\t\t<td data-dow=\"4\" data-events-count=\"0\" data-feed-keys=\"\" class=\"future empty d_26 dow_4\">\n\t\t\t\t\t\t\t\t\t<div class=\"day\">\n\t\t\t\t\t\t\t\t\t\t\t\t\t\t\t\t\t\t\t\t\t<span class=\"phone_only\" id=\"r6a97dccace13c5d-20270826\"><span data-date-format=\"l\">Thursday<\/span> <span data-date-format=\"F\">August<\/span> <span data-date-format=\"j\">26<\/span><\/span>\n\t\t\t\t\t\t\t\t\t\t\t<span class=\"no_phone\" aria-hidden=\"true\">26<\/span>\n\t\t\t\t\t\t\t\t\t\t\t\t\t\t\t\t\t\t\t\t<\/div>\n\t\t\t\t\t\t\t\t\t\t\t\t\t\t\t\t\t<\/td>\n\t\t\t\t\t\t\t\t\t\t\t\t\t\t\t\t<td data-dow=\"5\" data-events-count=\"1\" data-feed-keys=\"0\" class=\"future has_events d_27 dow_5\">\n\t\t\t\t\t\t\t\t\t<div class=\"day\">\n\t\t\t\t\t\t\t\t\t\t\t\t\t\t\t\t\t\t\t\t\t<span class=\"phone_only\" id=\"r6a97dccace13c5d-20270827\"><span data-date-format=\"l\">Friday<\/span> <span data-date-format=\"F\">August<\/span> <span data-date-format=\"j\">27<\/span><\/span>\n\t\t\t\t\t\t\t\t\t\t\t<span class=\"no_phone\" aria-hidden=\"true\">27<\/span>\n\t\t\t\t\t\t\t\t\t\t\t\t\t\t\t\t\t\t\t\t<\/div>\n\t\t\t\t\t\t\t\t\t\t\t\t\t\t\t\t\t\t\t<ul class=\"events\" aria-labelledby=\"r6a97dccace13c5d-20270827\">\n\t\t\t\t\t\t\t\t\t\t\t\t\t\t\t\t\t\t\t\t\t\t\t\t\t<li class=\"event all-day\" data-feed-key=\"0\">\n\t\t\t\t\t\t\t\t\t\t\t\t\t\t\t\t\t\t\t\t\t\t\t\t\t\t\t\t\t\t\t<span class=\"all-day-indicator\">All Day<\/span>\n\t\t\t\t\t\t\t\t\t\t\t\t\t\t\t\t<span class=\"title has_desc confirmed\">Die Fantastischen Vier at Wertwiesenpark (27 Aug 27)<\/span><div class=\"descloc hover_block\"><div class=\"title_in_hover_block\"><span class=\"title confirmed\">Die Fantastischen Vier at Wertwiesenpark (27 Aug 27)<\/span><\/div><div class=\"location\">Wertwiesenpark, Neckarhalde, 74074, Heilbronn, Germany<\/div><div class=\"eventdesc\"><p><a href=\"https:\/\/www.songkick.com\/concerts\/43119040-die-fantastischen-vier-at-wertwiesenpark?utm_campaign=tracked_artist&#038;utm_content=ZD0yNDYxMjg2JnU9MTM3MjI4MTU5&#038;utm_medium=feed&#038;utm_source=ical\" rel=\"nofollow\">https:\/\/www.songkick.com\/concerts\/43119040-die-fantastischen-vier-at-wertwiesenpark?utm_campaign=tracked_artist&#038;utm_content=ZD0yNDYxMjg2JnU9MTM3MjI4MTU5&#038;utm_medium=feed&#038;utm_source=ical<\/a><\/p><\/div><\/div>\t\t\t\t\t\t\t\t\t\t\t\t\t\t<\/li>\n\t\t\t\t\t\t\t\t\t\t\t\t\t\t\t\t\t\t\t\t\t\t\t\t<\/ul>\n\t\t\t\t\t\t\t\t\t\t\t\t\t\t\t\t\t\t<\/td>\n\t\t\t\t\t\t\t\t\t\t\t\t\t\t\t\t<td data-dow=\"6\" data-events-count=\"0\" data-feed-keys=\"\" class=\"future empty d_28 dow_6\">\n\t\t\t\t\t\t\t\t\t<div class=\"day\">\n\t\t\t\t\t\t\t\t\t\t\t\t\t\t\t\t\t\t\t\t\t<span class=\"phone_only\" id=\"r6a97dccace13c5d-20270828\"><span data-date-format=\"l\">Saturday<\/span> <span data-date-format=\"F\">August<\/span> <span data-date-format=\"j\">28<\/span><\/span>\n\t\t\t\t\t\t\t\t\t\t\t<span class=\"no_phone\" aria-hidden=\"true\">28<\/span>\n\t\t\t\t\t\t\t\t\t\t\t\t\t\t\t\t\t\t\t\t<\/div>\n\t\t\t\t\t\t\t\t\t\t\t\t\t\t\t\t\t<\/td>\n\t\t\t\t\t\t\t\t\t\t\t\t\t\t\t\t<td data-dow=\"0\" data-events-count=\"1\" data-feed-keys=\"0\" class=\"future has_events d_29 dow_0\">\n\t\t\t\t\t\t\t\t\t<div class=\"day\">\n\t\t\t\t\t\t\t\t\t\t\t\t\t\t\t\t\t\t\t\t\t<span class=\"phone_only\" id=\"r6a97dccace13c5d-20270829\"><span data-date-format=\"l\">Sunday<\/span> <span data-date-format=\"F\">August<\/span> <span data-date-format=\"j\">29<\/span><\/span>\n\t\t\t\t\t\t\t\t\t\t\t<span class=\"no_phone\" aria-hidden=\"true\">29<\/span>\n\t\t\t\t\t\t\t\t\t\t\t\t\t\t\t\t\t\t\t\t<\/div>\n\t\t\t\t\t\t\t\t\t\t\t\t\t\t\t\t\t\t\t<ul class=\"events\" aria-labelledby=\"r6a97dccace13c5d-20270829\">\n\t\t\t\t\t\t\t\t\t\t\t\t\t\t\t\t\t\t\t\t\t\t\t\t\t<li class=\"event all-day\" data-feed-key=\"0\">\n\t\t\t\t\t\t\t\t\t\t\t\t\t\t\t\t\t\t\t\t\t\t\t\t\t\t\t\t\t\t\t<span class=\"all-day-indicator\">All Day<\/span>\n\t\t\t\t\t\t\t\t\t\t\t\t\t\t\t\t<span class=\"title has_desc confirmed\">Die Fantastischen Vier at Seaside Beach Baldeney (29 Aug 27)<\/span><div class=\"descloc hover_block\"><div class=\"title_in_hover_block\"><span class=\"title confirmed\">Die Fantastischen Vier at Seaside Beach Baldeney (29 Aug 27)<\/span><\/div><div class=\"location\">Seaside Beach Baldeney, Essen, Germany<\/div><div class=\"eventdesc\"><p><a href=\"https:\/\/www.songkick.com\/concerts\/42922088-die-fantastischen-vier-at-seaside-beach-baldeney?utm_campaign=tracked_artist&#038;utm_content=ZD0yNDYxMjg2JnU9MTM3MjI4MTU5&#038;utm_medium=feed&#038;utm_source=ical\" rel=\"nofollow\">https:\/\/www.songkick.com\/concerts\/42922088-die-fantastischen-vier-at-seaside-beach-baldeney?utm_campaign=tracked_artist&#038;utm_content=ZD0yNDYxMjg2JnU9MTM3MjI4MTU5&#038;utm_medium=feed&#038;utm_source=ical<\/a><\/p><\/div><\/div>\t\t\t\t\t\t\t\t\t\t\t\t\t\t<\/li>\n\t\t\t\t\t\t\t\t\t\t\t\t\t\t\t\t\t\t\t\t\t\t\t\t<\/ul>\n\t\t\t\t\t\t\t\t\t\t\t\t\t\t\t\t\t\t<\/td>\n\t\t\t\t\t\t\t\t<\/tr><tr>\t\t\t\t\t\t\t\t<td data-dow=\"1\" data-events-count=\"0\" data-feed-keys=\"\" class=\"future empty d_30 dow_1\">\n\t\t\t\t\t\t\t\t\t<div class=\"day\">\n\t\t\t\t\t\t\t\t\t\t\t\t\t\t\t\t\t\t\t\t\t<span class=\"phone_only\" id=\"r6a97dccace13c5d-20270830\"><span data-date-format=\"l\">Monday<\/span> <span data-date-format=\"F\">August<\/span> <span data-date-format=\"j\">30<\/span><\/span>\n\t\t\t\t\t\t\t\t\t\t\t<span class=\"no_phone\" aria-hidden=\"true\">30<\/span>\n\t\t\t\t\t\t\t\t\t\t\t\t\t\t\t\t\t\t\t\t<\/div>\n\t\t\t\t\t\t\t\t\t\t\t\t\t\t\t\t\t<\/td>\n\t\t\t\t\t\t\t\t\t\t\t\t\t\t\t\t<td data-dow=\"2\" data-events-count=\"0\" data-feed-keys=\"\" class=\"future empty d_31 dow_2\">\n\t\t\t\t\t\t\t\t\t<div class=\"day\">\n\t\t\t\t\t\t\t\t\t\t\t\t\t\t\t\t\t\t\t\t\t<span class=\"phone_only\" id=\"r6a97dccace13c5d-20270831\"><span data-date-format=\"l\">Tuesday<\/span> <span data-date-format=\"F\">August<\/span> <span data-date-format=\"j\">31<\/span><\/span>\n\t\t\t\t\t\t\t\t\t\t\t<span class=\"no_phone\" aria-hidden=\"true\">31<\/span>\n\t\t\t\t\t\t\t\t\t\t\t\t\t\t\t\t\t\t\t\t<\/div>\n\t\t\t\t\t\t\t\t\t\t\t\t\t\t\t\t\t<\/td>\n\t\t\t\t\t\t\t\t\t\t\t\t\t\t\t\t<td class=\"off\" data-dow=\"3\"><\/td>\n\t\t\t\t\t\t\t\t\t\t\t\t\t\t\t\t<td class=\"off\" data-dow=\"4\"><\/td>\n\t\t\t\t\t\t\t\t\t\t\t\t\t\t\t\t<td class=\"off\" data-dow=\"5\"><\/td>\n\t\t\t\t\t\t\t\t\t\t\t\t\t\t\t\t<td class=\"off\" data-dow=\"6\"><\/td>\n\t\t\t\t\t\t\t\t\t\t\t\t\t\t\t\t<td class=\"off\" data-dow=\"0\"><\/td>\n\t\t\t\t\t\t\t\t\t\t\t\t\t\t<\/tr>\n\t\t\t\t\t<\/tbody>\n\t\t\t\t<\/table>\n\n\t\t\t\t\n\t\t\t<\/article>\n\t\t\t\n<\/section>\n<div class=\"wp-block-uagb-container uagb-block-250af104 alignfull uagb-is-root-container\"><div class=\"uagb-container-inner-blocks-wrap\"><div class=\"wp-block-uagb-separator uagb-block-cbc1c7f5\"><div class=\"uagb-separator-spacing-wrapper\"><div class=\"wp-block-uagb-separator__inner\" style=\"--my-background-image:\"><\/div><\/div><\/div>\n\n<h2 class=\"wp-block-heading has-text-align-center\">Reggae Playlists<\/h2>\n\n<div style=\"height:30px\" aria-hidden=\"true\" class=\"wp-block-spacer\"><\/div>\n\n<div class=\"wp-block-uagb-post-grid uagb-post-grid  uagb-post__image-position-top uagb-post__image-enabled uagb-block-5d6a6343     uagb-post__items uagb-post__columns-3 is-grid uagb-post__columns-tablet-2 uagb-post__columns-mobile-1 uagb-post__equal-height\" data-total=\"6\" style=\"\">\n\n\t\t\t\t\t\t\t\t\t\t\t\t<article class=\"uagb-post__inner-wrap\">\t\t\t\t\t\t\t\t<div class='uagb-post__image'>\n\t\t\t\t\t\t\t\t\t<a href=\"https:\/\/iriediary.net\/en\/hey-there-groovy-souls-and-reggae-aficionados\" target=\"_self\" rel=\"bookmark noopener noreferrer\" class='uagb-image-ratio-inherit'><img loading=\"lazy\" decoding=\"async\" width=\"768\" height=\"768\" src=\"https:\/\/iriediary.net\/wp-content\/uploads\/2023\/10\/spotify9-23.jpg\" class=\"attachment-large size-large\" alt=\"\" srcset=\"https:\/\/iriediary.net\/wp-content\/uploads\/2023\/10\/spotify9-23.jpg 768w, https:\/\/iriediary.net\/wp-content\/uploads\/2023\/10\/spotify9-23-300x300.jpg 300w, https:\/\/iriediary.net\/wp-content\/uploads\/2023\/10\/spotify9-23-12x12.jpg 12w\" sizes=\"auto, (max-width: 768px) 100vw, 768px\" \/>\t\t\t\t\t<\/a>\n\t\t\t\t\t\t\t<\/div>\n\t\t\t\t\t\t<h4 class=\"uagb-post__title uagb-post__text\">\n\t\t\t\t<a href=\"https:\/\/iriediary.net\/en\/hey-there-groovy-souls-and-reggae-aficionados\" target=\"_self\" rel=\"bookmark noopener noreferrer\">RELEASED! Sept &#8217;23<\/a>\n\t\t\t<\/h4>\n\t\t\t\t\t\t<div class='uagb-post__text uagb-post-grid-byline'>\n\t\t\t\t\t\t\t\t<time datetime=\"2023-10-09T18:36:29+00:00\" class=\"uagb-post__date\">\n\t\t\t\t<span class=\"dashicons-calendar dashicons\"><\/span>\t\t\t\t\tOctober 9, 2023\t\t\t\t<\/time>\n\t\t\t\t\t\t\t<span class=\"uagb-post__comment\">\n\t\t\t\t<span class=\"dashicons-admin-comments dashicons\"><\/span>\t\t\t\t\tNo Comments\t\t\t\t<\/span>\n\t\t\t\t\t\t<\/div>\n\t\t\t\t\t\t\t<div class='uagb-post__text uagb-post__excerpt'>\n\t\t\t\t\t<p>Hey there, groovy souls and reggae aficionados! As the leaves start to turn and the&#8230;\t\t\t\t<\/div>\n\t\t\t\t\t\t<div class=\"uagb-post__text uagb-post__cta wp-block-button\">\n\t\t\t\t<a class=\"wp-block-button__link uagb-text-link\" style=\"\" href=\"https:\/\/iriediary.net\/en\/hey-there-groovy-souls-and-reggae-aficionados\" target=\"_self\" rel=\"bookmark noopener noreferrer\">Read More<\/a>\n\t\t\t<\/div>\n\t\t\t\n\t\t\t\t\t\t\t\t\t<\/article>\n\t\t\t\t\t\t\t\t\t\t\t\t\t\t\t\t<article class=\"uagb-post__inner-wrap\">\t\t\t\t\t\t\t\t<div class='uagb-post__image'>\n\t\t\t\t\t\t\t\t\t<a href=\"https:\/\/iriediary.net\/en\/released-august-23\" target=\"_self\" rel=\"bookmark noopener noreferrer\" class='uagb-image-ratio-inherit'><img loading=\"lazy\" decoding=\"async\" width=\"768\" height=\"768\" src=\"https:\/\/iriediary.net\/wp-content\/uploads\/2023\/08\/spotify-8-23.jpg\" class=\"attachment-large size-large\" alt=\"\" srcset=\"https:\/\/iriediary.net\/wp-content\/uploads\/2023\/08\/spotify-8-23.jpg 768w, https:\/\/iriediary.net\/wp-content\/uploads\/2023\/08\/spotify-8-23-300x300.jpg 300w, https:\/\/iriediary.net\/wp-content\/uploads\/2023\/08\/spotify-8-23-12x12.jpg 12w\" sizes=\"auto, (max-width: 768px) 100vw, 768px\" \/>\t\t\t\t\t<\/a>\n\t\t\t\t\t\t\t<\/div>\n\t\t\t\t\t\t<h4 class=\"uagb-post__title uagb-post__text\">\n\t\t\t\t<a href=\"https:\/\/iriediary.net\/en\/released-august-23\" target=\"_self\" rel=\"bookmark noopener noreferrer\">RELEASED! August &#8217;23<\/a>\n\t\t\t<\/h4>\n\t\t\t\t\t\t<div class='uagb-post__text uagb-post-grid-byline'>\n\t\t\t\t\t\t\t\t<time datetime=\"2023-08-27T20:01:48+00:00\" class=\"uagb-post__date\">\n\t\t\t\t<span class=\"dashicons-calendar dashicons\"><\/span>\t\t\t\t\tAugust 27, 2023\t\t\t\t<\/time>\n\t\t\t\t\t\t\t<span class=\"uagb-post__comment\">\n\t\t\t\t<span class=\"dashicons-admin-comments dashicons\"><\/span>\t\t\t\t\tNo Comments\t\t\t\t<\/span>\n\t\t\t\t\t\t<\/div>\n\t\t\t\t\t\t\t<div class='uagb-post__text uagb-post__excerpt'>\n\t\t\t\t\t<p>Awesome new sounds out there! Here are my favourits, which are yours? Music is such&#8230;\t\t\t\t<\/div>\n\t\t\t\t\t\t<div class=\"uagb-post__text uagb-post__cta wp-block-button\">\n\t\t\t\t<a class=\"wp-block-button__link uagb-text-link\" style=\"\" href=\"https:\/\/iriediary.net\/en\/released-august-23\" target=\"_self\" rel=\"bookmark noopener noreferrer\">Read More<\/a>\n\t\t\t<\/div>\n\t\t\t\n\t\t\t\t\t\t\t\t\t<\/article>\n\t\t\t\t\t\t\t\t\t\t\t\t\t\t\t\t<article class=\"uagb-post__inner-wrap\">\t\t\t\t\t\t\t\t<div class='uagb-post__image'>\n\t\t\t\t\t\t\t\t\t<a href=\"https:\/\/iriediary.net\/en\/released-may-23\" target=\"_self\" rel=\"bookmark noopener noreferrer\" class='uagb-image-ratio-inherit'><img loading=\"lazy\" decoding=\"async\" width=\"768\" height=\"768\" src=\"https:\/\/iriediary.net\/wp-content\/uploads\/2023\/07\/spotify05-23.jpg\" class=\"attachment-large size-large\" alt=\"\" srcset=\"https:\/\/iriediary.net\/wp-content\/uploads\/2023\/07\/spotify05-23.jpg 768w, https:\/\/iriediary.net\/wp-content\/uploads\/2023\/07\/spotify05-23-300x300.jpg 300w\" sizes=\"auto, (max-width: 768px) 100vw, 768px\" \/>\t\t\t\t\t<\/a>\n\t\t\t\t\t\t\t<\/div>\n\t\t\t\t\t\t<h4 class=\"uagb-post__title uagb-post__text\">\n\t\t\t\t<a href=\"https:\/\/iriediary.net\/en\/released-may-23\" target=\"_self\" rel=\"bookmark noopener noreferrer\">RELEASED! May &#8217;23<\/a>\n\t\t\t<\/h4>\n\t\t\t\t\t\t<div class='uagb-post__text uagb-post-grid-byline'>\n\t\t\t\t\t\t\t\t<time datetime=\"2023-06-01T14:45:00+00:00\" class=\"uagb-post__date\">\n\t\t\t\t<span class=\"dashicons-calendar dashicons\"><\/span>\t\t\t\t\tJune 1, 2023\t\t\t\t<\/time>\n\t\t\t\t\t\t\t<span class=\"uagb-post__comment\">\n\t\t\t\t<span class=\"dashicons-admin-comments dashicons\"><\/span>\t\t\t\t\tNo Comments\t\t\t\t<\/span>\n\t\t\t\t\t\t<\/div>\n\t\t\t\t\t\t\t<div class='uagb-post__text uagb-post__excerpt'>\n\t\t\t\t\t<p>As we step into the sunny vibes of May 2023, it&#8217;s time to unveil our&#8230;\t\t\t\t<\/div>\n\t\t\t\t\t\t<div class=\"uagb-post__text uagb-post__cta wp-block-button\">\n\t\t\t\t<a class=\"wp-block-button__link uagb-text-link\" style=\"\" href=\"https:\/\/iriediary.net\/en\/released-may-23\" target=\"_self\" rel=\"bookmark noopener noreferrer\">Read More<\/a>\n\t\t\t<\/div>\n\t\t\t\n\t\t\t\t\t\t\t\t\t<\/article>\n\t\t\t\t\t\t\t\t\t\t\t\t\t\t\t\t<article class=\"uagb-post__inner-wrap\">\t\t\t\t\t\t\t\t<div class='uagb-post__image'>\n\t\t\t\t\t\t\t\t\t<a href=\"https:\/\/iriediary.net\/en\/released-april-23-reggae-releases\" target=\"_self\" rel=\"bookmark noopener noreferrer\" class='uagb-image-ratio-inherit'><img loading=\"lazy\" decoding=\"async\" width=\"768\" height=\"768\" src=\"https:\/\/iriediary.net\/wp-content\/uploads\/2023\/07\/spotify04-23.jpg\" class=\"attachment-large size-large\" alt=\"\" srcset=\"https:\/\/iriediary.net\/wp-content\/uploads\/2023\/07\/spotify04-23.jpg 768w, https:\/\/iriediary.net\/wp-content\/uploads\/2023\/07\/spotify04-23-300x300.jpg 300w\" sizes=\"auto, (max-width: 768px) 100vw, 768px\" \/>\t\t\t\t\t<\/a>\n\t\t\t\t\t\t\t<\/div>\n\t\t\t\t\t\t<h4 class=\"uagb-post__title uagb-post__text\">\n\t\t\t\t<a href=\"https:\/\/iriediary.net\/en\/released-april-23-reggae-releases\" target=\"_self\" rel=\"bookmark noopener noreferrer\">RELEASED! April &#8217;23<\/a>\n\t\t\t<\/h4>\n\t\t\t\t\t\t<div class='uagb-post__text uagb-post-grid-byline'>\n\t\t\t\t\t\t\t\t<time datetime=\"2023-04-30T21:10:00+00:00\" class=\"uagb-post__date\">\n\t\t\t\t<span class=\"dashicons-calendar dashicons\"><\/span>\t\t\t\t\tApril 30, 2023\t\t\t\t<\/time>\n\t\t\t\t\t\t\t<span class=\"uagb-post__comment\">\n\t\t\t\t<span class=\"dashicons-admin-comments dashicons\"><\/span>\t\t\t\t\tNo Comments\t\t\t\t<\/span>\n\t\t\t\t\t\t<\/div>\n\t\t\t\t\t\t\t<div class='uagb-post__text uagb-post__excerpt'>\n\t\t\t\t\t<p>Some of the wonderful vibez of April &#8217;23. Get ready to dive into a world&#8230;\t\t\t\t<\/div>\n\t\t\t\t\t\t<div class=\"uagb-post__text uagb-post__cta wp-block-button\">\n\t\t\t\t<a class=\"wp-block-button__link uagb-text-link\" style=\"\" href=\"https:\/\/iriediary.net\/en\/released-april-23-reggae-releases\" target=\"_self\" rel=\"bookmark noopener noreferrer\">Read More<\/a>\n\t\t\t<\/div>\n\t\t\t\n\t\t\t\t\t\t\t\t\t<\/article>\n\t\t\t\t\t\t\t\t\t\t\t\t\t\t\t\t<article class=\"uagb-post__inner-wrap\">\t\t\t\t\t\t\t\t<div class='uagb-post__image'>\n\t\t\t\t\t\t\t\t\t<a href=\"https:\/\/iriediary.net\/en\/released-march-23\" target=\"_self\" rel=\"bookmark noopener noreferrer\" class='uagb-image-ratio-inherit'><img loading=\"lazy\" decoding=\"async\" width=\"768\" height=\"768\" src=\"https:\/\/iriediary.net\/wp-content\/uploads\/2023\/03\/spotify03-23.jpg\" class=\"attachment-large size-large\" alt=\"\" srcset=\"https:\/\/iriediary.net\/wp-content\/uploads\/2023\/03\/spotify03-23.jpg 768w, https:\/\/iriediary.net\/wp-content\/uploads\/2023\/03\/spotify03-23-300x300.jpg 300w\" sizes=\"auto, (max-width: 768px) 100vw, 768px\" \/>\t\t\t\t\t<\/a>\n\t\t\t\t\t\t\t<\/div>\n\t\t\t\t\t\t<h4 class=\"uagb-post__title uagb-post__text\">\n\t\t\t\t<a href=\"https:\/\/iriediary.net\/en\/released-march-23\" target=\"_self\" rel=\"bookmark noopener noreferrer\">RELEASED! March &#8217;23<\/a>\n\t\t\t<\/h4>\n\t\t\t\t\t\t<div class='uagb-post__text uagb-post-grid-byline'>\n\t\t\t\t\t\t\t\t<time datetime=\"2023-03-31T14:04:00+00:00\" class=\"uagb-post__date\">\n\t\t\t\t<span class=\"dashicons-calendar dashicons\"><\/span>\t\t\t\t\tMarch 31, 2023\t\t\t\t<\/time>\n\t\t\t\t\t\t\t<span class=\"uagb-post__comment\">\n\t\t\t\t<span class=\"dashicons-admin-comments dashicons\"><\/span>\t\t\t\t\tNo Comments\t\t\t\t<\/span>\n\t\t\t\t\t\t<\/div>\n\t\t\t\t\t\t\t<div class='uagb-post__text uagb-post__excerpt'>\n\t\t\t\t\t<p>Welcome to our handpicked collection of the hottest reggae releases from March. Get ready to&#8230;\t\t\t\t<\/div>\n\t\t\t\t\t\t<div class=\"uagb-post__text uagb-post__cta wp-block-button\">\n\t\t\t\t<a class=\"wp-block-button__link uagb-text-link\" style=\"\" href=\"https:\/\/iriediary.net\/en\/released-march-23\" target=\"_self\" rel=\"bookmark noopener noreferrer\">Read More<\/a>\n\t\t\t<\/div>\n\t\t\t\n\t\t\t\t\t\t\t\t\t<\/article>\n\t\t\t\t\t\t\t\t\t\t\t\t\t\t\t\t<article class=\"uagb-post__inner-wrap\">\t\t\t\t\t\t\t\t<div class='uagb-post__image'>\n\t\t\t\t\t\t\t\t\t<a href=\"https:\/\/iriediary.net\/en\/7156-2\" target=\"_self\" rel=\"bookmark noopener noreferrer\" class='uagb-image-ratio-inherit'><img loading=\"lazy\" decoding=\"async\" width=\"1152\" height=\"1152\" src=\"https:\/\/iriediary.net\/wp-content\/uploads\/2023\/02\/irie-diary-reggae-award1.jpg\" class=\"attachment-large size-large\" alt=\"\" srcset=\"https:\/\/iriediary.net\/wp-content\/uploads\/2023\/02\/irie-diary-reggae-award1.jpg 1152w, https:\/\/iriediary.net\/wp-content\/uploads\/2023\/02\/irie-diary-reggae-award1-800x800.jpg 800w, https:\/\/iriediary.net\/wp-content\/uploads\/2023\/02\/irie-diary-reggae-award1-300x300.jpg 300w, https:\/\/iriediary.net\/wp-content\/uploads\/2023\/02\/irie-diary-reggae-award1-768x768.jpg 768w\" sizes=\"auto, (max-width: 1152px) 100vw, 1152px\" \/>\t\t\t\t\t<\/a>\n\t\t\t\t\t\t\t<\/div>\n\t\t\t\t\t\t<h4 class=\"uagb-post__title uagb-post__text\">\n\t\t\t\t<a href=\"https:\/\/iriediary.net\/en\/7156-2\" target=\"_self\" rel=\"bookmark noopener noreferrer\">101 Songs that made my 2022<\/a>\n\t\t\t<\/h4>\n\t\t\t\t\t\t<div class='uagb-post__text uagb-post-grid-byline'>\n\t\t\t\t\t\t\t\t<time datetime=\"2023-02-09T11:51:30+00:00\" class=\"uagb-post__date\">\n\t\t\t\t<span class=\"dashicons-calendar dashicons\"><\/span>\t\t\t\t\tFebruary 9, 2023\t\t\t\t<\/time>\n\t\t\t\t\t\t\t<span class=\"uagb-post__comment\">\n\t\t\t\t<span class=\"dashicons-admin-comments dashicons\"><\/span>\t\t\t\t\tNo Comments\t\t\t\t<\/span>\n\t\t\t\t\t\t<\/div>\n\t\t\t\t\t\t\t<div class='uagb-post__text uagb-post__excerpt'>\n\t\t\t\t\t<p>Fulljoy!What a ride, last year was. It&#8217;s like a diary to listen to those songs&#8230;\t\t\t\t<\/div>\n\t\t\t\t\t\t<div class=\"uagb-post__text uagb-post__cta wp-block-button\">\n\t\t\t\t<a class=\"wp-block-button__link uagb-text-link\" style=\"\" href=\"https:\/\/iriediary.net\/en\/7156-2\" target=\"_self\" rel=\"bookmark noopener noreferrer\">Read More<\/a>\n\t\t\t<\/div>\n\t\t\t\n\t\t\t\t\t\t\t\t\t<\/article>\n\t\t\t\t\t\t\t\t\t\t\t<\/div><\/div><\/div><div class=\"wp-block-uagb-separator uagb-block-b87d485c\"><div class=\"uagb-separator-spacing-wrapper\"><div class=\"wp-block-uagb-separator__inner\" style=\"--my-background-image:\"><\/div><\/div><\/div><h2 class=\"wp-block-heading has-text-align-center\">Photo Galery<\/h2><div style=\"height:30px\" aria-hidden=\"true\" class=\"wp-block-spacer\"><\/div><div class=\"wp-block-uagb-container uagb-block-acad8aad alignfull uagb-is-root-container\"><div class=\"uagb-container-inner-blocks-wrap\"><style>\r\n                #foogallery-gallery-4975.fg-masonry .fg-item {\r\n                    width: 400px;\r\n                    margin-right: 10px;\r\n                    margin-bottom: 10px;\r\n                }\r\n\t\t\t<\/style>\r\n\t\t\t<div class=\"foogallery foogallery-container foogallery-masonry foogallery-lightbox-foogallery fg-center fg-masonry fg-dark fg-border-thin fg-shadow-small fg-loading-default fg-loaded-fade-in fg-captions-bottom fg-hover-fade fg-hover-plus fg-ready fg-fixed\" id=\"foogallery-gallery-4975\" data-foogallery=\"{&quot;item&quot;:{&quot;showCaptionTitle&quot;:true,&quot;showCaptionDescription&quot;:true},&quot;lazy&quot;:true,&quot;template&quot;:{&quot;columnWidth&quot;:400,&quot;gutter&quot;:10}}\" data-foogallery-lightbox=\"{&quot;thumbs&quot;:&quot;bottom&quot;,&quot;thumbsCaptions&quot;:false,&quot;thumbsBestFit&quot;:false,&quot;thumbsSmall&quot;:false,&quot;thumbsCaptionsAlign&quot;:&quot;default&quot;,&quot;info&quot;:&quot;bottom&quot;,&quot;infoVisible&quot;:true,&quot;infoOverlay&quot;:true,&quot;infoAlign&quot;:&quot;default&quot;,&quot;transition&quot;:&quot;fade&quot;,&quot;hoverButtons&quot;:false,&quot;fitMedia&quot;:false,&quot;noScrollbars&quot;:true,&quot;preserveButtonSpace&quot;:true,&quot;buttons&quot;:{&quot;fullscreen&quot;:true,&quot;info&quot;:true,&quot;thumbs&quot;:false},&quot;video&quot;:{&quot;autoPlay&quot;:true}}\" >\r\n\t\t<div class=\"fg-item fg-type-image fg-idle\"><figure class=\"fg-item-inner\"><a href=\"https:\/\/iriediary.net\/wp-content\/uploads\/2016\/08\/randyvalentine4.jpg\" data-caption-title=\"Randy Valentine @ Keep It Real Festival, Pfullendorf\" data-attachment-id=\"762\" data-type=\"image\" class=\"fg-thumb\"><span class=\"fg-image-wrap\"><img fetchpriority=\"high\" decoding=\"async\" title=\"Randy Valentine @ Keep It Real Festival, Pfullendorf\" width=\"400\" height=\"163\" class=\"skip-lazy fg-image\" data-src-fg=\"https:\/\/iriediary.net\/wp-content\/uploads\/cache\/2016\/08\/randyvalentine4\/57433081.jpg\" src=\"data:image\/svg+xml,%3Csvg%20xmlns%3D%22http%3A%2F%2Fwww.w3.org%2F2000%2Fsvg%22%20width%3D%22400%22%20height%3D%22163%22%20viewBox%3D%220%200%20400%20163%22%3E%3C%2Fsvg%3E\" loading=\"eager\"><\/span><span class=\"fg-image-overlay\"><\/span><\/a><figcaption class=\"fg-caption\"><div class=\"fg-caption-inner\"><div class=\"fg-caption-title\">Randy Valentine @ Keep It Real Festival, Pfullendorf<\/div><\/div><\/figcaption><\/figure><div class=\"fg-loader\"><\/div><\/div><div class=\"fg-item fg-type-image fg-idle\"><figure class=\"fg-item-inner\"><a href=\"https:\/\/iriediary.net\/wp-content\/uploads\/2016\/08\/keepitreal4-1.jpg\" data-caption-title=\"Konshens @ Keep It Real Festival, Pfullendorf\" data-attachment-id=\"810\" data-type=\"image\" class=\"fg-thumb\"><span class=\"fg-image-wrap\"><img decoding=\"async\" title=\"Konshens @ Keep It Real Festival, Pfullendorf\" width=\"400\" height=\"267\" class=\"skip-lazy fg-image\" data-src-fg=\"https:\/\/iriediary.net\/wp-content\/uploads\/cache\/2016\/08\/keepitreal4-1\/1076619443.jpg\" src=\"data:image\/svg+xml,%3Csvg%20xmlns%3D%22http%3A%2F%2Fwww.w3.org%2F2000%2Fsvg%22%20width%3D%22400%22%20height%3D%22267%22%20viewBox%3D%220%200%20400%20267%22%3E%3C%2Fsvg%3E\" loading=\"eager\"><\/span><span class=\"fg-image-overlay\"><\/span><\/a><figcaption class=\"fg-caption\"><div class=\"fg-caption-inner\"><div class=\"fg-caption-title\">Konshens @ Keep It Real Festival, Pfullendorf<\/div><\/div><\/figcaption><\/figure><div class=\"fg-loader\"><\/div><\/div><div class=\"fg-item fg-type-image fg-idle\"><figure class=\"fg-item-inner\"><a href=\"https:\/\/iriediary.net\/wp-content\/uploads\/2016\/08\/alaine-dean-fraser-1.jpg\" data-caption-title=\"Alaine, Dean Fraser @ Keep It Real Festival, Pfullendorf\" data-attachment-id=\"855\" data-type=\"image\" class=\"fg-thumb\"><span class=\"fg-image-wrap\"><img decoding=\"async\" title=\"Alaine, Dean Fraser @ Keep It Real Festival, Pfullendorf\" width=\"400\" height=\"613\" class=\"skip-lazy fg-image\" data-src-fg=\"https:\/\/iriediary.net\/wp-content\/uploads\/cache\/2016\/08\/alaine-dean-fraser-1\/3914674174.jpg\" src=\"data:image\/svg+xml,%3Csvg%20xmlns%3D%22http%3A%2F%2Fwww.w3.org%2F2000%2Fsvg%22%20width%3D%22400%22%20height%3D%22613%22%20viewBox%3D%220%200%20400%20613%22%3E%3C%2Fsvg%3E\" loading=\"eager\"><\/span><span class=\"fg-image-overlay\"><\/span><\/a><figcaption class=\"fg-caption\"><div class=\"fg-caption-inner\"><div class=\"fg-caption-title\">Alaine, Dean Fraser @ Keep It Real Festival, Pfullendorf<\/div><\/div><\/figcaption><\/figure><div class=\"fg-loader\"><\/div><\/div><div class=\"fg-item fg-type-image fg-idle\"><figure class=\"fg-item-inner\"><a href=\"https:\/\/iriediary.net\/wp-content\/uploads\/2016\/07\/akua_naru5.jpg\" data-caption-title=\"Akua Naru @ Summerjam, K\u00f6ln\" data-attachment-id=\"585\" data-type=\"image\" class=\"fg-thumb\"><span class=\"fg-image-wrap\"><img decoding=\"async\" title=\"Akua Naru @ Summerjam, K\u00f6ln\" width=\"400\" height=\"470\" class=\"skip-lazy fg-image\" data-src-fg=\"https:\/\/iriediary.net\/wp-content\/uploads\/cache\/2016\/07\/akua_naru5\/3411751040.jpg\" src=\"data:image\/svg+xml,%3Csvg%20xmlns%3D%22http%3A%2F%2Fwww.w3.org%2F2000%2Fsvg%22%20width%3D%22400%22%20height%3D%22470%22%20viewBox%3D%220%200%20400%20470%22%3E%3C%2Fsvg%3E\" loading=\"eager\"><\/span><span class=\"fg-image-overlay\"><\/span><\/a><figcaption class=\"fg-caption\"><div class=\"fg-caption-inner\"><div class=\"fg-caption-title\">Akua Naru @ Summerjam, K\u00f6ln<\/div><\/div><\/figcaption><\/figure><div class=\"fg-loader\"><\/div><\/div><div class=\"fg-item fg-type-image fg-idle\"><figure class=\"fg-item-inner\"><a href=\"https:\/\/iriediary.net\/wp-content\/uploads\/2016\/12\/no-madzz-7.jpg\" data-caption-title=\"No Madzz @ Rote Fabrik, Z\u00fcrich\" data-attachment-id=\"1293\" data-type=\"image\" class=\"fg-thumb\"><span class=\"fg-image-wrap\"><img decoding=\"async\" title=\"No Madzz @ Rote Fabrik, Z\u00fcrich\" width=\"400\" height=\"267\" class=\"skip-lazy fg-image\" data-src-fg=\"https:\/\/iriediary.net\/wp-content\/uploads\/cache\/2016\/12\/no-madzz-7\/4092292838.jpg\" src=\"data:image\/svg+xml,%3Csvg%20xmlns%3D%22http%3A%2F%2Fwww.w3.org%2F2000%2Fsvg%22%20width%3D%22400%22%20height%3D%22267%22%20viewBox%3D%220%200%20400%20267%22%3E%3C%2Fsvg%3E\" loading=\"eager\"><\/span><span class=\"fg-image-overlay\"><\/span><\/a><figcaption class=\"fg-caption\"><div class=\"fg-caption-inner\"><div class=\"fg-caption-title\">No Madzz @ Rote Fabrik, Z\u00fcrich<\/div><\/div><\/figcaption><\/figure><div class=\"fg-loader\"><\/div><\/div><div class=\"fg-item fg-type-image fg-idle\"><figure class=\"fg-item-inner\"><a href=\"https:\/\/iriediary.net\/wp-content\/uploads\/2017\/11\/delle2-e1511477582765.jpg\" data-caption-title=\"Dell\u00e9 @ Afrikaba Festival, Emmendingen\" data-attachment-id=\"1680\" data-type=\"image\" class=\"fg-thumb\"><span class=\"fg-image-wrap\"><img decoding=\"async\" title=\"Dell\u00e9 @ Afrikaba Festival, Emmendingen\" width=\"400\" height=\"533\" class=\"skip-lazy fg-image\" data-src-fg=\"https:\/\/iriediary.net\/wp-content\/uploads\/cache\/2017\/11\/delle2-e1511477582765\/118107486.jpg\" src=\"data:image\/svg+xml,%3Csvg%20xmlns%3D%22http%3A%2F%2Fwww.w3.org%2F2000%2Fsvg%22%20width%3D%22400%22%20height%3D%22533%22%20viewBox%3D%220%200%20400%20533%22%3E%3C%2Fsvg%3E\" loading=\"eager\"><\/span><span class=\"fg-image-overlay\"><\/span><\/a><figcaption class=\"fg-caption\"><div class=\"fg-caption-inner\"><div class=\"fg-caption-title\">Dell\u00e9 @ Afrikaba Festival, Emmendingen<\/div><\/div><\/figcaption><\/figure><div class=\"fg-loader\"><\/div><\/div><div class=\"fg-item fg-type-image fg-idle\"><figure class=\"fg-item-inner\"><a href=\"https:\/\/iriediary.net\/wp-content\/uploads\/2018\/04\/Randy_Valentine2.jpg\" data-caption-title=\"Randy Valentine @ Grabenhalle, St. Gallen\" data-attachment-id=\"1852\" data-type=\"image\" class=\"fg-thumb\"><span class=\"fg-image-wrap\"><img decoding=\"async\" title=\"Randy Valentine @ Grabenhalle, St. Gallen\" width=\"400\" height=\"267\" class=\"skip-lazy fg-image\" data-src-fg=\"https:\/\/iriediary.net\/wp-content\/uploads\/cache\/2018\/04\/Randy_Valentine2\/3131167423.jpg\" src=\"data:image\/svg+xml,%3Csvg%20xmlns%3D%22http%3A%2F%2Fwww.w3.org%2F2000%2Fsvg%22%20width%3D%22400%22%20height%3D%22267%22%20viewBox%3D%220%200%20400%20267%22%3E%3C%2Fsvg%3E\" loading=\"eager\"><\/span><span class=\"fg-image-overlay\"><\/span><\/a><figcaption class=\"fg-caption\"><div class=\"fg-caption-inner\"><div class=\"fg-caption-title\">Randy Valentine @ Grabenhalle, St. Gallen<\/div><\/div><\/figcaption><\/figure><div class=\"fg-loader\"><\/div><\/div><div class=\"fg-item fg-type-image fg-idle\"><figure class=\"fg-item-inner\"><a href=\"https:\/\/iriediary.net\/wp-content\/uploads\/2018\/07\/AnthonyB.jpg\" data-caption-title=\"Anthony B @ Royal Sound Night, Feldkirch\" data-attachment-id=\"1956\" data-type=\"image\" class=\"fg-thumb\"><span class=\"fg-image-wrap\"><img decoding=\"async\" title=\"Anthony B @ Royal Sound Night, Feldkirch\" width=\"400\" height=\"268\" class=\"skip-lazy fg-image\" data-src-fg=\"https:\/\/iriediary.net\/wp-content\/uploads\/cache\/2018\/07\/AnthonyB\/3371915116.jpg\" src=\"data:image\/svg+xml,%3Csvg%20xmlns%3D%22http%3A%2F%2Fwww.w3.org%2F2000%2Fsvg%22%20width%3D%22400%22%20height%3D%22268%22%20viewBox%3D%220%200%20400%20268%22%3E%3C%2Fsvg%3E\" loading=\"eager\"><\/span><span class=\"fg-image-overlay\"><\/span><\/a><figcaption class=\"fg-caption\"><div class=\"fg-caption-inner\"><div class=\"fg-caption-title\">Anthony B @ Royal Sound Night, Feldkirch<\/div><\/div><\/figcaption><\/figure><div class=\"fg-loader\"><\/div><\/div><div class=\"fg-item fg-type-image fg-idle\"><figure class=\"fg-item-inner\"><a href=\"https:\/\/iriediary.net\/wp-content\/uploads\/2018\/07\/Soundsystem.jpg\" data-caption-title=\"Soundsystem @ Royal Sound Night, Feldkirch\" data-attachment-id=\"1959\" data-type=\"image\" class=\"fg-thumb\"><span class=\"fg-image-wrap\"><img decoding=\"async\" title=\"Soundsystem @ Royal Sound Night, Feldkirch\" width=\"400\" height=\"267\" class=\"skip-lazy fg-image\" data-src-fg=\"https:\/\/iriediary.net\/wp-content\/uploads\/cache\/2018\/07\/Soundsystem\/2287529734.jpg\" src=\"data:image\/svg+xml,%3Csvg%20xmlns%3D%22http%3A%2F%2Fwww.w3.org%2F2000%2Fsvg%22%20width%3D%22400%22%20height%3D%22267%22%20viewBox%3D%220%200%20400%20267%22%3E%3C%2Fsvg%3E\" loading=\"eager\"><\/span><span class=\"fg-image-overlay\"><\/span><\/a><figcaption class=\"fg-caption\"><div class=\"fg-caption-inner\"><div class=\"fg-caption-title\">Soundsystem @ Royal Sound Night, Feldkirch<\/div><\/div><\/figcaption><\/figure><div class=\"fg-loader\"><\/div><\/div><div class=\"fg-item fg-type-image fg-idle\"><figure class=\"fg-item-inner\"><a href=\"https:\/\/iriediary.net\/wp-content\/uploads\/2018\/07\/klubkatell.jpg\" data-caption-title=\"Sebastian Sturm, Ganjaman, Dell\u00e9, Jahcoustix @ Royal Sound Night, Feldkirch\" data-attachment-id=\"1954\" data-type=\"image\" class=\"fg-thumb\"><span class=\"fg-image-wrap\"><img decoding=\"async\" title=\"Sebastian Sturm, Ganjaman, Dell\u00e9, Jahcoustix @ Royal Sound Night, Feldkirch\" width=\"400\" height=\"267\" class=\"skip-lazy fg-image\" data-src-fg=\"https:\/\/iriediary.net\/wp-content\/uploads\/cache\/2018\/07\/klubkatell\/544082793.jpg\" src=\"data:image\/svg+xml,%3Csvg%20xmlns%3D%22http%3A%2F%2Fwww.w3.org%2F2000%2Fsvg%22%20width%3D%22400%22%20height%3D%22267%22%20viewBox%3D%220%200%20400%20267%22%3E%3C%2Fsvg%3E\" loading=\"eager\"><\/span><span class=\"fg-image-overlay\"><\/span><\/a><figcaption class=\"fg-caption\"><div class=\"fg-caption-inner\"><div class=\"fg-caption-title\">Sebastian Sturm, Ganjaman, Dell\u00e9, Jahcoustix @ Royal Sound Night, Feldkirch<\/div><\/div><\/figcaption><\/figure><div class=\"fg-loader\"><\/div><\/div><div class=\"fg-item fg-type-image fg-idle\"><figure class=\"fg-item-inner\"><a href=\"https:\/\/iriediary.net\/wp-content\/uploads\/2018\/07\/jahmason.jpg\" data-caption-title=\"Jah Mason @ Sunrise Festival, Burtenbach\" data-attachment-id=\"2015\" data-type=\"image\" class=\"fg-thumb\"><span class=\"fg-image-wrap\"><img decoding=\"async\" title=\"Jah Mason @ Sunrise Festival, Burtenbach\" width=\"400\" height=\"267\" class=\"skip-lazy fg-image\" data-src-fg=\"https:\/\/iriediary.net\/wp-content\/uploads\/cache\/2018\/07\/jahmason\/999013111.jpg\" src=\"data:image\/svg+xml,%3Csvg%20xmlns%3D%22http%3A%2F%2Fwww.w3.org%2F2000%2Fsvg%22%20width%3D%22400%22%20height%3D%22267%22%20viewBox%3D%220%200%20400%20267%22%3E%3C%2Fsvg%3E\" loading=\"eager\"><\/span><span class=\"fg-image-overlay\"><\/span><\/a><figcaption class=\"fg-caption\"><div class=\"fg-caption-inner\"><div class=\"fg-caption-title\">Jah Mason @ Sunrise Festival, Burtenbach<\/div><\/div><\/figcaption><\/figure><div class=\"fg-loader\"><\/div><\/div><div class=\"fg-item fg-type-image fg-idle\"><figure class=\"fg-item-inner\"><a href=\"https:\/\/iriediary.net\/wp-content\/uploads\/2018\/07\/DUB-INC.jpg\" data-caption-title=\"Dub Inc. @ Sunrise Festival, Burtenbach\" data-attachment-id=\"2021\" data-type=\"image\" class=\"fg-thumb\"><span class=\"fg-image-wrap\"><img decoding=\"async\" title=\"Dub Inc. @ Sunrise Festival, Burtenbach\" width=\"400\" height=\"267\" class=\"skip-lazy fg-image\" data-src-fg=\"https:\/\/iriediary.net\/wp-content\/uploads\/cache\/2018\/07\/DUB-INC\/4024181852.jpg\" src=\"data:image\/svg+xml,%3Csvg%20xmlns%3D%22http%3A%2F%2Fwww.w3.org%2F2000%2Fsvg%22%20width%3D%22400%22%20height%3D%22267%22%20viewBox%3D%220%200%20400%20267%22%3E%3C%2Fsvg%3E\" loading=\"eager\"><\/span><span class=\"fg-image-overlay\"><\/span><\/a><figcaption class=\"fg-caption\"><div class=\"fg-caption-inner\"><div class=\"fg-caption-title\">Dub Inc. @ Sunrise Festival, Burtenbach<\/div><\/div><\/figcaption><\/figure><div class=\"fg-loader\"><\/div><\/div><div class=\"fg-item fg-type-image fg-idle\"><figure class=\"fg-item-inner\"><a href=\"https:\/\/iriediary.net\/wp-content\/uploads\/2018\/08\/Capleton1.jpg\" data-caption-title=\"Capelton @ Keep It Real Festival, Pfullendorf\" data-attachment-id=\"2088\" data-type=\"image\" class=\"fg-thumb\"><span class=\"fg-image-wrap\"><img decoding=\"async\" title=\"Capelton @ Keep It Real Festival, Pfullendorf\" width=\"400\" height=\"267\" class=\"skip-lazy fg-image\" data-src-fg=\"https:\/\/iriediary.net\/wp-content\/uploads\/cache\/2018\/08\/Capleton1\/2499622216.jpg\" src=\"data:image\/svg+xml,%3Csvg%20xmlns%3D%22http%3A%2F%2Fwww.w3.org%2F2000%2Fsvg%22%20width%3D%22400%22%20height%3D%22267%22%20viewBox%3D%220%200%20400%20267%22%3E%3C%2Fsvg%3E\" loading=\"eager\"><\/span><span class=\"fg-image-overlay\"><\/span><\/a><figcaption class=\"fg-caption\"><div class=\"fg-caption-inner\"><div class=\"fg-caption-title\">Capelton @ Keep It Real Festival, Pfullendorf<\/div><\/div><\/figcaption><\/figure><div class=\"fg-loader\"><\/div><\/div><div class=\"fg-item fg-type-image fg-idle\"><figure class=\"fg-item-inner\"><a href=\"https:\/\/iriediary.net\/wp-content\/uploads\/2018\/08\/Capleton6.jpg\" data-caption-title=\"Capelton @ Keep It Real Festival, Pfullendorf\" data-caption-desc=\"Capelton @ Keep It Real Festival, Pfullendorf\" data-attachment-id=\"2083\" data-type=\"image\" class=\"fg-thumb\"><span class=\"fg-image-wrap\"><img decoding=\"async\" title=\"Capelton @ Keep It Real Festival, Pfullendorf\" width=\"400\" height=\"267\" class=\"skip-lazy fg-image\" data-src-fg=\"https:\/\/iriediary.net\/wp-content\/uploads\/cache\/2018\/08\/Capleton6\/3070465439.jpg\" src=\"data:image\/svg+xml,%3Csvg%20xmlns%3D%22http%3A%2F%2Fwww.w3.org%2F2000%2Fsvg%22%20width%3D%22400%22%20height%3D%22267%22%20viewBox%3D%220%200%20400%20267%22%3E%3C%2Fsvg%3E\" loading=\"eager\"><\/span><span class=\"fg-image-overlay\"><\/span><\/a><figcaption class=\"fg-caption\"><div class=\"fg-caption-inner\"><div class=\"fg-caption-title\">Capelton @ Keep It Real Festival, Pfullendorf<\/div><div class=\"fg-caption-desc\">Capelton @ Keep It Real Festival, Pfullendorf<\/div><\/div><\/figcaption><\/figure><div class=\"fg-loader\"><\/div><\/div><div class=\"fg-item fg-type-image fg-idle\"><figure class=\"fg-item-inner\"><a href=\"https:\/\/iriediary.net\/wp-content\/uploads\/2018\/08\/KabakaPyramid1.jpg\" data-caption-title=\"Kabaka Pyramid @ Keep It Real Festival, Pfullendorf\" data-attachment-id=\"2094\" data-type=\"image\" class=\"fg-thumb\"><span class=\"fg-image-wrap\"><img decoding=\"async\" title=\"Kabaka Pyramid @ Keep It Real Festival, Pfullendorf\" width=\"400\" height=\"267\" class=\"skip-lazy fg-image\" data-src-fg=\"https:\/\/iriediary.net\/wp-content\/uploads\/cache\/2018\/08\/KabakaPyramid1\/151248750.jpg\" src=\"data:image\/svg+xml,%3Csvg%20xmlns%3D%22http%3A%2F%2Fwww.w3.org%2F2000%2Fsvg%22%20width%3D%22400%22%20height%3D%22267%22%20viewBox%3D%220%200%20400%20267%22%3E%3C%2Fsvg%3E\" loading=\"eager\"><\/span><span class=\"fg-image-overlay\"><\/span><\/a><figcaption class=\"fg-caption\"><div class=\"fg-caption-inner\"><div class=\"fg-caption-title\">Kabaka Pyramid @ Keep It Real Festival, Pfullendorf<\/div><\/div><\/figcaption><\/figure><div class=\"fg-loader\"><\/div><\/div><div class=\"fg-item fg-type-image fg-idle\"><figure class=\"fg-item-inner\"><a href=\"https:\/\/iriediary.net\/wp-content\/uploads\/2018\/08\/KabakaPyramid4.jpg\" data-caption-title=\"Kabaka Pyramid @ Keep It Real Festival, Pfullendorf\" data-attachment-id=\"2091\" data-type=\"image\" class=\"fg-thumb\"><span class=\"fg-image-wrap\"><img decoding=\"async\" title=\"Kabaka Pyramid @ Keep It Real Festival, Pfullendorf\" width=\"400\" height=\"267\" class=\"skip-lazy fg-image\" data-src-fg=\"https:\/\/iriediary.net\/wp-content\/uploads\/cache\/2018\/08\/KabakaPyramid4\/3242659756.jpg\" src=\"data:image\/svg+xml,%3Csvg%20xmlns%3D%22http%3A%2F%2Fwww.w3.org%2F2000%2Fsvg%22%20width%3D%22400%22%20height%3D%22267%22%20viewBox%3D%220%200%20400%20267%22%3E%3C%2Fsvg%3E\" loading=\"eager\"><\/span><span class=\"fg-image-overlay\"><\/span><\/a><figcaption class=\"fg-caption\"><div class=\"fg-caption-inner\"><div class=\"fg-caption-title\">Kabaka Pyramid @ Keep It Real Festival, Pfullendorf<\/div><\/div><\/figcaption><\/figure><div class=\"fg-loader\"><\/div><\/div><div class=\"fg-item fg-type-image fg-idle\"><figure class=\"fg-item-inner\"><a href=\"https:\/\/iriediary.net\/wp-content\/uploads\/2019\/04\/jamaram4.jpg\" data-caption-title=\"Jamaram &amp;amp; Jah Chango @ Kulturladen, Konstanz\" data-attachment-id=\"2309\" data-type=\"image\" class=\"fg-thumb\"><span class=\"fg-image-wrap\"><img decoding=\"async\" title=\"Jamaram &amp; Jah Chango @ Kulturladen, Konstanz\" width=\"400\" height=\"266\" class=\"skip-lazy fg-image\" data-src-fg=\"https:\/\/iriediary.net\/wp-content\/uploads\/cache\/2019\/04\/jamaram4\/935218142.jpg\" src=\"data:image\/svg+xml,%3Csvg%20xmlns%3D%22http%3A%2F%2Fwww.w3.org%2F2000%2Fsvg%22%20width%3D%22400%22%20height%3D%22266%22%20viewBox%3D%220%200%20400%20266%22%3E%3C%2Fsvg%3E\" loading=\"eager\"><\/span><span class=\"fg-image-overlay\"><\/span><\/a><figcaption class=\"fg-caption\"><div class=\"fg-caption-inner\"><div class=\"fg-caption-title\">Jamaram &amp; Jah Chango @ Kulturladen, Konstanz<\/div><\/div><\/figcaption><\/figure><div class=\"fg-loader\"><\/div><\/div><div class=\"fg-item fg-type-image fg-idle\"><figure class=\"fg-item-inner\"><a href=\"https:\/\/iriediary.net\/wp-content\/uploads\/2017\/03\/meta.jpg\" data-caption-title=\"Meta Dia  @ Grabenhalle, St. Gallen\" data-attachment-id=\"1461\" data-type=\"image\" class=\"fg-thumb\"><span class=\"fg-image-wrap\"><img decoding=\"async\" title=\"Meta Dia  @ Grabenhalle, St. Gallen\" width=\"400\" height=\"267\" class=\"skip-lazy fg-image\" data-src-fg=\"https:\/\/iriediary.net\/wp-content\/uploads\/cache\/2017\/03\/meta\/3825278887.jpg\" src=\"data:image\/svg+xml,%3Csvg%20xmlns%3D%22http%3A%2F%2Fwww.w3.org%2F2000%2Fsvg%22%20width%3D%22400%22%20height%3D%22267%22%20viewBox%3D%220%200%20400%20267%22%3E%3C%2Fsvg%3E\" loading=\"eager\"><\/span><span class=\"fg-image-overlay\"><\/span><\/a><figcaption class=\"fg-caption\"><div class=\"fg-caption-inner\"><div class=\"fg-caption-title\">Meta Dia  @ Grabenhalle, St. Gallen<\/div><\/div><\/figcaption><\/figure><div class=\"fg-loader\"><\/div><\/div><div class=\"fg-item fg-type-image fg-idle\"><figure class=\"fg-item-inner\"><a href=\"https:\/\/iriediary.net\/wp-content\/uploads\/2016\/08\/konshens3.jpg\" data-caption-title=\"Konshens @ Keep It Real Festival, Pfullendorf\" data-attachment-id=\"836\" data-type=\"image\" class=\"fg-thumb\"><span class=\"fg-image-wrap\"><img decoding=\"async\" title=\"Konshens @ Keep It Real Festival, Pfullendorf\" width=\"400\" height=\"600\" class=\"skip-lazy fg-image\" data-src-fg=\"https:\/\/iriediary.net\/wp-content\/uploads\/cache\/2016\/08\/konshens3\/2512019891.jpg\" src=\"data:image\/svg+xml,%3Csvg%20xmlns%3D%22http%3A%2F%2Fwww.w3.org%2F2000%2Fsvg%22%20width%3D%22400%22%20height%3D%22600%22%20viewBox%3D%220%200%20400%20600%22%3E%3C%2Fsvg%3E\" loading=\"eager\"><\/span><span class=\"fg-image-overlay\"><\/span><\/a><figcaption class=\"fg-caption\"><div class=\"fg-caption-inner\"><div class=\"fg-caption-title\">Konshens @ Keep It Real Festival, Pfullendorf<\/div><\/div><\/figcaption><\/figure><div class=\"fg-loader\"><\/div><\/div><div class=\"fg-item fg-type-image fg-idle\"><figure class=\"fg-item-inner\"><a href=\"https:\/\/iriediary.net\/wp-content\/uploads\/2016\/11\/Jah9.jpg\" data-caption-title=\"JAH9 @ Rote Fabrik, Z\u00fcrich\" data-attachment-id=\"1256\" data-type=\"image\" class=\"fg-thumb\"><span class=\"fg-image-wrap\"><img decoding=\"async\" title=\"JAH9 @ Rote Fabrik, Z\u00fcrich\" width=\"400\" height=\"394\" class=\"skip-lazy fg-image\" data-src-fg=\"https:\/\/iriediary.net\/wp-content\/uploads\/cache\/2016\/11\/Jah9\/2339842696.jpg\" src=\"data:image\/svg+xml,%3Csvg%20xmlns%3D%22http%3A%2F%2Fwww.w3.org%2F2000%2Fsvg%22%20width%3D%22400%22%20height%3D%22394%22%20viewBox%3D%220%200%20400%20394%22%3E%3C%2Fsvg%3E\" loading=\"eager\"><\/span><span class=\"fg-image-overlay\"><\/span><\/a><figcaption class=\"fg-caption\"><div class=\"fg-caption-inner\"><div class=\"fg-caption-title\">JAH9 @ Rote Fabrik, Z\u00fcrich<\/div><\/div><\/figcaption><\/figure><div class=\"fg-loader\"><\/div><\/div><div class=\"fg-item fg-type-image fg-idle\"><figure class=\"fg-item-inner\"><a href=\"https:\/\/iriediary.net\/wp-content\/uploads\/2016\/05\/junior-kelly.jpg\" data-caption-title=\"Junior Kelly @ Rote Fabrik, Z\u00fcrich\" data-attachment-id=\"393\" data-type=\"image\" class=\"fg-thumb\"><span class=\"fg-image-wrap\"><img decoding=\"async\" title=\"Junior Kelly @ Rote Fabrik, Z\u00fcrich\" width=\"400\" height=\"400\" class=\"skip-lazy fg-image\" data-src-fg=\"https:\/\/iriediary.net\/wp-content\/uploads\/cache\/2016\/05\/junior-kelly\/897437325.jpg\" src=\"data:image\/svg+xml,%3Csvg%20xmlns%3D%22http%3A%2F%2Fwww.w3.org%2F2000%2Fsvg%22%20width%3D%22400%22%20height%3D%22400%22%20viewBox%3D%220%200%20400%20400%22%3E%3C%2Fsvg%3E\" loading=\"eager\"><\/span><span class=\"fg-image-overlay\"><\/span><\/a><figcaption class=\"fg-caption\"><div class=\"fg-caption-inner\"><div class=\"fg-caption-title\">Junior Kelly @ Rote Fabrik, Z\u00fcrich<\/div><\/div><\/figcaption><\/figure><div class=\"fg-loader\"><\/div><\/div><div class=\"fg-item fg-type-image fg-idle\"><figure class=\"fg-item-inner\"><a href=\"https:\/\/iriediary.net\/wp-content\/uploads\/2016\/05\/Daniel-Bambata-MarleyS.png\" data-caption-title=\"Bambaata (Daniel Marley) @ Rote Fabrik, Z\u00fcrich\" data-attachment-id=\"382\" data-type=\"image\" class=\"fg-thumb\"><span class=\"fg-image-wrap\"><img decoding=\"async\" title=\"Bambaata (Daniel Marley) @ Rote Fabrik, Z\u00fcrich\" width=\"400\" height=\"275\" class=\"skip-lazy fg-image\" data-src-fg=\"https:\/\/iriediary.net\/wp-content\/uploads\/cache\/2016\/05\/Daniel-Bambata-MarleyS\/1673214641.png\" src=\"data:image\/svg+xml,%3Csvg%20xmlns%3D%22http%3A%2F%2Fwww.w3.org%2F2000%2Fsvg%22%20width%3D%22400%22%20height%3D%22275%22%20viewBox%3D%220%200%20400%20275%22%3E%3C%2Fsvg%3E\" loading=\"eager\"><\/span><span class=\"fg-image-overlay\"><\/span><\/a><figcaption class=\"fg-caption\"><div class=\"fg-caption-inner\"><div class=\"fg-caption-title\">Bambaata (Daniel Marley) @ Rote Fabrik, Z\u00fcrich<\/div><\/div><\/figcaption><\/figure><div class=\"fg-loader\"><\/div><\/div><div class=\"fg-item fg-type-image fg-idle\"><figure class=\"fg-item-inner\"><a href=\"https:\/\/iriediary.net\/wp-content\/uploads\/2019\/04\/Kabaka_Pyramid_Cali.P.jpeg\" data-caption-title=\"Kabaka Pyramid &amp;amp; Cali P. @ Kammgarn, Schaffhausen\" data-attachment-id=\"2282\" data-type=\"image\" class=\"fg-thumb\"><span class=\"fg-image-wrap\"><img decoding=\"async\" title=\"Kabaka Pyramid &amp; Cali P. @ Kammgarn, Schaffhausen\" width=\"400\" height=\"300\" class=\"skip-lazy fg-image\" data-src-fg=\"https:\/\/iriediary.net\/wp-content\/uploads\/cache\/2019\/04\/Kabaka_Pyramid_Cali_P\/4251920589.jpeg\" src=\"data:image\/svg+xml,%3Csvg%20xmlns%3D%22http%3A%2F%2Fwww.w3.org%2F2000%2Fsvg%22%20width%3D%22400%22%20height%3D%22300%22%20viewBox%3D%220%200%20400%20300%22%3E%3C%2Fsvg%3E\" loading=\"eager\"><\/span><span class=\"fg-image-overlay\"><\/span><\/a><figcaption class=\"fg-caption\"><div class=\"fg-caption-inner\"><div class=\"fg-caption-title\">Kabaka Pyramid &amp; Cali P. @ Kammgarn, Schaffhausen<\/div><\/div><\/figcaption><\/figure><div class=\"fg-loader\"><\/div><\/div><div class=\"fg-item fg-type-image fg-idle\"><figure class=\"fg-item-inner\"><a href=\"https:\/\/iriediary.net\/wp-content\/uploads\/2019\/10\/folkshilfe3.jpg\" data-caption-title=\"Folkshilfe @ Kulturladen, Konstanz\" data-attachment-id=\"5258\" data-type=\"image\" class=\"fg-thumb\"><span class=\"fg-image-wrap\"><img decoding=\"async\" title=\"Folkshilfe @ Kulturladen, Konstanz\" width=\"400\" height=\"267\" class=\"skip-lazy fg-image\" data-src-fg=\"https:\/\/iriediary.net\/wp-content\/uploads\/cache\/2019\/10\/folkshilfe3\/2199494568.jpg\" src=\"data:image\/svg+xml,%3Csvg%20xmlns%3D%22http%3A%2F%2Fwww.w3.org%2F2000%2Fsvg%22%20width%3D%22400%22%20height%3D%22267%22%20viewBox%3D%220%200%20400%20267%22%3E%3C%2Fsvg%3E\" loading=\"eager\"><\/span><span class=\"fg-image-overlay\"><\/span><\/a><figcaption class=\"fg-caption\"><div class=\"fg-caption-inner\"><div class=\"fg-caption-title\">Folkshilfe @ Kulturladen, Konstanz<\/div><\/div><\/figcaption><\/figure><div class=\"fg-loader\"><\/div><\/div><div class=\"fg-item fg-type-image fg-idle\"><figure class=\"fg-item-inner\"><a href=\"https:\/\/iriediary.net\/wp-content\/uploads\/2019\/12\/disko_punk5.jpg\" data-caption-title=\"Diskopunk @ Kulturladen, Konstanz\" data-attachment-id=\"5300\" data-type=\"image\" class=\"fg-thumb\"><span class=\"fg-image-wrap\"><img decoding=\"async\" title=\"Diskopunk @ Kulturladen, Konstanz\" width=\"400\" height=\"266\" class=\"skip-lazy fg-image\" data-src-fg=\"https:\/\/iriediary.net\/wp-content\/uploads\/cache\/2019\/12\/disko_punk5\/2264023529.jpg\" src=\"data:image\/svg+xml,%3Csvg%20xmlns%3D%22http%3A%2F%2Fwww.w3.org%2F2000%2Fsvg%22%20width%3D%22400%22%20height%3D%22266%22%20viewBox%3D%220%200%20400%20266%22%3E%3C%2Fsvg%3E\" loading=\"eager\"><\/span><span class=\"fg-image-overlay\"><\/span><\/a><figcaption class=\"fg-caption\"><div class=\"fg-caption-inner\"><div class=\"fg-caption-title\">Diskopunk @ Kulturladen, Konstanz<\/div><\/div><\/figcaption><\/figure><div class=\"fg-loader\"><\/div><\/div><div class=\"fg-item fg-type-image fg-idle\"><figure class=\"fg-item-inner\"><a href=\"https:\/\/iriediary.net\/wp-content\/uploads\/2019\/10\/Naaman5.jpg\" data-caption-title=\"Na\u00e2man @ Black Forest On Fire, Berghaupten\" data-attachment-id=\"5200\" data-type=\"image\" class=\"fg-thumb\"><span class=\"fg-image-wrap\"><img decoding=\"async\" title=\"Na\u00e2man @ Black Forest On Fire, Berghaupten\" width=\"400\" height=\"267\" class=\"skip-lazy fg-image\" data-src-fg=\"https:\/\/iriediary.net\/wp-content\/uploads\/cache\/2019\/10\/Naaman5\/1549796804.jpg\" src=\"data:image\/svg+xml,%3Csvg%20xmlns%3D%22http%3A%2F%2Fwww.w3.org%2F2000%2Fsvg%22%20width%3D%22400%22%20height%3D%22267%22%20viewBox%3D%220%200%20400%20267%22%3E%3C%2Fsvg%3E\" loading=\"eager\"><\/span><span class=\"fg-image-overlay\"><\/span><\/a><figcaption class=\"fg-caption\"><div class=\"fg-caption-inner\"><div class=\"fg-caption-title\">Na\u00e2man @ Black Forest On Fire, Berghaupten<\/div><\/div><\/figcaption><\/figure><div class=\"fg-loader\"><\/div><\/div><div class=\"fg-item fg-type-image fg-idle\"><figure class=\"fg-item-inner\"><a href=\"https:\/\/iriediary.net\/wp-content\/uploads\/2019\/10\/Ganjaman2.jpg\" data-caption-title=\"Ganjaman @ Black Forest On Fire, Berghaupten\" data-attachment-id=\"5198\" data-type=\"image\" class=\"fg-thumb\"><span class=\"fg-image-wrap\"><img decoding=\"async\" title=\"Ganjaman @ Black Forest On Fire, Berghaupten\" width=\"400\" height=\"267\" class=\"skip-lazy fg-image\" data-src-fg=\"https:\/\/iriediary.net\/wp-content\/uploads\/cache\/2019\/10\/Ganjaman2\/1337841814.jpg\" src=\"data:image\/svg+xml,%3Csvg%20xmlns%3D%22http%3A%2F%2Fwww.w3.org%2F2000%2Fsvg%22%20width%3D%22400%22%20height%3D%22267%22%20viewBox%3D%220%200%20400%20267%22%3E%3C%2Fsvg%3E\" loading=\"eager\"><\/span><span class=\"fg-image-overlay\"><\/span><\/a><figcaption class=\"fg-caption\"><div class=\"fg-caption-inner\"><div class=\"fg-caption-title\">Ganjaman @ Black Forest On Fire, Berghaupten<\/div><\/div><\/figcaption><\/figure><div class=\"fg-loader\"><\/div><\/div><div class=\"fg-item fg-type-image fg-idle\"><figure class=\"fg-item-inner\"><a href=\"https:\/\/iriediary.net\/wp-content\/uploads\/2019\/10\/Junior_Kelly_Kammgarn3.jpg\" data-caption-title=\"Junior Kelly @ Kammgarn, Schaffhausen\" data-attachment-id=\"5158\" data-type=\"image\" class=\"fg-thumb\"><span class=\"fg-image-wrap\"><img decoding=\"async\" title=\"Junior Kelly @ Kammgarn, Schaffhausen\" width=\"400\" height=\"267\" class=\"skip-lazy fg-image\" data-src-fg=\"https:\/\/iriediary.net\/wp-content\/uploads\/cache\/2019\/10\/Junior_Kelly_Kammgarn3\/2472688273.jpg\" src=\"data:image\/svg+xml,%3Csvg%20xmlns%3D%22http%3A%2F%2Fwww.w3.org%2F2000%2Fsvg%22%20width%3D%22400%22%20height%3D%22267%22%20viewBox%3D%220%200%20400%20267%22%3E%3C%2Fsvg%3E\" loading=\"eager\"><\/span><span class=\"fg-image-overlay\"><\/span><\/a><figcaption class=\"fg-caption\"><div class=\"fg-caption-inner\"><div class=\"fg-caption-title\">Junior Kelly @ Kammgarn, Schaffhausen<\/div><\/div><\/figcaption><\/figure><div class=\"fg-loader\"><\/div><\/div><div class=\"fg-item fg-type-image fg-idle\"><figure class=\"fg-item-inner\"><a href=\"https:\/\/iriediary.net\/wp-content\/uploads\/2019\/10\/Vanupie3.jpg\" data-caption-title=\"Vanupie @ Black Forest On Fire, Berghaupten\" data-attachment-id=\"5192\" data-type=\"image\" class=\"fg-thumb\"><span class=\"fg-image-wrap\"><img decoding=\"async\" title=\"Vanupie @ Black Forest On Fire, Berghaupten\" width=\"400\" height=\"267\" class=\"skip-lazy fg-image\" data-src-fg=\"https:\/\/iriediary.net\/wp-content\/uploads\/cache\/2019\/10\/Vanupie3\/1614908421.jpg\" src=\"data:image\/svg+xml,%3Csvg%20xmlns%3D%22http%3A%2F%2Fwww.w3.org%2F2000%2Fsvg%22%20width%3D%22400%22%20height%3D%22267%22%20viewBox%3D%220%200%20400%20267%22%3E%3C%2Fsvg%3E\" loading=\"eager\"><\/span><span class=\"fg-image-overlay\"><\/span><\/a><figcaption class=\"fg-caption\"><div class=\"fg-caption-inner\"><div class=\"fg-caption-title\">Vanupie @ Black Forest On Fire, Berghaupten<\/div><\/div><\/figcaption><\/figure><div class=\"fg-loader\"><\/div><\/div><div class=\"fg-item fg-type-image fg-idle\"><figure class=\"fg-item-inner\"><a href=\"https:\/\/iriediary.net\/wp-content\/uploads\/2021\/08\/NkuleeDube3.jpg\" data-caption-title=\"Nkulee Dube @ Afrikaba, Emmendingen\" data-attachment-id=\"6545\" data-type=\"image\" class=\"fg-thumb\"><span class=\"fg-image-wrap\"><img decoding=\"async\" title=\"Nkulee Dube @ Afrikaba, Emmendingen\" width=\"400\" height=\"533\" class=\"skip-lazy fg-image\" data-src-fg=\"https:\/\/iriediary.net\/wp-content\/uploads\/cache\/2021\/08\/NkuleeDube3\/3106536580.jpg\" src=\"data:image\/svg+xml,%3Csvg%20xmlns%3D%22http%3A%2F%2Fwww.w3.org%2F2000%2Fsvg%22%20width%3D%22400%22%20height%3D%22533%22%20viewBox%3D%220%200%20400%20533%22%3E%3C%2Fsvg%3E\" loading=\"eager\"><\/span><span class=\"fg-image-overlay\"><\/span><\/a><figcaption class=\"fg-caption\"><div class=\"fg-caption-inner\"><div class=\"fg-caption-title\">Nkulee Dube @ Afrikaba, Emmendingen<\/div><\/div><\/figcaption><\/figure><div class=\"fg-loader\"><\/div><\/div><div class=\"fg-item fg-type-image fg-idle\"><figure class=\"fg-item-inner\"><a href=\"https:\/\/iriediary.net\/wp-content\/uploads\/2021\/08\/Patrice-rotated-e1628022075415.jpg\" data-attachment-id=\"6460\" data-type=\"image\" class=\"fg-thumb\"><span class=\"fg-image-wrap\"><img decoding=\"async\" alt=\"Patrice @ Kantine Konstanz\" width=\"400\" height=\"400\" class=\"skip-lazy fg-image\" data-src-fg=\"https:\/\/iriediary.net\/wp-content\/uploads\/cache\/2021\/08\/Patrice-rotated-e1628022075415\/2389627131.jpg\" src=\"data:image\/svg+xml,%3Csvg%20xmlns%3D%22http%3A%2F%2Fwww.w3.org%2F2000%2Fsvg%22%20width%3D%22400%22%20height%3D%22400%22%20viewBox%3D%220%200%20400%20400%22%3E%3C%2Fsvg%3E\" loading=\"eager\"><\/span><span class=\"fg-image-overlay\"><\/span><\/a><\/figure><div class=\"fg-loader\"><\/div><\/div><div class=\"fg-item fg-type-image fg-idle\"><figure class=\"fg-item-inner\"><a href=\"https:\/\/iriediary.net\/wp-content\/uploads\/2019\/10\/Jahbar-I1.jpg\" data-caption-title=\"Jahbar I @ Kammgarn\" data-attachment-id=\"5153\" data-type=\"image\" class=\"fg-thumb\"><span class=\"fg-image-wrap\"><img decoding=\"async\" title=\"Jahbar I @ Kammgarn\" width=\"400\" height=\"266\" class=\"skip-lazy fg-image\" data-src-fg=\"https:\/\/iriediary.net\/wp-content\/uploads\/cache\/2019\/10\/Jahbar-I1\/3579135725.jpg\" src=\"data:image\/svg+xml,%3Csvg%20xmlns%3D%22http%3A%2F%2Fwww.w3.org%2F2000%2Fsvg%22%20width%3D%22400%22%20height%3D%22266%22%20viewBox%3D%220%200%20400%20266%22%3E%3C%2Fsvg%3E\" loading=\"eager\"><\/span><span class=\"fg-image-overlay\"><\/span><\/a><figcaption class=\"fg-caption\"><div class=\"fg-caption-inner\"><div class=\"fg-caption-title\">Jahbar I @ Kammgarn<\/div><\/div><\/figcaption><\/figure><div class=\"fg-loader\"><\/div><\/div><div class=\"fg-item fg-type-image fg-idle\"><figure class=\"fg-item-inner\"><a href=\"https:\/\/iriediary.net\/wp-content\/uploads\/2016\/10\/calipb.jpg\" data-caption-title=\"Shanique Marie &amp;amp; Cali P @ Escherwyss Club Z\u00fcrich\" data-attachment-id=\"1067\" data-type=\"image\" class=\"fg-thumb\"><span class=\"fg-image-wrap\"><img decoding=\"async\" title=\"Shanique Marie &amp; Cali P @ Escherwyss Club Z\u00fcrich\" width=\"400\" height=\"267\" class=\"skip-lazy fg-image\" data-src-fg=\"https:\/\/iriediary.net\/wp-content\/uploads\/cache\/2016\/10\/calipb\/2881500840.jpg\" src=\"data:image\/svg+xml,%3Csvg%20xmlns%3D%22http%3A%2F%2Fwww.w3.org%2F2000%2Fsvg%22%20width%3D%22400%22%20height%3D%22267%22%20viewBox%3D%220%200%20400%20267%22%3E%3C%2Fsvg%3E\" loading=\"eager\"><\/span><span class=\"fg-image-overlay\"><\/span><\/a><figcaption class=\"fg-caption\"><div class=\"fg-caption-inner\"><div class=\"fg-caption-title\">Shanique Marie &amp; Cali P @ Escherwyss Club Z\u00fcrich<\/div><\/div><\/figcaption><\/figure><div class=\"fg-loader\"><\/div><\/div><div class=\"fg-item fg-type-image fg-idle\"><figure class=\"fg-item-inner\"><a href=\"https:\/\/iriediary.net\/wp-content\/uploads\/2017\/11\/IMG-20170614-2-e1511477362730.jpg\" data-caption-title=\"Xavier Rudd @ X-Tra, Z\u00fcrich\" data-attachment-id=\"1687\" data-type=\"image\" class=\"fg-thumb\"><span class=\"fg-image-wrap\"><img decoding=\"async\" title=\"Xavier Rudd @ X-Tra, Z\u00fcrich\" width=\"400\" height=\"301\" class=\"skip-lazy fg-image\" data-src-fg=\"https:\/\/iriediary.net\/wp-content\/uploads\/cache\/2017\/11\/IMG-20170614-2-e1511477362730\/2040976403.jpg\" src=\"data:image\/svg+xml,%3Csvg%20xmlns%3D%22http%3A%2F%2Fwww.w3.org%2F2000%2Fsvg%22%20width%3D%22400%22%20height%3D%22301%22%20viewBox%3D%220%200%20400%20301%22%3E%3C%2Fsvg%3E\" loading=\"eager\"><\/span><span class=\"fg-image-overlay\"><\/span><\/a><figcaption class=\"fg-caption\"><div class=\"fg-caption-inner\"><div class=\"fg-caption-title\">Xavier Rudd @ X-Tra, Z\u00fcrich<\/div><\/div><\/figcaption><\/figure><div class=\"fg-loader\"><\/div><\/div><div class=\"fg-item fg-type-image fg-idle\"><figure class=\"fg-item-inner\"><a href=\"https:\/\/iriediary.net\/wp-content\/uploads\/2018\/07\/jahason2.jpg\" data-caption-title=\"Jah Mason @ Feldkirch\" data-attachment-id=\"2018\" data-type=\"image\" class=\"fg-thumb\"><span class=\"fg-image-wrap\"><img decoding=\"async\" title=\"Jah Mason @ Feldkirch\" width=\"400\" height=\"267\" class=\"skip-lazy fg-image\" data-src-fg=\"https:\/\/iriediary.net\/wp-content\/uploads\/cache\/2018\/07\/jahason2\/2431198711.jpg\" src=\"data:image\/svg+xml,%3Csvg%20xmlns%3D%22http%3A%2F%2Fwww.w3.org%2F2000%2Fsvg%22%20width%3D%22400%22%20height%3D%22267%22%20viewBox%3D%220%200%20400%20267%22%3E%3C%2Fsvg%3E\" loading=\"eager\"><\/span><span class=\"fg-image-overlay\"><\/span><\/a><figcaption class=\"fg-caption\"><div class=\"fg-caption-inner\"><div class=\"fg-caption-title\">Jah Mason @ Feldkirch<\/div><\/div><\/figcaption><\/figure><div class=\"fg-loader\"><\/div><\/div><div class=\"fg-item fg-type-image fg-idle\"><figure class=\"fg-item-inner\"><a href=\"https:\/\/iriediary.net\/wp-content\/uploads\/2018\/07\/Shanti-POwa2.jpg\" data-caption-title=\"Shanti Powa @ Feldkirch\" data-attachment-id=\"1980\" data-type=\"image\" class=\"fg-thumb\"><span class=\"fg-image-wrap\"><img decoding=\"async\" title=\"Shanti Powa @ Feldkirch\" width=\"400\" height=\"267\" class=\"skip-lazy fg-image\" data-src-fg=\"https:\/\/iriediary.net\/wp-content\/uploads\/cache\/2018\/07\/Shanti-POwa2\/1616398989.jpg\" src=\"data:image\/svg+xml,%3Csvg%20xmlns%3D%22http%3A%2F%2Fwww.w3.org%2F2000%2Fsvg%22%20width%3D%22400%22%20height%3D%22267%22%20viewBox%3D%220%200%20400%20267%22%3E%3C%2Fsvg%3E\" loading=\"eager\"><\/span><span class=\"fg-image-overlay\"><\/span><\/a><figcaption class=\"fg-caption\"><div class=\"fg-caption-inner\"><div class=\"fg-caption-title\">Shanti Powa @ Feldkirch<\/div><\/div><\/figcaption><\/figure><div class=\"fg-loader\"><\/div><\/div><\/div><\/div><\/div>","protected":false},"excerpt":{"rendered":"<p>Agenda CH &amp; DE This calendar is based on our Songkick account, following over 800 Reggae Artists and a lot [&hellip;]<\/p>","protected":false},"author":1,"featured_media":0,"parent":0,"menu_order":0,"comment_status":"closed","ping_status":"closed","template":"","meta":{"_acf_changed":false,"_uag_custom_page_level_css":"","site-sidebar-layout":"default","site-content-layout":"plain-container","ast-site-content-layout":"normal-width-container","site-content-style":"unboxed","site-sidebar-style":"unboxed","ast-global-header-display":"","ast-banner-title-visibility":"","ast-main-header-display":"","ast-hfb-above-header-display":"","ast-hfb-below-header-display":"","ast-hfb-mobile-header-display":"","site-post-title":"disabled","ast-breadcrumbs-content":"","ast-featured-img":"","footer-sml-layout":"","theme-transparent-header-meta":"default","adv-header-id-meta":"","stick-header-meta":"","header-above-stick-meta":"","header-main-stick-meta":"","header-below-stick-meta":"","astra-migrate-meta-layouts":"set","ast-page-background-enabled":"default","ast-page-background-meta":{"desktop":{"background-color":"var(--ast-global-color-4)","background-image":"","background-repeat":"repeat","background-position":"center center","background-size":"auto","background-attachment":"scroll","background-type":"","background-media":"","overlay-type":"","overlay-color":"","overlay-opacity":"","overlay-gradient":""},"tablet":{"background-color":"","background-image":"","background-repeat":"repeat","background-position":"center center","background-size":"auto","background-attachment":"scroll","background-type":"","background-media":"","overlay-type":"","overlay-color":"","overlay-opacity":"","overlay-gradient":""},"mobile":{"background-color":"","background-image":"","background-repeat":"repeat","background-position":"center center","background-size":"auto","background-attachment":"scroll","background-type":"","background-media":"","overlay-type":"","overlay-color":"","overlay-opacity":"","overlay-gradient":""}},"ast-content-background-meta":{"desktop":{"background-color":"var(--ast-global-color-5)","background-image":"","background-repeat":"repeat","background-position":"center center","background-size":"auto","background-attachment":"scroll","background-type":"","background-media":"","overlay-type":"","overlay-color":"","overlay-opacity":"","overlay-gradient":""},"tablet":{"background-color":"var(--ast-global-color-5)","background-image":"","background-repeat":"repeat","background-position":"center center","background-size":"auto","background-attachment":"scroll","background-type":"","background-media":"","overlay-type":"","overlay-color":"","overlay-opacity":"","overlay-gradient":""},"mobile":{"background-color":"var(--ast-global-color-5)","background-image":"","background-repeat":"repeat","background-position":"center center","background-size":"auto","background-attachment":"scroll","background-type":"","background-media":"","overlay-type":"","overlay-color":"","overlay-opacity":"","overlay-gradient":""}},"footnotes":""},"class_list":["post-2","page","type-page","status-publish","hentry"],"acf":[],"uagb_featured_image_src":{"full":false,"thumbnail":false,"medium":false,"medium_large":false,"large":false,"1536x1536":false,"2048x2048":false,"trp-custom-language-flag":false,"depicter-thumbnail":false,"woocommerce_thumbnail":false,"woocommerce_single":false,"woocommerce_gallery_thumbnail":false},"uagb_author_info":{"display_name":"mj","author_link":"https:\/\/iriediary.net\/en\/author\/majehle"},"uagb_comment_info":0,"uagb_excerpt":"Agenda CH &amp; DE This calendar is based on our Songkick account, following over 800 Reggae Artists and a lot [&hellip;]","_links":{"self":[{"href":"https:\/\/iriediary.net\/en\/wp-json\/wp\/v2\/pages\/2","targetHints":{"allow":["GET"]}}],"collection":[{"href":"https:\/\/iriediary.net\/en\/wp-json\/wp\/v2\/pages"}],"about":[{"href":"https:\/\/iriediary.net\/en\/wp-json\/wp\/v2\/types\/page"}],"author":[{"embeddable":true,"href":"https:\/\/iriediary.net\/en\/wp-json\/wp\/v2\/users\/1"}],"replies":[{"embeddable":true,"href":"https:\/\/iriediary.net\/en\/wp-json\/wp\/v2\/comments?post=2"}],"version-history":[{"count":171,"href":"https:\/\/iriediary.net\/en\/wp-json\/wp\/v2\/pages\/2\/revisions"}],"predecessor-version":[{"id":9407,"href":"https:\/\/iriediary.net\/en\/wp-json\/wp\/v2\/pages\/2\/revisions\/9407"}],"wp:attachment":[{"href":"https:\/\/iriediary.net\/en\/wp-json\/wp\/v2\/media?parent=2"}],"curies":[{"name":"wp","href":"https:\/\/api.w.org\/{rel}","templated":true}]}}